{"id":3797,"date":"2018-02-14T17:47:57","date_gmt":"2018-02-14T15:47:57","guid":{"rendered":"http:\/\/blogsaverroes.juntadeandalucia.es\/ceipaznaitin\/?page_id=3797"},"modified":"2018-02-14T17:57:13","modified_gmt":"2018-02-14T15:57:13","slug":"matematicas-3o-tema-7","status":"publish","type":"page","link":"https:\/\/blogsaverroes.juntadeandalucia.es\/ceipaznaitin\/matematicas-3o-tema-7\/","title":{"rendered":"Matem\u00e1ticas 3\u00ba Tema 7"},"content":{"rendered":"<p><strong>Longitud<\/strong><\/p>\n<p><strong>Contenidos previos<\/strong><\/p>\n<p><a style=\"font-size: 14px;line-height: 22.4px;text-align: -webkit-center\" href=\"http:\/\/agrega2.red.es\/\/repositorio\/25012010\/cf\/es_2007073113_0230200\/mt02_oa02_es\/index.html\" target=\"_blank\" rel=\"noopener\">MEDICI\u00d3N CON UNIDADES NO CONVENCIONALES<\/a><\/p>\n<p><a style=\"font-size: 14px;line-height: 22.4px\" href=\"http:\/\/www.ceiploreto.es\/sugerencias\/ecuador\/matematicas\/3_medidas_no_convencionales_longitud\/index.html\" target=\"_blank\" rel=\"noopener\">MEDIDAS NO CONVENCIONALES DE LONGITUD<\/a><\/p>\n<p><a style=\"font-size: 14px;line-height: 22.4px;text-align: -webkit-center\" href=\"http:\/\/www.ceipjuanherreraalcausa.es\/Recursosdidacticos\/ANAYA%20DIGITAL\/TERCERO\/Matematicas\/p131n\/index.html\" target=\"_blank\" rel=\"noopener\">ME EXPRESO<\/a><\/p>\n<p><strong>Metro, dec\u00edmetro, cent\u00edmetro y mil\u00edmetro<\/strong><\/p>\n<p><a style=\"font-size: 14px;line-height: 22.4px;text-align: -webkit-center\" href=\"http:\/\/www.primaria.librosvivos.net\/archivosCMS\/3\/3\/16\/usuarios\/103294\/9\/mate3_ud11_centimdecim\/frame_prim.swf\" target=\"_blank\" rel=\"noopener\">EL DEC\u00cdMETRO Y EL CENT\u00cdMETRO<\/a><\/p>\n<p><a style=\"font-size: 14px;line-height: 22.4px;text-align: -webkit-center\" href=\"http:\/\/www.genmagic.org\/repositorio\/albums\/userpics\/mesurac.swf\" target=\"_blank\" rel=\"noopener\">MIDE LA ALTURA<\/a><\/p>\n<p><a style=\"font-size: 14px;line-height: 22.4px;text-align: -webkit-center\" href=\"http:\/\/bromera.com\/tl_files\/activitatsdigitals\/Capicua_3c_PF\/cas_C3_u03_00_0_mesurarLongitud.swf\" target=\"_blank\" rel=\"noopener\">MIDE LOS LADOS DE LAS FIGURAS<\/a><\/p>\n<p><strong>Kil\u00f3metro, hect\u00f3metro y dec\u00e1metro<\/strong><\/p>\n<p><a style=\"font-size: 14px;line-height: 22.4px;text-align: -webkit-center\" href=\"http:\/\/w3.cnice.mec.es\/recursos\/primaria\/matematicas\/longitud\/a1\/menu.html\" target=\"_blank\" rel=\"noopener\">VAMOS A MEDIR<\/a><\/p>\n<p><a class=\"Estilo2\" style=\"font-size: 14px;line-height: 22.4px;text-align: -webkit-center\" href=\"http:\/\/www.genmagic.org\/mates2\/ml2c.swf\" target=\"_blank\" rel=\"noopener\">MEDIMOS OBJETOS. PEQUE\u00d1O TALLER<\/a><\/p>\n<p><a style=\"font-size: 14px;line-height: 22.4px;text-align: -webkit-center\" href=\"http:\/\/calasanz.edu.gva.es\/7_ejercicios\/matematicas\/mate3pri\/12_medida01.html\" target=\"_blank\" rel=\"noopener\">MEDIDAS DE LONGITUD<\/a><\/p>\n<p><a style=\"font-size: 14px;line-height: 22.4px;text-align: -webkit-center\" href=\"http:\/\/conteni2.educarex.es\/mats\/11372\/contenido\/index2.html\" target=\"_blank\" rel=\"noopener\">LONGITUD<\/a><\/p>\n<p><a style=\"font-size: 14px;line-height: 22.4px;text-align: -webkit-center\" href=\"http:\/\/www.ceiploreto.es\/sugerencias\/A_1\/Recursosdidacticos\/TERCERO\/datos\/03_mates\/U08\/01.htm\" target=\"_blank\" rel=\"noopener\">MEDIDAS DE LONGITUD. TRANSFORMACIONES<\/a><\/p>\n<p><a style=\"font-size: 14px;line-height: 22.4px;text-align: -webkit-center\" href=\"http:\/\/www.ceiploreto.es\/sugerencias\/A_1\/Recursosdidacticos\/TERCERO\/datos\/03_mates\/U08\/02.htm\" target=\"_blank\" rel=\"noopener\">C\u00c1LCULO DE DISTANCIAS<\/a><\/p>\n<p><a style=\"font-size: 14px;line-height: 22.4px;text-align: -webkit-center\" href=\"http:\/\/www.eltanquematematico.es\/todo_mate\/medidas\/longitud\/longitud.html\" target=\"_blank\" rel=\"noopener\">EVALUACI\u00d3N<\/a><\/p>\n<p><a style=\"font-size: 14px;line-height: 22.4px;text-align: -webkit-center\" href=\"http:\/\/cerezo.pntic.mec.es\/maria8\/bimates\/medidas\/longitud\/unidades.html\" target=\"_blank\" rel=\"noopener\">LONGITUD II<\/a><\/p>\n<p><a style=\"font-size: 14px;line-height: 22.4px;text-align: -webkit-center\" href=\"http:\/\/www.ceiploreto.es\/sugerencias\/cplosangeles.juntaextremadura.net\/web\/curso_3\/matematicas\/longitud_3\/longitud_3.html\" target=\"_blank\" rel=\"noopener\">UNIDADES DE LONGITUD<\/a><\/p>\n<p><a style=\"font-size: 14px;line-height: 22.4px;text-align: -webkit-center\" href=\"http:\/\/www.ceipjuanherreraalcausa.es\/Recursosdidacticos\/ANAYA%20DIGITAL\/TERCERO\/Matematicas\/p141_antigua_01n\/index.html\" target=\"_blank\" rel=\"noopener\">MEDIDAS DE LONGITUD II<\/a><\/p>\n<p><a style=\"font-size: 14px;line-height: 22.4px;text-align: -webkit-center\" href=\"http:\/\/www.primaria.librosvivos.net\/actividades\/flashActividadesPrimariaPub\/examen.swf?idejecucion=375016\" target=\"_blank\" rel=\"noopener\">EL KIL\u00d3METRO<\/a><\/p>\n<p><a style=\"font-size: 14px;line-height: 22.4px;text-align: -webkit-center\" href=\"http:\/\/clic.xtec.cat\/db\/jclicApplet.jsp?project=http:\/\/clic.xtec.cat\/projects\/mat2ciclo\/jclic\/mat2ciclo.jclic.zip&amp;lang=es&amp;title=Mat-2c\" target=\"_blank\" rel=\"noopener\">Medidas<\/a><\/p>\n<p><strong>Expresi\u00f3n simple y expresi\u00f3n compleja<\/strong><\/p>\n<p><a href=\"http:\/\/www.edu.xunta.es\/espazoAbalar\/sites\/espazoAbalar\/files\/datos\/1285581262\/contido\/ma015_oa02_es\/index.html\" target=\"_blank\" rel=\"noopener\">EXPRESI\u00d3N SIMPLE Y COMPLEJA<\/a><\/p>\n<p><a href=\"http:\/\/www.primaria.librosvivos.net\/archivosCMS\/3\/3\/16\/usuarios\/103294\/9\/5EP_Mat_es_ud9_MediLongitud\/frame_prim.swf\" target=\"_blank\" rel=\"noopener\">DISTINTOS MODOS DE EXPRESAR MEDIDAS DE LONGITUD<\/a><\/p>\n<p><strong>Instrumentos de medida de longitud<\/strong><\/p>\n<p><a href=\"http:\/\/agrega2.red.es\/\/repositorio\/25012010\/cf\/es_2007073113_0230200\/mt02_oa03_es\/index.html\" target=\"_blank\" rel=\"noopener\">INSTRUMENTOS DE MEDIDA<\/a><\/p>\n<p><strong>\u00a1Sin problemas!<\/strong><\/p>\n<p><a style=\"font-size: 14px;line-height: 22.4px;text-align: -webkit-center\" href=\"http:\/\/www.primaria.librosvivos.net\/archivosCMS\/3\/3\/16\/usuarios\/103294\/9\/mate3EP_ud11_averiguarcondatos\/frame_prim.swf\" target=\"_blank\" rel=\"noopener\">AVERIGUAR CON LOS DATOS DE UN PROBLEMA<\/a><\/p>\n<p><a style=\"font-size: 14px;line-height: 22.4px;text-align: -webkit-center\" href=\"http:\/\/www.ceipjuanherreraalcausa.es\/Recursosdidacticos\/ANAYA%20DIGITAL\/TERCERO\/Matematicas\/p141_antigua_02n\/index.html\" target=\"_blank\" rel=\"noopener\">CALCULA LA DISTANCIA<\/a><\/p>\n<p><a style=\"font-size: 14px;line-height: 22.4px;text-align: -webkit-center\" href=\"http:\/\/www.primaria.librosvivos.net\/archivosCMS\/3\/3\/16\/usuarios\/103294\/9\/3epmac2_ud9_rpb01_cas\/carcasa.swf\" target=\"_blank\" rel=\"noopener\">RESUELVE PROBLEMAS<\/a><\/p>\n<p><a style=\"font-size: 14px;line-height: 22.4px\" href=\"http:\/\/www.genmagic.org\/repositorio\/albums\/userpics\/caldist1c.swf\" target=\"_blank\" rel=\"noopener\">CALCULA DISTANCIAS &#8211; 1<br \/>\n<\/a><\/p>\n<p><a href=\"http:\/\/www.testeando.es\/test.asp?idA=65&amp;idT=rzbcylzp\" target=\"_blank\" rel=\"noopener\">TEST: LONGITUD<\/a><\/p>\n<p><a href=\"http:\/\/www.primaria.librosvivos.net\/actividades\/flashActividadesPrimariaPub\/examen.swf?idejecucion=4146\" target=\"_blank\" rel=\"noopener\">AUTOEVALUACI\u00d3N DE LA UNIDAD<\/a><\/p>\n","protected":false},"excerpt":{"rendered":"<p>Longitud Contenidos previos MEDICI\u00d3N CON UNIDADES NO CONVENCIONALES MEDIDAS NO CONVENCIONALES DE LONGITUD ME EXPRESO Metro, dec\u00edmetro, cent\u00edmetro y mil\u00edmetro EL DEC\u00cdMETRO Y EL CENT\u00cdMETRO MIDE LA ALTURA MIDE LOS LADOS DE LAS FIGURAS Kil\u00f3metro, hect\u00f3metro y dec\u00e1metro VAMOS A MEDIR MEDIMOS OBJETOS. PEQUE\u00d1O TALLER MEDIDAS DE LONGITUD LONGITUD MEDIDAS DE LONGITUD. TRANSFORMACIONES C\u00c1LCULO DE &hellip; <\/p>\n<p><a class=\"more-link btn\" href=\"https:\/\/blogsaverroes.juntadeandalucia.es\/ceipaznaitin\/matematicas-3o-tema-7\/\">Seguir leyendo<\/a><\/p>\n","protected":false},"author":2805,"featured_media":0,"parent":0,"menu_order":0,"comment_status":"closed","ping_status":"closed","template":"","meta":{"ngg_post_thumbnail":0,"footnotes":"","_mc_calendar":[]},"aioseo_notices":[],"_links":{"self":[{"href":"https:\/\/blogsaverroes.juntadeandalucia.es\/ceipaznaitin\/wp-json\/wp\/v2\/pages\/3797"}],"collection":[{"href":"https:\/\/blogsaverroes.juntadeandalucia.es\/ceipaznaitin\/wp-json\/wp\/v2\/pages"}],"about":[{"href":"https:\/\/blogsaverroes.juntadeandalucia.es\/ceipaznaitin\/wp-json\/wp\/v2\/types\/page"}],"author":[{"embeddable":true,"href":"https:\/\/blogsaverroes.juntadeandalucia.es\/ceipaznaitin\/wp-json\/wp\/v2\/users\/2805"}],"replies":[{"embeddable":true,"href":"https:\/\/blogsaverroes.juntadeandalucia.es\/ceipaznaitin\/wp-json\/wp\/v2\/comments?post=3797"}],"version-history":[{"count":10,"href":"https:\/\/blogsaverroes.juntadeandalucia.es\/ceipaznaitin\/wp-json\/wp\/v2\/pages\/3797\/revisions"}],"predecessor-version":[{"id":3809,"href":"https:\/\/blogsaverroes.juntadeandalucia.es\/ceipaznaitin\/wp-json\/wp\/v2\/pages\/3797\/revisions\/3809"}],"wp:attachment":[{"href":"https:\/\/blogsaverroes.juntadeandalucia.es\/ceipaznaitin\/wp-json\/wp\/v2\/media?parent=3797"}],"curies":[{"name":"wp","href":"https:\/\/api.w.org\/{rel}","templated":true}]}}