{"id":3923,"date":"2018-02-15T10:47:02","date_gmt":"2018-02-15T08:47:02","guid":{"rendered":"http:\/\/blogsaverroes.juntadeandalucia.es\/ceipaznaitin\/?page_id=3923"},"modified":"2018-02-15T10:56:41","modified_gmt":"2018-02-15T08:56:41","slug":"ciencias-naturales-4o-tema-5","status":"publish","type":"page","link":"https:\/\/blogsaverroes.juntadeandalucia.es\/ceipaznaitin\/ciencias-naturales-4o-tema-5\/","title":{"rendered":"Ciencias Naturales 4\u00ba Tema 5"},"content":{"rendered":"<p><strong>La materia y la energ\u00eda<\/strong><\/p>\n<p><strong>La materia y los materiales<\/strong><\/p>\n<p><a class=\"Estilo2\" style=\"font-size: 14px;line-height: 22.4px;text-align: -webkit-center\" href=\"http:\/\/w3.cnice.mec.es\/eos\/MaterialesEducativos\/primaria\/conocimiento\/lamateria\/inicio.html\" target=\"_blank\" rel=\"noopener\">LA MATERIA I<\/a><\/p>\n<p><a style=\"font-size: 14px;line-height: 22.4px;text-align: -webkit-center\" href=\"http:\/\/ww2.educarchile.cl\/UserFiles\/P0024\/File\/skoool\/2010\/Ciencia\/what_is_matter\/\" target=\"_blank\" rel=\"noopener\">\u00bfQU\u00c9 ES LA MATERIA?<\/a><\/p>\n<p><a style=\"font-size: 14px;line-height: 22.4px;text-align: -webkit-center\" href=\"http:\/\/ww2.educarchile.cl\/UserFiles\/P0024\/File\/skoool\/2010\/Ciencia\/characteristics_of_matter\/\" target=\"_blank\" rel=\"noopener\">CARACTER\u00cdSTICAS DE LA MATERIA<\/a><\/p>\n<p><a style=\"font-size: 14px;line-height: 22.4px;text-align: -webkit-center\" href=\"http:\/\/www.ceiploreto.es\/sugerencias\/cplosangeles.juntaextremadura.net\/web\/curso_4\/naturales_4\/materia_4\/materia_4.html\" target=\"_blank\" rel=\"noopener\">LA MATERIA II<\/a><\/p>\n<p><a style=\"font-size: 14px;line-height: 22.4px;text-align: -webkit-center\" href=\"http:\/\/www.educa.jcyl.es\/educacyl\/cm\/gallery\/recursos_ambientech\/conocimiento_medio_5p\/indice_asignatura.swf\" target=\"_blank\" rel=\"noopener\">CIENCIAS. MATERIA Y ENERG\u00cdA<\/a><\/p>\n<p><a class=\"Estilo2\" style=\"font-size: 14px;line-height: 22.4px;text-align: -webkit-center\" href=\"http:\/\/www.ceiploreto.es\/sugerencias\/juntadeandalucia\/Costa21\/materiales\/materiales.html\" target=\"_blank\" rel=\"noopener\">LOS MATERIALES I<\/a><\/p>\n<p><a style=\"font-size: 14px;line-height: 22.4px;text-align: -webkit-center\" href=\"http:\/\/proyectos.cnice.mec.es\/arquimedes\/movie.php?usuario=2&amp;nivel=1&amp;movie=fp005\/gm001\/md004\/ut001\/0flash\/movie.swf\" target=\"_blank\" rel=\"noopener\">LOS MATERIALES II<\/a><\/p>\n<p><a style=\"font-size: 14px;line-height: 22.4px;text-align: -webkit-center\" href=\"http:\/\/www.primaria.librosvivos.net\/archivosCMS\/3\/3\/16\/usuarios\/103294\/9\/cm4_u7_act2\/frame_prim.swf\" target=\"_blank\" rel=\"noopener\">PROPIEDADES DE LOS MATERIALES<\/a><\/p>\n<p><a style=\"font-size: 14px;line-height: 22.4px;text-align: -webkit-center\" href=\"http:\/\/ww2.educarchile.cl\/UserFiles\/P0024\/File\/skoool\/2010\/Ciencia\/reactions_of_materials_1\/\" target=\"_blank\" rel=\"noopener\">REACCI\u00d3N DE LOS MATERIALES I<\/a><\/p>\n<p><a style=\"font-size: 14px;line-height: 22.4px;text-align: -webkit-center\" href=\"http:\/\/ww2.educarchile.cl\/UserFiles\/P0024\/File\/skoool\/2010\/Ciencia\/reactions_of_materials_2\/\" target=\"_blank\" rel=\"noopener\">REACCI\u00d3N DE LOS MATERIALES II<\/a><\/p>\n<p><a style=\"font-size: 14px;line-height: 22.4px;text-align: -webkit-center\" href=\"http:\/\/www.ceiploreto.es\/sugerencias\/cplosangeles.juntaextremadura.net\/web\/curso_4\/naturales_4\/losmateriales\/indice.htm\" target=\"_blank\" rel=\"noopener\">LOS MATERIALES III<\/a><\/p>\n<p><a style=\"font-size: 14px;line-height: 22.4px;text-align: -webkit-center\" href=\"http:\/\/www.ceiploreto.es\/sugerencias\/cplosangeles.juntaextremadura.net\/web\/curso_4\/naturales_4\/materiales_4\/materiales_4.html\" target=\"_blank\" rel=\"noopener\">LOS MATERIALES IV<\/a><\/p>\n<p><a style=\"font-size: 14px;line-height: 22.4px;text-align: -webkit-center\" href=\"http:\/\/www.ceiploreto.es\/sugerencias\/cplosangeles.juntaextremadura.net\/web\/curso_4\/naturales_4\/sustancias_4\/sustancias_4.html\" target=\"_blank\" rel=\"noopener\">LAS SUSTANCIAS<\/a><\/p>\n<p><a style=\"font-size: 14px;line-height: 22.4px;text-align: -webkit-center\" href=\"http:\/\/www.primaria.librosvivos.net\/archivosCMS\/3\/3\/16\/usuarios\/103294\/9\/5EP_Cono_cas_ud6_separacion_mezclas\/frame_prim.swf\" target=\"_blank\" rel=\"noopener\">SEPARACI\u00d3N DE MEZCLAS<\/a><\/p>\n<p><a style=\"font-size: 14px;line-height: 22.4px;text-align: -webkit-center\" href=\"http:\/\/www.aitanatp.com\/nivel4ccas\/index7.htm\" target=\"_blank\" rel=\"noopener\">La materia que nos rodea<\/a><\/p>\n<p><a style=\"font-size: 14px;line-height: 22.4px;text-align: -webkit-center\" href=\"http:\/\/www.aitanatp.com\/nivel4cas\/index7.htm\" target=\"_blank\" rel=\"noopener\">Los materiales<\/a><\/p>\n<p><strong>La materia cambia<\/strong><\/p>\n<p><a class=\"Estilo2\" style=\"font-size: 14px;line-height: 22.4px;text-align: -webkit-center\" href=\"http:\/\/www.primaria.librosvivos.net\/archivosCMS\/3\/3\/16\/usuarios\/103294\/9\/cm4_u7_act1\/frame_prim.swf\" target=\"_blank\" rel=\"noopener\">LOS ESTADOS DE LA MATERIA I<\/a><\/p>\n<p><a style=\"font-size: 14px;line-height: 22.4px;text-align: -webkit-center\" href=\"http:\/\/ww2.educarchile.cl\/UserFiles\/P0024\/File\/skoool\/2010\/Ciencia\/states_of_matter\/\" target=\"_blank\" rel=\"noopener\">PROPIEDADES DE LOS ESTADOS DE LA MATERIA<\/a><\/p>\n<p><a style=\"font-size: 14px;line-height: 22.4px;text-align: -webkit-center\" href=\"http:\/\/www.ceiploreto.es\/sugerencias\/cplosangeles.juntaextremadura.net\/web\/curso_4\/naturales_4\/estadosdelamateria\/indice.htm\" target=\"_blank\" rel=\"noopener\">LOS ESTADOS DE LA MATERIA II<\/a><\/p>\n<p><a style=\"font-size: 14px;line-height: 22.4px;text-align: -webkit-center\" href=\"http:\/\/agrega.juntadeandalucia.es\/repositorio\/25032011\/ec\/es-an_2010052013_1111600\/cm016_oa01_es\/index.html\" target=\"_blank\" rel=\"noopener\">LOS S\u00d3LIDOS<\/a><\/p>\n<p><a style=\"font-size: 14px;line-height: 22.4px;text-align: -webkit-center\" href=\"http:\/\/agrega.juntadeandalucia.es\/repositorio\/25032011\/ec\/es-an_2010052013_1111600\/cm016_oa02_es\/index.html\" target=\"_blank\" rel=\"noopener\">LOS L\u00cdQUIDOS<\/a><\/p>\n<p><a style=\"font-size: 14px;line-height: 22.4px;text-align: -webkit-center\" href=\"http:\/\/agrega.juntadeandalucia.es\/repositorio\/25032011\/ec\/es-an_2010052013_1111600\/cm016_oa03_es\/index.html\" target=\"_blank\" rel=\"noopener\">LOS GASES<\/a><\/p>\n<p><a style=\"font-size: 14px;line-height: 22.4px;text-align: -webkit-center\" href=\"http:\/\/www.ceiploreto.es\/sugerencias\/cplosangeles.juntaextremadura.net\/web\/curso_4\/naturales_4\/loscambiosdelamateria\/indice.htm\" target=\"_blank\" rel=\"noopener\">LOS CAMBIOS DE LA MATERIA<\/a><\/p>\n<p><a style=\"font-size: 14px;line-height: 22.4px;text-align: -webkit-center\" href=\"http:\/\/www.ceiploreto.es\/sugerencias\/cplosangeles.juntaextremadura.net\/web\/curso_4\/naturales_4\/cambios_estado_4\/cambios_estado_4.html\" target=\"_blank\" rel=\"noopener\">LOS CAMBIOS DE ESTADO I<\/a><\/p>\n<p><a style=\"font-size: 14px;line-height: 22.4px;text-align: -webkit-center\" href=\"http:\/\/agrega.juntadeandalucia.es\/repositorio\/25032011\/ec\/es-an_2010052013_1111600\/cm016_oa04_es\/index.html\" target=\"_blank\" rel=\"noopener\">LOS CAMBIOS DE ESTADO II<\/a><\/p>\n<p><a style=\"font-size: 14px;line-height: 22.4px;text-align: -webkit-center\" href=\"http:\/\/agrega.juntadeandalucia.es\/repositorio\/25032011\/ec\/es-an_2010052013_1111600\/cm016_oa05_es\/index.html\" target=\"_blank\" rel=\"noopener\">UN EXPERIMENTO: LOS CAMBIOS DE ESTADO DEL AGUA<\/a><\/p>\n<p><strong>La energ\u00eda<\/strong><\/p>\n<p><a style=\"font-size: 14px;line-height: 22.4px;text-align: -webkit-center\" href=\"http:\/\/ww2.educarchile.cl\/UserFiles\/P0024\/File\/skoool\/2010\/Ciencia\/what_is_energy\/index.html\" target=\"_blank\" rel=\"noopener\">\u00bfQU\u00c9 ES LA ENERG\u00cdA?<\/a><\/p>\n<p><a style=\"font-size: 14px;line-height: 22.4px;text-align: -webkit-center\" href=\"http:\/\/learn-energy.managenergy.net\/education\/kidscorner\/es\/u11\/u11.htm\" target=\"_blank\" rel=\"noopener\">LA ENERG\u00cdA I<\/a><\/p>\n<p><a style=\"font-size: 14px;line-height: 22.4px;text-align: -webkit-center\" href=\"http:\/\/www.ceiploreto.es\/sugerencias\/pequemuseo\/peque8\/calor\/101.html\" target=\"_blank\" rel=\"noopener\">CALOR<\/a><\/p>\n<p><a style=\"font-size: 14px;line-height: 22.4px;text-align: -webkit-center\" href=\"http:\/\/www.ceiploreto.es\/sugerencias\/juntadeandalucia\/la_tierra\/energia\/indexenergia.html\" target=\"_blank\" rel=\"noopener\">LA ENERG\u00cdA II<\/a><\/p>\n<p><a style=\"font-size: 14px;line-height: 22.4px;text-align: -webkit-center\" href=\"http:\/\/www3.gobiernodecanarias.org\/medusa\/contenidosdigitales\/programasflash\/Agrega\/Primaria\/Conocimiento\/La_energia\/0_ID\/index.html\" target=\"_blank\" rel=\"noopener\">LA ENERG\u00cdA III<\/a><\/p>\n<p><a style=\"font-size: 14px;line-height: 22.4px;text-align: -webkit-center\" href=\"http:\/\/www.ite.educacion.es\/w3\/eos\/MaterialesEducativos\/mem2009\/materiales_online_pizarra_digital\/energia.html\" target=\"_blank\" rel=\"noopener\">LA ENERG\u00cdA IV<\/a><\/p>\n<p><a style=\"font-size: 14px;line-height: 22.4px;text-align: -webkit-center\" href=\"http:\/\/ww2.educarchile.cl\/UserFiles\/P0024\/File\/skoool\/2010\/Ciencia\/forms_of_energy\/index.html\" target=\"_blank\" rel=\"noopener\">FORMAS DE ENERG\u00cdA<\/a><\/p>\n<p><a style=\"font-size: 14px;line-height: 22.4px;text-align: -webkit-center\" href=\"http:\/\/www.ceiploreto.es\/sugerencias\/cplosangeles.juntaextremadura.net\/web\/curso_4\/naturales_4\/energia_4\/energia_4.html\" target=\"_blank\" rel=\"noopener\">LA ENERG\u00cdA V<\/a><\/p>\n<p><a style=\"font-size: 14px;line-height: 22.4px;text-align: -webkit-center\" href=\"http:\/\/www.larutadelaenergia.org\/\" target=\"_blank\" rel=\"noopener\">LA RUTA DE LA ENERG\u00cdA<\/a><\/p>\n<p><a style=\"font-size: 14px;line-height: 22.4px;text-align: -webkit-center\" href=\"http:\/\/intranet2.minem.gob.pe\/web\/archivos\/dge\/publicaciones\/uso\/1\/01\/02\/08\/es\/kids\/index.htm\" target=\"_blank\" rel=\"noopener\">MOLINER Y EL VIENTO<\/a>&nbsp;(Internet Explorer)<\/p>\n<p><a style=\"font-size: 14px;line-height: 22.4px;text-align: -webkit-center\" href=\"http:\/\/www.ceiploreto.es\/sugerencias\/pequemuseo\/peque8\/electricidad\/501.html\" target=\"_blank\" rel=\"noopener\">LA ELECTRICIDAD<\/a><\/p>\n<p><a style=\"font-size: 14px;line-height: 22.4px;text-align: -webkit-center\" href=\"http:\/\/proyectos.cnice.mec.es\/arquimedes\/movie.php?usuario=2&amp;nivel=1&amp;movie=fp005\/gm001\/md010\/ut001\/0flash\/movie.swf\" target=\"_blank\" rel=\"noopener\">ENERG\u00cdA EL\u00c9CTRICA DOM\u00c9STICA<\/a><\/p>\n<p><a style=\"font-size: 14px;line-height: 22.4px;text-align: -webkit-center\" href=\"http:\/\/www.exploradores.org.pe\/electricidad.html\" target=\"_blank\" rel=\"noopener\">EXPLORADORES<\/a><\/p>\n<p><a style=\"font-size: 14px;line-height: 22.4px;text-align: -webkit-center\" href=\"http:\/\/www3.gobiernodecanarias.org\/medusa\/contenidosdigitales\/programasflash\/Agrega\/Primaria\/Conocimiento\/Fuentes_de_energia\/\" target=\"_blank\" rel=\"noopener\">FUENTES DE ENERG\u00cdA<\/a><\/p>\n<p><a style=\"font-size: 14px;line-height: 22.4px;text-align: -webkit-center\" href=\"http:\/\/www3.gobiernodecanarias.org\/medusa\/contenidosdigitales\/programasflash\/Agrega\/Primaria\/Conocimiento\/Transformaciones_energia\/\" target=\"_blank\" rel=\"noopener\">TRANSFORMACIONES DE LA ENERG\u00cdA<\/a><\/p>\n<p><a style=\"font-size: 14px;line-height: 22.4px;text-align: -webkit-center\" href=\"http:\/\/www3.gobiernodecanarias.org\/medusa\/contenidosdigitales\/programasflash\/Agrega\/Primaria\/Conocimiento\/Energia_no_renovables_y_renovables\/\" target=\"_blank\" rel=\"noopener\">FUENTES DE ENERG\u00cdA NO RENOVABLES Y RENOVABLES<\/a><\/p>\n<p><a style=\"font-size: 14px;line-height: 22.4px;text-align: -webkit-center\" href=\"http:\/\/ntic.educacion.es\/w3\/eos\/MaterialesEducativos\/mem2009\/fuentes_energia\/index_1.html\" target=\"_blank\" rel=\"noopener\">LAS FUENTES DE ENERG\u00cdA<\/a><\/p>\n<p><a style=\"font-size: 14px;line-height: 22.4px;text-align: -webkit-center\" href=\"http:\/\/www.ceiploreto.es\/sugerencias\/cplosangeles.juntaextremadura.net\/web\/curso_4\/naturales_4\/usos_energia_4\/usos_energia_4.html\" target=\"_blank\" rel=\"noopener\">USOS DE LA ENERG\u00cdA<\/a><\/p>\n<p><a style=\"font-size: 14px;line-height: 22.4px;text-align: -webkit-center\" href=\"http:\/\/www.clarionweb.es\/4_curso\/c_medio\/cm_408.htm\" target=\"_blank\" rel=\"noopener\">La energ\u00eda<\/a><\/p>\n<p><strong>La luz<\/strong><\/p>\n<p><a style=\"font-size: 14px;line-height: 22.4px;text-align: -webkit-center\" href=\"http:\/\/proyectos.cnice.mec.es\/arquimedes\/movie.php?usuario=2&amp;nivel=1&amp;movie=fp005\/gm001\/md008\/ut001\/0flash\/movie.swf\" target=\"_blank\" rel=\"noopener\">LA LUZ I<\/a><\/p>\n<p><a style=\"font-size: 14px;line-height: 22.4px;text-align: -webkit-center\" href=\"http:\/\/www.ceiploreto.es\/sugerencias\/pequemuseo\/peque8\/optica\/201.html\" target=\"_blank\" rel=\"noopener\">\u00bfQU\u00c9 ES LA LUZ?<\/a><\/p>\n<p><a style=\"font-size: 14px;line-height: 22.4px;text-align: -webkit-center\" href=\"http:\/\/www.ceiploreto.es\/sugerencias\/juntadeandalucia\/Paginas_sobre_la_luz\/index.htm\" target=\"_blank\" rel=\"noopener\">P\u00c1GINAS SOBRE LA LUZ<\/a><\/p>\n<p><a style=\"font-size: 14px;line-height: 22.4px;text-align: -webkit-center\" href=\"http:\/\/www.cientec.or.cr\/ciencias\/instrumentos\/index.html\" target=\"_blank\" rel=\"noopener\">INSTRUMENTOS PARA INVESTIGAR LA LUZ<\/a><\/p>\n<p><a style=\"font-size: 14px;line-height: 22.4px;text-align: -webkit-center\" href=\"http:\/\/www3.gobiernodecanarias.org\/medusa\/contenidosdigitales\/programasflash\/Agrega\/Primaria\/Conocimiento\/La_luz\/0_ID\/index.html\" target=\"_blank\" rel=\"noopener\">LA LUZ II<\/a><\/p>\n<p><a style=\"font-size: 14px;line-height: 22.4px;text-align: -webkit-center\" href=\"http:\/\/www.ceiploreto.es\/sugerencias\/cplosangeles.juntaextremadura.net\/web\/curso_4\/naturales_4\/luz_4\/luz_4.html\" target=\"_blank\" rel=\"noopener\">LA LUZ III<\/a><\/p>\n<p><a style=\"font-size: 14px;line-height: 22.4px;text-align: -webkit-center\" href=\"http:\/\/ww2.educarchile.cl\/UserFiles\/P0024\/File\/skoool\/European_Spanish\/Junior_Cycle_Level_1\/physics\/refraction\/index.html\" target=\"_blank\" rel=\"noopener\">LA REFRACCI\u00d3N<\/a><\/p>\n<p><a style=\"font-size: 14px;line-height: 22.4px;text-align: -webkit-center\" href=\"http:\/\/www.ceiploreto.es\/sugerencias\/cplosangeles.juntaextremadura.net\/web\/curso_4\/naturales_4\/colores_4\/colores_4.html\" target=\"_blank\" rel=\"noopener\">LA LUZ Y EL COLOR<\/a><\/p>\n<p><strong>Utilizaci\u00f3n reponsable de la energ\u00eda<\/strong><\/p>\n<p><a href=\"http:\/\/conteni2.educarex.es\/mats\/14399\/contenido\/interfaz.swf\" target=\"_blank\" rel=\"noopener\">EFECTO INVERNADERO<\/a><\/p>\n<p><a href=\"http:\/\/static.consumer.es\/www\/medio-ambiente\/infografias\/swf\/invernadero.swf\" target=\"_blank\" rel=\"noopener\">EL EFECTO INVERNADERO<\/a><\/p>\n<p><strong>Las ideas principales de los textos<\/strong><\/p>\n<p><a href=\"http:\/\/www.ceiploreto.es\/sugerencias\/juntadeandalucia\/fondolector\/lecturas3\/resumen.swf\" target=\"_blank\" rel=\"noopener\">SE\u00d1ALAR LA IDEA PRINCIPAL DE UN TEXTO<\/a><\/p>\n<p><a href=\"http:\/\/www.ceiploreto.es\/sugerencias\/Educarchile\/lengua\/5to_informacion_relevante\/index.html\" target=\"_blank\" rel=\"noopener\">INFORMACI\u00d3N RELEVANTE<\/a><\/p>\n<p><a style=\"font-size: 14px;line-height: 22.4px;text-align: -webkit-center\" href=\"http:\/\/www.primaria.librosvivos.net\/actividades\/flashActividadesPrimariaPub\/examen.swf?idejecucion=1980\" target=\"_blank\" rel=\"noopener\">AUTOEVALUACI\u00d3N DE LA UNIDAD<\/a><\/p>\n<p><a style=\"font-size: 14px;line-height: 22.4px;text-align: -webkit-center\" href=\"http:\/\/www.educa2.madrid.org\/cms_tools\/files\/2936efc9-cd14-4d1d-b669-ece212ddc4bc\/La%20materia%20que%20nos%20rodea\/la_materia.html\" target=\"_blank\" rel=\"noopener\">REPASO LA UNIDAD<\/a><\/p>\n<p><a style=\"font-size: 14px;line-height: 22.4px;text-align: -webkit-center\" href=\"http:\/\/www.testeando.es\/test.asp?idA=56&amp;idT=xxrkyjpw\" target=\"_blank\" rel=\"noopener\">TEST: LAS FUENTES DE ENERG\u00cdA<\/a><\/p>\n<p><a style=\"font-size: 14px;line-height: 22.4px;text-align: -webkit-center\" href=\"http:\/\/www.testeando.es\/test.asp?idA=56&amp;idT=rqbmyuty\" target=\"_blank\" rel=\"noopener\">TEST: LA LUZ Y LA ENERG\u00cdA<\/a><\/p>\n<p><span style=\"font-size: 14px;line-height: 22.4px;text-align: -webkit-center\">REPASO: &nbsp;<\/span><a style=\"font-size: 14px;line-height: 22.4px;text-align: -webkit-center\" href=\"http:\/\/www.juntadeandalucia.es\/averroes\/centros-tic\/14001529\/helvia\/aula\/archivos\/_6\/html\/264\/conocimiento%20medio%20santillana\/contenido\/3.taller\/actividades\/elreciclaje\/es_carcasa.html\" target=\"_blank\" rel=\"noopener\">1<\/a><span style=\"font-size: 14px;line-height: 22.4px;text-align: -webkit-center\">&nbsp;<\/span><a style=\"font-size: 14px;line-height: 22.4px;text-align: -webkit-center\" href=\"http:\/\/www.juntadeandalucia.es\/averroes\/centros-tic\/14001529\/helvia\/aula\/archivos\/_6\/html\/264\/conocimiento%20medio%20santillana\/contenido\/3.taller\/actividades\/laspilaselectricas\/es_carcasa.html\" target=\"_blank\" rel=\"noopener\">2<\/a><span style=\"font-size: 14px;line-height: 22.4px;text-align: -webkit-center\">&nbsp;<\/span><a style=\"font-size: 14px;line-height: 22.4px;text-align: -webkit-center\" href=\"http:\/\/www.juntadeandalucia.es\/averroes\/centros-tic\/14001529\/helvia\/aula\/archivos\/_6\/html\/264\/conocimiento%20medio%20santillana\/contenido\/3.taller\/actividades\/mirobotelectrico\/es_carcasa.html\" target=\"_blank\" rel=\"noopener\">3<\/a><span style=\"font-size: 14px;line-height: 22.4px;text-align: -webkit-center\">&nbsp;<\/span><a style=\"font-size: 14px;line-height: 22.4px;text-align: -webkit-center\" href=\"http:\/\/www.juntadeandalucia.es\/averroes\/centros-tic\/14001529\/helvia\/aula\/archivos\/_6\/html\/264\/conocimiento%20medio%20santillana\/contenido\/3.taller\/actividades\/ahorraenergia\/es_carcasa.html\" target=\"_blank\" rel=\"noopener\">4<\/a><span style=\"font-size: 14px;line-height: 22.4px;text-align: -webkit-center\">&nbsp;<\/span><a style=\"font-size: 14px;line-height: 22.4px;text-align: -webkit-center\" href=\"http:\/\/www.juntadeandalucia.es\/averroes\/centros-tic\/14001529\/helvia\/aula\/archivos\/_6\/html\/264\/conocimiento%20medio%20santillana\/contenido\/3.taller\/actividades\/quesque\/es_carcasa.html\" target=\"_blank\" rel=\"noopener\">5<\/a><span style=\"font-size: 14px;line-height: 22.4px;text-align: -webkit-center\">&nbsp;<\/span><a style=\"font-size: 14px;line-height: 22.4px;text-align: -webkit-center\" href=\"http:\/\/www.juntadeandalucia.es\/averroes\/centros-tic\/14001529\/helvia\/aula\/archivos\/_6\/html\/264\/conocimiento%20medio%20santillana\/contenido\/3.taller\/actividades\/fuentesdeenergia\/es_carcasa.html\" target=\"_blank\" rel=\"noopener\">6<\/a><\/p>\n<p><a style=\"font-size: 14px;line-height: 22.4px;text-align: -webkit-center\" href=\"http:\/\/www.clarionweb.es\/4_curso\/c_medio\/cm_407.htm\" target=\"_blank\" rel=\"noopener\">Repaso la Unidad I<\/a><\/p>\n","protected":false},"excerpt":{"rendered":"<p>La materia y la energ\u00eda La materia y los materiales LA MATERIA I \u00bfQU\u00c9 ES LA MATERIA? CARACTER\u00cdSTICAS DE LA MATERIA LA MATERIA II CIENCIAS. MATERIA Y ENERG\u00cdA LOS MATERIALES I LOS MATERIALES II PROPIEDADES DE LOS MATERIALES REACCI\u00d3N DE LOS MATERIALES I REACCI\u00d3N DE LOS MATERIALES II LOS MATERIALES III LOS MATERIALES IV LAS &hellip; <\/p>\n<p><a class=\"more-link btn\" href=\"https:\/\/blogsaverroes.juntadeandalucia.es\/ceipaznaitin\/ciencias-naturales-4o-tema-5\/\">Seguir leyendo<\/a><\/p>\n","protected":false},"author":2805,"featured_media":0,"parent":0,"menu_order":0,"comment_status":"closed","ping_status":"closed","template":"","meta":{"ngg_post_thumbnail":0,"footnotes":"","_mc_calendar":[]},"aioseo_notices":[],"_links":{"self":[{"href":"https:\/\/blogsaverroes.juntadeandalucia.es\/ceipaznaitin\/wp-json\/wp\/v2\/pages\/3923"}],"collection":[{"href":"https:\/\/blogsaverroes.juntadeandalucia.es\/ceipaznaitin\/wp-json\/wp\/v2\/pages"}],"about":[{"href":"https:\/\/blogsaverroes.juntadeandalucia.es\/ceipaznaitin\/wp-json\/wp\/v2\/types\/page"}],"author":[{"embeddable":true,"href":"https:\/\/blogsaverroes.juntadeandalucia.es\/ceipaznaitin\/wp-json\/wp\/v2\/users\/2805"}],"replies":[{"embeddable":true,"href":"https:\/\/blogsaverroes.juntadeandalucia.es\/ceipaznaitin\/wp-json\/wp\/v2\/comments?post=3923"}],"version-history":[{"count":8,"href":"https:\/\/blogsaverroes.juntadeandalucia.es\/ceipaznaitin\/wp-json\/wp\/v2\/pages\/3923\/revisions"}],"predecessor-version":[{"id":3934,"href":"https:\/\/blogsaverroes.juntadeandalucia.es\/ceipaznaitin\/wp-json\/wp\/v2\/pages\/3923\/revisions\/3934"}],"wp:attachment":[{"href":"https:\/\/blogsaverroes.juntadeandalucia.es\/ceipaznaitin\/wp-json\/wp\/v2\/media?parent=3923"}],"curies":[{"name":"wp","href":"https:\/\/api.w.org\/{rel}","templated":true}]}}