{"id":4284,"date":"2018-02-21T11:19:14","date_gmt":"2018-02-21T09:19:14","guid":{"rendered":"http:\/\/blogsaverroes.juntadeandalucia.es\/ceipaznaitin\/?page_id=4284"},"modified":"2018-02-21T11:28:04","modified_gmt":"2018-02-21T09:28:04","slug":"matematicas-1o-tema-10","status":"publish","type":"page","link":"https:\/\/blogsaverroes.juntadeandalucia.es\/ceipaznaitin\/matematicas-1o-tema-10\/","title":{"rendered":"Matem\u00e1ticas 1\u00ba Tema 10"},"content":{"rendered":"<p><strong>En la biblioteca<\/strong><\/p>\n<p><strong>N\u00fameros pares e impares<\/strong><\/p>\n<p><a href=\"http:\/\/www.ceiploreto.es\/sugerencias\/cp.juan.de.la.cosa\/matespdi\/01\/09\/05\/010905.swf\" target=\"_blank\" rel=\"noopener\">N\u00daMEROS PARES E IMPARES 1<\/a><\/p>\n<p><a style=\"font-size: 14px;text-align: -webkit-center\" href=\"http:\/\/primerodecarlos.com\/primerodecarlos.blogspot.com\/febrero\/par_impar\/actividad1.swf\" target=\"_blank\" rel=\"noopener\">N\u00daMEROS PARES E IMPARES 2<\/a><\/p>\n<p><a style=\"font-size: 14px;text-align: -webkit-center\" href=\"http:\/\/primerodecarlos.com\/primerodecarlos.blogspot.com\/febrero\/pares_impares.swf\" target=\"_blank\" rel=\"noopener\">PARES O IMPARES<\/a><\/p>\n<p><a style=\"font-size: 14px;text-align: -webkit-center\" href=\"http:\/\/primerodecarlos.com\/primerodecarlos.blogspot.com\/febrero\/pares_impares5.swf\" target=\"_blank\" rel=\"noopener\">PARES E IMPARES 1<\/a><\/p>\n<p><a style=\"font-size: 14px;text-align: -webkit-center\" href=\"http:\/\/primerodecarlos.com\/primerodecarlos.blogspot.com\/febrero\/impares_49_69.swf\" target=\"_blank\" rel=\"noopener\">N\u00daMEROS IMPARES 1<\/a><\/p>\n<p><a style=\"font-size: 14px;text-align: -webkit-center\" href=\"http:\/\/primerodecarlos.com\/mayo\/pares\/visor.swf\" target=\"_blank\" rel=\"noopener\">PARES<\/a><\/p>\n<p><a style=\"font-size: 14px;text-align: -webkit-center\" href=\"http:\/\/primerodecarlos.com\/junio\/par_impar_1\/visor.swf\" target=\"_blank\" rel=\"noopener\">N\u00daMEROS PARES<\/a><\/p>\n<p><a style=\"font-size: 14px;text-align: -webkit-center\" href=\"http:\/\/primerodecarlos.com\/junio\/par_impar\/visor.swf\" target=\"_blank\" rel=\"noopener\">N\u00daMEROS IMPARES 2<\/a><\/p>\n<p><a style=\"font-size: 14px;text-align: -webkit-center\" href=\"http:\/\/bromera.com\/tl_files\/activitatsdigitals\/capicua_1c_PF\/CAPICUA1-U8-PAG54-CAS.swf\" target=\"_blank\" rel=\"noopener\">PARES E IMPARES 2<\/a><\/p>\n<p><strong>Aproximaci\u00f3n a las decenas<\/strong><\/p>\n<p><a href=\"http:\/\/bromera.com\/tl_files\/activitatsdigitals\/capicua_1c_PF\/CAPICUA1-U11-PAG38-CAS.swf\" target=\"_blank\" rel=\"noopener\">DECENA M\u00c1S PR\u00d3XIMA<\/a><\/p>\n<p><a href=\"http:\/\/bromera.com\/tl_files\/activitatsdigitals\/capicua_1c_PF\/CAPICUA1-U12-PAG54-CAS.swf\" target=\"_blank\" rel=\"noopener\">APROXIMACI\u00d3N A LAS DECENAS<\/a><\/p>\n<p><a href=\"http:\/\/genmagic.net\/repositorio\/displayimage.php?pos=-202\" target=\"_blank\" rel=\"noopener\">LA DECENA M\u00c1S PR\u00d3XIMA<\/a><\/p>\n<p><strong>Iniciaci\u00f3n a la multiplicaci\u00f3n. Serie +4<\/strong><\/p>\n<p><a href=\"http:\/\/www.ceiploreto.es\/sugerencias\/cp.juan.de.la.cosa\/Actividadespdimates2\/01\/07\/01\/010701.swf\" target=\"_blank\" rel=\"noopener\">LA MULTIPLICACI\u00d3N Y LA SUMA<\/a><\/p>\n<p><a style=\"font-size: 14px;text-align: -webkit-center\" href=\"http:\/\/2633518-0.web-hosting.es\/blog\/manipulables\/numeracion\/ilustramulti.swf\" target=\"_blank\" rel=\"noopener\">LA MULTIPLICACI\u00d3N. INTRODUCCI\u00d3N<\/a><\/p>\n<p><a style=\"font-size: 14px;text-align: -webkit-center\" href=\"http:\/\/www.primerodecarlos.com\/SEGUNDO_PRIMARIA\/tengo_todo_4\/root_globalizado5\/ISBN_9788467808810\/activity\/U03_104_01_AI\/visor.swf\" target=\"_blank\" rel=\"noopener\">APRENDE<\/a><\/p>\n<p><a style=\"font-size: 14px;text-align: -webkit-center\" href=\"http:\/\/www.primerodecarlos.com\/SEGUNDO_PRIMARIA\/tengo_todo_4\/root_globalizado5\/ISBN_9788467808810\/activity\/U03_117_02_AI\/visor.swf\" target=\"_blank\" rel=\"noopener\">ESCRIBE ESTAS MULTIPLICACIONES<\/a><\/p>\n<p><a style=\"font-size: 14px;text-align: -webkit-center\" href=\"http:\/\/www.primerodecarlos.com\/SEGUNDO_PRIMARIA\/tengo_todo_4\/root_globalizado5\/ISBN_9788467808810\/activity\/U03_104_02a\/visor.swf\" target=\"_blank\" rel=\"noopener\">COMPLETA<\/a><\/p>\n<p><a style=\"font-size: 14px;text-align: -webkit-center\" href=\"http:\/\/ntic.educacion.es\/w3\/eos\/MaterialesEducativos\/mem2008\/matematicas_primaria\/numeracion\/operaciones\/seriesgeneral.swf\" target=\"_blank\" rel=\"noopener\">SERIES ARITM\u00c9TICAS 1<\/a><\/p>\n<p><strong>D\u00edas de la semana<\/strong><\/p>\n<p><a href=\"http:\/\/www.ceiploreto.es\/sugerencias\/cp.juan.de.la.cosa\/Actividades%20Mates%20PDI\/01\/05\/01\/010501.swf\" target=\"_blank\" rel=\"noopener\">LOS D\u00cdAS DE LA SEMANA<\/a><\/p>\n<p><a href=\"http:\/\/conteni2.educarex.es\/mats\/11369\/contenido\/index2.html\" target=\"_blank\" rel=\"noopener\">NOS VAMOS DE VACACIONES<\/a><\/p>\n<p><a href=\"http:\/\/nea.educastur.princast.es\/repositorio\/RECURSO_ZIP\/1_1_ibcmass_u22\/index.html\" target=\"_blank\" rel=\"noopener\">LA MEDIDA DEL TIEMPO<\/a><\/p>\n<p><a href=\"http:\/\/clic.xtec.cat\/db\/jclicApplet.jsp?project=http:\/\/clic.xtec.cat\/projects\/tiempo\/jclic\/tiempo.jclic.zip&amp;lang=es\" target=\"_blank\" rel=\"noopener\">Medimos el tiempo<\/a><\/p>\n<p><strong>Monedas de euro<\/strong><\/p>\n<p><a href=\"http:\/\/www.ceiploreto.es\/sugerencias\/cp.juan.de.la.cosa\/matespdi\/01\/12\/03\/011203.swf\" target=\"_blank\" rel=\"noopener\">LOS C\u00c9NTIMOS<\/a><\/p>\n<p><a href=\"http:\/\/www.ceiploreto.es\/sugerencias\/cp.juan.de.la.cosa\/matespdi\/01\/15\/02\/011502.swf\" target=\"_blank\" rel=\"noopener\">LOS EUROS<\/a><\/p>\n<p><a href=\"http:\/\/www.ceiploreto.es\/sugerencias\/cp.juan.de.la.cosa\/matespdi\/01\/13\/03\/011303.swf\" target=\"_blank\" rel=\"noopener\">PROBLEMA<\/a><\/p>\n<p><a href=\"http:\/\/clic.xtec.cat\/db\/jclicApplet.jsp?project=http:\/\/clic.xtec.cat\/projects\/euroiesp\/jclic\/euroiesp.jclic.zip&amp;lang=es\" target=\"_blank\" rel=\"noopener\">Trabajando el euro<\/a><\/p>\n<p><strong>Resuelve problemas<\/strong><\/p>\n<p><a href=\"http:\/\/www.duendecrispin.com\/gusanito-de-seda\/bertin-matematico.html\" target=\"_blank\" rel=\"noopener\">BERT\u00cdN, EL GUSANITO DE SEDA<\/a><\/p>\n<p><a style=\"font-size: 14px;text-align: -webkit-center\" href=\"http:\/\/primerodecarlos.com\/primerodecarlos.blogspot.com\/febrero\/problemas_llevando.swf\" target=\"_blank\" rel=\"noopener\">PROBLEMAS 1<\/a><\/p>\n<p><a style=\"font-size: 14px;text-align: -webkit-center\" href=\"http:\/\/primerodecarlos.com\/primerodecarlos.blogspot.com\/febrero\/problemas_llevando_2.swf\" target=\"_blank\" rel=\"noopener\">PROBLEMAS 2<\/a><\/p>\n<p><a style=\"font-size: 14px;text-align: -webkit-center\" href=\"http:\/\/primerodecarlos.com\/primerodecarlos.blogspot.com\/marzo\/problemas.swf\" target=\"_blank\" rel=\"noopener\">PROBLEMAS 3<\/a><\/p>\n<p><a style=\"font-size: 14px;text-align: -webkit-center\" href=\"http:\/\/primerodecarlos.com\/primerodecarlos.blogspot.com\/marzo\/problemas\/010105.swf\" target=\"_blank\" rel=\"noopener\">PROBLEMA 1<\/a><\/p>\n<p><a style=\"font-size: 14px;text-align: -webkit-center\" href=\"http:\/\/primerodecarlos.com\/primerodecarlos.blogspot.com\/abril\/problemas_89\/problema1\/visor.swf\" target=\"_blank\" rel=\"noopener\">PROBLEMA 2<\/a><\/p>\n<p><a style=\"font-size: 14px;text-align: -webkit-center\" href=\"http:\/\/primerodecarlos.com\/primerodecarlos.blogspot.com\/abril\/problemas_89\/problema2\/visor.swf\" target=\"_blank\" rel=\"noopener\">PROBLEMA 3<\/a><\/p>\n<p><a style=\"font-size: 14px;text-align: -webkit-center\" href=\"http:\/\/primerodecarlos.com\/primerodecarlos.blogspot.com\/febrero\/problema_sumar_llevando.swf\" target=\"_blank\" rel=\"noopener\">PROBLEMA 4<\/a><\/p>\n<p><a style=\"font-size: 14px;text-align: -webkit-center\" href=\"http:\/\/www.primaria.librosvivos.net\/archivosCMS\/3\/3\/16\/usuarios\/103294\/9\/1epmacp_ud15_2_cas\/carcasa.swf\" target=\"_blank\" rel=\"noopener\">RESUELVO PROBLEMAS<\/a><\/p>\n","protected":false},"excerpt":{"rendered":"<p>En la biblioteca N\u00fameros pares e impares N\u00daMEROS PARES E IMPARES 1 N\u00daMEROS PARES E IMPARES 2 PARES O IMPARES PARES E IMPARES 1 N\u00daMEROS IMPARES 1 PARES N\u00daMEROS PARES N\u00daMEROS IMPARES 2 PARES E IMPARES 2 Aproximaci\u00f3n a las decenas DECENA M\u00c1S PR\u00d3XIMA APROXIMACI\u00d3N A LAS DECENAS LA DECENA M\u00c1S PR\u00d3XIMA Iniciaci\u00f3n a la &hellip; <\/p>\n<p><a class=\"more-link btn\" href=\"https:\/\/blogsaverroes.juntadeandalucia.es\/ceipaznaitin\/matematicas-1o-tema-10\/\">Seguir leyendo<\/a><\/p>\n","protected":false},"author":2805,"featured_media":0,"parent":0,"menu_order":0,"comment_status":"closed","ping_status":"closed","template":"","meta":{"ngg_post_thumbnail":0,"footnotes":"","_mc_calendar":[]},"aioseo_notices":[],"_links":{"self":[{"href":"https:\/\/blogsaverroes.juntadeandalucia.es\/ceipaznaitin\/wp-json\/wp\/v2\/pages\/4284"}],"collection":[{"href":"https:\/\/blogsaverroes.juntadeandalucia.es\/ceipaznaitin\/wp-json\/wp\/v2\/pages"}],"about":[{"href":"https:\/\/blogsaverroes.juntadeandalucia.es\/ceipaznaitin\/wp-json\/wp\/v2\/types\/page"}],"author":[{"embeddable":true,"href":"https:\/\/blogsaverroes.juntadeandalucia.es\/ceipaznaitin\/wp-json\/wp\/v2\/users\/2805"}],"replies":[{"embeddable":true,"href":"https:\/\/blogsaverroes.juntadeandalucia.es\/ceipaznaitin\/wp-json\/wp\/v2\/comments?post=4284"}],"version-history":[{"count":8,"href":"https:\/\/blogsaverroes.juntadeandalucia.es\/ceipaznaitin\/wp-json\/wp\/v2\/pages\/4284\/revisions"}],"predecessor-version":[{"id":4294,"href":"https:\/\/blogsaverroes.juntadeandalucia.es\/ceipaznaitin\/wp-json\/wp\/v2\/pages\/4284\/revisions\/4294"}],"wp:attachment":[{"href":"https:\/\/blogsaverroes.juntadeandalucia.es\/ceipaznaitin\/wp-json\/wp\/v2\/media?parent=4284"}],"curies":[{"name":"wp","href":"https:\/\/api.w.org\/{rel}","templated":true}]}}