{"id":4432,"date":"2018-02-21T13:28:11","date_gmt":"2018-02-21T11:28:11","guid":{"rendered":"http:\/\/blogsaverroes.juntadeandalucia.es\/ceipaznaitin\/?page_id=4432"},"modified":"2018-02-21T13:33:30","modified_gmt":"2018-02-21T11:33:30","slug":"matematicas-1o-tema-11","status":"publish","type":"page","link":"https:\/\/blogsaverroes.juntadeandalucia.es\/ceipaznaitin\/matematicas-1o-tema-11\/","title":{"rendered":"Matem\u00e1ticas 1\u00ba Tema 11"},"content":{"rendered":"<p><strong>D\u00eda de cine<\/strong><\/p>\n<p><strong>Iniciaci\u00f3n a las tablas de multiplicar (tabla del 2)<\/strong><\/p>\n<p><a href=\"http:\/\/cplosangeles.juntaextremadura.net\/web\/edilim\/curso_2\/matematicas\/tablas\/tabla02\/tabla02.html\" target=\"_blank\" rel=\"noopener\">TABLA DEL 2<\/a><\/p>\n<p>REPASO LA TABLA DEL 2:&nbsp;<a href=\"http:\/\/www.primerodecarlos.com\/SEGUNDO_PRIMARIA\/tengo_todo_4\/root_globalizado5\/ISBN_9788467808810\/activity\/U04_138_01_AI\/visor.swf\" target=\"_blank\" rel=\"noopener\">1<\/a>&nbsp;<a href=\"http:\/\/www.primerodecarlos.com\/SEGUNDO_PRIMARIA\/febrero\/tema4\/actividades\/actividades_una_una\/mates\/aprende_tabla_del_2.swf\" target=\"_blank\" rel=\"noopener\">2<\/a>&nbsp;<a href=\"http:\/\/www.primerodecarlos.com\/SEGUNDO_PRIMARIA\/tengo_todo_4\/root_globalizado5\/ISBN_9788467808810\/activity\/U04_138_02_AI\/visor.swf\" target=\"_blank\" rel=\"noopener\">3<\/a>&nbsp;<a href=\"http:\/\/www.primerodecarlos.com\/SEGUNDO_PRIMARIA\/febrero\/tema4\/actividades\/actividades_una_una\/mates\/tabla_del_2_c.swf\" target=\"_blank\" rel=\"noopener\">4<\/a>&nbsp;<a href=\"http:\/\/www.primerodecarlos.com\/SEGUNDO_PRIMARIA\/febrero\/tema4\/actividades\/actividades_una_una\/mates\/tabla_del_2-d.swf\" target=\"_blank\" rel=\"noopener\">5<\/a>&nbsp;<a href=\"http:\/\/www.primerodecarlos.com\/SEGUNDO_PRIMARIA\/febrero\/tema4\/actividades\/actividades_una_una\/mates\/tabla_del_2_b.swf\" target=\"_blank\" rel=\"noopener\">6<\/a><\/p>\n<p><strong>El calendario<\/strong><\/p>\n<p><a href=\"http:\/\/www.genmagic.net\/repositorio\/albums\/userpics\/hdm1c.swf\" target=\"_blank\" rel=\"noopener\">D\u00cdA Y MES<\/a><\/p>\n<p><a style=\"font-size: 14px;text-align: -webkit-center\" href=\"http:\/\/www.genmagic.net\/repositorio\/albums\/userpics\/hdm2c.swf\" target=\"_blank\" rel=\"noopener\">D\u00cdA Y MES &#8211; 2<\/a><\/p>\n<p><a style=\"font-size: 14px;text-align: -webkit-center\" href=\"http:\/\/www.primaria.librosvivos.net\/archivosCMS\/3\/3\/16\/usuarios\/103294\/9\/1epmatcp_ud10_a1_cas\/carcasa.swf\" target=\"_blank\" rel=\"noopener\">TOMO MEDIDAS. EL CALENDARIO<\/a><\/p>\n<p><a style=\"font-size: 14px;text-align: -webkit-center\" href=\"http:\/\/primerodecarlos.com\/primerodecarlos.blogspot.com\/febrero\/los_meses.swf\" target=\"_blank\" rel=\"noopener\">APRENDE EL CALENDARIO<\/a><\/p>\n<p><a style=\"font-size: 14px;text-align: -webkit-center\" href=\"http:\/\/primerodecarlos.com\/primerodecarlos.blogspot.com\/febrero\/contenido\/index.swf\" target=\"_blank\" rel=\"noopener\">LOS MESES DEL A\u00d1O<\/a><\/p>\n<p><strong>Tablas de registro de datos<\/strong><\/p>\n<p><a href=\"http:\/\/www.ceiploreto.es\/sugerencias\/A_1\/Recursosdidacticos\/PRIMERO\/datos\/02_Mates\/03_Recursos\/01_t\/actividades\/geometria\/03.htm\" target=\"_blank\" rel=\"noopener\">TABLA DE DATOS<\/a><\/p>\n<p><a style=\"font-size: 14px;text-align: -webkit-center\" href=\"http:\/\/www.ceiploreto.es\/sugerencias\/A_1\/Recursosdidacticos\/PRIMERO\/datos\/02_Mates\/03_Recursos\/01_t\/actividades\/informacion\/01.htm\" target=\"_blank\" rel=\"noopener\">TRATAMIENTO DE LA INFORMACI\u00d3N<\/a><\/p>\n<p><a style=\"font-size: 14px;text-align: -webkit-center\" href=\"http:\/\/www.ceiploreto.es\/sugerencias\/cp.juan.de.la.cosa\/matespdi\/01\/14\/03\/011403.swf\" target=\"_blank\" rel=\"noopener\">ELABORACI\u00d3N DE TABLAS<\/a><\/p>\n<p><a style=\"font-size: 14px;text-align: -webkit-center\" href=\"http:\/\/primerodecarlos.com\/junio\/palas3.swf\" target=\"_blank\" rel=\"noopener\">COMPLETA ESTA TABLA<\/a><\/p>\n<p><a style=\"font-size: 14px;text-align: -webkit-center\" href=\"http:\/\/primerodecarlos.com\/junio\/tablas3\/visor.swf\" target=\"_blank\" rel=\"noopener\">COMPLETA Y CONTESTA<\/a><\/p>\n<p><strong>Gr\u00e1ficos de barras y pictogramas<\/strong><\/p>\n<p><a href=\"http:\/\/ares.cnice.mec.es\/matematicasep\/a\/5\/ca5_00.html\" target=\"_blank\" rel=\"noopener\">\u00a1ESTAMOS DE CUMPLE!<\/a><\/p>\n<p><a style=\"font-size: 14px;text-align: -webkit-center\" href=\"http:\/\/genmagic.net\/repositorio\/displayimage.php?pos=-164\" target=\"_blank\" rel=\"noopener\">CUENTA Y COMPLETA GR\u00c1FICOS<\/a><\/p>\n<p><a style=\"font-size: 14px;text-align: -webkit-center\" href=\"http:\/\/www.primaria.librosvivos.net\/archivosCMS\/3\/3\/16\/usuarios\/103294\/9\/2p_grafico_barras_cas\/cargador.html\" target=\"_blank\" rel=\"noopener\">GR\u00c1FICOS<\/a><\/p>\n<p><a style=\"font-size: 14px;text-align: -webkit-center\" href=\"http:\/\/www.genmagic.org\/repositorio\/albums\/userpics\/diagramb1c.swf\" target=\"_blank\" rel=\"noopener\">DIAGRAMA DE BARRAS<\/a><\/p>\n<p><a style=\"font-size: 14px;text-align: -webkit-center\" href=\"http:\/\/www.ceiploreto.es\/sugerencias\/cp.juan.de.la.cosa\/1_2\/mates\/actividades\/13\/01\/visor.html\" target=\"_blank\" rel=\"noopener\">GR\u00c1FICOS DE BARRAS<\/a><\/p>\n<p><a style=\"font-size: 14px;text-align: -webkit-center\" href=\"http:\/\/www.genmagic.org\/repositorio\/albums\/userpics\/graf3r1c.swf\" target=\"_blank\" rel=\"noopener\">GR\u00c1FICAS &#8211; 1<\/a><\/p>\n<p><a style=\"font-size: 14px;text-align: -webkit-center\" href=\"http:\/\/www.thatquiz.org\/es-5\/?-j4040g-l1-p0\" target=\"_blank\" rel=\"noopener\">PICTOGRAF\u00cdAS<\/a><\/p>\n<p><strong>Resuelve problemas<\/strong><\/p>\n<p><a href=\"http:\/\/www.primaria.librosvivos.net\/archivosCMS\/3\/3\/16\/usuarios\/103294\/9\/mate1ep_ud14_2_cas\/carcasa.swf\" target=\"_blank\" rel=\"noopener\">RESUELVO PROBLEMAS<\/a><\/p>\n<p><a href=\"http:\/\/primerodecarlos.com\/primerodecarlos.blogspot.com\/marzo\/primerodecarlos_numeros_ordinales.htm\" target=\"_blank\" rel=\"noopener\">N\u00daMEROS ORDINALES<\/a><\/p>\n<p><a href=\"http:\/\/primerodecarlos.com\/primerodecarlos.blogspot.com\/abril\/tres_sumandos_problema.swf\" target=\"_blank\" rel=\"noopener\">PROBLEMA<\/a><\/p>\n<p><a href=\"http:\/\/www.primaria.librosvivos.net\/archivosCMS\/3\/3\/16\/usuarios\/103294\/9\/1epmacp_ud15_e_cas\/carcasa.swf\" target=\"_blank\" rel=\"noopener\">REPASO<\/a><\/p>\n","protected":false},"excerpt":{"rendered":"<p>D\u00eda de cine Iniciaci\u00f3n a las tablas de multiplicar (tabla del 2) TABLA DEL 2 REPASO LA TABLA DEL 2:&nbsp;1&nbsp;2&nbsp;3&nbsp;4&nbsp;5&nbsp;6 El calendario D\u00cdA Y MES D\u00cdA Y MES &#8211; 2 TOMO MEDIDAS. EL CALENDARIO APRENDE EL CALENDARIO LOS MESES DEL A\u00d1O Tablas de registro de datos TABLA DE DATOS TRATAMIENTO DE LA INFORMACI\u00d3N ELABORACI\u00d3N DE &hellip; <\/p>\n<p><a class=\"more-link btn\" href=\"https:\/\/blogsaverroes.juntadeandalucia.es\/ceipaznaitin\/matematicas-1o-tema-11\/\">Seguir leyendo<\/a><\/p>\n","protected":false},"author":2805,"featured_media":0,"parent":0,"menu_order":0,"comment_status":"closed","ping_status":"closed","template":"","meta":{"ngg_post_thumbnail":0,"footnotes":"","_mc_calendar":[]},"aioseo_notices":[],"_links":{"self":[{"href":"https:\/\/blogsaverroes.juntadeandalucia.es\/ceipaznaitin\/wp-json\/wp\/v2\/pages\/4432"}],"collection":[{"href":"https:\/\/blogsaverroes.juntadeandalucia.es\/ceipaznaitin\/wp-json\/wp\/v2\/pages"}],"about":[{"href":"https:\/\/blogsaverroes.juntadeandalucia.es\/ceipaznaitin\/wp-json\/wp\/v2\/types\/page"}],"author":[{"embeddable":true,"href":"https:\/\/blogsaverroes.juntadeandalucia.es\/ceipaznaitin\/wp-json\/wp\/v2\/users\/2805"}],"replies":[{"embeddable":true,"href":"https:\/\/blogsaverroes.juntadeandalucia.es\/ceipaznaitin\/wp-json\/wp\/v2\/comments?post=4432"}],"version-history":[{"count":6,"href":"https:\/\/blogsaverroes.juntadeandalucia.es\/ceipaznaitin\/wp-json\/wp\/v2\/pages\/4432\/revisions"}],"predecessor-version":[{"id":4440,"href":"https:\/\/blogsaverroes.juntadeandalucia.es\/ceipaznaitin\/wp-json\/wp\/v2\/pages\/4432\/revisions\/4440"}],"wp:attachment":[{"href":"https:\/\/blogsaverroes.juntadeandalucia.es\/ceipaznaitin\/wp-json\/wp\/v2\/media?parent=4432"}],"curies":[{"name":"wp","href":"https:\/\/api.w.org\/{rel}","templated":true}]}}