{"id":4571,"date":"2018-02-21T16:44:05","date_gmt":"2018-02-21T14:44:05","guid":{"rendered":"http:\/\/blogsaverroes.juntadeandalucia.es\/ceipaznaitin\/?page_id=4571"},"modified":"2018-02-21T16:52:54","modified_gmt":"2018-02-21T14:52:54","slug":"matematicas-1o-tema-12","status":"publish","type":"page","link":"https:\/\/blogsaverroes.juntadeandalucia.es\/ceipaznaitin\/matematicas-1o-tema-12\/","title":{"rendered":"Matem\u00e1ticas 1\u00ba Tema 12"},"content":{"rendered":"<p><strong>Fin de curso<\/strong><\/p>\n<p><strong>Iniciaci\u00f3n al reparto<\/strong><\/p>\n<p><a href=\"http:\/\/ww2.educarchile.cl\/UserFiles\/P0024\/File\/skoool\/2010\/Matematicas\/division\/index.html\" target=\"_blank\" rel=\"noopener\">INTRODUCCI\u00d3N A LA DIVISI\u00d3N<\/a><\/p>\n<p><a style=\"font-size: 14px;line-height: 22.4px;text-align: -webkit-center\" href=\"http:\/\/www.ceiploreto.es\/sugerencias\/cp.juan.de.la.cosa\/Actividadespdimates2\/01\/13\/04\/011304.swf\" target=\"_blank\" rel=\"noopener\">REPARTOS Y DIVISI\u00d3N<\/a><\/p>\n<p><a style=\"font-size: 14px;line-height: 22.4px;text-align: -webkit-center\" href=\"http:\/\/www.primerodecarlos.com\/SEGUNDO_PRIMARIA\/mayo\/tema_4_3\/actividades\/mates\/aprende_division\/visor.swf\" target=\"_blank\" rel=\"noopener\">APRENDE 1<\/a><\/p>\n<p><a style=\"font-size: 14px;line-height: 22.4px;text-align: -webkit-center\" href=\"http:\/\/www.primerodecarlos.com\/SEGUNDO_PRIMARIA\/mayo\/tema_4_3\/actividades\/mates\/inicio_division.swf\" target=\"_blank\" rel=\"noopener\">APRENDE 2<\/a><\/p>\n<p><a style=\"font-size: 14px;line-height: 22.4px;text-align: -webkit-center\" href=\"http:\/\/www.primerodecarlos.com\/SEGUNDO_PRIMARIA\/mayo\/tema_4_3\/actividades\/mates\/division_1\/visor.swf\" target=\"_blank\" rel=\"noopener\">REPARTE Y COMPLETA<\/a><\/p>\n<p><strong>Doble y mitad<\/strong><\/p>\n<p><a href=\"http:\/\/www.ceiploreto.es\/sugerencias\/cp.juan.de.la.cosa\/Actividadespdimates2\/01\/14\/03\/011403.swf\" target=\"_blank\" rel=\"noopener\">DOBLE Y MITAD<\/a><\/p>\n<p><strong>Figuras con simetr\u00eda<\/strong><\/p>\n<p><a href=\"http:\/\/www.genmagic.org\/mates2\/simetria_ca.swf\" target=\"_blank\" rel=\"noopener\">SIMETR\u00cdA<\/a><\/p>\n<p><a href=\"http:\/\/bromera.com\/tl_files\/activitatsdigitals\/capicua_1c_PF\/CAPICUA1-U8-PAG58-CAS.swf\" target=\"_blank\" rel=\"noopener\">OBJETOS SIM\u00c9TRICOS<\/a><\/p>\n<p><strong>Reloj anal\u00f3gico (en punto, y media)<\/strong><\/p>\n<p><a href=\"http:\/\/www.genmagic.org\/repositorio\/albums\/userpics\/posahora1c.swf\" target=\"_blank\" rel=\"noopener\">PON EN HORA EL RELOJ<\/a><\/p>\n<p><a href=\"http:\/\/escolar.textlagalera.com\/interact\/C_inicial\/Primero_completo\/Z1M\/ACTIV\/Z1M08AC04\/index.html\" target=\"_blank\" rel=\"noopener\">\u00bfQU\u00c9 HORA ES?<\/a><\/p>\n<p><a href=\"http:\/\/www.ceiploreto.es\/sugerencias\/cp.juan.de.la.cosa\/matespdi\/01\/13\/01\/011301.swf\" target=\"_blank\" rel=\"noopener\">EL RELOJ<\/a><\/p>\n<p><strong>Reloj digital (en punto, y media)<\/strong><\/p>\n<p><a href=\"http:\/\/concurso.cnice.mec.es\/cnice2005\/115_el_reloj\/index.html\" target=\"_blank\" rel=\"noopener\">EL RELOJ<\/a><\/p>\n<p><a href=\"http:\/\/www.ceiploreto.es\/sugerencias\/cp.juan.de.la.cosa\/matespdi\/01\/15\/03\/011503.swf\" target=\"_blank\" rel=\"noopener\">EL RELOJ DIGITAL<\/a><\/p>\n<p><strong>Resuelve problemas<\/strong><\/p>\n<p><a href=\"http:\/\/www.ceiploreto.es\/sugerencias\/cp.juan.de.la.cosa\/matespdi\/01\/14\/01\/011401.swf\" target=\"_blank\" rel=\"noopener\">C\u00c1LCULO DE TIEMPOS TRANSCURRIDOS<\/a><\/p>\n<p><a href=\"http:\/\/www.ceiploreto.es\/sugerencias\/cp.juan.de.la.cosa\/matespdi\/01\/14\/05\/011405.swf\" target=\"_blank\" rel=\"noopener\">PROBLEMAS<\/a><\/p>\n<p><a href=\"http:\/\/www.primaria.librosvivos.net\/archivosCMS\/3\/3\/16\/usuarios\/103294\/9\/1epmtcp_ud12_act2\/carcasa.swf\" target=\"_blank\" rel=\"noopener\">RESUELVO PROBLEMAS<\/a><\/p>\n<p><a href=\"http:\/\/www.primaria.librosvivos.net\/archivosCMS\/3\/3\/16\/usuarios\/103294\/9\/1epmacp_ud13_a3_cas\/carcasa.swf\" target=\"_blank\" rel=\"noopener\">REPASO<\/a><\/p>\n<p><a href=\"http:\/\/www.ceiploreto.es\/sugerencias\/ceipchanopinheiro\/2\/repaso_1\/mate1.html\" target=\"_blank\" rel=\"noopener\">ACTIVIDADES DE MATEM\u00c1TICAS<\/a><\/p>\n<p><a href=\"http:\/\/www.ceiploreto.es\/sugerencias\/A_1\/Recursosdidacticos\/PRIMERO\/datos\/02_Mates\/03_Recursos\/03_t\/mates_rdi_trimes_3_t_geom.htm\" target=\"_blank\" rel=\"noopener\">GEOMETR\u00cdA 3\u00ba TRIMESTRE<\/a><\/p>\n","protected":false},"excerpt":{"rendered":"<p>Fin de curso Iniciaci\u00f3n al reparto INTRODUCCI\u00d3N A LA DIVISI\u00d3N REPARTOS Y DIVISI\u00d3N APRENDE 1 APRENDE 2 REPARTE Y COMPLETA Doble y mitad DOBLE Y MITAD Figuras con simetr\u00eda SIMETR\u00cdA OBJETOS SIM\u00c9TRICOS Reloj anal\u00f3gico (en punto, y media) PON EN HORA EL RELOJ \u00bfQU\u00c9 HORA ES? EL RELOJ Reloj digital (en punto, y media) EL &hellip; <\/p>\n<p><a class=\"more-link btn\" href=\"https:\/\/blogsaverroes.juntadeandalucia.es\/ceipaznaitin\/matematicas-1o-tema-12\/\">Seguir leyendo<\/a><\/p>\n","protected":false},"author":2805,"featured_media":0,"parent":0,"menu_order":0,"comment_status":"closed","ping_status":"closed","template":"","meta":{"ngg_post_thumbnail":0,"footnotes":"","_mc_calendar":[]},"aioseo_notices":[],"_links":{"self":[{"href":"https:\/\/blogsaverroes.juntadeandalucia.es\/ceipaznaitin\/wp-json\/wp\/v2\/pages\/4571"}],"collection":[{"href":"https:\/\/blogsaverroes.juntadeandalucia.es\/ceipaznaitin\/wp-json\/wp\/v2\/pages"}],"about":[{"href":"https:\/\/blogsaverroes.juntadeandalucia.es\/ceipaznaitin\/wp-json\/wp\/v2\/types\/page"}],"author":[{"embeddable":true,"href":"https:\/\/blogsaverroes.juntadeandalucia.es\/ceipaznaitin\/wp-json\/wp\/v2\/users\/2805"}],"replies":[{"embeddable":true,"href":"https:\/\/blogsaverroes.juntadeandalucia.es\/ceipaznaitin\/wp-json\/wp\/v2\/comments?post=4571"}],"version-history":[{"count":5,"href":"https:\/\/blogsaverroes.juntadeandalucia.es\/ceipaznaitin\/wp-json\/wp\/v2\/pages\/4571\/revisions"}],"predecessor-version":[{"id":4577,"href":"https:\/\/blogsaverroes.juntadeandalucia.es\/ceipaznaitin\/wp-json\/wp\/v2\/pages\/4571\/revisions\/4577"}],"wp:attachment":[{"href":"https:\/\/blogsaverroes.juntadeandalucia.es\/ceipaznaitin\/wp-json\/wp\/v2\/media?parent=4571"}],"curies":[{"name":"wp","href":"https:\/\/api.w.org\/{rel}","templated":true}]}}