{"id":5065,"date":"2018-03-05T14:59:08","date_gmt":"2018-03-05T12:59:08","guid":{"rendered":"http:\/\/blogsaverroes.juntadeandalucia.es\/ceipaznaitin\/?page_id=5065"},"modified":"2018-03-05T15:23:02","modified_gmt":"2018-03-05T13:23:02","slug":"ciencias-sociales-2o-tema-2","status":"publish","type":"page","link":"https:\/\/blogsaverroes.juntadeandalucia.es\/ceipaznaitin\/ciencias-sociales-2o-tema-2\/","title":{"rendered":"Ciencias Sociales 2\u00ba Tema 2"},"content":{"rendered":"<p><strong>Un mundo de profesiones<\/strong><\/p>\n<p><strong>Profesiones en la naturaleza<\/strong><\/p>\n<p><a href=\"http:\/\/www3.gobiernodecanarias.org\/medusa\/agrega\/\/repositorio\/10052010\/0a\/es-ic_2010051012_9140059\/index.html\" target=\"_blank\" rel=\"noopener\">AGRICULTURA ECOL\u00d3GICA<\/a><\/p>\n<p><a style=\"font-size: 14px;text-align: -webkit-center\" href=\"http:\/\/www.ceiploreto.es\/sugerencias\/ceipchanopinheiro\/2\/profesiones_y_oficios_2\/ofibl.html\" target=\"_blank\" rel=\"noopener\">LOS OFICIOS Y LAS PROFESIONES<\/a><\/p>\n<p><a style=\"font-size: 14px;text-align: -webkit-center\" href=\"http:\/\/www.ceiploreto.es\/sugerencias\/A_1\/Recursosdidacticos\/SEGUNDO\/datos\/03_cmedio\/03_Recursos\/actividades\/10\/act1.htm\" target=\"_blank\" rel=\"noopener\">LA AGRICULTURA<\/a><\/p>\n<p><a style=\"font-size: 14px;text-align: -webkit-center\" href=\"http:\/\/www.ceiploreto.es\/sugerencias\/A_1\/Recursosdidacticos\/SEGUNDO\/datos\/03_cmedio\/03_Recursos\/actividades\/10\/act2.htm\" target=\"_blank\" rel=\"noopener\">LA GANADER\u00cdA<\/a><\/p>\n<p><a style=\"font-size: 14px;text-align: -webkit-center\" href=\"http:\/\/www.ceiploreto.es\/sugerencias\/cplosangeles.juntaextremadura.net\/web\/segundo_curso\/sociales_2\/trabajos02\/trabajos02.html\" target=\"_blank\" rel=\"noopener\">LOS TRABAJOS<\/a><\/p>\n<p><a style=\"font-size: 14px;text-align: -webkit-center\" href=\"http:\/\/www.ceiploreto.es\/sugerencias\/cplosangeles.juntaextremadura.net\/web\/segundo_curso\/sociales_2\/relaciones02\/relaciones02.html\" target=\"_blank\" rel=\"noopener\">LOS TRABAJOS Y SUS RELACIONES<\/a><\/p>\n<p><a style=\"font-size: 14px;text-align: -webkit-center\" href=\"http:\/\/bromera.com\/tl_files\/activitatsdigitals\/natura_2c_PF\/NATURA2-U1-A3_cas.swf\" target=\"_blank\" rel=\"noopener\">AGRICULTORES, GANADEROS, PESCADORES Y MINEROS<\/a><\/p>\n<p><a style=\"font-size: 14px\" href=\"http:\/\/www.ceiploreto.es\/sugerencias\/cplosangeles.juntaextremadura.net\/web\/segundo_curso\/sociales_2\/trab_natu02\/trab_natu02.html\" target=\"_blank\" rel=\"noopener\">TRABAJOS EN LA NATURALEZA<\/a><\/p>\n<p><a href=\"http:\/\/www.aitanatp.com\/nivel2c\/index9.htm\" target=\"_blank\" rel=\"noopener\">Las profesiones<\/a><\/p>\n<p><strong>De materia prima a producto elaborado<\/strong><\/p>\n<p><a href=\"http:\/\/bromera.com\/tl_files\/activitatsdigitals\/natura_2c_PF\/NATURA2-U1-A2_cas.swf\" target=\"_blank\" rel=\"noopener\">EL ORIGEN DE LOS PRODUCTOS<\/a><\/p>\n<p><a style=\"font-size: 14px;text-align: -webkit-center\" href=\"http:\/\/bromera.com\/tl_files\/activitatsdigitals\/natura_2c_PF\/Natura2-U1-A1_cas.swf\" target=\"_blank\" rel=\"noopener\">PRODUCTOS Y ACTIVIDADES<\/a><\/p>\n<p><a style=\"font-size: 14px;text-align: -webkit-center\" href=\"http:\/\/bromera.com\/tl_files\/activitatsdigitals\/natura_2c_PF\/NATURA2-U1-A7_cas.swf\" target=\"_blank\" rel=\"noopener\">MATERIAS PRIMAS Y PRODUCTOS ELABORADOS<\/a><\/p>\n<p><a style=\"font-size: 14px;text-align: -webkit-center\" href=\"http:\/\/bromera.com\/tl_files\/activitatsdigitals\/natura_2c_PF\/NATURA2-U1-A6_cas.swf\" target=\"_blank\" rel=\"noopener\">LA FABRICACI\u00d3N DEL PAN<\/a><\/p>\n<p><a style=\"font-size: 14px\" href=\"http:\/\/www.ceiploreto.es\/sugerencias\/cplosangeles.juntaextremadura.net\/web\/segundo_curso\/sociales_2\/trab_fabri02\/trab_fabri02.html\" target=\"_blank\" rel=\"noopener\">TRABAJOS EN LAS F\u00c1BRICAS<\/a><\/p>\n<p><strong>\u00bfQui\u00e9n elabora los productos?<\/strong><\/p>\n<p><a href=\"http:\/\/bromera.com\/tl_files\/activitatsdigitals\/natura_2c_PF\/NATURA2-U1-A4_cas.swf\" target=\"_blank\" rel=\"noopener\">OFICIOS Y HERRAMIENTAS<\/a><\/p>\n<p><a href=\"http:\/\/bromera.com\/tl_files\/activitatsdigitals\/natura_2c_PF\/Natura2-U1-A5_cas.swf\" target=\"_blank\" rel=\"noopener\">ARTESAN\u00cdA O INDUSTRIA<\/a><\/p>\n<p><strong>Profesionales que nos ayudan<\/strong><\/p>\n<p><a href=\"http:\/\/bromera.com\/tl_files\/activitatsdigitals\/natura_2c_PF\/Natura2-U1-A8_cas.swf\" target=\"_blank\" rel=\"noopener\">LOS SERVICIOS: OFICIOS Y HERRAMIENTAS<\/a><\/p>\n<p><a style=\"font-size: 14px;text-align: -webkit-center\" href=\"http:\/\/bromera.com\/tl_files\/activitatsdigitals\/natura_2c_PF\/NATURA2-U1-A9_cas.swf\" target=\"_blank\" rel=\"noopener\">\u00bfQUI\u00c9N SE ENCARGA DE&#8230;?<\/a><\/p>\n<p><a style=\"font-size: 14px;text-align: -webkit-center\" href=\"http:\/\/agrega2.red.es\/\/repositorio\/01022010\/ac\/es_2008112812_7240123\/index.html\" target=\"_blank\" rel=\"noopener\">EL COMERCIO<\/a><\/p>\n<p><a style=\"font-size: 14px;text-align: -webkit-center\" href=\"http:\/\/conteni2.educarex.es\/mats\/11370\/contenido\/index2.html\" target=\"_blank\" rel=\"noopener\">NOS VAMOS DE COMPRAS<\/a><\/p>\n<p><a style=\"font-size: 14px;text-align: -webkit-center\" href=\"http:\/\/www.primaria.librosvivos.net\/\/archivosCMS\/3\/3\/16\/usuarios\/103294\/9\/2epcmcp_ud10_a1_cas\/actividad.htm\" target=\"_blank\" rel=\"noopener\">APRENDO C\u00d3MO COMPRAMOS Y VENDEMOS<\/a><\/p>\n<p><a style=\"font-size: 14px;text-align: -webkit-center\" href=\"http:\/\/www.primaria.librosvivos.net\/archivosCMS\/3\/3\/16\/usuarios\/103294\/9\/2epcmcp_ud10_act2_tiendasmercados\/index.htm\" target=\"_blank\" rel=\"noopener\">TIENDAS Y MERCADOS<\/a><\/p>\n<p><a style=\"font-size: 14px;text-align: -webkit-center\" href=\"http:\/\/www.primaria.librosvivos.net\/archivosCMS\/3\/3\/16\/usuarios\/103294\/9\/2epcmcp_ud10_act3_hipermercados\/index.htm\" target=\"_blank\" rel=\"noopener\">HIPERMERCADOS<\/a><\/p>\n<p><a style=\"font-size: 14px;text-align: -webkit-center\" href=\"http:\/\/sauce.pntic.mec.es\/~atub0000\/hotpot\/oficios\/tienda.htm\" target=\"_blank\" rel=\"noopener\">VAMOS A LA TIENDA<\/a><\/p>\n<p><a style=\"font-size: 14px;text-align: -webkit-center\" href=\"http:\/\/www.ceiploreto.es\/sugerencias\/juntadeandalucia\/Mis_primeras_lecciones\/compras\/compras.html\" target=\"_blank\" rel=\"noopener\">DE COMPRAS<\/a><\/p>\n<p><a style=\"font-size: 14px;text-align: -webkit-center\" href=\"http:\/\/www.ceiploreto.es\/sugerencias\/cplosangeles.juntaextremadura.net\/web\/segundo_curso\/sociales_2\/comercios02\/comercios02.html\" target=\"_blank\" rel=\"noopener\">LOS COMERCIOS<\/a><\/p>\n<p><a style=\"font-size: 14px\" href=\"http:\/\/www.ceiploreto.es\/sugerencias\/cplosangeles.juntaextremadura.net\/web\/segundo_curso\/sociales_2\/trab_ser02\/trab_ser02.html\" target=\"_blank\" rel=\"noopener\">TRABAJOS EN LOS SERVICIOS<\/a><\/p>\n<p><strong>No hay distancias<\/strong><\/p>\n<p><a href=\"http:\/\/ares.cnice.mec.es\/ciengehi\/a\/02\/animaciones\/a_fa17_00.html\" target=\"_blank\" rel=\"noopener\">LOS MEDIOS DE COMUNICACI\u00d3N Y TRANSPORTE<\/a><\/p>\n<p><a style=\"font-size: 14px;text-align: -webkit-center\" href=\"http:\/\/www3.gobiernodecanarias.org\/medusa\/contenidosdigitales\/programasflash\/Medusa\/JugandoPalabras\/transporte\/jugandoconpalabras.html\" target=\"_blank\" rel=\"noopener\">LOS MEDIOS DE TRANSPORTE<\/a><\/p>\n<p>TIPOS DE TRANSPORTE:&nbsp;&nbsp;<a href=\"http:\/\/www.edu.xunta.es\/agrega\/repositorio\/06102009\/fe\/es_20071217_2_0110701\/contenido\/marco_07_01.swf\" target=\"_blank\" rel=\"noopener\">1<\/a>&nbsp;<a href=\"http:\/\/www.edu.xunta.es\/agrega\/repositorio\/06102009\/b5\/es_20071217_2_0110801\/contenido\/marco_08_01.swf\" target=\"_blank\" rel=\"noopener\">2<\/a>&nbsp;<a href=\"http:\/\/www.edu.xunta.es\/agrega\/repositorio\/06102009\/04\/es_20071217_2_0110704\/contenido\/marco_07_04.swf\" target=\"_blank\" rel=\"noopener\">3<\/a>&nbsp;<a href=\"http:\/\/www.edu.xunta.es\/agrega\/\/repositorio\/06102009\/e2\/es_20071217_3_0110700\/oa03_utilidad_transportes\/contenido\/marco_07_03.swf\" target=\"_blank\" rel=\"noopener\">4<\/a><\/p>\n<p><a style=\"font-size: 14px;text-align: -webkit-center\" href=\"http:\/\/www.ceiploreto.es\/sugerencias\/A_1\/Recursosdidacticos\/SEGUNDO\/datos\/03_cmedio\/03_Recursos\/actividades\/09\/act2.htm\" target=\"_blank\" rel=\"noopener\">TIPOS Y MEDIOS DE TRANSPORTE<\/a><\/p>\n<p><a style=\"font-size: 14px;text-align: -webkit-center\" href=\"http:\/\/www.ceiploreto.es\/sugerencias\/cplosangeles.juntaextremadura.net\/web\/segundo_curso\/sociales_2\/transporte02\/transporte02.html\" target=\"_blank\" rel=\"noopener\">LOS TRANSPORTES<\/a><\/p>\n<p>REPASO:&nbsp;&nbsp;&nbsp;<a href=\"http:\/\/www.primerodecarlos.com\/SEGUNDO_PRIMARIA\/mayo\/tema_4_3\/actividades\/una_una\/cono\/medios_transporte_5.swf\" target=\"_blank\" rel=\"noopener\">1<\/a>&nbsp;<a href=\"http:\/\/www.primerodecarlos.com\/SEGUNDO_PRIMARIA\/mayo\/tema_4_3\/actividades\/una_una\/cono\/medios_transporte_6\/medios_transporte_6.swf\" target=\"_blank\" rel=\"noopener\">2<\/a>&nbsp;<a href=\"http:\/\/primerodecarlos.com\/mayo\/tipos_transportes\/marco_05_02.swf\" target=\"_blank\" rel=\"noopener\">3<\/a>&nbsp;<a href=\"http:\/\/primerodecarlos.com\/mayo\/medios_trans_lugares\/011502.swf\" target=\"_blank\" rel=\"noopener\">4<\/a>&nbsp;<a href=\"http:\/\/www.primerodecarlos.com\/SEGUNDO_PRIMARIA\/mayo\/tema_4_3\/actividades\/cono\/aprende_transporte_publico\/visor.swf\" target=\"_blank\" rel=\"noopener\">5<\/a>&nbsp;<a href=\"http:\/\/www.primerodecarlos.com\/SEGUNDO_PRIMARIA\/mayo\/tema_4_3\/actividades\/cono\/cancion_medios_transporte.swf\" target=\"_blank\" rel=\"noopener\">6<\/a><\/p>\n<p><a style=\"font-size: 14px;text-align: -webkit-center\" href=\"http:\/\/agrega2.red.es\/\/repositorio\/01022010\/b3\/es_2008112812_7240125\/index.html\" target=\"_blank\" rel=\"noopener\">EL TRANSPORTE Y LAS COMUNICACIONES<\/a><\/p>\n<p><a style=\"font-size: 14px;text-align: -webkit-center\" href=\"http:\/\/ares.cnice.mec.es\/ciengehi\/a\/02\/animaciones\/a_fa17_00.html\" target=\"_blank\" rel=\"noopener\">LOS MEDIOS DE COMUNICACI\u00d3N I<\/a><\/p>\n<p><a style=\"font-size: 14px;text-align: -webkit-center\" href=\"http:\/\/agrega.educa.jcyl.es\/visualizar\/es\/es-cl_2010031512_9112631\/false\" target=\"_blank\" rel=\"noopener\">LAS NOTICIAS DE LA RADIO<\/a><\/p>\n<p><a style=\"font-size: 14px;text-align: -webkit-center\" href=\"http:\/\/www.edu.xunta.es\/espazoAbalar\/sites\/espazoAbalar\/files\/datos\/1285224449\/contido\/index.html\" target=\"_blank\" rel=\"noopener\">LAS NOTICIAS DE LA RADIO<\/a><\/p>\n<p><a style=\"font-size: 14px;text-align: -webkit-center\" href=\"http:\/\/agrega.educa.jcyl.es\/visualizar\/es\/es-cl_2010031512_9112550\/false\" target=\"_blank\" rel=\"noopener\">EL PERI\u00d3DICO<\/a><\/p>\n<p><a style=\"font-size: 14px;text-align: -webkit-center\" href=\"http:\/\/www.edu.xunta.es\/espazoAbalar\/sites\/espazoAbalar\/files\/datos\/1285151814\/contido\/index.html\" target=\"_blank\" rel=\"noopener\">EL PERI\u00d3DICO<\/a><\/p>\n<p><a style=\"font-size: 14px;text-align: -webkit-center\" href=\"http:\/\/www.edu.xunta.es\/espazoAbalar\/sites\/espazoAbalar\/files\/datos\/1285151814\/contido\/index.html\" target=\"_blank\" rel=\"noopener\">LOS MEDIOS DE COMUNICACI\u00d3N II<\/a><\/p>\n<p><a style=\"font-size: 14px;text-align: -webkit-center\" href=\"http:\/\/www.primaria.librosvivos.net\/archivosCMS\/3\/3\/16\/usuarios\/103294\/9\/1p_ojo_detalle_cas\/cargador.htm\" target=\"_blank\" rel=\"noopener\">DESCUBRO LOS MEDIOS DE COMUNICACI\u00d3N<\/a><\/p>\n<p><a style=\"font-size: 14px;text-align: -webkit-center\" href=\"http:\/\/www.primaria.librosvivos.net\/archivosCMS\/3\/3\/16\/usuarios\/103294\/9\/2epcono_U11A2\/index.htm\" target=\"_blank\" rel=\"noopener\">PROFESIONES RELACIONADAS CON LA COMUNICACI\u00d3N<\/a><\/p>\n<p><a style=\"font-size: 14px;text-align: -webkit-center\" href=\"http:\/\/www.primaria.librosvivos.net\/archivosCMS\/3\/3\/16\/usuarios\/103294\/9\/2ep_conoU11A1_diarios\/index.htm\" target=\"_blank\" rel=\"noopener\">INVESTIGO<\/a><\/p>\n<p><a style=\"font-size: 14px;text-align: -webkit-center\" href=\"http:\/\/bromera.com\/tl_files\/activitatsdigitals\/natura_2c_PF\/Natura2-U6-A1_cas.swf\" target=\"_blank\" rel=\"noopener\">LOS MEDIOS DE COMUNICACI\u00d3N III<\/a><\/p>\n<p><a style=\"font-size: 14px;text-align: -webkit-center\" href=\"http:\/\/bromera.com\/tl_files\/activitatsdigitals\/natura_2c_PF\/Natura2-U6-A2_cas.swf\" target=\"_blank\" rel=\"noopener\">TECNOLOG\u00cdA DE LA INFORMACI\u00d3N Y LA COMUNICACI\u00d3N<\/a><\/p>\n<p><a style=\"font-size: 14px\" href=\"http:\/\/www.ceiploreto.es\/sugerencias\/cplosangeles.juntaextremadura.net\/web\/segundo_curso\/sociales_2\/medios_com02\/medios_com02.html\" target=\"_blank\" rel=\"noopener\">LOS MEDIOS DE COMUNICACI\u00d3N IV<\/a><\/p>\n<p><a href=\"http:\/\/clic.xtec.cat\/db\/jclicApplet.jsp?project=http:\/\/clic.xtec.cat\/projects\/transpo2\/jclic\/transpo2.jclic.zip&amp;lang=es\" target=\"_blank\" rel=\"noopener\">Los transportes<\/a><\/p>\n<p><a href=\"http:\/\/clic.xtec.cat\/db\/jclicApplet.jsp?project=http:\/\/clic.xtec.cat\/projects\/transpes\/jclic\/transpes.jclic.zip&amp;lang=es\" target=\"_blank\" rel=\"noopener\">Los medios de transporte<\/a><\/p>\n<p><a href=\"http:\/\/www.aitanatp.com\/nivel2c\/index12.htm\" target=\"_blank\" rel=\"noopener\">Los medios de comunicaci\u00f3n<\/a><\/p>\n<p><strong>Publicistas por un d\u00eda<\/strong><\/p>\n<p><a href=\"http:\/\/www.edu.xunta.es\/espazoAbalar\/sites\/espazoAbalar\/files\/datos\/1285222480\/contido\/index.html\" target=\"_blank\" rel=\"noopener\">PRODUCCI\u00d3N DE UN ANUNCIO PUBLICITARIO<\/a><\/p>\n<p><a href=\"http:\/\/www.testeando.es\/test.asp?idA=60&amp;idT=ffzznrxl\" target=\"_blank\" rel=\"noopener\">TEST: LOS TRABAJOS<\/a><\/p>\n<p><a style=\"font-size: 14px;text-align: -webkit-center\" href=\"http:\/\/www.primaria.librosvivos.net\/archivosCMS\/3\/3\/16\/usuarios\/103294\/9\/2epcmcp_ud10_rep\/index.htm\" target=\"_blank\" rel=\"noopener\">REPASO I<\/a><\/p>\n<p><a style=\"font-size: 14px;text-align: -webkit-center\" href=\"http:\/\/www.primaria.librosvivos.net\/archivosCMS\/3\/3\/16\/usuarios\/103294\/9\/2ep_conoU11A4\/index.htm\" target=\"_blank\" rel=\"noopener\">REPASO II<\/a><\/p>\n<p><a style=\"font-size: 14px;text-align: -webkit-center\" href=\"http:\/\/www.testeando.es\/test.asp?idA=60&amp;idT=ucefbnvr\" target=\"_blank\" rel=\"noopener\">TEST: LOS SERVICIOS<\/a><\/p>\n<p><a style=\"font-size: 14px;text-align: -webkit-center\" href=\"http:\/\/bromera.com\/tl_files\/activitatsdigitals\/natura_2c_PF\/NATURA2-U1-A10_cas.swf\" target=\"_blank\" rel=\"noopener\">\u00bfQU\u00c9 HE APRENDIDO? I<\/a><\/p>\n<p><a style=\"font-size: 14px;text-align: -webkit-center\" href=\"http:\/\/bromera.com\/tl_files\/activitatsdigitals\/natura_2c_PF\/Natura2-U6-A10_cas.swf\" target=\"_blank\" rel=\"noopener\">\u00bfQU\u00c9 HE APRENDIDO? II<\/a><\/p>\n","protected":false},"excerpt":{"rendered":"<p>Un mundo de profesiones Profesiones en la naturaleza AGRICULTURA ECOL\u00d3GICA LOS OFICIOS Y LAS PROFESIONES LA AGRICULTURA LA GANADER\u00cdA LOS TRABAJOS LOS TRABAJOS Y SUS RELACIONES AGRICULTORES, GANADEROS, PESCADORES Y MINEROS TRABAJOS EN LA NATURALEZA Las profesiones De materia prima a producto elaborado EL ORIGEN DE LOS PRODUCTOS PRODUCTOS Y ACTIVIDADES MATERIAS PRIMAS Y PRODUCTOS &hellip; <\/p>\n<p><a class=\"more-link btn\" href=\"https:\/\/blogsaverroes.juntadeandalucia.es\/ceipaznaitin\/ciencias-sociales-2o-tema-2\/\">Seguir leyendo<\/a><\/p>\n","protected":false},"author":2805,"featured_media":0,"parent":0,"menu_order":0,"comment_status":"closed","ping_status":"closed","template":"","meta":{"ngg_post_thumbnail":0,"footnotes":"","_mc_calendar":[]},"aioseo_notices":[],"_links":{"self":[{"href":"https:\/\/blogsaverroes.juntadeandalucia.es\/ceipaznaitin\/wp-json\/wp\/v2\/pages\/5065"}],"collection":[{"href":"https:\/\/blogsaverroes.juntadeandalucia.es\/ceipaznaitin\/wp-json\/wp\/v2\/pages"}],"about":[{"href":"https:\/\/blogsaverroes.juntadeandalucia.es\/ceipaznaitin\/wp-json\/wp\/v2\/types\/page"}],"author":[{"embeddable":true,"href":"https:\/\/blogsaverroes.juntadeandalucia.es\/ceipaznaitin\/wp-json\/wp\/v2\/users\/2805"}],"replies":[{"embeddable":true,"href":"https:\/\/blogsaverroes.juntadeandalucia.es\/ceipaznaitin\/wp-json\/wp\/v2\/comments?post=5065"}],"version-history":[{"count":12,"href":"https:\/\/blogsaverroes.juntadeandalucia.es\/ceipaznaitin\/wp-json\/wp\/v2\/pages\/5065\/revisions"}],"predecessor-version":[{"id":5087,"href":"https:\/\/blogsaverroes.juntadeandalucia.es\/ceipaznaitin\/wp-json\/wp\/v2\/pages\/5065\/revisions\/5087"}],"wp:attachment":[{"href":"https:\/\/blogsaverroes.juntadeandalucia.es\/ceipaznaitin\/wp-json\/wp\/v2\/media?parent=5065"}],"curies":[{"name":"wp","href":"https:\/\/api.w.org\/{rel}","templated":true}]}}