{"id":5208,"date":"2018-03-07T18:10:48","date_gmt":"2018-03-07T16:10:48","guid":{"rendered":"http:\/\/blogsaverroes.juntadeandalucia.es\/ceipaznaitin\/?page_id=5208"},"modified":"2018-03-07T18:21:32","modified_gmt":"2018-03-07T16:21:32","slug":"lengua-castellana-4o-tema-2","status":"publish","type":"page","link":"https:\/\/blogsaverroes.juntadeandalucia.es\/ceipaznaitin\/lengua-castellana-4o-tema-2\/","title":{"rendered":"Lengua Castellana 4\u00ba Tema 2"},"content":{"rendered":"<p><strong>Describe c\u00f3mo es<\/strong><\/p>\n<p><strong>Describir personas y animales<\/strong><\/p>\n<p><a href=\"http:\/\/contenidos.educarex.es\/mci\/2003\/46\/html\/actividades\/descripcion\/momo.htm\" target=\"_blank\" rel=\"noopener\">DESCRIPCI\u00d3N DE PERSONAS I<\/a><\/p>\n<p><a style=\"font-size: 14px;line-height: 22.4px;text-align: -webkit-center\" href=\"http:\/\/contenidos.educarex.es\/mci\/2003\/46\/html\/actividades\/descripcion\/block_notas.htm\" target=\"_blank\" rel=\"noopener\">TEOR\u00cdA<\/a><\/p>\n<p><a style=\"font-size: 14px;line-height: 22.4px;text-align: -webkit-center\" href=\"http:\/\/www.alquimistasdelapalabra.com\/descripcion\/Ayudas_personajes\/index.html\" target=\"_blank\" rel=\"noopener\">DESCRIBIR PERSONAS<\/a><\/p>\n<p>LA DESCRIPCI\u00d3N DE PERSONAS: &nbsp;<a href=\"http:\/\/agrega2.red.es\/\/repositorio\/26012010\/39\/es-ar_2008121713_7960160\/comun\/index.html\" target=\"_blank\" rel=\"noopener\">1<\/a>&nbsp;<a href=\"http:\/\/agrega.catedu.es\/repositorio\/10122009\/74\/es-ar_2009121013_9125648\/index.html\" target=\"_blank\" rel=\"noopener\">2<\/a>&nbsp;<a href=\"http:\/\/agrega.catedu.es\/visualizar\/es\/es-ar_2009121013_9125648\/false\" target=\"_blank\" rel=\"noopener\">3<\/a><\/p>\n<p><a style=\"font-size: 14px;line-height: 22.4px;text-align: -webkit-center\" href=\"http:\/\/www.edu.xunta.es\/espazoAbalar\/sites\/espazoAbalar\/files\/datos\/1294907446\/contido\/Descripciones\/Descripciones\/inicio.swf\" target=\"_blank\" rel=\"noopener\">APRENDEMOS A DESCRIBIR<\/a><\/p>\n<p><a style=\"font-size: 14px;line-height: 22.4px;text-align: -webkit-center\" href=\"http:\/\/www3.gobiernodecanarias.org\/medusa\/contenidosdigitales\/programasflash\/Medusa\/Descripciones\/inicio.swf\" target=\"_blank\" rel=\"noopener\">APRENDEMOS A DESCRIBIR<\/a><\/p>\n<p><a style=\"font-size: 14px;line-height: 22.4px;text-align: -webkit-center\" href=\"http:\/\/www.alquimistasdelapalabra.com\/descripcion\/13_personajes_cercanos\/index.html\" target=\"_blank\" rel=\"noopener\">DESCRIPCI\u00d3N DE PERSONAJES<\/a><\/p>\n<p><a style=\"font-size: 14px;line-height: 22.4px;text-align: -webkit-center\" href=\"http:\/\/rea.ceibal.edu.uy\/UserFiles\/P0001\/ODEA\/ORIGINAL\/091005_ape_lupe_jp.elp\/index.html\" target=\"_blank\" rel=\"noopener\">APE, LUPE Y JP<\/a><\/p>\n<p><a style=\"font-size: 14px;line-height: 22.4px;text-align: -webkit-center\" href=\"http:\/\/www.edu.xunta.es\/espazoAbalar\/sites\/espazoAbalar\/files\/datos\/1302503670\/contido\/index.html\" target=\"_blank\" rel=\"noopener\">DESCRIPCI\u00d3N DE PERSONAS II<\/a><\/p>\n<p><a style=\"font-size: 14px;line-height: 22.4px;text-align: -webkit-center\" href=\"http:\/\/www.alquimistasdelapalabra.com\/descripcion\/Ayudas_animales\/index.html\" target=\"_blank\" rel=\"noopener\">DESCRIBIR ANIMALES<\/a><\/p>\n<p><a style=\"font-size: 14px;line-height: 22.4px;text-align: -webkit-center\" href=\"http:\/\/www.ceiploreto.es\/sugerencias\/averroes\/ceiplopezmayor\/images\/flash\/hot%20potatoes\/web_mjose\/descripcion.htm\" target=\"_blank\" rel=\"noopener\">LA DESCRIPCI\u00d3N DE UN ANIMAL<\/a><\/p>\n<p><a style=\"font-size: 14px;line-height: 22.4px;text-align: -webkit-center\" href=\"http:\/\/www.alquimistasdelapalabra.com\/descripcion\/7_animales_domesticos\/index.html\" target=\"_blank\" rel=\"noopener\">DESCRIPCI\u00d3N DE ANIMALES DOM\u00c9STICOS<\/a><\/p>\n<p><a style=\"font-size: 14px;line-height: 24px\" href=\"http:\/\/www.primaria.librosvivos.net\/archivosCMS\/3\/3\/16\/usuarios\/103294\/9\/4EP_lc_es_expresion_ud03\/frame_prim.swf\" target=\"_blank\" rel=\"noopener\">DESCRIBIR PERSONAS<\/a><\/p>\n<p><strong>El texto, el p\u00e1rrafo y el enunciado<\/strong><\/p>\n<p><a href=\"http:\/\/agrega2.red.es\/\/repositorio\/01022010\/51\/es_2009091713_7620714\/index.html\" target=\"_blank\" rel=\"noopener\">LA CONSTRUCCI\u00d3N DE TEXTOS<\/a><\/p>\n<p><a href=\"http:\/\/agrega2.red.es\/\/repositorio\/01022010\/51\/es_2009091713_7620714\/index.html\" target=\"_blank\" rel=\"noopener\">EL P\u00c1RRAFO<\/a><\/p>\n<p><strong>Las clases de oraciones<\/strong><\/p>\n<p><a href=\"http:\/\/recursos.cnice.mec.es\/analisis_sintactico\/primaria\/repaso1.php?enlace=1&amp;prev=1\" target=\"_blank\" rel=\"noopener\">CLASES DE ORACIONES I<\/a><\/p>\n<p><a style=\"font-size: 14px;line-height: 22.4px;text-align: -webkit-center\" href=\"http:\/\/www.xtec.net\/~jgenover\/negar1.htm\" target=\"_blank\" rel=\"noopener\">TRANSFORMO ORACIONES<\/a><\/p>\n<p><a style=\"font-size: 14px;line-height: 22.4px;text-align: -webkit-center\" href=\"http:\/\/www.xtec.net\/~jgenover\/adverbial.htm\" target=\"_blank\" rel=\"noopener\">TRANSFORMAR ORACIONES<\/a><\/p>\n<p><a style=\"font-size: 14px;line-height: 22.4px;text-align: -webkit-center\" href=\"http:\/\/agrega.catedu.es\/visualizador-1\/Visualizar\/Visualizar.do?idioma=es&amp;identificador=es-ar_2009121513_9104522&amp;secuencia=false#\" target=\"_blank\" rel=\"noopener\">CLASES DE ORACIONES II<\/a><\/p>\n<p><a style=\"font-size: 14px;line-height: 22.4px;text-align: -webkit-center\" href=\"http:\/\/agrega2.red.es\/\/repositorio\/26012010\/5c\/es-ar_2008121713_7960180\/comun\/index.html\" target=\"_blank\" rel=\"noopener\">CLASES DE ORACIONES II<\/a><\/p>\n<p><a style=\"font-size: 14px;line-height: 22.4px;text-align: -webkit-center\" href=\"http:\/\/www.ceiploreto.es\/sugerencias\/cplosangeles.juntaextremadura.net\/web\/curso_4\/lengua4\/clases_oraciones_4\/clases_oraciones_4.html\" target=\"_blank\" rel=\"noopener\">LAS CLASES DE ORACIONES<\/a><\/p>\n<p><a style=\"font-size: 14px;line-height: 22.4px;text-align: -webkit-center\" href=\"http:\/\/www.ceipjuanherreraalcausa.es\/Recursosdidacticos\/ANAYA%20DIGITAL\/CUARTO\/Lengua\/04_p_70_ai_a\/\" target=\"_blank\" rel=\"noopener\">TIPOS DE ORACIONES<\/a><\/p>\n<p><a style=\"font-size: 14px;line-height: 22.4px;text-align: -webkit-center\" href=\"http:\/\/www.testeando.es\/test.asp?idA=58&amp;idT=ajtdavkp\" target=\"_blank\" rel=\"noopener\">TEST: LA ORACI\u00d3N<\/a><\/p>\n<p><a style=\"font-size: 14px;line-height: 22.4px;text-align: -webkit-center\" href=\"http:\/\/www.ceiploreto.es\/sugerencias\/cplosangeles.juntaextremadura.net\/web\/curso_4\/gramatica_4\/clases_oraciones_4\/clases01.htm\" target=\"_blank\" rel=\"noopener\">CLASES DE ORACIONES III<\/a><\/p>\n<p><strong>Los diminutivos y los aumentativos<\/strong><\/p>\n<p><a href=\"http:\/\/www.edu.xunta.es\/espazoAbalar\/sites\/espazoAbalar\/files\/datos\/1285156066\/contido\/lc14_oa06_es\/index.html\" target=\"_blank\" rel=\"noopener\">EL AUMENTATIVO, DIMINUTIVO Y DESPECTIVO<\/a><\/p>\n<p><a href=\"http:\/\/www.testeando.es\/test.asp?idA=58&amp;idT=ucxyugvk\" target=\"_blank\" rel=\"noopener\">TEST: AUMENTATIVOS, DIMINUTIVOS Y DESPECTIVOS<\/a><\/p>\n<p><a href=\"http:\/\/www.ceiploreto.es\/sugerencias\/cplosangeles.juntaextremadura.net\/web\/curso_4\/lengua4\/diminutivos_aumentativos_4\/diminutivos_aumentativos_4.html\" target=\"_blank\" rel=\"noopener\">AUMENTATIVOS Y DIMINUTIVOS<\/a><\/p>\n<p><a href=\"http:\/\/bromera.com\/tl_files\/activitatsdigitals\/Tilde_4_PF\/tilde4_u05_pag11_1.swf\" target=\"_blank\" rel=\"noopener\">AUMENTATIVOS, DIMINUTIVOS Y DESPECTIVOS<\/a><\/p>\n<p><strong>Las reglas generales de acentuaci\u00f3n<\/strong><\/p>\n<p><a href=\"http:\/\/www.librosvivos.net\/smtc\/homeTC.asp?TemaClave=1161\" target=\"_blank\" rel=\"noopener\">ACENTUACI\u00d3N<\/a><\/p>\n<p><a style=\"font-size: 14px;line-height: 22.4px;text-align: -webkit-center\" href=\"http:\/\/www.ceiploreto.es\/sugerencias\/ceip_san_rafael\/ACENTUACION\/introduccion.htm\" target=\"_blank\" rel=\"noopener\">ACENTUACI\u00d3N DE PALABRAS<\/a><\/p>\n<p><a style=\"font-size: 14px;line-height: 22.4px;text-align: -webkit-center\" href=\"http:\/\/www.testeando.es\/test.asp?idA=58&amp;idT=mlwhtwua\" target=\"_blank\" rel=\"noopener\">TEST: REGLAS DE ACENTUACI\u00d3N<\/a><\/p>\n<p><a style=\"font-size: 14px;line-height: 22.4px\" href=\"http:\/\/www.ceiploreto.es\/sugerencias\/cplosangeles.juntaextremadura.net\/web\/curso_4\/ortogafia_4\/tilde_agudas_4\/agudas01.htm\" target=\"_blank\" rel=\"noopener\">LA TILDE EN LAS PALABRAS AGUDAS I<\/a><\/p>\n<p><a style=\"font-size: 14px;line-height: 22.4px\" href=\"http:\/\/www.ceiploreto.es\/sugerencias\/cplosangeles.juntaextremadura.net\/web\/curso_4\/lengua4\/tilde_agudas_4\/tilde_agudas_4.html\" target=\"_blank\" rel=\"noopener\">LA TILDE EN LAS PALABRAS AGUDAS II<\/a><\/p>\n<p><a style=\"font-size: 14px;line-height: 22.4px\" href=\"http:\/\/www.ceiploreto.es\/sugerencias\/cplosangeles.juntaextremadura.net\/web\/curso_4\/ortogafia_4\/tilde_llanas_4\/llanas01.htm\" target=\"_blank\" rel=\"noopener\">LA TILDE EN LAS PALABRAS LLANAS I<\/a><\/p>\n<p><a style=\"font-size: 14px;line-height: 22.4px\" href=\"http:\/\/www.ceiploreto.es\/sugerencias\/cplosangeles.juntaextremadura.net\/web\/curso_4\/lengua4\/tilde_llanas_4\/tilde_llanas_4.html\" target=\"_blank\" rel=\"noopener\">LA TILDE EN LAS PALABRAS LLANAS II<\/a><\/p>\n<p><a style=\"font-size: 14px;line-height: 22.4px\" href=\"http:\/\/www.ceiploreto.es\/sugerencias\/cplosangeles.juntaextremadura.net\/web\/curso_4\/ortogafia_4\/tilde_esdrujulas_4\/esdrujulas01.htm\" target=\"_blank\" rel=\"noopener\">LA TILDE EN LAS PALABRAS ESDR\u00daJULAS I<\/a><\/p>\n<p><a style=\"font-size: 14px;line-height: 22.4px\" href=\"http:\/\/www.ceiploreto.es\/sugerencias\/cplosangeles.juntaextremadura.net\/web\/curso_4\/lengua4\/tilde_esdrujulas_4\/tilde_esdrujulas_4.html\" target=\"_blank\" rel=\"noopener\">LA TILDE EN LAS PALABRAS ESDR\u00daJULAS II<\/a><\/p>\n<p><strong>Temas de literatura. El verso y la prosa<\/strong><\/p>\n<p><a href=\"http:\/\/agrega.educa.madrid.org\/visualizar\/es\/es_2007073113_0250200\/false\" target=\"_blank\" rel=\"noopener\">CLASIFICACI\u00d3N DE TEXTOS SEG\u00daN SU FORMA<\/a><\/p>\n","protected":false},"excerpt":{"rendered":"<p>Describe c\u00f3mo es Describir personas y animales DESCRIPCI\u00d3N DE PERSONAS I TEOR\u00cdA DESCRIBIR PERSONAS LA DESCRIPCI\u00d3N DE PERSONAS: &nbsp;1&nbsp;2&nbsp;3 APRENDEMOS A DESCRIBIR APRENDEMOS A DESCRIBIR DESCRIPCI\u00d3N DE PERSONAJES APE, LUPE Y JP DESCRIPCI\u00d3N DE PERSONAS II DESCRIBIR ANIMALES LA DESCRIPCI\u00d3N DE UN ANIMAL DESCRIPCI\u00d3N DE ANIMALES DOM\u00c9STICOS DESCRIBIR PERSONAS El texto, el p\u00e1rrafo y el &hellip; <\/p>\n<p><a class=\"more-link btn\" href=\"https:\/\/blogsaverroes.juntadeandalucia.es\/ceipaznaitin\/lengua-castellana-4o-tema-2\/\">Seguir leyendo<\/a><\/p>\n","protected":false},"author":2805,"featured_media":0,"parent":0,"menu_order":0,"comment_status":"closed","ping_status":"closed","template":"","meta":{"ngg_post_thumbnail":0,"footnotes":"","_mc_calendar":[]},"aioseo_notices":[],"_links":{"self":[{"href":"https:\/\/blogsaverroes.juntadeandalucia.es\/ceipaznaitin\/wp-json\/wp\/v2\/pages\/5208"}],"collection":[{"href":"https:\/\/blogsaverroes.juntadeandalucia.es\/ceipaznaitin\/wp-json\/wp\/v2\/pages"}],"about":[{"href":"https:\/\/blogsaverroes.juntadeandalucia.es\/ceipaznaitin\/wp-json\/wp\/v2\/types\/page"}],"author":[{"embeddable":true,"href":"https:\/\/blogsaverroes.juntadeandalucia.es\/ceipaznaitin\/wp-json\/wp\/v2\/users\/2805"}],"replies":[{"embeddable":true,"href":"https:\/\/blogsaverroes.juntadeandalucia.es\/ceipaznaitin\/wp-json\/wp\/v2\/comments?post=5208"}],"version-history":[{"count":8,"href":"https:\/\/blogsaverroes.juntadeandalucia.es\/ceipaznaitin\/wp-json\/wp\/v2\/pages\/5208\/revisions"}],"predecessor-version":[{"id":5218,"href":"https:\/\/blogsaverroes.juntadeandalucia.es\/ceipaznaitin\/wp-json\/wp\/v2\/pages\/5208\/revisions\/5218"}],"wp:attachment":[{"href":"https:\/\/blogsaverroes.juntadeandalucia.es\/ceipaznaitin\/wp-json\/wp\/v2\/media?parent=5208"}],"curies":[{"name":"wp","href":"https:\/\/api.w.org\/{rel}","templated":true}]}}