{"id":2299,"date":"2022-09-02T14:29:47","date_gmt":"2022-09-02T14:29:47","guid":{"rendered":"http:\/\/blogsaverroes.juntadeandalucia.es\/ceipbarahonadesoto\/?page_id=2299"},"modified":"2025-01-29T07:36:21","modified_gmt":"2025-01-29T07:36:21","slug":"claustro","status":"publish","type":"page","link":"https:\/\/blogsaverroes.juntadeandalucia.es\/ceipbarahonadesoto\/claustro\/","title":{"rendered":"CLAUSTRO"},"content":{"rendered":"<p><a href=\"http:\/\/blogsaverroes.juntadeandalucia.es\/ceipbarahonadesoto\/files\/2016\/01\/Captura-de-pantalla-2016-01-31-a-las-14.13.18.png\"><img loading=\"lazy\" decoding=\"async\" class=\"aligncenter wp-image-2300\" src=\"http:\/\/blogsaverroes.juntadeandalucia.es\/ceipbarahonadesoto\/files\/2016\/01\/Captura-de-pantalla-2016-01-31-a-las-14.13.18-203x300.png\" alt=\"Captura de pantalla 2016-01-31 a las 14.13.18\" width=\"124\" height=\"180\"><\/a><\/p>\n<div class=\"page\" title=\"Page 18\">\n<div class=\"layoutArea\">\n<div class=\"column\">\n<p><strong>El Claustro de Profesorado<\/strong><\/p>\n<p>1. El Claustro de Profesorado ser\u00e1 presidido por el director o directora del centro y estar\u00e1 integrado por la totalidad de los maestros y maestras que presten servicios en el mismo.<\/p>\n<p>2. Ejercer\u00e1 la secretar\u00eda del Claustro de Profesorado el secretario o secretaria del centro.<\/p>\n<p>3. Los maestros y maestras que prestan servicios en m\u00e1s de un centro docente se integrar\u00e1n en el Claustro de Profesorado del centro donde impartan m\u00e1s horas de docencia. Asimismo, si lo desean, podr\u00e1n integrarse en los Claustros de Profesorado de los dem\u00e1s centros con los mismos derechos y obligaciones que el resto del personal docente de los mismos.<\/p>\n<p>&nbsp;<\/p>\n<\/div>\n<\/div>\n<\/div>\n<p>&nbsp;<\/p>\n<p><strong>Para el curso 2024-2025 el Claustro del CEIP Barahona de Soto lo componen:<\/strong><\/p>\n<table style=\"width: 100%;height: 428px\" width=\"818\">\n<tbody>\n<tr style=\"height: 24px\">\n<td style=\"height: 24px;width: 50.4545%;text-align: center\" width=\"415\"><span style=\"font-family: 'Open Sans', sans-serif;font-size: 15px;font-style: normal;font-weight: 400\">Carrasco Caracuel, Francisca de Paula<\/span><\/td>\n<td style=\"height: 24px;width: 49.3939%;text-align: center\" width=\"403\">Educaci\u00f3n Infantil ( 3 a\u00f1os)<\/td>\n<\/tr>\n<tr style=\"height: 24px\">\n<td style=\"height: 24px;width: 50.4545%;text-align: center\">Jim\u00e9nez Luque, Cristina<\/td>\n<td style=\"height: 24px;width: 49.3939%;text-align: center\">Educaci\u00f3n Infantil ( 4 a\u00f1os)<\/td>\n<\/tr>\n<tr style=\"height: 24px\">\n<td style=\"height: 24px;width: 50.4545%;text-align: center\">Alcaide Fern\u00e1ndez, Mar\u00eda Dolores<\/td>\n<td style=\"height: 24px;width: 49.3939%;text-align: center\">Educaci\u00f3n Infantil (5 a\u00f1os)<\/td>\n<\/tr>\n<tr style=\"height: 24px\">\n<td style=\"height: 24px;width: 50.4545%;text-align: center\">Osuna Arroyo, F\u00e9lix<\/td>\n<td style=\"height: 24px;width: 49.3939%;text-align: center\">Educaci\u00f3n Primaria&nbsp; (1\u00ba)<\/td>\n<\/tr>\n<tr style=\"height: 24px\">\n<td style=\"height: 24px;width: 50.4545%;text-align: center\">Rodr\u00edguez Bello, Antonio<\/td>\n<td style=\"height: 24px;width: 49.3939%;text-align: center\">Educaci\u00f3n Primaria (2\u00ba)<\/td>\n<\/tr>\n<tr style=\"height: 24px\">\n<td style=\"height: 24px;width: 50.4545%;text-align: center\">Guzm\u00e1n G\u00f3mez, Jos\u00e9 Francisco<\/td>\n<td style=\"height: 24px;width: 49.3939%;text-align: center\">Educaci\u00f3n Primaria (3\u00ba)<\/td>\n<\/tr>\n<tr style=\"height: 24px\">\n<td style=\"height: 24px;width: 50.4545%;text-align: center\">Garc\u00eda Molina, Vicente<\/td>\n<td style=\"height: 24px;width: 49.3939%;text-align: center\">Educaci\u00f3n Primaria (4\u00ba)<\/td>\n<\/tr>\n<tr style=\"height: 24px\">\n<td style=\"height: 24px;width: 50.4545%;text-align: center\">Abalos Aguilera, Mar\u00eda Dolores<\/td>\n<td style=\"height: 24px;width: 49.3939%;text-align: center\">Educaci\u00f3n Primaria ( 5\u00ba)<\/td>\n<\/tr>\n<tr style=\"height: 24px\">\n<td style=\"height: 24px;width: 50.4545%;text-align: center\"><span style=\"font-family: 'Open Sans', sans-serif;font-size: 15px;font-style: normal;font-weight: 400\">L\u00f3pez Alcaide, Mar\u00eda Lourdes<\/span>&nbsp;<\/td>\n<td style=\"height: 24px;width: 49.3939%;text-align: center\">Educaci\u00f3n Primaria ( 6\u00ba)<\/td>\n<\/tr>\n<tr style=\"height: 24px\">\n<td style=\"height: 24px;width: 50.4545%;text-align: center\">Chac\u00f3n Guardia, M\u00aa Jos\u00e9<\/td>\n<td style=\"height: 24px;width: 49.3939%;text-align: center\">Lengua Extranjera-Ingl\u00e9s (Primaria)<\/td>\n<\/tr>\n<tr style=\"height: 24px\">\n<td style=\"height: 24px;width: 50.4545%;text-align: center\">Serrano Ram\u00edrez, Paqui<\/td>\n<td style=\"height: 24px;width: 49.3939%;text-align: center\">Audici\u00f3n y Lenguaje<\/td>\n<\/tr>\n<tr style=\"height: 24px\">\n<td style=\"height: 24px;width: 50.4545%;text-align: center\">Romero P\u00e9rez, Eva Mar\u00eda<\/td>\n<td style=\"height: 24px;width: 49.3939%;text-align: center\">Pedagog\u00eda Terape\u00fatica<\/td>\n<\/tr>\n<tr style=\"height: 24px\">\n<td style=\"height: 24px;width: 50.4545%;text-align: center\">Osuna Arroyo, F\u00e9lix<\/td>\n<td style=\"height: 24px;width: 49.3939%;text-align: center\">&nbsp;Lengua Extranjera-Franc\u00e9s (Primaria)<\/td>\n<\/tr>\n<tr style=\"height: 24px\">\n<td style=\"height: 24px;width: 50.4545%;text-align: center\">Mata L\u00f3pez, \u00c1gueda Mar\u00eda<\/td>\n<td style=\"height: 24px;width: 49.3939%;text-align: center\">M\u00fasica<\/td>\n<\/tr>\n<tr style=\"height: 24px\">\n<td style=\"height: 24px;width: 50.4545%;text-align: center\">Cerezo S\u00e1nchez, Juan Antonio<\/td>\n<td style=\"height: 24px;width: 49.3939%;text-align: center\">Religi\u00f3n<\/td>\n<\/tr>\n<tr style=\"height: 24px\">\n<td style=\"height: 20px;width: 50.4545%\">Balmisa Reina, Jes\u00fas Francisco&nbsp;<\/td>\n<td style=\"height: 20px;width: 49.3939%\">Educaci\u00f3n F\u00edsica (Primaria)&nbsp;&nbsp;<\/td>\n<\/tr>\n<tr style=\"height: 24.53125px\">\n<td style=\"height: 24px;width: 50.4545%\">Rodr\u00edguez Rueda, Juan Carlos<\/td>\n<td style=\"height: 24px;width: 49.3939%\">Refuerzo pedag\u00f3gico<\/td>\n<\/tr>\n<tr style=\"height: 24px\">\n<td style=\"height: 24px;width: 50.4545%\">&nbsp;<\/td>\n<td style=\"height: 24px;width: 49.3939%\">&nbsp;<\/td>\n<\/tr>\n<\/tbody>\n<\/table>\n","protected":false},"excerpt":{"rendered":"<p>El Claustro de Profesorado 1. El Claustro de Profesorado ser\u00e1 presidido por el director o directora del centro y estar\u00e1 integrado por la totalidad de&hellip;<\/p>\n","protected":false},"author":2165,"featured_media":0,"parent":0,"menu_order":0,"comment_status":"closed","ping_status":"closed","template":"","meta":{"ngg_post_thumbnail":0,"footnotes":"","_mc_calendar":[]},"aioseo_notices":[],"_links":{"self":[{"href":"https:\/\/blogsaverroes.juntadeandalucia.es\/ceipbarahonadesoto\/wp-json\/wp\/v2\/pages\/2299"}],"collection":[{"href":"https:\/\/blogsaverroes.juntadeandalucia.es\/ceipbarahonadesoto\/wp-json\/wp\/v2\/pages"}],"about":[{"href":"https:\/\/blogsaverroes.juntadeandalucia.es\/ceipbarahonadesoto\/wp-json\/wp\/v2\/types\/page"}],"author":[{"embeddable":true,"href":"https:\/\/blogsaverroes.juntadeandalucia.es\/ceipbarahonadesoto\/wp-json\/wp\/v2\/users\/2165"}],"replies":[{"embeddable":true,"href":"https:\/\/blogsaverroes.juntadeandalucia.es\/ceipbarahonadesoto\/wp-json\/wp\/v2\/comments?post=2299"}],"version-history":[{"count":18,"href":"https:\/\/blogsaverroes.juntadeandalucia.es\/ceipbarahonadesoto\/wp-json\/wp\/v2\/pages\/2299\/revisions"}],"predecessor-version":[{"id":7688,"href":"https:\/\/blogsaverroes.juntadeandalucia.es\/ceipbarahonadesoto\/wp-json\/wp\/v2\/pages\/2299\/revisions\/7688"}],"wp:attachment":[{"href":"https:\/\/blogsaverroes.juntadeandalucia.es\/ceipbarahonadesoto\/wp-json\/wp\/v2\/media?parent=2299"}],"curies":[{"name":"wp","href":"https:\/\/api.w.org\/{rel}","templated":true}]}}