{"id":13833,"date":"2020-10-04T18:57:18","date_gmt":"2020-10-04T16:57:18","guid":{"rendered":"https:\/\/blogsaverroes.juntadeandalucia.es\/ceipblancadelosrios\/?page_id=13833"},"modified":"2025-04-02T10:47:50","modified_gmt":"2025-04-02T08:47:50","slug":"tablon-de-anuncios-ampa","status":"publish","type":"page","link":"https:\/\/blogsaverroes.juntadeandalucia.es\/ceipblancadelosrios\/ampa-el-pincel\/tablon-de-anuncios-ampa\/","title":{"rendered":"Tabl\u00f3n de Anuncios AMPA"},"content":{"rendered":"<p>Tarde de talleres ayudando con la elaboraci\u00f3n de los materiales para la actividad ofertada por el \u00e1rea de Religi\u00f3n para la Procesi\u00f3n escolar que tendr\u00e1 lugar el pr\u00f3ximo Viernes de Dolores por los alrededores del Centro y donde se visitar\u00e1 a la cercana Residencia de Mayores.<\/p>\n<p>ngg_shortcode_0_placeholder<br \/>\nD\u00eda de convivencia con todos los miembros de la comunidad educativa del Blanca de los R\u00edos.<br \/>\nSe pas\u00f3 una tarde fant\u00e1stica llena de actividades que hicieron que el alumnado del centro conocieran m\u00e1s a fondo otros pa\u00edses.<\/p>\n<p>ngg_shortcode_1_placeholder<strong>\u00a1Celebramos el d\u00eda de Andaluc\u00eda en el Blanca!<\/strong><\/p>\n<p>Hoy toda la comunidad educativa est\u00e1 de fiesta porque estamos celebrando el d\u00eda de Andaluc\u00eda. Por eso el Ampa ha repartido a todo el alumnado&nbsp; nuestro t\u00edpico desayuno Andaluz. Adem\u00e1s lo hemos festejado tocando y cantando nuestro himno de Andaluc\u00eda todos juntos.<\/p>\n<p>ngg_shortcode_2_placeholderEste curso la AMPA \u00abEl Pincel\u00bb ha obsequiado al cole con unos maravillosos regalos que enriquecer\u00e1n sin lugar a dudas nuestra labor educativa con el alumnado del cole. En el patio de albero, en las proximidades del huerto, se han colocado cuatro magn\u00edficas mesas de picnic que impulsar\u00e1n la ense\u00f1anza al aire libre y reforzar\u00e1n el Proyecto de Huerto Escolar del que disfrutamos desde hace a\u00f1os. Igualmente para el aula de Psicomotricidad vivenciada de Infantil, la AMPA ha aportado recursos alegres y coloridos que con total seguridad ser\u00e1n de gran utilidad para estimular el aprendizaje a trav\u00e9s del movimiento. El Claustro del CEIP Blanca de los R\u00edos agradece una vez m\u00e1s esta iniciativa y colaboraci\u00f3n por parte de nuestra AMPA.<\/p>\n<p><img loading=\"lazy\" decoding=\"async\" class=\"aligncenter size-full wp-image-18134\" src=\"https:\/\/blogsaverroes.juntadeandalucia.es\/ceipblancadelosrios\/files\/2024\/09\/ampa1.jpeg\" alt=\"\" width=\"1600\" height=\"1200\" srcset=\"https:\/\/blogsaverroes.juntadeandalucia.es\/ceipblancadelosrios\/files\/2024\/09\/ampa1.jpeg 1600w, https:\/\/blogsaverroes.juntadeandalucia.es\/ceipblancadelosrios\/files\/2024\/09\/ampa1-300x225.jpeg 300w, https:\/\/blogsaverroes.juntadeandalucia.es\/ceipblancadelosrios\/files\/2024\/09\/ampa1-800x600.jpeg 800w, https:\/\/blogsaverroes.juntadeandalucia.es\/ceipblancadelosrios\/files\/2024\/09\/ampa1-768x576.jpeg 768w, https:\/\/blogsaverroes.juntadeandalucia.es\/ceipblancadelosrios\/files\/2024\/09\/ampa1-1536x1152.jpeg 1536w\" sizes=\"(max-width: 1600px) 100vw, 1600px\" \/> <img loading=\"lazy\" decoding=\"async\" class=\"aligncenter size-full wp-image-18133\" src=\"https:\/\/blogsaverroes.juntadeandalucia.es\/ceipblancadelosrios\/files\/2024\/09\/ampa2.jpeg\" alt=\"\" width=\"1600\" height=\"1200\" srcset=\"https:\/\/blogsaverroes.juntadeandalucia.es\/ceipblancadelosrios\/files\/2024\/09\/ampa2.jpeg 1600w, https:\/\/blogsaverroes.juntadeandalucia.es\/ceipblancadelosrios\/files\/2024\/09\/ampa2-300x225.jpeg 300w, https:\/\/blogsaverroes.juntadeandalucia.es\/ceipblancadelosrios\/files\/2024\/09\/ampa2-800x600.jpeg 800w, https:\/\/blogsaverroes.juntadeandalucia.es\/ceipblancadelosrios\/files\/2024\/09\/ampa2-768x576.jpeg 768w, https:\/\/blogsaverroes.juntadeandalucia.es\/ceipblancadelosrios\/files\/2024\/09\/ampa2-1536x1152.jpeg 1536w\" sizes=\"(max-width: 1600px) 100vw, 1600px\" \/><\/p>\n<p>&nbsp;<\/p>\n<h4 style=\"text-align: center\"><strong><span style=\"color: #ff9900\">AMPA \u201cEl Pincel\u201d<\/span><\/strong><\/h4>\n<p><img loading=\"lazy\" decoding=\"async\" class=\"aligncenter size-full wp-image-17177\" src=\"https:\/\/blogsaverroes.juntadeandalucia.es\/ceipblancadelosrios\/files\/2023\/10\/WhatsApp-Image-2023-10-09-at-19.21.50.jpeg\" alt=\"\" width=\"1080\" height=\"810\" srcset=\"https:\/\/blogsaverroes.juntadeandalucia.es\/ceipblancadelosrios\/files\/2023\/10\/WhatsApp-Image-2023-10-09-at-19.21.50.jpeg 1080w, https:\/\/blogsaverroes.juntadeandalucia.es\/ceipblancadelosrios\/files\/2023\/10\/WhatsApp-Image-2023-10-09-at-19.21.50-300x225.jpeg 300w, https:\/\/blogsaverroes.juntadeandalucia.es\/ceipblancadelosrios\/files\/2023\/10\/WhatsApp-Image-2023-10-09-at-19.21.50-800x600.jpeg 800w, https:\/\/blogsaverroes.juntadeandalucia.es\/ceipblancadelosrios\/files\/2023\/10\/WhatsApp-Image-2023-10-09-at-19.21.50-768x576.jpeg 768w\" sizes=\"(max-width: 1080px) 100vw, 1080px\" \/><\/p>\n<p style=\"text-align: center\">AMPA \u201cEl Pincel\u201d, como en a\u00f1os anteriores, colabora con el colegio gracias a la subvenci\u00f3n concedida por el Excelent\u00edsimo Ayuntamiento de la Rinconada, con este magn\u00edfico lote de materiales l\u00fadicos destinados al alumnado tanto de Primaria como de Infantil, as\u00ed como con material de oficina del que se beneficiar\u00e1 todo el centro. Agradecemos una vez m\u00e1s el esfuerzo que realizan los componentes de la Asociaci\u00f3n de Madres y Padres del Alumnado para hacer posible nuestros proyectos.<\/p>\n<p><!--nextpage--><\/p>\n<h4 style=\"text-align: center\"><strong><span style=\"color: #ff9900\">La nueva AMPA del CEIP Blanca de los R\u00edos <\/span><\/strong><strong><span style=\"color: #ff9900\">se estrena con la visita de SS.MM. los Reyes Magos de Oriente<\/span><\/strong><\/h4>\n<p><img loading=\"lazy\" decoding=\"async\" class=\"aligncenter size-full wp-image-14986\" src=\"https:\/\/blogsaverroes.juntadeandalucia.es\/ceipblancadelosrios\/files\/2021\/12\/PHOTO-2021-12-22-10-02-35.jpg\" alt=\"\" width=\"1600\" height=\"1200\" srcset=\"https:\/\/blogsaverroes.juntadeandalucia.es\/ceipblancadelosrios\/files\/2021\/12\/PHOTO-2021-12-22-10-02-35.jpg 1600w, https:\/\/blogsaverroes.juntadeandalucia.es\/ceipblancadelosrios\/files\/2021\/12\/PHOTO-2021-12-22-10-02-35-300x225.jpg 300w, https:\/\/blogsaverroes.juntadeandalucia.es\/ceipblancadelosrios\/files\/2021\/12\/PHOTO-2021-12-22-10-02-35-800x600.jpg 800w, https:\/\/blogsaverroes.juntadeandalucia.es\/ceipblancadelosrios\/files\/2021\/12\/PHOTO-2021-12-22-10-02-35-768x576.jpg 768w, https:\/\/blogsaverroes.juntadeandalucia.es\/ceipblancadelosrios\/files\/2021\/12\/PHOTO-2021-12-22-10-02-35-1536x1152.jpg 1536w\" sizes=\"(max-width: 1600px) 100vw, 1600px\" \/><\/p>\n<p><img loading=\"lazy\" decoding=\"async\" class=\"aligncenter wp-image-14754\" src=\"https:\/\/blogsaverroes.juntadeandalucia.es\/ceipblancadelosrios\/files\/2021\/05\/logo-enhorabuena-oficial.png\" alt=\"\" width=\"296\" height=\"87\" srcset=\"https:\/\/blogsaverroes.juntadeandalucia.es\/ceipblancadelosrios\/files\/2021\/05\/logo-enhorabuena-oficial.png 1600w, https:\/\/blogsaverroes.juntadeandalucia.es\/ceipblancadelosrios\/files\/2021\/05\/logo-enhorabuena-oficial-300x88.png 300w, https:\/\/blogsaverroes.juntadeandalucia.es\/ceipblancadelosrios\/files\/2021\/05\/logo-enhorabuena-oficial-800x235.png 800w, https:\/\/blogsaverroes.juntadeandalucia.es\/ceipblancadelosrios\/files\/2021\/05\/logo-enhorabuena-oficial-768x226.png 768w, https:\/\/blogsaverroes.juntadeandalucia.es\/ceipblancadelosrios\/files\/2021\/05\/logo-enhorabuena-oficial-1536x452.png 1536w, https:\/\/blogsaverroes.juntadeandalucia.es\/ceipblancadelosrios\/files\/2021\/05\/logo-enhorabuena-oficial-2048x602.png 2048w\" sizes=\"(max-width: 296px) 100vw, 296px\" \/><\/p>\n<p><!--nextpage--><br \/>\n<a href=\"https:\/\/blogsaverroes.juntadeandalucia.es\/ceipblancadelosrios\/files\/2021\/10\/COMUNICADO-ELECCIONES-20212022.pdf\"><img loading=\"lazy\" decoding=\"async\" class=\"aligncenter size-full wp-image-14889\" src=\"https:\/\/blogsaverroes.juntadeandalucia.es\/ceipblancadelosrios\/files\/2021\/10\/COMUNICADO-ELECCIONES-20212022_Pa\u0301gina_1-scaled.jpg\" alt=\"\" width=\"1132\" height=\"1600\" srcset=\"https:\/\/blogsaverroes.juntadeandalucia.es\/ceipblancadelosrios\/files\/2021\/10\/COMUNICADO-ELECCIONES-20212022_Pa\u0301gina_1-scaled.jpg 1132w, https:\/\/blogsaverroes.juntadeandalucia.es\/ceipblancadelosrios\/files\/2021\/10\/COMUNICADO-ELECCIONES-20212022_Pa\u0301gina_1-212x300.jpg 212w, https:\/\/blogsaverroes.juntadeandalucia.es\/ceipblancadelosrios\/files\/2021\/10\/COMUNICADO-ELECCIONES-20212022_Pa\u0301gina_1-566x800.jpg 566w, https:\/\/blogsaverroes.juntadeandalucia.es\/ceipblancadelosrios\/files\/2021\/10\/COMUNICADO-ELECCIONES-20212022_Pa\u0301gina_1-768x1086.jpg 768w, https:\/\/blogsaverroes.juntadeandalucia.es\/ceipblancadelosrios\/files\/2021\/10\/COMUNICADO-ELECCIONES-20212022_Pa\u0301gina_1-1087x1536.jpg 1087w, https:\/\/blogsaverroes.juntadeandalucia.es\/ceipblancadelosrios\/files\/2021\/10\/COMUNICADO-ELECCIONES-20212022_Pa\u0301gina_1-1449x2048.jpg 1449w\" sizes=\"(max-width: 1132px) 100vw, 1132px\" \/><\/a>&nbsp;<br \/>\n<!--nextpage--><br \/>\n&nbsp;<\/p>\n<p>&nbsp;<\/p>\n<h2 style=\"text-align: center\"><img loading=\"lazy\" decoding=\"async\" class=\"aligncenter size-full wp-image-14879\" src=\"https:\/\/blogsaverroes.juntadeandalucia.es\/ceipblancadelosrios\/files\/2021\/10\/IMG-20211001-WA0019.jpg\" alt=\"\" width=\"598\" height=\"1163\" srcset=\"https:\/\/blogsaverroes.juntadeandalucia.es\/ceipblancadelosrios\/files\/2021\/10\/IMG-20211001-WA0019.jpg 598w, https:\/\/blogsaverroes.juntadeandalucia.es\/ceipblancadelosrios\/files\/2021\/10\/IMG-20211001-WA0019-154x300.jpg 154w, https:\/\/blogsaverroes.juntadeandalucia.es\/ceipblancadelosrios\/files\/2021\/10\/IMG-20211001-WA0019-411x800.jpg 411w\" sizes=\"(max-width: 598px) 100vw, 598px\" \/><\/h2>\n<div>&nbsp;<\/div>\n<div style=\"text-align: center\">\n<h1>PIDE T\u00da CITA S\u00d3LO POR WHATSAPP AL: 646 86 61 63<\/h1>\n<h3>Las fotos se realizar\u00e1n del 19 al 22 de octubre, en horario de <span style=\"color: #ff6600\"><strong>16h a 20h. <\/strong><\/span><\/h3>\n<h3>Y el d\u00eda 23 de octubre, de <span style=\"color: #ff6600\"><strong>10h a 14h. <\/strong><\/span><\/h3>\n<h3><span style=\"color: #0000ff\">En el estudio fotogr\u00e1fico de JOMOLO.<\/span><\/h3>\n<h3>&nbsp;<\/h3>\n<h3><strong><span style=\"color: #ff0000\">Plazo m\u00e1ximo<\/span><\/strong> para coger la cita es <strong>el d\u00eda 18 de octubre.<\/strong><\/h3>\n<h3><strong><span style=\"color: #ff0000\">Las fotos se abonar\u00e1n el mismo d\u00eda de la cita.<\/span><\/strong><\/h3>\n<\/div>\n","protected":false},"excerpt":{"rendered":"<p>Tarde de talleres ayudando con la elaboraci\u00f3n de los materiales para la actividad ofertada por el \u00e1rea de Religi\u00f3n para la Procesi\u00f3n escolar que tendr\u00e1 lugar el pr\u00f3ximo Viernes de Dolores por los alrededores&#46;&#46;&#46;<\/p>\n","protected":false},"author":2329,"featured_media":0,"parent":13786,"menu_order":1,"comment_status":"closed","ping_status":"closed","template":"page-templates\/child-menu.php","meta":{"ngg_post_thumbnail":0,"footnotes":"","_mc_calendar":[]},"aioseo_notices":[],"_links":{"self":[{"href":"https:\/\/blogsaverroes.juntadeandalucia.es\/ceipblancadelosrios\/wp-json\/wp\/v2\/pages\/13833"}],"collection":[{"href":"https:\/\/blogsaverroes.juntadeandalucia.es\/ceipblancadelosrios\/wp-json\/wp\/v2\/pages"}],"about":[{"href":"https:\/\/blogsaverroes.juntadeandalucia.es\/ceipblancadelosrios\/wp-json\/wp\/v2\/types\/page"}],"author":[{"embeddable":true,"href":"https:\/\/blogsaverroes.juntadeandalucia.es\/ceipblancadelosrios\/wp-json\/wp\/v2\/users\/2329"}],"replies":[{"embeddable":true,"href":"https:\/\/blogsaverroes.juntadeandalucia.es\/ceipblancadelosrios\/wp-json\/wp\/v2\/comments?post=13833"}],"version-history":[{"count":19,"href":"https:\/\/blogsaverroes.juntadeandalucia.es\/ceipblancadelosrios\/wp-json\/wp\/v2\/pages\/13833\/revisions"}],"predecessor-version":[{"id":19599,"href":"https:\/\/blogsaverroes.juntadeandalucia.es\/ceipblancadelosrios\/wp-json\/wp\/v2\/pages\/13833\/revisions\/19599"}],"up":[{"embeddable":true,"href":"https:\/\/blogsaverroes.juntadeandalucia.es\/ceipblancadelosrios\/wp-json\/wp\/v2\/pages\/13786"}],"wp:attachment":[{"href":"https:\/\/blogsaverroes.juntadeandalucia.es\/ceipblancadelosrios\/wp-json\/wp\/v2\/media?parent=13833"}],"curies":[{"name":"wp","href":"https:\/\/api.w.org\/{rel}","templated":true}]}}