{"id":14129,"date":"2020-11-04T23:50:11","date_gmt":"2020-11-04T22:50:11","guid":{"rendered":"https:\/\/blogsaverroes.juntadeandalucia.es\/ceipblancadelosrios\/?page_id=14129"},"modified":"2020-11-05T00:13:24","modified_gmt":"2020-11-04T23:13:24","slug":"el-reino-infantil","status":"publish","type":"page","link":"https:\/\/blogsaverroes.juntadeandalucia.es\/ceipblancadelosrios\/biblioteca-virtual\/el-reino-infantil\/","title":{"rendered":"El reino Infantil"},"content":{"rendered":"<h4><strong><span style=\"color: #0000ff\">Biograf\u00edas<\/span><\/strong><\/h4>\n<table style=\"border-collapse: collapse;width: 100%\">\n<tbody>\n<tr>\n<td style=\"width: 20%\"><a href=\"https:\/\/blogsaverroes.juntadeandalucia.es\/ceipblancadelosrios\/files\/2020\/11\/Descubriendo-a-Mondrian.pdf\"><img loading=\"lazy\" decoding=\"async\" class=\"aligncenter size-full wp-image-14137\" src=\"https:\/\/blogsaverroes.juntadeandalucia.es\/ceipblancadelosrios\/files\/2020\/11\/Descubriendo-a-Mondrian-portada-peq-1-230x300-1.png\" alt=\"\" width=\"230\" height=\"300\" srcset=\"https:\/\/blogsaverroes.juntadeandalucia.es\/ceipblancadelosrios\/files\/2020\/11\/Descubriendo-a-Mondrian-portada-peq-1-230x300-1.png 230w, https:\/\/blogsaverroes.juntadeandalucia.es\/ceipblancadelosrios\/files\/2020\/11\/Descubriendo-a-Mondrian-portada-peq-1-230x300-1-18x24.png 18w, https:\/\/blogsaverroes.juntadeandalucia.es\/ceipblancadelosrios\/files\/2020\/11\/Descubriendo-a-Mondrian-portada-peq-1-230x300-1-28x36.png 28w, https:\/\/blogsaverroes.juntadeandalucia.es\/ceipblancadelosrios\/files\/2020\/11\/Descubriendo-a-Mondrian-portada-peq-1-230x300-1-37x48.png 37w\" sizes=\"(max-width: 230px) 100vw, 230px\" \/><\/a><\/td>\n<td style=\"width: 20%\">&nbsp;<\/td>\n<td style=\"width: 20%\">&nbsp;<\/td>\n<td style=\"width: 20%\">&nbsp;<\/td>\n<td style=\"width: 20%\">&nbsp;<\/td>\n<\/tr>\n<\/tbody>\n<\/table>\n<h4><strong><span style=\"color: #0000ff\">Ciencia<\/span><\/strong><\/h4>\n<table style=\"border-collapse: collapse;width: 100%\">\n<tbody>\n<tr>\n<td style=\"width: 20%\"><a href=\"https:\/\/blogsaverroes.juntadeandalucia.es\/ceipblancadelosrios\/files\/2020\/11\/El_Cumplean\u0303os-del_circulo_rojo.pdf\"><img loading=\"lazy\" decoding=\"async\" class=\"aligncenter size-full wp-image-14138\" src=\"https:\/\/blogsaverroes.juntadeandalucia.es\/ceipblancadelosrios\/files\/2020\/11\/Cover-El-cumplean\u0303os-del-circulo-rojo-300x298-1.png\" alt=\"\" width=\"300\" height=\"298\" srcset=\"https:\/\/blogsaverroes.juntadeandalucia.es\/ceipblancadelosrios\/files\/2020\/11\/Cover-El-cumplean\u0303os-del-circulo-rojo-300x298-1.png 300w, https:\/\/blogsaverroes.juntadeandalucia.es\/ceipblancadelosrios\/files\/2020\/11\/Cover-El-cumplean\u0303os-del-circulo-rojo-300x298-1-150x150.png 150w, https:\/\/blogsaverroes.juntadeandalucia.es\/ceipblancadelosrios\/files\/2020\/11\/Cover-El-cumplean\u0303os-del-circulo-rojo-300x298-1-100x100.png 100w, https:\/\/blogsaverroes.juntadeandalucia.es\/ceipblancadelosrios\/files\/2020\/11\/Cover-El-cumplean\u0303os-del-circulo-rojo-300x298-1-80x80.png 80w, https:\/\/blogsaverroes.juntadeandalucia.es\/ceipblancadelosrios\/files\/2020\/11\/Cover-El-cumplean\u0303os-del-circulo-rojo-300x298-1-24x24.png 24w, https:\/\/blogsaverroes.juntadeandalucia.es\/ceipblancadelosrios\/files\/2020\/11\/Cover-El-cumplean\u0303os-del-circulo-rojo-300x298-1-36x36.png 36w, https:\/\/blogsaverroes.juntadeandalucia.es\/ceipblancadelosrios\/files\/2020\/11\/Cover-El-cumplean\u0303os-del-circulo-rojo-300x298-1-48x48.png 48w\" sizes=\"(max-width: 300px) 100vw, 300px\" \/><\/a><\/td>\n<td style=\"width: 20%\"><a href=\"https:\/\/blogsaverroes.juntadeandalucia.es\/ceipblancadelosrios\/files\/2020\/11\/El-sen\u0303or-cuadrado-y-sus-amigos.pdf\"><img loading=\"lazy\" decoding=\"async\" class=\"aligncenter size-full wp-image-14139\" src=\"https:\/\/blogsaverroes.juntadeandalucia.es\/ceipblancadelosrios\/files\/2020\/11\/cover-El-sen\u0303or-Cuadrado-y-sus-amigos-213x300-1.png\" alt=\"\" width=\"213\" height=\"300\" srcset=\"https:\/\/blogsaverroes.juntadeandalucia.es\/ceipblancadelosrios\/files\/2020\/11\/cover-El-sen\u0303or-Cuadrado-y-sus-amigos-213x300-1.png 213w, https:\/\/blogsaverroes.juntadeandalucia.es\/ceipblancadelosrios\/files\/2020\/11\/cover-El-sen\u0303or-Cuadrado-y-sus-amigos-213x300-1-17x24.png 17w, https:\/\/blogsaverroes.juntadeandalucia.es\/ceipblancadelosrios\/files\/2020\/11\/cover-El-sen\u0303or-Cuadrado-y-sus-amigos-213x300-1-26x36.png 26w, https:\/\/blogsaverroes.juntadeandalucia.es\/ceipblancadelosrios\/files\/2020\/11\/cover-El-sen\u0303or-Cuadrado-y-sus-amigos-213x300-1-34x48.png 34w\" sizes=\"(max-width: 213px) 100vw, 213px\" \/><\/a><\/td>\n<td style=\"width: 20%\">&nbsp;<\/td>\n<td style=\"width: 20%\">&nbsp;<\/td>\n<td style=\"width: 20%\">&nbsp;<\/td>\n<\/tr>\n<\/tbody>\n<\/table>\n<h4><strong><span style=\"color: #0000ff\">Educaci\u00f3n Emocional<\/span><\/strong><\/h4>\n<table style=\"border-collapse: collapse;width: 100%\">\n<tbody>\n<tr>\n<td style=\"width: 20%\"><a href=\"https:\/\/blogsaverroes.juntadeandalucia.es\/ceipblancadelosrios\/files\/2020\/11\/El-nombre-invisible.pdf\"><img loading=\"lazy\" decoding=\"async\" class=\"aligncenter size-full wp-image-14142\" src=\"https:\/\/blogsaverroes.juntadeandalucia.es\/ceipblancadelosrios\/files\/2020\/11\/El-nombre-invisible-portada-213x300-1.png\" alt=\"\" width=\"213\" height=\"300\" srcset=\"https:\/\/blogsaverroes.juntadeandalucia.es\/ceipblancadelosrios\/files\/2020\/11\/El-nombre-invisible-portada-213x300-1.png 213w, https:\/\/blogsaverroes.juntadeandalucia.es\/ceipblancadelosrios\/files\/2020\/11\/El-nombre-invisible-portada-213x300-1-17x24.png 17w, https:\/\/blogsaverroes.juntadeandalucia.es\/ceipblancadelosrios\/files\/2020\/11\/El-nombre-invisible-portada-213x300-1-26x36.png 26w, https:\/\/blogsaverroes.juntadeandalucia.es\/ceipblancadelosrios\/files\/2020\/11\/El-nombre-invisible-portada-213x300-1-34x48.png 34w\" sizes=\"(max-width: 213px) 100vw, 213px\" \/><\/a><\/td>\n<td style=\"width: 20%\"><a href=\"https:\/\/blogsaverroes.juntadeandalucia.es\/ceipblancadelosrios\/files\/2020\/11\/El-principe-de-Felitierra.pdf\"><img loading=\"lazy\" decoding=\"async\" class=\"aligncenter size-full wp-image-14140\" src=\"https:\/\/blogsaverroes.juntadeandalucia.es\/ceipblancadelosrios\/files\/2020\/11\/cover-El-principe-de-Filiteirra-212x300-1.png\" alt=\"\" width=\"212\" height=\"300\" srcset=\"https:\/\/blogsaverroes.juntadeandalucia.es\/ceipblancadelosrios\/files\/2020\/11\/cover-El-principe-de-Filiteirra-212x300-1.png 212w, https:\/\/blogsaverroes.juntadeandalucia.es\/ceipblancadelosrios\/files\/2020\/11\/cover-El-principe-de-Filiteirra-212x300-1-17x24.png 17w, https:\/\/blogsaverroes.juntadeandalucia.es\/ceipblancadelosrios\/files\/2020\/11\/cover-El-principe-de-Filiteirra-212x300-1-25x36.png 25w, https:\/\/blogsaverroes.juntadeandalucia.es\/ceipblancadelosrios\/files\/2020\/11\/cover-El-principe-de-Filiteirra-212x300-1-34x48.png 34w\" sizes=\"(max-width: 212px) 100vw, 212px\" \/><\/a><\/td>\n<td style=\"width: 20%\"><a href=\"https:\/\/blogsaverroes.juntadeandalucia.es\/ceipblancadelosrios\/files\/2020\/11\/Carlota-la-paloma-que-queria-ser-persona.pdf\"><img loading=\"lazy\" decoding=\"async\" class=\"aligncenter size-full wp-image-14141\" src=\"https:\/\/blogsaverroes.juntadeandalucia.es\/ceipblancadelosrios\/files\/2020\/11\/cover-carlota-la-paloma-213x300-1.png\" alt=\"\" width=\"213\" height=\"300\" srcset=\"https:\/\/blogsaverroes.juntadeandalucia.es\/ceipblancadelosrios\/files\/2020\/11\/cover-carlota-la-paloma-213x300-1.png 213w, https:\/\/blogsaverroes.juntadeandalucia.es\/ceipblancadelosrios\/files\/2020\/11\/cover-carlota-la-paloma-213x300-1-17x24.png 17w, https:\/\/blogsaverroes.juntadeandalucia.es\/ceipblancadelosrios\/files\/2020\/11\/cover-carlota-la-paloma-213x300-1-26x36.png 26w, https:\/\/blogsaverroes.juntadeandalucia.es\/ceipblancadelosrios\/files\/2020\/11\/cover-carlota-la-paloma-213x300-1-34x48.png 34w\" sizes=\"(max-width: 213px) 100vw, 213px\" \/><\/a><\/td>\n<td style=\"width: 20%\"><a href=\"https:\/\/blogsaverroes.juntadeandalucia.es\/ceipblancadelosrios\/files\/2020\/11\/El-equilibrista-alarmista.pdf\"><img loading=\"lazy\" decoding=\"async\" class=\"aligncenter size-full wp-image-14143\" src=\"https:\/\/blogsaverroes.juntadeandalucia.es\/ceipblancadelosrios\/files\/2020\/11\/El-equilibrista-alarmista-portadamail-212x300-1.png\" alt=\"\" width=\"212\" height=\"300\" srcset=\"https:\/\/blogsaverroes.juntadeandalucia.es\/ceipblancadelosrios\/files\/2020\/11\/El-equilibrista-alarmista-portadamail-212x300-1.png 212w, https:\/\/blogsaverroes.juntadeandalucia.es\/ceipblancadelosrios\/files\/2020\/11\/El-equilibrista-alarmista-portadamail-212x300-1-17x24.png 17w, https:\/\/blogsaverroes.juntadeandalucia.es\/ceipblancadelosrios\/files\/2020\/11\/El-equilibrista-alarmista-portadamail-212x300-1-25x36.png 25w, https:\/\/blogsaverroes.juntadeandalucia.es\/ceipblancadelosrios\/files\/2020\/11\/El-equilibrista-alarmista-portadamail-212x300-1-34x48.png 34w\" sizes=\"(max-width: 212px) 100vw, 212px\" \/><\/a><\/td>\n<td style=\"width: 20%\">&nbsp;<\/td>\n<\/tr>\n<\/tbody>\n<\/table>\n<h4><strong><span style=\"color: #0000ff\">Ficci\u00f3n<\/span><\/strong><\/h4>\n<table style=\"border-collapse: collapse;width: 100%\">\n<tbody>\n<tr>\n<td style=\"width: 20%\"><a href=\"https:\/\/blogsaverroes.juntadeandalucia.es\/ceipblancadelosrios\/files\/2020\/11\/Un-cuento-para-la-imaginacion.pdf\"><img loading=\"lazy\" decoding=\"async\" class=\"aligncenter size-full wp-image-14145\" src=\"https:\/\/blogsaverroes.juntadeandalucia.es\/ceipblancadelosrios\/files\/2020\/11\/Un-cuento-para-la-imaginacion-portada-peq-212x300-1.png\" alt=\"\" width=\"212\" height=\"300\" srcset=\"https:\/\/blogsaverroes.juntadeandalucia.es\/ceipblancadelosrios\/files\/2020\/11\/Un-cuento-para-la-imaginacion-portada-peq-212x300-1.png 212w, https:\/\/blogsaverroes.juntadeandalucia.es\/ceipblancadelosrios\/files\/2020\/11\/Un-cuento-para-la-imaginacion-portada-peq-212x300-1-17x24.png 17w, https:\/\/blogsaverroes.juntadeandalucia.es\/ceipblancadelosrios\/files\/2020\/11\/Un-cuento-para-la-imaginacion-portada-peq-212x300-1-25x36.png 25w, https:\/\/blogsaverroes.juntadeandalucia.es\/ceipblancadelosrios\/files\/2020\/11\/Un-cuento-para-la-imaginacion-portada-peq-212x300-1-34x48.png 34w\" sizes=\"(max-width: 212px) 100vw, 212px\" \/><\/a><\/td>\n<td style=\"width: 20%\"><a href=\"https:\/\/blogsaverroes.juntadeandalucia.es\/ceipblancadelosrios\/files\/2020\/11\/Rodolfo-el-cochinito-pequenito.pdf\"><img loading=\"lazy\" decoding=\"async\" class=\"aligncenter size-full wp-image-14144\" src=\"https:\/\/blogsaverroes.juntadeandalucia.es\/ceipblancadelosrios\/files\/2020\/11\/Rodolfo-portada-peq.png\" alt=\"\" width=\"300\" height=\"423\" srcset=\"https:\/\/blogsaverroes.juntadeandalucia.es\/ceipblancadelosrios\/files\/2020\/11\/Rodolfo-portada-peq.png 300w, https:\/\/blogsaverroes.juntadeandalucia.es\/ceipblancadelosrios\/files\/2020\/11\/Rodolfo-portada-peq-213x300.png 213w, https:\/\/blogsaverroes.juntadeandalucia.es\/ceipblancadelosrios\/files\/2020\/11\/Rodolfo-portada-peq-17x24.png 17w, https:\/\/blogsaverroes.juntadeandalucia.es\/ceipblancadelosrios\/files\/2020\/11\/Rodolfo-portada-peq-26x36.png 26w, https:\/\/blogsaverroes.juntadeandalucia.es\/ceipblancadelosrios\/files\/2020\/11\/Rodolfo-portada-peq-34x48.png 34w\" sizes=\"(max-width: 300px) 100vw, 300px\" \/><\/a><\/td>\n<td style=\"width: 20%\">&nbsp;<\/td>\n<td style=\"width: 20%\">&nbsp;<\/td>\n<td style=\"width: 20%\">&nbsp;<\/td>\n<\/tr>\n<\/tbody>\n<\/table>\n<p>&nbsp;<\/p>\n","protected":false},"excerpt":{"rendered":"<p>Biograf\u00edas &nbsp; &nbsp; &nbsp; &nbsp; Ciencia &nbsp; &nbsp; &nbsp; Educaci\u00f3n Emocional &nbsp; Ficci\u00f3n &nbsp; &nbsp; &nbsp; &nbsp;<\/p>\n","protected":false},"author":2329,"featured_media":0,"parent":14122,"menu_order":0,"comment_status":"closed","ping_status":"closed","template":"page-templates\/child-menu.php","meta":{"ngg_post_thumbnail":0,"footnotes":"","_mc_calendar":[]},"aioseo_notices":[],"_links":{"self":[{"href":"https:\/\/blogsaverroes.juntadeandalucia.es\/ceipblancadelosrios\/wp-json\/wp\/v2\/pages\/14129"}],"collection":[{"href":"https:\/\/blogsaverroes.juntadeandalucia.es\/ceipblancadelosrios\/wp-json\/wp\/v2\/pages"}],"about":[{"href":"https:\/\/blogsaverroes.juntadeandalucia.es\/ceipblancadelosrios\/wp-json\/wp\/v2\/types\/page"}],"author":[{"embeddable":true,"href":"https:\/\/blogsaverroes.juntadeandalucia.es\/ceipblancadelosrios\/wp-json\/wp\/v2\/users\/2329"}],"replies":[{"embeddable":true,"href":"https:\/\/blogsaverroes.juntadeandalucia.es\/ceipblancadelosrios\/wp-json\/wp\/v2\/comments?post=14129"}],"version-history":[{"count":4,"href":"https:\/\/blogsaverroes.juntadeandalucia.es\/ceipblancadelosrios\/wp-json\/wp\/v2\/pages\/14129\/revisions"}],"predecessor-version":[{"id":14156,"href":"https:\/\/blogsaverroes.juntadeandalucia.es\/ceipblancadelosrios\/wp-json\/wp\/v2\/pages\/14129\/revisions\/14156"}],"up":[{"embeddable":true,"href":"https:\/\/blogsaverroes.juntadeandalucia.es\/ceipblancadelosrios\/wp-json\/wp\/v2\/pages\/14122"}],"wp:attachment":[{"href":"https:\/\/blogsaverroes.juntadeandalucia.es\/ceipblancadelosrios\/wp-json\/wp\/v2\/media?parent=14129"}],"curies":[{"name":"wp","href":"https:\/\/api.w.org\/{rel}","templated":true}]}}