{"id":2733,"date":"2017-10-19T20:18:15","date_gmt":"2017-10-19T18:18:15","guid":{"rendered":"http:\/\/blogsaverroes.juntadeandalucia.es\/ceipblancadelosrios\/?page_id=2733"},"modified":"2020-10-08T11:10:58","modified_gmt":"2020-10-08T09:10:58","slug":"2o-ciclo-educ-primaria","status":"publish","type":"page","link":"https:\/\/blogsaverroes.juntadeandalucia.es\/ceipblancadelosrios\/fototeca\/actividades-educativas-201718\/2o-ciclo-educ-primaria\/","title":{"rendered":"2\u00ba Ciclo Educ. Primaria"},"content":{"rendered":"<ul>\n<li><span style=\"color: #ff0000\"><strong>28 al 30\/5\/2018: <\/strong><span style=\"color: #0000ff\">Del 28 al 30 de Mayo,nuestro alumnado de 4\u00ba de Primaria visit\u00f3 la Granja Escuela \u00abEl Encinar del Escardiel\u00bb, situada en el l\u00edmite del Parque Natural Sierra Norte de Sevilla, cerca de la localidad de Castilblanco de los Arroyos. Durante 2 d\u00edas tuvieron la oportunidad de conocer este magn\u00edfico ecosistema aprendiendo sobre la fauna y flora del lugar y realizando m\u00faltiples actividades deportivas como Rockodromo, Tirolina,Equitaci\u00f3n o Tiro con Arco. Todo ello gracias al magn\u00edfico equipo de monitores de la Granja que en todo momento estaban pendientes de los grupos y con un glosario de actividades que no daban lugar al aburrimiento (con veladas nocturnas y cuentacuentos inclusive). Por parte del colegio, asistieron los Tutores de 4\u00baA y 4\u00baC, Raquel y Jes\u00fas y nuestra Secretaria la se\u00f1o Merche. Menci\u00f3n especial a la maestra Eliana, tutora de 4\u00baB, que dej\u00f3 su plaza de forma voluntaria y a la cual extra\u00f1amos. Un saludo a toda la comunidad docente y familiar.&nbsp;&nbsp;&nbsp; (<a href=\"https:\/\/wp.me\/P76aSc-1D4\">Enlace a fotos<\/a> y <a href=\"https:\/\/blogsaverroes.juntadeandalucia.es\/ceipblancadelosrios\/files\/2018\/06\/VID-20180609-WA0009.mp4\">enlace a video<\/a>).<\/span><\/span><\/li>\n<li><strong><span style=\"color: #ff0000\">18\/04\/2018:<\/span><\/strong><span style=\"color: #0000ff\"> Nuestro alumnado de 3\u00ba y 5\u00ba visitan <b>It\u00e1lica,<\/b> que es una antigua ciudad&nbsp;romana&nbsp;situada en el actual t\u00e9rmino municipal de&nbsp;Santiponce&nbsp;(Sevilla). Fundada en el 206 a.C. nos acerca al mundo romano y a los or\u00edgenes de nuestra cultura. La visita ha sido dusfrutada enormemente por todos los participantes.&nbsp; (<a href=\"https:\/\/wp.me\/P76aSc-1qw\">Enlace a fotos<\/a>)<\/span><\/li>\n<li><span style=\"color: #ff0000\"><span style=\"color: #ff0000\"><strong>16\/04\/2018:<\/strong><\/span><\/span> <span style=\"color: #0000ff\">\u00a1El cole est\u00e1 de enhorabuena! Al objeto de enriquecer el tiempo de ocio del alumnado y mejorar el clima de convivencia, a primeros de curso se ech\u00f3 a andar el \u00abProyecto de pr\u00e9stamos de juegos de patio\u00bb en paralelo al de \u00abReciclaje de residuos semanal\u00bb. Esta \u00faltima iniciativa, que se lleva a cabo con el alumnado de 2\u00b0 y 3\u00b0, junto al proyecto de Huerto, del que participa todo el centro, est\u00e1n ayudando a crear conciencia ecol\u00f3gica entre l@s ni\u00f1@s .Este trimestre, adem\u00e1s, a\u00f1adimos un extra, de modo que en el tiempo de recreo,el alumnado de segundo ciclo ha comenzado, gracias a mentores voluntarios y al compromiso del profesorado del Equipo de Biblioteca, a <strong>funcionar un taller de Coding basado en la p\u00e1gina de libre acceso Code.org. <\/strong>De esta manera iniciamos los rudimentos de la programaci\u00f3n de una manera l\u00fadica, sacando el m\u00e1ximo partido a los escasos recursos tecnol\u00f3gicos y la riqueza de recursos humanos de la que disponemos.Os animamos a que ech\u00e9is un vistazo con l@s ni\u00f1@s en casa. \u00a1Nosotros seguimos trabajando!&nbsp; (<a href=\"https:\/\/wp.me\/P76aSc-1p6\">Enlace a fotos<\/a>)<\/span><\/li>\n<li><strong><span style=\"color: #ff0000\">13\/03\/2018: <\/span><\/strong><span style=\"color: #0000ff\">En alternativa el alumnado de 4\u00ba A hace un estupendo trabajo sobre violencia.&nbsp; (<a href=\"https:\/\/wp.me\/P76aSc-1j0\">Enlace a fotos<\/a>)<\/span><\/li>\n<li><strong><span style=\"color: #ff0000\">02\/03\/2018: <\/span><\/strong><span style=\"color: #ff0000\"><span style=\"color: #0000ff\">Clases de anatom\u00eda en 4\u00ba&nbsp; A primaria de forma pr\u00e1ctica e interactiva con nuestra maqueta, aprendiendo de la forma visual y manipulativa. (<a href=\"https:\/\/wp.me\/P76aSc-1iM\">Enlace a fotos<\/a>)<\/span><\/span><\/li>\n<li><strong><span style=\"color: #ff0000\">16\/02\/2018:<\/span><\/strong><span style=\"color: #0000ff\">&nbsp;Los Reyes Magos de Oriente quisieron este pasado enero, dejar en la casa de los ni\u00f1os de 4\u00b0 una invitaci\u00f3n para ir al cine con sus compa\u00f1eros de clase. Ese deseo se ha cumplido hoy 16 de febrero, con el visionado de la peli \u00abCavern\u00edcola\u00bb.<br \/>\nTras estudiar la Prehistoria en su clase de Sociales y desde Pl\u00e1stica realizando trabajos alusivos, los ni\u00f1os y las ni\u00f1as han entendido por qu\u00e9 la Edad del Bronce se enfrentaba con la de la Piedra. De nuevo, su comportamiento en la sala ha sido ejemplar, aparte de lo que se han divertido compartiendo la experiencia con sus compa\u00f1eros y ya, en muchos casos, amigos de cuarto.&nbsp; (<a href=\"https:\/\/wp.me\/P76aSc-1aa\">Enlace a fotos<\/a>)<\/span><\/li>\n<li><span style=\"color: #ff0000\"><strong>15\/02\/2018: <\/strong><\/span><span style=\"color: #0000ff\">Sesi\u00f3n de apadrinamiento lector entre Infantil 3 a\u00f1os A y 3\u00ba A de primaria. Ricardo y Eva han escenificado este apadrinamiento en el SUM con una divertida escenificaci\u00f3n denominada&nbsp; \u00abEl hechicero chapucero\u00bb&#8230;<\/span>&nbsp; (<a href=\"https:\/\/wp.me\/P76aSc-1el\">Enlace a fotos<\/a> y <a href=\"https:\/\/blogsaverroes.juntadeandalucia.es\/ceipblancadelosrios\/files\/2018\/02\/VID-20180215-WA0060.mp4\">enlace a video<\/a>)<\/li>\n<li><span style=\"color: #ff0000\"><strong>24\/11\/2017:<\/strong><span style=\"color: #0000ff\"> El alumnado de 3\u00b0 ha visitado la f\u00e1brica de Coca Cola&#8230;&nbsp;&nbsp; <a href=\"https:\/\/wp.me\/P76aSc-TY\">(Enlace a fotos)<\/a><\/span><\/span><\/li>\n<li><strong><span style=\"color: #ff0000\">23&nbsp; y 24\/10\/2017: <\/span><\/strong><span style=\"color: #ff0000\"><span style=\"color: #0000ff\">A tenor del proyecto \u00abCreciendo en Salud\u00bb que ha solicitado el centro para el presente curso escolar y al hilo de las m\u00faltiples actividades deportivas que se est\u00e1n desarrollando estas semanas en el centro, nuestro cole ha acogido en jornadas de dos d\u00edas para el fomento del <strong>AJEDREZ<\/strong>.<\/span><\/span><strong><span style=\"color: #ff0000\"><br \/>\n<\/span><\/strong><span style=\"color: #ff0000\"><span style=\"color: #0000ff\">En dichas jornadas, adem\u00e1s de dar a conocer este deporte con historias y an\u00e9cdotas interesantes, el alumnado ha podido participar de su pr\u00e1ctica a trav\u00e9s del juego \u00abLa Tormenta\u00bb dirigido por el presidente del Club de ajedrez Jos\u00e9 Manuel Garrido y la flamante monitora en el mismo Asunci\u00f3n.&nbsp;&nbsp; <a href=\"https:\/\/wp.me\/P76aSc-Lp\"><span style=\"color: #000000\">(Enlace a fotos)&nbsp;&nbsp;&nbsp; (<\/span><\/a><a href=\"http:\/\/cms.clubdeajedrezsanjose.es\/ajedrez-en-el-ceip-blanca-de-los-rios\/\">Enlace a la p\u00e1gina del CLUB DE AJEDREZ de San Jos\u00e9<\/a>)<\/span><\/span><\/li>\n<li><span style=\"color: #000000\"><span style=\"color: #ff0000\"><strong>18\/10\/2017: <\/strong><\/span><span style=\"color: #0000ff\">Tercero C y 3 a\u00f1os C comienzan hoy su apadrinamiento con una actividad de presentacion. Padrinos, madrinas, ahijadas y ahijados se conocen jugando y compartiendo.<\/span>&nbsp; (<a href=\"https:\/\/wp.me\/P76aSc-HA\">Enlace a fotos<\/a>) <\/span><\/li>\n<li><strong><span style=\"color: #ff0000\">16\/10\/2017<\/span><\/strong><span style=\"color: #ff0000\">: <span style=\"color: #000000\"><span style=\"color: #0000ff\">El alumnado de 4\u00b0 ha visitado la f\u00e1brica de Coca Cola. Tras trabajar en clase algunos aspectos relativos a la marca y al proceso de producci\u00f3n y distribuci\u00f3n, han podido verlo en directo.<br \/>\nLa maquinaria, las fases del proceso, el trabajo t\u00e9cnico y cualificado&#8230;Toda informaci\u00f3n que se les ha quedado en la retina y que les ayuda a conocer el mundo del trabajo, los sectores de producci\u00f3n y el tejido empresarial de nuestra localidad.<\/span>&nbsp; (Enlace a <a href=\"https:\/\/wp.me\/P76aSc-Fk\">fotos<\/a>)<\/span><\/span><\/li>\n<li><span style=\"color: #0000ff\"><strong><span style=\"color: #ff0000\">5 al 11\/10\/2017: <\/span><\/strong>Imag\u00e9nes de la Campa\u00f1a Escolar Badmint\u00f3n en CEIP Blanca de los R\u00ecos del 5 al 11 de octubre. \u00a1Aqu\u00ed jugamos todos! Nuestro alumnado de 4\u00ba a 6\u00ba de Primaria pudieron disfrutar de sesiones de iniciaci\u00f3n al Bad con el entrenador del Club Jes\u00fas Merch\u00e1n, tres veces campe\u00f3n de Espa\u00f1a.<span style=\"color: #000000\"> (<a href=\"https:\/\/wp.me\/P76aSc-J7\">Enlace a fotos<\/a> y <a href=\"https:\/\/blogsaverroes.juntadeandalucia.es\/ceipblancadelosrios\/files\/2017\/10\/VID-20171018-WA0051.mp4\">video<\/a>)<\/span><\/span><\/li>\n<li><strong><span style=\"color: #ff0000\">03\/10\/2017<\/span><\/strong><span style=\"color: #ff0000\">: <span style=\"color: #0000ff\">Esta semana, el Duatlon ha venido al cole!<\/span><br \/>\n<span style=\"color: #0000ff\">Desde la Organizaci\u00f3n del evento Toroman y en colaboraci\u00f3n con el centro, nuestros alumnos y alumnas de 2\u00b0 a 6\u00b0 han disfrutado de las pruebas que componen un Duatlon. Carrera a pie, bici y carrera a pie de nuevo.<\/span><br \/>\n<span style=\"color: #0000ff\">Los alumnos en un gesto de generosidad, han compartido sus bicis y cascos, para que todos pudiesen disfrutar de la pr\u00e1ctica deportiva.<\/span> <span style=\"color: #000000\">(Enlace a <a href=\"https:\/\/wp.me\/P76aSc-G6\">fotos<\/a>)<\/span><\/span><\/li>\n<li><strong><span style=\"color: #ff0000\">20\/09\/2017<\/span><span style=\"color: #ff0000\">: <\/span><\/strong><span style=\"color: #0000ff\">Nuestros ni\u00f1os y ni\u00f1as de 4\u00ba aprendiendo como funciona el coraz\u00f3n. Cuales son los h\u00e1bitos saludables para el mismo. Y lo m\u00e1s importante, como hacer una RCP. Nuestros peque\u00f1os ya podr\u00edan salvar una vida &#8230;<\/span> (Enlace a <a href=\"http:\/\/www.lavanguardia.com\/local\/sevilla\/20170920\/431428955696\/el-061-muestra-las-tecnicas-de-reanimacion-cardiaca-a-120-ninos-de-colegios-de-la-rinconada.html?utm_campaign=botones_sociales&amp;utm_source=whatsapp&amp;utm_medium=social\">nota de prensa<\/a>, <a href=\"http:\/\/blogsaverroes.juntadeandalucia.es\/ceipblancadelosrios\/actividades-educativas-201718\/4o-primaria-20092017\/\">fotos<\/a>, <a href=\"https:\/\/blogsaverroes.juntadeandalucia.es\/ceipblancadelosrios\/files\/2017\/09\/VID-20170920-WA0015.mp4\">video<\/a>)<\/li>\n<\/ul>\n","protected":false},"excerpt":{"rendered":"<p>28 al 30\/5\/2018: Del 28 al 30 de Mayo,nuestro alumnado de 4\u00ba de Primaria visit\u00f3 la Granja Escuela \u00abEl Encinar del Escardiel\u00bb, situada en el l\u00edmite del Parque Natural Sierra Norte de Sevilla, cerca&#46;&#46;&#46;<\/p>\n","protected":false},"author":2329,"featured_media":0,"parent":2378,"menu_order":0,"comment_status":"closed","ping_status":"closed","template":"page-templates\/child-menu.php","meta":{"ngg_post_thumbnail":0,"footnotes":"","_mc_calendar":[]},"aioseo_notices":[],"_links":{"self":[{"href":"https:\/\/blogsaverroes.juntadeandalucia.es\/ceipblancadelosrios\/wp-json\/wp\/v2\/pages\/2733"}],"collection":[{"href":"https:\/\/blogsaverroes.juntadeandalucia.es\/ceipblancadelosrios\/wp-json\/wp\/v2\/pages"}],"about":[{"href":"https:\/\/blogsaverroes.juntadeandalucia.es\/ceipblancadelosrios\/wp-json\/wp\/v2\/types\/page"}],"author":[{"embeddable":true,"href":"https:\/\/blogsaverroes.juntadeandalucia.es\/ceipblancadelosrios\/wp-json\/wp\/v2\/users\/2329"}],"replies":[{"embeddable":true,"href":"https:\/\/blogsaverroes.juntadeandalucia.es\/ceipblancadelosrios\/wp-json\/wp\/v2\/comments?post=2733"}],"version-history":[{"count":28,"href":"https:\/\/blogsaverroes.juntadeandalucia.es\/ceipblancadelosrios\/wp-json\/wp\/v2\/pages\/2733\/revisions"}],"predecessor-version":[{"id":6270,"href":"https:\/\/blogsaverroes.juntadeandalucia.es\/ceipblancadelosrios\/wp-json\/wp\/v2\/pages\/2733\/revisions\/6270"}],"up":[{"embeddable":true,"href":"https:\/\/blogsaverroes.juntadeandalucia.es\/ceipblancadelosrios\/wp-json\/wp\/v2\/pages\/2378"}],"wp:attachment":[{"href":"https:\/\/blogsaverroes.juntadeandalucia.es\/ceipblancadelosrios\/wp-json\/wp\/v2\/media?parent=2733"}],"curies":[{"name":"wp","href":"https:\/\/api.w.org\/{rel}","templated":true}]}}