{"id":6373,"date":"2018-09-16T13:07:38","date_gmt":"2018-09-16T11:07:38","guid":{"rendered":"https:\/\/blogsaverroes.juntadeandalucia.es\/ceipblancadelosrios\/?page_id=6373"},"modified":"2020-10-08T23:35:39","modified_gmt":"2020-10-08T21:35:39","slug":"3o-ciclo-e-p-o","status":"publish","type":"page","link":"https:\/\/blogsaverroes.juntadeandalucia.es\/ceipblancadelosrios\/fototeca\/actividades-educativas-201819\/3o-ciclo-e-p-o\/","title":{"rendered":"3\u00ba Ciclo E.P.O."},"content":{"rendered":"<p><span style=\"color: #ff0000\"><strong>21\/06\/2019: <\/strong><\/span><strong><span style=\"color: #0000ff\">\u00daltima noche en el colegio:&nbsp;&nbsp; (<a href=\"https:\/\/wp.me\/P76aSc-3cd\">ENLACE A FOTOS<\/a>)<br \/>\n<\/span><\/strong><\/p>\n<p><span style=\"color: #0000ff\">Los ni\u00f1os y ni\u00f1as abandonan 5\u00b0 este curso por la puerta grande.<\/span><br \/>\n<span style=\"color: #0000ff\">Una acampada nocturna en el colegio que les ha visto crecer en los \u00faltimos 8 a\u00f1os. <\/span><span style=\"color: #0000ff\">Cogiendo el testigo de los compa\u00f1eros y compa\u00f1eras de 6\u00b0, han disfrutado de su \u00faltimo d\u00eda de cole con bailes, gymkhana, juegos y cine nocturnos.<\/span><\/p>\n<p><span style=\"color: #0000ff\">Se podr\u00eda decir que con un sue\u00f1o profundo y reparador, pero la excitaci\u00f3n de estar a las puertas sus vacaciones en la compa\u00f1\u00eda de sus compa\u00f1eros no les ha permitido el descanso, ni a ellos ni a los profes que han querido estar otra vez ah\u00ed con ellos.<\/span><\/p>\n<p><span style=\"color: #0000ff\">Menos mal que un desayuno con churros y chocolate ha servido para poner un dulce punto y final a este curso 2018-2019.<\/span><\/p>\n<p><span style=\"color: #ff0000\"><strong>17\/06\/2019: <span style=\"color: #0000ff\">GRADUACI\u00d3N DE 6\u00ba<\/span><\/strong><\/span><\/p>\n<p><span style=\"color: #0000ff\">Se celebra la graduaci\u00f3n del alumnado de 6\u00ba de nuestro centro. Un momento esperado por familias y ni\u00f1@s que se carga de emoci\u00f3n, sentimientos, recuerdos&#8230; Su estancia en Infantil y Primaria marcar\u00e1 para siempre su pertenencia a una Comunidad Educativa que les despide con tristeza, por un lado, y con la alegr\u00eda de que van a continuar su formaci\u00f3n en la siguiente etapa de Secundaria en las mejores condiciones acad\u00e9micas&#8230;&nbsp; <strong>(<a href=\"https:\/\/wp.me\/P76aSc-3cy\">ENLACE A FOTOS<\/a>)<\/strong><\/span><\/p>\n<p><span style=\"color: #ff0000\"><strong>28\/05\/2019: <\/strong><span style=\"color: #0000ff\">En el dia de hoy <strong>los sextos de nuestro cole han visitado la ciudad de C\u00f3rdoba.<\/strong> Ha sido una jornada llena de cultura, ya que han visitado tanto la Mezquita-Catedral como la Sinagoga. Entramos en los Reales Alc\u00e1zares de lls Reyes Cristianos y por ultimo paseamos por el puente Romano de la ciudad llegando a la torre de la Calahorra. Tambi\u00e9n dispusimos de un rato para la diversi\u00f3n en un parque cercano. Toda una excursi\u00f3n llena de encanto y diversi\u00f3n.&nbsp; <\/span><span style=\"color: #0000ff\"><strong>(<a href=\"https:\/\/wp.me\/P76aSc-39O\">ENLACE A FOTOS<\/a>)<\/strong><\/span><\/span><\/p>\n<p><span style=\"color: #ff0000\"><strong>22\/05\/2019: <\/strong><span style=\"color: #0000ff\"><strong>Telediario elaborado por la clase de 5\u00b0C,&nbsp;<\/strong>dirigido por su tutora Mar\u00eda Luz Rodr\u00edguez Dom\u00ednguez, para la asignatura de lengua durante el segundo trimestre. Hemos realizado entrevistas, noticias, reportajes, anuncios publicitarios, sketch teatrales&#8230;pero sobre todo hemos procurado comunicar con cuidado las mejores noticias sucedidas en el colegio Blanca de los R\u00edos. <strong>(<a href=\"https:\/\/youtu.be\/kqIf9yt4YBk\">ENLACE A V\u00cdDEO<\/a>)<\/strong><\/span><\/span><\/p>\n<p><span style=\"color: #ff0000\"><strong>26\/04\/2019:<\/strong> <\/span><strong><span style=\"color: #0000ff\">Visita al Antiquarium, el Parasol y la Catedral de Sevilla<\/span><\/strong><\/p>\n<p><span style=\"color: #0000ff\">Hoy el alumnado de 5\u00b0 de primaria ha participado de una actividad organizada desde el \u00e1rea de Religi\u00f3n, pero trabajada desde el punto de vista hist\u00f3rico desde Sociales y desde el punto de vista literario del \u00e1rea de Lengua.<\/span><br \/>\n<span style=\"color: #0000ff\">El alumnado ha disfrutado del pr\u00e9stamo realizado por la Biblioteca Municipal de la localidad del libro \u00abLa Pandilla de Mago en la Catedral de Sevilla\u00bb.<\/span><br \/>\n<span style=\"color: #0000ff\">Durante las \u00faltimas semanas han ido leyendo en clase de Lengua el texto siguiendo una gu\u00eda de preguntas dise\u00f1ada desde el \u00e1rea de Sociales.<\/span><br \/>\n<span style=\"color: #0000ff\">Han obtenido datos objetivos relativos a la Catedral y junto a una breve introducci\u00f3n hist\u00f3rica de la etapa en la que se inici\u00f3 la construcci\u00f3n de la Catedral (Edad Media), se han lanzado a la calle a disfrutar de un patrimonio hist\u00f3rico, art\u00edstico y cultural \u00fanico.<\/span><br \/>\n<span style=\"color: #0000ff\">La ma\u00f1ana ha comenzado con la visita guiada al Antiquarium y la subida al Parasol, ya conocido como \u00abLas setas\u00bb.<\/span><br \/>\n<span style=\"color: #0000ff\">Desde all\u00ed los ni\u00f1os y ni\u00f1as han ido hasta la Catedral donde han subido a la Giralda, disfrutado de la Catedral y del sol y bullicio del Patio de los Naranjos.<\/span><br \/>\n<span style=\"color: #0000ff\">Gran jornada intensa a todos los niveles y como siempre, un comportamiento ejemplar de todo el alumnado.&nbsp; <strong>(<a href=\"https:\/\/wp.me\/P76aSc-2Hj\">ENLACE A FOTOS<\/a>)<\/strong><br \/>\n<\/span><\/p>\n<p><span style=\"color: #ff0000\"><strong>25\/04\/2019: <span style=\"color: #0000ff\">Centro Cultural de La Villa. <\/span><\/strong><\/span><span style=\"color: #ff0000\"><span style=\"color: #0000ff\">El alumnado de 5\u00ba de Primaria, se ha desplazado al Centro Cultural de la Villa para participar en una actividad de de animaci\u00f3n a la lectura. El encuentro ha sido con Mar\u00eda Luisa C\u00e1rdenas, autora del libro \u00abLa Pandilla de Magoen la Catedral de Sevilla\u00bb; se trata de presentar la Catedral de Sevilla a trav\u00e9s de un relato de una pandilla infantil y su perro&#8230;&nbsp; Todos nuestros ni\u00f1os de 5\u00ba han trabajado dicho libro en clase para tener una informaci\u00f3n previa lo m\u00e1s completa posible&#8230; <strong>(<a href=\"https:\/\/wp.me\/P76aSc-2C2\">ENLACE A FOTOS<\/a>)&nbsp;&nbsp; (<a href=\"https:\/\/blogsaverroes.juntadeandalucia.es\/ceipblancadelosrios\/files\/2019\/04\/VID-20190425-WA0033.mp4\">ENLACE A V\u00cdDEO<\/a>)<\/strong><br \/>\n<\/span><\/span><\/p>\n<p><span style=\"color: #ff0000\"><strong>24\/04\/2019: <\/strong><strong><span style=\"color: #0000ff\">Formaci\u00f3n en RCP.<\/span><\/strong><br \/>\n<span style=\"color: #0000ff\">Hoy el alumno de 5\u00b0C, <strong><em>Daniel Doblas<\/em><\/strong>, ha ofrecido una formaci\u00f3n en RCP y Primeros Auxilios a todo el alumnado de Tercer Ciclo del centro.<\/span><br \/>\n<span style=\"color: #0000ff\">Su saber estar, su conocimiento, su capacidad de comunicaci\u00f3n y buen talante, nos ha dejado a todos los oyentes con la boca,los o\u00eddos y ojos abiertos de par en par. <\/span><br \/>\n<span style=\"color: #0000ff\">Ha ilustrado sus explicaciones te\u00f3ricas con una presentaci\u00f3n clara y sencilla y ha hecho part\u00edcipes a todos con un mu\u00f1eco de alto coste que generosamente ha cedido en pr\u00e9stamo el cuerpo de Protecci\u00f3n Civil de la localidad.<\/span><br \/>\n<span style=\"color: #0000ff\">Daniel ha obtenido el respeto y admiraci\u00f3n de todos los presentes y ha abierto una puerta junto a su familia, para futuras presentaciones al alumnado de otros niveles.<\/span><br \/>\n<span style=\"color: #0000ff\">Gracias a Daniel, a su familia y al profesorado que ha facilitado su presentaci\u00f3n en el d\u00eda de hoy.&nbsp; <strong>(<a href=\"https:\/\/wp.me\/P76aSc-2B4\">ENLACE A FOTOS<\/a>)<\/strong><\/span><\/span><\/p>\n<p><span style=\"color: #ff0000\"><strong>15\/03\/2019:<\/strong> <span style=\"color: #0000ff\"><strong>Viaje de Estudios, Irlanda 2019:<\/strong><br \/>\nComo broche final a la Etapa de Primaria los alumnos y las alumnas de sexto han disfrutado de una experiencia \u00fanica donde han practicado el ingl\u00e9s de forma divertida, conociendo la cultura a trav\u00e9s de la convivencia con familias fant\u00e1sticas y rodeados de paisajes m\u00e1gicos. Como souvenir se han tra\u00eddo diplomas de nivel A1++ y A2.&nbsp;&nbsp;&nbsp;&nbsp;&nbsp;&nbsp;&nbsp;&nbsp;&nbsp;&nbsp;&nbsp;&nbsp;&nbsp;&nbsp;&nbsp;&nbsp;&nbsp;&nbsp;&nbsp;&nbsp;&nbsp;&nbsp; <strong>(<a href=\"https:\/\/wp.me\/P76aSc-2yx\">ENLACE A FOTOS<\/a>)&nbsp;&nbsp;&nbsp;&nbsp; (<a href=\"https:\/\/blogsaverroes.juntadeandalucia.es\/ceipblancadelosrios\/files\/2019\/04\/IRELAND-2019.mp4\">ENLACE A V\u00cdDEO<\/a>)<\/strong><\/span><\/span><\/p>\n<p><span style=\"color: #ff0000\"><strong>12\/03\/2019: <\/strong><span style=\"color: #0000ff\"><strong>Visita al Jard\u00edn Bot\u00e1nico \u00abEl Robledo\u00bb:<\/strong><br \/>\nHoy el alumnado de 5\u00b0, tras varios d\u00edas preparando la visita, ha disfrutado de un maravilloso d\u00eda de convivencia en Constantina.<br \/>\nEn primer lugar, los ni\u00f1os y ni\u00f1as han participado de talleres en el Jard\u00edn Bot\u00e1nico, relacionados con las plantas arom\u00e1ticas, adem\u00e1s de conocer la organizaci\u00f3n del Jard\u00edn y curiosidades de plantas end\u00e9micas de la zona.<br \/>\nA continuaci\u00f3n, los ni\u00f1os y ni\u00f1as han realizado un peque\u00f1o sendero por un camino rural que ha terminado en unas de las plazas del pueblo, donde adem\u00e1s de almorzar, han jugado y re\u00eddo juntos.<br \/>\nLa vuelta ha sido refrescada por una agradable brisa y endulzada por muchas risas.<br \/>\n\u00a1Magn\u00edfica experiencia! \u00a1Para repetir!&nbsp;&nbsp;&nbsp;&nbsp;&nbsp; <strong>(<a href=\"https:\/\/wp.me\/P76aSc-2uk\">ENLACE A FOTOS<\/a>)<\/strong><\/span><\/span><\/p>\n<p><strong><span style=\"color: #ff0000\">25\/01\/2019: <span style=\"color: #0000ff\">Alumnado de 5\u00baB analiza plantas y limpia el huerto.<br \/>\n<\/span><\/span><\/strong><span style=\"color: #ff0000\"><span style=\"color: #0000ff\">Adem\u00e1s de alg\u00fan roce desafortunado con la ortiga, hemos dibujado y analizado sus partes, estudiado y clasificado el tipo de hoja seg\u00fan varios criterios y finalmente descubierto que hasta lo que creemos a priori que es mala hierba tiene muchos usos en medicina y alimentaci\u00f3n.&nbsp;&nbsp; <strong>(<a href=\"https:\/\/wp.me\/P76aSc-2hD\">ENLACE A FOTOS<\/a>)<\/strong><\/span><\/span><\/p>\n<p><span style=\"color: #ff0000\"><strong>14\/12\/2018: <\/strong><\/span><strong><span style=\"color: #0000ff\">Visita a los Belenes de Sevilla:<\/span><\/strong><\/p>\n<p><span style=\"color: #0000ff\">Esta ma\u00f1ana del14 de diciembre, buena parte del alumnado de 5\u00b0 ha viajado a Sevilla con el fin de conocer la cultura y tradiciones de nuestra ciudad. <\/span><span style=\"color: #0000ff\">Han disfrutado de un magn\u00edfico paseo con parada en el convento de Santa \u00c1ngela de la Cruz, la Capilla de San Andr\u00e9s, la iglesia de la Anunciaci\u00f3n, el Bel\u00e9n de la Caixa en la Plaza de San Francisco, Capilla de Nuestra Se\u00f1ora de la Paz y la Iglesia del Salvador.<\/span><br \/>\n<span style=\"color: #0000ff\">Cada parada ha estado ilustrada con el saber de los profes de Religi\u00f3n \u00c1ngel y Maril\u00f3 y complementada por todas las personas que nos han abierto las puertas y regalado reliquias, estampas, calendarios,&#8230;, desde el cari\u00f1o y la generosidad.<\/span><br \/>\n<span style=\"color: #0000ff\">Como siempre las ni\u00f1as y ni\u00f1os han demostrado un comportamiento ejemplar, una gran relaci\u00f3n entre ellos y un civismo extraordinario en su camino por una Sevilla abarrotada e inmersa en la locura de las fiestas navide\u00f1as.<\/span><br \/>\n<strong><span style=\"color: #0000ff\">(<a href=\"https:\/\/wp.me\/P76aSc-2ei\">ENLACE A FOTOS<\/a>)&nbsp;&nbsp; (<a href=\"https:\/\/blogsaverroes.juntadeandalucia.es\/ceipblancadelosrios\/files\/2018\/12\/VID-20181215-WA0003.mp4\">ENLACE V\u00cdDEO 1<\/a>)&nbsp;&nbsp; (<a href=\"https:\/\/blogsaverroes.juntadeandalucia.es\/ceipblancadelosrios\/files\/2018\/12\/VID-20181214-WA0030.mp4\">ENLACE V\u00cdDEO 2<\/a>)&nbsp;&nbsp;&nbsp; (<a href=\"https:\/\/blogsaverroes.juntadeandalucia.es\/ceipblancadelosrios\/files\/2018\/12\/VID-20181214-WA0038.mp4\">ENLACE V\u00cdDEO 3<\/a>)&nbsp; (<a href=\"https:\/\/www.facebook.com\/1613160375571305\/posts\/2195711273982876\/\">ENLACE FACEBOOK BIBLIOTECA<\/a>)<br \/>\n<\/span><\/strong><\/p>\n<p><span style=\"color: #ff0000\"><strong>11,12 y 13\/12\/2018:<\/strong><span style=\"color: #0000ff\"> Durante estos tres d\u00edas, los tres cursos de 5\u00ba han visitado la Hacienda Santa Cruz en San Jos\u00e9 de la Rinconada, <strong>Biblioteca P\u00fablica Municipal<\/strong> y centro cultural. Conocer mejor la localidad y acercar a nuestro alumnado a la cultura a trav\u00e9s de los libros han sido los principales objetivos de esta visita. La lectura es fundamental para el desarrollo acad\u00e9mico y personal de nuestros ni\u00f1os y nuestras ni\u00f1as. Un buen paseo andando y una peque\u00f1a excursi\u00f3n han sido unas magn\u00edficas excusas para acercarnos a la literatura y actividades infantiles&#8230;&nbsp;&nbsp;&nbsp; <strong>(<a href=\"https:\/\/wp.me\/P76aSc-2bd\">ENLACE A FOTOS DE 5\u00ba A<\/a>)&nbsp;&nbsp; (<a href=\"https:\/\/wp.me\/P76aSc-2c7\">ENLACE A FOTOS DE 5\u00ba B<\/a>)<\/strong><br \/>\n<\/span><\/span><\/p>\n<p><span style=\"color: #ff0000\"><strong>4\/12\/2018: <\/strong><\/span><strong><span style=\"color: #0000ff\">Visita al Museo de Autonom\u00eda de Andaluc\u00eda:<\/span><\/strong><\/p>\n<p><span style=\"color: #0000ff\">Unos d\u00edas previos a la celebraci\u00f3n de la aprobaci\u00f3n de la Constituci\u00f3n del 6 de diciembre 1978 y unos d\u00edas despu\u00e9s de que los Andaluces hayan ejercido su derecho al voto en las urnas&#8230;nuestro alumnado de 5\u00b0 ha visitado el Museo de Autonom\u00eda de Andaluc\u00eda.<\/span><br \/>\n<span style=\"color: #0000ff\">Han podido repasar lo que ya han estudiado en clase, valorar la importancia del proceso hasta alcanzar la Democracia tras una Dictadura, el esfuerzo del pueblo Andaluz por tener su propio Estatuto y conocer de primera mano la casa, vida y obra del padre de la Patria Andaluza: Blas Infante.<\/span><br \/>\n<span style=\"color: #0000ff\">Adem\u00e1s de ilustrarnos, hemos echado una magn\u00edfica ma\u00f1ana soleada de convivencia en los jardines de los alrededores del Museo.<\/span><br \/>\n<span style=\"color: #0000ff\">Feliz D\u00eda de la Constituci\u00f3n.&nbsp;&nbsp;&nbsp; <strong>(<a href=\"https:\/\/wp.me\/P76aSc-29P\">ENLACE A FOTOS<\/a>)&nbsp;&nbsp;&nbsp;&nbsp;&nbsp; (<a href=\"https:\/\/blogsaverroes.juntadeandalucia.es\/ceipblancadelosrios\/files\/2018\/12\/VID_20181204_114904229.mp4\">ENLACE A V\u00cdDEO<\/a>)<\/strong><br \/>\n<\/span><\/p>\n<p><span style=\"color: #ff0000\"><strong>6\/11\/2018: <\/strong><span style=\"color: #0000ff\">Obra de teatro musical en el Teatro de la Villa. La obra \u00abEl aprendiz\u00bb de la compa\u00f1\u00eda de Jos\u00e9 Gal\u00e1n que nace con el prop\u00f3sito de aportar algo nuevo al flamenco y es pionera en crear un espect\u00e1culo integrador en el que participan artistas con y sin discapacidad.&nbsp; <strong>(<a href=\"https:\/\/wp.me\/P76aSc-26q\">ENLACE FOTOS<\/a>)<\/strong><\/span><\/span><\/p>\n<p><span style=\"color: #ff0000\"><strong>25\/10\/2018:<\/strong><span style=\"color: #0000ff\"> Con motivo de la Semana de la Energ\u00eda, el alumnado de 6\u00b0 ha realizado una gymkhana en bicicleta por los parques de nuestra localidad. Para ello, hemos contado con la colaboraci\u00f3n de nuestro Ayuntamiento y de la Polic\u00eda Local. Gracias a ellos, hemos aprendido mucho acerca de Seguridad Vial, sobre la importancia de utilizar medios de transporte sostenibles y de c\u00f3mo ayudar a cuidar nuestro medio ambiente. Por \u00faltimo, hemos realizado un circuito de actividades en el Parque Dehesa Boyal y hemos disfrutado mucho.<strong>&nbsp; (<a href=\"https:\/\/wp.me\/P76aSc-26W\">ENLACE A FOTOS<\/a>)<\/strong><\/span><\/span><\/p>\n","protected":false},"excerpt":{"rendered":"<p>21\/06\/2019: \u00daltima noche en el colegio:&nbsp;&nbsp; (ENLACE A FOTOS) Los ni\u00f1os y ni\u00f1as abandonan 5\u00b0 este curso por la puerta grande. Una acampada nocturna en el colegio que les ha visto crecer en los&#46;&#46;&#46;<\/p>\n","protected":false},"author":2329,"featured_media":0,"parent":6360,"menu_order":0,"comment_status":"closed","ping_status":"closed","template":"page-templates\/child-menu.php","meta":{"ngg_post_thumbnail":0,"footnotes":"","_mc_calendar":[]},"aioseo_notices":[],"_links":{"self":[{"href":"https:\/\/blogsaverroes.juntadeandalucia.es\/ceipblancadelosrios\/wp-json\/wp\/v2\/pages\/6373"}],"collection":[{"href":"https:\/\/blogsaverroes.juntadeandalucia.es\/ceipblancadelosrios\/wp-json\/wp\/v2\/pages"}],"about":[{"href":"https:\/\/blogsaverroes.juntadeandalucia.es\/ceipblancadelosrios\/wp-json\/wp\/v2\/types\/page"}],"author":[{"embeddable":true,"href":"https:\/\/blogsaverroes.juntadeandalucia.es\/ceipblancadelosrios\/wp-json\/wp\/v2\/users\/2329"}],"replies":[{"embeddable":true,"href":"https:\/\/blogsaverroes.juntadeandalucia.es\/ceipblancadelosrios\/wp-json\/wp\/v2\/comments?post=6373"}],"version-history":[{"count":41,"href":"https:\/\/blogsaverroes.juntadeandalucia.es\/ceipblancadelosrios\/wp-json\/wp\/v2\/pages\/6373\/revisions"}],"predecessor-version":[{"id":12311,"href":"https:\/\/blogsaverroes.juntadeandalucia.es\/ceipblancadelosrios\/wp-json\/wp\/v2\/pages\/6373\/revisions\/12311"}],"up":[{"embeddable":true,"href":"https:\/\/blogsaverroes.juntadeandalucia.es\/ceipblancadelosrios\/wp-json\/wp\/v2\/pages\/6360"}],"wp:attachment":[{"href":"https:\/\/blogsaverroes.juntadeandalucia.es\/ceipblancadelosrios\/wp-json\/wp\/v2\/media?parent=6373"}],"curies":[{"name":"wp","href":"https:\/\/api.w.org\/{rel}","templated":true}]}}