{"id":1113,"date":"2015-03-12T11:00:55","date_gmt":"2015-03-12T11:00:55","guid":{"rendered":"http:\/\/blogsaverroes.juntadeandalucia.es\/pre\/ceip\/?page_id=2"},"modified":"2025-11-17T23:18:45","modified_gmt":"2025-11-17T22:18:45","slug":"pagina-ejemplo-2","status":"publish","type":"page","link":"https:\/\/blogsaverroes.juntadeandalucia.es\/ceipborbolla\/","title":{"rendered":""},"content":{"rendered":"<p><a href=\"http:\/\/blogsaverroes.juntadeandalucia.es\/ceipborbolla\/files\/2016\/01\/CuadroBorbolla.jpg\"><img loading=\"lazy\" decoding=\"async\" class=\"aligncenter wp-image-2377 \" src=\"http:\/\/blogsaverroes.juntadeandalucia.es\/ceipborbolla\/files\/2016\/01\/CuadroBorbolla.jpg\" alt=\"Cuadro Colegio Borbolla\" width=\"516\" height=\"422\" srcset=\"https:\/\/blogsaverroes.juntadeandalucia.es\/ceipborbolla\/files\/2016\/01\/CuadroBorbolla.jpg 1102w, https:\/\/blogsaverroes.juntadeandalucia.es\/ceipborbolla\/files\/2016\/01\/CuadroBorbolla-300x245.jpg 300w, https:\/\/blogsaverroes.juntadeandalucia.es\/ceipborbolla\/files\/2016\/01\/CuadroBorbolla-1024x836.jpg 1024w\" sizes=\"(max-width: 516px) 100vw, 516px\" \/><\/a><\/p>\n<h4>&nbsp;<\/h4>\n<h2><strong>\u00a1Bienvenidos a la web del CEIP Borbolla!<\/strong><\/h2>\n<p>Un espacio pensado para&nbsp;<strong>informar, conectar y facilitar<\/strong>&nbsp;la comunicaci\u00f3n entre el colegio y nuestras familias.<\/p>\n<hr>\n<h3><strong>\ud83c\udfeb Conoce nuestro centro<\/strong><\/h3>\n<p>En el&nbsp;<strong>CEIP Borbolla<\/strong>&nbsp;nos esforzamos por ofrecer una educaci\u00f3n de calidad, respaldada por unos servicios que facilitan la conciliaci\u00f3n familiar y laboral:<\/p>\n<ul>\n<li><a href=\"https:\/\/blogsaverroes.juntadeandalucia.es\/ceipborbolla\/aula-matinal\/\"><strong>Aula matinal<\/strong><\/a><\/li>\n<li><a href=\"https:\/\/blogsaverroes.juntadeandalucia.es\/ceipborbolla\/comedor-escolar\/\"><strong>Comedor escolar<\/strong><\/a><\/li>\n<li><a href=\"https:\/\/blogsaverroes.juntadeandalucia.es\/ceipborbolla\/actividades-extraescolares\/\"><strong>Actividades extraescolares<\/strong><\/a><\/li>\n<\/ul>\n<hr>\n<h3><strong>\ud83d\udcda \u00bfQu\u00e9 encontrar\u00e1s en esta web?<\/strong><\/h3>\n<p>Nuestra plataforma est\u00e1 dise\u00f1ada para que encuentres todo lo que necesitas:<\/p>\n<ul>\n<li><strong>Admisi\u00f3n y matr\u00edcula<\/strong>: Informaci\u00f3n y tr\u00e1mites para formar parte de nuestra comunidad.<\/li>\n<li><strong>Noticias y eventos<\/strong>: Salidas, excursiones y actividades del colegio.<\/li>\n<li><strong>Documentos importantes<\/strong>: Agiliza tus gestiones con acceso directo a recursos y formularios.<\/li>\n<li><strong>Sugerencias y contacto<\/strong>: Estamos abiertos a tus propuestas para seguir mejorando juntos.<\/li>\n<\/ul>\n<hr>\n<h3><strong>\ud83e\udd1d Nuestro compromiso<\/strong><\/h3>\n<p>Gracias al esfuerzo y la colaboraci\u00f3n de toda la&nbsp;<strong>comunidad educativa<\/strong>&nbsp;(familias, alumnado y equipo docente), el CEIP Borbolla ha crecido en&nbsp;<strong>calidad y servicios<\/strong>&nbsp;a\u00f1o tras a\u00f1o.<\/p>\n<p>Esta web es una herramienta m\u00e1s para mantenernos&nbsp;<strong>cerca de ti<\/strong>, facilitar tu d\u00eda a d\u00eda y ayudarte a conocernos mejor.<\/p>\n<hr>\n<h3><strong>\ud83d\udce8 \u00a1Tu opini\u00f3n cuenta!<\/strong><\/h3>\n<p>Si tienes alguna sugerencia o consulta, no dudes en ponerte en contacto con nosotros a trav\u00e9s del correo electr\u00f3nico. Juntos, trabajamos para seguir construyendo un&nbsp;<strong>colegio mejor<\/strong>.<\/p>\n<hr>\n<p>&nbsp;<\/p>\n<p style=\"text-align: right\"><strong>Atentamente,<\/strong><br \/>\n<strong>La Direcci\u00f3n del CEIP Borbolla<\/strong><\/p>\n<p>&nbsp;<\/p>\n<h3><strong>\u2728 \u00a1Explora y descubre todo lo que el CEIP Borbolla tiene preparado para ti!<\/strong><\/h3>\n<hr>\n<h1 style=\"text-align: center\">NOVEDADES<\/h1>\n<hr>\n<!-- This slideshow output is generated with Advanced post slider a multipurpose responsive WordPress slideshow plugin - http:\/\/www.wpcue.com\/wordpress-plugins\/advanced-post-slider\/ -->\r\n<style>\r\n#advps_container1 .bx-wrapper .bx-viewport {\r\n\t\t-moz-box-shadow: 0px 1px 4px #000000;\r\n\t-webkit-box-shadow: 0px 1px 4px #000000;\r\n\tbox-shadow: 0px 1px 4px #000000;\r\n\t\tborder: 1px solid #444444;\r\n\t\tbackground:#FFFFFF;\r\n}\r\n#advps_container1 .bx-wrapper .bx-pager{\r\n\ttext-align: center;\r\n\t;\r\n}\r\n#advps_container1 .bx-wrapper .bx-pager\r\n{\r\n\tbottom:-35px;\r\n\tz-index:999;\r\n}\r\n#advps_container1 .bx-wrapper .bx-controls-auto\r\n{\r\n\tbottom:6px;\r\n}\r\n#advps_container1 .bx-wrapper .bx-controls.bx-has-controls-auto.bx-has-pager .bx-pager {\r\n\ttext-align: center;\r\n}\r\n#advps_container1 .bx-wrapper .bx-controls-auto {\r\n\tz-index:99999;\r\n\ttext-align:center;width:100%;}\r\n\r\n#advps_container1 .bx-wrapper .bx-pager.bx-default-pager a {\r\n\tbackground: #666;\r\n\ttext-indent: -9999px;\r\n\tdisplay: block;\r\n\twidth: 10px;\r\n\theight: 10px;\r\n\tmargin: 0 5px;\r\n\toutline: 0;\r\n\t-moz-border-radius: 5px;\r\n\t-webkit-border-radius: 5px;\r\n\tborder-radius: 5px;\r\n\ttext-align:left;\r\n}\r\n#advps_container1 .bx-wrapper .bx-pager.bx-default-pager a:hover,\r\n#advps_container1 .bx-wrapper .bx-pager.bx-default-pager a.active {\r\n\tbackground: #000;\r\n}\r\n\r\n\/* thumbnail pager*\/\r\n#advps_container1 #bx-pager\r\n{\r\n\twidth:100%;\r\n\tposition:absolute;\r\n\tbottom:-35px;\r\n    text-align: center;\r\n\tz-index: 9999;\r\n}\r\n#advps_container1 #bx-pager a img\r\n{\r\n\tborder: 1px solid #CCCCCC;\r\n    padding: 3px;\r\n}\r\n#advps_container1 #bx-pager a:hover img, #advps_container1 #bx-pager a.active img\r\n{\r\n\tborder: 1px solid #666666;\r\n}\r\n\/* medai queries *\/\r\n#advps_container1 .advs-title,#advps_container1 .advs-title a\r\n{\r\n\tfont-size:20px;\r\n\tline-height:20px;\r\n}\r\n#advps_container1 .advps-slide p\r\n{\r\n\tfont-size:14px;\r\n\tline-height:14px;\r\n}\r\n@media screen and (max-width: 1024px){\r\n\t#advps_container1 .advs-title,#advps_container1 .advs-title a\r\n\t{\r\n\t\tfont-size:18px;\r\n\t\tline-height:18px;\r\n\t}\r\n\t#advps_container1 .advps-slide p\r\n\t{\r\n\t\tfont-size:12px;\r\n\t\tline-height:12px;\r\n\t}\r\n}\r\n@media screen and (max-width: 768px){\r\n\t#advps_container1 h2.advs-title, #advps_container1 h2.advs-title a\r\n\t{\r\n\t\tfont-size:16px;\r\n\t\tline-height:16px;\r\n\t}\r\n\t#advps_container1 .advps-slide p\r\n\t{\r\n\t\tfont-size:12px;\r\n\t\tline-height:12px;\r\n\t}\r\n}\r\n@media screen and (max-width: 650px){\r\n\t#advps_container1 h2.advs-title, #advps_container1 h2.advs-title a\r\n\t{\r\n\t\tfont-size:15px;\r\n\t\tline-height:15px;\r\n\t}\r\n\t#advps_container1 .advps-slide p\r\n\t{\r\n\t\tfont-size:12px;\r\n\t\tline-height:12px;\r\n\t}\r\n}\r\n@media screen and (max-width: 480px){\r\n\t#advps_container1 h2.advs-title, #advps_container1 h2.advs-title a\r\n\t{\r\n\t\tfont-size:15px;\r\n\t\tline-height:15px;\r\n\t}\r\n\t#advps_container1 .advps-slide p\r\n\t{\r\n\t\tfont-size:12px;\r\n\t\tline-height:12px;\r\n\t}\r\n}\r\n@media screen and (max-width: 320px){\r\n\t#advps_container1 h2.advs-title, #advps_container1 h2.advs-title a\r\n\t{\r\n\t\tfont-size:15px;\r\n\t\tline-height:15px;\r\n\t}\r\n\t#advps_container1 .advps-slide p\r\n\t{\r\n\t\tfont-size:12px;\r\n\t\tline-height:12px;\r\n\t}\r\n}\r\n<\/style>\r\n<script type=\"text\/javascript\">\r\n\t\tjQuery(document).ready(function($){\r\n\t\t\t$('#advpsslideshow_1').bxSlider({\r\n\t\t\t\tuseCSS:0,\r\n\t\t\t\tslideMargin: 0,\r\n\t\t\t\tspeed: 1000,\t\t\t\t\r\n\t\t\t\t\t\t\t\tmode: 'horizontal',\r\n\t\t\t\t\t\t\t\t\t\t\t\tauto: 1,\r\n\t\t\t\tautoHover: 1,\r\n\t\t\t\tpause: 3000,\r\n\t\t\t\teasing: 'linear',\r\n\t\t\t\tcontrols: 0,\r\n\t\t\t\tpager: 1,\r\n  \t\t\t\tautoControls: 0\t\t\t\t\t\t\t});\r\n\t\t\t\t\t\t\t$(\"#advpsslideshow_1 .advs-title a\").hover(function(){\r\n\t\t\t\t\t$(this).css('color','#c9c9c9');\r\n\t\t\t\t},function(){\r\n\t\t\t\t\t$(this).css('color','#FFFFFF');\r\n\t\t\t\t});\r\n\t\t\t\t\t\t$(\"#advpsslideshow_1 .advps-slide\").hover(function(){\r\n\t\t\t\t  \t\t\t},function(){\r\n\t\t\t\t\t\t\t});\r\n\t\t});\r\n\t<\/script>\r\n<div id=\"advps_container1\" class=\"advps-slide-container\" style=\"overflow:hidden;max-width:1024px;margin:auto;\">\r\n \r\n  <div id=\"advpsslideshow_1\">\r\n        <div class=\"advps-slide\">\r\n\t<a target=\"_self\" href=\"https:\/\/blogsaverroes.juntadeandalucia.es\/ceipborbolla\/2026\/02\/02\/jornada-puertas-abiertas-2026\/\" >      <img loading=\"lazy\" decoding=\"async\" width=\"1024\" height=\"572\" src=\"https:\/\/blogsaverroes.juntadeandalucia.es\/ceipborbolla\/files\/2026\/02\/Jornadas-Puertas-abiertas-Cartel-H2.jpg\" class=\"attachment-full size-full wp-post-image\" alt=\"\" srcset=\"https:\/\/blogsaverroes.juntadeandalucia.es\/ceipborbolla\/files\/2026\/02\/Jornadas-Puertas-abiertas-Cartel-H2.jpg 1024w, https:\/\/blogsaverroes.juntadeandalucia.es\/ceipborbolla\/files\/2026\/02\/Jornadas-Puertas-abiertas-Cartel-H2-300x168.jpg 300w, https:\/\/blogsaverroes.juntadeandalucia.es\/ceipborbolla\/files\/2026\/02\/Jornadas-Puertas-abiertas-Cartel-H2-768x429.jpg 768w\" sizes=\"(max-width: 1024px) 100vw, 1024px\" \/>      <\/a>       \r\n      <div class=\"advps-excerpt-one\" style=\"width:100%;height:15%;bottom:0; left:0;\">\r\n      \t<div class=\"advps-overlay-one\" style=\"background-color:#000000; -moz-opacity:0.6;filter:alpha(opacity=60);opacity:0.6;\"><\/div>\r\n        <div class=\"advps-excerpt-block-one\" style=\"text-align:center;color:#FFFFFF;-moz-opacity:1;filter:alpha(opacity=100);opacity:1;\">        \r\n        <h2 class=\"advs-title\" style=\"margin:5px 0px 10px 0px;color:#FFFFFF\"><a target=\"_self\" href=\"https:\/\/blogsaverroes.juntadeandalucia.es\/ceipborbolla\/2026\/02\/02\/jornada-puertas-abiertas-2026\/\" style=\"margin:5px 0px 10px 0px;color:#FFFFFF\" >Jornada Puertas Abiertas 2026<\/a><\/h2>\r\n          \r\n                    <\/div>\r\n      <\/div>\r\n    <\/div>\r\n        <div class=\"advps-slide\">\r\n\t<a target=\"_self\" href=\"https:\/\/blogsaverroes.juntadeandalucia.es\/ceipborbolla\/2026\/02\/02\/campamento-de-verano-2026\/\" >      <img loading=\"lazy\" decoding=\"async\" width=\"878\" height=\"438\" src=\"https:\/\/blogsaverroes.juntadeandalucia.es\/ceipborbolla\/files\/2026\/02\/Cartel_Campamento-de-verano-2026_BORBOLLA-H.png\" class=\"attachment-full size-full wp-post-image\" alt=\"\" srcset=\"https:\/\/blogsaverroes.juntadeandalucia.es\/ceipborbolla\/files\/2026\/02\/Cartel_Campamento-de-verano-2026_BORBOLLA-H.png 878w, https:\/\/blogsaverroes.juntadeandalucia.es\/ceipborbolla\/files\/2026\/02\/Cartel_Campamento-de-verano-2026_BORBOLLA-H-300x150.png 300w, https:\/\/blogsaverroes.juntadeandalucia.es\/ceipborbolla\/files\/2026\/02\/Cartel_Campamento-de-verano-2026_BORBOLLA-H-768x383.png 768w\" sizes=\"(max-width: 878px) 100vw, 878px\" \/>      <\/a>       \r\n      <div class=\"advps-excerpt-one\" style=\"width:100%;height:15%;bottom:0; left:0;\">\r\n      \t<div class=\"advps-overlay-one\" style=\"background-color:#000000; -moz-opacity:0.6;filter:alpha(opacity=60);opacity:0.6;\"><\/div>\r\n        <div class=\"advps-excerpt-block-one\" style=\"text-align:center;color:#FFFFFF;-moz-opacity:1;filter:alpha(opacity=100);opacity:1;\">        \r\n        <h2 class=\"advs-title\" style=\"margin:5px 0px 10px 0px;color:#FFFFFF\"><a target=\"_self\" href=\"https:\/\/blogsaverroes.juntadeandalucia.es\/ceipborbolla\/2026\/02\/02\/campamento-de-verano-2026\/\" style=\"margin:5px 0px 10px 0px;color:#FFFFFF\" >Campamento de Verano 2026<\/a><\/h2>\r\n          \r\n                    <\/div>\r\n      <\/div>\r\n    <\/div>\r\n        <div class=\"advps-slide\">\r\n\t<a target=\"_self\" href=\"https:\/\/blogsaverroes.juntadeandalucia.es\/ceipborbolla\/2026\/02\/02\/mejora-integral-del-ceip-borbolla\/\" >      <img loading=\"lazy\" decoding=\"async\" width=\"1600\" height=\"893\" src=\"https:\/\/blogsaverroes.juntadeandalucia.es\/ceipborbolla\/files\/2026\/02\/licitacion-obras-borbolla-26.jpg\" class=\"attachment-full size-full wp-post-image\" alt=\"\" srcset=\"https:\/\/blogsaverroes.juntadeandalucia.es\/ceipborbolla\/files\/2026\/02\/licitacion-obras-borbolla-26.jpg 1600w, https:\/\/blogsaverroes.juntadeandalucia.es\/ceipborbolla\/files\/2026\/02\/licitacion-obras-borbolla-26-300x167.jpg 300w, https:\/\/blogsaverroes.juntadeandalucia.es\/ceipborbolla\/files\/2026\/02\/licitacion-obras-borbolla-26-1024x572.jpg 1024w, https:\/\/blogsaverroes.juntadeandalucia.es\/ceipborbolla\/files\/2026\/02\/licitacion-obras-borbolla-26-768x429.jpg 768w, https:\/\/blogsaverroes.juntadeandalucia.es\/ceipborbolla\/files\/2026\/02\/licitacion-obras-borbolla-26-1536x857.jpg 1536w, https:\/\/blogsaverroes.juntadeandalucia.es\/ceipborbolla\/files\/2026\/02\/licitacion-obras-borbolla-26-2048x1143.jpg 2048w\" sizes=\"(max-width: 1600px) 100vw, 1600px\" \/>      <\/a>       \r\n      <div class=\"advps-excerpt-one\" style=\"width:100%;height:15%;bottom:0; left:0;\">\r\n      \t<div class=\"advps-overlay-one\" style=\"background-color:#000000; -moz-opacity:0.6;filter:alpha(opacity=60);opacity:0.6;\"><\/div>\r\n        <div class=\"advps-excerpt-block-one\" style=\"text-align:center;color:#FFFFFF;-moz-opacity:1;filter:alpha(opacity=100);opacity:1;\">        \r\n        <h2 class=\"advs-title\" style=\"margin:5px 0px 10px 0px;color:#FFFFFF\"><a target=\"_self\" href=\"https:\/\/blogsaverroes.juntadeandalucia.es\/ceipborbolla\/2026\/02\/02\/mejora-integral-del-ceip-borbolla\/\" style=\"margin:5px 0px 10px 0px;color:#FFFFFF\" >Mejora integral del CEIP Borbolla<\/a><\/h2>\r\n          \r\n                    <\/div>\r\n      <\/div>\r\n    <\/div>\r\n      <\/div>\r\n  <\/div><!-- end advps-slide-container -->\r\n<!-- \/ Advanced post slider a multipurpose responsive slideshow plugin -->\r\n\n<div class=\"pt-cv-wrapper\"><div class=\"pt-cv-view pt-cv-collapsible\" id=\"pt-cv-view-90029ebs02\"><div data-id=\"pt-cv-page-1\" class=\"pt-cv-page\" data-cvc=\"1\"><div class=\"panel-group\" id=\"e95ebc8m93\"><div class=\"panel panel-default pt-cv-content-item pt-cv-2-col\" >\r\n<div class=\"panel-heading pt-cv-title\">\r\n    <a class=\"panel-title\" data-toggle=\"cvcollapse\" data-parent=\"#e95ebc8m93\" data-target=\"#f27791dcgf\" href='https:\/\/blogsaverroes.juntadeandalucia.es\/ceipborbolla\/2026\/02\/02\/jornada-puertas-abiertas-2026\/' onclick='event.preventDefault()'>\r\n\t\tJornada Puertas Abiertas 2026\t<\/a>\r\n\t<\/div>\r\n<div id=\"f27791dcgf\" class=\"panel-collapse collapse \">\r\n\t<div class=\"panel-body\">\r\n\t\t<a href=\"https:\/\/blogsaverroes.juntadeandalucia.es\/ceipborbolla\/2026\/02\/02\/jornada-puertas-abiertas-2026\/\" class=\"_self pt-cv-href-thumbnail pt-cv-thumb-left\" target=\"_self\" ><img loading=\"lazy\" decoding=\"async\" width=\"300\" height=\"168\" src=\"https:\/\/blogsaverroes.juntadeandalucia.es\/ceipborbolla\/files\/2026\/02\/Jornadas-Puertas-abiertas-Cartel-H2-300x168.jpg\" class=\"pt-cv-thumbnail pull-left\" alt=\"\" srcset=\"https:\/\/blogsaverroes.juntadeandalucia.es\/ceipborbolla\/files\/2026\/02\/Jornadas-Puertas-abiertas-Cartel-H2-300x168.jpg 300w, https:\/\/blogsaverroes.juntadeandalucia.es\/ceipborbolla\/files\/2026\/02\/Jornadas-Puertas-abiertas-Cartel-H2-768x429.jpg 768w, https:\/\/blogsaverroes.juntadeandalucia.es\/ceipborbolla\/files\/2026\/02\/Jornadas-Puertas-abiertas-Cartel-H2.jpg 1024w\" sizes=\"(max-width: 300px) 100vw, 300px\" \/><\/a>\n<div class=\"pt-cv-content\">El CEIP Borbolla invita a las familias interesadas en nuestro centro a asistir a las pr\u00f3ximas Jornadas de Puertas Abiertas. Es una oportunidad para conocer nuestras instalaciones y nuestro proyecto educativo de cara al pr\u00f3ximo curso. La visita se realizar\u00e1 por la tarde, lo que permitir\u00e1 recorrer el centro con tranquilidad y resolver vuestras dudas con personas del equipo docente. \u00a1Os esperamos! Fecha: Martes, 24 de febrero Hora: 17:00 horas En Instagram ...<br \/><div class=\"pt-cv-rmwrap\"><a href=\"https:\/\/blogsaverroes.juntadeandalucia.es\/ceipborbolla\/2026\/02\/02\/jornada-puertas-abiertas-2026\/\" class=\"_self pt-cv-readmore btn btn-success\" target=\"_self\">Abrir art\u00edculo completo<\/a><\/div><\/div>\n<div class=\"pt-cv-meta-fields\"><span class=\"entry-date\"> <time datetime=\"2026-02-02T12:12:30+01:00\">02\/02\/2026<\/time><\/span><span> \/ <\/span><span class=\"terms\"> <a href='https:\/\/blogsaverroes.juntadeandalucia.es\/ceipborbolla\/category\/novedades\/' title='Novedades' class='pt-cv-tax-novedades'>Novedades<\/a><\/span><\/div>\t<\/div>\r\n<\/div><\/div>\n<div class=\"panel panel-default pt-cv-content-item pt-cv-2-col\" >\r\n<div class=\"panel-heading pt-cv-title\">\r\n    <a class=\"panel-title\" data-toggle=\"cvcollapse\" data-parent=\"#e95ebc8m93\" data-target=\"#6516dec2jp\" href='https:\/\/blogsaverroes.juntadeandalucia.es\/ceipborbolla\/2026\/02\/02\/campamento-de-verano-2026\/' onclick='event.preventDefault()'>\r\n\t\tCampamento de Verano 2026\t<\/a>\r\n\t<\/div>\r\n<div id=\"6516dec2jp\" class=\"panel-collapse collapse \">\r\n\t<div class=\"panel-body\">\r\n\t\t<a href=\"https:\/\/blogsaverroes.juntadeandalucia.es\/ceipborbolla\/2026\/02\/02\/campamento-de-verano-2026\/\" class=\"_self pt-cv-href-thumbnail pt-cv-thumb-left\" target=\"_self\" ><img loading=\"lazy\" decoding=\"async\" width=\"300\" height=\"150\" src=\"https:\/\/blogsaverroes.juntadeandalucia.es\/ceipborbolla\/files\/2026\/02\/Cartel_Campamento-de-verano-2026_BORBOLLA-H-300x150.png\" class=\"pt-cv-thumbnail pull-left\" alt=\"\" srcset=\"https:\/\/blogsaverroes.juntadeandalucia.es\/ceipborbolla\/files\/2026\/02\/Cartel_Campamento-de-verano-2026_BORBOLLA-H-300x150.png 300w, https:\/\/blogsaverroes.juntadeandalucia.es\/ceipborbolla\/files\/2026\/02\/Cartel_Campamento-de-verano-2026_BORBOLLA-H-768x383.png 768w, https:\/\/blogsaverroes.juntadeandalucia.es\/ceipborbolla\/files\/2026\/02\/Cartel_Campamento-de-verano-2026_BORBOLLA-H.png 878w\" sizes=\"(max-width: 300px) 100vw, 300px\" \/><\/a>\n<div class=\"pt-cv-content\">Este a\u00f1o contaremos con la Escuela de Verano de Educo-M\u00fasica, una propuesta donde las artes y la diversi\u00f3n son las protagonistas. Este campamento est\u00e1 dise\u00f1ado para que los ni\u00f1os y ni\u00f1as disfruten de sus vacaciones desarrollando su creatividad en un entorno seguro y estimulante. A diferencia de un campamento deportivo tradicional, aqu\u00ed el enfoque es una Escuela de Artes, integrando disciplinas como m\u00fasica, danza, teatro, pintura e ingl\u00e9s. INFORMACI\u00d3N E INSCRIPCI\u00d3N: Tfno.: 670 771 214 Email: info@educomusica.es Web: http:\/\/educomusica.es\/ Nota: ...<br \/><div class=\"pt-cv-rmwrap\"><a href=\"https:\/\/blogsaverroes.juntadeandalucia.es\/ceipborbolla\/2026\/02\/02\/campamento-de-verano-2026\/\" class=\"_self pt-cv-readmore btn btn-success\" target=\"_self\">Abrir art\u00edculo completo<\/a><\/div><\/div>\n<div class=\"pt-cv-meta-fields\"><span class=\"entry-date\"> <time datetime=\"2026-02-02T12:12:03+01:00\">02\/02\/2026<\/time><\/span><span> \/ <\/span><span class=\"terms\"> <a href='https:\/\/blogsaverroes.juntadeandalucia.es\/ceipborbolla\/category\/novedades\/' title='Novedades' class='pt-cv-tax-novedades'>Novedades<\/a><\/span><\/div>\t<\/div>\r\n<\/div><\/div>\n<div class=\"panel panel-default pt-cv-content-item pt-cv-2-col\" >\r\n<div class=\"panel-heading pt-cv-title\">\r\n    <a class=\"panel-title\" data-toggle=\"cvcollapse\" data-parent=\"#e95ebc8m93\" data-target=\"#ee4c8b7q49\" href='https:\/\/blogsaverroes.juntadeandalucia.es\/ceipborbolla\/2026\/02\/02\/mejora-integral-del-ceip-borbolla\/' onclick='event.preventDefault()'>\r\n\t\tMejora integral del CEIP Borbolla\t<\/a>\r\n\t<\/div>\r\n<div id=\"ee4c8b7q49\" class=\"panel-collapse collapse \">\r\n\t<div class=\"panel-body\">\r\n\t\t<a href=\"https:\/\/blogsaverroes.juntadeandalucia.es\/ceipborbolla\/2026\/02\/02\/mejora-integral-del-ceip-borbolla\/\" class=\"_self pt-cv-href-thumbnail pt-cv-thumb-left\" target=\"_self\" ><img loading=\"lazy\" decoding=\"async\" width=\"300\" height=\"167\" src=\"https:\/\/blogsaverroes.juntadeandalucia.es\/ceipborbolla\/files\/2026\/02\/licitacion-obras-borbolla-26-300x167.jpg\" class=\"pt-cv-thumbnail pull-left\" alt=\"\" srcset=\"https:\/\/blogsaverroes.juntadeandalucia.es\/ceipborbolla\/files\/2026\/02\/licitacion-obras-borbolla-26-300x167.jpg 300w, https:\/\/blogsaverroes.juntadeandalucia.es\/ceipborbolla\/files\/2026\/02\/licitacion-obras-borbolla-26-1024x572.jpg 1024w, https:\/\/blogsaverroes.juntadeandalucia.es\/ceipborbolla\/files\/2026\/02\/licitacion-obras-borbolla-26-768x429.jpg 768w, https:\/\/blogsaverroes.juntadeandalucia.es\/ceipborbolla\/files\/2026\/02\/licitacion-obras-borbolla-26-1536x857.jpg 1536w, https:\/\/blogsaverroes.juntadeandalucia.es\/ceipborbolla\/files\/2026\/02\/licitacion-obras-borbolla-26-2048x1143.jpg 2048w, https:\/\/blogsaverroes.juntadeandalucia.es\/ceipborbolla\/files\/2026\/02\/licitacion-obras-borbolla-26.jpg 1600w\" sizes=\"(max-width: 300px) 100vw, 300px\" \/><\/a>\n<div class=\"pt-cv-content\">\u00a1Buenas noticias! Avanzan los tr\u00e1mites para la mejora integral del CEIP Borbolla. Queremos compartir una noticia relevante aparecida recientemente en la prensa sobre nuestro colegio. El Diario de Sevilla se ha hecho eco del anuncio de la licitaci\u00f3n por parte del Ayuntamiento para las obras de mejora integral de nuestro centro. Este es un paso fundamental para la renovaci\u00f3n de nuestras instalaciones y marca un avance importante en el proyecto. Pod\u00e9is consultar la noticia completa y conocer m\u00e1s detalles en ...<br \/><div class=\"pt-cv-rmwrap\"><a href=\"https:\/\/blogsaverroes.juntadeandalucia.es\/ceipborbolla\/2026\/02\/02\/mejora-integral-del-ceip-borbolla\/\" class=\"_self pt-cv-readmore btn btn-success\" target=\"_self\">Abrir art\u00edculo completo<\/a><\/div><\/div>\n<div class=\"pt-cv-meta-fields\"><span class=\"entry-date\"> <time datetime=\"2026-02-02T11:57:03+01:00\">02\/02\/2026<\/time><\/span><span> \/ <\/span><span class=\"terms\"> <a href='https:\/\/blogsaverroes.juntadeandalucia.es\/ceipborbolla\/category\/novedades\/' title='Novedades' class='pt-cv-tax-novedades'>Novedades<\/a><\/span><\/div>\t<\/div>\r\n<\/div><\/div>\n<div class=\"panel panel-default pt-cv-content-item pt-cv-2-col\" >\r\n<div class=\"panel-heading pt-cv-title\">\r\n    <a class=\"panel-title\" data-toggle=\"cvcollapse\" data-parent=\"#e95ebc8m93\" data-target=\"#156378fhj9\" href='https:\/\/blogsaverroes.juntadeandalucia.es\/ceipborbolla\/2025\/10\/10\/circuito-carreras-populares-24-25-imd-sevilla\/' onclick='event.preventDefault()'>\r\n\t\tCircuito Carreras Populares 24\/25 \u2013 IMD Sevilla\t<\/a>\r\n\t<\/div>\r\n<div id=\"156378fhj9\" class=\"panel-collapse collapse \">\r\n\t<div class=\"panel-body\">\r\n\t\t<a href=\"https:\/\/blogsaverroes.juntadeandalucia.es\/ceipborbolla\/2025\/10\/10\/circuito-carreras-populares-24-25-imd-sevilla\/\" class=\"_self pt-cv-href-thumbnail pt-cv-thumb-left\" target=\"_self\" ><img loading=\"lazy\" decoding=\"async\" width=\"300\" height=\"177\" src=\"https:\/\/blogsaverroes.juntadeandalucia.es\/ceipborbolla\/files\/2025\/10\/carreras-IMDB-Brobolla-PH-300x177.jpg\" class=\"pt-cv-thumbnail pull-left\" alt=\"\" srcset=\"https:\/\/blogsaverroes.juntadeandalucia.es\/ceipborbolla\/files\/2025\/10\/carreras-IMDB-Brobolla-PH-300x177.jpg 300w, https:\/\/blogsaverroes.juntadeandalucia.es\/ceipborbolla\/files\/2025\/10\/carreras-IMDB-Brobolla-PH-1024x605.jpg 1024w, https:\/\/blogsaverroes.juntadeandalucia.es\/ceipborbolla\/files\/2025\/10\/carreras-IMDB-Brobolla-PH-768x454.jpg 768w, https:\/\/blogsaverroes.juntadeandalucia.es\/ceipborbolla\/files\/2025\/10\/carreras-IMDB-Brobolla-PH.jpg 1200w\" sizes=\"(max-width: 300px) 100vw, 300px\" \/><\/a>\n<div class=\"pt-cv-content\">\ud83d\udcc5 \u00daltima carrera: 19 de octubre \u2013 Carrera Casco Antiguo Caixabank ...<br \/><div class=\"pt-cv-rmwrap\"><a href=\"https:\/\/blogsaverroes.juntadeandalucia.es\/ceipborbolla\/2025\/10\/10\/circuito-carreras-populares-24-25-imd-sevilla\/\" class=\"_self pt-cv-readmore btn btn-success\" target=\"_self\">Abrir art\u00edculo completo<\/a><\/div><\/div>\n<div class=\"pt-cv-meta-fields\"><span class=\"entry-date\"> <time datetime=\"2025-10-10T06:52:00+01:00\">10\/10\/2025<\/time><\/span><span> \/ <\/span><span class=\"terms\"> <a href='https:\/\/blogsaverroes.juntadeandalucia.es\/ceipborbolla\/category\/novedades\/' title='Novedades' class='pt-cv-tax-novedades'>Novedades<\/a><\/span><\/div>\t<\/div>\r\n<\/div><\/div>\n<div class=\"panel panel-default pt-cv-content-item pt-cv-2-col\" >\r\n<div class=\"panel-heading pt-cv-title\">\r\n    <a class=\"panel-title\" data-toggle=\"cvcollapse\" data-parent=\"#e95ebc8m93\" data-target=\"#a575aa9nr7\" href='https:\/\/blogsaverroes.juntadeandalucia.es\/ceipborbolla\/2025\/09\/14\/horarios-extraescolares-25-26\/' onclick='event.preventDefault()'>\r\n\t\tHorarios Extraescolares 25\/26 (actualizado)\t<\/a>\r\n\t<\/div>\r\n<div id=\"a575aa9nr7\" class=\"panel-collapse collapse \">\r\n\t<div class=\"panel-body\">\r\n\t\t<a href=\"https:\/\/blogsaverroes.juntadeandalucia.es\/ceipborbolla\/2025\/09\/14\/horarios-extraescolares-25-26\/\" class=\"_self pt-cv-href-thumbnail pt-cv-thumb-left\" target=\"_self\" ><img loading=\"lazy\" decoding=\"async\" width=\"300\" height=\"177\" src=\"https:\/\/blogsaverroes.juntadeandalucia.es\/ceipborbolla\/files\/2025\/09\/Hextraescolares-300x177.jpg\" class=\"pt-cv-thumbnail pull-left\" alt=\"\" srcset=\"https:\/\/blogsaverroes.juntadeandalucia.es\/ceipborbolla\/files\/2025\/09\/Hextraescolares-300x177.jpg 300w, https:\/\/blogsaverroes.juntadeandalucia.es\/ceipborbolla\/files\/2025\/09\/Hextraescolares-1024x605.jpg 1024w, https:\/\/blogsaverroes.juntadeandalucia.es\/ceipborbolla\/files\/2025\/09\/Hextraescolares-768x454.jpg 768w, https:\/\/blogsaverroes.juntadeandalucia.es\/ceipborbolla\/files\/2025\/09\/Hextraescolares.jpg 1200w\" sizes=\"(max-width: 300px) 100vw, 300px\" \/><\/a>\n<div class=\"pt-cv-content\"> ...<br \/><div class=\"pt-cv-rmwrap\"><a href=\"https:\/\/blogsaverroes.juntadeandalucia.es\/ceipborbolla\/2025\/09\/14\/horarios-extraescolares-25-26\/\" class=\"_self pt-cv-readmore btn btn-success\" target=\"_self\">Abrir art\u00edculo completo<\/a><\/div><\/div>\n<div class=\"pt-cv-meta-fields\"><span class=\"entry-date\"> <time datetime=\"2025-09-14T12:52:57+01:00\">14\/09\/2025<\/time><\/span><span> \/ <\/span><span class=\"terms\"> <a href='https:\/\/blogsaverroes.juntadeandalucia.es\/ceipborbolla\/category\/novedades\/' title='Novedades' class='pt-cv-tax-novedades'>Novedades<\/a><\/span><\/div>\t<\/div>\r\n<\/div><\/div>\n<div class=\"panel panel-default pt-cv-content-item pt-cv-2-col\" >\r\n<div class=\"panel-heading pt-cv-title\">\r\n    <a class=\"panel-title\" data-toggle=\"cvcollapse\" data-parent=\"#e95ebc8m93\" data-target=\"#dac2c5fbz9\" href='https:\/\/blogsaverroes.juntadeandalucia.es\/ceipborbolla\/2025\/09\/04\/borbolla-concilia\/' onclick='event.preventDefault()'>\r\n\t\tBORBOLLA CONCILIA\t<\/a>\r\n\t<\/div>\r\n<div id=\"dac2c5fbz9\" class=\"panel-collapse collapse \">\r\n\t<div class=\"panel-body\">\r\n\t\t<a href=\"https:\/\/blogsaverroes.juntadeandalucia.es\/ceipborbolla\/2025\/09\/04\/borbolla-concilia\/\" class=\"_self pt-cv-href-thumbnail pt-cv-thumb-left\" target=\"_self\" ><img loading=\"lazy\" decoding=\"async\" width=\"300\" height=\"164\" src=\"https:\/\/blogsaverroes.juntadeandalucia.es\/ceipborbolla\/files\/2025\/09\/Borbolla-concilia-e1756983799557-300x164.jpg\" class=\"pt-cv-thumbnail pull-left\" alt=\"\" srcset=\"https:\/\/blogsaverroes.juntadeandalucia.es\/ceipborbolla\/files\/2025\/09\/Borbolla-concilia-e1756983799557-300x164.jpg 300w, https:\/\/blogsaverroes.juntadeandalucia.es\/ceipborbolla\/files\/2025\/09\/Borbolla-concilia-e1756983799557-1024x560.jpg 1024w, https:\/\/blogsaverroes.juntadeandalucia.es\/ceipborbolla\/files\/2025\/09\/Borbolla-concilia-e1756983799557-768x420.jpg 768w, https:\/\/blogsaverroes.juntadeandalucia.es\/ceipborbolla\/files\/2025\/09\/Borbolla-concilia-e1756983799557.jpg 1080w\" sizes=\"(max-width: 300px) 100vw, 300px\" \/><\/a>\n<div class=\"pt-cv-content\">Borbolla Concilia: Actividades de tarde en septiembre Del 10 al 30 de septiembre, nuestro centro pone en marcha el programa Borbolla Concilia, pensado para facilitar la conciliaci\u00f3n familiar y ofrecer a los ni\u00f1os y ni\u00f1as una divertida propuesta de actividades despu\u00e9s del horario lectivo. El programa se desarrollar\u00e1 de lunes a viernes, de 16:00 a 17:30 horas, con plazas limitadas para todos los cursos. Entre las actividades que podr\u00e1n disfrutar los alumnos se incluyen: Multideporte Cuentacuentos Juegos populares M\u00fasica y ...<br \/><div class=\"pt-cv-rmwrap\"><a href=\"https:\/\/blogsaverroes.juntadeandalucia.es\/ceipborbolla\/2025\/09\/04\/borbolla-concilia\/\" class=\"_self pt-cv-readmore btn btn-success\" target=\"_self\">Abrir art\u00edculo completo<\/a><\/div><\/div>\n<div class=\"pt-cv-meta-fields\"><span class=\"entry-date\"> <time datetime=\"2025-09-04T12:03:43+01:00\">04\/09\/2025<\/time><\/span><span> \/ <\/span><span class=\"terms\"> <a href='https:\/\/blogsaverroes.juntadeandalucia.es\/ceipborbolla\/category\/novedades\/' title='Novedades' class='pt-cv-tax-novedades'>Novedades<\/a><\/span><\/div>\t<\/div>\r\n<\/div><\/div>\n<div class=\"panel panel-default pt-cv-content-item pt-cv-2-col\" >\r\n<div class=\"panel-heading pt-cv-title\">\r\n    <a class=\"panel-title\" data-toggle=\"cvcollapse\" data-parent=\"#e95ebc8m93\" data-target=\"#3853645ev3\" href='https:\/\/blogsaverroes.juntadeandalucia.es\/ceipborbolla\/2025\/08\/20\/reunion-con-las-familias-de-infantil-de-3-anos-25-26\/' onclick='event.preventDefault()'>\r\n\t\tREUNI\u00d3N CON LAS FAMILIAS DE INFANTIL DE 3 A\u00d1OS 25\/26\t<\/a>\r\n\t<\/div>\r\n<div id=\"3853645ev3\" class=\"panel-collapse collapse \">\r\n\t<div class=\"panel-body\">\r\n\t\t<a href=\"https:\/\/blogsaverroes.juntadeandalucia.es\/ceipborbolla\/2025\/08\/20\/reunion-con-las-familias-de-infantil-de-3-anos-25-26\/\" class=\"_self pt-cv-href-thumbnail pt-cv-thumb-left\" target=\"_self\" ><img loading=\"lazy\" decoding=\"async\" width=\"300\" height=\"170\" src=\"https:\/\/blogsaverroes.juntadeandalucia.es\/ceipborbolla\/files\/2025\/08\/Reunion-infantil-2526-300x170.png\" class=\"pt-cv-thumbnail pull-left\" alt=\"\" srcset=\"https:\/\/blogsaverroes.juntadeandalucia.es\/ceipborbolla\/files\/2025\/08\/Reunion-infantil-2526-300x170.png 300w, https:\/\/blogsaverroes.juntadeandalucia.es\/ceipborbolla\/files\/2025\/08\/Reunion-infantil-2526-1024x581.png 1024w, https:\/\/blogsaverroes.juntadeandalucia.es\/ceipborbolla\/files\/2025\/08\/Reunion-infantil-2526-768x436.png 768w, https:\/\/blogsaverroes.juntadeandalucia.es\/ceipborbolla\/files\/2025\/08\/Reunion-infantil-2526.png 1168w\" sizes=\"(max-width: 300px) 100vw, 300px\" \/><\/a>\n<div class=\"pt-cv-content\"> ...<br \/><div class=\"pt-cv-rmwrap\"><a href=\"https:\/\/blogsaverroes.juntadeandalucia.es\/ceipborbolla\/2025\/08\/20\/reunion-con-las-familias-de-infantil-de-3-anos-25-26\/\" class=\"_self pt-cv-readmore btn btn-success\" target=\"_self\">Abrir art\u00edculo completo<\/a><\/div><\/div>\n<div class=\"pt-cv-meta-fields\"><span class=\"entry-date\"> <time datetime=\"2025-08-20T12:26:02+01:00\">20\/08\/2025<\/time><\/span><span> \/ <\/span><span class=\"terms\"> <a href='https:\/\/blogsaverroes.juntadeandalucia.es\/ceipborbolla\/category\/novedades\/' title='Novedades' class='pt-cv-tax-novedades'>Novedades<\/a>, <a href='https:\/\/blogsaverroes.juntadeandalucia.es\/ceipborbolla\/tag\/reunion\/' title='reunion' class='pt-cv-tax-reunion'>reunion<\/a><\/span><\/div>\t<\/div>\r\n<\/div><\/div>\n<div class=\"panel panel-default pt-cv-content-item pt-cv-2-col\" >\r\n<div class=\"panel-heading pt-cv-title\">\r\n    <a class=\"panel-title\" data-toggle=\"cvcollapse\" data-parent=\"#e95ebc8m93\" data-target=\"#d2c22f2ws1\" href='https:\/\/blogsaverroes.juntadeandalucia.es\/ceipborbolla\/2025\/06\/16\/listados-de-materiales\/' onclick='event.preventDefault()'>\r\n\t\tListados de Materiales Recomendados 2025-2026\t<\/a>\r\n\t<\/div>\r\n<div id=\"d2c22f2ws1\" class=\"panel-collapse collapse \">\r\n\t<div class=\"panel-body\">\r\n\t\t<a href=\"https:\/\/blogsaverroes.juntadeandalucia.es\/ceipborbolla\/2025\/06\/16\/listados-de-materiales\/\" class=\"_self pt-cv-href-thumbnail pt-cv-thumb-left\" target=\"_self\" ><img loading=\"lazy\" decoding=\"async\" width=\"300\" height=\"177\" src=\"https:\/\/blogsaverroes.juntadeandalucia.es\/ceipborbolla\/files\/2025\/06\/MATERIALES-RECOMENDADOS-300x177.jpg\" class=\"pt-cv-thumbnail pull-left\" alt=\"\" srcset=\"https:\/\/blogsaverroes.juntadeandalucia.es\/ceipborbolla\/files\/2025\/06\/MATERIALES-RECOMENDADOS-300x177.jpg 300w, https:\/\/blogsaverroes.juntadeandalucia.es\/ceipborbolla\/files\/2025\/06\/MATERIALES-RECOMENDADOS-1024x605.jpg 1024w, https:\/\/blogsaverroes.juntadeandalucia.es\/ceipborbolla\/files\/2025\/06\/MATERIALES-RECOMENDADOS-768x454.jpg 768w, https:\/\/blogsaverroes.juntadeandalucia.es\/ceipborbolla\/files\/2025\/06\/MATERIALES-RECOMENDADOS.jpg 1200w\" sizes=\"(max-width: 300px) 100vw, 300px\" \/><\/a>\n<div class=\"pt-cv-content\">Ya est\u00e1n disponibles los listados de materiales recomendados para los diferentes cursos. El listado de material del Aula Espec\u00edficas se enviar\u00e1 por IPasen a las familias en la semana del 11 al 15 de septiembre. Los materiales recomendados de infantil ser\u00e1 indicado por los profesores a principios de curso. LISTADOS DE MATERIALES: MATERIAL RECOMENDADO 1\u00ba DE PRIMARIA CURSO 25-26 MATERIAL RECOMENDADO 2\u00ba DE PRIMARIA CURSO 25-26 MATERIAL RECOMENDADO 3\u00ba Y 4\u00ba PRIMARIA MATERIAL RECOMENDADO 5\u00ba PRIMARIA MATERIAL RECOMENDADO 6\u00ba PRIMARIA ...<br \/><div class=\"pt-cv-rmwrap\"><a href=\"https:\/\/blogsaverroes.juntadeandalucia.es\/ceipborbolla\/2025\/06\/16\/listados-de-materiales\/\" class=\"_self pt-cv-readmore btn btn-success\" target=\"_self\">Abrir art\u00edculo completo<\/a><\/div><\/div>\n<div class=\"pt-cv-meta-fields\"><span class=\"entry-date\"> <time datetime=\"2025-06-16T00:00:19+01:00\">16\/06\/2025<\/time><\/span><span> \/ <\/span><span class=\"terms\"> <a href='https:\/\/blogsaverroes.juntadeandalucia.es\/ceipborbolla\/category\/novedades\/' title='Novedades' class='pt-cv-tax-novedades'>Novedades<\/a><\/span><\/div>\t<\/div>\r\n<\/div><\/div>\n<div class=\"panel panel-default pt-cv-content-item pt-cv-2-col\" >\r\n<div class=\"panel-heading pt-cv-title\">\r\n    <a class=\"panel-title\" data-toggle=\"cvcollapse\" data-parent=\"#e95ebc8m93\" data-target=\"#eb37ee8xiz\" href='https:\/\/blogsaverroes.juntadeandalucia.es\/ceipborbolla\/2025\/06\/16\/libros-de-texto-curso\/' onclick='event.preventDefault()'>\r\n\t\tLibros de texto curso 25-26\t<\/a>\r\n\t<\/div>\r\n<div id=\"eb37ee8xiz\" class=\"panel-collapse collapse \">\r\n\t<div class=\"panel-body\">\r\n\t\t<a href=\"https:\/\/blogsaverroes.juntadeandalucia.es\/ceipborbolla\/2025\/06\/16\/libros-de-texto-curso\/\" class=\"_self pt-cv-href-thumbnail pt-cv-thumb-left\" target=\"_self\" ><img loading=\"lazy\" decoding=\"async\" width=\"300\" height=\"177\" src=\"https:\/\/blogsaverroes.juntadeandalucia.es\/ceipborbolla\/files\/2024\/07\/LIBROS-Curso-300x177.png\" class=\"pt-cv-thumbnail pull-left\" alt=\"\" srcset=\"https:\/\/blogsaverroes.juntadeandalucia.es\/ceipborbolla\/files\/2024\/07\/LIBROS-Curso-300x177.png 300w, https:\/\/blogsaverroes.juntadeandalucia.es\/ceipborbolla\/files\/2024\/07\/LIBROS-Curso-1024x604.png 1024w, https:\/\/blogsaverroes.juntadeandalucia.es\/ceipborbolla\/files\/2024\/07\/LIBROS-Curso-768x453.png 768w, https:\/\/blogsaverroes.juntadeandalucia.es\/ceipborbolla\/files\/2024\/07\/LIBROS-Curso.png 1484w\" sizes=\"(max-width: 300px) 100vw, 300px\" \/><\/a>\n<div class=\"pt-cv-content\">Libros de texto de Infantil y Primaria curso 25-26. (ACTUALIZADO) ...<br \/><div class=\"pt-cv-rmwrap\"><a href=\"https:\/\/blogsaverroes.juntadeandalucia.es\/ceipborbolla\/2025\/06\/16\/libros-de-texto-curso\/\" class=\"_self pt-cv-readmore btn btn-success\" target=\"_self\">Abrir art\u00edculo completo<\/a><\/div><\/div>\n<div class=\"pt-cv-meta-fields\"><span class=\"entry-date\"> <time datetime=\"2025-06-16T00:00:08+01:00\">16\/06\/2025<\/time><\/span><span> \/ <\/span><span class=\"terms\"> <a href='https:\/\/blogsaverroes.juntadeandalucia.es\/ceipborbolla\/category\/novedades\/' title='Novedades' class='pt-cv-tax-novedades'>Novedades<\/a><\/span><\/div>\t<\/div>\r\n<\/div><\/div>\n<div class=\"panel panel-default pt-cv-content-item pt-cv-2-col\" >\r\n<div class=\"panel-heading pt-cv-title\">\r\n    <a class=\"panel-title\" data-toggle=\"cvcollapse\" data-parent=\"#e95ebc8m93\" data-target=\"#2e177a3k4s\" href='https:\/\/blogsaverroes.juntadeandalucia.es\/ceipborbolla\/2025\/05\/27\/9503\/' onclick='event.preventDefault()'>\r\n\t\tConciertos Musicales 3, 4 y 5 a\u00f1os\t<\/a>\r\n\t<\/div>\r\n<div id=\"2e177a3k4s\" class=\"panel-collapse collapse \">\r\n\t<div class=\"panel-body\">\r\n\t\t<a href=\"https:\/\/blogsaverroes.juntadeandalucia.es\/ceipborbolla\/2025\/05\/27\/9503\/\" class=\"_self pt-cv-href-thumbnail pt-cv-thumb-left\" target=\"_self\" ><img loading=\"lazy\" decoding=\"async\" width=\"300\" height=\"200\" src=\"https:\/\/blogsaverroes.juntadeandalucia.es\/ceipborbolla\/files\/2025\/05\/fundacion-barenboim-300x200.jpg\" class=\"pt-cv-thumbnail pull-left\" alt=\"\" srcset=\"https:\/\/blogsaverroes.juntadeandalucia.es\/ceipborbolla\/files\/2025\/05\/fundacion-barenboim-300x200.jpg 300w, https:\/\/blogsaverroes.juntadeandalucia.es\/ceipborbolla\/files\/2025\/05\/fundacion-barenboim-1024x683.jpg 1024w, https:\/\/blogsaverroes.juntadeandalucia.es\/ceipborbolla\/files\/2025\/05\/fundacion-barenboim-768x512.jpg 768w, https:\/\/blogsaverroes.juntadeandalucia.es\/ceipborbolla\/files\/2025\/05\/fundacion-barenboim.jpg 1200w\" sizes=\"(max-width: 300px) 100vw, 300px\" \/><\/a>\n<div class=\"pt-cv-content\">El pr\u00f3ximo jueves 29 de mayo, el alumnado de Educaci\u00f3n Infantil del CEIP Borbolla ofrecer\u00e1 sus familiares un concierto muy especial como cierre del proyecto musical desarrollado a lo largo del curso en colaboraci\u00f3n con la Fundaci\u00f3n P\u00fablica Andaluza Barenboim-Said ...<br \/><div class=\"pt-cv-rmwrap\"><a href=\"https:\/\/blogsaverroes.juntadeandalucia.es\/ceipborbolla\/2025\/05\/27\/9503\/\" class=\"_self pt-cv-readmore btn btn-success\" target=\"_self\">Abrir art\u00edculo completo<\/a><\/div><\/div>\n<div class=\"pt-cv-meta-fields\"><span class=\"entry-date\"> <time datetime=\"2025-05-27T08:14:11+01:00\">27\/05\/2025<\/time><\/span><span> \/ <\/span><span class=\"terms\"> <a href='https:\/\/blogsaverroes.juntadeandalucia.es\/ceipborbolla\/category\/actividades-complementarias\/' title='Actividades complementarias' class='pt-cv-tax-actividades-complementarias'>Actividades complementarias<\/a>, <a href='https:\/\/blogsaverroes.juntadeandalucia.es\/ceipborbolla\/category\/novedades\/' title='Novedades' class='pt-cv-tax-novedades'>Novedades<\/a><\/span><\/div>\t<\/div>\r\n<\/div><\/div>\n<div class=\"panel panel-default pt-cv-content-item pt-cv-2-col\" >\r\n<div class=\"panel-heading pt-cv-title\">\r\n    <a class=\"panel-title\" data-toggle=\"cvcollapse\" data-parent=\"#e95ebc8m93\" data-target=\"#29a7eb0lnx\" href='https:\/\/blogsaverroes.juntadeandalucia.es\/ceipborbolla\/2025\/05\/27\/proceso-de-admision\/' onclick='event.preventDefault()'>\r\n\t\tProceso de admisi\u00f3n\t<\/a>\r\n\t<\/div>\r\n<div id=\"29a7eb0lnx\" class=\"panel-collapse collapse \">\r\n\t<div class=\"panel-body\">\r\n\t\t<a href=\"https:\/\/blogsaverroes.juntadeandalucia.es\/ceipborbolla\/2025\/05\/27\/proceso-de-admision\/\" class=\"_self pt-cv-href-thumbnail pt-cv-thumb-left\" target=\"_self\" ><img loading=\"lazy\" decoding=\"async\" width=\"300\" height=\"200\" src=\"https:\/\/blogsaverroes.juntadeandalucia.es\/ceipborbolla\/files\/2025\/05\/sorteo-300x200.png\" class=\"pt-cv-thumbnail pull-left\" alt=\"\" srcset=\"https:\/\/blogsaverroes.juntadeandalucia.es\/ceipborbolla\/files\/2025\/05\/sorteo-300x200.png 300w, https:\/\/blogsaverroes.juntadeandalucia.es\/ceipborbolla\/files\/2025\/05\/sorteo-1024x683.png 1024w, https:\/\/blogsaverroes.juntadeandalucia.es\/ceipborbolla\/files\/2025\/05\/sorteo-768x512.png 768w, https:\/\/blogsaverroes.juntadeandalucia.es\/ceipborbolla\/files\/2025\/05\/sorteo.png 1536w\" sizes=\"(max-width: 300px) 100vw, 300px\" \/><\/a>\n<div class=\"pt-cv-content\">Resultado del sorteo p\u00fablico previsto en la normativa andaluza de escolarizaci\u00f3n ...<br \/><div class=\"pt-cv-rmwrap\"><a href=\"https:\/\/blogsaverroes.juntadeandalucia.es\/ceipborbolla\/2025\/05\/27\/proceso-de-admision\/\" class=\"_self pt-cv-readmore btn btn-success\" target=\"_self\">Abrir art\u00edculo completo<\/a><\/div><\/div>\n<div class=\"pt-cv-meta-fields\"><span class=\"entry-date\"> <time datetime=\"2025-05-27T07:45:31+01:00\">27\/05\/2025<\/time><\/span><span> \/ <\/span><span class=\"terms\"> <a href='https:\/\/blogsaverroes.juntadeandalucia.es\/ceipborbolla\/category\/admision\/' title='Admisi\u00f3n' class='pt-cv-tax-admision'>Admisi\u00f3n<\/a>, <a href='https:\/\/blogsaverroes.juntadeandalucia.es\/ceipborbolla\/category\/escolarizacion\/' title='Escolarizacion' class='pt-cv-tax-escolarizacion'>Escolarizacion<\/a>, <a href='https:\/\/blogsaverroes.juntadeandalucia.es\/ceipborbolla\/category\/novedades\/' title='Novedades' class='pt-cv-tax-novedades'>Novedades<\/a><\/span><\/div>\t<\/div>\r\n<\/div><\/div>\n<div class=\"panel panel-default pt-cv-content-item pt-cv-2-col\" >\r\n<div class=\"panel-heading pt-cv-title\">\r\n    <a class=\"panel-title\" data-toggle=\"cvcollapse\" data-parent=\"#e95ebc8m93\" data-target=\"#deb2eb3x7o\" href='https:\/\/blogsaverroes.juntadeandalucia.es\/ceipborbolla\/2025\/05\/27\/proceso-de-matriculacion-2025-26\/' onclick='event.preventDefault()'>\r\n\t\tProceso de Matriculaci\u00f3n 2025\/26\t<\/a>\r\n\t<\/div>\r\n<div id=\"deb2eb3x7o\" class=\"panel-collapse collapse \">\r\n\t<div class=\"panel-body\">\r\n\t\t<a href=\"https:\/\/blogsaverroes.juntadeandalucia.es\/ceipborbolla\/2025\/05\/27\/proceso-de-matriculacion-2025-26\/\" class=\"_self pt-cv-href-thumbnail pt-cv-thumb-left\" target=\"_self\" ><img loading=\"lazy\" decoding=\"async\" width=\"300\" height=\"177\" src=\"https:\/\/blogsaverroes.juntadeandalucia.es\/ceipborbolla\/files\/2025\/05\/Proceso-de-Matriculacion-300x177.jpg\" class=\"pt-cv-thumbnail pull-left\" alt=\"\" srcset=\"https:\/\/blogsaverroes.juntadeandalucia.es\/ceipborbolla\/files\/2025\/05\/Proceso-de-Matriculacion-300x177.jpg 300w, https:\/\/blogsaverroes.juntadeandalucia.es\/ceipborbolla\/files\/2025\/05\/Proceso-de-Matriculacion-768x453.jpg 768w, https:\/\/blogsaverroes.juntadeandalucia.es\/ceipborbolla\/files\/2025\/05\/Proceso-de-Matriculacion.jpg 800w\" sizes=\"(max-width: 300px) 100vw, 300px\" \/><\/a>\n<div class=\"pt-cv-content\">Fechas clave del proceso de escolarizaci\u00f3n: ...<br \/><div class=\"pt-cv-rmwrap\"><a href=\"https:\/\/blogsaverroes.juntadeandalucia.es\/ceipborbolla\/2025\/05\/27\/proceso-de-matriculacion-2025-26\/\" class=\"_self pt-cv-readmore btn btn-success\" target=\"_self\">Abrir art\u00edculo completo<\/a><\/div><\/div>\n<div class=\"pt-cv-meta-fields\"><span class=\"entry-date\"> <time datetime=\"2025-05-27T00:28:40+01:00\">27\/05\/2025<\/time><\/span><span> \/ <\/span><span class=\"terms\"> <a href='https:\/\/blogsaverroes.juntadeandalucia.es\/ceipborbolla\/category\/novedades\/' title='Novedades' class='pt-cv-tax-novedades'>Novedades<\/a><\/span><\/div>\t<\/div>\r\n<\/div><\/div>\n<div class=\"panel panel-default pt-cv-content-item pt-cv-2-col\" >\r\n<div class=\"panel-heading pt-cv-title\">\r\n    <a class=\"panel-title\" data-toggle=\"cvcollapse\" data-parent=\"#e95ebc8m93\" data-target=\"#9d38e79i4x\" href='https:\/\/blogsaverroes.juntadeandalucia.es\/ceipborbolla\/2025\/02\/06\/jornada-de-puertas-abiertas-en-el-ceip-borbolla\/' onclick='event.preventDefault()'>\r\n\t\tJornada de Puertas abiertas en el CEIP Borbolla\t<\/a>\r\n\t<\/div>\r\n<div id=\"9d38e79i4x\" class=\"panel-collapse collapse \">\r\n\t<div class=\"panel-body\">\r\n\t\t<a href=\"https:\/\/blogsaverroes.juntadeandalucia.es\/ceipborbolla\/2025\/02\/06\/jornada-de-puertas-abiertas-en-el-ceip-borbolla\/\" class=\"_self pt-cv-href-thumbnail pt-cv-thumb-left\" target=\"_self\" ><img loading=\"lazy\" decoding=\"async\" width=\"300\" height=\"178\" src=\"https:\/\/blogsaverroes.juntadeandalucia.es\/ceipborbolla\/files\/2025\/02\/Jornada-puertas-abioertas-borbolla-v2-300x178.jpg\" class=\"pt-cv-thumbnail pull-left\" alt=\"\" srcset=\"https:\/\/blogsaverroes.juntadeandalucia.es\/ceipborbolla\/files\/2025\/02\/Jornada-puertas-abioertas-borbolla-v2-300x178.jpg 300w, https:\/\/blogsaverroes.juntadeandalucia.es\/ceipborbolla\/files\/2025\/02\/Jornada-puertas-abioertas-borbolla-v2-1024x608.jpg 1024w, https:\/\/blogsaverroes.juntadeandalucia.es\/ceipborbolla\/files\/2025\/02\/Jornada-puertas-abioertas-borbolla-v2-768x456.jpg 768w, https:\/\/blogsaverroes.juntadeandalucia.es\/ceipborbolla\/files\/2025\/02\/Jornada-puertas-abioertas-borbolla-v2.jpg 1200w\" sizes=\"(max-width: 300px) 100vw, 300px\" \/><\/a>\n<div class=\"pt-cv-content\"> ...<br \/><div class=\"pt-cv-rmwrap\"><a href=\"https:\/\/blogsaverroes.juntadeandalucia.es\/ceipborbolla\/2025\/02\/06\/jornada-de-puertas-abiertas-en-el-ceip-borbolla\/\" class=\"_self pt-cv-readmore btn btn-success\" target=\"_self\">Abrir art\u00edculo completo<\/a><\/div><\/div>\n<div class=\"pt-cv-meta-fields\"><span class=\"entry-date\"> <time datetime=\"2025-02-06T13:10:44+01:00\">06\/02\/2025<\/time><\/span><span> \/ <\/span><span class=\"terms\"> <a href='https:\/\/blogsaverroes.juntadeandalucia.es\/ceipborbolla\/category\/novedades\/' title='Novedades' class='pt-cv-tax-novedades'>Novedades<\/a><\/span><\/div>\t<\/div>\r\n<\/div><\/div>\n<div class=\"panel panel-default pt-cv-content-item pt-cv-2-col\" >\r\n<div class=\"panel-heading pt-cv-title\">\r\n    <a class=\"panel-title\" data-toggle=\"cvcollapse\" data-parent=\"#e95ebc8m93\" data-target=\"#bcaac2dc1s\" href='https:\/\/blogsaverroes.juntadeandalucia.es\/ceipborbolla\/2025\/02\/06\/jornada-de-puertas-abiertas-en-el-ies-luca-de-tena\/' onclick='event.preventDefault()'>\r\n\t\tJornada de puertas abiertas en el IES Luca de Tena\t<\/a>\r\n\t<\/div>\r\n<div id=\"bcaac2dc1s\" class=\"panel-collapse collapse \">\r\n\t<div class=\"panel-body\">\r\n\t\t<a href=\"https:\/\/blogsaverroes.juntadeandalucia.es\/ceipborbolla\/2025\/02\/06\/jornada-de-puertas-abiertas-en-el-ies-luca-de-tena\/\" class=\"_self pt-cv-href-thumbnail pt-cv-thumb-left\" target=\"_self\" ><img loading=\"lazy\" decoding=\"async\" width=\"300\" height=\"175\" src=\"https:\/\/blogsaverroes.juntadeandalucia.es\/ceipborbolla\/files\/2025\/02\/CARTEL-IES-LUCA-DE-TENA-e1738841492490-300x175.jpg\" class=\"pt-cv-thumbnail pull-left\" alt=\"\" srcset=\"https:\/\/blogsaverroes.juntadeandalucia.es\/ceipborbolla\/files\/2025\/02\/CARTEL-IES-LUCA-DE-TENA-e1738841492490-300x175.jpg 300w, https:\/\/blogsaverroes.juntadeandalucia.es\/ceipborbolla\/files\/2025\/02\/CARTEL-IES-LUCA-DE-TENA-e1738841492490.jpg 738w\" sizes=\"(max-width: 300px) 100vw, 300px\" \/><\/a>\n<div class=\"pt-cv-content\">El pr\u00f3ximo Martes 11 de febrero ser\u00e1 la jornada de puertas abiertas de nuestro centro adscrito IES Luca de Tena. Aquellos alumnos de 6\u00ba que est\u00e9n interesados en visitar el centro podr\u00e1n hacerlo en horario de 17H a 19H ...<br \/><div class=\"pt-cv-rmwrap\"><a href=\"https:\/\/blogsaverroes.juntadeandalucia.es\/ceipborbolla\/2025\/02\/06\/jornada-de-puertas-abiertas-en-el-ies-luca-de-tena\/\" class=\"_self pt-cv-readmore btn btn-success\" target=\"_self\">Abrir art\u00edculo completo<\/a><\/div><\/div>\n<div class=\"pt-cv-meta-fields\"><span class=\"entry-date\"> <time datetime=\"2025-02-06T12:31:44+01:00\">06\/02\/2025<\/time><\/span><span> \/ <\/span><span class=\"terms\"> <a href='https:\/\/blogsaverroes.juntadeandalucia.es\/ceipborbolla\/category\/novedades\/' title='Novedades' class='pt-cv-tax-novedades'>Novedades<\/a><\/span><\/div>\t<\/div>\r\n<\/div><\/div>\n<div class=\"panel panel-default pt-cv-content-item pt-cv-2-col\" >\r\n<div class=\"panel-heading pt-cv-title\">\r\n    <a class=\"panel-title\" data-toggle=\"cvcollapse\" data-parent=\"#e95ebc8m93\" data-target=\"#f7314e74ei\" href='https:\/\/blogsaverroes.juntadeandalucia.es\/ceipborbolla\/2025\/01\/20\/nuestro-colegio-participa-en-un-reportaje-de-canal-sur-sobre-la-brecha-de-los-suenos-de-accem\/' onclick='event.preventDefault()'>\r\n\t\tNuestro colegio participa en un reportaje de Canal Sur sobre &#8216;La Brecha de los Sue\u00f1os&#8217; de Accem\t<\/a>\r\n\t<\/div>\r\n<div id=\"f7314e74ei\" class=\"panel-collapse collapse \">\r\n\t<div class=\"panel-body\">\r\n\t\t<a href=\"https:\/\/blogsaverroes.juntadeandalucia.es\/ceipborbolla\/2025\/01\/20\/nuestro-colegio-participa-en-un-reportaje-de-canal-sur-sobre-la-brecha-de-los-suenos-de-accem\/\" class=\"_self pt-cv-href-thumbnail pt-cv-thumb-left\" target=\"_self\" ><img loading=\"lazy\" decoding=\"async\" width=\"300\" height=\"177\" src=\"https:\/\/blogsaverroes.juntadeandalucia.es\/ceipborbolla\/files\/2025\/01\/la-brecha-de-los-suenos-300x177.jpg\" class=\"pt-cv-thumbnail pull-left\" alt=\"\" srcset=\"https:\/\/blogsaverroes.juntadeandalucia.es\/ceipborbolla\/files\/2025\/01\/la-brecha-de-los-suenos-300x177.jpg 300w, https:\/\/blogsaverroes.juntadeandalucia.es\/ceipborbolla\/files\/2025\/01\/la-brecha-de-los-suenos-1024x604.jpg 1024w, https:\/\/blogsaverroes.juntadeandalucia.es\/ceipborbolla\/files\/2025\/01\/la-brecha-de-los-suenos-768x453.jpg 768w, https:\/\/blogsaverroes.juntadeandalucia.es\/ceipborbolla\/files\/2025\/01\/la-brecha-de-los-suenos.jpg 1200w\" sizes=\"(max-width: 300px) 100vw, 300px\" \/><\/a>\n<div class=\"pt-cv-content\">Nos complace compartir que nuestro colegio ha tenido el honor de participar en un reportaje especial de Canal Sur, centrado en el proyecto 'La Brecha de los Sue\u00f1os' de la organizaci\u00f3n Accem ...<br \/><div class=\"pt-cv-rmwrap\"><a href=\"https:\/\/blogsaverroes.juntadeandalucia.es\/ceipborbolla\/2025\/01\/20\/nuestro-colegio-participa-en-un-reportaje-de-canal-sur-sobre-la-brecha-de-los-suenos-de-accem\/\" class=\"_self pt-cv-readmore btn btn-success\" target=\"_self\">Abrir art\u00edculo completo<\/a><\/div><\/div>\n<div class=\"pt-cv-meta-fields\"><span class=\"entry-date\"> <time datetime=\"2025-01-20T14:31:42+01:00\">20\/01\/2025<\/time><\/span><span> \/ <\/span><span class=\"terms\"> <a href='https:\/\/blogsaverroes.juntadeandalucia.es\/ceipborbolla\/category\/novedades\/' title='Novedades' class='pt-cv-tax-novedades'>Novedades<\/a><\/span><\/div>\t<\/div>\r\n<\/div><\/div>\n<div class=\"panel panel-default pt-cv-content-item pt-cv-2-col\" >\r\n<div class=\"panel-heading pt-cv-title\">\r\n    <a class=\"panel-title\" data-toggle=\"cvcollapse\" data-parent=\"#e95ebc8m93\" data-target=\"#fa3fe458ra\" href='https:\/\/blogsaverroes.juntadeandalucia.es\/ceipborbolla\/2024\/07\/02\/material-alumnado-recomendado-curso-24-25\/' onclick='event.preventDefault()'>\r\n\t\tMaterial alumnado recomendado curso 24-25\t<\/a>\r\n\t<\/div>\r\n<div id=\"fa3fe458ra\" class=\"panel-collapse collapse \">\r\n\t<div class=\"panel-body\">\r\n\t\t<a href=\"https:\/\/blogsaverroes.juntadeandalucia.es\/ceipborbolla\/2024\/07\/02\/material-alumnado-recomendado-curso-24-25\/\" class=\"_self pt-cv-href-thumbnail pt-cv-thumb-left\" target=\"_self\" ><img loading=\"lazy\" decoding=\"async\" width=\"300\" height=\"177\" src=\"https:\/\/blogsaverroes.juntadeandalucia.es\/ceipborbolla\/files\/2024\/07\/materiales-escolares-300x177.jpg\" class=\"pt-cv-thumbnail pull-left\" alt=\"\" srcset=\"https:\/\/blogsaverroes.juntadeandalucia.es\/ceipborbolla\/files\/2024\/07\/materiales-escolares-300x177.jpg 300w, https:\/\/blogsaverroes.juntadeandalucia.es\/ceipborbolla\/files\/2024\/07\/materiales-escolares-1024x604.jpg 1024w, https:\/\/blogsaverroes.juntadeandalucia.es\/ceipborbolla\/files\/2024\/07\/materiales-escolares-768x453.jpg 768w, https:\/\/blogsaverroes.juntadeandalucia.es\/ceipborbolla\/files\/2024\/07\/materiales-escolares.jpg 1484w\" sizes=\"(max-width: 300px) 100vw, 300px\" \/><\/a>\n<div class=\"pt-cv-content\">Material escolar recomendado para los alumnos: ...<br \/><div class=\"pt-cv-rmwrap\"><a href=\"https:\/\/blogsaverroes.juntadeandalucia.es\/ceipborbolla\/2024\/07\/02\/material-alumnado-recomendado-curso-24-25\/\" class=\"_self pt-cv-readmore btn btn-success\" target=\"_self\">Abrir art\u00edculo completo<\/a><\/div><\/div>\n<div class=\"pt-cv-meta-fields\"><span class=\"entry-date\"> <time datetime=\"2024-07-02T10:38:18+01:00\">02\/07\/2024<\/time><\/span><span> \/ <\/span><span class=\"terms\"> <a href='https:\/\/blogsaverroes.juntadeandalucia.es\/ceipborbolla\/category\/novedades\/' title='Novedades' class='pt-cv-tax-novedades'>Novedades<\/a><\/span><\/div>\t<\/div>\r\n<\/div><\/div><\/div><\/div><\/div><\/div>\n","protected":false},"excerpt":{"rendered":"<p>&nbsp; \u00a1Bienvenidos a la web del CEIP Borbolla! Un espacio pensado para&nbsp;informar, conectar y facilitar&nbsp;la comunicaci\u00f3n entre el colegio y nuestras familias. \ud83c\udfeb Conoce nuestro&#46;&#46;&#46;<\/p>\n","protected":false},"author":1,"featured_media":0,"parent":0,"menu_order":0,"comment_status":"closed","ping_status":"open","template":"","meta":{"ngg_post_thumbnail":0,"footnotes":"","_mc_calendar":[]},"aioseo_notices":[],"_links":{"self":[{"href":"https:\/\/blogsaverroes.juntadeandalucia.es\/ceipborbolla\/wp-json\/wp\/v2\/pages\/1113"}],"collection":[{"href":"https:\/\/blogsaverroes.juntadeandalucia.es\/ceipborbolla\/wp-json\/wp\/v2\/pages"}],"about":[{"href":"https:\/\/blogsaverroes.juntadeandalucia.es\/ceipborbolla\/wp-json\/wp\/v2\/types\/page"}],"author":[{"embeddable":true,"href":"https:\/\/blogsaverroes.juntadeandalucia.es\/ceipborbolla\/wp-json\/wp\/v2\/users\/1"}],"replies":[{"embeddable":true,"href":"https:\/\/blogsaverroes.juntadeandalucia.es\/ceipborbolla\/wp-json\/wp\/v2\/comments?post=1113"}],"version-history":[{"count":34,"href":"https:\/\/blogsaverroes.juntadeandalucia.es\/ceipborbolla\/wp-json\/wp\/v2\/pages\/1113\/revisions"}],"predecessor-version":[{"id":9650,"href":"https:\/\/blogsaverroes.juntadeandalucia.es\/ceipborbolla\/wp-json\/wp\/v2\/pages\/1113\/revisions\/9650"}],"wp:attachment":[{"href":"https:\/\/blogsaverroes.juntadeandalucia.es\/ceipborbolla\/wp-json\/wp\/v2\/media?parent=1113"}],"curies":[{"name":"wp","href":"https:\/\/api.w.org\/{rel}","templated":true}]}}