{"id":2284,"date":"2015-12-28T23:43:02","date_gmt":"2015-12-28T22:43:02","guid":{"rendered":"http:\/\/blogsaverroes.juntadeandalucia.es\/ceipborbolla\/?page_id=2284"},"modified":"2024-04-28T11:13:25","modified_gmt":"2024-04-28T10:13:25","slug":"galeria-fotografica","status":"publish","type":"page","link":"https:\/\/blogsaverroes.juntadeandalucia.es\/ceipborbolla\/biblioteca\/galeria-fotografica\/","title":{"rendered":"Galer\u00eda Fotogr\u00e1fica"},"content":{"rendered":"<p>Actualmente publicamos las fotograf\u00edas en la cuenta de Instagram del cole, te animamos a seguirnos!!<\/p>\n<p><a href=\"https:\/\/www.instagram.com\/ceipborbolla\/\"><img loading=\"lazy\" decoding=\"async\" class=\"size-full wp-image-9147 aligncenter\" src=\"https:\/\/blogsaverroes.juntadeandalucia.es\/ceipborbolla\/files\/2023\/09\/Instagram-ceipborbolla.png\" alt=\"\" width=\"400\" height=\"388\" srcset=\"https:\/\/blogsaverroes.juntadeandalucia.es\/ceipborbolla\/files\/2023\/09\/Instagram-ceipborbolla.png 400w, https:\/\/blogsaverroes.juntadeandalucia.es\/ceipborbolla\/files\/2023\/09\/Instagram-ceipborbolla-300x291.png 300w\" sizes=\"(max-width: 400px) 100vw, 400px\" \/><\/a><\/p>\n<p>&nbsp;<\/p>\n<p>&nbsp;<\/p>\n<p>Archivo fotogr\u00e1fico:<\/p>\n<p>\u00c9ste es el archivo fotogr\u00e1fico del Centro, donde podr\u00e1 explorar las diferentes galer\u00edas tem\u00e1ticas.<\/p>\n<ul>\n<li><a href=\"http:\/\/blogsaverroes.juntadeandalucia.es\/ceipborbolla\/biblioteca\/galeria-fotografica\/galeria-2012-13\/\">Curso 2012\/2013<\/a><\/li>\n<li><a href=\"https:\/\/blogsaverroes.juntadeandalucia.es\/ceipborbolla\/biblioteca\/galeria-fotografica\/galeria-2013-14\/\">Curso 2013\/2014<\/a><\/li>\n<li><a href=\"https:\/\/blogsaverroes.juntadeandalucia.es\/ceipborbolla\/biblioteca\/galeria-fotografica\/galeria-2014-15\/\">Curso 2014\/2015<\/a><\/li>\n<li><a href=\"https:\/\/blogsaverroes.juntadeandalucia.es\/ceipborbolla\/biblioteca\/galeria-fotografica\/galeria-2015-16\/\">Curso 2015\/2016<\/a><\/li>\n<li><a href=\"https:\/\/blogsaverroes.juntadeandalucia.es\/ceipborbolla\/biblioteca\/galeria-fotografica\/galeria-2016-17\">Curso 2016\/2017<\/a><\/li>\n<li><a href=\"https:\/\/blogsaverroes.juntadeandalucia.es\/ceipborbolla\/galeria-2017-18\/\">Curso 2017\/2018<\/a><\/li>\n<li><a href=\"https:\/\/blogsaverroes.juntadeandalucia.es\/ceipborbolla\/galeria-2018-19\/\" target=\"_blank\" rel=\"noopener noreferrer\">Curso 2018-2019<\/a><\/li>\n<\/ul>\n<p>Ver m\u00e1s en \u00ab<strong><span style=\"color: #000080\"><span style=\"color: #0000ff\">Actividades de aula<\/span>\u00ab<\/span><\/strong><\/p>\n<p>Alternativamente, puede consultar las fotos seg\u00fan su tem\u00e1tica pulsando la etiqueta:<\/p>\n<p><div class='ngg-tagcloud' id=\"gallery_cf0d10929df4d68786163f3904316a80\">\n\t\t\t<ul class='wp-tag-cloud' role='list'>\n\t<li><a href=\"https:\/\/blogsaverroes.juntadeandalucia.es\/ceipborbolla\/biblioteca\/galeria-fotografica\/nggallery\/tags\/adornos\" class=\"tag-cloud-link tag-link-30318 tag-link-position-1\" style=\"font-size: 17.398601398601pt;\" aria-label=\"Adornos (17 elementos)\">Adornos<\/a><\/li>\n\t<li><a href=\"https:\/\/blogsaverroes.juntadeandalucia.es\/ceipborbolla\/biblioteca\/galeria-fotografica\/nggallery\/tags\/biblioteca\" class=\"tag-cloud-link tag-link-455474 tag-link-position-2\" style=\"font-size: 8pt;\" aria-label=\"Biblioteca (1 elemento)\">Biblioteca<\/a><\/li>\n\t<li><a href=\"https:\/\/blogsaverroes.juntadeandalucia.es\/ceipborbolla\/biblioteca\/galeria-fotografica\/nggallery\/tags\/ceipborbolla\" class=\"tag-cloud-link tag-link-455194 tag-link-position-3\" style=\"font-size: 14.363636363636pt;\" aria-label=\"CEIPBorbolla (8 elementos)\">CEIPBorbolla<\/a><\/li>\n\t<li><a href=\"https:\/\/blogsaverroes.juntadeandalucia.es\/ceipborbolla\/biblioteca\/galeria-fotografica\/nggallery\/tags\/celebraciones\" class=\"tag-cloud-link tag-link-854 tag-link-position-4\" style=\"font-size: 22pt;\" aria-label=\"Celebraciones (53 elementos)\">Celebraciones<\/a><\/li>\n\t<li><a href=\"https:\/\/blogsaverroes.juntadeandalucia.es\/ceipborbolla\/biblioteca\/galeria-fotografica\/nggallery\/tags\/centrotic\" class=\"tag-cloud-link tag-link-455460 tag-link-position-5\" style=\"font-size: 8pt;\" aria-label=\"CentroTIC (1 elemento)\">CentroTIC<\/a><\/li>\n\t<li><a href=\"https:\/\/blogsaverroes.juntadeandalucia.es\/ceipborbolla\/biblioteca\/galeria-fotografica\/nggallery\/tags\/comedor\" class=\"tag-cloud-link tag-link-455476 tag-link-position-6\" style=\"font-size: 8pt;\" aria-label=\"Comedor (1 elemento)\">Comedor<\/a><\/li>\n\t<li><a href=\"https:\/\/blogsaverroes.juntadeandalucia.es\/ceipborbolla\/biblioteca\/galeria-fotografica\/nggallery\/tags\/deporte\" class=\"tag-cloud-link tag-link-2712 tag-link-position-7\" style=\"font-size: 8pt;\" aria-label=\"deporte (1 elemento)\">deporte<\/a><\/li>\n\t<li><a href=\"https:\/\/blogsaverroes.juntadeandalucia.es\/ceipborbolla\/biblioteca\/galeria-fotografica\/nggallery\/tags\/dia-de-la-paz\" class=\"tag-cloud-link tag-link-175 tag-link-position-8\" style=\"font-size: 15.244755244755pt;\" aria-label=\"Dia de la Paz (10 elementos)\">Dia de la Paz<\/a><\/li>\n\t<li><a href=\"https:\/\/blogsaverroes.juntadeandalucia.es\/ceipborbolla\/biblioteca\/galeria-fotografica\/nggallery\/tags\/dia-del-libro\" class=\"tag-cloud-link tag-link-267 tag-link-position-9\" style=\"font-size: 14.363636363636pt;\" aria-label=\"D\u00eda del Libro (8 elementos)\">D\u00eda del Libro<\/a><\/li>\n\t<li><a href=\"https:\/\/blogsaverroes.juntadeandalucia.es\/ceipborbolla\/biblioteca\/galeria-fotografica\/nggallery\/tags\/fiesta-del-otono\" class=\"tag-cloud-link tag-link-455469 tag-link-position-10\" style=\"font-size: 19.356643356643pt;\" aria-label=\"Fiesta del Oto\u00f1o (28 elementos)\">Fiesta del Oto\u00f1o<\/a><\/li>\n\t<li><a href=\"https:\/\/blogsaverroes.juntadeandalucia.es\/ceipborbolla\/biblioteca\/galeria-fotografica\/nggallery\/tags\/instalaciones\" class=\"tag-cloud-link tag-link-4391 tag-link-position-11\" style=\"font-size: 11.916083916084pt;\" aria-label=\"Instalaciones (4 elementos)\">Instalaciones<\/a><\/li>\n\t<li><a href=\"https:\/\/blogsaverroes.juntadeandalucia.es\/ceipborbolla\/biblioteca\/galeria-fotografica\/nggallery\/tags\/navidad\" class=\"tag-cloud-link tag-link-476 tag-link-position-12\" style=\"font-size: 9.7622377622378pt;\" aria-label=\"Navidad (2 elementos)\">Navidad<\/a><\/li>\n\t<li><a href=\"https:\/\/blogsaverroes.juntadeandalucia.es\/ceipborbolla\/biblioteca\/galeria-fotografica\/nggallery\/tags\/premios\" class=\"tag-cloud-link tag-link-52 tag-link-position-13\" style=\"font-size: 16.811188811189pt;\" aria-label=\"Premios (15 elementos)\">Premios<\/a><\/li>\n\t<li><a href=\"https:\/\/blogsaverroes.juntadeandalucia.es\/ceipborbolla\/biblioteca\/galeria-fotografica\/nggallery\/tags\/salon-de-actos\" class=\"tag-cloud-link tag-link-455473 tag-link-position-14\" style=\"font-size: 11.916083916084pt;\" aria-label=\"Sal\u00f3n de actos (4 elementos)\">Sal\u00f3n de actos<\/a><\/li>\n\t<li><a href=\"https:\/\/blogsaverroes.juntadeandalucia.es\/ceipborbolla\/biblioteca\/galeria-fotografica\/nggallery\/tags\/visitas\" class=\"tag-cloud-link tag-link-2152 tag-link-position-15\" style=\"font-size: 19.65034965035pt;\" aria-label=\"Visitas (30 elementos)\">Visitas<\/a><\/li>\n<\/ul>\n\t<\/div><\/p>\n","protected":false},"excerpt":{"rendered":"<p>Actualmente publicamos las fotograf\u00edas en la cuenta de Instagram del cole, te animamos a seguirnos!! &nbsp; &nbsp; Archivo fotogr\u00e1fico: \u00c9ste es el archivo fotogr\u00e1fico del Centro, donde podr\u00e1 explorar las diferentes galer\u00edas tem\u00e1ticas. Curso&#46;&#46;&#46;<\/p>\n","protected":false},"author":2371,"featured_media":0,"parent":113,"menu_order":0,"comment_status":"closed","ping_status":"open","template":"page-cs.php","meta":{"ngg_post_thumbnail":0,"footnotes":"","_mc_calendar":[]},"aioseo_notices":[],"_links":{"self":[{"href":"https:\/\/blogsaverroes.juntadeandalucia.es\/ceipborbolla\/wp-json\/wp\/v2\/pages\/2284"}],"collection":[{"href":"https:\/\/blogsaverroes.juntadeandalucia.es\/ceipborbolla\/wp-json\/wp\/v2\/pages"}],"about":[{"href":"https:\/\/blogsaverroes.juntadeandalucia.es\/ceipborbolla\/wp-json\/wp\/v2\/types\/page"}],"author":[{"embeddable":true,"href":"https:\/\/blogsaverroes.juntadeandalucia.es\/ceipborbolla\/wp-json\/wp\/v2\/users\/2371"}],"replies":[{"embeddable":true,"href":"https:\/\/blogsaverroes.juntadeandalucia.es\/ceipborbolla\/wp-json\/wp\/v2\/comments?post=2284"}],"version-history":[{"count":28,"href":"https:\/\/blogsaverroes.juntadeandalucia.es\/ceipborbolla\/wp-json\/wp\/v2\/pages\/2284\/revisions"}],"predecessor-version":[{"id":9307,"href":"https:\/\/blogsaverroes.juntadeandalucia.es\/ceipborbolla\/wp-json\/wp\/v2\/pages\/2284\/revisions\/9307"}],"up":[{"embeddable":true,"href":"https:\/\/blogsaverroes.juntadeandalucia.es\/ceipborbolla\/wp-json\/wp\/v2\/pages\/113"}],"wp:attachment":[{"href":"https:\/\/blogsaverroes.juntadeandalucia.es\/ceipborbolla\/wp-json\/wp\/v2\/media?parent=2284"}],"curies":[{"name":"wp","href":"https:\/\/api.w.org\/{rel}","templated":true}]}}