{"id":4693,"date":"2018-10-31T22:00:59","date_gmt":"2018-10-31T21:00:59","guid":{"rendered":"https:\/\/blogsaverroes.juntadeandalucia.es\/ceipborbolla\/?page_id=4693"},"modified":"2022-05-02T09:22:24","modified_gmt":"2022-05-02T08:22:24","slug":"semana-cultural","status":"publish","type":"page","link":"https:\/\/blogsaverroes.juntadeandalucia.es\/ceipborbolla\/semana-cultural\/","title":{"rendered":"Semana Cultural"},"content":{"rendered":"<p style=\"text-align: justify\">Cada curso celebramos nuestra tradicional Semana Cultural, semana plena de cultura, trabajos, talleres, visitas, salidas y animaci\u00f3n, con la colaboraci\u00f3n de la Ampa y familias de nuestros alumnos.<\/p>\n<p>&nbsp;<\/p>\n<p style=\"text-align: justify\">En el <strong><span style=\"color: #008000\">curso 2018-19&nbsp;<\/span><\/strong> ha estado dedicada al <strong><span style=\"color: #008000\">medio ambiente, al reciclaje y la concienciaci\u00f3n<\/span> <\/strong>de que &nbsp;todos tenemos que aportar nuestro peque\u00f1ito granito de arena para hacer de este un mundo mejor.<a href=\"https:\/\/blogsaverroes.juntadeandalucia.es\/ceipborbolla\/files\/2019\/06\/envases-nestle.jpg\"><img loading=\"lazy\" decoding=\"async\" class=\"wp-image-6274 aligncenter\" src=\"https:\/\/blogsaverroes.juntadeandalucia.es\/ceipborbolla\/files\/2019\/06\/envases-nestle.jpg\" alt=\"\" width=\"232\" height=\"76\" srcset=\"https:\/\/blogsaverroes.juntadeandalucia.es\/ceipborbolla\/files\/2019\/06\/envases-nestle.jpg 900w, https:\/\/blogsaverroes.juntadeandalucia.es\/ceipborbolla\/files\/2019\/06\/envases-nestle-300x98.jpg 300w, https:\/\/blogsaverroes.juntadeandalucia.es\/ceipborbolla\/files\/2019\/06\/envases-nestle-768x251.jpg 768w, https:\/\/blogsaverroes.juntadeandalucia.es\/ceipborbolla\/files\/2019\/06\/envases-nestle-24x8.jpg 24w, https:\/\/blogsaverroes.juntadeandalucia.es\/ceipborbolla\/files\/2019\/06\/envases-nestle-36x12.jpg 36w, https:\/\/blogsaverroes.juntadeandalucia.es\/ceipborbolla\/files\/2019\/06\/envases-nestle-48x16.jpg 48w\" sizes=\"(max-width: 232px) 100vw, 232px\" \/><\/a>La Educaci\u00f3n Ambiental es un proceso que dura toda la vida y que tiene como objetivo impartir conciencia ambiental, conocimiento ecol\u00f3gico, actitudes y valores hacia el medio ambiente para tomar un compromiso de acciones y responsabilidades que tengan por fin el uso racional de los recursos y poder lograr as\u00ed un desarrollo adecuado y sostenible.<\/p>\n<p style=\"text-align: justify\">La educaci\u00f3n tiene que iniciarse lo m\u00e1s pronto posible ya que de esta manera, si los ni\u00f1os son capaces de identificar y solucionar problemas ambientales en edad temprana, podr\u00e1n continuar con ello en la edad adulta y ser capaces de tomar una decisi\u00f3n, dando <a href=\"https:\/\/blogsaverroes.juntadeandalucia.es\/ceipborbolla\/files\/2019\/06\/prescriptores_medioambiente_460_320.jpg\"><img loading=\"lazy\" decoding=\"async\" class=\"wp-image-6275 alignright\" src=\"https:\/\/blogsaverroes.juntadeandalucia.es\/ceipborbolla\/files\/2019\/06\/prescriptores_medioambiente_460_320.jpg\" alt=\"\" width=\"115\" height=\"80\" srcset=\"https:\/\/blogsaverroes.juntadeandalucia.es\/ceipborbolla\/files\/2019\/06\/prescriptores_medioambiente_460_320.jpg 460w, https:\/\/blogsaverroes.juntadeandalucia.es\/ceipborbolla\/files\/2019\/06\/prescriptores_medioambiente_460_320-300x209.jpg 300w, https:\/\/blogsaverroes.juntadeandalucia.es\/ceipborbolla\/files\/2019\/06\/prescriptores_medioambiente_460_320-24x17.jpg 24w, https:\/\/blogsaverroes.juntadeandalucia.es\/ceipborbolla\/files\/2019\/06\/prescriptores_medioambiente_460_320-36x25.jpg 36w, https:\/\/blogsaverroes.juntadeandalucia.es\/ceipborbolla\/files\/2019\/06\/prescriptores_medioambiente_460_320-48x33.jpg 48w\" sizes=\"(max-width: 115px) 100vw, 115px\" \/><\/a>posibles respuestas a la problem\u00e1tica que tenemos en la actualidad. Adem\u00e1s es imprescindible que los ni\u00f1os se sensibilicen con el medio y cojan h\u00e1bitos sostenibles ya que el concepto de Desarrollo Sostenible les afecta a ellos y tendr\u00e1n que ser capaces de racionalizar sus recursos para no comprometer los de futuras generaciones.<\/p>\n<p>Siguiendo estos objetivos y siendo fieles al compromiso adquirido con la Naturaleza, se han realizado variadas actividades, de las cuales os dejamos una muestra.<\/p>\n<table style=\"width: 71.2669%;height: 177px\">\n<tbody>\n<tr style=\"height: 71px\">\n<td style=\"text-align: center;width: 112px;height: 71px\"><a href=\"https:\/\/photos.app.goo.gl\/CF2BJmrs8v6TzTcQ7\" target=\"_blank\" rel=\"noopener noreferrer\">Nuestro Coro<\/a><\/td>\n<td style=\"text-align: center;width: 142px;height: 71px\"><a href=\"https:\/\/photos.app.goo.gl\/7Bsqqz8BWJL1fcnb7\" target=\"_blank\" rel=\"noopener noreferrer\">Teatro 1\u00baA<\/a><\/td>\n<td style=\"text-align: center;width: 10px;height: 71px\"><a href=\"https:\/\/photos.app.goo.gl\/dkhs4wyBiiHzP4v26\" target=\"_blank\" rel=\"noopener noreferrer\">Teatro 1\u00baB<\/a><\/td>\n<td style=\"text-align: center;width: 32px;height: 71px\"><a href=\"https:\/\/photos.app.goo.gl\/yPCoiCYvVJR6BbHC8\" target=\"_blank\" rel=\"noopener noreferrer\">Nadar\u00edn<\/a><\/td>\n<td style=\"text-align: center;width: 46px;height: 71px\"><a href=\"https:\/\/photos.app.goo.gl\/oWZYrDe22U5M6Up87\" target=\"_blank\" rel=\"noopener noreferrer\">Los exploradores del espacio<\/a><\/td>\n<\/tr>\n<tr style=\"height: 47px\">\n<td style=\"text-align: center;width: 112px;height: 47px\"><a href=\"https:\/\/photos.app.goo.gl\/1j9G7ZvnnnYHBjEt8\" target=\"_blank\" rel=\"noopener noreferrer\">Taller de teatro<\/a><\/td>\n<td style=\"text-align: center;width: 142px;height: 47px\"><a href=\"https:\/\/photos.app.goo.gl\/9RguqsZLMvVqxBEP8\" target=\"_blank\" rel=\"noopener noreferrer\">AMPA<\/a><\/td>\n<td style=\"text-align: center;width: 10px;height: 47px\"><a href=\"https:\/\/photos.app.goo.gl\/PJHGQPYYmCr3ZMhM9\" target=\"_blank\" rel=\"noopener noreferrer\">Santillana<\/a><\/td>\n<td style=\"text-align: center;width: 32px;height: 47px\"><a href=\"https:\/\/photos.app.goo.gl\/NezKPQJrcCgjH9379\" target=\"_blank\" rel=\"noopener noreferrer\">Talleres de aula<\/a><\/td>\n<td style=\"text-align: center;width: 46px;height: 47px\"><a href=\"https:\/\/photos.app.goo.gl\/QeRTYopPWrMSDSnt6\" target=\"_blank\" rel=\"noopener noreferrer\">Certamen literario<\/a><\/td>\n<\/tr>\n<tr style=\"height: 59px\">\n<td style=\"text-align: center;height: 59px\" colspan=\"2\"><a href=\"https:\/\/photos.app.goo.gl\/BVfWk65KiPSJ8JPVA\" target=\"_blank\" rel=\"noopener noreferrer\">curso 20-21<\/a><\/td>\n<td style=\"text-align: center;height: 59px\" colspan=\"3\"><a href=\"https:\/\/photos.app.goo.gl\/B7UYSjoNofM2DNbN6\" target=\"_blank\" rel=\"noopener noreferrer\">Proyecto Leonardo 20-21<\/a><\/td>\n<\/tr>\n<tr>\n<td style=\"text-align: center;width: 112px\" colspan=\"2\"><a href=\"https:\/\/blogsaverroes.juntadeandalucia.es\/ceipborbolla\/curso-2021-2022\/\" target=\"_blank\" rel=\"noopener noreferrer\">Curso 21-22<\/a><\/td>\n<td style=\"text-align: center;width: 10px\" colspan=\"3\">&nbsp;<\/td>\n<\/tr>\n<\/tbody>\n<\/table>\n<div>&nbsp;<\/div>\n","protected":false},"excerpt":{"rendered":"<p>Cada curso celebramos nuestra tradicional Semana Cultural, semana plena de cultura, trabajos, talleres, visitas, salidas y animaci\u00f3n, con la colaboraci\u00f3n de la Ampa y familias de nuestros alumnos. &nbsp; En el curso 2018-19&nbsp; ha&#46;&#46;&#46;<\/p>\n","protected":false},"author":2371,"featured_media":0,"parent":0,"menu_order":0,"comment_status":"closed","ping_status":"closed","template":"","meta":{"ngg_post_thumbnail":0,"footnotes":"","_mc_calendar":[]},"aioseo_notices":[],"_links":{"self":[{"href":"https:\/\/blogsaverroes.juntadeandalucia.es\/ceipborbolla\/wp-json\/wp\/v2\/pages\/4693"}],"collection":[{"href":"https:\/\/blogsaverroes.juntadeandalucia.es\/ceipborbolla\/wp-json\/wp\/v2\/pages"}],"about":[{"href":"https:\/\/blogsaverroes.juntadeandalucia.es\/ceipborbolla\/wp-json\/wp\/v2\/types\/page"}],"author":[{"embeddable":true,"href":"https:\/\/blogsaverroes.juntadeandalucia.es\/ceipborbolla\/wp-json\/wp\/v2\/users\/2371"}],"replies":[{"embeddable":true,"href":"https:\/\/blogsaverroes.juntadeandalucia.es\/ceipborbolla\/wp-json\/wp\/v2\/comments?post=4693"}],"version-history":[{"count":23,"href":"https:\/\/blogsaverroes.juntadeandalucia.es\/ceipborbolla\/wp-json\/wp\/v2\/pages\/4693\/revisions"}],"predecessor-version":[{"id":8362,"href":"https:\/\/blogsaverroes.juntadeandalucia.es\/ceipborbolla\/wp-json\/wp\/v2\/pages\/4693\/revisions\/8362"}],"wp:attachment":[{"href":"https:\/\/blogsaverroes.juntadeandalucia.es\/ceipborbolla\/wp-json\/wp\/v2\/media?parent=4693"}],"curies":[{"name":"wp","href":"https:\/\/api.w.org\/{rel}","templated":true}]}}