{"id":8714,"date":"2022-10-21T16:38:51","date_gmt":"2022-10-21T15:38:51","guid":{"rendered":"https:\/\/blogsaverroes.juntadeandalucia.es\/ceipborbolla\/?page_id=8714"},"modified":"2023-06-14T14:27:20","modified_gmt":"2023-06-14T13:27:20","slug":"curso-2022-2023","status":"publish","type":"page","link":"https:\/\/blogsaverroes.juntadeandalucia.es\/ceipborbolla\/curso-2022-2023\/","title":{"rendered":"Curso 2022-2023"},"content":{"rendered":"<p style=\"text-align: center\"><span style=\"color: #008000\">(Im\u00e1genes y v\u00eddeos han sido velados para proteger la intimidad del alumnado; si a\u00fan as\u00ed considera inadecuado alg\u00fan archivo p\u00f3ngase en contacto con la direcci\u00f3n a trav\u00e9s del correo corporativo)<\/span><\/p>\n<p style=\"text-align: center\">&nbsp;<\/p>\n<div style=\"text-align: center\"><strong><span style=\"color: #0000ff\">FIESTA DEL OTO\u00d1O<\/span><\/strong><\/div>\n<div style=\"text-align: center\">&nbsp;<\/div>\n<div style=\"text-align: center\"><a href=\"https:\/\/photos.app.goo.gl\/ZCzurr52LFNXgs4q7\" target=\"_blank\" rel=\"noopener noreferrer\"><img loading=\"lazy\" decoding=\"async\" class=\"alignnone size-medium wp-image-8715\" src=\"https:\/\/blogsaverroes.juntadeandalucia.es\/ceipborbolla\/files\/2022\/10\/copia-300x137.jpg\" alt=\"\" width=\"300\" height=\"137\" srcset=\"https:\/\/blogsaverroes.juntadeandalucia.es\/ceipborbolla\/files\/2022\/10\/copia-300x137.jpg 300w, https:\/\/blogsaverroes.juntadeandalucia.es\/ceipborbolla\/files\/2022\/10\/copia-1024x467.jpg 1024w, https:\/\/blogsaverroes.juntadeandalucia.es\/ceipborbolla\/files\/2022\/10\/copia-768x351.jpg 768w, https:\/\/blogsaverroes.juntadeandalucia.es\/ceipborbolla\/files\/2022\/10\/copia-1536x701.jpg 1536w, https:\/\/blogsaverroes.juntadeandalucia.es\/ceipborbolla\/files\/2022\/10\/copia-2048x935.jpg 2048w, https:\/\/blogsaverroes.juntadeandalucia.es\/ceipborbolla\/files\/2022\/10\/copia-scaled.jpg 1600w\" sizes=\"(max-width: 300px) 100vw, 300px\" \/><\/a><\/div>\n<div style=\"text-align: center\">&nbsp;<\/div>\n<div style=\"text-align: center\">\n<hr>\n<\/div>\n<div style=\"text-align: center\">&nbsp;<\/div>\n<div style=\"text-align: center\">\n<div><strong><span style=\"color: #0000ff\">EDUCACI\u00d3N VIAL 2\u00ba PRIMARIA<\/span><\/strong><\/div>\n<div>\n<p><a href=\"https:\/\/photos.app.goo.gl\/ivPwU8mid1UxE7fm6\" target=\"_blank\" rel=\"noopener noreferrer\"><img loading=\"lazy\" decoding=\"async\" class=\"alignnone wp-image-8754\" src=\"https:\/\/blogsaverroes.juntadeandalucia.es\/ceipborbolla\/files\/2022\/10\/Educaci\u00f3n-Vial_1-300x144.jpg\" alt=\"\" width=\"227\" height=\"109\" srcset=\"https:\/\/blogsaverroes.juntadeandalucia.es\/ceipborbolla\/files\/2022\/10\/Educaci\u00f3n-Vial_1-300x144.jpg 300w, https:\/\/blogsaverroes.juntadeandalucia.es\/ceipborbolla\/files\/2022\/10\/Educaci\u00f3n-Vial_1-768x369.jpg 768w, https:\/\/blogsaverroes.juntadeandalucia.es\/ceipborbolla\/files\/2022\/10\/Educaci\u00f3n-Vial_1.jpg 988w\" sizes=\"(max-width: 227px) 100vw, 227px\" \/><\/a><\/p>\n<hr>\n<\/div>\n<div>&nbsp;<\/div>\n<\/div>\n<div style=\"text-align: center\"><strong><span style=\"color: #0000ff\">MURALES DE HALLOWEEN<\/span><\/strong><\/div>\n<div style=\"text-align: center\">&nbsp;<\/div>\n<div style=\"text-align: center\">\n<p><a href=\"https:\/\/photos.app.goo.gl\/JQSMf1qBFF5YQWYc7\" target=\"_blank\" rel=\"noopener noreferrer\"><img loading=\"lazy\" decoding=\"async\" class=\"alignnone wp-image-8756\" src=\"https:\/\/blogsaverroes.juntadeandalucia.es\/ceipborbolla\/files\/2022\/10\/WS-50512_WP-300x294.jpg\" alt=\"\" width=\"130\" height=\"127\" srcset=\"https:\/\/blogsaverroes.juntadeandalucia.es\/ceipborbolla\/files\/2022\/10\/WS-50512_WP-300x294.jpg 300w, https:\/\/blogsaverroes.juntadeandalucia.es\/ceipborbolla\/files\/2022\/10\/WS-50512_WP.jpg 338w\" sizes=\"(max-width: 130px) 100vw, 130px\" \/><\/a><\/p>\n<hr>\n<\/div>\n<div>&nbsp;<\/div>\n<div style=\"text-align: center\"><strong><span style=\"color: #0000ff\">HALLOWEEN<\/span><\/strong><\/div>\n<div>&nbsp;<\/div>\n<div style=\"text-align: center\">&nbsp;<\/div>\n<div style=\"text-align: center\"><a href=\"https:\/\/photos.app.goo.gl\/HrbGF6mRpBN3zQJB7\" target=\"_blank\" rel=\"noopener noreferrer\"><img loading=\"lazy\" decoding=\"async\" class=\"alignnone wp-image-8762\" src=\"https:\/\/blogsaverroes.juntadeandalucia.es\/ceipborbolla\/files\/2022\/11\/a-300x246.jpeg\" alt=\"\" width=\"154\" height=\"126\" srcset=\"https:\/\/blogsaverroes.juntadeandalucia.es\/ceipborbolla\/files\/2022\/11\/a-300x246.jpeg 300w, https:\/\/blogsaverroes.juntadeandalucia.es\/ceipborbolla\/files\/2022\/11\/a.jpeg 437w\" sizes=\"(max-width: 154px) 100vw, 154px\" \/><\/a><\/div>\n<div style=\"text-align: center\">\n<hr>\n<\/div>\n<div>&nbsp;<\/div>\n<div style=\"text-align: center\"><strong><span style=\"color: #0000ff\">D\u00cdA DEL FLAMENCO <\/span><\/strong><\/div>\n<div>&nbsp;<\/div>\n<div><a href=\"https:\/\/photos.app.goo.gl\/vEZbDxWoG2M1RQVD8\" target=\"_blank\" rel=\"noopener noreferrer\"><img loading=\"lazy\" decoding=\"async\" class=\"alignnone wp-image-8797 aligncenter\" src=\"https:\/\/blogsaverroes.juntadeandalucia.es\/ceipborbolla\/files\/2022\/11\/20221117_110140-239x300.jpg\" alt=\"\" width=\"142\" height=\"178\" srcset=\"https:\/\/blogsaverroes.juntadeandalucia.es\/ceipborbolla\/files\/2022\/11\/20221117_110140-239x300.jpg 239w, https:\/\/blogsaverroes.juntadeandalucia.es\/ceipborbolla\/files\/2022\/11\/20221117_110140-815x1024.jpg 815w, https:\/\/blogsaverroes.juntadeandalucia.es\/ceipborbolla\/files\/2022\/11\/20221117_110140-768x965.jpg 768w, https:\/\/blogsaverroes.juntadeandalucia.es\/ceipborbolla\/files\/2022\/11\/20221117_110140-1222x1536.jpg 1222w, https:\/\/blogsaverroes.juntadeandalucia.es\/ceipborbolla\/files\/2022\/11\/20221117_110140-1629x2048.jpg 1629w, https:\/\/blogsaverroes.juntadeandalucia.es\/ceipborbolla\/files\/2022\/11\/20221117_110140-scaled.jpg 1273w\" sizes=\"(max-width: 142px) 100vw, 142px\" \/><\/a><\/div>\n<div>&nbsp;<\/div>\n<div>\n<hr>\n<\/div>\n<div>&nbsp;<\/div>\n<div style=\"text-align: center\"><strong><span style=\"color: #0000ff\">SEMANA DE LA AUTOPROTECCI\u00d3N<\/span><\/strong><\/div>\n<div>&nbsp;<\/div>\n<div style=\"text-align: center\"><a href=\"https:\/\/photos.app.goo.gl\/oMbDzR5YFC3maKhJ6\" target=\"_blank\" rel=\"noopener noreferrer\"><img loading=\"lazy\" decoding=\"async\" class=\"alignnone wp-image-8800\" src=\"https:\/\/blogsaverroes.juntadeandalucia.es\/ceipborbolla\/files\/2022\/11\/images.jpg-300x122.jpg\" alt=\"\" width=\"246\" height=\"100\" srcset=\"https:\/\/blogsaverroes.juntadeandalucia.es\/ceipborbolla\/files\/2022\/11\/images.jpg-300x122.jpg 300w, https:\/\/blogsaverroes.juntadeandalucia.es\/ceipborbolla\/files\/2022\/11\/images.jpg.jpg 353w\" sizes=\"(max-width: 246px) 100vw, 246px\" \/><\/a><\/div>\n<div>\n<hr>\n<\/div>\n<div>&nbsp;<\/div>\n<div><strong><span style=\"color: #0000ff\">25 NOVIEMBRE: D\u00cdA INTERNACIONAL CONTRA LA VIOLENCIA DE G\u00c9NERO<\/span><\/strong><\/div>\n<div>&nbsp;<\/div>\n<div>\n<h1 class=\"entry-title\">&nbsp; <img loading=\"lazy\" decoding=\"async\" class=\"alignnone wp-image-8807\" src=\"https:\/\/blogsaverroes.juntadeandalucia.es\/ceipborbolla\/files\/2022\/11\/IMG-20221121-WA0009-278x300.jpg\" alt=\"\" width=\"206\" height=\"222\" srcset=\"https:\/\/blogsaverroes.juntadeandalucia.es\/ceipborbolla\/files\/2022\/11\/IMG-20221121-WA0009-278x300.jpg 278w, https:\/\/blogsaverroes.juntadeandalucia.es\/ceipborbolla\/files\/2022\/11\/IMG-20221121-WA0009-949x1024.jpg 949w, https:\/\/blogsaverroes.juntadeandalucia.es\/ceipborbolla\/files\/2022\/11\/IMG-20221121-WA0009-768x829.jpg 768w, https:\/\/blogsaverroes.juntadeandalucia.es\/ceipborbolla\/files\/2022\/11\/IMG-20221121-WA0009.jpg 1140w\" sizes=\"(max-width: 206px) 100vw, 206px\" \/>&nbsp; &nbsp; <img loading=\"lazy\" decoding=\"async\" class=\"alignnone size-medium wp-image-8808\" style=\"font-size: 16px\" src=\"https:\/\/blogsaverroes.juntadeandalucia.es\/ceipborbolla\/files\/2022\/11\/IMG-20221124-WA0001-300x223.jpg\" alt=\"\" width=\"300\" height=\"223\" srcset=\"https:\/\/blogsaverroes.juntadeandalucia.es\/ceipborbolla\/files\/2022\/11\/IMG-20221124-WA0001-300x223.jpg 300w, https:\/\/blogsaverroes.juntadeandalucia.es\/ceipborbolla\/files\/2022\/11\/IMG-20221124-WA0001-1024x760.jpg 1024w, https:\/\/blogsaverroes.juntadeandalucia.es\/ceipborbolla\/files\/2022\/11\/IMG-20221124-WA0001-768x570.jpg 768w, https:\/\/blogsaverroes.juntadeandalucia.es\/ceipborbolla\/files\/2022\/11\/IMG-20221124-WA0001.jpg 1495w\" sizes=\"(max-width: 300px) 100vw, 300px\" \/> <a href=\"https:\/\/blogsaverroes.juntadeandalucia.es\/ceipborbolla\/files\/2022\/11\/WhatsApp-Image-2022-11-29-at-22.30.34.jpeg\"><img loading=\"lazy\" decoding=\"async\" class=\" wp-image-8811 aligncenter\" src=\"https:\/\/blogsaverroes.juntadeandalucia.es\/ceipborbolla\/files\/2022\/11\/WhatsApp-Image-2022-11-29-at-22.30.34-300x168.jpeg\" alt=\"\" width=\"393\" height=\"220\" srcset=\"https:\/\/blogsaverroes.juntadeandalucia.es\/ceipborbolla\/files\/2022\/11\/WhatsApp-Image-2022-11-29-at-22.30.34-300x168.jpeg 300w, https:\/\/blogsaverroes.juntadeandalucia.es\/ceipborbolla\/files\/2022\/11\/WhatsApp-Image-2022-11-29-at-22.30.34-1024x573.jpeg 1024w, https:\/\/blogsaverroes.juntadeandalucia.es\/ceipborbolla\/files\/2022\/11\/WhatsApp-Image-2022-11-29-at-22.30.34-768x430.jpeg 768w, https:\/\/blogsaverroes.juntadeandalucia.es\/ceipborbolla\/files\/2022\/11\/WhatsApp-Image-2022-11-29-at-22.30.34.jpeg 1381w\" sizes=\"(max-width: 393px) 100vw, 393px\" \/><\/a><\/h1>\n<p>&nbsp;<\/p>\n<hr>\n<\/div>\n<div>&nbsp;<\/div>\n<div><strong><span style=\"color: #0000ff\">CAMPA\u00d1A SOLIDARIA. BANCO DE ALIMENTOS DE SEVILLA<\/span><\/strong><\/div>\n<div>&nbsp;<\/div>\n<div style=\"text-align: center\">\n<p><a href=\"https:\/\/blogsaverroes.juntadeandalucia.es\/ceipborbolla\/files\/2022\/12\/20221114_111117-scaled.jpg\"><img loading=\"lazy\" decoding=\"async\" class=\"alignnone size-medium wp-image-8815\" src=\"https:\/\/blogsaverroes.juntadeandalucia.es\/ceipborbolla\/files\/2022\/12\/20221114_111117-300x225.jpg\" alt=\"\" width=\"300\" height=\"225\" srcset=\"https:\/\/blogsaverroes.juntadeandalucia.es\/ceipborbolla\/files\/2022\/12\/20221114_111117-300x225.jpg 300w, https:\/\/blogsaverroes.juntadeandalucia.es\/ceipborbolla\/files\/2022\/12\/20221114_111117-1024x768.jpg 1024w, https:\/\/blogsaverroes.juntadeandalucia.es\/ceipborbolla\/files\/2022\/12\/20221114_111117-768x576.jpg 768w, https:\/\/blogsaverroes.juntadeandalucia.es\/ceipborbolla\/files\/2022\/12\/20221114_111117-1536x1152.jpg 1536w, https:\/\/blogsaverroes.juntadeandalucia.es\/ceipborbolla\/files\/2022\/12\/20221114_111117-2048x1536.jpg 2048w, https:\/\/blogsaverroes.juntadeandalucia.es\/ceipborbolla\/files\/2022\/12\/20221114_111117-scaled.jpg 1600w\" sizes=\"(max-width: 300px) 100vw, 300px\" \/><\/a><\/p>\n<hr>\n<\/div>\n<div>&nbsp;<\/div>\n<div><strong><span style=\"color: #0000ff\">EL D\u00cdA DEL AJEDREZ ONLINE<\/span><\/strong><\/div>\n<div>\n<p style=\"text-align: justify\">4\u00baB ha participado en un taller gratuito de ajedrez online. La actividad tuvo una duraci\u00f3n aproximada de 30 min. a trav\u00e9s de proyecci\u00f3n, donde la clase interactuaba con el profesor\/a en directo.<\/p>\n<p style=\"text-align: justify\"><strong>Quedaron en un puesto destacado!<\/strong><\/p>\n<p><a href=\"https:\/\/blogsaverroes.juntadeandalucia.es\/ceipborbolla\/files\/2022\/12\/WhatsApp-Image-2022-12-02-at-08.49.09-1.jpeg\"><img loading=\"lazy\" decoding=\"async\" class=\"alignnone wp-image-8819\" src=\"https:\/\/blogsaverroes.juntadeandalucia.es\/ceipborbolla\/files\/2022\/12\/WhatsApp-Image-2022-12-02-at-08.49.09-1-225x300.jpeg\" alt=\"\" width=\"176\" height=\"235\" srcset=\"https:\/\/blogsaverroes.juntadeandalucia.es\/ceipborbolla\/files\/2022\/12\/WhatsApp-Image-2022-12-02-at-08.49.09-1-225x300.jpeg 225w, https:\/\/blogsaverroes.juntadeandalucia.es\/ceipborbolla\/files\/2022\/12\/WhatsApp-Image-2022-12-02-at-08.49.09-1-768x1023.jpeg 768w, https:\/\/blogsaverroes.juntadeandalucia.es\/ceipborbolla\/files\/2022\/12\/WhatsApp-Image-2022-12-02-at-08.49.09-1-1153x1536.jpeg 1153w, https:\/\/blogsaverroes.juntadeandalucia.es\/ceipborbolla\/files\/2022\/12\/WhatsApp-Image-2022-12-02-at-08.49.09-1.jpeg 1200w\" sizes=\"(max-width: 176px) 100vw, 176px\" \/><\/a>&nbsp; &nbsp; <a href=\"https:\/\/blogsaverroes.juntadeandalucia.es\/ceipborbolla\/files\/2022\/12\/WhatsApp-Image-2022-12-02-at-08.49.09-2.jpeg\"><img loading=\"lazy\" decoding=\"async\" class=\"alignnone wp-image-8820\" src=\"https:\/\/blogsaverroes.juntadeandalucia.es\/ceipborbolla\/files\/2022\/12\/WhatsApp-Image-2022-12-02-at-08.49.09-2-225x300.jpeg\" alt=\"\" width=\"175\" height=\"233\" srcset=\"https:\/\/blogsaverroes.juntadeandalucia.es\/ceipborbolla\/files\/2022\/12\/WhatsApp-Image-2022-12-02-at-08.49.09-2-225x300.jpeg 225w, https:\/\/blogsaverroes.juntadeandalucia.es\/ceipborbolla\/files\/2022\/12\/WhatsApp-Image-2022-12-02-at-08.49.09-2-768x1023.jpeg 768w, https:\/\/blogsaverroes.juntadeandalucia.es\/ceipborbolla\/files\/2022\/12\/WhatsApp-Image-2022-12-02-at-08.49.09-2-1153x1536.jpeg 1153w, https:\/\/blogsaverroes.juntadeandalucia.es\/ceipborbolla\/files\/2022\/12\/WhatsApp-Image-2022-12-02-at-08.49.09-2.jpeg 1200w\" sizes=\"(max-width: 175px) 100vw, 175px\" \/><\/a><\/p>\n<\/div>\n<p><a href=\"https:\/\/blogsaverroes.juntadeandalucia.es\/ceipborbolla\/files\/2022\/12\/WhatsApp-Image-2022-12-02-at-08.49.08.jpeg\"><img loading=\"lazy\" decoding=\"async\" class=\"alignnone wp-image-8821\" src=\"https:\/\/blogsaverroes.juntadeandalucia.es\/ceipborbolla\/files\/2022\/12\/WhatsApp-Image-2022-12-02-at-08.49.08-225x300.jpeg\" alt=\"\" width=\"176\" height=\"235\" srcset=\"https:\/\/blogsaverroes.juntadeandalucia.es\/ceipborbolla\/files\/2022\/12\/WhatsApp-Image-2022-12-02-at-08.49.08-225x300.jpeg 225w, https:\/\/blogsaverroes.juntadeandalucia.es\/ceipborbolla\/files\/2022\/12\/WhatsApp-Image-2022-12-02-at-08.49.08-768x1023.jpeg 768w, https:\/\/blogsaverroes.juntadeandalucia.es\/ceipborbolla\/files\/2022\/12\/WhatsApp-Image-2022-12-02-at-08.49.08-1153x1536.jpeg 1153w, https:\/\/blogsaverroes.juntadeandalucia.es\/ceipborbolla\/files\/2022\/12\/WhatsApp-Image-2022-12-02-at-08.49.08.jpeg 1200w\" sizes=\"(max-width: 176px) 100vw, 176px\" \/><\/a>&nbsp; &nbsp; <a href=\"https:\/\/blogsaverroes.juntadeandalucia.es\/ceipborbolla\/files\/2022\/12\/WhatsApp-Image-2022-12-02-at-08.49.09.jpeg\"><img loading=\"lazy\" decoding=\"async\" class=\"alignnone wp-image-8822\" src=\"https:\/\/blogsaverroes.juntadeandalucia.es\/ceipborbolla\/files\/2022\/12\/WhatsApp-Image-2022-12-02-at-08.49.09-225x300.jpeg\" alt=\"\" width=\"176\" height=\"235\" srcset=\"https:\/\/blogsaverroes.juntadeandalucia.es\/ceipborbolla\/files\/2022\/12\/WhatsApp-Image-2022-12-02-at-08.49.09-225x300.jpeg 225w, https:\/\/blogsaverroes.juntadeandalucia.es\/ceipborbolla\/files\/2022\/12\/WhatsApp-Image-2022-12-02-at-08.49.09-768x1023.jpeg 768w, https:\/\/blogsaverroes.juntadeandalucia.es\/ceipborbolla\/files\/2022\/12\/WhatsApp-Image-2022-12-02-at-08.49.09-1153x1536.jpeg 1153w, https:\/\/blogsaverroes.juntadeandalucia.es\/ceipborbolla\/files\/2022\/12\/WhatsApp-Image-2022-12-02-at-08.49.09.jpeg 1200w\" sizes=\"(max-width: 176px) 100vw, 176px\" \/><\/a><\/p>\n<div>\n<p style=\"text-align: justify\"><a href=\"https:\/\/tuprofedeajedrez.com\/\">https:\/\/tuprofedeajedrez.com\/<\/a><\/p>\n<p style=\"text-align: justify\"><a href=\"https:\/\/www.youtube.com\/watch?v=2Me2OTjwv6M&amp;t=187s\">https:\/\/www.youtube.com\/watch?v=2Me2OTjwv6M&amp;t=187s<\/a><\/p>\n<hr>\n<\/div>\n<div>&nbsp;<\/div>\n<div><strong><span style=\"color: #0000ff\">D\u00cdA INTERNACIONAL DE LAS PERSONAS CON DISCAPACIDAD<\/span><\/strong><\/div>\n<div>&nbsp;<\/div>\n<div>\n<p><a href=\"https:\/\/photos.app.goo.gl\/LrstFjL2HCd1qMnK8\" target=\"_blank\" rel=\"noopener noreferrer\"><img loading=\"lazy\" decoding=\"async\" class=\"size-medium wp-image-8824 aligncenter\" src=\"https:\/\/blogsaverroes.juntadeandalucia.es\/ceipborbolla\/files\/2022\/12\/WhatsApp-Image-2022-12-02-at-16.47.22-300x183.jpeg\" alt=\"\" width=\"300\" height=\"183\" srcset=\"https:\/\/blogsaverroes.juntadeandalucia.es\/ceipborbolla\/files\/2022\/12\/WhatsApp-Image-2022-12-02-at-16.47.22-300x183.jpeg 300w, https:\/\/blogsaverroes.juntadeandalucia.es\/ceipborbolla\/files\/2022\/12\/WhatsApp-Image-2022-12-02-at-16.47.22-1024x626.jpeg 1024w, https:\/\/blogsaverroes.juntadeandalucia.es\/ceipborbolla\/files\/2022\/12\/WhatsApp-Image-2022-12-02-at-16.47.22-768x470.jpeg 768w, https:\/\/blogsaverroes.juntadeandalucia.es\/ceipborbolla\/files\/2022\/12\/WhatsApp-Image-2022-12-02-at-16.47.22.jpeg 1117w\" sizes=\"(max-width: 300px) 100vw, 300px\" \/><\/a><\/p>\n<hr>\n<\/div>\n<div>&nbsp;<\/div>\n<div><strong><span style=\"color: #0000ff\">TABL\u00d3N DE COEDUCACI\u00d3N-IGUALDAD<\/span><\/strong><\/div>\n<div>&nbsp;<\/div>\n<div style=\"text-align: center\"><a href=\"https:\/\/blogsaverroes.juntadeandalucia.es\/ceipborbolla\/files\/2022\/12\/WhatsApp-Image-2022-12-07-at-11.01.06.jpeg\"><img loading=\"lazy\" decoding=\"async\" class=\"alignnone size-medium wp-image-8852\" src=\"https:\/\/blogsaverroes.juntadeandalucia.es\/ceipborbolla\/files\/2022\/12\/WhatsApp-Image-2022-12-07-at-11.01.06-300x225.jpeg\" alt=\"\" width=\"300\" height=\"225\" srcset=\"https:\/\/blogsaverroes.juntadeandalucia.es\/ceipborbolla\/files\/2022\/12\/WhatsApp-Image-2022-12-07-at-11.01.06-300x225.jpeg 300w, https:\/\/blogsaverroes.juntadeandalucia.es\/ceipborbolla\/files\/2022\/12\/WhatsApp-Image-2022-12-07-at-11.01.06-1024x768.jpeg 1024w, https:\/\/blogsaverroes.juntadeandalucia.es\/ceipborbolla\/files\/2022\/12\/WhatsApp-Image-2022-12-07-at-11.01.06-768x576.jpeg 768w, https:\/\/blogsaverroes.juntadeandalucia.es\/ceipborbolla\/files\/2022\/12\/WhatsApp-Image-2022-12-07-at-11.01.06-1536x1152.jpeg 1536w, https:\/\/blogsaverroes.juntadeandalucia.es\/ceipborbolla\/files\/2022\/12\/WhatsApp-Image-2022-12-07-at-11.01.06.jpeg 1600w\" sizes=\"(max-width: 300px) 100vw, 300px\" \/><\/a><\/div>\n<hr>\n<div>&nbsp;<\/div>\n<div><strong><span style=\"color: #0000ff\">NAVIDAD<\/span><\/strong><\/div>\n<div>&nbsp;<\/div>\n<div style=\"text-align: center\"><a href=\"https:\/\/photos.app.goo.gl\/z3W6p1KSPat8Wd3x8\" target=\"_blank\" rel=\"noopener noreferrer\"><img loading=\"lazy\" decoding=\"async\" class=\"alignnone size-medium wp-image-8857\" src=\"https:\/\/blogsaverroes.juntadeandalucia.es\/ceipborbolla\/files\/2022\/12\/WhatsApp-Image-2022-12-19-at-09.21.44-300x225.jpeg\" alt=\"\" width=\"300\" height=\"225\" srcset=\"https:\/\/blogsaverroes.juntadeandalucia.es\/ceipborbolla\/files\/2022\/12\/WhatsApp-Image-2022-12-19-at-09.21.44-300x225.jpeg 300w, https:\/\/blogsaverroes.juntadeandalucia.es\/ceipborbolla\/files\/2022\/12\/WhatsApp-Image-2022-12-19-at-09.21.44-1024x768.jpeg 1024w, https:\/\/blogsaverroes.juntadeandalucia.es\/ceipborbolla\/files\/2022\/12\/WhatsApp-Image-2022-12-19-at-09.21.44-768x576.jpeg 768w, https:\/\/blogsaverroes.juntadeandalucia.es\/ceipborbolla\/files\/2022\/12\/WhatsApp-Image-2022-12-19-at-09.21.44-1536x1152.jpeg 1536w, https:\/\/blogsaverroes.juntadeandalucia.es\/ceipborbolla\/files\/2022\/12\/WhatsApp-Image-2022-12-19-at-09.21.44.jpeg 1600w\" sizes=\"(max-width: 300px) 100vw, 300px\" \/><\/a><\/div>\n<div>&nbsp;<\/div>\n<hr>\n<div>&nbsp;<\/div>\n<div><strong><span style=\"color: #0000ff\">&nbsp;POLIC\u00cdA LOCAL NOS VISITA &#8211; <\/span><\/strong><strong><span style=\"color: #0000ff\">EDUCACI\u00d3N VIAL<\/span><\/strong><\/div>\n<div><strong><span style=\"color: #0000ff\">(Autoprotecci\u00f3n y H\u00e1bitos de vida saludable)<\/span><\/strong><\/div>\n<div>&nbsp; <a href=\"https:\/\/photos.app.goo.gl\/CqHvtSm3j74dZHgH7\" target=\"_blank\" rel=\"noopener noreferrer\"><img loading=\"lazy\" decoding=\"async\" class=\"size-medium wp-image-8869 aligncenter\" src=\"https:\/\/blogsaverroes.juntadeandalucia.es\/ceipborbolla\/files\/2023\/01\/WhatsApp-Image-2023-01-15-at-13.18.57-1-169x300.jpeg\" alt=\"\" width=\"169\" height=\"300\" srcset=\"https:\/\/blogsaverroes.juntadeandalucia.es\/ceipborbolla\/files\/2023\/01\/WhatsApp-Image-2023-01-15-at-13.18.57-1-169x300.jpeg 169w, https:\/\/blogsaverroes.juntadeandalucia.es\/ceipborbolla\/files\/2023\/01\/WhatsApp-Image-2023-01-15-at-13.18.57-1-577x1024.jpeg 577w, https:\/\/blogsaverroes.juntadeandalucia.es\/ceipborbolla\/files\/2023\/01\/WhatsApp-Image-2023-01-15-at-13.18.57-1-768x1364.jpeg 768w, https:\/\/blogsaverroes.juntadeandalucia.es\/ceipborbolla\/files\/2023\/01\/WhatsApp-Image-2023-01-15-at-13.18.57-1-865x1536.jpeg 865w, https:\/\/blogsaverroes.juntadeandalucia.es\/ceipborbolla\/files\/2023\/01\/WhatsApp-Image-2023-01-15-at-13.18.57-1.jpeg 901w\" sizes=\"(max-width: 169px) 100vw, 169px\" \/><\/a><\/div>\n<div>\n<hr>\n<\/div>\n<div>&nbsp;<\/div>\n<div><strong><span style=\"color: #0000ff\">ACTIVIDAD COOPERATIVA EN 2\u00ba<\/span><\/strong><\/div>\n<div>&nbsp;<\/div>\n<div>\n<p><a href=\"https:\/\/photos.app.goo.gl\/uGZ9n1cLWLbjMSs37\" target=\"_blank\" rel=\"noopener noreferrer\"><img loading=\"lazy\" decoding=\"async\" class=\"size-medium wp-image-8873 aligncenter\" src=\"https:\/\/blogsaverroes.juntadeandalucia.es\/ceipborbolla\/files\/2023\/01\/WhatsApp-Image-2023-01-15-at-13.22.26-7-300x169.jpeg\" alt=\"\" width=\"300\" height=\"169\" srcset=\"https:\/\/blogsaverroes.juntadeandalucia.es\/ceipborbolla\/files\/2023\/01\/WhatsApp-Image-2023-01-15-at-13.22.26-7-300x169.jpeg 300w, https:\/\/blogsaverroes.juntadeandalucia.es\/ceipborbolla\/files\/2023\/01\/WhatsApp-Image-2023-01-15-at-13.22.26-7-1024x575.jpeg 1024w, https:\/\/blogsaverroes.juntadeandalucia.es\/ceipborbolla\/files\/2023\/01\/WhatsApp-Image-2023-01-15-at-13.22.26-7-768x432.jpeg 768w, https:\/\/blogsaverroes.juntadeandalucia.es\/ceipborbolla\/files\/2023\/01\/WhatsApp-Image-2023-01-15-at-13.22.26-7-1536x863.jpeg 1536w, https:\/\/blogsaverroes.juntadeandalucia.es\/ceipborbolla\/files\/2023\/01\/WhatsApp-Image-2023-01-15-at-13.22.26-7.jpeg 1600w\" sizes=\"(max-width: 300px) 100vw, 300px\" \/><\/a><\/p>\n<hr>\n<\/div>\n<div>&nbsp;<\/div>\n<div><strong><span style=\"color: #0000ff\">INFANTIL VA AL HUERTO<\/span><\/strong><\/div>\n<div>&nbsp;<\/div>\n<div>\n<p><a href=\"https:\/\/photos.app.goo.gl\/Bed8oJCjtzPcnLpZ8\" target=\"_blank\" rel=\"noopener noreferrer\"><img loading=\"lazy\" decoding=\"async\" class=\" wp-image-8881 aligncenter\" src=\"https:\/\/blogsaverroes.juntadeandalucia.es\/ceipborbolla\/files\/2023\/01\/WhatsApp-Image-2023-01-18-at-09.50.16-300x224.jpeg\" alt=\"\" width=\"258\" height=\"193\" srcset=\"https:\/\/blogsaverroes.juntadeandalucia.es\/ceipborbolla\/files\/2023\/01\/WhatsApp-Image-2023-01-18-at-09.50.16-300x224.jpeg 300w, https:\/\/blogsaverroes.juntadeandalucia.es\/ceipborbolla\/files\/2023\/01\/WhatsApp-Image-2023-01-18-at-09.50.16-1024x766.jpeg 1024w, https:\/\/blogsaverroes.juntadeandalucia.es\/ceipborbolla\/files\/2023\/01\/WhatsApp-Image-2023-01-18-at-09.50.16-768x575.jpeg 768w, https:\/\/blogsaverroes.juntadeandalucia.es\/ceipborbolla\/files\/2023\/01\/WhatsApp-Image-2023-01-18-at-09.50.16-1536x1149.jpeg 1536w, https:\/\/blogsaverroes.juntadeandalucia.es\/ceipborbolla\/files\/2023\/01\/WhatsApp-Image-2023-01-18-at-09.50.16.jpeg 1600w\" sizes=\"(max-width: 258px) 100vw, 258px\" \/><\/a><\/p>\n<hr>\n<\/div>\n<div>&nbsp;<\/div>\n<div><strong><span style=\"color: #0000ff\">3\u00ba CICLO CON LA SINF\u00d3NICA EN LA MAESTRANZA<\/span><\/strong><\/div>\n<div>&nbsp;<\/div>\n<div><a href=\"https:\/\/blogsaverroes.juntadeandalucia.es\/ceipborbolla\/files\/2023\/01\/WhatsApp-Image-2023-01-27-at-08.10.48-1.jpeg\"><img loading=\"lazy\" decoding=\"async\" class=\"alignnone wp-image-8885\" src=\"https:\/\/blogsaverroes.juntadeandalucia.es\/ceipborbolla\/files\/2023\/01\/WhatsApp-Image-2023-01-27-at-08.10.48-1-300x225.jpeg\" alt=\"\" width=\"257\" height=\"193\" srcset=\"https:\/\/blogsaverroes.juntadeandalucia.es\/ceipborbolla\/files\/2023\/01\/WhatsApp-Image-2023-01-27-at-08.10.48-1-300x225.jpeg 300w, https:\/\/blogsaverroes.juntadeandalucia.es\/ceipborbolla\/files\/2023\/01\/WhatsApp-Image-2023-01-27-at-08.10.48-1-1024x768.jpeg 1024w, https:\/\/blogsaverroes.juntadeandalucia.es\/ceipborbolla\/files\/2023\/01\/WhatsApp-Image-2023-01-27-at-08.10.48-1-768x576.jpeg 768w, https:\/\/blogsaverroes.juntadeandalucia.es\/ceipborbolla\/files\/2023\/01\/WhatsApp-Image-2023-01-27-at-08.10.48-1-1536x1152.jpeg 1536w, https:\/\/blogsaverroes.juntadeandalucia.es\/ceipborbolla\/files\/2023\/01\/WhatsApp-Image-2023-01-27-at-08.10.48-1.jpeg 1600w\" sizes=\"(max-width: 257px) 100vw, 257px\" \/><\/a>&nbsp; &nbsp; <a href=\"https:\/\/blogsaverroes.juntadeandalucia.es\/ceipborbolla\/files\/2023\/01\/WhatsApp-Image-2023-01-27-at-08.10.48.jpeg\"><img loading=\"lazy\" decoding=\"async\" class=\"alignnone wp-image-8886\" src=\"https:\/\/blogsaverroes.juntadeandalucia.es\/ceipborbolla\/files\/2023\/01\/WhatsApp-Image-2023-01-27-at-08.10.48-300x225.jpeg\" alt=\"\" width=\"252\" height=\"189\" srcset=\"https:\/\/blogsaverroes.juntadeandalucia.es\/ceipborbolla\/files\/2023\/01\/WhatsApp-Image-2023-01-27-at-08.10.48-300x225.jpeg 300w, https:\/\/blogsaverroes.juntadeandalucia.es\/ceipborbolla\/files\/2023\/01\/WhatsApp-Image-2023-01-27-at-08.10.48-1024x768.jpeg 1024w, https:\/\/blogsaverroes.juntadeandalucia.es\/ceipborbolla\/files\/2023\/01\/WhatsApp-Image-2023-01-27-at-08.10.48-768x576.jpeg 768w, https:\/\/blogsaverroes.juntadeandalucia.es\/ceipborbolla\/files\/2023\/01\/WhatsApp-Image-2023-01-27-at-08.10.48-1536x1152.jpeg 1536w, https:\/\/blogsaverroes.juntadeandalucia.es\/ceipborbolla\/files\/2023\/01\/WhatsApp-Image-2023-01-27-at-08.10.48.jpeg 1600w\" sizes=\"(max-width: 252px) 100vw, 252px\" \/><\/a>&nbsp;&nbsp;<\/div>\n<div>&nbsp;<\/div>\n<div>\n<hr>\n<\/div>\n<div>&nbsp;<\/div>\n<div><strong><span style=\"color: #0000ff\">D\u00cdA DE LA PAZ<\/span><\/strong><\/div>\n<div>&nbsp;<\/div>\n<div style=\"text-align: center\">\n<p><a href=\"https:\/\/photos.app.goo.gl\/f28Ku2BgjLcHPr6YA\" target=\"_blank\" rel=\"noopener noreferrer\"><img loading=\"lazy\" decoding=\"async\" class=\"alignnone wp-image-8892\" src=\"https:\/\/blogsaverroes.juntadeandalucia.es\/ceipborbolla\/files\/2023\/02\/WhatsApp-Image-2023-01-30-at-13.41.05-300x225.jpeg\" alt=\"\" width=\"251\" height=\"188\" srcset=\"https:\/\/blogsaverroes.juntadeandalucia.es\/ceipborbolla\/files\/2023\/02\/WhatsApp-Image-2023-01-30-at-13.41.05-300x225.jpeg 300w, https:\/\/blogsaverroes.juntadeandalucia.es\/ceipborbolla\/files\/2023\/02\/WhatsApp-Image-2023-01-30-at-13.41.05-1024x768.jpeg 1024w, https:\/\/blogsaverroes.juntadeandalucia.es\/ceipborbolla\/files\/2023\/02\/WhatsApp-Image-2023-01-30-at-13.41.05-768x576.jpeg 768w, https:\/\/blogsaverroes.juntadeandalucia.es\/ceipborbolla\/files\/2023\/02\/WhatsApp-Image-2023-01-30-at-13.41.05-1536x1152.jpeg 1536w, https:\/\/blogsaverroes.juntadeandalucia.es\/ceipborbolla\/files\/2023\/02\/WhatsApp-Image-2023-01-30-at-13.41.05.jpeg 1600w\" sizes=\"(max-width: 251px) 100vw, 251px\" \/><\/a><\/p>\n<hr>\n<\/div>\n<div>\n<h1><strong style=\"font-size: 16px\"><span style=\"color: #0000ff\">D\u00cdA INTERNACIONAL DE LA MUJER Y LA N I\u00d1A EN LA CIENCIA <\/span><\/strong><strong style=\"font-size: 16px\"><span style=\"color: #0000ff\">11 FEBRERO<\/span><\/strong><strong style=\"font-size: 16px\"><span style=\"color: #0000ff\"><a href=\"https:\/\/photos.app.goo.gl\/m2PrP9izyyB8CKVd6\" target=\"_blank\" rel=\"noopener noreferrer\"><img loading=\"lazy\" decoding=\"async\" class=\"wp-image-8913 aligncenter\" src=\"https:\/\/blogsaverroes.juntadeandalucia.es\/ceipborbolla\/files\/2023\/02\/ea4b2a88-6090-44e4-890b-a9c956452a6c-300x225.jpg\" alt=\"\" width=\"248\" height=\"186\" srcset=\"https:\/\/blogsaverroes.juntadeandalucia.es\/ceipborbolla\/files\/2023\/02\/ea4b2a88-6090-44e4-890b-a9c956452a6c-300x225.jpg 300w, https:\/\/blogsaverroes.juntadeandalucia.es\/ceipborbolla\/files\/2023\/02\/ea4b2a88-6090-44e4-890b-a9c956452a6c-1024x768.jpg 1024w, https:\/\/blogsaverroes.juntadeandalucia.es\/ceipborbolla\/files\/2023\/02\/ea4b2a88-6090-44e4-890b-a9c956452a6c-768x576.jpg 768w, https:\/\/blogsaverroes.juntadeandalucia.es\/ceipborbolla\/files\/2023\/02\/ea4b2a88-6090-44e4-890b-a9c956452a6c-1536x1152.jpg 1536w, https:\/\/blogsaverroes.juntadeandalucia.es\/ceipborbolla\/files\/2023\/02\/ea4b2a88-6090-44e4-890b-a9c956452a6c.jpg 1600w\" sizes=\"(max-width: 248px) 100vw, 248px\" \/><\/a><\/span><\/strong><\/h1>\n<p style=\"text-align: center\">&nbsp;<\/p>\n<hr>\n<h1><strong style=\"font-size: 16px\"><span style=\"color: #0000ff\">1\u00ba CICLO EN LOS GOYA<\/span><\/strong><\/h1>\n<p style=\"text-align: center\"><a href=\"https:\/\/photos.app.goo.gl\/WkLx8KGpKWK6LUyRA\" target=\"_blank\" rel=\"noopener noreferrer\"><img loading=\"lazy\" decoding=\"async\" class=\"alignnone size-medium wp-image-8914\" src=\"https:\/\/blogsaverroes.juntadeandalucia.es\/ceipborbolla\/files\/2023\/02\/Cine-300x169.jpg\" alt=\"\" width=\"300\" height=\"169\" srcset=\"https:\/\/blogsaverroes.juntadeandalucia.es\/ceipborbolla\/files\/2023\/02\/Cine-300x169.jpg 300w, https:\/\/blogsaverroes.juntadeandalucia.es\/ceipborbolla\/files\/2023\/02\/Cine-1024x576.jpg 1024w, https:\/\/blogsaverroes.juntadeandalucia.es\/ceipborbolla\/files\/2023\/02\/Cine-768x432.jpg 768w, https:\/\/blogsaverroes.juntadeandalucia.es\/ceipborbolla\/files\/2023\/02\/Cine.jpg 1280w\" sizes=\"(max-width: 300px) 100vw, 300px\" \/><\/a><\/p>\n<hr>\n<h1><strong style=\"font-size: 16px\"><span style=\"color: #0000ff\">D\u00cdA DE LOS ENAMORADOS<\/span><\/strong><\/h1>\n<h1 style=\"text-align: center\"><img loading=\"lazy\" decoding=\"async\" class=\"alignnone wp-image-8931\" src=\"https:\/\/blogsaverroes.juntadeandalucia.es\/ceipborbolla\/files\/2023\/02\/WhatsApp-Image-2023-02-14-at-20.13.04-1-300x224.jpeg\" alt=\"\" width=\"180\" height=\"135\" srcset=\"https:\/\/blogsaverroes.juntadeandalucia.es\/ceipborbolla\/files\/2023\/02\/WhatsApp-Image-2023-02-14-at-20.13.04-1-300x224.jpeg 300w, https:\/\/blogsaverroes.juntadeandalucia.es\/ceipborbolla\/files\/2023\/02\/WhatsApp-Image-2023-02-14-at-20.13.04-1-1024x766.jpeg 1024w, https:\/\/blogsaverroes.juntadeandalucia.es\/ceipborbolla\/files\/2023\/02\/WhatsApp-Image-2023-02-14-at-20.13.04-1-768x575.jpeg 768w, https:\/\/blogsaverroes.juntadeandalucia.es\/ceipborbolla\/files\/2023\/02\/WhatsApp-Image-2023-02-14-at-20.13.04-1-1536x1149.jpeg 1536w, https:\/\/blogsaverroes.juntadeandalucia.es\/ceipborbolla\/files\/2023\/02\/WhatsApp-Image-2023-02-14-at-20.13.04-1.jpeg 1600w\" sizes=\"(max-width: 180px) 100vw, 180px\" \/>&nbsp;<img loading=\"lazy\" decoding=\"async\" class=\"alignnone wp-image-8930\" src=\"https:\/\/blogsaverroes.juntadeandalucia.es\/ceipborbolla\/files\/2023\/02\/WhatsApp-Image-2023-02-15-at-10.20.38-300x225.jpeg\" alt=\"\" width=\"180\" height=\"135\" srcset=\"https:\/\/blogsaverroes.juntadeandalucia.es\/ceipborbolla\/files\/2023\/02\/WhatsApp-Image-2023-02-15-at-10.20.38-300x225.jpeg 300w, https:\/\/blogsaverroes.juntadeandalucia.es\/ceipborbolla\/files\/2023\/02\/WhatsApp-Image-2023-02-15-at-10.20.38-1024x768.jpeg 1024w, https:\/\/blogsaverroes.juntadeandalucia.es\/ceipborbolla\/files\/2023\/02\/WhatsApp-Image-2023-02-15-at-10.20.38-768x576.jpeg 768w, https:\/\/blogsaverroes.juntadeandalucia.es\/ceipborbolla\/files\/2023\/02\/WhatsApp-Image-2023-02-15-at-10.20.38-1536x1152.jpeg 1536w, https:\/\/blogsaverroes.juntadeandalucia.es\/ceipborbolla\/files\/2023\/02\/WhatsApp-Image-2023-02-15-at-10.20.38.jpeg 1600w\" sizes=\"(max-width: 180px) 100vw, 180px\" \/>&nbsp;<a href=\"https:\/\/blogsaverroes.juntadeandalucia.es\/ceipborbolla\/files\/2023\/02\/WhatsApp-Image-2023-02-14-at-20.13.04.jpeg\"><img loading=\"lazy\" decoding=\"async\" class=\"alignnone wp-image-8932\" src=\"https:\/\/blogsaverroes.juntadeandalucia.es\/ceipborbolla\/files\/2023\/02\/WhatsApp-Image-2023-02-14-at-20.13.04-300x224.jpeg\" alt=\"\" width=\"180\" height=\"135\" srcset=\"https:\/\/blogsaverroes.juntadeandalucia.es\/ceipborbolla\/files\/2023\/02\/WhatsApp-Image-2023-02-14-at-20.13.04-300x224.jpeg 300w, https:\/\/blogsaverroes.juntadeandalucia.es\/ceipborbolla\/files\/2023\/02\/WhatsApp-Image-2023-02-14-at-20.13.04-1024x766.jpeg 1024w, https:\/\/blogsaverroes.juntadeandalucia.es\/ceipborbolla\/files\/2023\/02\/WhatsApp-Image-2023-02-14-at-20.13.04-768x575.jpeg 768w, https:\/\/blogsaverroes.juntadeandalucia.es\/ceipborbolla\/files\/2023\/02\/WhatsApp-Image-2023-02-14-at-20.13.04-1536x1149.jpeg 1536w, https:\/\/blogsaverroes.juntadeandalucia.es\/ceipborbolla\/files\/2023\/02\/WhatsApp-Image-2023-02-14-at-20.13.04.jpeg 1600w\" sizes=\"(max-width: 180px) 100vw, 180px\" \/>&nbsp; <\/a><a href=\"https:\/\/blogsaverroes.juntadeandalucia.es\/ceipborbolla\/files\/2023\/02\/WhatsApp-Image-2023-02-18-at-16.43.14.jpeg\"><img loading=\"lazy\" decoding=\"async\" class=\"alignnone size-medium wp-image-8938\" src=\"https:\/\/blogsaverroes.juntadeandalucia.es\/ceipborbolla\/files\/2023\/02\/WhatsApp-Image-2023-02-18-at-16.43.14-300x225.jpeg\" alt=\"\" width=\"300\" height=\"225\" srcset=\"https:\/\/blogsaverroes.juntadeandalucia.es\/ceipborbolla\/files\/2023\/02\/WhatsApp-Image-2023-02-18-at-16.43.14-300x225.jpeg 300w, https:\/\/blogsaverroes.juntadeandalucia.es\/ceipborbolla\/files\/2023\/02\/WhatsApp-Image-2023-02-18-at-16.43.14-1024x768.jpeg 1024w, https:\/\/blogsaverroes.juntadeandalucia.es\/ceipborbolla\/files\/2023\/02\/WhatsApp-Image-2023-02-18-at-16.43.14-768x576.jpeg 768w, https:\/\/blogsaverroes.juntadeandalucia.es\/ceipborbolla\/files\/2023\/02\/WhatsApp-Image-2023-02-18-at-16.43.14-1536x1152.jpeg 1536w, https:\/\/blogsaverroes.juntadeandalucia.es\/ceipborbolla\/files\/2023\/02\/WhatsApp-Image-2023-02-18-at-16.43.14.jpeg 1600w\" sizes=\"(max-width: 300px) 100vw, 300px\" \/><\/a><\/h1>\n<hr>\n<h1><strong style=\"font-size: 16px\"><span style=\"color: #0000ff\">CARNAVAL<\/span><\/strong><\/h1>\n<p style=\"text-align: center\"><a href=\"https:\/\/photos.app.goo.gl\/PemkY3xHqYizrHa2A\" target=\"_blank\" rel=\"noopener noreferrer\"><img loading=\"lazy\" decoding=\"async\" class=\"alignnone wp-image-8940\" src=\"https:\/\/blogsaverroes.juntadeandalucia.es\/ceipborbolla\/files\/2023\/02\/WhatsApp-Image-2023-02-18-at-16.41.21-224x300.jpeg\" alt=\"\" width=\"168\" height=\"225\" srcset=\"https:\/\/blogsaverroes.juntadeandalucia.es\/ceipborbolla\/files\/2023\/02\/WhatsApp-Image-2023-02-18-at-16.41.21-224x300.jpeg 224w, https:\/\/blogsaverroes.juntadeandalucia.es\/ceipborbolla\/files\/2023\/02\/WhatsApp-Image-2023-02-18-at-16.41.21-766x1024.jpeg 766w, https:\/\/blogsaverroes.juntadeandalucia.es\/ceipborbolla\/files\/2023\/02\/WhatsApp-Image-2023-02-18-at-16.41.21-768x1027.jpeg 768w, https:\/\/blogsaverroes.juntadeandalucia.es\/ceipborbolla\/files\/2023\/02\/WhatsApp-Image-2023-02-18-at-16.41.21-1149x1536.jpeg 1149w, https:\/\/blogsaverroes.juntadeandalucia.es\/ceipborbolla\/files\/2023\/02\/WhatsApp-Image-2023-02-18-at-16.41.21.jpeg 1197w\" sizes=\"(max-width: 168px) 100vw, 168px\" \/><\/a><\/p>\n<hr>\n<h1><strong style=\"font-size: 16px\"><span style=\"color: #0000ff\">D\u00cdA DE ANDALUC\u00cdA<\/span><\/strong><\/h1>\n<p style=\"text-align: center\"><a href=\"https:\/\/photos.app.goo.gl\/1YP9UeE85inx2FrU6\" target=\"_blank\" rel=\"noopener noreferrer\"><img loading=\"lazy\" decoding=\"async\" class=\"alignnone wp-image-8942\" src=\"https:\/\/blogsaverroes.juntadeandalucia.es\/ceipborbolla\/files\/2023\/02\/WhatsApp-Image-2023-02-21-at-18.31.53-1-300x225.jpeg\" alt=\"\" width=\"249\" height=\"187\" srcset=\"https:\/\/blogsaverroes.juntadeandalucia.es\/ceipborbolla\/files\/2023\/02\/WhatsApp-Image-2023-02-21-at-18.31.53-1-300x225.jpeg 300w, https:\/\/blogsaverroes.juntadeandalucia.es\/ceipborbolla\/files\/2023\/02\/WhatsApp-Image-2023-02-21-at-18.31.53-1-1024x768.jpeg 1024w, https:\/\/blogsaverroes.juntadeandalucia.es\/ceipborbolla\/files\/2023\/02\/WhatsApp-Image-2023-02-21-at-18.31.53-1-768x576.jpeg 768w, https:\/\/blogsaverroes.juntadeandalucia.es\/ceipborbolla\/files\/2023\/02\/WhatsApp-Image-2023-02-21-at-18.31.53-1-1536x1152.jpeg 1536w, https:\/\/blogsaverroes.juntadeandalucia.es\/ceipborbolla\/files\/2023\/02\/WhatsApp-Image-2023-02-21-at-18.31.53-1.jpeg 1600w\" sizes=\"(max-width: 249px) 100vw, 249px\" \/><\/a><\/p>\n<hr>\n<p style=\"text-align: center\">&nbsp;<\/p>\n<h1><strong style=\"font-size: 16px\"><span style=\"color: #0000ff\">LA VUELTA AL COLE (Evento solidario)<\/span><\/strong><\/h1>\n<h1 class=\"entry-title\"><a href=\"https:\/\/photos.app.goo.gl\/iBm6vdHZtaybG2za6\"><img loading=\"lazy\" decoding=\"async\" class=\"aligncenter wp-image-8972 size-medium\" src=\"https:\/\/blogsaverroes.juntadeandalucia.es\/ceipborbolla\/files\/2023\/03\/hqdefault-e1678898969212-300x207.jpg\" alt=\"\" width=\"300\" height=\"207\" srcset=\"https:\/\/blogsaverroes.juntadeandalucia.es\/ceipborbolla\/files\/2023\/03\/hqdefault-e1678898969212-300x207.jpg 300w, https:\/\/blogsaverroes.juntadeandalucia.es\/ceipborbolla\/files\/2023\/03\/hqdefault-e1678898969212.jpg 480w\" sizes=\"(max-width: 300px) 100vw, 300px\" \/><\/a><\/h1>\n<hr>\n<h1 class=\"entry-title\">&nbsp;<\/h1>\n<\/div>\n<div>\n<h1><strong style=\"font-size: 16px\"><span style=\"color: #0000ff\">8M (Dia internacional de la mujer)<\/span><\/strong><\/h1>\n<p><a href=\"https:\/\/photos.app.goo.gl\/bRH9cAGKp8xVpraF8\"><img loading=\"lazy\" decoding=\"async\" class=\"size-medium wp-image-8973 aligncenter\" src=\"https:\/\/blogsaverroes.juntadeandalucia.es\/ceipborbolla\/files\/2023\/03\/8-de-Marzo-1080x675-1-300x188.jpg\" alt=\"\" width=\"300\" height=\"188\" srcset=\"https:\/\/blogsaverroes.juntadeandalucia.es\/ceipborbolla\/files\/2023\/03\/8-de-Marzo-1080x675-1-300x188.jpg 300w, https:\/\/blogsaverroes.juntadeandalucia.es\/ceipborbolla\/files\/2023\/03\/8-de-Marzo-1080x675-1-1024x640.jpg 1024w, https:\/\/blogsaverroes.juntadeandalucia.es\/ceipborbolla\/files\/2023\/03\/8-de-Marzo-1080x675-1-768x480.jpg 768w, https:\/\/blogsaverroes.juntadeandalucia.es\/ceipborbolla\/files\/2023\/03\/8-de-Marzo-1080x675-1.jpg 1080w\" sizes=\"(max-width: 300px) 100vw, 300px\" \/><\/a><\/p>\n<hr>\n<h1><strong style=\"font-size: 16px\"><span style=\"color: #0000ff\">FitFlam y otras canciones por el d\u00eda de la mujer<\/span><\/strong><\/h1>\n<p><a href=\"https:\/\/photos.app.goo.gl\/n76L8Waf3H4YQjfx8\"><img loading=\"lazy\" decoding=\"async\" class=\"size-medium wp-image-8976 aligncenter\" src=\"https:\/\/blogsaverroes.juntadeandalucia.es\/ceipborbolla\/files\/2023\/03\/portadafitflam-300x279.jpg\" alt=\"\" width=\"300\" height=\"279\" srcset=\"https:\/\/blogsaverroes.juntadeandalucia.es\/ceipborbolla\/files\/2023\/03\/portadafitflam-300x279.jpg 300w, https:\/\/blogsaverroes.juntadeandalucia.es\/ceipborbolla\/files\/2023\/03\/portadafitflam-768x714.jpg 768w, https:\/\/blogsaverroes.juntadeandalucia.es\/ceipborbolla\/files\/2023\/03\/portadafitflam.jpg 783w\" sizes=\"(max-width: 300px) 100vw, 300px\" \/><\/a><\/p>\n<hr>\n<p>&nbsp;<\/p>\n<\/div>\n<div><strong><span style=\"color: #0000ff\">Dia del Autismo<\/span><\/strong><\/div>\n<div>\n<p><a href=\"https:\/\/photos.app.goo.gl\/n2vi1hNskKhs5cET7\"><img loading=\"lazy\" decoding=\"async\" class=\"wp-image-8983 size-medium aligncenter\" src=\"https:\/\/blogsaverroes.juntadeandalucia.es\/ceipborbolla\/files\/2023\/04\/portada-autismo-300x266.jpg\" alt=\"\" width=\"300\" height=\"266\" srcset=\"https:\/\/blogsaverroes.juntadeandalucia.es\/ceipborbolla\/files\/2023\/04\/portada-autismo-300x266.jpg 300w, https:\/\/blogsaverroes.juntadeandalucia.es\/ceipborbolla\/files\/2023\/04\/portada-autismo-768x681.jpg 768w, https:\/\/blogsaverroes.juntadeandalucia.es\/ceipborbolla\/files\/2023\/04\/portada-autismo.jpg 873w\" sizes=\"(max-width: 300px) 100vw, 300px\" \/><\/a><\/p>\n<hr>\n<p>&nbsp;<\/p>\n<\/div>\n<div>&nbsp;<\/div>\n<div>\n<div><strong><span style=\"color: #0000ff\">Concierto did\u00e1ctico Ejercito Terrestre<\/span><\/strong><\/div>\n<div>\n<p><a href=\"https:\/\/photos.app.goo.gl\/Da7gJ76BfWZXD4Ub8\"><img loading=\"lazy\" decoding=\"async\" class=\"wp-image-8984 size-medium aligncenter\" src=\"https:\/\/blogsaverroes.juntadeandalucia.es\/ceipborbolla\/files\/2023\/04\/portada-concierto-ejercito-terrestre-300x287.jpg\" alt=\"\" width=\"300\" height=\"287\" srcset=\"https:\/\/blogsaverroes.juntadeandalucia.es\/ceipborbolla\/files\/2023\/04\/portada-concierto-ejercito-terrestre-300x287.jpg 300w, https:\/\/blogsaverroes.juntadeandalucia.es\/ceipborbolla\/files\/2023\/04\/portada-concierto-ejercito-terrestre.jpg 645w\" sizes=\"(max-width: 300px) 100vw, 300px\" \/><\/a><\/p>\n<\/div>\n<\/div>\n<div>\n<div>\n<hr>\n<p>&nbsp;<\/p>\n<\/div>\n<div>&nbsp;<\/div>\n<div>\n<div><strong><span style=\"color: #0000ff\">Concierto del profesor de m\u00fasica de Barenboim para el ciclo&nbsp;de&nbsp;Infantil<\/span><\/strong><\/div>\n<div>\n<p><a href=\"https:\/\/photos.app.goo.gl\/tWWFxsm8Y7c4wF3i6\"><img loading=\"lazy\" decoding=\"async\" class=\"wp-image-8986 size-medium aligncenter\" src=\"https:\/\/blogsaverroes.juntadeandalucia.es\/ceipborbolla\/files\/2023\/04\/portada-concierto-300x254.jpg\" alt=\"\" width=\"300\" height=\"254\" srcset=\"https:\/\/blogsaverroes.juntadeandalucia.es\/ceipborbolla\/files\/2023\/04\/portada-concierto-300x254.jpg 300w, https:\/\/blogsaverroes.juntadeandalucia.es\/ceipborbolla\/files\/2023\/04\/portada-concierto.jpg 672w\" sizes=\"(max-width: 300px) 100vw, 300px\" \/><\/a><\/p>\n<div>\n<div>\n<p>&nbsp;<\/p>\n<\/div>\n<\/div>\n<div>\n<div>\n<hr>\n<p>&nbsp;<\/p>\n<\/div>\n<div>&nbsp;<\/div>\n<div>\n<div><span style=\"color: #0000ff\"><span style=\"color: #0000ff\"><b>Programa \u00abDesayunos Saludables\u00bb &#8211; Sem\u00e1foro&nbsp;saludable: Rojo poco. \u00c1mbar medio. Verde&nbsp;mucho<\/b><\/span><\/span><\/div>\n<div>\n<p><a href=\"https:\/\/blogsaverroes.juntadeandalucia.es\/ceipborbolla\/files\/2023\/05\/semaforo-saludable.jpg\"><img loading=\"lazy\" decoding=\"async\" class=\"wp-image-8996 size-medium aligncenter\" src=\"https:\/\/blogsaverroes.juntadeandalucia.es\/ceipborbolla\/files\/2023\/05\/p-semaforo-saludable-300x269.jpg\" alt=\"\" width=\"300\" height=\"269\" srcset=\"https:\/\/blogsaverroes.juntadeandalucia.es\/ceipborbolla\/files\/2023\/05\/p-semaforo-saludable-300x269.jpg 300w, https:\/\/blogsaverroes.juntadeandalucia.es\/ceipborbolla\/files\/2023\/05\/p-semaforo-saludable-768x690.jpg 768w, https:\/\/blogsaverroes.juntadeandalucia.es\/ceipborbolla\/files\/2023\/05\/p-semaforo-saludable.jpg 940w\" sizes=\"(max-width: 300px) 100vw, 300px\" \/><\/a><\/p>\n<p>&nbsp;<\/p>\n<div>\n<div>\n<p>&nbsp;<\/p>\n<\/div>\n<\/div>\n<div>\n<div>\n<hr>\n<p>&nbsp;<\/p>\n<\/div>\n<div>&nbsp;<\/div>\n<div>\n<div><span style=\"color: #0000ff\"><b>Horarios realizados con pictogramas &#8211; Programa impulso a la inclusi\u00f3n<\/b><\/span><\/div>\n<div>\n<p><a href=\"https:\/\/photos.app.goo.gl\/zohxTep8eSPkUSscA\"><img loading=\"lazy\" decoding=\"async\" class=\"wp-image-8998 size-medium aligncenter\" src=\"https:\/\/blogsaverroes.juntadeandalucia.es\/ceipborbolla\/files\/2023\/05\/IMG-20230421-WA0020-300x225.jpg\" alt=\"\" width=\"300\" height=\"225\" srcset=\"https:\/\/blogsaverroes.juntadeandalucia.es\/ceipborbolla\/files\/2023\/05\/IMG-20230421-WA0020-300x225.jpg 300w, https:\/\/blogsaverroes.juntadeandalucia.es\/ceipborbolla\/files\/2023\/05\/IMG-20230421-WA0020-1024x768.jpg 1024w, https:\/\/blogsaverroes.juntadeandalucia.es\/ceipborbolla\/files\/2023\/05\/IMG-20230421-WA0020-768x576.jpg 768w, https:\/\/blogsaverroes.juntadeandalucia.es\/ceipborbolla\/files\/2023\/05\/IMG-20230421-WA0020-1536x1152.jpg 1536w, https:\/\/blogsaverroes.juntadeandalucia.es\/ceipborbolla\/files\/2023\/05\/IMG-20230421-WA0020-rotated.jpg 1600w\" sizes=\"(max-width: 300px) 100vw, 300px\" \/><\/a><\/p>\n<div>\n<div>\n<p>&nbsp;<\/p>\n<\/div>\n<\/div>\n<div>\n<div>\n<hr>\n<p>&nbsp;<\/p>\n<\/div>\n<div>&nbsp;<\/div>\n<div>\n<div><span style=\"color: #0000ff\"><b>Mini-Olimpiadas<\/b><\/span><\/div>\n<div>\n<p><a href=\"https:\/\/photos.app.goo.gl\/NDbocjPhFUs2x4MC8\"><img loading=\"lazy\" decoding=\"async\" class=\"wp-image-9000 size-medium aligncenter\" src=\"https:\/\/blogsaverroes.juntadeandalucia.es\/ceipborbolla\/files\/2023\/05\/IMAGEN_miniolimiadas-266x300.jpg\" alt=\"\" width=\"266\" height=\"300\" srcset=\"https:\/\/blogsaverroes.juntadeandalucia.es\/ceipborbolla\/files\/2023\/05\/IMAGEN_miniolimiadas-266x300.jpg 266w, https:\/\/blogsaverroes.juntadeandalucia.es\/ceipborbolla\/files\/2023\/05\/IMAGEN_miniolimiadas.jpg 450w\" sizes=\"(max-width: 266px) 100vw, 266px\" \/><\/a><\/p>\n<\/div>\n<\/div>\n<\/div>\n<\/div>\n<\/div>\n<\/div>\n<div>\n<div>\n<p>&nbsp;<\/p>\n<\/div>\n<\/div>\n<div>\n<div>\n<hr>\n<p>&nbsp;<\/p>\n<\/div>\n<div>&nbsp;<\/div>\n<div>\n<div><span style=\"color: #0000ff\"><b>Proyecto trimestral Ciclo de agua (ciclo infantil)<\/b><\/span><\/div>\n<div>\n<p><a href=\"https:\/\/photos.app.goo.gl\/8VFSuupfKbzxXgGX6\"><img loading=\"lazy\" decoding=\"async\" class=\"wp-image-9050 size-medium aligncenter\" src=\"https:\/\/blogsaverroes.juntadeandalucia.es\/ceipborbolla\/files\/2023\/06\/Portada-Ciclo-agua-300x279.png\" alt=\"\" width=\"300\" height=\"279\" srcset=\"https:\/\/blogsaverroes.juntadeandalucia.es\/ceipborbolla\/files\/2023\/06\/Portada-Ciclo-agua-300x279.png 300w, https:\/\/blogsaverroes.juntadeandalucia.es\/ceipborbolla\/files\/2023\/06\/Portada-Ciclo-agua-768x714.png 768w, https:\/\/blogsaverroes.juntadeandalucia.es\/ceipborbolla\/files\/2023\/06\/Portada-Ciclo-agua.png 783w\" sizes=\"(max-width: 300px) 100vw, 300px\" \/><\/a><\/p>\n<div>\n<div>\n<p>&nbsp;<\/p>\n<\/div>\n<\/div>\n<div>\n<div>\n<hr>\n<p>&nbsp;<\/p>\n<\/div>\n<div>&nbsp;<\/div>\n<div>\n<div><span style=\"color: #0000ff\"><b>Visita al acuario de Sevilla de Infantil de 4 y 5 a\u00f1os&nbsp;<\/b><\/span><\/div>\n<div>\n<p><a href=\"https:\/\/photos.app.goo.gl\/aZJhPDqFJ6eAZhf28\"><img loading=\"lazy\" decoding=\"async\" class=\"wp-image-9056 size-medium aligncenter\" src=\"https:\/\/blogsaverroes.juntadeandalucia.es\/ceipborbolla\/files\/2023\/06\/portada19-acuario-300x279.png\" alt=\"\" width=\"300\" height=\"279\" srcset=\"https:\/\/blogsaverroes.juntadeandalucia.es\/ceipborbolla\/files\/2023\/06\/portada19-acuario-300x279.png 300w, https:\/\/blogsaverroes.juntadeandalucia.es\/ceipborbolla\/files\/2023\/06\/portada19-acuario-768x714.png 768w, https:\/\/blogsaverroes.juntadeandalucia.es\/ceipborbolla\/files\/2023\/06\/portada19-acuario.png 783w\" sizes=\"(max-width: 300px) 100vw, 300px\" \/><\/a><\/p>\n<\/div>\n<\/div>\n<\/div>\n<p>&nbsp;<\/p>\n<\/div>\n<\/div>\n<\/div>\n<\/div>\n<\/div>\n<\/div>\n<\/div>\n<\/div>\n<\/div>\n","protected":false},"excerpt":{"rendered":"<p>(Im\u00e1genes y v\u00eddeos han sido velados para proteger la intimidad del alumnado; si a\u00fan as\u00ed considera inadecuado alg\u00fan archivo p\u00f3ngase en contacto con la direcci\u00f3n a trav\u00e9s del correo corporativo) &nbsp; FIESTA DEL OTO\u00d1O&#46;&#46;&#46;<\/p>\n","protected":false},"author":2371,"featured_media":0,"parent":0,"menu_order":0,"comment_status":"closed","ping_status":"closed","template":"","meta":{"ngg_post_thumbnail":0,"footnotes":"","_mc_calendar":[]},"aioseo_notices":[],"_links":{"self":[{"href":"https:\/\/blogsaverroes.juntadeandalucia.es\/ceipborbolla\/wp-json\/wp\/v2\/pages\/8714"}],"collection":[{"href":"https:\/\/blogsaverroes.juntadeandalucia.es\/ceipborbolla\/wp-json\/wp\/v2\/pages"}],"about":[{"href":"https:\/\/blogsaverroes.juntadeandalucia.es\/ceipborbolla\/wp-json\/wp\/v2\/types\/page"}],"author":[{"embeddable":true,"href":"https:\/\/blogsaverroes.juntadeandalucia.es\/ceipborbolla\/wp-json\/wp\/v2\/users\/2371"}],"replies":[{"embeddable":true,"href":"https:\/\/blogsaverroes.juntadeandalucia.es\/ceipborbolla\/wp-json\/wp\/v2\/comments?post=8714"}],"version-history":[{"count":42,"href":"https:\/\/blogsaverroes.juntadeandalucia.es\/ceipborbolla\/wp-json\/wp\/v2\/pages\/8714\/revisions"}],"predecessor-version":[{"id":9057,"href":"https:\/\/blogsaverroes.juntadeandalucia.es\/ceipborbolla\/wp-json\/wp\/v2\/pages\/8714\/revisions\/9057"}],"wp:attachment":[{"href":"https:\/\/blogsaverroes.juntadeandalucia.es\/ceipborbolla\/wp-json\/wp\/v2\/media?parent=8714"}],"curies":[{"name":"wp","href":"https:\/\/api.w.org\/{rel}","templated":true}]}}