{"id":2319,"date":"2016-07-23T10:26:44","date_gmt":"2016-07-23T08:26:44","guid":{"rendered":"http:\/\/blogsaverroes.juntadeandalucia.es\/ceipcapitancortes\/?page_id=2319"},"modified":"2016-07-23T10:26:44","modified_gmt":"2016-07-23T08:26:44","slug":"jefatura-de-estudios","status":"publish","type":"page","link":"https:\/\/blogsaverroes.juntadeandalucia.es\/ceipcapitancortes\/jefatura-de-estudios\/","title":{"rendered":"Jefatura de Estudios"},"content":{"rendered":"<p style=\"text-align: justify\">El art\u00edculo 73 de Decreto 328\/2010 se\u00f1ala las competencias de la jefatura de estudios:<\/p>\n<p style=\"text-align: justify\">a) Ejercer, por delegaci\u00f3n de la direcci\u00f3n y bajo su autoridad, la jefatura del personal docente en todo lo relativo al r\u00e9gimen acad\u00e9mico y controlar la asistencia al trabajo del mismo.<\/p>\n<p style=\"text-align: justify\">b) Sustituir al director o directora en caso de vacante, ausencia o enfermedad.<\/p>\n<p style=\"text-align: justify\">c) Ejercer, por delegaci\u00f3n de la direcci\u00f3n, la presidencia de las sesiones del equipo t\u00e9cnico de coordinaci\u00f3n pedag\u00f3gica.<\/p>\n<p style=\"text-align: justify\">d) Proponer a la direcci\u00f3n del centro el nombramiento y cese de los tutores y tutoras de grupo.<\/p>\n<p style=\"text-align: justify\">e) Coordinar las actividades de car\u00e1cter acad\u00e9mico y de orientaci\u00f3n, incluidas las derivadas de la coordinaci\u00f3n con los institutos de educaci\u00f3n secundaria a los que se encuentre adscrito el centro.<\/p>\n<p style=\"text-align: justify\">f) Elaborar, en colaboraci\u00f3n con los restantes miembros del equipo directivo, el horario general del centro, as\u00ed como el horario lectivo del alumnado y el individual de cada maestro y maestra, de acuerdo con los criterios incluidos en el proyecto educativo, as\u00ed como velar por su estricto cumplimiento.<\/p>\n<p style=\"text-align: justify\">g) Elaborar el plan de reuniones de los \u00f3rganos de coordinaci\u00f3n docente.<\/p>\n<p style=\"text-align: justify\">h) Elaborar la planificaci\u00f3n general de las sesiones de evaluaci\u00f3n.<\/p>\n<p style=\"text-align: justify\">i) Coordinar las actividades de los coordinadores de ciclo.<\/p>\n<p style=\"text-align: justify\">j) Garantizar el cumplimiento de las programaciones did\u00e1cticas.<\/p>\n<p style=\"text-align: justify\">k) Organizar los actos acad\u00e9micos.<\/p>\n<p style=\"text-align: justify\">l) Organizar la atenci\u00f3n y el cuidado del alumnado en los per\u00edodos de recreo y en las actividades no lectivas.<\/p>\n<p style=\"text-align: justify\">m) Cualesquiera otras que le sean atribuidas en el Plan de Centro o por Orden de la persona titular de la Consejer\u00eda competente en materia de educaci\u00f3n.<\/p>\n","protected":false},"excerpt":{"rendered":"<p>El art\u00edculo 73 de Decreto 328\/2010 se\u00f1ala las competencias de la jefatura de estudios: a) Ejercer, por delegaci\u00f3n de la direcci\u00f3n y bajo su autoridad, la jefatura del personal docente en todo lo relativo al r\u00e9gimen acad\u00e9mico y controlar la asistencia al trabajo del mismo. b) Sustituir al director o directora en caso de vacante, &hellip; <\/p>\n<p class=\"link-more\"><a href=\"https:\/\/blogsaverroes.juntadeandalucia.es\/ceipcapitancortes\/jefatura-de-estudios\/\" class=\"more-link\">Continuar leyendo<span class=\"screen-reader-text\"> \u00abJefatura de Estudios\u00bb<\/span><\/a><\/p>\n","protected":false},"author":2591,"featured_media":0,"parent":0,"menu_order":0,"comment_status":"open","ping_status":"open","template":"page-c.php","meta":{"ngg_post_thumbnail":0,"footnotes":"","_mc_calendar":[]},"aioseo_notices":[],"_links":{"self":[{"href":"https:\/\/blogsaverroes.juntadeandalucia.es\/ceipcapitancortes\/wp-json\/wp\/v2\/pages\/2319"}],"collection":[{"href":"https:\/\/blogsaverroes.juntadeandalucia.es\/ceipcapitancortes\/wp-json\/wp\/v2\/pages"}],"about":[{"href":"https:\/\/blogsaverroes.juntadeandalucia.es\/ceipcapitancortes\/wp-json\/wp\/v2\/types\/page"}],"author":[{"embeddable":true,"href":"https:\/\/blogsaverroes.juntadeandalucia.es\/ceipcapitancortes\/wp-json\/wp\/v2\/users\/2591"}],"replies":[{"embeddable":true,"href":"https:\/\/blogsaverroes.juntadeandalucia.es\/ceipcapitancortes\/wp-json\/wp\/v2\/comments?post=2319"}],"version-history":[{"count":4,"href":"https:\/\/blogsaverroes.juntadeandalucia.es\/ceipcapitancortes\/wp-json\/wp\/v2\/pages\/2319\/revisions"}],"predecessor-version":[{"id":2681,"href":"https:\/\/blogsaverroes.juntadeandalucia.es\/ceipcapitancortes\/wp-json\/wp\/v2\/pages\/2319\/revisions\/2681"}],"wp:attachment":[{"href":"https:\/\/blogsaverroes.juntadeandalucia.es\/ceipcapitancortes\/wp-json\/wp\/v2\/media?parent=2319"}],"curies":[{"name":"wp","href":"https:\/\/api.w.org\/{rel}","templated":true}]}}