{"id":1193,"date":"2025-10-12T12:21:06","date_gmt":"2025-10-12T11:21:06","guid":{"rendered":"https:\/\/blogsaverroes.juntadeandalucia.es\/ceipcarmenarevalo\/?page_id=1193"},"modified":"2025-10-17T18:47:27","modified_gmt":"2025-10-17T17:47:27","slug":"programa-de-acompanamiento-proa","status":"publish","type":"page","link":"https:\/\/blogsaverroes.juntadeandalucia.es\/ceipcarmenarevalo\/programa-de-acompanamiento-proa\/","title":{"rendered":"Programa de Acompa\u00f1amiento (PROA)"},"content":{"rendered":"<p style=\"text-align: justify\" data-start=\"475\" data-end=\"796\"><span style=\"font-family: 'times new roman', times, serif;font-size: 14pt\">En nuestro colegio participamos en el <strong data-start=\"513\" data-end=\"592\">Programa de Acompa\u00f1amiento Escolar (PROA+), &#8220;Refuerzo, Orientaci\u00f3n y Apoyo&#8221;<\/strong>, una iniciativa del Ministerio de Educaci\u00f3n y Formaci\u00f3n Profesional, en colaboraci\u00f3n con la Junta de Andaluc\u00eda, dirigida a mejorar el <strong data-start=\"727\" data-end=\"759\">\u00e9xito educativo del alumnado<\/strong> que pueda necesitar apoyo adicional.<\/span><\/p>\n<h3 style=\"text-align: justify\" data-start=\"798\" data-end=\"823\"><span style=\"font-family: 'times new roman', times, serif;font-size: 14pt\">\u00bfCu\u00e1l es su objetivo?<\/span><\/h3>\n<p style=\"text-align: justify\" data-start=\"825\" data-end=\"1128\"><span style=\"font-family: 'times new roman', times, serif;font-size: 14pt\">El PROA+ tiene como finalidad ofrecer una <strong data-start=\"867\" data-end=\"904\">respuesta educativa personalizada<\/strong> para garantizar la <strong data-start=\"924\" data-end=\"985\">equidad, la inclusi\u00f3n y la mejora del rendimiento escolar<\/strong>, especialmente en aquellos alumnos y alumnas que presentan m\u00e1s dificultades o se encuentran en situaci\u00f3n de vulnerabilidad educativa o social.<\/span><\/p>\n<h3 style=\"text-align: justify\" data-start=\"1130\" data-end=\"1155\"><span style=\"font-family: 'times new roman', times, serif;font-size: 14pt\"><u>\u00bfA qui\u00e9n va dirigido?<\/u><\/span><\/h3>\n<ul style=\"text-align: justify\" data-start=\"1157\" data-end=\"1562\">\n<li data-start=\"1157\" data-end=\"1320\">\n<p data-start=\"1159\" data-end=\"1320\"><span style=\"font-family: 'times new roman', times, serif;font-size: 14pt\">Alumnado de Primaria que necesita <strong data-start=\"1193\" data-end=\"1215\">refuerzo educativo<\/strong> en competencias clave como la <strong data-start=\"1246\" data-end=\"1319\">lectura, la escritura, la expresi\u00f3n oral o el razonamiento matem\u00e1tico<\/strong>.<\/span><\/p>\n<\/li>\n<li data-start=\"1321\" data-end=\"1451\">\n<p data-start=\"1323\" data-end=\"1451\"><span style=\"font-family: 'times new roman', times, serif;font-size: 14pt\">Ni\u00f1os y ni\u00f1as que requieren <strong data-start=\"1351\" data-end=\"1379\">acompa\u00f1amiento emocional<\/strong> y motivaci\u00f3n para mejorar su autoestima y actitud hacia el aprendizaje.<\/span><\/p>\n<\/li>\n<li data-start=\"1452\" data-end=\"1562\">\n<p data-start=\"1454\" data-end=\"1562\"><span style=\"font-family: 'times new roman', times, serif;font-size: 14pt\">Familias que necesitan <strong data-start=\"1477\" data-end=\"1507\">orientaci\u00f3n y colaboraci\u00f3n<\/strong> para apoyar el proceso educativo de sus hijos e hijas.<\/span><\/p>\n<\/li>\n<\/ul>\n<h3 style=\"text-align: justify\" data-start=\"1564\" data-end=\"1594\"><span style=\"font-family: 'times new roman', times, serif;font-size: 14pt\"><u>\u00bfQu\u00e9 acciones se realizan?<\/u><\/span><\/h3>\n<ul data-start=\"1596\" data-end=\"2014\">\n<li style=\"text-align: justify\" data-start=\"1596\" data-end=\"1672\">\n<p data-start=\"1598\" data-end=\"1672\"><span style=\"font-family: 'times new roman', times, serif;font-size: 14pt\"><strong data-start=\"1598\" data-end=\"1632\">Talleres de refuerzo educativo<\/strong> en horario extraescolar (por la tarde). Lunes y mi\u00e9rcoles de 15:30 a 17:30.<\/span><\/p>\n<\/li>\n<li style=\"text-align: justify\" data-start=\"1673\" data-end=\"1725\">\n<p data-start=\"1675\" data-end=\"1725\"><span style=\"font-family: 'times new roman', times, serif;font-size: 14pt\">Grupos reducidos con atenci\u00f3n m\u00e1s individualizada.<\/span><\/p>\n<\/li>\n<li style=\"text-align: justify\" data-start=\"1726\" data-end=\"1821\">\n<p data-start=\"1728\" data-end=\"1821\"><span style=\"font-family: 'times new roman', times, serif;font-size: 14pt\">Actividades adaptadas a las necesidades del alumnado, con metodolog\u00edas activas y motivadoras.<\/span><\/p>\n<\/li>\n<li style=\"text-align: justify\" data-start=\"1822\" data-end=\"1919\">\n<p data-start=\"1824\" data-end=\"1919\"><span style=\"font-family: 'times new roman', times, serif;font-size: 14pt\">Coordinaci\u00f3n con tutores\/as, familias y equipo de orientaci\u00f3n para hacer un seguimiento eficaz.<\/span><\/p>\n<\/li>\n<li data-start=\"1920\" data-end=\"2014\">\n<p style=\"text-align: justify\" data-start=\"1922\" data-end=\"2014\"><span style=\"font-family: 'times new roman', times, serif;font-size: 14pt\"><strong data-start=\"1922\" data-end=\"1965\">Acompa\u00f1amiento emocional y motivacional<\/strong>, favoreciendo un entorno cercano y de confianza.<\/span><\/p>\n<\/li>\n<\/ul>\n<h3 data-start=\"2016\" data-end=\"2038\">&nbsp;<\/h3>\n","protected":false},"excerpt":{"rendered":"<p>En nuestro colegio participamos en el Programa de Acompa\u00f1amiento Escolar (PROA+), &#8220;Refuerzo, Orientaci\u00f3n y Apoyo&#8221;, una iniciativa del Ministerio de Educaci\u00f3n y Formaci\u00f3n Profesional, en colaboraci\u00f3n con la Junta de Andaluc\u00eda, dirigida a mejorar el \u00e9xito educativo del alumnado que pueda necesitar apoyo adicional. \u00bfCu\u00e1l es su objetivo? El PROA+ tiene como finalidad ofrecer una [&hellip;]<\/p>\n","protected":false},"author":21243,"featured_media":0,"parent":0,"menu_order":0,"comment_status":"closed","ping_status":"closed","template":"","meta":{"_et_pb_use_builder":"","_et_pb_old_content":"","_et_gb_content_width":"","ngg_post_thumbnail":0,"footnotes":""},"aioseo_notices":[],"_links":{"self":[{"href":"https:\/\/blogsaverroes.juntadeandalucia.es\/ceipcarmenarevalo\/wp-json\/wp\/v2\/pages\/1193"}],"collection":[{"href":"https:\/\/blogsaverroes.juntadeandalucia.es\/ceipcarmenarevalo\/wp-json\/wp\/v2\/pages"}],"about":[{"href":"https:\/\/blogsaverroes.juntadeandalucia.es\/ceipcarmenarevalo\/wp-json\/wp\/v2\/types\/page"}],"author":[{"embeddable":true,"href":"https:\/\/blogsaverroes.juntadeandalucia.es\/ceipcarmenarevalo\/wp-json\/wp\/v2\/users\/21243"}],"replies":[{"embeddable":true,"href":"https:\/\/blogsaverroes.juntadeandalucia.es\/ceipcarmenarevalo\/wp-json\/wp\/v2\/comments?post=1193"}],"version-history":[{"count":4,"href":"https:\/\/blogsaverroes.juntadeandalucia.es\/ceipcarmenarevalo\/wp-json\/wp\/v2\/pages\/1193\/revisions"}],"predecessor-version":[{"id":1509,"href":"https:\/\/blogsaverroes.juntadeandalucia.es\/ceipcarmenarevalo\/wp-json\/wp\/v2\/pages\/1193\/revisions\/1509"}],"wp:attachment":[{"href":"https:\/\/blogsaverroes.juntadeandalucia.es\/ceipcarmenarevalo\/wp-json\/wp\/v2\/media?parent=1193"}],"curies":[{"name":"wp","href":"https:\/\/api.w.org\/{rel}","templated":true}]}}