{"id":1883,"date":"2025-11-11T11:09:23","date_gmt":"2025-11-11T10:09:23","guid":{"rendered":"https:\/\/blogsaverroes.juntadeandalucia.es\/ceipcarmenarevalo\/?page_id=1883"},"modified":"2025-11-11T12:17:04","modified_gmt":"2025-11-11T11:17:04","slug":"plan-de-centro","status":"publish","type":"page","link":"https:\/\/blogsaverroes.juntadeandalucia.es\/ceipcarmenarevalo\/plan-de-centro\/","title":{"rendered":"Plan de Centro"},"content":{"rendered":"<p style=\"text-align: justify\" data-start=\"302\" data-end=\"634\"><span style=\"font-size: 14pt;font-family: 'times new roman', times, serif\">El <strong data-start=\"305\" data-end=\"323\">Plan de Centro<\/strong> es el documento que recoge los aspectos esenciales de la organizaci\u00f3n y funcionamiento del colegio. En \u00e9l se definen los objetivos generales, los principios educativos y las normas que orientan la actividad del centro, garantizando una educaci\u00f3n de calidad, inclusiva y adaptada a las necesidades del alumnado.<\/span><\/p>\n<p style=\"text-align: justify\" data-start=\"636\" data-end=\"736\"><span style=\"font-size: 14pt;font-family: 'times new roman', times, serif\">De acuerdo con la normativa vigente, el Plan de Centro est\u00e1 integrado por los siguientes documentos:<\/span><\/p>\n<ol style=\"text-align: justify\" data-start=\"738\" data-end=\"1483\">\n<li data-start=\"738\" data-end=\"1018\">\n<p data-start=\"741\" data-end=\"1018\"><span style=\"font-size: 14pt;font-family: 'times new roman', times, serif\"><strong data-start=\"741\" data-end=\"779\">Proyecto Educativo de Centro (PEC)<\/strong><\/span><br data-start=\"779\" data-end=\"782\"><span style=\"font-size: 14pt;font-family: 'times new roman', times, serif\">En este documento se establecen los valores, los objetivos y las prioridades educativas del centro. Incluye los criterios pedag\u00f3gicos, la organizaci\u00f3n de la ense\u00f1anza, el plan de convivencia y las medidas de atenci\u00f3n a la diversidad.<\/span><\/p>\n<\/li>\n<li data-start=\"1020\" data-end=\"1310\">\n<p data-start=\"1023\" data-end=\"1310\"><span style=\"font-size: 14pt;font-family: 'times new roman', times, serif\"><strong data-start=\"1023\" data-end=\"1076\">Reglamento de Organizaci\u00f3n y Funcionamiento (ROF)<\/strong><\/span><br data-start=\"1076\" data-end=\"1079\"><span style=\"font-size: 14pt;font-family: 'times new roman', times, serif\">Recoge las normas que regulan la vida diaria del centro, la organizaci\u00f3n de los espacios y tiempos, los derechos y deberes de los miembros de la comunidad educativa, y los procedimientos para garantizar una convivencia positiva.<\/span><\/p>\n<\/li>\n<li data-start=\"1312\" data-end=\"1483\">\n<p data-start=\"1315\" data-end=\"1483\"><span style=\"font-size: 14pt;font-family: 'times new roman', times, serif\"><strong data-start=\"1315\" data-end=\"1343\">Proyecto de Gesti\u00f3n (PG)<\/strong><\/span><br data-start=\"1343\" data-end=\"1346\"><span style=\"font-size: 14pt;font-family: 'times new roman', times, serif\">Determina la utilizaci\u00f3n de los recursos humanos, materiales y econ\u00f3micos del centro, asegurando una gesti\u00f3n eficiente y transparente.<\/span><\/p>\n<\/li>\n<\/ol>\n<p style=\"text-align: justify\" data-start=\"1485\" data-end=\"1733\"><span style=\"font-size: 14pt;font-family: 'times new roman', times, serif\">El <strong data-start=\"1488\" data-end=\"1506\">Plan de Centro<\/strong> es el marco de referencia que orienta todas las actuaciones educativas, organizativas y de gesti\u00f3n, y se revisa peri\u00f3dicamente para responder a las necesidades de la comunidad escolar y a las disposiciones normativas en vigor.<\/span><\/p>\n","protected":false},"excerpt":{"rendered":"<p>El Plan de Centro es el documento que recoge los aspectos esenciales de la organizaci\u00f3n y funcionamiento del colegio. En \u00e9l se definen los objetivos generales, los principios educativos y las normas que orientan la actividad del centro, garantizando una educaci\u00f3n de calidad, inclusiva y adaptada a las necesidades del alumnado. De acuerdo con la [&hellip;]<\/p>\n","protected":false},"author":21243,"featured_media":0,"parent":0,"menu_order":0,"comment_status":"closed","ping_status":"closed","template":"","meta":{"_et_pb_use_builder":"","_et_pb_old_content":"","_et_gb_content_width":"","ngg_post_thumbnail":0,"footnotes":""},"aioseo_notices":[],"_links":{"self":[{"href":"https:\/\/blogsaverroes.juntadeandalucia.es\/ceipcarmenarevalo\/wp-json\/wp\/v2\/pages\/1883"}],"collection":[{"href":"https:\/\/blogsaverroes.juntadeandalucia.es\/ceipcarmenarevalo\/wp-json\/wp\/v2\/pages"}],"about":[{"href":"https:\/\/blogsaverroes.juntadeandalucia.es\/ceipcarmenarevalo\/wp-json\/wp\/v2\/types\/page"}],"author":[{"embeddable":true,"href":"https:\/\/blogsaverroes.juntadeandalucia.es\/ceipcarmenarevalo\/wp-json\/wp\/v2\/users\/21243"}],"replies":[{"embeddable":true,"href":"https:\/\/blogsaverroes.juntadeandalucia.es\/ceipcarmenarevalo\/wp-json\/wp\/v2\/comments?post=1883"}],"version-history":[{"count":3,"href":"https:\/\/blogsaverroes.juntadeandalucia.es\/ceipcarmenarevalo\/wp-json\/wp\/v2\/pages\/1883\/revisions"}],"predecessor-version":[{"id":1906,"href":"https:\/\/blogsaverroes.juntadeandalucia.es\/ceipcarmenarevalo\/wp-json\/wp\/v2\/pages\/1883\/revisions\/1906"}],"wp:attachment":[{"href":"https:\/\/blogsaverroes.juntadeandalucia.es\/ceipcarmenarevalo\/wp-json\/wp\/v2\/media?parent=1883"}],"curies":[{"name":"wp","href":"https:\/\/api.w.org\/{rel}","templated":true}]}}