{"id":206,"date":"2022-02-12T08:09:58","date_gmt":"2022-02-12T07:09:58","guid":{"rendered":"http:\/\/blogsaverroes.juntadeandalucia.es\/pre\/nuevoceip2v2\/?page_id=206"},"modified":"2023-01-24T19:53:01","modified_gmt":"2023-01-24T18:53:01","slug":"novedades","status":"publish","type":"page","link":"https:\/\/blogsaverroes.juntadeandalucia.es\/ceipcasalcarrillo\/novedades\/","title":{"rendered":"Novedades"},"content":{"rendered":"<p>[et_pb_section fb_built=&#8221;1&#8243; _builder_version=&#8221;3.22&#8243; global_colors_info=&#8221;{}&#8221;][et_pb_row _builder_version=&#8221;4.14.5&#8243; background_size=&#8221;initial&#8221; background_position=&#8221;top_left&#8221; background_repeat=&#8221;repeat&#8221; global_colors_info=&#8221;{}&#8221;][et_pb_column type=&#8221;4_4&#8243; _builder_version=&#8221;3.25&#8243; custom_padding=&#8221;|||&#8221; global_colors_info=&#8221;{}&#8221; custom_padding__hover=&#8221;|||&#8221;][et_pb_text _builder_version=&#8221;4.14.5&#8243; background_size=&#8221;initial&#8221; background_position=&#8221;top_left&#8221; background_repeat=&#8221;repeat&#8221; hover_enabled=&#8221;0&#8243; global_colors_info=&#8221;{}&#8221; sticky_enabled=&#8221;0&#8243;]<\/p>\n<div class=\"pt-cv-wrapper et_smooth_scroll_disabled\"><div class=\"pt-cv-view pt-cv-grid pt-cv-colsys\" id=\"pt-cv-view-6ff817bh92\"><div data-id=\"pt-cv-page-1\" class=\"pt-cv-page\" data-cvc=\"3\"><div class=\"col-md-4 col-sm-6 col-xs-12 pt-cv-content-item pt-cv-1-col\" ><div class='pt-cv-ifield'><a href=\"https:\/\/blogsaverroes.juntadeandalucia.es\/ceipcasalcarrillo\/primera-edicion-de-masterchef-junior-en-el-colegio-un-exito-rotundo\/\" class=\"_self pt-cv-href-thumbnail pt-cv-thumb-default\" target=\"_self\" ><img loading=\"lazy\" decoding=\"async\" width=\"400\" height=\"250\" src=\"https:\/\/blogsaverroes.juntadeandalucia.es\/ceipcasalcarrillo\/files\/2025\/05\/chef-12-400x250.jpg\" class=\"pt-cv-thumbnail\" alt=\"\" \/><\/a>\n<h4 class=\"pt-cv-title\"><a href=\"https:\/\/blogsaverroes.juntadeandalucia.es\/ceipcasalcarrillo\/primera-edicion-de-masterchef-junior-en-el-colegio-un-exito-rotundo\/\" class=\"_self\" target=\"_self\" >\u00a1Primera Edici\u00f3n de MasterChef Junior en el Colegio: Un \u00c9xito Rotundo!<\/a><\/h4>\n<div class=\"pt-cv-content\">Nuestro colegio vivi\u00f3 una jornada llena de sabor, creatividad y aprendizaje con la primera edici\u00f3n ...<br \/><div class=\"pt-cv-rmwrap\"><a href=\"https:\/\/blogsaverroes.juntadeandalucia.es\/ceipcasalcarrillo\/primera-edicion-de-masterchef-junior-en-el-colegio-un-exito-rotundo\/\" class=\"_self pt-cv-readmore btn btn-success\" target=\"_self\">Leer M\u00e1s<\/a><\/div><\/div><\/div><\/div>\n<div class=\"col-md-4 col-sm-6 col-xs-12 pt-cv-content-item pt-cv-1-col\" ><div class='pt-cv-ifield'><a href=\"https:\/\/blogsaverroes.juntadeandalucia.es\/ceipcasalcarrillo\/despedida-del-programa-proa-gracias-por-este-viaje-juntos\/\" class=\"_self pt-cv-href-thumbnail pt-cv-thumb-default\" target=\"_self\" ><img loading=\"lazy\" decoding=\"async\" width=\"400\" height=\"218\" src=\"https:\/\/blogsaverroes.juntadeandalucia.es\/ceipcasalcarrillo\/files\/2025\/05\/logo-proa-400x218.png\" class=\"pt-cv-thumbnail\" alt=\"\" \/><\/a>\n<h4 class=\"pt-cv-title\"><a href=\"https:\/\/blogsaverroes.juntadeandalucia.es\/ceipcasalcarrillo\/despedida-del-programa-proa-gracias-por-este-viaje-juntos\/\" class=\"_self\" target=\"_self\" >Despedida del Programa PROA: \u00a1Gracias por este viaje juntos!<\/a><\/h4>\n<div class=\"pt-cv-content\">Queridas familias y alumnos: Nos acercamos al final de una etapa muy especial en nuestro ...<br \/><div class=\"pt-cv-rmwrap\"><a href=\"https:\/\/blogsaverroes.juntadeandalucia.es\/ceipcasalcarrillo\/despedida-del-programa-proa-gracias-por-este-viaje-juntos\/\" class=\"_self pt-cv-readmore btn btn-success\" target=\"_self\">Leer M\u00e1s<\/a><\/div><\/div><\/div><\/div>\n<div class=\"col-md-4 col-sm-6 col-xs-12 pt-cv-content-item pt-cv-1-col\" ><div class='pt-cv-ifield'><a href=\"https:\/\/blogsaverroes.juntadeandalucia.es\/ceipcasalcarrillo\/nuestros-chavales-brillan-en-la-33a-convocatoria-de-atletismo-de-colegios-de-san-fernando\/\" class=\"_self pt-cv-href-thumbnail pt-cv-thumb-default\" target=\"_self\" ><img loading=\"lazy\" decoding=\"async\" width=\"400\" height=\"250\" src=\"https:\/\/blogsaverroes.juntadeandalucia.es\/ceipcasalcarrillo\/files\/2025\/05\/campeonato-local-de-atletismo-escolar-400x250.jpg\" class=\"pt-cv-thumbnail\" alt=\"\" \/><\/a>\n<h4 class=\"pt-cv-title\"><a href=\"https:\/\/blogsaverroes.juntadeandalucia.es\/ceipcasalcarrillo\/nuestros-chavales-brillan-en-la-33a-convocatoria-de-atletismo-de-colegios-de-san-fernando\/\" class=\"_self\" target=\"_self\" >\u00a1Nuestros chavales brillan en la 33\u00aa Convocatoria de Atletismo de Colegios de San Fernando!<\/a><\/h4>\n<div class=\"pt-cv-content\">Nos llena de orgullo compartir que nuestros alumnos y alumnas de 5\u00ba y 6\u00ba han ...<br \/><div class=\"pt-cv-rmwrap\"><a href=\"https:\/\/blogsaverroes.juntadeandalucia.es\/ceipcasalcarrillo\/nuestros-chavales-brillan-en-la-33a-convocatoria-de-atletismo-de-colegios-de-san-fernando\/\" class=\"_self pt-cv-readmore btn btn-success\" target=\"_self\">Leer M\u00e1s<\/a><\/div><\/div><\/div><\/div>\n<div class=\"col-md-4 col-sm-6 col-xs-12 pt-cv-content-item pt-cv-1-col\" ><div class='pt-cv-ifield'><a href=\"https:\/\/blogsaverroes.juntadeandalucia.es\/ceipcasalcarrillo\/dia-del-libro-en-casal-carrillo-%f0%9f%93%9a%f0%9f%90%81%f0%9f%a6%81%f0%9f%90%9c%f0%9f%a6%97%f0%9f%93%9a\/\" class=\"_self pt-cv-href-thumbnail pt-cv-thumb-default\" target=\"_self\" ><img loading=\"lazy\" decoding=\"async\" width=\"400\" height=\"250\" src=\"https:\/\/blogsaverroes.juntadeandalucia.es\/ceipcasalcarrillo\/files\/2025\/05\/mikel-casal-dia-internacional-libro-400x250.jpg\" class=\"pt-cv-thumbnail\" alt=\"\" \/><\/a>\n<h4 class=\"pt-cv-title\"><a href=\"https:\/\/blogsaverroes.juntadeandalucia.es\/ceipcasalcarrillo\/dia-del-libro-en-casal-carrillo-%f0%9f%93%9a%f0%9f%90%81%f0%9f%a6%81%f0%9f%90%9c%f0%9f%a6%97%f0%9f%93%9a\/\" class=\"_self\" target=\"_self\" >D\u00eda del Libro en Casal Carrillo \ud83d\udcda\ud83d\udc01\ud83e\udd81\ud83d\udc1c\ud83e\udd97\ud83d\udcda<\/a><\/h4>\n<div class=\"pt-cv-content\">En Casal Carrillo hemos celebrado con mucha ilusi\u00f3n el D\u00eda del Libro, una fecha muy ...<br \/><div class=\"pt-cv-rmwrap\"><a href=\"https:\/\/blogsaverroes.juntadeandalucia.es\/ceipcasalcarrillo\/dia-del-libro-en-casal-carrillo-%f0%9f%93%9a%f0%9f%90%81%f0%9f%a6%81%f0%9f%90%9c%f0%9f%a6%97%f0%9f%93%9a\/\" class=\"_self pt-cv-readmore btn btn-success\" target=\"_self\">Leer M\u00e1s<\/a><\/div><\/div><\/div><\/div>\n<div class=\"col-md-4 col-sm-6 col-xs-12 pt-cv-content-item pt-cv-1-col\" ><div class='pt-cv-ifield'><a href=\"https:\/\/blogsaverroes.juntadeandalucia.es\/ceipcasalcarrillo\/excursion-al-valle-de-cuentos-un-dia-inolvidable-para-nuestros-alumnos-de-1o-2o-3o-y-aula-especifica\/\" class=\"_self pt-cv-href-thumbnail pt-cv-thumb-default\" target=\"_self\" ><img loading=\"lazy\" decoding=\"async\" width=\"400\" height=\"250\" src=\"https:\/\/blogsaverroes.juntadeandalucia.es\/ceipcasalcarrillo\/files\/2025\/04\/FIESTA-DE-VALLE-DE-CUENTOS-400x250.png\" class=\"pt-cv-thumbnail\" alt=\"\" \/><\/a>\n<h4 class=\"pt-cv-title\"><a href=\"https:\/\/blogsaverroes.juntadeandalucia.es\/ceipcasalcarrillo\/excursion-al-valle-de-cuentos-un-dia-inolvidable-para-nuestros-alumnos-de-1o-2o-3o-y-aula-especifica\/\" class=\"_self\" target=\"_self\" >Excursi\u00f3n al Valle de Cuentos: \u00a1Un d\u00eda inolvidable para nuestros alumnos de 1\u00ba, 2\u00ba, 3\u00ba y Aula Espec\u00edfica!<\/a><\/h4>\n<div class=\"pt-cv-content\">Nuestros alumnos de 1\u00ba, 2\u00ba, 3\u00ba y Aula Espec\u00edfica disfrutaron de una fant\u00e1stica excursi\u00f3n al ...<br \/><div class=\"pt-cv-rmwrap\"><a href=\"https:\/\/blogsaverroes.juntadeandalucia.es\/ceipcasalcarrillo\/excursion-al-valle-de-cuentos-un-dia-inolvidable-para-nuestros-alumnos-de-1o-2o-3o-y-aula-especifica\/\" class=\"_self pt-cv-readmore btn btn-success\" target=\"_self\">Leer M\u00e1s<\/a><\/div><\/div><\/div><\/div>\n<div class=\"col-md-4 col-sm-6 col-xs-12 pt-cv-content-item pt-cv-1-col\" ><div class='pt-cv-ifield'><a href=\"https:\/\/blogsaverroes.juntadeandalucia.es\/ceipcasalcarrillo\/madrinas-padrinos-y-apadrinados-momentos-para-recordar-%f0%9f%a4%97\/\" class=\"_self pt-cv-href-thumbnail pt-cv-thumb-default\" target=\"_self\" ><img loading=\"lazy\" decoding=\"async\" width=\"400\" height=\"250\" src=\"https:\/\/blogsaverroes.juntadeandalucia.es\/ceipcasalcarrillo\/files\/2025\/05\/IMG_1197-e1571902636527-1024x697-1-400x250.jpg\" class=\"pt-cv-thumbnail\" alt=\"\" \/><\/a>\n<h4 class=\"pt-cv-title\"><a href=\"https:\/\/blogsaverroes.juntadeandalucia.es\/ceipcasalcarrillo\/madrinas-padrinos-y-apadrinados-momentos-para-recordar-%f0%9f%a4%97\/\" class=\"_self\" target=\"_self\" >Madrinas, padrinos y apadrinados: \u00a1Momentos para recordar! \ud83e\udd17<\/a><\/h4>\n<div class=\"pt-cv-content\">En nuestro colegio, madrinas, padrinos y apadrinados han compartido juntos momentos muy especiales y actividades ...<br \/><div class=\"pt-cv-rmwrap\"><a href=\"https:\/\/blogsaverroes.juntadeandalucia.es\/ceipcasalcarrillo\/madrinas-padrinos-y-apadrinados-momentos-para-recordar-%f0%9f%a4%97\/\" class=\"_self pt-cv-readmore btn btn-success\" target=\"_self\">Leer M\u00e1s<\/a><\/div><\/div><\/div><\/div><\/div><\/div>\n<div class=\" pt-cv-pagination-wrapper\"><ul class=\"pt-cv-pagination pt-cv-ajax pagination\" data-totalpages=\"27\" data-currentpage=\"1\" data-sid=\"6ff817bh92\" data-unid=\"\" data-isblock=\"\" data-postid=\"\"><li class=\"active\"><a href=\"#\">1<\/a><\/li>\n\t<li ><a class=\"\" href=\"https:\/\/blogsaverroes.juntadeandalucia.es\/ceipcasalcarrillo\/wp-json\/wp\/v2\/pages\/206\/?_page=2\">2<\/a><\/li>\n\t<li ><a class=\"\" href=\"https:\/\/blogsaverroes.juntadeandalucia.es\/ceipcasalcarrillo\/wp-json\/wp\/v2\/pages\/206\/?_page=3\">3<\/a><\/li>\n\t<li ><a href=\"#\">&hellip;<\/a><\/li>\n\t<li ><a class=\"\" href=\"https:\/\/blogsaverroes.juntadeandalucia.es\/ceipcasalcarrillo\/wp-json\/wp\/v2\/pages\/206\/?_page=27\">27<\/a><\/li>\n\t<li ><a class=\" \" href=\"https:\/\/blogsaverroes.juntadeandalucia.es\/ceipcasalcarrillo\/wp-json\/wp\/v2\/pages\/206\/?_page=2\">&rsaquo;<\/a><\/li>\n\t<\/ul><img loading=\"lazy\" decoding=\"async\" width=\"15\" height=\"15\" class=\"pt-cv-spinner\" alt=\"Cargando...\" src=\"data:image\/gif;base64,R0lGODlhDwAPALMPAMrKygwMDJOTkz09PZWVla+vr3p6euTk5M7OzuXl5TMzMwAAAJmZmWZmZszMzP\/\/\/yH\/C05FVFNDQVBFMi4wAwEAAAAh+QQFCgAPACwAAAAADwAPAAAEQvDJaZaZOIcV8iQK8VRX4iTYoAwZ4iCYoAjZ4RxejhVNoT+mRGP4cyF4Pp0N98sBGIBMEMOotl6YZ3S61Bmbkm4mAgAh+QQFCgAPACwAAAAADQANAAAENPDJSRSZeA418itN8QiK8BiLITVsFiyBBIoYqnoewAD4xPw9iY4XLGYSjkQR4UAUD45DLwIAIfkEBQoADwAsAAAAAA8ACQAABC\/wyVlamTi3nSdgwFNdhEJgTJoNyoB9ISYoQmdjiZPcj7EYCAeCF1gEDo4Dz2eIAAAh+QQFCgAPACwCAAAADQANAAAEM\/DJBxiYeLKdX3IJZT1FU0iIg2RNKx3OkZVnZ98ToRD4MyiDnkAh6BkNC0MvsAj0kMpHBAAh+QQFCgAPACwGAAAACQAPAAAEMDC59KpFDll73HkAA2wVY5KgiK5b0RRoI6MuzG6EQqCDMlSGheEhUAgqgUUAFRySIgAh+QQFCgAPACwCAAIADQANAAAEM\/DJKZNLND\/kkKaHc3xk+QAMYDKsiaqmZCxGVjSFFCxB1vwy2oOgIDxuucxAMTAJFAJNBAAh+QQFCgAPACwAAAYADwAJAAAEMNAs86q1yaWwwv2Ig0jUZx3OYa4XoRAfwADXoAwfo1+CIjyFRuEho60aSNYlOPxEAAAh+QQFCgAPACwAAAIADQANAAAENPA9s4y8+IUVcqaWJ4qEQozSoAzoIyhCK2NFU2SJk0hNnyEOhKR2AzAAj4Pj4GE4W0bkJQIAOw==\" \/><div class=\"clear pt-cv-clear-pagination\"><\/div><\/div><\/div>\n<p>&nbsp;<\/p>\n<p>[\/et_pb_text][\/et_pb_column][\/et_pb_row][\/et_pb_section]<\/p>\n","protected":false},"excerpt":{"rendered":"<div class=\"pt-cv-wrapper et_smooth_scroll_disabled\"><div class=\"pt-cv-view pt-cv-grid pt-cv-colsys\" id=\"pt-cv-view-6ff817bh92\"><div data-id=\"pt-cv-page-1\" class=\"pt-cv-page\" data-cvc=\"3\"><div class=\"col-md-4 col-sm-6 col-xs-12 pt-cv-content-item pt-cv-1-col\" ><div class='pt-cv-ifield'><a href=\"https:\/\/blogsaverroes.juntadeandalucia.es\/ceipcasalcarrillo\/primera-edicion-de-masterchef-junior-en-el-colegio-un-exito-rotundo\/\" class=\"_self pt-cv-href-thumbnail pt-cv-thumb-default\" target=\"_self\" ><img width=\"400\" height=\"250\" src=\"https:\/\/blogsaverroes.juntadeandalucia.es\/ceipcasalcarrillo\/files\/2025\/05\/chef-12-400x250.jpg\" class=\"pt-cv-thumbnail\" alt=\"\" decoding=\"async\" loading=\"lazy\" \/><\/a>\n<h4 class=\"pt-cv-title\"><a href=\"https:\/\/blogsaverroes.juntadeandalucia.es\/ceipcasalcarrillo\/primera-edicion-de-masterchef-junior-en-el-colegio-un-exito-rotundo\/\" class=\"_self\" target=\"_self\" >\u00a1Primera Edici\u00f3n de MasterChef Junior en el Colegio: Un \u00c9xito Rotundo!<\/a><\/h4>\n<div class=\"pt-cv-content\">Nuestro colegio vivi\u00f3 una jornada llena de sabor, creatividad y aprendizaje con la primera edici\u00f3n ...<br \/><div class=\"pt-cv-rmwrap\"><a href=\"https:\/\/blogsaverroes.juntadeandalucia.es\/ceipcasalcarrillo\/primera-edicion-de-masterchef-junior-en-el-colegio-un-exito-rotundo\/\" class=\"_self pt-cv-readmore btn btn-success\" target=\"_self\">Leer M\u00e1s<\/a><\/div><\/div><\/div><\/div>\n<div class=\"col-md-4 col-sm-6 col-xs-12 pt-cv-content-item pt-cv-1-col\" ><div class='pt-cv-ifield'><a href=\"https:\/\/blogsaverroes.juntadeandalucia.es\/ceipcasalcarrillo\/despedida-del-programa-proa-gracias-por-este-viaje-juntos\/\" class=\"_self pt-cv-href-thumbnail pt-cv-thumb-default\" target=\"_self\" ><img width=\"400\" height=\"218\" src=\"https:\/\/blogsaverroes.juntadeandalucia.es\/ceipcasalcarrillo\/files\/2025\/05\/logo-proa-400x218.png\" class=\"pt-cv-thumbnail\" alt=\"\" decoding=\"async\" loading=\"lazy\" \/><\/a>\n<h4 class=\"pt-cv-title\"><a href=\"https:\/\/blogsaverroes.juntadeandalucia.es\/ceipcasalcarrillo\/despedida-del-programa-proa-gracias-por-este-viaje-juntos\/\" class=\"_self\" target=\"_self\" >Despedida del Programa PROA: \u00a1Gracias por este viaje juntos!<\/a><\/h4>\n<div class=\"pt-cv-content\">Queridas familias y alumnos: Nos acercamos al final de una etapa muy especial en nuestro ...<br \/><div class=\"pt-cv-rmwrap\"><a href=\"https:\/\/blogsaverroes.juntadeandalucia.es\/ceipcasalcarrillo\/despedida-del-programa-proa-gracias-por-este-viaje-juntos\/\" class=\"_self pt-cv-readmore btn btn-success\" target=\"_self\">Leer M\u00e1s<\/a><\/div><\/div><\/div><\/div>\n<div class=\"col-md-4 col-sm-6 col-xs-12 pt-cv-content-item pt-cv-1-col\" ><div class='pt-cv-ifield'><a href=\"https:\/\/blogsaverroes.juntadeandalucia.es\/ceipcasalcarrillo\/nuestros-chavales-brillan-en-la-33a-convocatoria-de-atletismo-de-colegios-de-san-fernando\/\" class=\"_self pt-cv-href-thumbnail pt-cv-thumb-default\" target=\"_self\" ><img width=\"400\" height=\"250\" src=\"https:\/\/blogsaverroes.juntadeandalucia.es\/ceipcasalcarrillo\/files\/2025\/05\/campeonato-local-de-atletismo-escolar-400x250.jpg\" class=\"pt-cv-thumbnail\" alt=\"\" decoding=\"async\" loading=\"lazy\" \/><\/a>\n<h4 class=\"pt-cv-title\"><a href=\"https:\/\/blogsaverroes.juntadeandalucia.es\/ceipcasalcarrillo\/nuestros-chavales-brillan-en-la-33a-convocatoria-de-atletismo-de-colegios-de-san-fernando\/\" class=\"_self\" target=\"_self\" >\u00a1Nuestros chavales brillan en la 33\u00aa Convocatoria de Atletismo de Colegios de San Fernando!<\/a><\/h4>\n<div class=\"pt-cv-content\">Nos llena de orgullo compartir que nuestros alumnos y alumnas de 5\u00ba y 6\u00ba han ...<br \/><div class=\"pt-cv-rmwrap\"><a href=\"https:\/\/blogsaverroes.juntadeandalucia.es\/ceipcasalcarrillo\/nuestros-chavales-brillan-en-la-33a-convocatoria-de-atletismo-de-colegios-de-san-fernando\/\" class=\"_self pt-cv-readmore btn btn-success\" target=\"_self\">Leer M\u00e1s<\/a><\/div><\/div><\/div><\/div>\n<div class=\"col-md-4 col-sm-6 col-xs-12 pt-cv-content-item pt-cv-1-col\" ><div class='pt-cv-ifield'><a href=\"https:\/\/blogsaverroes.juntadeandalucia.es\/ceipcasalcarrillo\/dia-del-libro-en-casal-carrillo-%f0%9f%93%9a%f0%9f%90%81%f0%9f%a6%81%f0%9f%90%9c%f0%9f%a6%97%f0%9f%93%9a\/\" class=\"_self pt-cv-href-thumbnail pt-cv-thumb-default\" target=\"_self\" ><img width=\"400\" height=\"250\" src=\"https:\/\/blogsaverroes.juntadeandalucia.es\/ceipcasalcarrillo\/files\/2025\/05\/mikel-casal-dia-internacional-libro-400x250.jpg\" class=\"pt-cv-thumbnail\" alt=\"\" decoding=\"async\" loading=\"lazy\" \/><\/a>\n<h4 class=\"pt-cv-title\"><a href=\"https:\/\/blogsaverroes.juntadeandalucia.es\/ceipcasalcarrillo\/dia-del-libro-en-casal-carrillo-%f0%9f%93%9a%f0%9f%90%81%f0%9f%a6%81%f0%9f%90%9c%f0%9f%a6%97%f0%9f%93%9a\/\" class=\"_self\" target=\"_self\" >D\u00eda del Libro en Casal Carrillo \ud83d\udcda\ud83d\udc01\ud83e\udd81\ud83d\udc1c\ud83e\udd97\ud83d\udcda<\/a><\/h4>\n<div class=\"pt-cv-content\">En Casal Carrillo hemos celebrado con mucha ilusi\u00f3n el D\u00eda del Libro, una fecha muy ...<br \/><div class=\"pt-cv-rmwrap\"><a href=\"https:\/\/blogsaverroes.juntadeandalucia.es\/ceipcasalcarrillo\/dia-del-libro-en-casal-carrillo-%f0%9f%93%9a%f0%9f%90%81%f0%9f%a6%81%f0%9f%90%9c%f0%9f%a6%97%f0%9f%93%9a\/\" class=\"_self pt-cv-readmore btn btn-success\" target=\"_self\">Leer M\u00e1s<\/a><\/div><\/div><\/div><\/div>\n<div class=\"col-md-4 col-sm-6 col-xs-12 pt-cv-content-item pt-cv-1-col\" ><div class='pt-cv-ifield'><a href=\"https:\/\/blogsaverroes.juntadeandalucia.es\/ceipcasalcarrillo\/excursion-al-valle-de-cuentos-un-dia-inolvidable-para-nuestros-alumnos-de-1o-2o-3o-y-aula-especifica\/\" class=\"_self pt-cv-href-thumbnail pt-cv-thumb-default\" target=\"_self\" ><img width=\"400\" height=\"250\" src=\"https:\/\/blogsaverroes.juntadeandalucia.es\/ceipcasalcarrillo\/files\/2025\/04\/FIESTA-DE-VALLE-DE-CUENTOS-400x250.png\" class=\"pt-cv-thumbnail\" alt=\"\" decoding=\"async\" loading=\"lazy\" \/><\/a>\n<h4 class=\"pt-cv-title\"><a href=\"https:\/\/blogsaverroes.juntadeandalucia.es\/ceipcasalcarrillo\/excursion-al-valle-de-cuentos-un-dia-inolvidable-para-nuestros-alumnos-de-1o-2o-3o-y-aula-especifica\/\" class=\"_self\" target=\"_self\" >Excursi\u00f3n al Valle de Cuentos: \u00a1Un d\u00eda inolvidable para nuestros alumnos de 1\u00ba, 2\u00ba, 3\u00ba y Aula Espec\u00edfica!<\/a><\/h4>\n<div class=\"pt-cv-content\">Nuestros alumnos de 1\u00ba, 2\u00ba, 3\u00ba y Aula Espec\u00edfica disfrutaron de una fant\u00e1stica excursi\u00f3n al ...<br \/><div class=\"pt-cv-rmwrap\"><a href=\"https:\/\/blogsaverroes.juntadeandalucia.es\/ceipcasalcarrillo\/excursion-al-valle-de-cuentos-un-dia-inolvidable-para-nuestros-alumnos-de-1o-2o-3o-y-aula-especifica\/\" class=\"_self pt-cv-readmore btn btn-success\" target=\"_self\">Leer M\u00e1s<\/a><\/div><\/div><\/div><\/div>\n<div class=\"col-md-4 col-sm-6 col-xs-12 pt-cv-content-item pt-cv-1-col\" ><div class='pt-cv-ifield'><a href=\"https:\/\/blogsaverroes.juntadeandalucia.es\/ceipcasalcarrillo\/madrinas-padrinos-y-apadrinados-momentos-para-recordar-%f0%9f%a4%97\/\" class=\"_self pt-cv-href-thumbnail pt-cv-thumb-default\" target=\"_self\" ><img width=\"400\" height=\"250\" src=\"https:\/\/blogsaverroes.juntadeandalucia.es\/ceipcasalcarrillo\/files\/2025\/05\/IMG_1197-e1571902636527-1024x697-1-400x250.jpg\" class=\"pt-cv-thumbnail\" alt=\"\" decoding=\"async\" loading=\"lazy\" \/><\/a>\n<h4 class=\"pt-cv-title\"><a href=\"https:\/\/blogsaverroes.juntadeandalucia.es\/ceipcasalcarrillo\/madrinas-padrinos-y-apadrinados-momentos-para-recordar-%f0%9f%a4%97\/\" class=\"_self\" target=\"_self\" >Madrinas, padrinos y apadrinados: \u00a1Momentos para recordar! \ud83e\udd17<\/a><\/h4>\n<div class=\"pt-cv-content\">En nuestro colegio, madrinas, padrinos y apadrinados han compartido juntos momentos muy especiales y actividades ...<br \/><div class=\"pt-cv-rmwrap\"><a href=\"https:\/\/blogsaverroes.juntadeandalucia.es\/ceipcasalcarrillo\/madrinas-padrinos-y-apadrinados-momentos-para-recordar-%f0%9f%a4%97\/\" class=\"_self pt-cv-readmore btn btn-success\" target=\"_self\">Leer M\u00e1s<\/a><\/div><\/div><\/div><\/div><\/div><\/div>\n<div class=\" pt-cv-pagination-wrapper\"><ul class=\"pt-cv-pagination pt-cv-ajax pagination\" data-totalpages=\"27\" data-currentpage=\"1\" data-sid=\"6ff817bh92\" data-unid=\"\" data-isblock=\"\" data-postid=\"\"><li class=\"active\"><a href=\"#\">1<\/a><\/li>\n\t<li ><a class=\"\" href=\"https:\/\/blogsaverroes.juntadeandalucia.es\/ceipcasalcarrillo\/wp-json\/wp\/v2\/pages\/206\/?_page=2\">2<\/a><\/li>\n\t<li ><a class=\"\" href=\"https:\/\/blogsaverroes.juntadeandalucia.es\/ceipcasalcarrillo\/wp-json\/wp\/v2\/pages\/206\/?_page=3\">3<\/a><\/li>\n\t<li ><a href=\"#\">&hellip;<\/a><\/li>\n\t<li ><a class=\"\" href=\"https:\/\/blogsaverroes.juntadeandalucia.es\/ceipcasalcarrillo\/wp-json\/wp\/v2\/pages\/206\/?_page=27\">27<\/a><\/li>\n\t<li ><a class=\" \" href=\"https:\/\/blogsaverroes.juntadeandalucia.es\/ceipcasalcarrillo\/wp-json\/wp\/v2\/pages\/206\/?_page=2\">&rsaquo;<\/a><\/li>\n\t<\/ul><img loading=\"lazy\" decoding=\"async\" width=\"15\" height=\"15\" class=\"pt-cv-spinner\" alt=\"Cargando...\" src=\"data:image\/gif;base64,R0lGODlhDwAPALMPAMrKygwMDJOTkz09PZWVla+vr3p6euTk5M7OzuXl5TMzMwAAAJmZmWZmZszMzP\/\/\/yH\/C05FVFNDQVBFMi4wAwEAAAAh+QQFCgAPACwAAAAADwAPAAAEQvDJaZaZOIcV8iQK8VRX4iTYoAwZ4iCYoAjZ4RxejhVNoT+mRGP4cyF4Pp0N98sBGIBMEMOotl6YZ3S61Bmbkm4mAgAh+QQFCgAPACwAAAAADQANAAAENPDJSRSZeA418itN8QiK8BiLITVsFiyBBIoYqnoewAD4xPw9iY4XLGYSjkQR4UAUD45DLwIAIfkEBQoADwAsAAAAAA8ACQAABC\/wyVlamTi3nSdgwFNdhEJgTJoNyoB9ISYoQmdjiZPcj7EYCAeCF1gEDo4Dz2eIAAAh+QQFCgAPACwCAAAADQANAAAEM\/DJBxiYeLKdX3IJZT1FU0iIg2RNKx3OkZVnZ98ToRD4MyiDnkAh6BkNC0MvsAj0kMpHBAAh+QQFCgAPACwGAAAACQAPAAAEMDC59KpFDll73HkAA2wVY5KgiK5b0RRoI6MuzG6EQqCDMlSGheEhUAgqgUUAFRySIgAh+QQFCgAPACwCAAIADQANAAAEM\/DJKZNLND\/kkKaHc3xk+QAMYDKsiaqmZCxGVjSFFCxB1vwy2oOgIDxuucxAMTAJFAJNBAAh+QQFCgAPACwAAAYADwAJAAAEMNAs86q1yaWwwv2Ig0jUZx3OYa4XoRAfwADXoAwfo1+CIjyFRuEho60aSNYlOPxEAAAh+QQFCgAPACwAAAIADQANAAAENPA9s4y8+IUVcqaWJ4qEQozSoAzoIyhCK2NFU2SJk0hNnyEOhKR2AzAAj4Pj4GE4W0bkJQIAOw==\" \/><div class=\"clear pt-cv-clear-pagination\"><\/div><\/div><\/div>\n","protected":false},"author":7051,"featured_media":0,"parent":0,"menu_order":0,"comment_status":"closed","ping_status":"closed","template":"","meta":{"_et_pb_use_builder":"on","_et_pb_old_content":"<p><span style=\"vertical-align: inherit;\"><span style=\"vertical-align: inherit;\">[identificaci\u00f3n de pt_view=\"6ff817bh92\"]<\/span><\/span><\/p>","_et_gb_content_width":"","ngg_post_thumbnail":0,"footnotes":""},"aioseo_notices":[],"_links":{"self":[{"href":"https:\/\/blogsaverroes.juntadeandalucia.es\/ceipcasalcarrillo\/wp-json\/wp\/v2\/pages\/206"}],"collection":[{"href":"https:\/\/blogsaverroes.juntadeandalucia.es\/ceipcasalcarrillo\/wp-json\/wp\/v2\/pages"}],"about":[{"href":"https:\/\/blogsaverroes.juntadeandalucia.es\/ceipcasalcarrillo\/wp-json\/wp\/v2\/types\/page"}],"author":[{"embeddable":true,"href":"https:\/\/blogsaverroes.juntadeandalucia.es\/ceipcasalcarrillo\/wp-json\/wp\/v2\/users\/7051"}],"replies":[{"embeddable":true,"href":"https:\/\/blogsaverroes.juntadeandalucia.es\/ceipcasalcarrillo\/wp-json\/wp\/v2\/comments?post=206"}],"version-history":[{"count":8,"href":"https:\/\/blogsaverroes.juntadeandalucia.es\/ceipcasalcarrillo\/wp-json\/wp\/v2\/pages\/206\/revisions"}],"predecessor-version":[{"id":817,"href":"https:\/\/blogsaverroes.juntadeandalucia.es\/ceipcasalcarrillo\/wp-json\/wp\/v2\/pages\/206\/revisions\/817"}],"wp:attachment":[{"href":"https:\/\/blogsaverroes.juntadeandalucia.es\/ceipcasalcarrillo\/wp-json\/wp\/v2\/media?parent=206"}],"curies":[{"name":"wp","href":"https:\/\/api.w.org\/{rel}","templated":true}]}}