{"id":99,"date":"2015-03-16T07:22:54","date_gmt":"2015-03-16T07:22:54","guid":{"rendered":"http:\/\/blogsaverroes.juntadeandalucia.es\/pre\/ceip\/?page_id=99"},"modified":"2026-01-16T10:36:45","modified_gmt":"2026-01-16T08:36:45","slug":"comedor-escolar","status":"publish","type":"page","link":"https:\/\/blogsaverroes.juntadeandalucia.es\/ceipcervantesalcala\/comedor-escolar\/","title":{"rendered":"Comedor Escolar 25\/26"},"content":{"rendered":"<h4><a href=\"https:\/\/drive.google.com\/file\/d\/1JEiFlOAeP6cJdTEdidM6l_iLb78ZQZ4F\/view?usp=sharing\" target=\"_blank\" rel=\"noopener\">Enlace al modelo de solicitud de los servicios de Plan de Apertura de Centros (Aula Matinal, Comedor Escolar y Actividades Extraescolares)<\/a><\/h4>\n<h4><a href=\"https:\/\/drive.google.com\/file\/d\/1QDoR2HLdLk5y1xtk1mb6qMnRMH2pnX1I\/view?usp=sharing\" target=\"_blank\" rel=\"noopener\">Enlace al modelo de solicitud de bonificaciones para los servicios del Plan de Apertura de Centros (Aula Matinal, Comedor Escolar y Actividades Extraescolares)<\/a>&nbsp;<\/h4>\n<h4>Informaci\u00f3n sobre el comedor escolar<\/h4>\n<p>El servicio del comedor se iniciar\u00e1 el primer d\u00eda de clases,&nbsp; el martes 10 de septiembre.<\/p>\n<p>Es importante recordar a todos los usuarios\/as que<strong> si un alumno\/a no va a asistir al comedor se debe avisar:<\/strong><\/p>\n<ul>\n<li><strong>A la secretar\u00eda del centro (955622348)<\/strong> para que podamos organizarnos con las monitoras del comedor y no sea acompa\u00f1ado a las 14:00 al comedor. (Si un alumno asiste al comedor no podr\u00e1 ser recogido por su familiares hasta la hora de finalizaci\u00f3n del servicio, 15:00 horas).<\/li>\n<li><strong>A la empresa<\/strong> (a efectos econ\u00f3micos para que no se cargue la cuant\u00eda del servicio de ese d\u00eda).<\/li>\n<\/ul>\n<p>Las familias deben notificar las<strong> BAJAS Y ALTAS EN EL SERVICIO, <\/strong>as\u00ed como los <strong>CAMBIOS DE USOS <\/strong>(d\u00edas de la semana en los que se asiste al servicio):<\/p>\n<ul>\n<li><strong>al centro educativo <\/strong>al correo <strong>41000065@juntadeandaluc\u00eda.es<\/strong>&nbsp; o presencialmente en secretar\u00eda (pidiendo cita previa), y<\/li>\n<li><strong>a la empresa que realiza el servicio<\/strong>&nbsp; al correo<strong> administracion.sevilla@mediterranea-group.com&nbsp;<\/strong><\/li>\n<\/ul>\n<p>Para ello cumplimentar\u00e1n y entregar\u00e1n los siguientes documentos:<\/p>\n<p>&nbsp;<a href=\"https:\/\/blogsaverroes.juntadeandalucia.es\/ceipcervantesalcala\/files\/2024\/09\/Solicitud-alta-baja-Plan-Apertura.pdf\" target=\"_blank\" rel=\"noopener\">(Enlace de descarga del documento de solicitud alta\/ baja Plan Apertura en .pdf)<\/a><\/p>\n<p><a href=\"https:\/\/blogsaverroes.juntadeandalucia.es\/ceipcervantesalcala\/files\/2024\/09\/Solicitud-alta-baja-Plan-Apertura_page-0001.jpg\"><img loading=\"lazy\" decoding=\"async\" class=\"aligncenter size-large wp-image-6620\" src=\"https:\/\/blogsaverroes.juntadeandalucia.es\/ceipcervantesalcala\/files\/2024\/09\/Solicitud-alta-baja-Plan-Apertura_page-0001-724x1024.jpg\" alt=\"\" width=\"660\" height=\"933\" srcset=\"https:\/\/blogsaverroes.juntadeandalucia.es\/ceipcervantesalcala\/files\/2024\/09\/Solicitud-alta-baja-Plan-Apertura_page-0001-724x1024.jpg 724w, https:\/\/blogsaverroes.juntadeandalucia.es\/ceipcervantesalcala\/files\/2024\/09\/Solicitud-alta-baja-Plan-Apertura_page-0001-212x300.jpg 212w, https:\/\/blogsaverroes.juntadeandalucia.es\/ceipcervantesalcala\/files\/2024\/09\/Solicitud-alta-baja-Plan-Apertura_page-0001-768x1086.jpg 768w, https:\/\/blogsaverroes.juntadeandalucia.es\/ceipcervantesalcala\/files\/2024\/09\/Solicitud-alta-baja-Plan-Apertura_page-0001-1086x1536.jpg 1086w, https:\/\/blogsaverroes.juntadeandalucia.es\/ceipcervantesalcala\/files\/2024\/09\/Solicitud-alta-baja-Plan-Apertura_page-0001-1449x2048.jpg 1449w, https:\/\/blogsaverroes.juntadeandalucia.es\/ceipcervantesalcala\/files\/2024\/09\/Solicitud-alta-baja-Plan-Apertura_page-0001-700x990.jpg 700w, https:\/\/blogsaverroes.juntadeandalucia.es\/ceipcervantesalcala\/files\/2024\/09\/Solicitud-alta-baja-Plan-Apertura_page-0001.jpg 1132w\" sizes=\"(max-width: 660px) 100vw, 660px\" \/><\/a>: <a href=\"https:\/\/blogsaverroes.juntadeandalucia.es\/ceipcervantesalcala\/files\/2024\/09\/Solicitud-cambio-de-usos-de-los-servicios.pdf\" target=\"_blank\" rel=\"noopener\">Enlace de descarga del documento de solicitud cambio de usos de los servicios<\/a><br \/>\n<a href=\"https:\/\/blogsaverroes.juntadeandalucia.es\/ceipcervantesalcala\/files\/2024\/09\/Solicitud-cambio-de-usos-de-los-servicios_page-0001.jpg\"><img loading=\"lazy\" decoding=\"async\" class=\"aligncenter size-large wp-image-6624\" src=\"https:\/\/blogsaverroes.juntadeandalucia.es\/ceipcervantesalcala\/files\/2024\/09\/Solicitud-cambio-de-usos-de-los-servicios_page-0001-725x1024.jpg\" alt=\"\" width=\"660\" height=\"932\" srcset=\"https:\/\/blogsaverroes.juntadeandalucia.es\/ceipcervantesalcala\/files\/2024\/09\/Solicitud-cambio-de-usos-de-los-servicios_page-0001-725x1024.jpg 725w, https:\/\/blogsaverroes.juntadeandalucia.es\/ceipcervantesalcala\/files\/2024\/09\/Solicitud-cambio-de-usos-de-los-servicios_page-0001-212x300.jpg 212w, https:\/\/blogsaverroes.juntadeandalucia.es\/ceipcervantesalcala\/files\/2024\/09\/Solicitud-cambio-de-usos-de-los-servicios_page-0001-768x1085.jpg 768w, https:\/\/blogsaverroes.juntadeandalucia.es\/ceipcervantesalcala\/files\/2024\/09\/Solicitud-cambio-de-usos-de-los-servicios_page-0001-1087x1536.jpg 1087w, https:\/\/blogsaverroes.juntadeandalucia.es\/ceipcervantesalcala\/files\/2024\/09\/Solicitud-cambio-de-usos-de-los-servicios_page-0001-1450x2048.jpg 1450w, https:\/\/blogsaverroes.juntadeandalucia.es\/ceipcervantesalcala\/files\/2024\/09\/Solicitud-cambio-de-usos-de-los-servicios_page-0001-700x989.jpg 700w, https:\/\/blogsaverroes.juntadeandalucia.es\/ceipcervantesalcala\/files\/2024\/09\/Solicitud-cambio-de-usos-de-los-servicios_page-0001.jpg 1133w\" sizes=\"(max-width: 660px) 100vw, 660px\" \/><\/a><\/p>\n<p>A continuaci\u00f3n os facilitamos&nbsp; informaci\u00f3n que la empresa que presta el servicio considera de inter\u00e9s para las familias:<\/p>\n<p>EN EL CASO DE QUE TENGAN QUE REALIZAR UNA SUGERENCIA O QUEJA A LA EMPRESA QUE GESTIONA EL SERVICIO DEBEN REALIZARLA PRIMERAMENTE AL CORREO FACILITADO POR LA EMPRESA:<\/p>\n<p><strong>administracion.sevilla@mediterranea-group.com<\/strong><\/p>\n<p>Tambi\u00e9n disponen de un tel\u00e9fono del departamento de administraci\u00f3n que atiende de 09:00 a 11:00 horas <strong>9542038248<\/strong><\/p>\n<p>Esta empresa tiene la adjudicaci\u00f3n de este servicio por parte de la APAE. (Agencia P\u00fablica Andaluza de Educaci\u00f3n). Toda queja o sugerencia debe ser respondida por la empresa . Si no obtienen respuesta o consideran que la respuesta no es la adecuada pueden elevar su queja o sugerencia a la&nbsp; Agencia P\u00fablica Andaluza de Educaci\u00f3n (A.P.A.E.).<\/p>\n<p><strong>sevilla.agenciaedu@juntadeandalucia.es<\/strong><\/p>\n<p>&nbsp;<\/p>\n<p><a href=\"https:\/\/blogsaverroes.juntadeandalucia.es\/ceipcervantesalcala\/files\/2025\/09\/Normas-simplicadas-del-comedor-Sevilla_page-0001.jpg\"><img loading=\"lazy\" decoding=\"async\" class=\"aligncenter size-large wp-image-7472\" src=\"https:\/\/blogsaverroes.juntadeandalucia.es\/ceipcervantesalcala\/files\/2025\/09\/Normas-simplicadas-del-comedor-Sevilla_page-0001-1024x724.jpg\" alt=\"\" width=\"1024\" height=\"724\" srcset=\"https:\/\/blogsaverroes.juntadeandalucia.es\/ceipcervantesalcala\/files\/2025\/09\/Normas-simplicadas-del-comedor-Sevilla_page-0001-1024x724.jpg 1024w, https:\/\/blogsaverroes.juntadeandalucia.es\/ceipcervantesalcala\/files\/2025\/09\/Normas-simplicadas-del-comedor-Sevilla_page-0001-300x212.jpg 300w, https:\/\/blogsaverroes.juntadeandalucia.es\/ceipcervantesalcala\/files\/2025\/09\/Normas-simplicadas-del-comedor-Sevilla_page-0001-768x543.jpg 768w, https:\/\/blogsaverroes.juntadeandalucia.es\/ceipcervantesalcala\/files\/2025\/09\/Normas-simplicadas-del-comedor-Sevilla_page-0001-1536x1086.jpg 1536w, https:\/\/blogsaverroes.juntadeandalucia.es\/ceipcervantesalcala\/files\/2025\/09\/Normas-simplicadas-del-comedor-Sevilla_page-0001-2048x1448.jpg 2048w, https:\/\/blogsaverroes.juntadeandalucia.es\/ceipcervantesalcala\/files\/2025\/09\/Normas-simplicadas-del-comedor-Sevilla_page-0001.jpg 1600w\" sizes=\"(max-width: 1024px) 100vw, 1024px\" \/><\/a> <a href=\"https:\/\/blogsaverroes.juntadeandalucia.es\/ceipcervantesalcala\/files\/2025\/09\/Carta-presentacion-curso-2025-2026-Sevilla-A4docx-002_pages-to-jpg-0001.jpg\"><img loading=\"lazy\" decoding=\"async\" class=\"aligncenter size-large wp-image-7474\" src=\"https:\/\/blogsaverroes.juntadeandalucia.es\/ceipcervantesalcala\/files\/2025\/09\/Carta-presentacion-curso-2025-2026-Sevilla-A4docx-002_pages-to-jpg-0001-724x1024.jpg\" alt=\"\" width=\"724\" height=\"1024\" srcset=\"https:\/\/blogsaverroes.juntadeandalucia.es\/ceipcervantesalcala\/files\/2025\/09\/Carta-presentacion-curso-2025-2026-Sevilla-A4docx-002_pages-to-jpg-0001-724x1024.jpg 724w, https:\/\/blogsaverroes.juntadeandalucia.es\/ceipcervantesalcala\/files\/2025\/09\/Carta-presentacion-curso-2025-2026-Sevilla-A4docx-002_pages-to-jpg-0001-212x300.jpg 212w, https:\/\/blogsaverroes.juntadeandalucia.es\/ceipcervantesalcala\/files\/2025\/09\/Carta-presentacion-curso-2025-2026-Sevilla-A4docx-002_pages-to-jpg-0001-768x1086.jpg 768w, https:\/\/blogsaverroes.juntadeandalucia.es\/ceipcervantesalcala\/files\/2025\/09\/Carta-presentacion-curso-2025-2026-Sevilla-A4docx-002_pages-to-jpg-0001-1086x1536.jpg 1086w, https:\/\/blogsaverroes.juntadeandalucia.es\/ceipcervantesalcala\/files\/2025\/09\/Carta-presentacion-curso-2025-2026-Sevilla-A4docx-002_pages-to-jpg-0001-1448x2048.jpg 1448w, https:\/\/blogsaverroes.juntadeandalucia.es\/ceipcervantesalcala\/files\/2025\/09\/Carta-presentacion-curso-2025-2026-Sevilla-A4docx-002_pages-to-jpg-0001.jpg 1131w\" sizes=\"(max-width: 724px) 100vw, 724px\" \/><\/a><a href=\"https:\/\/blogsaverroes.juntadeandalucia.es\/ceipcervantesalcala\/files\/2025\/09\/Carta-presentacion-curso-2025-2026-Sevilla-A4docx-002_pages-to-jpg-0002.jpg\"><img loading=\"lazy\" decoding=\"async\" class=\"aligncenter size-large wp-image-7473\" src=\"https:\/\/blogsaverroes.juntadeandalucia.es\/ceipcervantesalcala\/files\/2025\/09\/Carta-presentacion-curso-2025-2026-Sevilla-A4docx-002_pages-to-jpg-0002-724x1024.jpg\" alt=\"\" width=\"724\" height=\"1024\" srcset=\"https:\/\/blogsaverroes.juntadeandalucia.es\/ceipcervantesalcala\/files\/2025\/09\/Carta-presentacion-curso-2025-2026-Sevilla-A4docx-002_pages-to-jpg-0002-724x1024.jpg 724w, https:\/\/blogsaverroes.juntadeandalucia.es\/ceipcervantesalcala\/files\/2025\/09\/Carta-presentacion-curso-2025-2026-Sevilla-A4docx-002_pages-to-jpg-0002-212x300.jpg 212w, https:\/\/blogsaverroes.juntadeandalucia.es\/ceipcervantesalcala\/files\/2025\/09\/Carta-presentacion-curso-2025-2026-Sevilla-A4docx-002_pages-to-jpg-0002-768x1086.jpg 768w, https:\/\/blogsaverroes.juntadeandalucia.es\/ceipcervantesalcala\/files\/2025\/09\/Carta-presentacion-curso-2025-2026-Sevilla-A4docx-002_pages-to-jpg-0002-1086x1536.jpg 1086w, https:\/\/blogsaverroes.juntadeandalucia.es\/ceipcervantesalcala\/files\/2025\/09\/Carta-presentacion-curso-2025-2026-Sevilla-A4docx-002_pages-to-jpg-0002-1448x2048.jpg 1448w, https:\/\/blogsaverroes.juntadeandalucia.es\/ceipcervantesalcala\/files\/2025\/09\/Carta-presentacion-curso-2025-2026-Sevilla-A4docx-002_pages-to-jpg-0002.jpg 1131w\" sizes=\"(max-width: 724px) 100vw, 724px\" \/><\/a><\/p>\n<p><a href=\"https:\/\/blogsaverroes.juntadeandalucia.es\/ceipcervantesalcala\/files\/2024\/10\/REGISTRO-WEB-FAMILIAS_pages-to-jpg-0001.jpg\"><img loading=\"lazy\" decoding=\"async\" class=\"aligncenter size-large wp-image-6715\" src=\"https:\/\/blogsaverroes.juntadeandalucia.es\/ceipcervantesalcala\/files\/2024\/10\/REGISTRO-WEB-FAMILIAS_pages-to-jpg-0001-709x1024.jpg\" alt=\"\" width=\"660\" height=\"953\" srcset=\"https:\/\/blogsaverroes.juntadeandalucia.es\/ceipcervantesalcala\/files\/2024\/10\/REGISTRO-WEB-FAMILIAS_pages-to-jpg-0001-709x1024.jpg 709w, https:\/\/blogsaverroes.juntadeandalucia.es\/ceipcervantesalcala\/files\/2024\/10\/REGISTRO-WEB-FAMILIAS_pages-to-jpg-0001-208x300.jpg 208w, https:\/\/blogsaverroes.juntadeandalucia.es\/ceipcervantesalcala\/files\/2024\/10\/REGISTRO-WEB-FAMILIAS_pages-to-jpg-0001-768x1109.jpg 768w, https:\/\/blogsaverroes.juntadeandalucia.es\/ceipcervantesalcala\/files\/2024\/10\/REGISTRO-WEB-FAMILIAS_pages-to-jpg-0001-1063x1536.jpg 1063w, https:\/\/blogsaverroes.juntadeandalucia.es\/ceipcervantesalcala\/files\/2024\/10\/REGISTRO-WEB-FAMILIAS_pages-to-jpg-0001-1418x2048.jpg 1418w, https:\/\/blogsaverroes.juntadeandalucia.es\/ceipcervantesalcala\/files\/2024\/10\/REGISTRO-WEB-FAMILIAS_pages-to-jpg-0001-700x1011.jpg 700w, https:\/\/blogsaverroes.juntadeandalucia.es\/ceipcervantesalcala\/files\/2024\/10\/REGISTRO-WEB-FAMILIAS_pages-to-jpg-0001.jpg 1108w\" sizes=\"(max-width: 660px) 100vw, 660px\" \/><\/a> <a href=\"https:\/\/blogsaverroes.juntadeandalucia.es\/ceipcervantesalcala\/files\/2024\/10\/REGISTRO-WEB-FAMILIAS_pages-to-jpg-0002.jpg\"><img loading=\"lazy\" decoding=\"async\" class=\"aligncenter size-large wp-image-6716\" src=\"https:\/\/blogsaverroes.juntadeandalucia.es\/ceipcervantesalcala\/files\/2024\/10\/REGISTRO-WEB-FAMILIAS_pages-to-jpg-0002-709x1024.jpg\" alt=\"\" width=\"660\" height=\"953\" srcset=\"https:\/\/blogsaverroes.juntadeandalucia.es\/ceipcervantesalcala\/files\/2024\/10\/REGISTRO-WEB-FAMILIAS_pages-to-jpg-0002-709x1024.jpg 709w, https:\/\/blogsaverroes.juntadeandalucia.es\/ceipcervantesalcala\/files\/2024\/10\/REGISTRO-WEB-FAMILIAS_pages-to-jpg-0002-208x300.jpg 208w, https:\/\/blogsaverroes.juntadeandalucia.es\/ceipcervantesalcala\/files\/2024\/10\/REGISTRO-WEB-FAMILIAS_pages-to-jpg-0002-768x1109.jpg 768w, https:\/\/blogsaverroes.juntadeandalucia.es\/ceipcervantesalcala\/files\/2024\/10\/REGISTRO-WEB-FAMILIAS_pages-to-jpg-0002-1063x1536.jpg 1063w, https:\/\/blogsaverroes.juntadeandalucia.es\/ceipcervantesalcala\/files\/2024\/10\/REGISTRO-WEB-FAMILIAS_pages-to-jpg-0002-1418x2048.jpg 1418w, https:\/\/blogsaverroes.juntadeandalucia.es\/ceipcervantesalcala\/files\/2024\/10\/REGISTRO-WEB-FAMILIAS_pages-to-jpg-0002-700x1011.jpg 700w, https:\/\/blogsaverroes.juntadeandalucia.es\/ceipcervantesalcala\/files\/2024\/10\/REGISTRO-WEB-FAMILIAS_pages-to-jpg-0002.jpg 1108w\" sizes=\"(max-width: 660px) 100vw, 660px\" \/><\/a> <a href=\"https:\/\/blogsaverroes.juntadeandalucia.es\/ceipcervantesalcala\/files\/2024\/10\/REGISTRO-WEB-FAMILIAS_pages-to-jpg-0003.jpg\"><img loading=\"lazy\" decoding=\"async\" class=\"aligncenter size-large wp-image-6717\" src=\"https:\/\/blogsaverroes.juntadeandalucia.es\/ceipcervantesalcala\/files\/2024\/10\/REGISTRO-WEB-FAMILIAS_pages-to-jpg-0003-709x1024.jpg\" alt=\"\" width=\"660\" height=\"953\" srcset=\"https:\/\/blogsaverroes.juntadeandalucia.es\/ceipcervantesalcala\/files\/2024\/10\/REGISTRO-WEB-FAMILIAS_pages-to-jpg-0003-709x1024.jpg 709w, https:\/\/blogsaverroes.juntadeandalucia.es\/ceipcervantesalcala\/files\/2024\/10\/REGISTRO-WEB-FAMILIAS_pages-to-jpg-0003-208x300.jpg 208w, https:\/\/blogsaverroes.juntadeandalucia.es\/ceipcervantesalcala\/files\/2024\/10\/REGISTRO-WEB-FAMILIAS_pages-to-jpg-0003-768x1109.jpg 768w, https:\/\/blogsaverroes.juntadeandalucia.es\/ceipcervantesalcala\/files\/2024\/10\/REGISTRO-WEB-FAMILIAS_pages-to-jpg-0003-1063x1536.jpg 1063w, https:\/\/blogsaverroes.juntadeandalucia.es\/ceipcervantesalcala\/files\/2024\/10\/REGISTRO-WEB-FAMILIAS_pages-to-jpg-0003-1418x2048.jpg 1418w, https:\/\/blogsaverroes.juntadeandalucia.es\/ceipcervantesalcala\/files\/2024\/10\/REGISTRO-WEB-FAMILIAS_pages-to-jpg-0003-700x1011.jpg 700w, https:\/\/blogsaverroes.juntadeandalucia.es\/ceipcervantesalcala\/files\/2024\/10\/REGISTRO-WEB-FAMILIAS_pages-to-jpg-0003.jpg 1108w\" sizes=\"(max-width: 660px) 100vw, 660px\" \/><\/a> <a href=\"https:\/\/blogsaverroes.juntadeandalucia.es\/ceipcervantesalcala\/files\/2024\/10\/REGISTRO-WEB-FAMILIAS_pages-to-jpg-0004.jpg\"><img loading=\"lazy\" decoding=\"async\" class=\"aligncenter size-large wp-image-6718\" src=\"https:\/\/blogsaverroes.juntadeandalucia.es\/ceipcervantesalcala\/files\/2024\/10\/REGISTRO-WEB-FAMILIAS_pages-to-jpg-0004-709x1024.jpg\" alt=\"\" width=\"660\" height=\"953\" srcset=\"https:\/\/blogsaverroes.juntadeandalucia.es\/ceipcervantesalcala\/files\/2024\/10\/REGISTRO-WEB-FAMILIAS_pages-to-jpg-0004-709x1024.jpg 709w, https:\/\/blogsaverroes.juntadeandalucia.es\/ceipcervantesalcala\/files\/2024\/10\/REGISTRO-WEB-FAMILIAS_pages-to-jpg-0004-208x300.jpg 208w, https:\/\/blogsaverroes.juntadeandalucia.es\/ceipcervantesalcala\/files\/2024\/10\/REGISTRO-WEB-FAMILIAS_pages-to-jpg-0004-768x1109.jpg 768w, https:\/\/blogsaverroes.juntadeandalucia.es\/ceipcervantesalcala\/files\/2024\/10\/REGISTRO-WEB-FAMILIAS_pages-to-jpg-0004-1063x1536.jpg 1063w, https:\/\/blogsaverroes.juntadeandalucia.es\/ceipcervantesalcala\/files\/2024\/10\/REGISTRO-WEB-FAMILIAS_pages-to-jpg-0004-1418x2048.jpg 1418w, https:\/\/blogsaverroes.juntadeandalucia.es\/ceipcervantesalcala\/files\/2024\/10\/REGISTRO-WEB-FAMILIAS_pages-to-jpg-0004-700x1011.jpg 700w, https:\/\/blogsaverroes.juntadeandalucia.es\/ceipcervantesalcala\/files\/2024\/10\/REGISTRO-WEB-FAMILIAS_pages-to-jpg-0004.jpg 1108w\" sizes=\"(max-width: 660px) 100vw, 660px\" \/><\/a> <a href=\"https:\/\/blogsaverroes.juntadeandalucia.es\/ceipcervantesalcala\/files\/2024\/10\/REGISTRO-WEB-FAMILIAS_pages-to-jpg-0005.jpg\"><img loading=\"lazy\" decoding=\"async\" class=\"aligncenter size-large wp-image-6719\" src=\"https:\/\/blogsaverroes.juntadeandalucia.es\/ceipcervantesalcala\/files\/2024\/10\/REGISTRO-WEB-FAMILIAS_pages-to-jpg-0005-709x1024.jpg\" alt=\"\" width=\"660\" height=\"953\" srcset=\"https:\/\/blogsaverroes.juntadeandalucia.es\/ceipcervantesalcala\/files\/2024\/10\/REGISTRO-WEB-FAMILIAS_pages-to-jpg-0005-709x1024.jpg 709w, https:\/\/blogsaverroes.juntadeandalucia.es\/ceipcervantesalcala\/files\/2024\/10\/REGISTRO-WEB-FAMILIAS_pages-to-jpg-0005-208x300.jpg 208w, https:\/\/blogsaverroes.juntadeandalucia.es\/ceipcervantesalcala\/files\/2024\/10\/REGISTRO-WEB-FAMILIAS_pages-to-jpg-0005-768x1109.jpg 768w, https:\/\/blogsaverroes.juntadeandalucia.es\/ceipcervantesalcala\/files\/2024\/10\/REGISTRO-WEB-FAMILIAS_pages-to-jpg-0005-1063x1536.jpg 1063w, https:\/\/blogsaverroes.juntadeandalucia.es\/ceipcervantesalcala\/files\/2024\/10\/REGISTRO-WEB-FAMILIAS_pages-to-jpg-0005-1418x2048.jpg 1418w, https:\/\/blogsaverroes.juntadeandalucia.es\/ceipcervantesalcala\/files\/2024\/10\/REGISTRO-WEB-FAMILIAS_pages-to-jpg-0005-700x1011.jpg 700w, https:\/\/blogsaverroes.juntadeandalucia.es\/ceipcervantesalcala\/files\/2024\/10\/REGISTRO-WEB-FAMILIAS_pages-to-jpg-0005.jpg 1108w\" sizes=\"(max-width: 660px) 100vw, 660px\" \/><\/a> <a href=\"https:\/\/blogsaverroes.juntadeandalucia.es\/ceipcervantesalcala\/files\/2024\/10\/REGISTRO-WEB-FAMILIAS_pages-to-jpg-0006.jpg\"><img loading=\"lazy\" decoding=\"async\" class=\"aligncenter size-large wp-image-6720\" src=\"https:\/\/blogsaverroes.juntadeandalucia.es\/ceipcervantesalcala\/files\/2024\/10\/REGISTRO-WEB-FAMILIAS_pages-to-jpg-0006-709x1024.jpg\" alt=\"\" width=\"660\" height=\"953\" srcset=\"https:\/\/blogsaverroes.juntadeandalucia.es\/ceipcervantesalcala\/files\/2024\/10\/REGISTRO-WEB-FAMILIAS_pages-to-jpg-0006-709x1024.jpg 709w, https:\/\/blogsaverroes.juntadeandalucia.es\/ceipcervantesalcala\/files\/2024\/10\/REGISTRO-WEB-FAMILIAS_pages-to-jpg-0006-208x300.jpg 208w, https:\/\/blogsaverroes.juntadeandalucia.es\/ceipcervantesalcala\/files\/2024\/10\/REGISTRO-WEB-FAMILIAS_pages-to-jpg-0006-768x1109.jpg 768w, https:\/\/blogsaverroes.juntadeandalucia.es\/ceipcervantesalcala\/files\/2024\/10\/REGISTRO-WEB-FAMILIAS_pages-to-jpg-0006-1063x1536.jpg 1063w, https:\/\/blogsaverroes.juntadeandalucia.es\/ceipcervantesalcala\/files\/2024\/10\/REGISTRO-WEB-FAMILIAS_pages-to-jpg-0006-1418x2048.jpg 1418w, https:\/\/blogsaverroes.juntadeandalucia.es\/ceipcervantesalcala\/files\/2024\/10\/REGISTRO-WEB-FAMILIAS_pages-to-jpg-0006-700x1011.jpg 700w, https:\/\/blogsaverroes.juntadeandalucia.es\/ceipcervantesalcala\/files\/2024\/10\/REGISTRO-WEB-FAMILIAS_pages-to-jpg-0006.jpg 1108w\" sizes=\"(max-width: 660px) 100vw, 660px\" \/><\/a> <a href=\"https:\/\/blogsaverroes.juntadeandalucia.es\/ceipcervantesalcala\/files\/2024\/10\/REGISTRO-WEB-FAMILIAS_pages-to-jpg-0007.jpg\"><img loading=\"lazy\" decoding=\"async\" class=\"aligncenter size-large wp-image-6721\" src=\"https:\/\/blogsaverroes.juntadeandalucia.es\/ceipcervantesalcala\/files\/2024\/10\/REGISTRO-WEB-FAMILIAS_pages-to-jpg-0007-709x1024.jpg\" alt=\"\" width=\"660\" height=\"953\" srcset=\"https:\/\/blogsaverroes.juntadeandalucia.es\/ceipcervantesalcala\/files\/2024\/10\/REGISTRO-WEB-FAMILIAS_pages-to-jpg-0007-709x1024.jpg 709w, https:\/\/blogsaverroes.juntadeandalucia.es\/ceipcervantesalcala\/files\/2024\/10\/REGISTRO-WEB-FAMILIAS_pages-to-jpg-0007-208x300.jpg 208w, https:\/\/blogsaverroes.juntadeandalucia.es\/ceipcervantesalcala\/files\/2024\/10\/REGISTRO-WEB-FAMILIAS_pages-to-jpg-0007-768x1109.jpg 768w, https:\/\/blogsaverroes.juntadeandalucia.es\/ceipcervantesalcala\/files\/2024\/10\/REGISTRO-WEB-FAMILIAS_pages-to-jpg-0007-1063x1536.jpg 1063w, https:\/\/blogsaverroes.juntadeandalucia.es\/ceipcervantesalcala\/files\/2024\/10\/REGISTRO-WEB-FAMILIAS_pages-to-jpg-0007-1418x2048.jpg 1418w, https:\/\/blogsaverroes.juntadeandalucia.es\/ceipcervantesalcala\/files\/2024\/10\/REGISTRO-WEB-FAMILIAS_pages-to-jpg-0007-700x1011.jpg 700w, https:\/\/blogsaverroes.juntadeandalucia.es\/ceipcervantesalcala\/files\/2024\/10\/REGISTRO-WEB-FAMILIAS_pages-to-jpg-0007.jpg 1108w\" sizes=\"(max-width: 660px) 100vw, 660px\" \/><\/a> <a href=\"https:\/\/blogsaverroes.juntadeandalucia.es\/ceipcervantesalcala\/files\/2024\/10\/REGISTRO-WEB-FAMILIAS_pages-to-jpg-0008.jpg\"><img loading=\"lazy\" decoding=\"async\" class=\"aligncenter size-large wp-image-6722\" src=\"https:\/\/blogsaverroes.juntadeandalucia.es\/ceipcervantesalcala\/files\/2024\/10\/REGISTRO-WEB-FAMILIAS_pages-to-jpg-0008-709x1024.jpg\" alt=\"\" width=\"660\" height=\"953\" srcset=\"https:\/\/blogsaverroes.juntadeandalucia.es\/ceipcervantesalcala\/files\/2024\/10\/REGISTRO-WEB-FAMILIAS_pages-to-jpg-0008-709x1024.jpg 709w, https:\/\/blogsaverroes.juntadeandalucia.es\/ceipcervantesalcala\/files\/2024\/10\/REGISTRO-WEB-FAMILIAS_pages-to-jpg-0008-208x300.jpg 208w, https:\/\/blogsaverroes.juntadeandalucia.es\/ceipcervantesalcala\/files\/2024\/10\/REGISTRO-WEB-FAMILIAS_pages-to-jpg-0008-768x1109.jpg 768w, https:\/\/blogsaverroes.juntadeandalucia.es\/ceipcervantesalcala\/files\/2024\/10\/REGISTRO-WEB-FAMILIAS_pages-to-jpg-0008-1063x1536.jpg 1063w, https:\/\/blogsaverroes.juntadeandalucia.es\/ceipcervantesalcala\/files\/2024\/10\/REGISTRO-WEB-FAMILIAS_pages-to-jpg-0008-1418x2048.jpg 1418w, https:\/\/blogsaverroes.juntadeandalucia.es\/ceipcervantesalcala\/files\/2024\/10\/REGISTRO-WEB-FAMILIAS_pages-to-jpg-0008-700x1011.jpg 700w, https:\/\/blogsaverroes.juntadeandalucia.es\/ceipcervantesalcala\/files\/2024\/10\/REGISTRO-WEB-FAMILIAS_pages-to-jpg-0008.jpg 1108w\" sizes=\"(max-width: 660px) 100vw, 660px\" \/><\/a> <a href=\"https:\/\/blogsaverroes.juntadeandalucia.es\/ceipcervantesalcala\/files\/2024\/10\/REGISTRO-WEB-FAMILIAS_pages-to-jpg-0009.jpg\"><img loading=\"lazy\" decoding=\"async\" class=\"aligncenter size-large wp-image-6723\" src=\"https:\/\/blogsaverroes.juntadeandalucia.es\/ceipcervantesalcala\/files\/2024\/10\/REGISTRO-WEB-FAMILIAS_pages-to-jpg-0009-709x1024.jpg\" alt=\"\" width=\"660\" height=\"953\" srcset=\"https:\/\/blogsaverroes.juntadeandalucia.es\/ceipcervantesalcala\/files\/2024\/10\/REGISTRO-WEB-FAMILIAS_pages-to-jpg-0009-709x1024.jpg 709w, https:\/\/blogsaverroes.juntadeandalucia.es\/ceipcervantesalcala\/files\/2024\/10\/REGISTRO-WEB-FAMILIAS_pages-to-jpg-0009-208x300.jpg 208w, https:\/\/blogsaverroes.juntadeandalucia.es\/ceipcervantesalcala\/files\/2024\/10\/REGISTRO-WEB-FAMILIAS_pages-to-jpg-0009-768x1109.jpg 768w, https:\/\/blogsaverroes.juntadeandalucia.es\/ceipcervantesalcala\/files\/2024\/10\/REGISTRO-WEB-FAMILIAS_pages-to-jpg-0009-1063x1536.jpg 1063w, https:\/\/blogsaverroes.juntadeandalucia.es\/ceipcervantesalcala\/files\/2024\/10\/REGISTRO-WEB-FAMILIAS_pages-to-jpg-0009-1418x2048.jpg 1418w, https:\/\/blogsaverroes.juntadeandalucia.es\/ceipcervantesalcala\/files\/2024\/10\/REGISTRO-WEB-FAMILIAS_pages-to-jpg-0009-700x1011.jpg 700w, https:\/\/blogsaverroes.juntadeandalucia.es\/ceipcervantesalcala\/files\/2024\/10\/REGISTRO-WEB-FAMILIAS_pages-to-jpg-0009.jpg 1108w\" sizes=\"(max-width: 660px) 100vw, 660px\" \/><\/a><\/p>\n<p>&nbsp;<\/p>\n<p>&nbsp;<\/p>\n","protected":false},"excerpt":{"rendered":"<p>Enlace al modelo de solicitud de los servicios de Plan de Apertura de Centros (Aula Matinal, Comedor Escolar y Actividades Extraescolares) Enlace al modelo de solicitud de bonificaciones para los servicios del Plan de&#46;&#46;&#46;<\/p>\n","protected":false},"author":1,"featured_media":0,"parent":0,"menu_order":0,"comment_status":"closed","ping_status":"open","template":"","meta":{"ngg_post_thumbnail":0,"footnotes":"","_mc_calendar":[]},"aioseo_notices":[],"_links":{"self":[{"href":"https:\/\/blogsaverroes.juntadeandalucia.es\/ceipcervantesalcala\/wp-json\/wp\/v2\/pages\/99"}],"collection":[{"href":"https:\/\/blogsaverroes.juntadeandalucia.es\/ceipcervantesalcala\/wp-json\/wp\/v2\/pages"}],"about":[{"href":"https:\/\/blogsaverroes.juntadeandalucia.es\/ceipcervantesalcala\/wp-json\/wp\/v2\/types\/page"}],"author":[{"embeddable":true,"href":"https:\/\/blogsaverroes.juntadeandalucia.es\/ceipcervantesalcala\/wp-json\/wp\/v2\/users\/1"}],"replies":[{"embeddable":true,"href":"https:\/\/blogsaverroes.juntadeandalucia.es\/ceipcervantesalcala\/wp-json\/wp\/v2\/comments?post=99"}],"version-history":[{"count":34,"href":"https:\/\/blogsaverroes.juntadeandalucia.es\/ceipcervantesalcala\/wp-json\/wp\/v2\/pages\/99\/revisions"}],"predecessor-version":[{"id":7641,"href":"https:\/\/blogsaverroes.juntadeandalucia.es\/ceipcervantesalcala\/wp-json\/wp\/v2\/pages\/99\/revisions\/7641"}],"wp:attachment":[{"href":"https:\/\/blogsaverroes.juntadeandalucia.es\/ceipcervantesalcala\/wp-json\/wp\/v2\/media?parent=99"}],"curies":[{"name":"wp","href":"https:\/\/api.w.org\/{rel}","templated":true}]}}