{"id":35,"date":"2015-03-13T08:21:43","date_gmt":"2015-03-13T08:21:43","guid":{"rendered":"http:\/\/blogsaverroes.juntadeandalucia.es\/pre\/ceip\/?page_id=35"},"modified":"2024-09-16T11:59:22","modified_gmt":"2024-09-16T11:59:22","slug":"el-centro-2","status":"publish","type":"page","link":"https:\/\/blogsaverroes.juntadeandalucia.es\/ceipcervantesalhama\/el-centro-2\/","title":{"rendered":"Datos del centro"},"content":{"rendered":"<p style=\"text-align: center\">DATOS DEL CENTRO &#8211; C.E.I.P. CERVANTES. CENTRO BIL\u00cdNG\u00dcE DESDE EL CURSO 2011-2012<br \/>\n<strong><em>C.E.I.P. CERVANTES.&nbsp;<\/em><\/strong><br \/>\n<strong><em> C\/ Cuba, 37 &#8211; 18120 Alhama de Granada<\/em><\/strong><\/p>\n<p style=\"text-align: center\"><strong>&nbsp;<em>&nbsp;Tel\u00e9fonos:&nbsp;<\/em><\/strong><\/p>\n<table class=\" aligncenter\" style=\"height: 156px;border-color: #f01343\" width=\"659\">\n<tbody>\n<tr style=\"height: 31px\">\n<td style=\"height: 31px\">Direcci\u00f3n<\/td>\n<td style=\"height: 31px\">958 36 99 00<\/td>\n<\/tr>\n<tr style=\"height: 32px\">\n<td style=\"height: 32px\">Secretar\u00eda<\/td>\n<td style=\"height: 32px\">958 36 99 01<\/td>\n<\/tr>\n<tr style=\"height: 32px\">\n<td style=\"height: 32px\">Educaci\u00f3n Infantil<\/td>\n<td style=\"height: 32px\">958 35 05 96<\/td>\n<\/tr>\n<tr style=\"height: 32px\">\n<td style=\"height: 32px\">Fax<\/td>\n<td style=\"height: 32px\">958 35 05 96<\/td>\n<\/tr>\n<\/tbody>\n<\/table>\n<p style=\"text-align: center\">&nbsp;<\/p>\n<p style=\"text-align: center\"><strong>UNIDADES<\/strong><\/p>\n<p style=\"text-align: center\"><strong>El Colegio de Educaci\u00f3n Infantil y Primaria Cervantes de Alhama de Granada cuenta con las siguientes unidades:<\/strong><\/p>\n<table class=\" aligncenter\" style=\"width: 700px;height: 323px;border-color: #ed0c4f\">\n<tbody>\n<tr style=\"height: 24px\">\n<td style=\"width: 690px;height: 24px\">&nbsp;&nbsp; 3 unidades del 2\u00ba ciclo de Educaci\u00f3n Infantil.<\/td>\n<\/tr>\n<tr style=\"height: 48px\">\n<td style=\"width: 690px;height: 48px\">&nbsp; &nbsp;6 unidades de Educaci\u00f3n Primaria. Todos los Cursos de Educaci\u00f3n Primaria son Biling\u00fces.<\/td>\n<\/tr>\n<tr style=\"height: 48px\">\n<td style=\"width: 690px;height: 48px\">1 unidad de Educaci\u00f3n Especial de Apoyo a la Integraci\u00f3n.<\/td>\n<\/tr>\n<tr style=\"height: 24px\">\n<td style=\"width: 690px;height: 24px\">1 unidad de Audici\u00f3n y Lenguaje.<\/p>\n<p>1 Unidad de Educaci\u00f3n Especial Aula Espec\u00edfica<\/td>\n<\/tr>\n<\/tbody>\n<\/table>\n<p style=\"text-align: center\">&nbsp;<\/p>\n<p style=\"text-align: center\"><strong>Durante este curso hay un total aproximado de&nbsp;<\/strong><strong>183 alumnos y alumnas&nbsp;<\/strong><strong>matriculados.<\/strong><strong><br \/>\n<\/strong><strong>Las dependencias se hayan distribuidas en dos edificios:<\/strong><\/p>\n<h4 style=\"text-align: center\"><strong>Datos de contacto<\/strong><\/h4>\n<p style=\"text-align: center\"><strong>CEIP CERVANTES<\/strong><\/p>\n<p style=\"text-align: center\"><strong>Direcci\u00f3n:<\/strong> &nbsp;Calle Cuba n\u00ba 37<\/p>\n<p style=\"text-align: center\"><strong>C.P.:&nbsp;<\/strong>18120 Alhama de Granada<br \/>\n<strong>Email:<\/strong>&nbsp;18000374.edu@juntadeandalucia.es<\/p>\n<h4 style=\"text-align: center\"><strong>Horarios<\/strong><\/h4>\n<p style=\"text-align: center\">Aula Matinal : 07:30h a 09:00h<\/p>\n<p style=\"text-align: center\">Horario de Clases: desde las 09:00h a las 14:00h<\/p>\n<p style=\"text-align: center\">Secretar\u00eda: de 9:30h a 11:45h y de 12:30h a 13:30h.<\/p>\n<p style=\"text-align: center\">Comedor Escolar: desde 14:00h a 16:00h<\/p>\n<p style=\"text-align: center\">Actividades Extraescolares: Desde las 16:00h a las 18:00h<\/p>\n<p style=\"text-align: center\">Plan de Acompa\u00f1amiento y Plan de Acompa\u00f1amiento en &nbsp;Idiomas:<\/p>\n<p style=\"text-align: center\">Martes y Jueves de 16:00h a 18:00h<\/p>\n<p style=\"text-align: center\">Deporte en la Escuela: Martes y Jueves de 16:00h a 18:00h<\/p>\n<p style=\"text-align: center\">&nbsp;<\/p>\n<p style=\"text-align: center\"><b>Claustro del CEIP Cervantes en el Curso 2023\/25<\/b><\/p>\n<p style=\"text-align: center\">&nbsp;<\/p>\n<p style=\"text-align: center\">&nbsp;<\/p>\n<p style=\"text-align: center\">Aqu\u00ed les ponemos la organizaci\u00f3n de las tutor\u00edas y especialidades en este curso 2025\/24.<\/p>\n<p style=\"text-align: center\">INFANTIL 3 A\u00d1OS: MONTSERRAT GARC\u00cdA MOLINA<\/p>\n<p style=\"text-align: center\">INFANTIL 4 A\u00d1OS: ROSA ALCARAZ ALCARAZ<\/p>\n<p style=\"text-align: center\">INFANTIL 5 A\u00d1OS: ROSA MAR\u00cdA NEGRO LOZANO<\/p>\n<p style=\"text-align: center\">PRIMERO: EMILIA MERCEDES MAROTO MOLES<\/p>\n<p style=\"text-align: center\">SEGUNDO: LIDIA CASTRO NEGRO<\/p>\n<p style=\"text-align: center\">TERCERO: MOIS\u00c9S L\u00d3PEZ S\u00c1NCHEZ<\/p>\n<p style=\"text-align: center\">CUARTO: M\u00aa DEL MAR P\u00c9REZ BAZOCO<\/p>\n<p style=\"text-align: center\">QUINTO: ROSARIO J\u00c1NDULA SICILIA<\/p>\n<p style=\"text-align: center\">SEXTO: LUC\u00cdA RUIZ RODR\u00cdGUEZ<\/p>\n<p style=\"text-align: center\">EDUCACI\u00d3N ESPECIAL AULA ESPEC\u00cdFICA: ANA DOM\u00cdNGUEZ SALAS<\/p>\n<p style=\"text-align: center\">INGL\u00c9S INFANTIL: ROSARIO J\u00c1NDULA SICILIA<\/p>\n<p style=\"text-align: center\">INGL\u00c9S PRIMARIA: MOIS\u00c9S L\u00d3PEZ S\u00c1NCHEZ<\/p>\n<p style=\"text-align: center\">RELIGI\u00d3N: JOSEFA SERRANO MART\u00cdN<\/p>\n<p style=\"text-align: center\">AUDICI\u00d3N Y LENGUAJE: MELISA MART\u00cdNEZ TOLEDO<\/p>\n<p style=\"text-align: center\">PEDAGOG\u00cdA TERAP\u00c9UTICA: &nbsp;ESTER GRANADOS PONCE<\/p>\n<p style=\"text-align: center\">PEDAGOG\u00cdA TERAP\u00c9UTICA: ANA DOM\u00cdNGUEZ SALAS<\/p>\n<p style=\"text-align: center\">EF: ENRIQUE MONCADA D\u00cdAZ<\/p>\n<p style=\"text-align: center\">M\u00daSICA: DANIEL MORENO RUIZ<\/p>\n<p style=\"text-align: center\">&nbsp;<\/p>\n<p style=\"text-align: center\">&nbsp;<\/p>\n<h4 style=\"text-align: center\"><strong>Oferta educativa<\/strong><\/h4>\n<p style=\"text-align: center\">Una breve descripci\u00f3n de las ense\u00f1anzas ofrecidas en el centro, con posibilidad de <a title=\"Educaci\u00f3n infantil\" href=\"http:\/\/blogsaverroes.juntadeandalucia.es\/ceip\/educacion-infantil\/\">enlazar <\/a>a otras secciones informativas de la web.<\/p>\n<h4 style=\"text-align: center\">Instalaciones<\/h4>\n<p><!-- default-view.php -->\n<div\n\tclass=\"ngg-galleryoverview default-view\n\t ngg-ajax-pagination-none\t\"\n\tid=\"ngg-gallery-7bd57b0a1e84a07a972d91eb4118437e-1\">\n\n\t\t<!-- Thumbnails -->\n\t\t\t\t<div id=\"ngg-image-0\" class=\"ngg-gallery-thumbnail-box\n\t\t\t\t\t\t\t\t\t\t\t\"\n\t\t\t>\n\t\t\t\t\t\t<div class=\"ngg-gallery-thumbnail\">\n\t\t\t<a href=\"https:\/\/blogsaverroes.juntadeandalucia.es\/ceipcervantesalhama\/wp-content\/uploads\/sites\/792\/nggallery\/instalaciones\/instalacion01.jpg\"\n\t\t\t\ttitle=\"Aula\"\n\t\t\t\tdata-src=\"https:\/\/blogsaverroes.juntadeandalucia.es\/ceipcervantesalhama\/wp-content\/uploads\/sites\/792\/nggallery\/instalaciones\/instalacion01.jpg\"\n\t\t\t\tdata-thumbnail=\"https:\/\/blogsaverroes.juntadeandalucia.es\/ceipcervantesalhama\/wp-content\/uploads\/sites\/792\/nggallery\/instalaciones\/thumbs\/thumbs_instalacion01.jpg\"\n\t\t\t\tdata-image-id=\"12\"\n\t\t\t\tdata-title=\"instalacion01\"\n\t\t\t\tdata-description=\"Aula\"\n\t\t\t\tdata-image-slug=\"instalacion01\"\n\t\t\t\tclass=\"ngg-fancybox\" rel=\"7bd57b0a1e84a07a972d91eb4118437e\">\n\t\t\t\t<img\n\t\t\t\t\ttitle=\"instalacion01\"\n\t\t\t\t\talt=\"instalacion01\"\n\t\t\t\t\tsrc=\"https:\/\/blogsaverroes.juntadeandalucia.es\/ceipcervantesalhama\/wp-content\/uploads\/sites\/792\/nggallery\/instalaciones\/thumbs\/thumbs_instalacion01.jpg\"\n\t\t\t\t\twidth=\"120\"\n\t\t\t\t\theight=\"90\"\n\t\t\t\t\tstyle=\"max-width:100%;\"\n\t\t\t\t\/>\n\t\t\t<\/a>\n\t\t<\/div>\n\t\t\t\t\t\t\t<\/div>\n\t\t\t\n\t\t\t\t<div id=\"ngg-image-1\" class=\"ngg-gallery-thumbnail-box\n\t\t\t\t\t\t\t\t\t\t\t\"\n\t\t\t>\n\t\t\t\t\t\t<div class=\"ngg-gallery-thumbnail\">\n\t\t\t<a href=\"https:\/\/blogsaverroes.juntadeandalucia.es\/ceipcervantesalhama\/wp-content\/uploads\/sites\/792\/nggallery\/instalaciones\/instalacion02.jpg\"\n\t\t\t\ttitle=\"Gimnasio\"\n\t\t\t\tdata-src=\"https:\/\/blogsaverroes.juntadeandalucia.es\/ceipcervantesalhama\/wp-content\/uploads\/sites\/792\/nggallery\/instalaciones\/instalacion02.jpg\"\n\t\t\t\tdata-thumbnail=\"https:\/\/blogsaverroes.juntadeandalucia.es\/ceipcervantesalhama\/wp-content\/uploads\/sites\/792\/nggallery\/instalaciones\/thumbs\/thumbs_instalacion02.jpg\"\n\t\t\t\tdata-image-id=\"13\"\n\t\t\t\tdata-title=\"instalacion02\"\n\t\t\t\tdata-description=\"Gimnasio\"\n\t\t\t\tdata-image-slug=\"instalacion02\"\n\t\t\t\tclass=\"ngg-fancybox\" rel=\"7bd57b0a1e84a07a972d91eb4118437e\">\n\t\t\t\t<img\n\t\t\t\t\ttitle=\"instalacion02\"\n\t\t\t\t\talt=\"instalacion02\"\n\t\t\t\t\tsrc=\"https:\/\/blogsaverroes.juntadeandalucia.es\/ceipcervantesalhama\/wp-content\/uploads\/sites\/792\/nggallery\/instalaciones\/thumbs\/thumbs_instalacion02.jpg\"\n\t\t\t\t\twidth=\"120\"\n\t\t\t\t\theight=\"90\"\n\t\t\t\t\tstyle=\"max-width:100%;\"\n\t\t\t\t\/>\n\t\t\t<\/a>\n\t\t<\/div>\n\t\t\t\t\t\t\t<\/div>\n\t\t\t\n\t\t\t\t<div id=\"ngg-image-2\" class=\"ngg-gallery-thumbnail-box\n\t\t\t\t\t\t\t\t\t\t\t\"\n\t\t\t>\n\t\t\t\t\t\t<div class=\"ngg-gallery-thumbnail\">\n\t\t\t<a href=\"https:\/\/blogsaverroes.juntadeandalucia.es\/ceipcervantesalhama\/wp-content\/uploads\/sites\/792\/nggallery\/instalaciones\/instalacion03.jpg\"\n\t\t\t\ttitle=\"Sala de presentaciones\"\n\t\t\t\tdata-src=\"https:\/\/blogsaverroes.juntadeandalucia.es\/ceipcervantesalhama\/wp-content\/uploads\/sites\/792\/nggallery\/instalaciones\/instalacion03.jpg\"\n\t\t\t\tdata-thumbnail=\"https:\/\/blogsaverroes.juntadeandalucia.es\/ceipcervantesalhama\/wp-content\/uploads\/sites\/792\/nggallery\/instalaciones\/thumbs\/thumbs_instalacion03.jpg\"\n\t\t\t\tdata-image-id=\"14\"\n\t\t\t\tdata-title=\"instalacion03\"\n\t\t\t\tdata-description=\"Sala de presentaciones\"\n\t\t\t\tdata-image-slug=\"instalacion03\"\n\t\t\t\tclass=\"ngg-fancybox\" rel=\"7bd57b0a1e84a07a972d91eb4118437e\">\n\t\t\t\t<img\n\t\t\t\t\ttitle=\"instalacion03\"\n\t\t\t\t\talt=\"instalacion03\"\n\t\t\t\t\tsrc=\"https:\/\/blogsaverroes.juntadeandalucia.es\/ceipcervantesalhama\/wp-content\/uploads\/sites\/792\/nggallery\/instalaciones\/thumbs\/thumbs_instalacion03.jpg\"\n\t\t\t\t\twidth=\"120\"\n\t\t\t\t\theight=\"90\"\n\t\t\t\t\tstyle=\"max-width:100%;\"\n\t\t\t\t\/>\n\t\t\t<\/a>\n\t\t<\/div>\n\t\t\t\t\t\t\t<\/div>\n\t\t\t\n\t\t\t\t<div id=\"ngg-image-3\" class=\"ngg-gallery-thumbnail-box\n\t\t\t\t\t\t\t\t\t\t\t\"\n\t\t\t>\n\t\t\t\t\t\t<div class=\"ngg-gallery-thumbnail\">\n\t\t\t<a href=\"https:\/\/blogsaverroes.juntadeandalucia.es\/ceipcervantesalhama\/wp-content\/uploads\/sites\/792\/nggallery\/instalaciones\/instalacion04.jpg\"\n\t\t\t\ttitle=\"Taquillas\"\n\t\t\t\tdata-src=\"https:\/\/blogsaverroes.juntadeandalucia.es\/ceipcervantesalhama\/wp-content\/uploads\/sites\/792\/nggallery\/instalaciones\/instalacion04.jpg\"\n\t\t\t\tdata-thumbnail=\"https:\/\/blogsaverroes.juntadeandalucia.es\/ceipcervantesalhama\/wp-content\/uploads\/sites\/792\/nggallery\/instalaciones\/thumbs\/thumbs_instalacion04.jpg\"\n\t\t\t\tdata-image-id=\"15\"\n\t\t\t\tdata-title=\"instalacion04\"\n\t\t\t\tdata-description=\"Taquillas\"\n\t\t\t\tdata-image-slug=\"instalacion04\"\n\t\t\t\tclass=\"ngg-fancybox\" rel=\"7bd57b0a1e84a07a972d91eb4118437e\">\n\t\t\t\t<img\n\t\t\t\t\ttitle=\"instalacion04\"\n\t\t\t\t\talt=\"instalacion04\"\n\t\t\t\t\tsrc=\"https:\/\/blogsaverroes.juntadeandalucia.es\/ceipcervantesalhama\/wp-content\/uploads\/sites\/792\/nggallery\/instalaciones\/thumbs\/thumbs_instalacion04.jpg\"\n\t\t\t\t\twidth=\"120\"\n\t\t\t\t\theight=\"90\"\n\t\t\t\t\tstyle=\"max-width:100%;\"\n\t\t\t\t\/>\n\t\t\t<\/a>\n\t\t<\/div>\n\t\t\t\t\t\t\t<\/div>\n\t\t\t\n\t\n\t<br style=\"clear: both\" \/>\n\n\t\t<div class=\"slideshowlink\">\n\t\t<a href='https:\/\/blogsaverroes.juntadeandalucia.es\/ceipcervantesalhama\/el-centro-2\/nggallery\/slideshow'>[Mostrar presentaci\u00f3n de diapositivas]<\/a>\n\n\t<\/div>\n\t\n\t\t<!-- Pagination -->\n\t\t<div class='ngg-clear'><\/div>\t<\/div>\n<\/p>\n","protected":false},"excerpt":{"rendered":"<p>DATOS DEL CENTRO &#8211; C.E.I.P. CERVANTES. CENTRO BIL\u00cdNG\u00dcE DESDE EL CURSO 2011-2012 C.E.I.P. CERVANTES.&nbsp; C\/ Cuba, 37 &#8211; 18120 Alhama de Granada &nbsp;&nbsp;Tel\u00e9fonos:&nbsp; Direcci\u00f3n 958&hellip;<\/p>\n","protected":false},"author":1,"featured_media":0,"parent":0,"menu_order":0,"comment_status":"closed","ping_status":"open","template":"","meta":{"ngg_post_thumbnail":0,"footnotes":"","_mc_calendar":[]},"aioseo_notices":[],"_links":{"self":[{"href":"https:\/\/blogsaverroes.juntadeandalucia.es\/ceipcervantesalhama\/wp-json\/wp\/v2\/pages\/35"}],"collection":[{"href":"https:\/\/blogsaverroes.juntadeandalucia.es\/ceipcervantesalhama\/wp-json\/wp\/v2\/pages"}],"about":[{"href":"https:\/\/blogsaverroes.juntadeandalucia.es\/ceipcervantesalhama\/wp-json\/wp\/v2\/types\/page"}],"author":[{"embeddable":true,"href":"https:\/\/blogsaverroes.juntadeandalucia.es\/ceipcervantesalhama\/wp-json\/wp\/v2\/users\/1"}],"replies":[{"embeddable":true,"href":"https:\/\/blogsaverroes.juntadeandalucia.es\/ceipcervantesalhama\/wp-json\/wp\/v2\/comments?post=35"}],"version-history":[{"count":24,"href":"https:\/\/blogsaverroes.juntadeandalucia.es\/ceipcervantesalhama\/wp-json\/wp\/v2\/pages\/35\/revisions"}],"predecessor-version":[{"id":9932,"href":"https:\/\/blogsaverroes.juntadeandalucia.es\/ceipcervantesalhama\/wp-json\/wp\/v2\/pages\/35\/revisions\/9932"}],"wp:attachment":[{"href":"https:\/\/blogsaverroes.juntadeandalucia.es\/ceipcervantesalhama\/wp-json\/wp\/v2\/media?parent=35"}],"curies":[{"name":"wp","href":"https:\/\/api.w.org\/{rel}","templated":true}]}}