{"id":2159,"date":"2015-11-25T13:26:39","date_gmt":"2015-11-25T13:26:39","guid":{"rendered":"http:\/\/blogsaverroes.juntadeandalucia.es\/ceipciudaddejerez\/?page_id=2159"},"modified":"2015-11-26T11:28:36","modified_gmt":"2015-11-26T10:28:36","slug":"escuela-tic-2-0","status":"publish","type":"page","link":"https:\/\/blogsaverroes.juntadeandalucia.es\/ceipciudaddejerez\/escuela-tic-2-0\/","title":{"rendered":"Escuela TIC 2.0"},"content":{"rendered":"<h2 style=\"text-align: center;\"><strong>Escuela TIC 2.0<\/strong><\/h2>\n<p>Desde el a\u00f1o 2.003\/04 empez\u00f3 en Andaluc\u00eda la participaci\u00f3n de los Centros Educativos en la incorporaci\u00f3n de las nuevas tecnolog\u00edas en la programaci\u00f3n.<\/p>\n<p>En la escuela ahora no se trata de estudiar otras t\u00e9cnicas u otras tecnolog\u00edas que puedan beneficiar a los alumnos, sino formar ense\u00f1antes capaces de adoptar las distintas herramientas, t\u00e9cnicas y tecnolog\u00edas en su proyecto educativo.<\/p>\n<p>En la escuela se encuentran bien y obtienen buenos resultados aprovechando sus ofertas formativas los ni\u00f1os inteligentes, motivados y que tienen detr\u00e1s una familia s\u00f3lida. Los que est\u00e1n poco dotados, los que est\u00e1n poco motivados o pertenecen a una familia poco preparada e interesada, no entienden, no siguen, fracasan y abandonan en cuanto pueden.<\/p>\n<p>Hay que dar soluci\u00f3n a este dram\u00e1tico y fundamental problema : \u00bf c\u00f3mo garantizar una buena escuela para todos ?<\/p>\n<p>Se pas\u00f3 de la ense\u00f1anza programada a los audiovisuales, de las t\u00e9cnicas did\u00e1cticas a las tecnolog\u00edas inform\u00e1ticas, pero para los ni\u00f1os no ha cambiado casi nada: muchos de ellos han seguido sin entender y se han aburrido ante las m\u00e1quinas de ense\u00f1anza programada, ya que no eran protagonistas y no participaban.<\/p>\n<p>No se trata de estudiar otras t\u00e9cnicas u otras tecnolog\u00edas que puedan beneficiar a los alumnos, sino formar ense\u00f1antes capaces de adoptar las distintas herramientas, t\u00e9cnicas y tecnolog\u00edas en su proyecto educativo, intentando mejorar en su trabajo de siempre, situando a cada uno de sus alumnos en las mejores condiciones para construir su propia trayectoria formativa.<\/p>\n<p>Para intentar conseguir todo esto la Consejer\u00eda de Educaci\u00f3n nos concedi\u00f3 la posibilidad de solicitar el formar parte de la red de centros TIC.<\/p>\n<p>Desde el a\u00f1o 2.009\/10 se dot\u00f3 a los alumnos de 5\u00ba y 6\u00ba de Educaci\u00f3n primaria de ordenadores port\u00e1tiles personales, realizando a su vez dotaciones complementarias de sistemas personales para el profesorado, los servicios administrativos, direcci\u00f3n del Centro y la asociaci\u00f3n de madres y padres. Todos han sido dotados con el sistema operativo Guadalinex seg\u00fan las directrices establecidas en el Decreto 72\/2003 en materia de utilizaci\u00f3n de herramientas basadas en software libre.<\/p>\n<p>En la actualidad s\u00f3lo los alumnos de 6\u00ba disponen de ordenadores port\u00e1tiles, por lo que el Proyecto Escuela TIC 2.0 queda suspendido por el momento, haci\u00e9ndose lo que se puede con el resto de los cursos, especialmente en el Tercer Ciclo.<\/p>\n<p>Si los ordenadores de cursos anteriores hubiesen permanecido en el Centro se hubiese podido continuar con el Proyecto.<\/p>\n<p>En este curso escolar 2.012 \/ 13 hemos recibido en el mes de abril 13 ordenadores para los 50 alumnos de 5\u00ba nivel. Con tan escaso material poco podemos hacer, pero se intentar\u00e1.<\/p>\n<p><a href=\"http:\/\/escuelatic20.weebly.com\/\" target=\"_blank\">http:\/\/escuelatic20.weebly.com\/<\/a><\/p>\n","protected":false},"excerpt":{"rendered":"<p>Escuela TIC 2.0 Desde el a\u00f1o 2.003\/04 empez\u00f3 en Andaluc\u00eda la participaci\u00f3n de los Centros Educativos en la incorporaci\u00f3n de las nuevas tecnolog\u00edas en la programaci\u00f3n. En la escuela ahora no se trata de&#46;&#46;&#46;<\/p>\n","protected":false},"author":2359,"featured_media":0,"parent":0,"menu_order":0,"comment_status":"open","ping_status":"open","template":"","meta":{"ngg_post_thumbnail":0,"footnotes":"","_mc_calendar":[]},"aioseo_notices":[],"_links":{"self":[{"href":"https:\/\/blogsaverroes.juntadeandalucia.es\/ceipciudaddejerez\/wp-json\/wp\/v2\/pages\/2159"}],"collection":[{"href":"https:\/\/blogsaverroes.juntadeandalucia.es\/ceipciudaddejerez\/wp-json\/wp\/v2\/pages"}],"about":[{"href":"https:\/\/blogsaverroes.juntadeandalucia.es\/ceipciudaddejerez\/wp-json\/wp\/v2\/types\/page"}],"author":[{"embeddable":true,"href":"https:\/\/blogsaverroes.juntadeandalucia.es\/ceipciudaddejerez\/wp-json\/wp\/v2\/users\/2359"}],"replies":[{"embeddable":true,"href":"https:\/\/blogsaverroes.juntadeandalucia.es\/ceipciudaddejerez\/wp-json\/wp\/v2\/comments?post=2159"}],"version-history":[{"count":1,"href":"https:\/\/blogsaverroes.juntadeandalucia.es\/ceipciudaddejerez\/wp-json\/wp\/v2\/pages\/2159\/revisions"}],"predecessor-version":[{"id":2160,"href":"https:\/\/blogsaverroes.juntadeandalucia.es\/ceipciudaddejerez\/wp-json\/wp\/v2\/pages\/2159\/revisions\/2160"}],"wp:attachment":[{"href":"https:\/\/blogsaverroes.juntadeandalucia.es\/ceipciudaddejerez\/wp-json\/wp\/v2\/media?parent=2159"}],"curies":[{"name":"wp","href":"https:\/\/api.w.org\/{rel}","templated":true}]}}