{"id":3508,"date":"2022-10-07T20:57:07","date_gmt":"2022-10-07T18:57:07","guid":{"rendered":"https:\/\/blogsaverroes.juntadeandalucia.es\/ceipclaracampoamor\/?page_id=3508"},"modified":"2025-06-17T02:21:56","modified_gmt":"2025-06-17T00:21:56","slug":"erasmus","status":"publish","type":"page","link":"https:\/\/blogsaverroes.juntadeandalucia.es\/ceipclaracampoamor\/erasmus\/","title":{"rendered":"ERASMUS+"},"content":{"rendered":"\t\t<div data-elementor-type=\"wp-page\" data-elementor-id=\"3508\" class=\"elementor elementor-3508\">\n\t\t\t\t\t\t<section class=\"elementor-section elementor-top-section elementor-element elementor-element-10f7302a elementor-section-full_width elementor-section-height-min-height elementor-section-items-bottom elementor-section-height-default\" data-id=\"10f7302a\" data-element_type=\"section\" data-settings=\"{&quot;background_background&quot;:&quot;classic&quot;}\">\n\t\t\t\t\t\t<div class=\"elementor-container elementor-column-gap-no\">\n\t\t\t\t\t<div class=\"elementor-column elementor-col-100 elementor-top-column elementor-element elementor-element-5df58db7\" data-id=\"5df58db7\" data-element_type=\"column\">\n\t\t\t<div class=\"elementor-widget-wrap elementor-element-populated\">\n\t\t\t\t\t\t<div class=\"elementor-element elementor-element-cd7e191 elementor-widget__width-initial elementor-absolute elementor-hidden-phone elementor-widget elementor-widget-heading\" data-id=\"cd7e191\" data-element_type=\"widget\" data-settings=\"{&quot;_position&quot;:&quot;absolute&quot;}\" data-widget_type=\"heading.default\">\n\t\t\t\t<div class=\"elementor-widget-container\">\n\t\t\t\t\t<h1 class=\"elementor-heading-title elementor-size-large\">ERASMUS+<\/h1>\t\t\t\t<\/div>\n\t\t\t\t<\/div>\n\t\t\t\t\t<\/div>\n\t\t<\/div>\n\t\t\t\t\t<\/div>\n\t\t<\/section>\n\t\t\t\t<section class=\"elementor-section elementor-top-section elementor-element elementor-element-37e781e elementor-section-boxed elementor-section-height-default elementor-section-height-default\" data-id=\"37e781e\" data-element_type=\"section\">\n\t\t\t\t\t\t<div class=\"elementor-container elementor-column-gap-default\">\n\t\t\t\t\t<div class=\"elementor-column elementor-col-50 elementor-top-column elementor-element elementor-element-5b5a92c\" data-id=\"5b5a92c\" data-element_type=\"column\">\n\t\t\t<div class=\"elementor-widget-wrap elementor-element-populated\">\n\t\t\t\t\t\t<div class=\"elementor-element elementor-element-a09874f elementor-widget elementor-widget-image\" data-id=\"a09874f\" data-element_type=\"widget\" data-widget_type=\"image.default\">\n\t\t\t\t<div class=\"elementor-widget-container\">\n\t\t\t\t\t\t\t\t\t\t\t\t\t\t\t<img fetchpriority=\"high\" decoding=\"async\" width=\"400\" height=\"400\" src=\"https:\/\/blogsaverroes.juntadeandalucia.es\/ceipclaracampoamor\/files\/2025\/02\/Primer-1.jpg\" class=\"attachment-full size-full wp-image-6061\" alt=\"\" srcset=\"https:\/\/blogsaverroes.juntadeandalucia.es\/ceipclaracampoamor\/files\/2025\/02\/Primer-1.jpg 400w, https:\/\/blogsaverroes.juntadeandalucia.es\/ceipclaracampoamor\/files\/2025\/02\/Primer-1-300x300.jpg 300w, https:\/\/blogsaverroes.juntadeandalucia.es\/ceipclaracampoamor\/files\/2025\/02\/Primer-1-150x150.jpg 150w, https:\/\/blogsaverroes.juntadeandalucia.es\/ceipclaracampoamor\/files\/2025\/02\/Primer-1-100x100.jpg 100w\" sizes=\"100vw\" \/>\t\t\t\t\t\t\t\t\t\t\t\t\t\t\t<\/div>\n\t\t\t\t<\/div>\n\t\t\t\t\t<\/div>\n\t\t<\/div>\n\t\t\t\t<div class=\"elementor-column elementor-col-50 elementor-top-column elementor-element elementor-element-43ca5d9\" data-id=\"43ca5d9\" data-element_type=\"column\">\n\t\t\t<div class=\"elementor-widget-wrap elementor-element-populated\">\n\t\t\t\t\t\t<div class=\"elementor-element elementor-element-8710eff elementor-widget elementor-widget-image\" data-id=\"8710eff\" data-element_type=\"widget\" data-widget_type=\"image.default\">\n\t\t\t\t<div class=\"elementor-widget-container\">\n\t\t\t\t\t\t\t\t\t\t\t\t\t\t\t<img decoding=\"async\" src=\"https:\/\/blogsaverroes.juntadeandalucia.es\/ceipclaracampoamor\/files\/elementor\/thumbs\/Copia-de-Post-de-Instagram-Dia-Internacional-de-la-Paz-Ilustrado-Verde-16-r7ezsutuskdooaub672pahmh46r8qgqjukx3f51dac.jpg\" title=\"Copia de Post de Instagram D\u00eda Internacional de la Paz Ilustrado Verde (16)\" alt=\"Copia de Post de Instagram D\u00eda Internacional de la Paz Ilustrado Verde (16)\" loading=\"lazy\" \/>\t\t\t\t\t\t\t\t\t\t\t\t\t\t\t<\/div>\n\t\t\t\t<\/div>\n\t\t\t\t\t<\/div>\n\t\t<\/div>\n\t\t\t\t\t<\/div>\n\t\t<\/section>\n\t\t\t\t<section class=\"elementor-section elementor-top-section elementor-element elementor-element-492a215 elementor-section-boxed elementor-section-height-default elementor-section-height-default\" data-id=\"492a215\" data-element_type=\"section\">\n\t\t\t\t\t\t<div class=\"elementor-container elementor-column-gap-default\">\n\t\t\t\t\t<div class=\"elementor-column elementor-col-100 elementor-top-column elementor-element elementor-element-0848500\" data-id=\"0848500\" data-element_type=\"column\">\n\t\t\t<div class=\"elementor-widget-wrap elementor-element-populated\">\n\t\t\t\t\t\t<div class=\"elementor-element elementor-element-3e88bcf elementor-hidden-mobile elementor-position-top elementor-widget elementor-widget-image-box\" data-id=\"3e88bcf\" data-element_type=\"widget\" data-widget_type=\"image-box.default\">\n\t\t\t\t<div class=\"elementor-widget-container\">\n\t\t\t\t\t<div class=\"elementor-image-box-wrapper\"><figure class=\"elementor-image-box-img\"><img decoding=\"async\" width=\"400\" height=\"400\" src=\"https:\/\/blogsaverroes.juntadeandalucia.es\/ceipclaracampoamor\/files\/2022\/09\/2.jpg\" class=\"elementor-animation-grow attachment-full size-full wp-image-3364\" alt=\"\" srcset=\"https:\/\/blogsaverroes.juntadeandalucia.es\/ceipclaracampoamor\/files\/2022\/09\/2.jpg 400w, https:\/\/blogsaverroes.juntadeandalucia.es\/ceipclaracampoamor\/files\/2022\/09\/2-300x300.jpg 300w, https:\/\/blogsaverroes.juntadeandalucia.es\/ceipclaracampoamor\/files\/2022\/09\/2-150x150.jpg 150w, https:\/\/blogsaverroes.juntadeandalucia.es\/ceipclaracampoamor\/files\/2022\/09\/2-100x100.jpg 100w, https:\/\/blogsaverroes.juntadeandalucia.es\/ceipclaracampoamor\/files\/2022\/09\/elementor\/thumbs\/2-puiyjc64fubrrnhm1sm2j0r6kzrv8r6y0pwteanhe8.jpg 200w\" sizes=\"(max-width: 400px) 100vw, 400px\" \/><\/figure><div class=\"elementor-image-box-content\"><h6 class=\"elementor-image-box-title\">Eva \u00c1lvarez D\u00edez<\/h6><\/div><\/div>\t\t\t\t<\/div>\n\t\t\t\t<\/div>\n\t\t\t\t\t<\/div>\n\t\t<\/div>\n\t\t\t\t\t<\/div>\n\t\t<\/section>\n\t\t\t\t<section class=\"elementor-section elementor-top-section elementor-element elementor-element-1cd42d8 elementor-section-boxed elementor-section-height-default elementor-section-height-default\" data-id=\"1cd42d8\" data-element_type=\"section\">\n\t\t\t\t\t\t<div class=\"elementor-container elementor-column-gap-no\">\n\t\t\t\t\t<div class=\"elementor-column elementor-col-100 elementor-top-column elementor-element elementor-element-4730d94\" data-id=\"4730d94\" data-element_type=\"column\">\n\t\t\t<div class=\"elementor-widget-wrap elementor-element-populated\">\n\t\t\t\t\t\t<div class=\"elementor-element elementor-element-4eded2e elementor-widget elementor-widget-text-editor\" data-id=\"4eded2e\" data-element_type=\"widget\" data-widget_type=\"text-editor.default\">\n\t\t\t\t<div class=\"elementor-widget-container\">\n\t\t\t\t\t\t\t\t\t<p style=\"text-align: left\"><span style=\"font-size: 14pt\"><span style=\"font-family: georgia, palatino, serif\">En el CEIP Clara Campoamor somos conscientes de la evoluci\u00f3n constante que <\/span><span style=\"font-family: georgia, palatino, serif\">experimenta la sociedad y&nbsp;creemos conveniente formar parte de ese cambio,&nbsp;<\/span><span style=\"font-family: georgia, palatino, serif\">adapt\u00e1ndonos y apostando por la internacionalizaci\u00f3n de&nbsp;nuestro claustro y, por ende,&nbsp;<\/span><span style=\"font-family: georgia, palatino, serif\">de nuestro alumnado, lo que conlleva una mejora de la calidad educativa del&nbsp;centro, y&nbsp;<\/span><span style=\"font-family: georgia, palatino, serif\">generar\u00eda nuevas oportunidades para conseguir una innovaci\u00f3n de la educaci\u00f3n en&nbsp;<\/span><span style=\"font-family: georgia, palatino, serif\">nuestras aulas.<\/span><\/span><\/p>\n<p style=\"text-align: left\"><span style=\"font-size: 14pt\"><span style=\"font-family: georgia, palatino, serif\">La mejora en la competencia comunicativa y ling\u00fc\u00edstica en una segunda lengua&nbsp;<\/span><span style=\"font-family: georgia, palatino, serif\">repercutir\u00e1 de forma directa&nbsp;en un enriquecimiento global del profesorado y del&nbsp;<\/span><span style=\"font-family: georgia, palatino, serif\">alumnado, y para que esto sea posible es necesario&nbsp;vincularse con entornos reales&nbsp;<\/span><span style=\"font-family: georgia, palatino, serif\">que nos acerquen a esta segunda lengua favoreciendo la inclusi\u00f3n en&nbsp;contextos&nbsp;<\/span><span style=\"font-family: georgia, palatino, serif\">multiling\u00fces.<\/span><\/span><\/p>\n<p style=\"text-align: left\"><span style=\"font-size: 14pt\"><span style=\"font-family: georgia, palatino, serif\">En el a\u00f1o 2025, nuestro CEIP Clara Campoamor de Bormujos, ha sido reconocido con&nbsp;<\/span><span style=\"font-family: georgia, palatino, serif\">la acreditaci\u00f3n Erasmus+ por parte de la Uni\u00f3n Europea, convirti\u00e9ndonos as\u00ed en uno&nbsp;<\/span><span style=\"font-family: georgia, palatino, serif\">de los 75 centros educativos de todo el pa\u00eds en recibir este prestigioso reconocimiento.&nbsp;<\/span><span style=\"font-family: georgia, palatino, serif\">De entre m\u00e1s de 1.100 solicitudes recibidas, solo 8 centros de Andaluc\u00eda fueron&nbsp;<\/span><span style=\"font-family: georgia, palatino, serif\">seleccionados, lo que resalta la competitividad y la calidad educativa de la instituci\u00f3n.<\/span><\/span><\/p>\n<p style=\"text-align: left\"><span style=\"font-size: 14pt\"><span style=\"font-family: georgia, palatino, serif\">Este \u00e9xito, sucede a la consecuci\u00f3n en el 2022 de un Proyecto KA-122 de 18 meses,&nbsp;<\/span><span style=\"font-family: georgia, palatino, serif\">gracias al que maestras de nuestro centro realizaron una formaci\u00f3n sobre la&nbsp;<\/span><span style=\"font-family: georgia, palatino, serif\">ense\u00f1anza finlandesa en Helsinky, dos aprendizajes por observaci\u00f3n en Bari y otros&nbsp;<\/span><span style=\"font-family: georgia, palatino, serif\">dos en Alemania, as\u00ed como una movilidad de un grupo de alumnos acompa\u00f1ados con&nbsp;<\/span><span style=\"font-family: georgia, palatino, serif\">dos maestras a Bari.<\/span><\/span><\/p>\n<p style=\"text-align: left\"><span style=\"font-size: 14pt\"><span style=\"font-family: georgia, palatino, serif\">Este logro supone un importante impulso para el centro, que podr\u00e1 acceder a diversas&nbsp;<\/span><span style=\"font-family: georgia, palatino, serif\">oportunidades de formaci\u00f3n y movilidad internacional para sus estudiantes y docentes,&nbsp;<\/span><span style=\"font-family: georgia, palatino, serif\">fomentando la innovaci\u00f3n educativa, el intercambio cultural y el desarrollo de nuevas&nbsp;<\/span><\/span><span style=\"font-size: 14pt\"><span style=\"font-family: georgia, palatino, serif\">metodolog\u00edas. El programa Erasmus+ es una de las principales iniciativas de la UE en&nbsp;<\/span><span style=\"font-family: georgia, palatino, serif\">el \u00e1mbito educativo y est\u00e1 dise\u00f1ado para promover la cooperaci\u00f3n transnacional y la&nbsp;<\/span><span style=\"font-family: georgia, palatino, serif\">colaboraci\u00f3n entre diferentes centros europeos.&nbsp;<\/span><\/span><\/p>\n<p style=\"text-align: left\"><span style=\"font-size: 14pt\"><span style=\"font-family: georgia, palatino, serif\">Este triunfo resalta el compromiso y la dedicaci\u00f3n de nuestra comunidad educativa,&nbsp;<\/span><span style=\"font-family: georgia, palatino, serif\">especialmente del equipo de la Comisi\u00f3n Erasmus+ del centro, compuesto por nueve&nbsp;<\/span><span style=\"font-family: georgia, palatino, serif\">maestras altamente comprometidas bajo la coordinaci\u00f3n de Eva \u00c1lvarez D\u00edez, quienes&nbsp;<\/span><span style=\"font-family: georgia, palatino, serif\">han demostrado un fuerte compromiso con la mejora continua del centro y con la&nbsp;<\/span><span style=\"font-family: georgia, palatino, serif\">creaci\u00f3n de un entorno educativo internacionalizado.<\/span><\/span><\/p>\n<p style=\"text-align: left\"><span style=\"font-size: 14pt\"><span style=\"font-family: georgia, palatino, serif\">Con esta acreditaci\u00f3n, el CEIP Clara Campoamor se posiciona como un referente en&nbsp;<\/span><span style=\"font-family: georgia, palatino, serif\">la formaci\u00f3n de sus docentes fortaleciendo su perfil educativo y fomentando la&nbsp;<\/span><span style=\"font-family: georgia, palatino, serif\">innovaci\u00f3n en las metodolog\u00edas de ense\u00f1anza, garantizando una formaci\u00f3n m\u00e1s&nbsp;<\/span><span style=\"font-family: georgia, palatino, serif\">completa y enriquecedora para su comunidad educativa. Adem\u00e1s, este reconocimiento&nbsp;<\/span><span style=\"font-family: georgia, palatino, serif\">abre nuevas puertas para futuras colaboraciones con centros de otros pa\u00edses,&nbsp;<\/span><\/span><span style=\"font-size: 14pt\"><span style=\"font-family: georgia, palatino, serif\">ampliando as\u00ed los horizontes de los alumnos y potenciando su preparaci\u00f3n para todo&nbsp;<\/span><span style=\"font-family: georgia, palatino, serif\">su futuro acad\u00e9mico.<\/span><\/span><\/p>\n<p style=\"text-align: left\"><strong style=\"color: #666666;font-size: 1.625rem\"><span style=\"color: #333399;font-family: 'book antiqua', palatino, serif\">Atentamente:<\/span><\/strong><\/p>\n<p style=\"text-align: left\"><strong style=\"color: #666666;font-size: 1.625rem\"><span style=\"color: #333399;font-family: 'book antiqua', palatino, serif\">Eva \u00c1lvarez D\u00edez<\/span><\/strong><\/p>\n<p style=\"text-align: left\"><strong style=\"color: #666666;font-size: 1.625rem\"><span style=\"color: #333399;font-family: 'book antiqua', palatino, serif\">Coordinadora de Biling\u00fcismo y Proyecto Erasmus+&nbsp;<\/span><\/strong><\/p>\t\t\t\t\t\t\t\t<\/div>\n\t\t\t\t<\/div>\n\t\t\t\t\t<\/div>\n\t\t<\/div>\n\t\t\t\t\t<\/div>\n\t\t<\/section>\n\t\t\t\t<section class=\"elementor-section elementor-top-section elementor-element elementor-element-dcc153f elementor-section-boxed elementor-section-height-default elementor-section-height-default\" data-id=\"dcc153f\" data-element_type=\"section\">\n\t\t\t\t\t\t<div class=\"elementor-container elementor-column-gap-default\">\n\t\t\t\t\t<div class=\"elementor-column elementor-col-33 elementor-top-column elementor-element elementor-element-2c10a40\" data-id=\"2c10a40\" data-element_type=\"column\">\n\t\t\t<div class=\"elementor-widget-wrap elementor-element-populated\">\n\t\t\t\t\t\t<div class=\"elementor-element elementor-element-4ee68e5 elementor-widget elementor-widget-image\" data-id=\"4ee68e5\" data-element_type=\"widget\" data-widget_type=\"image.default\">\n\t\t\t\t<div class=\"elementor-widget-container\">\n\t\t\t\t\t\t\t\t\t\t\t\t\t\t\t<img decoding=\"async\" width=\"525\" height=\"368\" src=\"https:\/\/blogsaverroes.juntadeandalucia.es\/ceipclaracampoamor\/files\/2025\/06\/Acreditacion-Erasmus.jpg\" class=\"attachment-large size-large wp-image-6740\" alt=\"\" srcset=\"https:\/\/blogsaverroes.juntadeandalucia.es\/ceipclaracampoamor\/files\/2025\/06\/Acreditacion-Erasmus.jpg 740w, https:\/\/blogsaverroes.juntadeandalucia.es\/ceipclaracampoamor\/files\/2025\/06\/Acreditacion-Erasmus-300x210.jpg 300w\" sizes=\"100vw\" \/>\t\t\t\t\t\t\t\t\t\t\t\t\t\t\t<\/div>\n\t\t\t\t<\/div>\n\t\t\t\t\t<\/div>\n\t\t<\/div>\n\t\t\t\t<div class=\"elementor-column elementor-col-33 elementor-top-column elementor-element elementor-element-af4a38e\" data-id=\"af4a38e\" data-element_type=\"column\">\n\t\t\t<div class=\"elementor-widget-wrap\">\n\t\t\t\t\t\t\t<\/div>\n\t\t<\/div>\n\t\t\t\t<div class=\"elementor-column elementor-col-33 elementor-top-column elementor-element elementor-element-42833d4\" data-id=\"42833d4\" data-element_type=\"column\">\n\t\t\t<div class=\"elementor-widget-wrap\">\n\t\t\t\t\t\t\t<\/div>\n\t\t<\/div>\n\t\t\t\t\t<\/div>\n\t\t<\/section>\n\t\t\t\t<section class=\"elementor-section elementor-top-section elementor-element elementor-element-f92e19a elementor-section-boxed elementor-section-height-default elementor-section-height-default\" data-id=\"f92e19a\" data-element_type=\"section\">\n\t\t\t\t\t\t<div class=\"elementor-container elementor-column-gap-default\">\n\t\t\t\t\t<div class=\"elementor-column elementor-col-33 elementor-top-column elementor-element elementor-element-25fbb67\" data-id=\"25fbb67\" data-element_type=\"column\">\n\t\t\t<div class=\"elementor-widget-wrap elementor-element-populated\">\n\t\t\t\t\t\t<div class=\"elementor-element elementor-element-425d859 elementor-widget elementor-widget-image\" data-id=\"425d859\" data-element_type=\"widget\" data-widget_type=\"image.default\">\n\t\t\t\t<div class=\"elementor-widget-container\">\n\t\t\t\t\t\t\t\t\t\t\t\t\t\t\t<img loading=\"lazy\" decoding=\"async\" width=\"525\" height=\"139\" src=\"https:\/\/blogsaverroes.juntadeandalucia.es\/ceipclaracampoamor\/files\/2025\/01\/erasmus_centro.png\" class=\"attachment-large size-large wp-image-6056\" alt=\"\" srcset=\"https:\/\/blogsaverroes.juntadeandalucia.es\/ceipclaracampoamor\/files\/2025\/01\/erasmus_centro.png 1000w, https:\/\/blogsaverroes.juntadeandalucia.es\/ceipclaracampoamor\/files\/2025\/01\/erasmus_centro-300x79.png 300w, https:\/\/blogsaverroes.juntadeandalucia.es\/ceipclaracampoamor\/files\/2025\/01\/erasmus_centro-768x203.png 768w\" sizes=\"100vw\" \/>\t\t\t\t\t\t\t\t\t\t\t\t\t\t\t<\/div>\n\t\t\t\t<\/div>\n\t\t\t\t<div class=\"elementor-element elementor-element-3baa3d9 elementor-widget elementor-widget-image\" data-id=\"3baa3d9\" data-element_type=\"widget\" data-widget_type=\"image.default\">\n\t\t\t\t<div class=\"elementor-widget-container\">\n\t\t\t\t\t\t\t\t\t\t\t\t\t\t\t<img loading=\"lazy\" decoding=\"async\" width=\"525\" height=\"532\" src=\"https:\/\/blogsaverroes.juntadeandalucia.es\/ceipclaracampoamor\/files\/2022\/10\/es_v_cofinanciado_por_la_union_europea_pos.png\" class=\"attachment-large size-large wp-image-3559\" alt=\"\" srcset=\"https:\/\/blogsaverroes.juntadeandalucia.es\/ceipclaracampoamor\/files\/2022\/10\/es_v_cofinanciado_por_la_union_europea_pos.png 910w, https:\/\/blogsaverroes.juntadeandalucia.es\/ceipclaracampoamor\/files\/2022\/10\/es_v_cofinanciado_por_la_union_europea_pos-296x300.png 296w, https:\/\/blogsaverroes.juntadeandalucia.es\/ceipclaracampoamor\/files\/2022\/10\/es_v_cofinanciado_por_la_union_europea_pos-768x778.png 768w, https:\/\/blogsaverroes.juntadeandalucia.es\/ceipclaracampoamor\/files\/2022\/10\/es_v_cofinanciado_por_la_union_europea_pos-100x100.png 100w\" sizes=\"100vw\" \/>\t\t\t\t\t\t\t\t\t\t\t\t\t\t\t<\/div>\n\t\t\t\t<\/div>\n\t\t\t\t<div class=\"elementor-element elementor-element-7a717d8 elementor-widget elementor-widget-image\" data-id=\"7a717d8\" data-element_type=\"widget\" data-widget_type=\"image.default\">\n\t\t\t\t<div class=\"elementor-widget-container\">\n\t\t\t\t\t\t\t\t\t\t\t\t\t\t\t<img decoding=\"async\" src=\"https:\/\/blogsaverroes.juntadeandalucia.es\/ceipclaracampoamor\/files\/2025\/01\/SEPIE_erasmus_plus.gif\" title=\"SEPIE_erasmus_plus\" alt=\"SEPIE_erasmus_plus\" loading=\"lazy\" \/>\t\t\t\t\t\t\t\t\t\t\t\t\t\t\t<\/div>\n\t\t\t\t<\/div>\n\t\t\t\t<div class=\"elementor-element elementor-element-f8864a1 elementor-widget elementor-widget-heading\" data-id=\"f8864a1\" data-element_type=\"widget\" data-widget_type=\"heading.default\">\n\t\t\t\t<div class=\"elementor-widget-container\">\n\t\t\t\t\t<h6 class=\"elementor-heading-title elementor-size-default\"><a href=\"http:\/\/www.sepie.es\/\" target=\"_blank\">http:\/\/www.sepie.es<\/a><\/h6>\t\t\t\t<\/div>\n\t\t\t\t<\/div>\n\t\t\t\t\t<\/div>\n\t\t<\/div>\n\t\t\t\t<div class=\"elementor-column elementor-col-33 elementor-top-column elementor-element elementor-element-2f404fe\" data-id=\"2f404fe\" data-element_type=\"column\">\n\t\t\t<div class=\"elementor-widget-wrap\">\n\t\t\t\t\t\t\t<\/div>\n\t\t<\/div>\n\t\t\t\t<div class=\"elementor-column elementor-col-33 elementor-top-column elementor-element elementor-element-d0e3e5b\" data-id=\"d0e3e5b\" data-element_type=\"column\">\n\t\t\t<div class=\"elementor-widget-wrap\">\n\t\t\t\t\t\t\t<\/div>\n\t\t<\/div>\n\t\t\t\t\t<\/div>\n\t\t<\/section>\n\t\t\t\t<section class=\"elementor-section elementor-top-section elementor-element elementor-element-1a0b8dce elementor-section-height-min-height elementor-section-boxed elementor-section-height-default elementor-section-items-middle\" data-id=\"1a0b8dce\" data-element_type=\"section\" data-settings=\"{&quot;background_background&quot;:&quot;classic&quot;}\">\n\t\t\t\t\t\t\t<div class=\"elementor-background-overlay\"><\/div>\n\t\t\t\t\t\t\t<div class=\"elementor-container elementor-column-gap-default\">\n\t\t\t\t\t<div class=\"elementor-column elementor-col-100 elementor-top-column elementor-element elementor-element-4cba890a\" data-id=\"4cba890a\" data-element_type=\"column\">\n\t\t\t<div class=\"elementor-widget-wrap elementor-element-populated\">\n\t\t\t\t\t\t<div class=\"elementor-element elementor-element-638ad8a7 elementor-widget__width-initial elementor-absolute elementor-widget elementor-widget-heading\" data-id=\"638ad8a7\" data-element_type=\"widget\" data-settings=\"{&quot;_position&quot;:&quot;absolute&quot;}\" data-widget_type=\"heading.default\">\n\t\t\t\t<div class=\"elementor-widget-container\">\n\t\t\t\t\t<h1 class=\"elementor-heading-title elementor-size-xxl\">ERASMUS+  blog<\/h1>\t\t\t\t<\/div>\n\t\t\t\t<\/div>\n\t\t\t\t<div class=\"elementor-element elementor-element-51a18720 elementor-absolute elementor-widget-divider--view-line elementor-widget elementor-widget-divider\" data-id=\"51a18720\" data-element_type=\"widget\" data-settings=\"{&quot;_position&quot;:&quot;absolute&quot;}\" data-widget_type=\"divider.default\">\n\t\t\t\t<div class=\"elementor-widget-container\">\n\t\t\t\t\t\t\t<div class=\"elementor-divider\">\n\t\t\t<span class=\"elementor-divider-separator\">\n\t\t\t\t\t\t<\/span>\n\t\t<\/div>\n\t\t\t\t\t\t<\/div>\n\t\t\t\t<\/div>\n\t\t\t\t\t<\/div>\n\t\t<\/div>\n\t\t\t\t\t<\/div>\n\t\t<\/section>\n\t\t\t\t<section class=\"elementor-section elementor-top-section elementor-element elementor-element-cb59fe2 elementor-section-boxed elementor-section-height-default elementor-section-height-default\" data-id=\"cb59fe2\" data-element_type=\"section\">\n\t\t\t\t\t\t<div class=\"elementor-container elementor-column-gap-default\">\n\t\t\t\t\t<div class=\"elementor-column elementor-col-100 elementor-top-column elementor-element elementor-element-b8b643a\" data-id=\"b8b643a\" data-element_type=\"column\">\n\t\t\t<div class=\"elementor-widget-wrap elementor-element-populated\">\n\t\t\t\t\t\t<div class=\"elementor-element elementor-element-6953dc3 elementor-widget elementor-widget-html\" data-id=\"6953dc3\" data-element_type=\"widget\" data-widget_type=\"html.default\">\n\t\t\t\t<div class=\"elementor-widget-container\">\n\t\t\t\t\t<iframe src=\"https:\/\/padlet.com\/ceipclaracampoamor\/erasmus-1d72ncfyalfjs9o2\" width=\"1200\" height=\"1000\"> <\/iframe>\t\t\t\t<\/div>\n\t\t\t\t<\/div>\n\t\t\t\t\t<\/div>\n\t\t<\/div>\n\t\t\t\t\t<\/div>\n\t\t<\/section>\n\t\t\t\t<section class=\"elementor-section elementor-top-section elementor-element elementor-element-a8fe857 elementor-section-boxed elementor-section-height-default elementor-section-height-default\" data-id=\"a8fe857\" data-element_type=\"section\">\n\t\t\t\t\t\t<div class=\"elementor-container elementor-column-gap-default\">\n\t\t\t\t\t<div class=\"elementor-column elementor-col-100 elementor-top-column elementor-element elementor-element-79dc889\" data-id=\"79dc889\" data-element_type=\"column\">\n\t\t\t<div class=\"elementor-widget-wrap elementor-element-populated\">\n\t\t\t\t\t\t<div class=\"elementor-element elementor-element-7e6b72c elementor-widget elementor-widget-shortcode\" data-id=\"7e6b72c\" data-element_type=\"widget\" data-widget_type=\"shortcode.default\">\n\t\t\t\t<div class=\"elementor-widget-container\">\n\t\t\t\t\t\t\t<div class=\"elementor-shortcode\"><div class=\"pt-cv-wrapper\"><div class=\"pt-cv-view pt-cv-grid pt-cv-colsys\" id=\"pt-cv-view-b33c86cjfo\"><div data-id=\"pt-cv-page-1\" class=\"pt-cv-page\" data-cvc=\"4\"><div class=\"col-md-3 col-sm-6 col-xs-12 pt-cv-content-item pt-cv-1-col\" ><div class='pt-cv-ifield'><a href=\"https:\/\/blogsaverroes.juntadeandalucia.es\/ceipclaracampoamor\/cuenta-atras-para-nuestro-viaje-a-erfurt-21-04-2026\/\" class=\"_self pt-cv-href-thumbnail pt-cv-thumb-default\" target=\"_self\" ><img loading=\"lazy\" decoding=\"async\" width=\"300\" height=\"300\" src=\"https:\/\/blogsaverroes.juntadeandalucia.es\/ceipclaracampoamor\/files\/2025\/06\/Copia-de-Post-de-Instagram-Dia-Internacional-de-la-Paz-Ilustrado-Verde-16-300x300.jpg\" class=\"pt-cv-thumbnail\" alt=\"\" srcset=\"https:\/\/blogsaverroes.juntadeandalucia.es\/ceipclaracampoamor\/files\/2025\/06\/elementor\/thumbs\/Copia-de-Post-de-Instagram-Dia-Internacional-de-la-Paz-Ilustrado-Verde-16-r7ezsuttgbplwhv7be4eysw9z44g7j79dlvenlif94.jpg 300w, https:\/\/blogsaverroes.juntadeandalucia.es\/ceipclaracampoamor\/files\/2025\/06\/Copia-de-Post-de-Instagram-Dia-Internacional-de-la-Paz-Ilustrado-Verde-16-1024x1024.jpg 1024w, https:\/\/blogsaverroes.juntadeandalucia.es\/ceipclaracampoamor\/files\/2025\/06\/Copia-de-Post-de-Instagram-Dia-Internacional-de-la-Paz-Ilustrado-Verde-16-150x150.jpg 150w, https:\/\/blogsaverroes.juntadeandalucia.es\/ceipclaracampoamor\/files\/2025\/06\/Copia-de-Post-de-Instagram-Dia-Internacional-de-la-Paz-Ilustrado-Verde-16-768x768.jpg 768w, https:\/\/blogsaverroes.juntadeandalucia.es\/ceipclaracampoamor\/files\/2025\/06\/Copia-de-Post-de-Instagram-Dia-Internacional-de-la-Paz-Ilustrado-Verde-16-100x100.jpg 100w, https:\/\/blogsaverroes.juntadeandalucia.es\/ceipclaracampoamor\/files\/2025\/06\/elementor\/thumbs\/Copia-de-Post-de-Instagram-Dia-Internacional-de-la-Paz-Ilustrado-Verde-16-r7ezsutuo6i1ii0xqazl2vqn0gc2vaez9egkszzna8.jpg 400w, https:\/\/blogsaverroes.juntadeandalucia.es\/ceipclaracampoamor\/files\/2025\/06\/elementor\/thumbs\/Copia-de-Post-de-Instagram-Dia-Internacional-de-la-Paz-Ilustrado-Verde-16-r7ezsutuskdooaub672pahmh46r8qgqjukx3f51dac.jpg 410w, https:\/\/blogsaverroes.juntadeandalucia.es\/ceipclaracampoamor\/files\/2025\/06\/Copia-de-Post-de-Instagram-Dia-Internacional-de-la-Paz-Ilustrado-Verde-16.jpg 1080w\" sizes=\"100vw\" \/><\/a>\n<h4 class=\"pt-cv-title\"><a href=\"https:\/\/blogsaverroes.juntadeandalucia.es\/ceipclaracampoamor\/cuenta-atras-para-nuestro-viaje-a-erfurt-21-04-2026\/\" class=\"_self\" target=\"_self\" >Cuenta atr\u00e1s para nuestro viaje a Erfurt.              21\/04\/2026<\/a><\/h4>\n<div class=\"pt-cv-content\">Compartimos el v\u00eddeo realizado por las alumnas que participar\u00e1n en el programa Erasmus+ en Erfurt. En esta presentaci\u00f3n, ellas mismas ...<br \/><div class=\"pt-cv-rmwrap\"><a href=\"https:\/\/blogsaverroes.juntadeandalucia.es\/ceipclaracampoamor\/cuenta-atras-para-nuestro-viaje-a-erfurt-21-04-2026\/\" class=\"_self pt-cv-readmore btn btn-success\" target=\"_self\">Leer M\u00e1s<\/a><\/div><\/div><\/div><\/div>\n<div class=\"col-md-3 col-sm-6 col-xs-12 pt-cv-content-item pt-cv-1-col\" ><div class='pt-cv-ifield'><a href=\"https:\/\/blogsaverroes.juntadeandalucia.es\/ceipclaracampoamor\/nos-vamos-a-erfurt-con-erasmus-21-02-2026\/\" class=\"_self pt-cv-href-thumbnail pt-cv-thumb-default\" target=\"_self\" ><img loading=\"lazy\" decoding=\"async\" width=\"300\" height=\"300\" src=\"https:\/\/blogsaverroes.juntadeandalucia.es\/ceipclaracampoamor\/files\/2026\/02\/Copia-de-Post-de-Instagram-Dia-Internacional-de-la-Paz-Ilustrado-Verde-18-300x300.jpg\" class=\"pt-cv-thumbnail\" alt=\"\" srcset=\"https:\/\/blogsaverroes.juntadeandalucia.es\/ceipclaracampoamor\/files\/2026\/02\/Copia-de-Post-de-Instagram-Dia-Internacional-de-la-Paz-Ilustrado-Verde-18-300x300.jpg 300w, https:\/\/blogsaverroes.juntadeandalucia.es\/ceipclaracampoamor\/files\/2026\/02\/Copia-de-Post-de-Instagram-Dia-Internacional-de-la-Paz-Ilustrado-Verde-18-1024x1024.jpg 1024w, https:\/\/blogsaverroes.juntadeandalucia.es\/ceipclaracampoamor\/files\/2026\/02\/Copia-de-Post-de-Instagram-Dia-Internacional-de-la-Paz-Ilustrado-Verde-18-150x150.jpg 150w, https:\/\/blogsaverroes.juntadeandalucia.es\/ceipclaracampoamor\/files\/2026\/02\/Copia-de-Post-de-Instagram-Dia-Internacional-de-la-Paz-Ilustrado-Verde-18-768x768.jpg 768w, https:\/\/blogsaverroes.juntadeandalucia.es\/ceipclaracampoamor\/files\/2026\/02\/Copia-de-Post-de-Instagram-Dia-Internacional-de-la-Paz-Ilustrado-Verde-18-100x100.jpg 100w, https:\/\/blogsaverroes.juntadeandalucia.es\/ceipclaracampoamor\/files\/2026\/02\/Copia-de-Post-de-Instagram-Dia-Internacional-de-la-Paz-Ilustrado-Verde-18.jpg 1080w\" sizes=\"100vw\" \/><\/a>\n<h4 class=\"pt-cv-title\"><a href=\"https:\/\/blogsaverroes.juntadeandalucia.es\/ceipclaracampoamor\/nos-vamos-a-erfurt-con-erasmus-21-02-2026\/\" class=\"_self\" target=\"_self\" >\u00a1Nos vamos a Erfurt con Erasmus+!\u00a0 \u00a0 \u00a0 \u00a0 21\/02\/2026<\/a><\/h4>\n<div class=\"pt-cv-content\">El esp\u00edritu viajero ya se siente en el ambiente\u2026 La coordinadora del programa Erasmus+, Eva \u00c1lvarez, se ha reunido con ...<br \/><div class=\"pt-cv-rmwrap\"><a href=\"https:\/\/blogsaverroes.juntadeandalucia.es\/ceipclaracampoamor\/nos-vamos-a-erfurt-con-erasmus-21-02-2026\/\" class=\"_self pt-cv-readmore btn btn-success\" target=\"_self\">Leer M\u00e1s<\/a><\/div><\/div><\/div><\/div>\n<div class=\"col-md-3 col-sm-6 col-xs-12 pt-cv-content-item pt-cv-1-col\" ><div class='pt-cv-ifield'><a href=\"https:\/\/blogsaverroes.juntadeandalucia.es\/ceipclaracampoamor\/programa-bilingue-y-erasmus-29-01-2026\/\" class=\"_self pt-cv-href-thumbnail pt-cv-thumb-default\" target=\"_self\" ><img loading=\"lazy\" decoding=\"async\" width=\"300\" height=\"300\" src=\"https:\/\/blogsaverroes.juntadeandalucia.es\/ceipclaracampoamor\/files\/2025\/06\/Copia-de-Post-de-Instagram-Dia-Internacional-de-la-Paz-Ilustrado-Verde-16-300x300.jpg\" class=\"pt-cv-thumbnail\" alt=\"\" srcset=\"https:\/\/blogsaverroes.juntadeandalucia.es\/ceipclaracampoamor\/files\/2025\/06\/elementor\/thumbs\/Copia-de-Post-de-Instagram-Dia-Internacional-de-la-Paz-Ilustrado-Verde-16-r7ezsuttgbplwhv7be4eysw9z44g7j79dlvenlif94.jpg 300w, https:\/\/blogsaverroes.juntadeandalucia.es\/ceipclaracampoamor\/files\/2025\/06\/Copia-de-Post-de-Instagram-Dia-Internacional-de-la-Paz-Ilustrado-Verde-16-1024x1024.jpg 1024w, https:\/\/blogsaverroes.juntadeandalucia.es\/ceipclaracampoamor\/files\/2025\/06\/Copia-de-Post-de-Instagram-Dia-Internacional-de-la-Paz-Ilustrado-Verde-16-150x150.jpg 150w, https:\/\/blogsaverroes.juntadeandalucia.es\/ceipclaracampoamor\/files\/2025\/06\/Copia-de-Post-de-Instagram-Dia-Internacional-de-la-Paz-Ilustrado-Verde-16-768x768.jpg 768w, https:\/\/blogsaverroes.juntadeandalucia.es\/ceipclaracampoamor\/files\/2025\/06\/Copia-de-Post-de-Instagram-Dia-Internacional-de-la-Paz-Ilustrado-Verde-16-100x100.jpg 100w, https:\/\/blogsaverroes.juntadeandalucia.es\/ceipclaracampoamor\/files\/2025\/06\/elementor\/thumbs\/Copia-de-Post-de-Instagram-Dia-Internacional-de-la-Paz-Ilustrado-Verde-16-r7ezsutuo6i1ii0xqazl2vqn0gc2vaez9egkszzna8.jpg 400w, https:\/\/blogsaverroes.juntadeandalucia.es\/ceipclaracampoamor\/files\/2025\/06\/elementor\/thumbs\/Copia-de-Post-de-Instagram-Dia-Internacional-de-la-Paz-Ilustrado-Verde-16-r7ezsutuskdooaub672pahmh46r8qgqjukx3f51dac.jpg 410w, https:\/\/blogsaverroes.juntadeandalucia.es\/ceipclaracampoamor\/files\/2025\/06\/Copia-de-Post-de-Instagram-Dia-Internacional-de-la-Paz-Ilustrado-Verde-16.jpg 1080w\" sizes=\"100vw\" \/><\/a>\n<h4 class=\"pt-cv-title\"><a href=\"https:\/\/blogsaverroes.juntadeandalucia.es\/ceipclaracampoamor\/programa-bilingue-y-erasmus-29-01-2026\/\" class=\"_self\" target=\"_self\" >Programa Biling\u00fce y Erasmus+.                  29\/01\/2026<\/a><\/h4>\n<div class=\"pt-cv-content\"> ...<br \/><div class=\"pt-cv-rmwrap\"><a href=\"https:\/\/blogsaverroes.juntadeandalucia.es\/ceipclaracampoamor\/programa-bilingue-y-erasmus-29-01-2026\/\" class=\"_self pt-cv-readmore btn btn-success\" target=\"_self\">Leer M\u00e1s<\/a><\/div><\/div><\/div><\/div>\n<div class=\"col-md-3 col-sm-6 col-xs-12 pt-cv-content-item pt-cv-1-col\" ><div class='pt-cv-ifield'><a href=\"https:\/\/blogsaverroes.juntadeandalucia.es\/ceipclaracampoamor\/teatro-en-nuestro-colegio-gracias-al-proyecto-bilingue-23-01-2026\/\" class=\"_self pt-cv-href-thumbnail pt-cv-thumb-default\" target=\"_self\" ><img loading=\"lazy\" decoding=\"async\" width=\"300\" height=\"300\" src=\"https:\/\/blogsaverroes.juntadeandalucia.es\/ceipclaracampoamor\/files\/2026\/01\/2-300x300.jpg\" class=\"pt-cv-thumbnail\" alt=\"\" srcset=\"https:\/\/blogsaverroes.juntadeandalucia.es\/ceipclaracampoamor\/files\/2026\/01\/2-300x300.jpg 300w, https:\/\/blogsaverroes.juntadeandalucia.es\/ceipclaracampoamor\/files\/2026\/01\/2-1024x1024.jpg 1024w, https:\/\/blogsaverroes.juntadeandalucia.es\/ceipclaracampoamor\/files\/2026\/01\/2-150x150.jpg 150w, https:\/\/blogsaverroes.juntadeandalucia.es\/ceipclaracampoamor\/files\/2026\/01\/2-768x768.jpg 768w, https:\/\/blogsaverroes.juntadeandalucia.es\/ceipclaracampoamor\/files\/2026\/01\/2-100x100.jpg 100w, https:\/\/blogsaverroes.juntadeandalucia.es\/ceipclaracampoamor\/files\/2026\/01\/2.jpg 1080w\" sizes=\"100vw\" \/><\/a>\n<h4 class=\"pt-cv-title\"><a href=\"https:\/\/blogsaverroes.juntadeandalucia.es\/ceipclaracampoamor\/teatro-en-nuestro-colegio-gracias-al-proyecto-bilingue-23-01-2026\/\" class=\"_self\" target=\"_self\" >Teatro en nuestro colegio gracias al Proyecto Biling\u00fce.       23\/01\/2026<\/a><\/h4>\n<div class=\"pt-cv-content\">Durante esta semana, nuestro centro ha tenido la oportunidad de disfrutar de una actividad muy especial: representaciones teatrales en lengua ...<br \/><div class=\"pt-cv-rmwrap\"><a href=\"https:\/\/blogsaverroes.juntadeandalucia.es\/ceipclaracampoamor\/teatro-en-nuestro-colegio-gracias-al-proyecto-bilingue-23-01-2026\/\" class=\"_self pt-cv-readmore btn btn-success\" target=\"_self\">Leer M\u00e1s<\/a><\/div><\/div><\/div><\/div>\n<div class=\"col-md-3 col-sm-6 col-xs-12 pt-cv-content-item pt-cv-1-col\" ><div class='pt-cv-ifield'><a href=\"https:\/\/blogsaverroes.juntadeandalucia.es\/ceipclaracampoamor\/teatro-en-nuestro-colegio-gracias-a-nuestro-proyecto-bilingue-10-01-2026\/\" class=\"_self pt-cv-href-thumbnail pt-cv-thumb-default\" target=\"_self\" ><img loading=\"lazy\" decoding=\"async\" width=\"300\" height=\"300\" src=\"https:\/\/blogsaverroes.juntadeandalucia.es\/ceipclaracampoamor\/files\/2025\/06\/Copia-de-Post-de-Instagram-Dia-Internacional-de-la-Paz-Ilustrado-Verde-16-300x300.jpg\" class=\"pt-cv-thumbnail\" alt=\"\" srcset=\"https:\/\/blogsaverroes.juntadeandalucia.es\/ceipclaracampoamor\/files\/2025\/06\/elementor\/thumbs\/Copia-de-Post-de-Instagram-Dia-Internacional-de-la-Paz-Ilustrado-Verde-16-r7ezsuttgbplwhv7be4eysw9z44g7j79dlvenlif94.jpg 300w, https:\/\/blogsaverroes.juntadeandalucia.es\/ceipclaracampoamor\/files\/2025\/06\/Copia-de-Post-de-Instagram-Dia-Internacional-de-la-Paz-Ilustrado-Verde-16-1024x1024.jpg 1024w, https:\/\/blogsaverroes.juntadeandalucia.es\/ceipclaracampoamor\/files\/2025\/06\/Copia-de-Post-de-Instagram-Dia-Internacional-de-la-Paz-Ilustrado-Verde-16-150x150.jpg 150w, https:\/\/blogsaverroes.juntadeandalucia.es\/ceipclaracampoamor\/files\/2025\/06\/Copia-de-Post-de-Instagram-Dia-Internacional-de-la-Paz-Ilustrado-Verde-16-768x768.jpg 768w, https:\/\/blogsaverroes.juntadeandalucia.es\/ceipclaracampoamor\/files\/2025\/06\/Copia-de-Post-de-Instagram-Dia-Internacional-de-la-Paz-Ilustrado-Verde-16-100x100.jpg 100w, https:\/\/blogsaverroes.juntadeandalucia.es\/ceipclaracampoamor\/files\/2025\/06\/elementor\/thumbs\/Copia-de-Post-de-Instagram-Dia-Internacional-de-la-Paz-Ilustrado-Verde-16-r7ezsutuo6i1ii0xqazl2vqn0gc2vaez9egkszzna8.jpg 400w, https:\/\/blogsaverroes.juntadeandalucia.es\/ceipclaracampoamor\/files\/2025\/06\/elementor\/thumbs\/Copia-de-Post-de-Instagram-Dia-Internacional-de-la-Paz-Ilustrado-Verde-16-r7ezsutuskdooaub672pahmh46r8qgqjukx3f51dac.jpg 410w, https:\/\/blogsaverroes.juntadeandalucia.es\/ceipclaracampoamor\/files\/2025\/06\/Copia-de-Post-de-Instagram-Dia-Internacional-de-la-Paz-Ilustrado-Verde-16.jpg 1080w\" sizes=\"100vw\" \/><\/a>\n<h4 class=\"pt-cv-title\"><a href=\"https:\/\/blogsaverroes.juntadeandalucia.es\/ceipclaracampoamor\/teatro-en-nuestro-colegio-gracias-a-nuestro-proyecto-bilingue-10-01-2026\/\" class=\"_self\" target=\"_self\" >Teatro en nuestro colegio gracias a nuestro Proyecto Biling\u00fce.            10\/01\/2026<\/a><\/h4>\n<div class=\"pt-cv-content\"> ...<br \/><div class=\"pt-cv-rmwrap\"><a href=\"https:\/\/blogsaverroes.juntadeandalucia.es\/ceipclaracampoamor\/teatro-en-nuestro-colegio-gracias-a-nuestro-proyecto-bilingue-10-01-2026\/\" class=\"_self pt-cv-readmore btn btn-success\" target=\"_self\">Leer M\u00e1s<\/a><\/div><\/div><\/div><\/div>\n<div class=\"col-md-3 col-sm-6 col-xs-12 pt-cv-content-item pt-cv-1-col\" ><div class='pt-cv-ifield'><a href=\"https:\/\/blogsaverroes.juntadeandalucia.es\/ceipclaracampoamor\/movilidad-erasmus-dia-5-16-10-2025\/\" class=\"_self pt-cv-href-thumbnail pt-cv-thumb-default\" target=\"_self\" ><img loading=\"lazy\" decoding=\"async\" width=\"300\" height=\"300\" src=\"https:\/\/blogsaverroes.juntadeandalucia.es\/ceipclaracampoamor\/files\/2025\/10\/Copia-de-Post-de-Instagram-Dia-Internacional-de-la-Paz-Ilustrado-Verde-6-1-300x300.jpg\" class=\"pt-cv-thumbnail\" alt=\"\" srcset=\"https:\/\/blogsaverroes.juntadeandalucia.es\/ceipclaracampoamor\/files\/2025\/10\/Copia-de-Post-de-Instagram-Dia-Internacional-de-la-Paz-Ilustrado-Verde-6-1-300x300.jpg 300w, https:\/\/blogsaverroes.juntadeandalucia.es\/ceipclaracampoamor\/files\/2025\/10\/Copia-de-Post-de-Instagram-Dia-Internacional-de-la-Paz-Ilustrado-Verde-6-1-1024x1024.jpg 1024w, https:\/\/blogsaverroes.juntadeandalucia.es\/ceipclaracampoamor\/files\/2025\/10\/Copia-de-Post-de-Instagram-Dia-Internacional-de-la-Paz-Ilustrado-Verde-6-1-150x150.jpg 150w, https:\/\/blogsaverroes.juntadeandalucia.es\/ceipclaracampoamor\/files\/2025\/10\/Copia-de-Post-de-Instagram-Dia-Internacional-de-la-Paz-Ilustrado-Verde-6-1-768x768.jpg 768w, https:\/\/blogsaverroes.juntadeandalucia.es\/ceipclaracampoamor\/files\/2025\/10\/Copia-de-Post-de-Instagram-Dia-Internacional-de-la-Paz-Ilustrado-Verde-6-1-100x100.jpg 100w, https:\/\/blogsaverroes.juntadeandalucia.es\/ceipclaracampoamor\/files\/2025\/10\/Copia-de-Post-de-Instagram-Dia-Internacional-de-la-Paz-Ilustrado-Verde-6-1.jpg 1080w\" sizes=\"100vw\" \/><\/a>\n<h4 class=\"pt-cv-title\"><a href=\"https:\/\/blogsaverroes.juntadeandalucia.es\/ceipclaracampoamor\/movilidad-erasmus-dia-5-16-10-2025\/\" class=\"_self\" target=\"_self\" >Movilidad Erasmus+ Chipre: D\u00eda 5.     16\/10\/2025<\/a><\/h4>\n<div class=\"pt-cv-content\">\u00daltimo d\u00eda de la visita al colegio de Chipre y el alumnado de sexto les ha ense\u00f1ado algunas palabras en ...<br \/><div class=\"pt-cv-rmwrap\"><a href=\"https:\/\/blogsaverroes.juntadeandalucia.es\/ceipclaracampoamor\/movilidad-erasmus-dia-5-16-10-2025\/\" class=\"_self pt-cv-readmore btn btn-success\" target=\"_self\">Leer M\u00e1s<\/a><\/div><\/div><\/div><\/div>\n<div class=\"col-md-3 col-sm-6 col-xs-12 pt-cv-content-item pt-cv-1-col\" ><div class='pt-cv-ifield'><a href=\"https:\/\/blogsaverroes.juntadeandalucia.es\/ceipclaracampoamor\/movilidad-erasmus-chipre-dia-4-15-10-2025\/\" class=\"_self pt-cv-href-thumbnail pt-cv-thumb-default\" target=\"_self\" ><img loading=\"lazy\" decoding=\"async\" width=\"300\" height=\"300\" src=\"https:\/\/blogsaverroes.juntadeandalucia.es\/ceipclaracampoamor\/files\/2025\/10\/Copia-de-Post-de-Instagram-Dia-Internacional-de-la-Paz-Ilustrado-Verde-8-300x300.jpg\" class=\"pt-cv-thumbnail\" alt=\"\" srcset=\"https:\/\/blogsaverroes.juntadeandalucia.es\/ceipclaracampoamor\/files\/2025\/10\/Copia-de-Post-de-Instagram-Dia-Internacional-de-la-Paz-Ilustrado-Verde-8-300x300.jpg 300w, https:\/\/blogsaverroes.juntadeandalucia.es\/ceipclaracampoamor\/files\/2025\/10\/Copia-de-Post-de-Instagram-Dia-Internacional-de-la-Paz-Ilustrado-Verde-8-1024x1024.jpg 1024w, https:\/\/blogsaverroes.juntadeandalucia.es\/ceipclaracampoamor\/files\/2025\/10\/Copia-de-Post-de-Instagram-Dia-Internacional-de-la-Paz-Ilustrado-Verde-8-150x150.jpg 150w, https:\/\/blogsaverroes.juntadeandalucia.es\/ceipclaracampoamor\/files\/2025\/10\/Copia-de-Post-de-Instagram-Dia-Internacional-de-la-Paz-Ilustrado-Verde-8-768x768.jpg 768w, https:\/\/blogsaverroes.juntadeandalucia.es\/ceipclaracampoamor\/files\/2025\/10\/Copia-de-Post-de-Instagram-Dia-Internacional-de-la-Paz-Ilustrado-Verde-8-100x100.jpg 100w, https:\/\/blogsaverroes.juntadeandalucia.es\/ceipclaracampoamor\/files\/2025\/10\/Copia-de-Post-de-Instagram-Dia-Internacional-de-la-Paz-Ilustrado-Verde-8.jpg 1080w\" sizes=\"100vw\" \/><\/a>\n<h4 class=\"pt-cv-title\"><a href=\"https:\/\/blogsaverroes.juntadeandalucia.es\/ceipclaracampoamor\/movilidad-erasmus-chipre-dia-4-15-10-2025\/\" class=\"_self\" target=\"_self\" >Movilidad Erasmus+ Chipre: D\u00eda 4.                  15\/10\/2025<\/a><\/h4>\n<div class=\"pt-cv-content\">Hoy nuestras maestras han llevado a Clara Campoamor a las aulas de Chipre. Han le\u00eddo el cuento y han explicado ...<br \/><div class=\"pt-cv-rmwrap\"><a href=\"https:\/\/blogsaverroes.juntadeandalucia.es\/ceipclaracampoamor\/movilidad-erasmus-chipre-dia-4-15-10-2025\/\" class=\"_self pt-cv-readmore btn btn-success\" target=\"_self\">Leer M\u00e1s<\/a><\/div><\/div><\/div><\/div>\n<div class=\"col-md-3 col-sm-6 col-xs-12 pt-cv-content-item pt-cv-1-col\" ><div class='pt-cv-ifield'><a href=\"https:\/\/blogsaverroes.juntadeandalucia.es\/ceipclaracampoamor\/movilidad-erasmus-chipre-dia-3-14-10-2025\/\" class=\"_self pt-cv-href-thumbnail pt-cv-thumb-default\" target=\"_self\" ><img loading=\"lazy\" decoding=\"async\" width=\"300\" height=\"300\" src=\"https:\/\/blogsaverroes.juntadeandalucia.es\/ceipclaracampoamor\/files\/2025\/10\/Copia-de-Post-de-Instagram-Dia-Internacional-de-la-Paz-Ilustrado-Verde-6-300x300.jpg\" class=\"pt-cv-thumbnail\" alt=\"\" srcset=\"https:\/\/blogsaverroes.juntadeandalucia.es\/ceipclaracampoamor\/files\/2025\/10\/Copia-de-Post-de-Instagram-Dia-Internacional-de-la-Paz-Ilustrado-Verde-6-300x300.jpg 300w, https:\/\/blogsaverroes.juntadeandalucia.es\/ceipclaracampoamor\/files\/2025\/10\/Copia-de-Post-de-Instagram-Dia-Internacional-de-la-Paz-Ilustrado-Verde-6-1024x1024.jpg 1024w, https:\/\/blogsaverroes.juntadeandalucia.es\/ceipclaracampoamor\/files\/2025\/10\/Copia-de-Post-de-Instagram-Dia-Internacional-de-la-Paz-Ilustrado-Verde-6-150x150.jpg 150w, https:\/\/blogsaverroes.juntadeandalucia.es\/ceipclaracampoamor\/files\/2025\/10\/Copia-de-Post-de-Instagram-Dia-Internacional-de-la-Paz-Ilustrado-Verde-6-768x768.jpg 768w, https:\/\/blogsaverroes.juntadeandalucia.es\/ceipclaracampoamor\/files\/2025\/10\/Copia-de-Post-de-Instagram-Dia-Internacional-de-la-Paz-Ilustrado-Verde-6-100x100.jpg 100w, https:\/\/blogsaverroes.juntadeandalucia.es\/ceipclaracampoamor\/files\/2025\/10\/Copia-de-Post-de-Instagram-Dia-Internacional-de-la-Paz-Ilustrado-Verde-6.jpg 1080w\" sizes=\"100vw\" \/><\/a>\n<h4 class=\"pt-cv-title\"><a href=\"https:\/\/blogsaverroes.juntadeandalucia.es\/ceipclaracampoamor\/movilidad-erasmus-chipre-dia-3-14-10-2025\/\" class=\"_self\" target=\"_self\" >Movilidad Erasmus+ Chipre: D\u00eda 3.                         14\/10\/2025<\/a><\/h4>\n<div class=\"pt-cv-content\">En la primera sesi\u00f3n de hoy les han ense\u00f1ado c\u00f3mo trabajan la comprensi\u00f3n lectora utilizando las TIC. M\u00e1s tarde, M\u00aa ...<br \/><div class=\"pt-cv-rmwrap\"><a href=\"https:\/\/blogsaverroes.juntadeandalucia.es\/ceipclaracampoamor\/movilidad-erasmus-chipre-dia-3-14-10-2025\/\" class=\"_self pt-cv-readmore btn btn-success\" target=\"_self\">Leer M\u00e1s<\/a><\/div><\/div><\/div><\/div><\/div><\/div>\n<div class=\" pt-cv-pagination-wrapper\"><ul class=\"pt-cv-pagination pt-cv-ajax pagination\" data-totalpages=\"2\" data-currentpage=\"1\" data-sid=\"b33c86cjfo\" data-unid=\"\" data-isblock=\"\" data-postid=\"\"><li class=\"active\"><a href=\"#\">1<\/a><\/li>\n\t<li ><a class=\"\" href=\"https:\/\/blogsaverroes.juntadeandalucia.es\/ceipclaracampoamor\/wp-json\/wp\/v2\/pages\/3508\/?_page=2\">2<\/a><\/li>\n\t<li ><a class=\" \" href=\"https:\/\/blogsaverroes.juntadeandalucia.es\/ceipclaracampoamor\/wp-json\/wp\/v2\/pages\/3508\/?_page=2\">&rsaquo;<\/a><\/li>\n\t<\/ul><img loading=\"lazy\" decoding=\"async\" width=\"15\" height=\"15\" class=\"pt-cv-spinner\" alt=\"Cargando...\" src=\"data:image\/gif;base64,R0lGODlhDwAPALMPAMrKygwMDJOTkz09PZWVla+vr3p6euTk5M7OzuXl5TMzMwAAAJmZmWZmZszMzP\/\/\/yH\/C05FVFNDQVBFMi4wAwEAAAAh+QQFCgAPACwAAAAADwAPAAAEQvDJaZaZOIcV8iQK8VRX4iTYoAwZ4iCYoAjZ4RxejhVNoT+mRGP4cyF4Pp0N98sBGIBMEMOotl6YZ3S61Bmbkm4mAgAh+QQFCgAPACwAAAAADQANAAAENPDJSRSZeA418itN8QiK8BiLITVsFiyBBIoYqnoewAD4xPw9iY4XLGYSjkQR4UAUD45DLwIAIfkEBQoADwAsAAAAAA8ACQAABC\/wyVlamTi3nSdgwFNdhEJgTJoNyoB9ISYoQmdjiZPcj7EYCAeCF1gEDo4Dz2eIAAAh+QQFCgAPACwCAAAADQANAAAEM\/DJBxiYeLKdX3IJZT1FU0iIg2RNKx3OkZVnZ98ToRD4MyiDnkAh6BkNC0MvsAj0kMpHBAAh+QQFCgAPACwGAAAACQAPAAAEMDC59KpFDll73HkAA2wVY5KgiK5b0RRoI6MuzG6EQqCDMlSGheEhUAgqgUUAFRySIgAh+QQFCgAPACwCAAIADQANAAAEM\/DJKZNLND\/kkKaHc3xk+QAMYDKsiaqmZCxGVjSFFCxB1vwy2oOgIDxuucxAMTAJFAJNBAAh+QQFCgAPACwAAAYADwAJAAAEMNAs86q1yaWwwv2Ig0jUZx3OYa4XoRAfwADXoAwfo1+CIjyFRuEho60aSNYlOPxEAAAh+QQFCgAPACwAAAIADQANAAAENPA9s4y8+IUVcqaWJ4qEQozSoAzoIyhCK2NFU2SJk0hNnyEOhKR2AzAAj4Pj4GE4W0bkJQIAOw==\" \/><div class=\"clear pt-cv-clear-pagination\"><\/div><\/div><\/div><\/div>\n\t\t\t\t\t\t<\/div>\n\t\t\t\t<\/div>\n\t\t\t\t\t<\/div>\n\t\t<\/div>\n\t\t\t\t\t<\/div>\n\t\t<\/section>\n\t\t\t\t<\/div>\n\t\t","protected":false},"excerpt":{"rendered":"<p>ERASMUS+ Eva \u00c1lvarez D\u00edez En el CEIP Clara Campoamor somos conscientes de la evoluci\u00f3n constante que experimenta la sociedad y&nbsp;creemos conveniente formar parte de ese cambio,&nbsp;adapt\u00e1ndonos y apostando por la internacionalizaci\u00f3n de&nbsp;nuestro claustro y, por ende,&nbsp;de nuestro alumnado, lo que conlleva una mejora de la calidad educativa del&nbsp;centro, y&nbsp;generar\u00eda nuevas oportunidades para conseguir una innovaci\u00f3n &hellip; <\/p>\n<p class=\"link-more\"><a href=\"https:\/\/blogsaverroes.juntadeandalucia.es\/ceipclaracampoamor\/erasmus\/\" class=\"more-link\">Continuar leyendo<span class=\"screen-reader-text\"> &#8220;ERASMUS+&#8221;<\/span><\/a><\/p>\n","protected":false},"author":13243,"featured_media":0,"parent":0,"menu_order":0,"comment_status":"closed","ping_status":"closed","template":"elementor_header_footer","meta":{"_exactmetrics_skip_tracking":false,"_exactmetrics_sitenote_active":false,"_exactmetrics_sitenote_note":"","_exactmetrics_sitenote_category":0,"ngg_post_thumbnail":0,"footnotes":""},"aioseo_notices":[],"_links":{"self":[{"href":"https:\/\/blogsaverroes.juntadeandalucia.es\/ceipclaracampoamor\/wp-json\/wp\/v2\/pages\/3508"}],"collection":[{"href":"https:\/\/blogsaverroes.juntadeandalucia.es\/ceipclaracampoamor\/wp-json\/wp\/v2\/pages"}],"about":[{"href":"https:\/\/blogsaverroes.juntadeandalucia.es\/ceipclaracampoamor\/wp-json\/wp\/v2\/types\/page"}],"author":[{"embeddable":true,"href":"https:\/\/blogsaverroes.juntadeandalucia.es\/ceipclaracampoamor\/wp-json\/wp\/v2\/users\/13243"}],"replies":[{"embeddable":true,"href":"https:\/\/blogsaverroes.juntadeandalucia.es\/ceipclaracampoamor\/wp-json\/wp\/v2\/comments?post=3508"}],"version-history":[{"count":129,"href":"https:\/\/blogsaverroes.juntadeandalucia.es\/ceipclaracampoamor\/wp-json\/wp\/v2\/pages\/3508\/revisions"}],"predecessor-version":[{"id":6832,"href":"https:\/\/blogsaverroes.juntadeandalucia.es\/ceipclaracampoamor\/wp-json\/wp\/v2\/pages\/3508\/revisions\/6832"}],"wp:attachment":[{"href":"https:\/\/blogsaverroes.juntadeandalucia.es\/ceipclaracampoamor\/wp-json\/wp\/v2\/media?parent=3508"}],"curies":[{"name":"wp","href":"https:\/\/api.w.org\/{rel}","templated":true}]}}