{"id":6564,"date":"2025-05-30T00:25:07","date_gmt":"2025-05-29T22:25:07","guid":{"rendered":"https:\/\/blogsaverroes.juntadeandalucia.es\/ceipclaracampoamor\/?page_id=6564"},"modified":"2026-04-20T13:57:56","modified_gmt":"2026-04-20T11:57:56","slug":"proa","status":"publish","type":"page","link":"https:\/\/blogsaverroes.juntadeandalucia.es\/ceipclaracampoamor\/proa\/","title":{"rendered":"PROA Y PROA +"},"content":{"rendered":"\t\t<div data-elementor-type=\"wp-page\" data-elementor-id=\"6564\" class=\"elementor elementor-6564\">\n\t\t\t\t\t\t<section class=\"elementor-section elementor-top-section elementor-element elementor-element-7802239 elementor-section-boxed elementor-section-height-default elementor-section-height-default\" data-id=\"7802239\" data-element_type=\"section\">\n\t\t\t\t\t\t<div class=\"elementor-container elementor-column-gap-default\">\n\t\t\t\t\t<div class=\"elementor-column elementor-col-100 elementor-top-column elementor-element elementor-element-49c11e0\" data-id=\"49c11e0\" data-element_type=\"column\">\n\t\t\t<div class=\"elementor-widget-wrap elementor-element-populated\">\n\t\t\t\t\t\t<div class=\"elementor-element elementor-element-c248b11 elementor-widget elementor-widget-image\" data-id=\"c248b11\" data-element_type=\"widget\" data-widget_type=\"image.default\">\n\t\t\t\t<div class=\"elementor-widget-container\">\n\t\t\t\t\t\t\t\t\t\t\t\t\t\t\t<img fetchpriority=\"high\" decoding=\"async\" width=\"525\" height=\"525\" src=\"https:\/\/blogsaverroes.juntadeandalucia.es\/ceipclaracampoamor\/files\/2025\/10\/Copia-de-Post-de-Instagram-Dia-Internacional-de-la-Paz-Ilustrado-Verde-7-1024x1024.jpg\" class=\"attachment-large size-large wp-image-7171\" alt=\"\" srcset=\"https:\/\/blogsaverroes.juntadeandalucia.es\/ceipclaracampoamor\/files\/2025\/10\/Copia-de-Post-de-Instagram-Dia-Internacional-de-la-Paz-Ilustrado-Verde-7-1024x1024.jpg 1024w, https:\/\/blogsaverroes.juntadeandalucia.es\/ceipclaracampoamor\/files\/2025\/10\/Copia-de-Post-de-Instagram-Dia-Internacional-de-la-Paz-Ilustrado-Verde-7-300x300.jpg 300w, https:\/\/blogsaverroes.juntadeandalucia.es\/ceipclaracampoamor\/files\/2025\/10\/Copia-de-Post-de-Instagram-Dia-Internacional-de-la-Paz-Ilustrado-Verde-7-150x150.jpg 150w, https:\/\/blogsaverroes.juntadeandalucia.es\/ceipclaracampoamor\/files\/2025\/10\/Copia-de-Post-de-Instagram-Dia-Internacional-de-la-Paz-Ilustrado-Verde-7-768x768.jpg 768w, https:\/\/blogsaverroes.juntadeandalucia.es\/ceipclaracampoamor\/files\/2025\/10\/Copia-de-Post-de-Instagram-Dia-Internacional-de-la-Paz-Ilustrado-Verde-7-100x100.jpg 100w, https:\/\/blogsaverroes.juntadeandalucia.es\/ceipclaracampoamor\/files\/2025\/10\/elementor\/thumbs\/Copia-de-Post-de-Instagram-Dia-Internacional-de-la-Paz-Ilustrado-Verde-7-rd7l960izk07zrn36w3udy1wn5cr47pklpfm6tpsww.jpg 400w, https:\/\/blogsaverroes.juntadeandalucia.es\/ceipclaracampoamor\/files\/2025\/10\/elementor\/thumbs\/Copia-de-Post-de-Instagram-Dia-Internacional-de-la-Paz-Ilustrado-Verde-7-rd7l960gjufcrrbmd2di5sd6kgxhspa4u499w0rcuo.jpg 200w, https:\/\/blogsaverroes.juntadeandalucia.es\/ceipclaracampoamor\/files\/2025\/10\/Copia-de-Post-de-Instagram-Dia-Internacional-de-la-Paz-Ilustrado-Verde-7.jpg 1080w\" sizes=\"100vw\" \/>\t\t\t\t\t\t\t\t\t\t\t\t\t\t\t<\/div>\n\t\t\t\t<\/div>\n\t\t\t\t\t<\/div>\n\t\t<\/div>\n\t\t\t\t\t<\/div>\n\t\t<\/section>\n\t\t\t\t<section class=\"elementor-section elementor-top-section elementor-element elementor-element-f0efca5 elementor-section-full_width elementor-section-height-default elementor-section-height-default\" data-id=\"f0efca5\" data-element_type=\"section\" data-settings=\"{&quot;background_background&quot;:&quot;classic&quot;}\">\n\t\t\t\t\t\t<div class=\"elementor-container elementor-column-gap-default\">\n\t\t\t\t\t<div class=\"elementor-column elementor-col-100 elementor-top-column elementor-element elementor-element-c33be3d\" data-id=\"c33be3d\" data-element_type=\"column\">\n\t\t\t<div class=\"elementor-widget-wrap elementor-element-populated\">\n\t\t\t\t\t\t<div class=\"elementor-element elementor-element-750c99b elementor-widget elementor-widget-image\" data-id=\"750c99b\" data-element_type=\"widget\" data-widget_type=\"image.default\">\n\t\t\t\t<div class=\"elementor-widget-container\">\n\t\t\t\t\t\t\t\t\t\t\t\t<figure class=\"wp-caption\">\n\t\t\t\t\t\t\t\t\t\t<img decoding=\"async\" src=\"https:\/\/blogsaverroes.juntadeandalucia.es\/ceipclaracampoamor\/files\/elementor\/thumbs\/esther-pcfq81hnj6e523qwson2cslczr5w3td9ruqsxcw3io.jpg\" title=\"esther\" alt=\"esther\" loading=\"lazy\" \/>\t\t\t\t\t\t\t\t\t\t\t<figcaption class=\"widget-image-caption wp-caption-text\"><\/figcaption>\n\t\t\t\t\t\t\t\t\t\t<\/figure>\n\t\t\t\t\t\t\t\t\t<\/div>\n\t\t\t\t<\/div>\n\t\t\t\t<div class=\"elementor-element elementor-element-6372221 elementor-widget elementor-widget-text-editor\" data-id=\"6372221\" data-element_type=\"widget\" data-widget_type=\"text-editor.default\">\n\t\t\t\t<div class=\"elementor-widget-container\">\n\t\t\t\t\t\t\t\t\t<p data-start=\"103\" data-end=\"139\"><span style=\"font-size: 24pt;color: #000000;font-family: 'book antiqua', palatino, serif\" data-start=\"103\" data-end=\"139\"><b>Proyecto PROA y PROA+ en nuestro centro.<\/b><\/span><\/p>\n<p data-start=\"756\" data-end=\"1029\"><span style=\"color: #000000\">Nuestro centro participa activamente en los programas <strong data-start=\"810\" data-end=\"826\">PROA y PROA+<\/strong>, iniciativas impulsadas por el Ministerio de Educaci\u00f3n y Formaci\u00f3n Profesional junto con las comunidades aut\u00f3nomas, orientadas a <strong data-start=\"956\" data-end=\"1028\">favorecer la equidad educativa y mejorar los resultados del alumnado<\/strong>.<\/span><\/p>\n<p data-start=\"1031\" data-end=\"1237\"><span style=\"color: #000000\">El <strong data-start=\"1034\" data-end=\"1051\">programa PROA<\/strong> se centra en ofrecer <strong data-start=\"1073\" data-end=\"1109\">refuerzo educativo y orientaci\u00f3n<\/strong> al alumnado que presenta dificultades en su proceso de aprendizaje, a trav\u00e9s de actividades de apoyo fuera del horario lectivo.<\/span><\/p>\n<p data-start=\"1239\" data-end=\"1626\"><span style=\"color: #000000\">Por su parte, el <strong data-start=\"1256\" data-end=\"1274\">programa PROA+<\/strong>&nbsp;ampl\u00eda estos objetivos y recursos, promoviendo una intervenci\u00f3n m\u00e1s integral. Se desarrollan <strong data-start=\"1409\" data-end=\"1529\">medidas de acompa\u00f1amiento personal y emocional, refuerzo educativo, inclusi\u00f3n social y colaboraci\u00f3n con las familias<\/strong>, con el fin de ofrecer una <strong data-start=\"1557\" data-end=\"1625\">respuesta ajustada a las necesidades del alumnado m\u00e1s vulnerable<\/strong>.<\/span><\/p>\n<p data-start=\"1628\" data-end=\"1761\"><span style=\"color: #000000\">Ambos programas, coordinados por nuestra Directora Esther Rodr\u00edguez Mart\u00ednez, representan una apuesta firme por una <strong data-start=\"1682\" data-end=\"1760\">educaci\u00f3n de calidad, inclusiva y con igualdad de oportunidades para todos.&nbsp;<\/strong><\/span><\/p>\t\t\t\t\t\t\t\t<\/div>\n\t\t\t\t<\/div>\n\t\t\t\t\t<\/div>\n\t\t<\/div>\n\t\t\t\t\t<\/div>\n\t\t<\/section>\n\t\t\t\t<section class=\"elementor-section elementor-top-section elementor-element elementor-element-3332196 elementor-section-boxed elementor-section-height-default elementor-section-height-default\" data-id=\"3332196\" data-element_type=\"section\">\n\t\t\t\t\t\t<div class=\"elementor-container elementor-column-gap-default\">\n\t\t\t\t\t<div class=\"elementor-column elementor-col-33 elementor-top-column elementor-element elementor-element-02ee414\" data-id=\"02ee414\" data-element_type=\"column\">\n\t\t\t<div class=\"elementor-widget-wrap\">\n\t\t\t\t\t\t\t<\/div>\n\t\t<\/div>\n\t\t\t\t<div class=\"elementor-column elementor-col-33 elementor-top-column elementor-element elementor-element-4124925\" data-id=\"4124925\" data-element_type=\"column\">\n\t\t\t<div class=\"elementor-widget-wrap elementor-element-populated\">\n\t\t\t\t\t\t<div class=\"elementor-element elementor-element-86656c7 elementor-widget elementor-widget-image\" data-id=\"86656c7\" data-element_type=\"widget\" data-widget_type=\"image.default\">\n\t\t\t\t<div class=\"elementor-widget-container\">\n\t\t\t\t\t\t\t\t\t\t\t\t\t\t\t<img decoding=\"async\" width=\"525\" height=\"743\" src=\"https:\/\/blogsaverroes.juntadeandalucia.es\/ceipclaracampoamor\/files\/2026\/04\/Carteleria_FSE-2021-27.-Prioridad-3.-PT-PROA-RefEstival-OrientacionBilingueFP.jpg-724x1024.jpeg\" class=\"attachment-large size-large wp-image-7637\" alt=\"\" srcset=\"https:\/\/blogsaverroes.juntadeandalucia.es\/ceipclaracampoamor\/files\/2026\/04\/Carteleria_FSE-2021-27.-Prioridad-3.-PT-PROA-RefEstival-OrientacionBilingueFP.jpg-724x1024.jpeg 724w, https:\/\/blogsaverroes.juntadeandalucia.es\/ceipclaracampoamor\/files\/2026\/04\/Carteleria_FSE-2021-27.-Prioridad-3.-PT-PROA-RefEstival-OrientacionBilingueFP.jpg-212x300.jpeg 212w, https:\/\/blogsaverroes.juntadeandalucia.es\/ceipclaracampoamor\/files\/2026\/04\/Carteleria_FSE-2021-27.-Prioridad-3.-PT-PROA-RefEstival-OrientacionBilingueFP.jpg-768x1086.jpeg 768w, https:\/\/blogsaverroes.juntadeandalucia.es\/ceipclaracampoamor\/files\/2026\/04\/Carteleria_FSE-2021-27.-Prioridad-3.-PT-PROA-RefEstival-OrientacionBilingueFP.jpg-1086x1536.jpeg 1086w, https:\/\/blogsaverroes.juntadeandalucia.es\/ceipclaracampoamor\/files\/2026\/04\/Carteleria_FSE-2021-27.-Prioridad-3.-PT-PROA-RefEstival-OrientacionBilingueFP.jpg-1448x2048.jpeg 1448w, https:\/\/blogsaverroes.juntadeandalucia.es\/ceipclaracampoamor\/files\/2026\/04\/Carteleria_FSE-2021-27.-Prioridad-3.-PT-PROA-RefEstival-OrientacionBilingueFP.jpg.jpeg 1587w\" sizes=\"100vw\" \/>\t\t\t\t\t\t\t\t\t\t\t\t\t\t\t<\/div>\n\t\t\t\t<\/div>\n\t\t\t\t\t<\/div>\n\t\t<\/div>\n\t\t\t\t<div class=\"elementor-column elementor-col-33 elementor-top-column elementor-element elementor-element-40ed037\" data-id=\"40ed037\" data-element_type=\"column\">\n\t\t\t<div class=\"elementor-widget-wrap\">\n\t\t\t\t\t\t\t<\/div>\n\t\t<\/div>\n\t\t\t\t\t<\/div>\n\t\t<\/section>\n\t\t\t\t<\/div>\n\t\t","protected":false},"excerpt":{"rendered":"<p>Proyecto PROA y PROA+ en nuestro centro. Nuestro centro participa activamente en los programas PROA y PROA+, iniciativas impulsadas por el Ministerio de Educaci\u00f3n y Formaci\u00f3n Profesional junto con las comunidades aut\u00f3nomas, orientadas a favorecer la equidad educativa y mejorar los resultados del alumnado. El programa PROA se centra en ofrecer refuerzo educativo y orientaci\u00f3n &hellip; <\/p>\n<p class=\"link-more\"><a href=\"https:\/\/blogsaverroes.juntadeandalucia.es\/ceipclaracampoamor\/proa\/\" class=\"more-link\">Continuar leyendo<span class=\"screen-reader-text\"> &#8220;PROA Y PROA +&#8221;<\/span><\/a><\/p>\n","protected":false},"author":13243,"featured_media":0,"parent":0,"menu_order":0,"comment_status":"closed","ping_status":"closed","template":"","meta":{"_exactmetrics_skip_tracking":false,"_exactmetrics_sitenote_active":false,"_exactmetrics_sitenote_note":"","_exactmetrics_sitenote_category":0,"ngg_post_thumbnail":0,"footnotes":""},"aioseo_notices":[],"_links":{"self":[{"href":"https:\/\/blogsaverroes.juntadeandalucia.es\/ceipclaracampoamor\/wp-json\/wp\/v2\/pages\/6564"}],"collection":[{"href":"https:\/\/blogsaverroes.juntadeandalucia.es\/ceipclaracampoamor\/wp-json\/wp\/v2\/pages"}],"about":[{"href":"https:\/\/blogsaverroes.juntadeandalucia.es\/ceipclaracampoamor\/wp-json\/wp\/v2\/types\/page"}],"author":[{"embeddable":true,"href":"https:\/\/blogsaverroes.juntadeandalucia.es\/ceipclaracampoamor\/wp-json\/wp\/v2\/users\/13243"}],"replies":[{"embeddable":true,"href":"https:\/\/blogsaverroes.juntadeandalucia.es\/ceipclaracampoamor\/wp-json\/wp\/v2\/comments?post=6564"}],"version-history":[{"count":34,"href":"https:\/\/blogsaverroes.juntadeandalucia.es\/ceipclaracampoamor\/wp-json\/wp\/v2\/pages\/6564\/revisions"}],"predecessor-version":[{"id":7643,"href":"https:\/\/blogsaverroes.juntadeandalucia.es\/ceipclaracampoamor\/wp-json\/wp\/v2\/pages\/6564\/revisions\/7643"}],"wp:attachment":[{"href":"https:\/\/blogsaverroes.juntadeandalucia.es\/ceipclaracampoamor\/wp-json\/wp\/v2\/media?parent=6564"}],"curies":[{"name":"wp","href":"https:\/\/api.w.org\/{rel}","templated":true}]}}