{"id":1113,"date":"2015-03-12T11:00:55","date_gmt":"2015-03-12T11:00:55","guid":{"rendered":"http:\/\/blogsaverroes.juntadeandalucia.es\/pre\/ceip\/?page_id=2"},"modified":"2025-11-24T12:33:37","modified_gmt":"2025-11-24T12:33:37","slug":"pagina-ejemplo-2","status":"publish","type":"page","link":"https:\/\/blogsaverroes.juntadeandalucia.es\/ceipcoloniaaraceli\/","title":{"rendered":"INICIO"},"content":{"rendered":"<h3 class=\"post-title entry-title\">Un Halloween muy especial<\/h3>\n<div class=\"post-header\">\n<div class=\"post-header-line-1\"><span class=\"byline post-timestamp\"><a class=\"timestamp-link\" title=\"permanent link\" href=\"https:\/\/biblioaraceli.blogspot.com\/2025\/11\/un-halloween-muy-especial.html\" rel=\"bookmark\">noviembre 18, 2025<\/a><\/span><\/div>\n<\/div>\n<p>La festividad de Halloween o&nbsp;<b>All Hallows&#8217; Eve<\/b><sup>&nbsp;<\/sup>o&nbsp;<b>All Saints&#8217; Eve<\/b> \ud83d\udc7b, \ud83d\udc7b es una fiesta que se celebra el 31 de octubre, v\u00edspera de la conmemoraci\u00f3n cristiana occidental de Todos los Santos. Entre las actividades m\u00e1s populares de Halloween se encuentran el truco o trato,&nbsp; asistir a fiestas de disfraces, tallar calabazas, encender fogatas, hacer bromas, visitar atracciones encantadas, contar historias de miedo y ver pel\u00edculas de terror o con tem\u00e1tica de Halloween.<\/p>\n<p>En nuestro centro lo&nbsp; celebramos el pasado 29 de octubre de una manera muy especial. Buena parte del profesorado prepar\u00f3 un&nbsp;<b>Scape Room&nbsp;<\/b>con la tem\u00e1tica donde las diferentes clases de Primaria fueron resolviendo pruebas por equipos. La biblioteca del centro se engalan\u00f3 para tal ocasi\u00f3n y los ni\u00f1os y ni\u00f1as se lo pasaron en grande con \u00a1fantasmas, brujas y p\u00f3cimas secretas!.<\/p>\n<p>Aqu\u00ed os dejamos algunas pruebas sobre ello:<\/p>\n<div class=\"separator\"><a href=\"https:\/\/blogger.googleusercontent.com\/img\/a\/AVvXsEiWWXVQWyBXnmmAjlPeWnCBd4JFSeODsS9vIZ9g0bKlgCKlYNstdVCI4nJvyBMKYgQEvRbwFk7qPJVfWTF4SwqIrLGOarOMhbOT98TnZmJf9FGd4WoOWH3Vk8tlCDaXs-rYcFnMLkvW7o_3ypnYUby-qj1B6Ir53LlolUeFovE8V6BPDoAJYe-oSg9creu3\"><img loading=\"lazy\" decoding=\"async\" src=\"https:\/\/blogger.googleusercontent.com\/img\/a\/AVvXsEiWWXVQWyBXnmmAjlPeWnCBd4JFSeODsS9vIZ9g0bKlgCKlYNstdVCI4nJvyBMKYgQEvRbwFk7qPJVfWTF4SwqIrLGOarOMhbOT98TnZmJf9FGd4WoOWH3Vk8tlCDaXs-rYcFnMLkvW7o_3ypnYUby-qj1B6Ir53LlolUeFovE8V6BPDoAJYe-oSg9creu3=w427-h240\" alt=\"\" width=\"427\" height=\"240\" data-original-height=\"590\" data-original-width=\"744\"><\/a><\/div>\n<div class=\"separator\"><a href=\"https:\/\/blogger.googleusercontent.com\/img\/b\/R29vZ2xl\/AVvXsEiyfv4-t5emCbH8PHBev_vc7upSSL0dboxMU3HJMjFBkyRDDdUVwGcU6e4DWHNfIfPbV8HANMk2RWTZvlfZKxsDZHYMqDbXEwUWOIIlnW_2LUweNvPNn5CsOaNvu1Q47xpAS5URyFJ2lz7it-fUSrbRz-Sk-thdV0WwUCM5kRCXSUpLKVEtwUDGAHM5wR-l\/s4080\/IMG_20251029_092605357.jpg\"><img loading=\"lazy\" decoding=\"async\" src=\"https:\/\/blogger.googleusercontent.com\/img\/b\/R29vZ2xl\/AVvXsEiyfv4-t5emCbH8PHBev_vc7upSSL0dboxMU3HJMjFBkyRDDdUVwGcU6e4DWHNfIfPbV8HANMk2RWTZvlfZKxsDZHYMqDbXEwUWOIIlnW_2LUweNvPNn5CsOaNvu1Q47xpAS5URyFJ2lz7it-fUSrbRz-Sk-thdV0WwUCM5kRCXSUpLKVEtwUDGAHM5wR-l\/w444-h275\/IMG_20251029_092605357.jpg\" width=\"444\" height=\"275\" border=\"0\" data-original-height=\"3072\" data-original-width=\"4080\">&nbsp;<\/a><\/div>\n<div class=\"separator\">\n<div class=\"separator\">&nbsp;<\/div>\n<div class=\"separator\"><a href=\"https:\/\/blogger.googleusercontent.com\/img\/b\/R29vZ2xl\/AVvXsEh7ZhJ2c1H640isqUlT1zRLIroLe-VEoTnZT6cmMXlAkNt8l6PUo4ERAWc4zjInQqkmgo0EPdPcMCNFS-BHJthxLcdP3ogafc079pFPyt675FBCmQgTGfFlRZWiugLCe8VyDWPX8jFgrvcv9dfjUw67fqssgYM00GnTwBZY-Cyvuk1QyKYH3h71UrDpmVRx\/s4080\/IMG_20251029_092601118.jpg\"><img loading=\"lazy\" decoding=\"async\" src=\"https:\/\/blogger.googleusercontent.com\/img\/b\/R29vZ2xl\/AVvXsEh7ZhJ2c1H640isqUlT1zRLIroLe-VEoTnZT6cmMXlAkNt8l6PUo4ERAWc4zjInQqkmgo0EPdPcMCNFS-BHJthxLcdP3ogafc079pFPyt675FBCmQgTGfFlRZWiugLCe8VyDWPX8jFgrvcv9dfjUw67fqssgYM00GnTwBZY-Cyvuk1QyKYH3h71UrDpmVRx\/w436-h241\/IMG_20251029_092601118.jpg\" width=\"436\" height=\"241\" border=\"0\" data-original-height=\"3072\" data-original-width=\"4080\"><\/a><\/div>\n<div class=\"separator\">\n<div class=\"separator\"><a href=\"https:\/\/blogger.googleusercontent.com\/img\/b\/R29vZ2xl\/AVvXsEiHiUkHupyzuPOEMtvvaOCAgfo1SSjy1fpfxMeabn-GuHXz8RVInSUs0BZALK0AMW2KJFr73mB7vG15BeGDGN0eI_Fa6LEvGTBw0KHa2N7Mxtb48ghRf_jm7Z2sT3oKgv1yOk5VF_DjLsIyJ38ePmg1Kn0HNlzPKn-r09xv21IVGbBCHexC1MXvzNzcAJus\/s4080\/IMG_20251029_092618185.jpg\"><img loading=\"lazy\" decoding=\"async\" src=\"https:\/\/blogger.googleusercontent.com\/img\/b\/R29vZ2xl\/AVvXsEiHiUkHupyzuPOEMtvvaOCAgfo1SSjy1fpfxMeabn-GuHXz8RVInSUs0BZALK0AMW2KJFr73mB7vG15BeGDGN0eI_Fa6LEvGTBw0KHa2N7Mxtb48ghRf_jm7Z2sT3oKgv1yOk5VF_DjLsIyJ38ePmg1Kn0HNlzPKn-r09xv21IVGbBCHexC1MXvzNzcAJus\/w426-h241\/IMG_20251029_092618185.jpg\" width=\"426\" height=\"241\" border=\"0\" data-original-height=\"3072\" data-original-width=\"4080\"><\/a><\/div>\n<div class=\"separator\">&nbsp;<\/div>\n<\/div>\n<div class=\"separator\"><a href=\"https:\/\/blogger.googleusercontent.com\/img\/b\/R29vZ2xl\/AVvXsEgaqw72SuImCbCJGkDrmp6QPO4dzA5H6f8e-lc-mXdQlS7xdQRZt_Yg0yZsKDMXTIq_hD2YMGf6JI0KMu1Q5LimTUThoaE_vUd5eNohKjo3kEOzzyHV8zS9ZdZ1OWuYRfKVpdZqlk9TFkYZYUn2xMi0CI_zwaiVl3SePQAUAzfzytwEFpwSGZjjbmZNHfET\/s4032\/IMG_7737.HEIC\"><img loading=\"lazy\" decoding=\"async\" src=\"https:\/\/blogger.googleusercontent.com\/img\/b\/R29vZ2xl\/AVvXsEgaqw72SuImCbCJGkDrmp6QPO4dzA5H6f8e-lc-mXdQlS7xdQRZt_Yg0yZsKDMXTIq_hD2YMGf6JI0KMu1Q5LimTUThoaE_vUd5eNohKjo3kEOzzyHV8zS9ZdZ1OWuYRfKVpdZqlk9TFkYZYUn2xMi0CI_zwaiVl3SePQAUAzfzytwEFpwSGZjjbmZNHfET\/w424-h240\/IMG_7737.HEIC\" width=\"424\" height=\"240\" border=\"0\" data-original-height=\"3024\" data-original-width=\"4032\"><\/a><\/div>\n<div class=\"separator\">&nbsp;<\/div>\n<div class=\"separator\"><a href=\"https:\/\/blogger.googleusercontent.com\/img\/b\/R29vZ2xl\/AVvXsEiwJwmH3FuZfAl47KYkvbesbxYd753JLHMgMeVWjANsLMCPi9MIYtTVSj8HPs37wA49a5QIivm_pr0TGXv-hQbljLFTLAABqnMCOF2ehU99Iht84OnKv2YmWwTLbB4SQYnMk9XHNvMlQgaLX1ejxfwdz-F6N3hdx7WpiiTSEnc7OAerMc421j4HamUp2LQl\/s4032\/IMG_7745.HEIC\"><img loading=\"lazy\" decoding=\"async\" src=\"https:\/\/blogger.googleusercontent.com\/img\/b\/R29vZ2xl\/AVvXsEiwJwmH3FuZfAl47KYkvbesbxYd753JLHMgMeVWjANsLMCPi9MIYtTVSj8HPs37wA49a5QIivm_pr0TGXv-hQbljLFTLAABqnMCOF2ehU99Iht84OnKv2YmWwTLbB4SQYnMk9XHNvMlQgaLX1ejxfwdz-F6N3hdx7WpiiTSEnc7OAerMc421j4HamUp2LQl\/w425-h240\/IMG_7745.HEIC\" width=\"425\" height=\"240\" border=\"0\" data-original-height=\"3024\" data-original-width=\"4032\"><\/a><\/div>\n<div class=\"separator\">&nbsp;<\/div>\n<div class=\"separator\"><a href=\"https:\/\/blogger.googleusercontent.com\/img\/b\/R29vZ2xl\/AVvXsEg-VpXSCahHPTroboQ9eSRs8kgf0kmwm19qRP-Mq8Ao06E6JtfBi42RjZaRYaBVHdKPUdzwNqzrNNLlVd_4HL7cRwTJLu_l8DMCsHaX18e07xJ0SCBBrblEPnG3mZ6AK4Saag8nOac97rwJOIpcShHvOeKyrySwIE7LSq6_xuea7n1m4SLwko3ltxTj6rHd\/s4032\/IMG_7750.HEIC\"><img loading=\"lazy\" decoding=\"async\" src=\"https:\/\/blogger.googleusercontent.com\/img\/b\/R29vZ2xl\/AVvXsEg-VpXSCahHPTroboQ9eSRs8kgf0kmwm19qRP-Mq8Ao06E6JtfBi42RjZaRYaBVHdKPUdzwNqzrNNLlVd_4HL7cRwTJLu_l8DMCsHaX18e07xJ0SCBBrblEPnG3mZ6AK4Saag8nOac97rwJOIpcShHvOeKyrySwIE7LSq6_xuea7n1m4SLwko3ltxTj6rHd\/w420-h240\/IMG_7750.HEIC\" width=\"420\" height=\"240\" border=\"0\" data-original-height=\"3024\" data-original-width=\"4032\"><\/a><\/div>\n<div class=\"separator\">&nbsp;<\/div>\n<div class=\"separator\"><a href=\"https:\/\/blogger.googleusercontent.com\/img\/b\/R29vZ2xl\/AVvXsEibfeYRvsx3UmWFPTNIIKJQs4WJnMefNkoG4vwY1s7kfau2vRbjd6UCfnbr9gvKJ8NZeqnMfs8ameP6hj9gXzYozDwqUfh7tHiiA0e2Z9xfzR7X7QErp3LiNlXqaNQZ_jNJkcfrQScEsHbJ9qAXa955337qlIF3-xT7Vi2udJpaY9cHEIHFnueiT5XP_7qD\/s4032\/IMG_7755.HEIC\"><img loading=\"lazy\" decoding=\"async\" src=\"https:\/\/blogger.googleusercontent.com\/img\/b\/R29vZ2xl\/AVvXsEibfeYRvsx3UmWFPTNIIKJQs4WJnMefNkoG4vwY1s7kfau2vRbjd6UCfnbr9gvKJ8NZeqnMfs8ameP6hj9gXzYozDwqUfh7tHiiA0e2Z9xfzR7X7QErp3LiNlXqaNQZ_jNJkcfrQScEsHbJ9qAXa955337qlIF3-xT7Vi2udJpaY9cHEIHFnueiT5XP_7qD\/w414-h240\/IMG_7755.HEIC\" width=\"414\" height=\"240\" border=\"0\" data-original-height=\"3024\" data-original-width=\"4032\"><\/a><\/div>\n<div class=\"separator\">&nbsp;<\/div>\n<div class=\"separator\"><a href=\"https:\/\/blogger.googleusercontent.com\/img\/b\/R29vZ2xl\/AVvXsEhlZzeqy1T5Yv87pOmlBRb8u4_jJKg9CKGqxnNu0NhyphenhyphenqsJVdk_dbm450X9fYQTCq5eNK5xZjNGFM1qUodjg_Ow8GRDVo1mDRnmBrIpkf8TPn_Wmv-b2XQai6PFQdezuCKrY9a1WCPwAb8y6OjOpEn3F3UvkFPtjITf-EZqns8nbDCWSSP5dfSv-DyFBYXhR\/s3520\/IMG_7760.jpg\"><img loading=\"lazy\" decoding=\"async\" src=\"https:\/\/blogger.googleusercontent.com\/img\/b\/R29vZ2xl\/AVvXsEhlZzeqy1T5Yv87pOmlBRb8u4_jJKg9CKGqxnNu0NhyphenhyphenqsJVdk_dbm450X9fYQTCq5eNK5xZjNGFM1qUodjg_Ow8GRDVo1mDRnmBrIpkf8TPn_Wmv-b2XQai6PFQdezuCKrY9a1WCPwAb8y6OjOpEn3F3UvkFPtjITf-EZqns8nbDCWSSP5dfSv-DyFBYXhR\/w403-h203\/IMG_7760.jpg\" width=\"403\" height=\"203\" border=\"0\" data-original-height=\"1980\" data-original-width=\"3520\"><\/a><\/div>\n<div class=\"separator\">&nbsp;<\/div>\n<\/div>\n<p><a href=\"https:\/\/blogsaverroes.juntadeandalucia.es\/ceipcoloniaaraceli\/files\/2025\/11\/Captura-de-pantalla-2025-11-18-a-las-20.13.01.png\"><img loading=\"lazy\" decoding=\"async\" class=\"alignnone size-full wp-image-2601\" src=\"https:\/\/blogsaverroes.juntadeandalucia.es\/ceipcoloniaaraceli\/files\/2025\/11\/Captura-de-pantalla-2025-11-18-a-las-20.13.01.png\" alt=\"\" width=\"303\" height=\"240\" srcset=\"https:\/\/blogsaverroes.juntadeandalucia.es\/ceipcoloniaaraceli\/files\/2025\/11\/Captura-de-pantalla-2025-11-18-a-las-20.13.01.png 303w, https:\/\/blogsaverroes.juntadeandalucia.es\/ceipcoloniaaraceli\/files\/2025\/11\/Captura-de-pantalla-2025-11-18-a-las-20.13.01-300x238.png 300w\" sizes=\"(max-width: 303px) 85vw, 303px\" \/><\/a><a href=\"https:\/\/blogsaverroes.juntadeandalucia.es\/ceipcoloniaaraceli\/files\/2025\/11\/IMG_7737.jpg\"><img loading=\"lazy\" decoding=\"async\" class=\"alignnone size-large wp-image-2605\" src=\"https:\/\/blogsaverroes.juntadeandalucia.es\/ceipcoloniaaraceli\/files\/2025\/11\/IMG_7737.jpg\" alt=\"\" width=\"320\" height=\"240\" srcset=\"https:\/\/blogsaverroes.juntadeandalucia.es\/ceipcoloniaaraceli\/files\/2025\/11\/IMG_7737.jpg 320w, https:\/\/blogsaverroes.juntadeandalucia.es\/ceipcoloniaaraceli\/files\/2025\/11\/IMG_7737-300x225.jpg 300w\" sizes=\"(max-width: 320px) 85vw, 320px\" \/><\/a><\/p>\n<div class=\"separator\">\n<div>En Educaci\u00f3n Infantil se llev\u00f3 a cabo un cuentacuentos donde el alumnado de tercer ciclo disfrut\u00f3 contando cuentos creados por ellos a los m\u00e1s peque\u00f1itos.<\/div>\n<\/div>\n<div class=\"separator\">&nbsp;<\/div>\n<div class=\"separator\">Por si os hab\u00e9is quedado con ganas de m\u00e1s, os dejamos algunas recomendaciones de cuentos terror\u00edficos y super divertidos:&nbsp;<\/div>\n<p><a href=\"https:\/\/blogsaverroes.juntadeandalucia.es\/ceipcoloniaaraceli\/files\/2025\/11\/IMG_7760.jpg\">&nbsp;<\/a><\/p>\n<div class=\"separator\"><a href=\"https:\/\/youtu.be\/0joklTawdMA?si=zUDJ1Z-sOl3KTxHf\">\u00a1C\u00f3mo mola tu escoba!<\/a><\/div>\n<div class=\"separator\">&nbsp;<\/div>\n<div class=\"separator\"><a href=\"https:\/\/blogger.googleusercontent.com\/img\/a\/AVvXsEgWRHkIDFVfUA6h0Htd-lbUe3WNQ4XV6ljWn1o_RKN7CTXSK_cAOCNINiBuqTMJ_qHW3eiNSCfWxCNYmpWZ74vloAiMoF4AuXp-WVxcISyXCwvAnyZdNmoTTV3s-YbU_npGLBQ2TsV_F_u0GVXUigoX0mMVibLTJwOOIK7Fsgz9rfJjPB1f78avf9BG0FFW\"><img loading=\"lazy\" decoding=\"async\" src=\"https:\/\/blogger.googleusercontent.com\/img\/a\/AVvXsEgWRHkIDFVfUA6h0Htd-lbUe3WNQ4XV6ljWn1o_RKN7CTXSK_cAOCNINiBuqTMJ_qHW3eiNSCfWxCNYmpWZ74vloAiMoF4AuXp-WVxcISyXCwvAnyZdNmoTTV3s-YbU_npGLBQ2TsV_F_u0GVXUigoX0mMVibLTJwOOIK7Fsgz9rfJjPB1f78avf9BG0FFW\" alt=\"\" width=\"237\" height=\"240\" data-original-height=\"1000\" data-original-width=\"988\"><\/a><\/div>\n<div class=\"separator\">&nbsp;<\/div>\n<div class=\"separator\"><a href=\"https:\/\/youtu.be\/3vcvDwnDT0s?si=KJBpgy4l9deRkU_6\">La extra\u00f1a visita<\/a><\/div>\n<div class=\"separator\">&nbsp;<\/div>\n<div class=\"separator\">\n<div class=\"separator\"><a href=\"https:\/\/blogger.googleusercontent.com\/img\/a\/AVvXsEja_386XXNhLZrBgJux0X21wdyLwAcY9wk1UVDaPO9-rQHd9zgGzXNKZq1h4gHtrev2TB8U0iOgXBW14ATMM2UkaAGaSW2plrDPRBg7Am2gaBqtYDzYa5732N_Yxg1JAN7b1U2rflneDr7dkaT7COVaAWYYLq_Izrc1CjmSbJO0cWwhl_WK6iW8DVwjxbLp\"><img loading=\"lazy\" decoding=\"async\" src=\"https:\/\/blogger.googleusercontent.com\/img\/a\/AVvXsEja_386XXNhLZrBgJux0X21wdyLwAcY9wk1UVDaPO9-rQHd9zgGzXNKZq1h4gHtrev2TB8U0iOgXBW14ATMM2UkaAGaSW2plrDPRBg7Am2gaBqtYDzYa5732N_Yxg1JAN7b1U2rflneDr7dkaT7COVaAWYYLq_Izrc1CjmSbJO0cWwhl_WK6iW8DVwjxbLp\" alt=\"\" width=\"241\" height=\"240\" data-original-height=\"662\" data-original-width=\"666\"><\/a><\/div>\n<\/div>\n<div class=\"separator\"><a href=\"https:\/\/youtu.be\/zF9hclyg_Zs?si=496j1ygu8tWvnRYI\">Guapa<\/a><\/div>\n<div class=\"separator\">&nbsp;<\/div>\n<div class=\"separator\">\n<div class=\"separator\"><a href=\"https:\/\/blogger.googleusercontent.com\/img\/a\/AVvXsEh6H_eLH9GpmdAt_gAdIUPN_bFYFAPynE2n0k8eKOmQnH1fUdTt7IaY1p1RZDChlcUBk2N5HmXXvs3CE4em_2esiJ2SX72kUIFWPyb2xteSnAy4vsOXNpzmYCyQd7HMR3Wa6uojlDuHLZIJGuWgG6GPTDh_RuUO1tneWvjX-cpQwmPxI-gaZmMgCmEBS29N\"><img loading=\"lazy\" decoding=\"async\" src=\"https:\/\/blogger.googleusercontent.com\/img\/a\/AVvXsEh6H_eLH9GpmdAt_gAdIUPN_bFYFAPynE2n0k8eKOmQnH1fUdTt7IaY1p1RZDChlcUBk2N5HmXXvs3CE4em_2esiJ2SX72kUIFWPyb2xteSnAy4vsOXNpzmYCyQd7HMR3Wa6uojlDuHLZIJGuWgG6GPTDh_RuUO1tneWvjX-cpQwmPxI-gaZmMgCmEBS29N\" alt=\"\" width=\"267\" height=\"240\" data-original-height=\"668\" data-original-width=\"742\"><\/a><\/div>\n<\/div>\n<div class=\"separator\">&nbsp;<\/div>\n<div class=\"separator\"><a href=\"https:\/\/youtu.be\/ICUViFIinFo?si=K3VXBFy0zHEJyD-1\">Un regalo monstruoso<\/a><\/div>\n<div class=\"separator\">&nbsp;<\/div>\n<div class=\"separator\">\n<div class=\"separator\"><a href=\"https:\/\/blogger.googleusercontent.com\/img\/a\/AVvXsEjn69_5DYP-uyrFcnRLVekoWJwnVWdBw6BxS7bAc5nvGo1fu3Z1ugMbjMbp-069Twe2IMENUBMwazNPxwOlWiH37T_NWsVKKFGX8Vz1ZTDxy5Xe91lU8FBytnx1QZmN8_7Egr-9ueNUogL8nevTgkdGXhjMFRkAvtXKgHryiajrd4VbvIjDTJAzgkiRLyR9\"><img loading=\"lazy\" decoding=\"async\" src=\"https:\/\/blogger.googleusercontent.com\/img\/a\/AVvXsEjn69_5DYP-uyrFcnRLVekoWJwnVWdBw6BxS7bAc5nvGo1fu3Z1ugMbjMbp-069Twe2IMENUBMwazNPxwOlWiH37T_NWsVKKFGX8Vz1ZTDxy5Xe91lU8FBytnx1QZmN8_7Egr-9ueNUogL8nevTgkdGXhjMFRkAvtXKgHryiajrd4VbvIjDTJAzgkiRLyR9\" alt=\"\" width=\"185\" height=\"240\" data-original-height=\"744\" data-original-width=\"574\"><\/a><\/div>\n<\/div>\n<div>&nbsp;<\/div>\n<p><a href=\"https:\/\/blogsaverroes.juntadeandalucia.es\/ceipcoloniaaraceli\/files\/2025\/11\/IMG_7760.jpg\">Esperamos que los disfrut\u00e9is!<\/a><\/p>\n<div>&nbsp;<\/div>\n<div>Hasta la pr\u00f3xima! \ud83d\ude0a<\/div>\n<h3 align=\"CENTER\"><span style=\"color: #800000\">INICIO DE CURSO<\/span><\/h3>\n<p>Estimadas familias del CEIP Colonia Araceli:<\/p>\n<p>Deseando que todos\/as se encuentren bien, les informamos de algunos aspectos a tener en cuenta en este inicio de curso:<\/p>\n<ol>\n<li><strong><em>Primer d\u00eda de clase. MI\u00c9RCOLES 10 DE SEPTIEMBRE<\/em><\/strong><\/li>\n<\/ol>\n<p>El inicio de curso, Mi\u00e9rcoles d\u00eda 10 de septiembre ser\u00e1 del siguiente modo:<\/p>\n<ul>\n<li>Aula Matinal: 7:30 horas.<\/li>\n<li>Alumnado de Primaria: 11:00 horas<\/li>\n<li>Infantil 4, 5 a\u00f1os y TEA: 11:30 horas<\/li>\n<li>Infantil 3 a\u00f1os: 12:00 horas<\/li>\n<li>Comedor escolar: 14:00 horas<\/li>\n<\/ul>\n<p>La salida es a las 14:00 para todo el alumnado del centro<\/p>\n<ol start=\"2\">\n<li><strong><em>Calendario Escolar.<\/em><\/strong> La Consejer\u00eda de Educaci\u00f3n establece para el presente curso escolar el inicio de las actividades lectivas, el d\u00eda 10 de septiembre de 2025 y su finalizaci\u00f3n el 22 de junio de 2026.<\/li>\n<\/ol>\n<ul>\n<li>Las <em>vacaciones de Navidad<\/em> comprender\u00e1 desde el <em>22 de diciembre<\/em> hasta el 7<em>&nbsp;de enero<\/em>, ambos inclusive.<\/li>\n<li>El periodo vacacional de <em>Semana Santa<\/em> comprender\u00e1 desde el 30<em> de marzo al 5 de abril<\/em> de 2026, ambos inclusive.<\/li>\n<\/ul>\n<p>El calendario escolar se encuentra expuesto en el tabl\u00f3n de anuncios y en la web del Centro<\/p>\n<ol start=\"3\">\n<li>El&nbsp;<strong><em>horario de secretar\u00eda <\/em><\/strong>es de lunes a viernes de 9:10 h a 10:30 h. para pedir cita previa contactar al tel\u00e9fono 950 15 62 01<\/li>\n<\/ol>\n<p>Cualquier cambio de domicilio, n\u00famero de tel\u00e9fono, direcci\u00f3n de correo electr\u00f3nico, enfermedad, alergia u otro aspecto relacionado con su hijo\/a, deber\u00e1n comunicarlo a su tutora o tutor correspondiente y en la secretar\u00eda del centro.<\/p>\n<ol start=\"4\">\n<li>Las&nbsp;<strong><em>ausencias y retrasos <\/em><\/strong>del alumnado deber\u00e1n justificarse con el certificado correspondiente por escrito. Cuando un alumno\/a tenga que salir del Centro en per\u00edodo lectivo tendr\u00e1 que ser justificada con el impreso correspondiente, rellenado por su padre\/madre o tutores legales. (No se autorizar\u00e1 la salida mediante llamada telef\u00f3nica o escrito firmado que presente el alumno\/a)<\/li>\n<li>La&nbsp;<strong><em>hora de entrada es a las 09:00 h. <\/em><\/strong>y la de&nbsp;<strong><em>salida del centro es a las 14:00h<\/em><\/strong>. Se ruega&nbsp;<strong><em><u>puntualidad<\/u><\/em><\/strong>&nbsp;tanto a la entrada como a la salida. Eduquemos en&nbsp;<strong><em>puntualidad<\/em><\/strong>. Las puertas del Colegio estar\u00e1n abiertas cinco minutos antes de las 9:00 y se cerrar\u00e1n a las 09:10 h. El retraso ha de ser&nbsp;<strong><em>justificado inexcusablemente por escrito<\/em><\/strong>&nbsp;y \u00e9ste ser\u00e1 apuntado por los tutores\/as correspondientes en el programa de gesti\u00f3n S\u00c9NECA.<\/li>\n<li>Los <strong>servicios del Plan de Apertura<\/strong> de Centros son:<\/li>\n<\/ol>\n<ul>\n<li>Aula Matinal: comienzo d\u00eda 10 de 7:30 h \u2013 9:00 h.<\/li>\n<li>Comedor Escolar: comienzo d\u00eda 10 de 14:00 h \u2013 16:00 h.<\/li>\n<li>Actividades Extraescolares: comenzar\u00e1n en octubre, este a\u00f1o la empresa encargada de llevar a cabo el desarrollo de dichas actividades es JASOAL. &nbsp;Los usuarios de actividades extraescolares deber\u00e1n pasar por Secretar\u00eda para confirmar la inscripci\u00f3n.<\/li>\n<\/ul>\n<p>Quienes hayan solicitado estos servicios y no vayan a hacer uso de los mismos deben ponerse en contacto con la Secretar\u00eda del Centro. 950 15 62 01<\/p>\n<p>La baja o modificaci\u00f3n de la opci\u00f3n inicialmente elegida para estos servicios se comunicar\u00e1 a la Secretaria del Centro, antes del d\u00eda 25 de cada mes anterior al que pretenda ser efectiva la baja o modificaci\u00f3n.<\/p>\n<p>Para la utilizaci\u00f3n del servicio de comedor escolar es necesaria la asistencia a las horas lectivas del d\u00eda.<\/p>\n<p>Los usuarios de comedor que presenten alg\u00fan problema de alergia o intolerancia alimentaria deben presentar certificado m\u00e9dico actualizado a la Secretar\u00eda del Centro.<\/p>\n<p>En nombre de todo el claustro y en el m\u00edo propio les damos la bienvenida al nuevo curso escolar 25\/26.<\/p>\n<p>Agradeciendo como siempre su colaboraci\u00f3n, reciban un cordial saludo.<\/p>\n<p>El Director. Rafael Fern\u00e1ndez Lozano<\/p>\n<p>&nbsp;<\/p>\n<h3 align=\"CENTER\"><a href=\"https:\/\/blogsaverroes.juntadeandalucia.es\/ceipcoloniaaraceli\/files\/2025\/08\/CALENDARIO-ALMERIA-25-26_page-0001.jpg\"><img loading=\"lazy\" decoding=\"async\" class=\"alignnone size-large wp-image-2588\" src=\"https:\/\/blogsaverroes.juntadeandalucia.es\/ceipcoloniaaraceli\/files\/2025\/08\/CALENDARIO-ALMERIA-25-26_page-0001-724x1024.jpg\" alt=\"\" width=\"724\" height=\"1024\" srcset=\"https:\/\/blogsaverroes.juntadeandalucia.es\/ceipcoloniaaraceli\/files\/2025\/08\/CALENDARIO-ALMERIA-25-26_page-0001-724x1024.jpg 724w, https:\/\/blogsaverroes.juntadeandalucia.es\/ceipcoloniaaraceli\/files\/2025\/08\/CALENDARIO-ALMERIA-25-26_page-0001-212x300.jpg 212w, https:\/\/blogsaverroes.juntadeandalucia.es\/ceipcoloniaaraceli\/files\/2025\/08\/CALENDARIO-ALMERIA-25-26_page-0001-768x1086.jpg 768w, https:\/\/blogsaverroes.juntadeandalucia.es\/ceipcoloniaaraceli\/files\/2025\/08\/CALENDARIO-ALMERIA-25-26_page-0001-1086x1536.jpg 1086w, https:\/\/blogsaverroes.juntadeandalucia.es\/ceipcoloniaaraceli\/files\/2025\/08\/CALENDARIO-ALMERIA-25-26_page-0001-1448x2048.jpg 1448w, https:\/\/blogsaverroes.juntadeandalucia.es\/ceipcoloniaaraceli\/files\/2025\/08\/CALENDARIO-ALMERIA-25-26_page-0001-1200x1697.jpg 1200w, https:\/\/blogsaverroes.juntadeandalucia.es\/ceipcoloniaaraceli\/files\/2025\/08\/CALENDARIO-ALMERIA-25-26_page-0001.jpg 1131w\" sizes=\"(max-width: 724px) 85vw, 724px\" \/><\/a><\/h3>\n<h3 align=\"CENTER\">&nbsp;<\/h3>\n<h3 align=\"CENTER\"><span style=\"color: #0000ff\"><strong>Comunicado del equipo de enfermer\u00eda referente del distrito sanitario Almer\u00eda (SERVICIO ANDALUZ DE SALUD)<\/strong>, referente a la <strong>campa\u00f1a de vacunaci\u00f3n del alumnado.<\/strong><\/span><\/h3>\n<p><a href=\"https:\/\/blogsaverroes.juntadeandalucia.es\/ceipcoloniaaraceli\/files\/2021\/12\/Nota-informativa-Vacunacio\u0301n-nin\u0303os.pdf\">Nota informativa Vacunacio\u0301n nin\u0303os<\/a><\/p>\n<h3 align=\"CENTER\"><span style=\"color: #800000\"><u>TALLERES<strong> SOCIOEDUCATIVOS DESTINADOS A FAMILIA DEL ALUMNADO<\/strong><\/u><\/span><\/h3>\n<p align=\"CENTER\">&nbsp;<\/p>\n<p align=\"LEFT\">El CEIP COLONIA ARACELI organiza para las familias de nuestro Centro unos talleres, a trav\u00e9s de los \u201cServicios Sociales Comunitarios Rambla Bel\u00e9n-Amatisteros\u201d.<\/p>\n<p align=\"LEFT\">Este primer taller tratar\u00e1 sobre el USO ADECUADO DE NUEVAS TECNOLOG\u00cdAS Y REDES SOCIALES, se hablar\u00e1 sobre las ventajas y los peligros del uso de estos medios.<\/p>\n<p align=\"LEFT\">Esta actividad estar\u00e1 impartida por personal de Cruz Roja y tendr\u00e1 lugar el pr\u00f3ximo <em><strong>d\u00eda 15 de noviembre, (lunes ), a las 17 horas en el comedor del Colegio.<\/strong><\/em><\/p>\n<h1><a href=\"https:\/\/blogsaverroes.juntadeandalucia.es\/ceipcoloniaaraceli\/files\/2021\/11\/PHOTO-2021-11-12-16-03-16.jpg\"><img loading=\"lazy\" decoding=\"async\" class=\"alignnone size-medium wp-image-2537\" src=\"https:\/\/blogsaverroes.juntadeandalucia.es\/ceipcoloniaaraceli\/files\/2021\/11\/PHOTO-2021-11-12-16-03-16-220x300.jpg\" alt=\"\" width=\"220\" height=\"300\" srcset=\"https:\/\/blogsaverroes.juntadeandalucia.es\/ceipcoloniaaraceli\/files\/2021\/11\/PHOTO-2021-11-12-16-03-16-220x300.jpg 220w, https:\/\/blogsaverroes.juntadeandalucia.es\/ceipcoloniaaraceli\/files\/2021\/11\/PHOTO-2021-11-12-16-03-16-750x1024.jpg 750w, https:\/\/blogsaverroes.juntadeandalucia.es\/ceipcoloniaaraceli\/files\/2021\/11\/PHOTO-2021-11-12-16-03-16-768x1049.jpg 768w, https:\/\/blogsaverroes.juntadeandalucia.es\/ceipcoloniaaraceli\/files\/2021\/11\/PHOTO-2021-11-12-16-03-16-1125x1536.jpg 1125w, https:\/\/blogsaverroes.juntadeandalucia.es\/ceipcoloniaaraceli\/files\/2021\/11\/PHOTO-2021-11-12-16-03-16.jpg 1172w\" sizes=\"(max-width: 220px) 85vw, 220px\" \/><\/a><\/h1>\n<p>&nbsp;<\/p>\n<h1 style=\"text-align: center\"><span style=\"color: #000080\"><strong>ELECCIONES CONSEJO ESCOLAR<\/strong><\/span><\/h1>\n<p><span style=\"color: #0000ff\"><strong>CIRCULAR A LA COMUNIDAD EDUCATIVA INFORMANDO SOBRE EL PROCESO EXTRAORDINARIO DE ELECCIONES DE LOS REPRESENTANTES DE LOS DISTINTOS SECTORES DE LA COMUNIDAD EDUCATIVA EN EL CONSEJO ESCOLAR 2021<\/strong><\/span><\/p>\n<p>Estimados miembros de la Comunidad Educativa:<\/p>\n<p>Se han convocado elecciones extraordinarias de representantes al Consejo Escolar del Centro a trav\u00e9s de la <strong><em>RESOLUCI\u00d3N de 24 de septiembre de 2021<\/em><\/strong><em> de la Delegaci\u00f3n Territorial de Educaci\u00f3n y Deporte de Almer\u00eda por la que se acuerda la convocatoria de la celebraci\u00f3n de elecciones extraordinarias y se establece el calendario para el desarrollo del proceso electoral de representantes en los Consejos Escolares de los centros docentes sostenidos con fondos p\u00fablicos de la Comunidad Aut\u00f3noma de Andaluc\u00eda, a excepci\u00f3n de los centros espec\u00edficos de educaci\u00f3n permanente de personas adultas, y en el Consejo de Centro del Instituto Provincial de Educaci\u00f3n Permanente, durante el primer trimestre del curso 2021\/2022<\/em>.<\/p>\n<p>El Consejo Escolar es un \u00d3rgano Colegiado encargado de la toma de decisiones sobre aspectos fundamentales del funcionamiento y la gesti\u00f3n del Centro, compuesto por representantes de los distintos sectores de la Comunidad Educativa: Equipo Directivo, Profesorado, Madres\/Padres del alumnado, Personal de Administraci\u00f3n y Servicios y Personal de Atenci\u00f3n Educativa Complementaria, adem\u00e1s de un representante del Ayuntamiento.<\/p>\n<p>Seg\u00fan se especifica en la citada Resoluci\u00f3n, en cumplimiento del art\u00edculo 2.5 de la Orden de 7 de octubre de 2010, los representantes elegidos desempe\u00f1ar\u00e1n sus funciones durante un a\u00f1o, hasta el siguiente procedimiento ordinario de elecci\u00f3n de los miembros del Consejo Escolar.<\/p>\n<p>Las distintas actuaciones a desarrollar durante el proceso extraordinario de elecci\u00f3n de los nuevos representantes se detallan a continuaci\u00f3n con el fin de que la Comunidad Educativa est\u00e9 informada en todo momento y pueda participar con todas las garant\u00edas en dicho proceso.<\/p>\n<p>El Equipo Directivo os anima a participar en este proceso electivo para conformar el nuevo Consejo Escolar. Muchas gracias por vuestra colaboraci\u00f3n.<\/p>\n<p>Atentamente.<\/p>\n<p>EL DIRECTOR<\/p>\n<table width=\"100%\">\n<tbody>\n<tr>\n<td colspan=\"2\" width=\"100%\">\n<p style=\"text-align: center\"><strong>CALENDARIO ELECCIONES CONSEJO ESCOLAR 2021<\/strong><\/p>\n<\/td>\n<\/tr>\n<tr>\n<td width=\"41%\"><strong>FECHA<\/strong><\/td>\n<td width=\"58%\"><strong>ACTUACIONES<\/strong><\/td>\n<\/tr>\n<tr>\n<td style=\"text-align: center\" width=\"41%\"><strong>4 de octubre<\/strong><\/td>\n<td style=\"text-align: center\" width=\"58%\">Sorteo de miembros de la Junta Electoral<\/td>\n<\/tr>\n<tr>\n<td style=\"text-align: center\" width=\"41%\"><strong>6 de octubre<\/strong><\/td>\n<td style=\"text-align: center\" width=\"58%\">Constituci\u00f3n de la Junta Electoral y publicaci\u00f3n provisional de los censos electorales<\/td>\n<\/tr>\n<tr>\n<td style=\"text-align: center\" width=\"41%\"><strong>Del 6<\/strong><strong> al 8 de octubre<\/strong><\/td>\n<td style=\"text-align: center\" width=\"58%\">Reclamaciones a los censos<\/td>\n<\/tr>\n<tr>\n<td style=\"text-align: center\" width=\"41%\"><strong>13 de octubre<\/strong><\/td>\n<td style=\"text-align: center\" width=\"58%\">Publicaci\u00f3n definitiva de los censos<\/td>\n<\/tr>\n<tr>\n<td style=\"text-align: center\" width=\"41%\"><strong>Desde 15 de octubre<\/strong><\/p>\n<p><strong>hasta el 28 de<\/strong><strong> octubre<\/strong><\/p>\n<p><strong>(ambos inclusive).<\/strong><\/td>\n<td style=\"text-align: center\" width=\"58%\">Plazo de admisi\u00f3n de candidaturas<\/td>\n<\/tr>\n<tr>\n<td style=\"text-align: center\" width=\"41%\">\n<h2>29 de octubre<\/h2>\n<\/td>\n<td style=\"text-align: center\" width=\"58%\">\n<h2>Publicaci\u00f3n provisional del listado de candidaturas<\/h2>\n<\/td>\n<\/tr>\n<tr>\n<td style=\"text-align: center\" width=\"41%\"><strong>2 de noviembre<\/strong><\/td>\n<td style=\"text-align: center\" width=\"58%\">Reclamaciones a las candidaturas<\/td>\n<\/tr>\n<tr>\n<td style=\"text-align: center\" width=\"41%\"><strong>3 de noviembre<\/strong><\/td>\n<td style=\"text-align: center\" width=\"58%\">Publicaci\u00f3n definitiva del listado de candidaturas. Confecci\u00f3n de papeletas.<\/td>\n<\/tr>\n<tr>\n<td style=\"text-align: center\" width=\"41%\"><strong>Desde el 4 de noviembre<\/strong><\/p>\n<p><strong>hasta el 12 de noviembre<\/strong><\/td>\n<td style=\"text-align: center\" width=\"58%\">Campa\u00f1a electoral<\/td>\n<\/tr>\n<tr>\n<td style=\"text-align: center\" width=\"41%\"><strong>16 de noviembre<\/strong><\/td>\n<td style=\"text-align: center\" width=\"58%\">Elecciones del sector del sector del profesorado, del personal de administraci\u00f3n y servicios y, en su caso, del personal de atenci\u00f3n educativa complementaria.<\/td>\n<\/tr>\n<tr>\n<td style=\"text-align: center\" width=\"41%\"><strong>17 de noviembre<\/strong><\/td>\n<td style=\"text-align: center\" width=\"58%\">Elecciones del sector de madres, padres y personas que ejerzan la tutela legal del alumnado.<\/td>\n<\/tr>\n<tr>\n<td style=\"text-align: center\" width=\"41%\"><strong>Antes del 2 de diciembre<\/strong><\/td>\n<td style=\"text-align: center\" width=\"58%\">Proclamaci\u00f3n de representantes electos<\/td>\n<\/tr>\n<tr>\n<td style=\"text-align: center\" width=\"41%\"><strong>Antes del 17 de diciembre<\/strong><\/td>\n<td style=\"text-align: center\" width=\"58%\">Constituci\u00f3n del nuevo Consejo Escolar<\/td>\n<\/tr>\n<\/tbody>\n<\/table>\n<ul>\n<li><a href=\"https:\/\/drive.google.com\/file\/d\/1oHnmDYMP3ZdIQQIkbE-Vz9J7G92QQL-X\/view?usp=sharing\"><span style=\"color: #000000\">Informaci\u00f3n madres y madres sobre el proceso.<\/span><\/a><\/li>\n<li><span style=\"color: #000000\">Convocatoria sorteo p\u00fablico.<\/span><\/li>\n<li><span style=\"color: #000000\">Modelo para la presentaci\u00f3n de candidaturas. Enviarlo relleno a 04005235.ed@juntadeandalucia.es&nbsp;<\/span><\/li>\n<\/ul>\n<h2><span style=\"color: #000080\">INFORMACI\u00d3N INICIO DE CURSO 2021-22<\/span><\/h2>\n<p><strong><em>Estimados padres\/madres, tutores\/as legales del CEIP Colonia Araceli:<\/em><\/strong><\/p>\n<p>Como cada a\u00f1o, nos dirigimos a ustedes para darles la <strong><em>bienvenida<\/em><\/strong> al nuevo curso escolar 2021-2022. Todos sabemos la importancia que tiene la educaci\u00f3n para nuestros hijos\/as en esta sociedad tan cambiante, por ello les pedimos su <strong><em>colaboraci\u00f3n<\/em><\/strong> en la importante tarea de <strong><em>educar a sus hijos e hijas, nuestros alumnos\/as.<\/em><\/strong><\/p>\n<p>As\u00ed mismo, les recordamos algunas normas de funcionamiento de nuestro Centro:<\/p>\n<ol>\n<li><strong><em>Calendario Escolar.<\/em><\/strong> La Consejer\u00eda de Educaci\u00f3n establece para el presente curso escolar el inicio de las actividades lectivas, el d\u00eda 10 de septiembre de 2021 y su finalizaci\u00f3n el 22 de junio de 2022.<\/li>\n<\/ol>\n<p>Las <em>vacaciones de Navidad<\/em> comprender\u00e1 desde el <em>23 de diciembre<\/em> hasta el <em>7 de enero<\/em>, ambos inclusive.<\/p>\n<p>El periodo vacacional de <em>Semana Santa<\/em> comprender\u00e1 desde el <em>10 al 17 de abril<\/em> de 2022, ambos inclusive. El calendario escolar se encuentra expuesto en el tabl\u00f3n de anuncios del Centro.<\/p>\n<ol start=\"2\">\n<li><strong>Horario de inicio del d\u00eda 10 de septiembre<\/strong>, primer d\u00eda de clase:<\/li>\n<\/ol>\n<ul>\n<li>Aula Matinal: 7:30 horas.<\/li>\n<li>Alumnado de Primaria: 11:00 horas<\/li>\n<li>Infantil 4, 5 a\u00f1os y TEA: 11:30 horas<\/li>\n<li>Infantil 3 a\u00f1os: 12:00 horas<\/li>\n<li>Comedor escolar: 4:00 horas<\/li>\n<\/ul>\n<p>La salida es a las 14:00 para todo el alumnado del centro<\/p>\n<ol start=\"3\">\n<li>El <strong><em>horario de secretar\u00eda<\/em><\/strong> es de lunes a viernes de 9:10 h a 10:30 h. para pedir cita previa contactar al tel\u00e9fono 950 15 62 01<\/li>\n<\/ol>\n<p>Cualquier cambio de domicilio, n\u00famero de tel\u00e9fono, direcci\u00f3n de correo electr\u00f3nico, enfermedad, alergia u otro aspecto relacionado con su hijo\/a, deber\u00e1n comunicarlo a su tutora o tutor correspondiente y en la secretar\u00eda del centro.<\/p>\n<ol start=\"4\">\n<li>Las <strong><em>ausencias y retrasos<\/em><\/strong> del alumnado deber\u00e1n justificarse con el certificado correspondiente por escrito. Cuando un alumno\/a tenga que salir del Centro en per\u00edodo lectivo tendr\u00e1 que ser justificada con el impreso correspondiente, rellenado por su padre\/madre o tutores legales. (No se autorizar\u00e1 la salida mediante llamada telef\u00f3nica o escrito firmado que presente el alumno\/a)<\/li>\n<li>La <strong><em>hora de entrada es a las 09:00 h<\/em><\/strong> y la de <strong><em>salida del centro es a las 14:00h<\/em><\/strong>. Se ruega <strong><em><u>puntualidad<\/u><\/em><\/strong> tanto a la entrada como a la salida. Eduquemos en <strong><em>puntualidad<\/em><\/strong>. Las puertas del Colegio estar\u00e1n abiertas cinco minutos antes de las 9:00 y se cerrar\u00e1n a las 09:10 h. Una vez cerradas \u00e9stas, s\u00f3lo se permitir\u00e1 la entrada al Centro de aquellos\/as alumnos\/as que vengan <strong><em>acompa\u00f1ados de un familiar<\/em><\/strong>. El retraso ha de ser <strong><em>justificado inexcusablemente por escrito<\/em><\/strong> y \u00e9ste ser\u00e1 apuntado por los tutores\/as correspondientes en el programa de gesti\u00f3n S\u00c9NECA.<\/li>\n<li>Las <strong><em>reuniones Informativa de funcionamiento y protocolo COVID con padres\/madres <\/em><\/strong>se realizar\u00e1n los siguientes d\u00edas:<\/li>\n<\/ol>\n<ul>\n<li><strong><em>Infantil y aula TEA<\/em><\/strong><em>: jueves <\/em><strong>d\u00eda 9 a las 11:00 h.<\/strong> en el patio de infantil.<\/li>\n<li><strong><em>Primaria: <\/em><\/strong><em>jueves <\/em><strong>d\u00eda<\/strong> <strong>9 a las 12:00 h<\/strong>. en el patio de infantil.<\/li>\n<\/ul>\n<ol start=\"7\">\n<li>Los servicios del <strong><em>Plan de Apertura de Centros<\/em><\/strong> son:\n<ul>\n<li><strong><em>Aula Matinal:<\/em><\/strong> comienzo d\u00eda 10 de 7:30 h \u2013 9:00 h.<\/li>\n<li><strong><em>Comedor Escolar:<\/em><\/strong> comienzo d\u00eda 10 de 14:00 h \u2013 16:00 h.<\/li>\n<li><strong><em>Actividades Extraescolares:<\/em><\/strong> comenzar\u00e1n en octubre, este a\u00f1o la empresa encargada de llevar a cabo el desarrollo de dichas actividades es JASOAL. Los usuarios de actividades extraescolares deber\u00e1n pasar por Secretar\u00eda para confirmar la inscripci\u00f3n.<\/li>\n<\/ul>\n<\/li>\n<\/ol>\n<p>Quienes hayan solicitado estos servicios y no vayan a hacer uso de los mismos deben ponerse en contacto con la Secretar\u00eda del Centro. 950 15 62 01<\/p>\n<p>La baja o modificaci\u00f3n de la opci\u00f3n inicialmente elegida para estos servicios se comunicar\u00e1 a la Secretaria del Centro, antes del d\u00eda 25 de cada mes anterior al que pretenda ser efectiva la baja o modificaci\u00f3n.<\/p>\n<p>Para la utilizaci\u00f3n del servicio de comedor escolar es necesaria las asistencia a las horas lectivas del d\u00eda.<\/p>\n<p>Los usuarios de comedor que presenten alg\u00fan problema de alergia o intolerancia alimentaria deben presentar certificado m\u00e9dico actualizado a la Secretar\u00eda del Centro.<\/p>\n<p>&nbsp;<\/p>\n<table width=\"97%\">\n<tbody>\n<tr>\n<td width=\"100%\"><strong>INFORMACI\u00d3N<\/strong><\/td>\n<\/tr>\n<tr>\n<td width=\"100%\">\n<ul>\n<li><strong><em>Web del CEIP Colonia Araceli<\/em><\/strong>: <a href=\"https:\/\/blogsaverroes.juntadeandalucia.es\/ceipcoloniaaraceli\/\">https:\/\/blogsaverroes.juntadeandalucia.es\/ceipcoloniaaraceli\/<\/a><\/li>\n<\/ul>\n<ul>\n<li>Estamos tanto en <strong><em>Facebook<\/em><\/strong> como en <strong><em>Twiter<\/em><\/strong> @AraceliCeip donde iremos dando a conocer informaci\u00f3n como actividades realizadas.<\/li>\n<li><strong><em>App iS\u00e9neca<\/em><\/strong>. Es una aplicaci\u00f3n donde se da informaci\u00f3n educativa del alumnado por parte del Centro.<\/li>\n<\/ul>\n<\/td>\n<\/tr>\n<\/tbody>\n<\/table>\n<p>Agradeciendo de antemano su colaboraci\u00f3n, reciban un cordial saludo.<\/p>\n<p>&nbsp;<\/p>\n<p><em>El equipo directivo.<\/em><\/p>\n<h1><span style=\"color: #993300\"><b><span style=\"font-family: NewsGotT\"><span style=\"font-size: large\">PER\u00cdODO DE ESCOLARIZACI\u00d3N CURSO 20-21<\/span><\/span><\/b><\/span><\/h1>\n<div id=\"comp-klqvbfzq\" class=\"_2TxBB\" title=\"Escolarizaci\u00f3n curso 2021\/22\">\n<div class=\"_2yXCL\" data-testid=\"linkElement\"><img decoding=\"async\" src=\"https:\/\/static.wixstatic.com\/media\/47293b_a9ab633258794525be6e0efcd09c707f~mv2.jpg\/v1\/fill\/w_235,h_97,al_c,q_80,usm_0.66_1.00_0.01\/47293b_a9ab633258794525be6e0efcd09c707f~mv2.webp\" alt=\"Escolarizaci\u00f3n\"><\/div>\n<\/div>\n<div id=\"comp-klkp4ix3\" class=\"_1Z_nJ\" data-testid=\"richTextElement\">\n<p class=\"font_7\">El per\u00edodo de solicitudes de ADMISI\u00d3N<strong>&nbsp;es desde el 1 al 31 de marzo.<\/strong><\/p>\n<p class=\"font_7\">Se informa que puede tramitar la admisi\u00f3n de diferentes formas:<\/p>\n<ol class=\"font_7\">\n<li>\n<p class=\"font_7\">Teletramitaci\u00f3n a trav\u00e9s del <a href=\"https:\/\/www.juntadeandalucia.es\/educacion\/portals\/web\/escolarizacion\/infantil-a-bachillerato\" target=\"_blank\" rel=\"noopener noreferrer\">portal de escolarizaci\u00f3n de la Junta<\/a><\/p>\n<\/li>\n<li>\n<p class=\"font_7\">Descargando la solicitud&nbsp;<a href=\"https:\/\/drive.google.com\/file\/d\/101Vk8WD6cpEZZ4HmYmQG7VNjksI15IHW\/view?usp=sharing\" target=\"_blank\" rel=\"noopener noreferrer\">(Anexo III)<\/a>, rellenarla y enviarla al correo electr\u00f3nico&nbsp;<a href=\"mailto:04005235.edu@juntadeandalucia.es?subject=Escolarizaci%C3%B3n\" target=\"_blank\" rel=\"noopener noreferrer\">04005235.edu@juntadeandalucia.es<\/a>&nbsp;junto con la documentaci\u00f3n marcada en el apartado 3 del punto 9 de dicha solicitud.<\/p>\n<\/li>\n<li>\n<p class=\"font_7\">En secretar\u00eda del centro en horario de lunes a viernes de 09:00 a 10:00. Despu\u00e9s de la entrada del alumnado (Protocolo COVID)<\/p>\n<\/li>\n<\/ol>\n<\/div>\n<div id=\"comp-klkq6b6u\" class=\"_1Z_nJ\" data-testid=\"richTextElement\">\n<h2 class=\"font_2\">Enlaces a tener en cuenta<\/h2>\n<\/div>\n<div id=\"comp-klkolmdm\" class=\"_22oPj\"><a class=\"_1_kc0\" href=\"https:\/\/www.juntadeandalucia.es\/educacion\/portals\/web\/escolarizacion\/infantil-a-bachillerato\" target=\"_blank\" rel=\"noopener noreferrer\" data-testid=\"linkElement\"><span class=\"_3fUtn\">* Portal escolarizaci\u00f3n 2021\/22 de la Junta de Andaluc\u00eda<\/span><\/a><\/div>\n<div id=\"comp-klko4z66\" class=\"_22oPj\"><a class=\"_1_kc0\" href=\"https:\/\/drive.google.com\/file\/d\/1CtETas1fWGDhYce0KajXbiH_oR-IFegM\/view?usp=sharing\" target=\"_blank\" rel=\"noopener noreferrer\" data-testid=\"linkElement\"><span class=\"_3fUtn\">* Resoluci\u00f3n de 15\/02\/2021 de calendario de actuaciones<\/span><\/a><\/div>\n<div id=\"comp-klknm9gv\" class=\"_22oPj\"><a class=\"_1_kc0\" href=\"https:\/\/drive.google.com\/file\/d\/1aCu7vDD8iyZBFmxHYJrDwQKhohHcExhW\/view\" target=\"_blank\" rel=\"noopener noreferrer\" data-testid=\"linkElement\"><span class=\"_3fUtn\">* Autorizaci\u00f3n de la oferta educativa curso 2021\/22<\/span><\/a><\/div>\n<div id=\"comp-klkntu2g\" class=\"_22oPj\"><a class=\"_1_kc0\" href=\"https:\/\/www.juntadeandalucia.es\/educacion\/educasig\/escolarizacion\/\" target=\"_blank\" rel=\"noopener noreferrer\" data-testid=\"linkElement\"><span class=\"_3fUtn\">* \u00c1reas de influencia<\/span><\/a><\/div>\n<div id=\"comp-klknv6a8\" class=\"_22oPj\"><a class=\"_1_kc0\" href=\"https:\/\/drive.google.com\/file\/d\/101Vk8WD6cpEZZ4HmYmQG7VNjksI15IHW\/view?usp=sharing\" target=\"_blank\" rel=\"noopener noreferrer\" data-testid=\"linkElement\"><span class=\"_3fUtn\">* Anexo III.- Solicitud de admisi\u00f3n<\/span><\/a><\/div>\n<div id=\"comp-klkrbkqg\" class=\"_22oPj\"><a class=\"_1_kc0\" href=\"https:\/\/drive.google.com\/file\/d\/1K1RowrKIzVt-TGxRCWus65Ws3zYVLUyO\/view\" target=\"_blank\" rel=\"noopener noreferrer\" data-testid=\"linkElement\"><span class=\"_3fUtn\">* Paradas de transporte autorizadas curso 2021\/22<\/span><\/a><\/div>\n<div id=\"comp-klm7d5j9\" class=\"_22oPj\"><a class=\"_1_kc0\" href=\"https:\/\/drive.google.com\/file\/d\/1p4OnvoiW_7k_SGrNsqnteFDK3WZfpAvH\/view?usp=sharing\" target=\"_blank\" rel=\"noopener noreferrer\" data-testid=\"linkElement\"><span class=\"_3fUtn\">* Mapa \u00e1rea influencia y callejero<\/span><\/a><\/div>\n<div id=\"comp-klm8r537\" class=\"_22oPj\"><a class=\"_1_kc0\" href=\"https:\/\/drive.google.com\/file\/d\/1tGzpiOQLznKGGIkmG_U6j1L25TiYYDGd\/view?usp=sharing\" target=\"_blank\" rel=\"noopener noreferrer\" data-testid=\"linkElement\"><span class=\"_3fUtn\">* Procedimiento admisi\u00f3n<\/span><\/a><\/div>\n<div id=\"comp-kckhnwcn\" class=\"_1Z_nJ\" data-testid=\"richTextElement\">\n<h2 class=\"font_3\">Instrucciones de matriculaci\u00f3n<\/h2>\n<\/div>\n<div id=\"comp-kckhq4en\" class=\"_1Z_nJ\" data-testid=\"richTextElement\">\n<ul>\n<li class=\"font_5\">&nbsp;Se ruega que, a ser posible, todos los tr\u00e1mites se realicen telem\u00e1ticamente. Pinchando <a href=\"https:\/\/www.juntadeandalucia.es\/educacion\/secretariavirtual\/solicitudes\/\" target=\"_blank\" rel=\"noopener noreferrer\">aqu\u00ed&nbsp;<\/a>se le redirige a la p\u00e1gina de la Consejer\u00eda de Educaci\u00f3n para realizar los tr\u00e1mites.<\/li>\n<li class=\"font_5\">C\u00f3mo segunda opci\u00f3n tiene la posibilidad de descargar la documentaci\u00f3n indicada m\u00e1s abajo, rellenarla y enviarla al correo electr\u00f3nico .<\/li>\n<li class=\"font_5\">Como \u00faltima opci\u00f3n , y en caso de no poder hacerlo de ninguna de las formas indicadas anteriormente, puede descargar la documentaci\u00f3n, rellenarla y presentarla en secretar\u00eda<\/li>\n<\/ul>\n<h5 class=\"font_5\"><span class=\"wixGuard\">\u200b<\/span><\/h5>\n<table style=\"border-collapse: collapse;width: 100%\">\n<tbody>\n<tr>\n<td style=\"width: 100%;background-color: #0d136b\">\n<h2 class=\"font_2\"><span style=\"color: #ffffff\"><span class=\"backcolor_21\">PARA ALUMNOS QUE YA EST\u00c1N EN EL COLEGIO:<\/span>&nbsp; (Documentaci\u00f3n necesaria)<\/span><\/h2>\n<\/td>\n<\/tr>\n<tr>\n<td style=\"width: 100%\">\n<p class=\"font_2\">Matr\u00edcula de&nbsp;<a href=\"https:\/\/drive.google.com\/file\/d\/1Vlopgn_crlGENlw6AfQMTUDHRxzj-JSP\/view\" target=\"_blank\" rel=\"noopener noreferrer\">Educaci\u00f3n Infantil<\/a>,&nbsp;<a href=\"https:\/\/drive.google.com\/file\/d\/1mMd-ltjY40VCADl8t8_8FLirHrr4Krve\/view\" target=\"_blank\" rel=\"noopener noreferrer\">Educaci\u00f3n Primaria<\/a>&nbsp;o&nbsp;<a href=\"https:\/\/drive.google.com\/file\/d\/1UHgtErRFbovfd82k6Q4n7twcnZ9F1pMU\/view\" target=\"_blank\" rel=\"noopener noreferrer\">Educaci\u00f3n Especial<\/a>&nbsp;seg\u00fan corresponda.<\/p>\n<\/td>\n<\/tr>\n<tr>\n<td style=\"width: 100%\">\n<p class=\"font_2\">Autorizaci\u00f3n recogida del alumnado.<\/p>\n<\/td>\n<\/tr>\n<tr>\n<td style=\"width: 100%\">\n<p class=\"font_2\"><a href=\"https:\/\/drive.google.com\/file\/d\/1KLKx0pkvDpGGg4599dqlq4rDOACyI3jA\/view\" target=\"_blank\" rel=\"noopener noreferrer\">Autorizaci\u00f3n de religi\u00f3n o valores<\/a>&nbsp;si la modifica sobre la \u00faltima autorizaci\u00f3n que present\u00f3.<\/p>\n<\/td>\n<\/tr>\n<tr>\n<td style=\"width: 100%\">\n<p class=\"font_2\">Autorizaci\u00f3n de sentencias, custodias, orden de alejamiento, etc&#8230; (si las hubiese y no lo han presentado en el colegio).<\/p>\n<\/td>\n<\/tr>\n<\/tbody>\n<\/table>\n<h2>&nbsp;<\/h2>\n<\/div>\n<table style=\"border-collapse: collapse;width: 100%\">\n<tbody>\n<tr>\n<td style=\"width: 100%;background-color: #0a570c\">\n<h2 class=\"font_2\"><span style=\"color: #ffffff\"><span class=\"backcolor_21\">PARA ALUMNOS QUE SE INCORPORAN POR PRIMERA VEZ AL COLEGIO:<\/span>Si se matricula en el colegio fuera de los plazos establecidos para tal fin.<\/span><\/h2>\n<\/td>\n<\/tr>\n<tr>\n<td style=\"width: 100%\">\n<p class=\"font_2\"><a style=\"font-size: 16px\" href=\"https:\/\/drive.google.com\/file\/d\/1Xz73973Gwnr9bcJWE3rKrJtydxmPWH5w\/view\" target=\"_blank\" rel=\"noopener noreferrer\">Solicitud procedimiento extraordinario de admisi\u00f3n<\/a><span style=\"font-size: 16px\">.<\/span><\/p>\n<\/td>\n<\/tr>\n<tr>\n<td style=\"width: 100%\">\n<p class=\"font_2\">Ficha del alumno\/a<\/p>\n<\/td>\n<\/tr>\n<tr>\n<td style=\"width: 100%\">\n<p class=\"font_2\">Autorizaci\u00f3n recogida del ni\u00f1o\/a<\/p>\n<\/td>\n<\/tr>\n<tr>\n<td style=\"width: 100%\">\n<p class=\"font_2\"><a href=\"https:\/\/drive.google.com\/file\/d\/1KLKx0pkvDpGGg4599dqlq4rDOACyI3jA\/view\" target=\"_blank\" rel=\"noopener noreferrer\">Anexo religi\u00f3n\/valores<\/a><\/p>\n<\/td>\n<\/tr>\n<tr>\n<td style=\"width: 100%\">\n<p class=\"font_2\">Autorizaci\u00f3n de im\u00e1genes<\/p>\n<\/td>\n<\/tr>\n<tr>\n<td style=\"width: 100%\">\n<p class=\"font_2\">Autorizaci\u00f3n de sentencias, custodias, orden de alejamiento, etc&#8230; (si las hubiese).<\/p>\n<\/td>\n<\/tr>\n<tr>\n<td style=\"width: 100%\">\n<p class=\"font_2\">DNI de los padres y del ni\u00f1o\/a (si lo tiene)<\/p>\n<\/td>\n<\/tr>\n<tr>\n<td style=\"width: 100%\">\n<p class=\"font_2\">Fotocopia Libro familia donde aparezca el ni\u00f1o\/a<\/p>\n<\/td>\n<\/tr>\n<tr>\n<td style=\"width: 100%\">\n<p class=\"font_2\">Copia del&nbsp;Padr\u00f3n de Habitantes&nbsp; en la que aparezca el ni\u00f1o\/a.<\/p>\n<\/td>\n<\/tr>\n<\/tbody>\n<\/table>\n<div id=\"comp-kckhq4en\" class=\"_1Z_nJ\" data-testid=\"richTextElement\">\n<h2 class=\"font_2\">&nbsp;<\/h2>\n<\/div>\n<p>&nbsp;<\/p>\n<h1><strong>CONCURSO<\/strong><\/h1>\n<h1><a href=\"https:\/\/blogsaverroes.juntadeandalucia.es\/ceipcoloniaaraceli\/files\/2021\/02\/CEIP-Colonia-araceli.png\"><img loading=\"lazy\" decoding=\"async\" class=\"size-medium wp-image-2513 aligncenter\" src=\"https:\/\/blogsaverroes.juntadeandalucia.es\/ceipcoloniaaraceli\/files\/2021\/02\/CEIP-Colonia-araceli-300x224.png\" alt=\"\" width=\"300\" height=\"224\" srcset=\"https:\/\/blogsaverroes.juntadeandalucia.es\/ceipcoloniaaraceli\/files\/2021\/02\/CEIP-Colonia-araceli-300x224.png 300w, https:\/\/blogsaverroes.juntadeandalucia.es\/ceipcoloniaaraceli\/files\/2021\/02\/CEIP-Colonia-araceli-768x573.png 768w, https:\/\/blogsaverroes.juntadeandalucia.es\/ceipcoloniaaraceli\/files\/2021\/02\/CEIP-Colonia-araceli.png 1023w\" sizes=\"(max-width: 300px) 85vw, 300px\" \/><\/a><br \/>\n<a href=\"https:\/\/blogsaverroes.juntadeandalucia.es\/ceipcoloniaaraceli\/files\/2020\/12\/\u00a1Feliz-Navidad.jpg\"><img loading=\"lazy\" decoding=\"async\" class=\"size-medium wp-image-2504 aligncenter\" src=\"https:\/\/blogsaverroes.juntadeandalucia.es\/ceipcoloniaaraceli\/files\/2020\/12\/\u00a1Feliz-Navidad-300x213.jpg\" alt=\"\" width=\"300\" height=\"213\" srcset=\"https:\/\/blogsaverroes.juntadeandalucia.es\/ceipcoloniaaraceli\/files\/2020\/12\/\u00a1Feliz-Navidad-300x213.jpg 300w, https:\/\/blogsaverroes.juntadeandalucia.es\/ceipcoloniaaraceli\/files\/2020\/12\/\u00a1Feliz-Navidad-1024x727.jpg 1024w, https:\/\/blogsaverroes.juntadeandalucia.es\/ceipcoloniaaraceli\/files\/2020\/12\/\u00a1Feliz-Navidad-768x545.jpg 768w, https:\/\/blogsaverroes.juntadeandalucia.es\/ceipcoloniaaraceli\/files\/2020\/12\/\u00a1Feliz-Navidad-1536x1090.jpg 1536w, https:\/\/blogsaverroes.juntadeandalucia.es\/ceipcoloniaaraceli\/files\/2020\/12\/\u00a1Feliz-Navidad-24x17.jpg 24w, https:\/\/blogsaverroes.juntadeandalucia.es\/ceipcoloniaaraceli\/files\/2020\/12\/\u00a1Feliz-Navidad-36x26.jpg 36w, https:\/\/blogsaverroes.juntadeandalucia.es\/ceipcoloniaaraceli\/files\/2020\/12\/\u00a1Feliz-Navidad-48x34.jpg 48w, https:\/\/blogsaverroes.juntadeandalucia.es\/ceipcoloniaaraceli\/files\/2020\/12\/\u00a1Feliz-Navidad.jpg 1600w\" sizes=\"(max-width: 300px) 85vw, 300px\" \/><\/a><\/h1>\n<h2>&nbsp;<\/h2>\n<h2 style=\"text-align: center\"><span style=\"color: #800000\"><strong>ENTREGA DE CALIFICACIONES PRIMERA EVALUACI\u00d3N<\/strong><\/span><\/h2>\n<p>Estimadas familias del CEIP Colonia Araceli, con motivo del t\u00e9rmino del primer trimestre les informamos de los siguientes aspectos:<\/p>\n<p>La entrega de calificaciones se realizar\u00e1 y estar\u00e1 activa a partir del<strong><em> lunes 21 de diciembre a las 13:00 horas v\u00eda Pasen<\/em><\/strong>. Es importante tener la aplicaci\u00f3n actualizada.<\/p>\n<p>Podr\u00e1n conocer las calificaciones del alumnado a trav\u00e9s del <strong>PUNTO DE RECOGIDA EN I-PASEN.<\/strong><\/p>\n<p>Un saludo<\/p>\n<blockquote><p>&nbsp;<\/p>\n<p>El d\u00eda <strong>25 de noviembre<\/strong>&nbsp;se celebra el&nbsp;<strong>D\u00eda Internacional contra la Violencia de G\u00e9nero<\/strong>&nbsp;para&nbsp;<strong>denunciar y erradicar<\/strong>&nbsp;la&nbsp;<strong>violencia&nbsp;<\/strong>que sufren las&nbsp;<strong>mujeres<\/strong>&nbsp;en todo el mundo.&nbsp;<\/p>\n<p>Con motivo de este d\u00eda se han realizado las siguientes actividades:<\/p>\n<ul>\n<li>Confecci\u00f3n de pancarta alusiva a la celebraci\u00f3n del 25N<\/li>\n<li>Exposici\u00f3n fotogr\u00e1fica a cargo del grupo zona Eracis del ayuntamiento de Almer\u00eda en colaboraci\u00f3n con la Delegaci\u00f3n de educaci\u00f3n y Pacto de estado conta la violencia de g\u00e9nero.<\/li>\n<li>&nbsp;Manifiesto contra la violencia de g\u00e9nero a cargo del alumnado de sexto curso.<\/li>\n<li>Decoraci\u00f3n con mascarillas alusivas al d\u00eda 25N<\/li>\n<li>Video de sensibilizaci\u00f3n contra la violencia de g\u00e9nero a cargo del alumnado de sexto curso. Visionado del mismo por todo el alumnado del Centro.<\/li>\n<li><a href=\"https:\/\/blogsaverroes.juntadeandalucia.es\/ceipcoloniaaraceli\/files\/2020\/11\/IMG_1678-scaled.jpg\"><img loading=\"lazy\" decoding=\"async\" class=\"alignnone size-medium wp-image-2468\" src=\"https:\/\/blogsaverroes.juntadeandalucia.es\/ceipcoloniaaraceli\/files\/2020\/11\/IMG_1678-225x300.jpg\" alt=\"\" width=\"225\" height=\"300\" srcset=\"https:\/\/blogsaverroes.juntadeandalucia.es\/ceipcoloniaaraceli\/files\/2020\/11\/IMG_1678-225x300.jpg 225w, https:\/\/blogsaverroes.juntadeandalucia.es\/ceipcoloniaaraceli\/files\/2020\/11\/IMG_1678-768x1024.jpg 768w, https:\/\/blogsaverroes.juntadeandalucia.es\/ceipcoloniaaraceli\/files\/2020\/11\/IMG_1678-1152x1536.jpg 1152w, https:\/\/blogsaverroes.juntadeandalucia.es\/ceipcoloniaaraceli\/files\/2020\/11\/IMG_1678-1536x2048.jpg 1536w, https:\/\/blogsaverroes.juntadeandalucia.es\/ceipcoloniaaraceli\/files\/2020\/11\/IMG_1678-18x24.jpg 18w, https:\/\/blogsaverroes.juntadeandalucia.es\/ceipcoloniaaraceli\/files\/2020\/11\/IMG_1678-27x36.jpg 27w, https:\/\/blogsaverroes.juntadeandalucia.es\/ceipcoloniaaraceli\/files\/2020\/11\/IMG_1678-36x48.jpg 36w, https:\/\/blogsaverroes.juntadeandalucia.es\/ceipcoloniaaraceli\/files\/2020\/11\/IMG_1678-scaled.jpg 1200w\" sizes=\"(max-width: 225px) 85vw, 225px\" \/><\/a>&nbsp;<a href=\"https:\/\/blogsaverroes.juntadeandalucia.es\/ceipcoloniaaraceli\/files\/2020\/11\/IMG_1679-scaled.jpg\"><img loading=\"lazy\" decoding=\"async\" class=\"alignnone size-medium wp-image-2469\" src=\"https:\/\/blogsaverroes.juntadeandalucia.es\/ceipcoloniaaraceli\/files\/2020\/11\/IMG_1679-300x225.jpg\" alt=\"\" width=\"300\" height=\"225\" srcset=\"https:\/\/blogsaverroes.juntadeandalucia.es\/ceipcoloniaaraceli\/files\/2020\/11\/IMG_1679-300x225.jpg 300w, https:\/\/blogsaverroes.juntadeandalucia.es\/ceipcoloniaaraceli\/files\/2020\/11\/IMG_1679-1024x768.jpg 1024w, https:\/\/blogsaverroes.juntadeandalucia.es\/ceipcoloniaaraceli\/files\/2020\/11\/IMG_1679-768x576.jpg 768w, https:\/\/blogsaverroes.juntadeandalucia.es\/ceipcoloniaaraceli\/files\/2020\/11\/IMG_1679-1536x1152.jpg 1536w, https:\/\/blogsaverroes.juntadeandalucia.es\/ceipcoloniaaraceli\/files\/2020\/11\/IMG_1679-2048x1536.jpg 2048w, https:\/\/blogsaverroes.juntadeandalucia.es\/ceipcoloniaaraceli\/files\/2020\/11\/IMG_1679-24x18.jpg 24w, https:\/\/blogsaverroes.juntadeandalucia.es\/ceipcoloniaaraceli\/files\/2020\/11\/IMG_1679-36x27.jpg 36w, https:\/\/blogsaverroes.juntadeandalucia.es\/ceipcoloniaaraceli\/files\/2020\/11\/IMG_1679-48x36.jpg 48w, https:\/\/blogsaverroes.juntadeandalucia.es\/ceipcoloniaaraceli\/files\/2020\/11\/IMG_1679-scaled.jpg 1600w\" sizes=\"(max-width: 300px) 85vw, 300px\" \/><\/a>&nbsp;<a href=\"https:\/\/blogsaverroes.juntadeandalucia.es\/ceipcoloniaaraceli\/files\/2020\/11\/PHOTO-2020-11-25-12-12-56.jpg\"><img loading=\"lazy\" decoding=\"async\" class=\"alignnone size-medium wp-image-2470\" src=\"https:\/\/blogsaverroes.juntadeandalucia.es\/ceipcoloniaaraceli\/files\/2020\/11\/PHOTO-2020-11-25-12-12-56-300x225.jpg\" alt=\"\" width=\"300\" height=\"225\" srcset=\"https:\/\/blogsaverroes.juntadeandalucia.es\/ceipcoloniaaraceli\/files\/2020\/11\/PHOTO-2020-11-25-12-12-56-300x225.jpg 300w, https:\/\/blogsaverroes.juntadeandalucia.es\/ceipcoloniaaraceli\/files\/2020\/11\/PHOTO-2020-11-25-12-12-56-1024x768.jpg 1024w, https:\/\/blogsaverroes.juntadeandalucia.es\/ceipcoloniaaraceli\/files\/2020\/11\/PHOTO-2020-11-25-12-12-56-768x576.jpg 768w, https:\/\/blogsaverroes.juntadeandalucia.es\/ceipcoloniaaraceli\/files\/2020\/11\/PHOTO-2020-11-25-12-12-56-1536x1152.jpg 1536w, https:\/\/blogsaverroes.juntadeandalucia.es\/ceipcoloniaaraceli\/files\/2020\/11\/PHOTO-2020-11-25-12-12-56-24x18.jpg 24w, https:\/\/blogsaverroes.juntadeandalucia.es\/ceipcoloniaaraceli\/files\/2020\/11\/PHOTO-2020-11-25-12-12-56-36x27.jpg 36w, https:\/\/blogsaverroes.juntadeandalucia.es\/ceipcoloniaaraceli\/files\/2020\/11\/PHOTO-2020-11-25-12-12-56-48x36.jpg 48w, https:\/\/blogsaverroes.juntadeandalucia.es\/ceipcoloniaaraceli\/files\/2020\/11\/PHOTO-2020-11-25-12-12-56.jpg 1600w\" sizes=\"(max-width: 300px) 85vw, 300px\" \/><\/a><\/li>\n<\/ul>\n<h1 align=\"CENTER\"><span style=\"color: #800000\"><strong>ELECCIONES A CONSEJO ESCOLAR<\/strong><\/span><\/h1>\n<\/blockquote>\n<h2><span style=\"color: #000080\"><strong>Quedan aplazadas hasta el&nbsp; fin de la situaci\u00f3n de la emergencia sanitaria en la que nos encontramos<\/strong><\/span>&nbsp;seg\u00fan la RESOLUCIO\u0301N DE 2 DE OCTUBRE DE 2020 DE LA DELEGACIO\u0301N TERRITORIAL DE EDUCACIO\u0301N, DEPORTE, IGUALDAD, POLI\u0301TICAS SOCIALES Y CONCILIACIO\u0301N EN ALMERI\u0301A, POR LA QUE SE ACUERDA AUTORIZAR EL CAMBIO DE FECHA EN EL PROCEDIMIENTO DE ELECCIO\u0301N DE LAS PERSONAS REPRESENTANTES EN LOS CONSEJOS ESCOLARES PARA EL CURSO 2020\/2021.<\/h2>\n<p>&nbsp;<\/p>\n<p align=\"CENTER\"><b style=\"color: #993300;font-family: NewsGotT;font-size: large\">REUNIONES GENERALES DE PADRES\/MADRES<\/b><\/p>\n<p><span style=\"font-family: NewsGotT\"><span style=\"font-size: large\">Las reuniones se realizar\u00e1n por <i><u><b>videoconferencia v\u00eda MEET el pr\u00f3ximo lunes d\u00eda 21 de septiembre<\/b><\/u><\/i> en los siguientes <i><u><b>enlaces y horas:<\/b><\/u><\/i><\/span><\/span><\/p>\n<table border=\"1\" width=\"100%\" cellspacing=\"0\" cellpadding=\"4\">\n<colgroup>\n<col width=\"76*\">\n<col width=\"60*\">\n<col width=\"120*\"> <\/colgroup>\n<tbody>\n<tr valign=\"TOP\">\n<td bgcolor=\"#ccff99\" width=\"30%\">\n<p align=\"CENTER\"><span style=\"font-family: NewsGotT\"><span style=\"font-size: large\"><b>NIVEL O GRUPO<\/b><\/span><\/span><\/p>\n<\/td>\n<td bgcolor=\"#ccff99\" width=\"24%\">\n<p align=\"CENTER\"><span style=\"font-family: NewsGotT\"><span style=\"font-size: large\"><b>HORA<\/b><\/span><\/span><\/p>\n<\/td>\n<td bgcolor=\"#ccff99\" width=\"47%\">\n<p align=\"CENTER\"><span style=\"font-family: NewsGotT\"><span style=\"font-size: large\"><b>ENLACE<\/b><\/span><\/span><\/p>\n<\/td>\n<\/tr>\n<tr>\n<td width=\"30%\">\n<p align=\"CENTER\"><span style=\"font-family: NewsGotT\"><span style=\"font-size: large\">Infantil 4 y 5 a\u00f1os<\/span><\/span><\/p>\n<\/td>\n<td width=\"24%\">\n<p align=\"CENTER\"><span style=\"font-family: NewsGotT\"><span style=\"font-size: large\">16:00 hasta 16:45<\/span><\/span><\/p>\n<\/td>\n<td width=\"47%\"><span style=\"font-family: NewsGotT\"><span style=\"font-size: large\"><a href=\"https:\/\/meet.google.com\/jyr-muwi-vnb\">https:\/\/meet.google.com\/jyr-muwi-vnb<\/a><\/span><\/span><\/td>\n<\/tr>\n<tr>\n<td width=\"30%\">\n<p align=\"CENTER\"><span style=\"font-family: NewsGotT\"><span style=\"font-size: large\">Primer Ciclo 1\u00ba y 2\u00ba<\/span><\/span><\/p>\n<\/td>\n<td width=\"24%\">\n<p align=\"CENTER\"><span style=\"font-family: NewsGotT\"><span style=\"font-size: large\">16:45 hasta 17:30<\/span><\/span><\/p>\n<\/td>\n<td width=\"47%\"><span style=\"font-family: NewsGotT\"><span style=\"font-size: large\"><a href=\"https:\/\/meet.google.com\/agn-fsoe-oqw\">https:\/\/meet.google.com\/agn-fsoe-oqw<\/a><\/span><\/span><\/td>\n<\/tr>\n<tr>\n<td width=\"30%\">\n<p align=\"CENTER\"><span style=\"font-family: NewsGotT\"><span style=\"font-size: large\">Segundo Ciclo 3\u00ba y 4\u00ba<\/span><\/span><\/p>\n<\/td>\n<td width=\"24%\">\n<p align=\"CENTER\"><span style=\"font-family: NewsGotT\"><span style=\"font-size: large\">17:30 hasta 18:15<\/span><\/span><\/p>\n<\/td>\n<td width=\"47%\"><span style=\"font-family: NewsGotT\"><span style=\"font-size: large\"><a href=\"https:\/\/meet.google.com\/rhm-zocj-wqp\">https:\/\/meet.google.com\/rhm-zocj-wqp<\/a><\/span><\/span><\/td>\n<\/tr>\n<tr>\n<td width=\"30%\">\n<p align=\"CENTER\"><span style=\"font-family: NewsGotT\"><span style=\"font-size: large\">Tercer Ciclo 5\u00ba y 6\u00ba <\/span><\/span><\/p>\n<\/td>\n<td width=\"24%\">\n<p align=\"CENTER\"><span style=\"font-family: NewsGotT\"><span style=\"font-size: large\">18:15 hasta 19:00<\/span><\/span><\/p>\n<\/td>\n<td width=\"47%\"><span style=\"font-family: NewsGotT\"><span style=\"font-size: large\"><a href=\"https:\/\/meet.google.com\/dkb-wejv-gwb\">https:\/\/meet.google.com\/dkb-wejv-gwb<\/a><\/span><\/span><\/td>\n<\/tr>\n<\/tbody>\n<\/table>\n<p>&nbsp;<\/p>\n<ul>\n<li><span style=\"font-family: NewsGotT\"><span style=\"font-size: large\">Para conectarse desde un ordenador s\u00f3lo hay que pinchar en el enlace de cada ciclo a la hora indicada.<\/span><\/span><\/li>\n<li><span style=\"font-family: NewsGotT\"><span style=\"font-size: large\">Para conectarse en una tableta o m\u00f3vil hay que bajarse la aplicaci\u00f3n gratuita MEET.<\/span><\/span><\/li>\n<li><span style=\"font-family: NewsGotT\"><span style=\"font-size: large\">Despu\u00e9s hay que ingresar <i><u><b>usuario y contrase\u00f1a<\/b><\/u><\/i> que es la que tiene todo el alumnado proporcionada por parte del Colegio. <\/span><\/span><\/li>\n<li><span style=\"font-family: NewsGotT\"><span style=\"font-size: large\">Los <i>usuarios y contrase\u00f1as <\/i>se han facilitado al alumnado asistente. Tambi\u00e9n se ha mandado por correo individualmente a las familias v\u00eda s\u00e9neca.<\/span><\/span><\/li>\n<li><span style=\"font-family: NewsGotT\"><span style=\"font-size: large\">En caso de <\/span><\/span><span style=\"font-family: NewsGotT\"><span style=\"font-size: large\"><i><u>no tener usuario y contrase\u00f1a<\/u><\/i><\/span><\/span><span style=\"font-family: NewsGotT\"><span style=\"font-size: large\"> pueden pedirla a trav\u00e9s de mail indicando el nombre completo del alumno\/a y curso: <\/span><\/span>\n<ul>\n<li style=\"list-style-type: none\">\n<ul>\n<li><span style=\"font-family: NewsGotT\"><span style=\"font-size: large\">Tutora de Infantil 4 a\u00f1os: <a href=\"mailto:amms@ceipca.com\">amms@ceipca.com<\/a> Adela Mart\u00ednez Sede\u00f1o<\/span><\/span><\/li>\n<li><span style=\"font-family: NewsGotT\"><span style=\"font-size: large\">Tutora de Infantil 5 a\u00f1os: <a href=\"mailto:rfm@ceipca.com\">rfm@ceipca.com<\/a> Rosa Ferre Montoya<\/span><\/span><\/li>\n<li><span style=\"font-family: NewsGotT\"><span style=\"font-size: large\">Tutora de 1\u00ba de Primaria: <a href=\"mailto:jbh@ceipca.com\">jbh@ceipca.com<\/a> Josefa Belmonte Hermosilla<\/span><\/span><\/li>\n<li><span style=\"font-family: NewsGotT\"><span style=\"font-size: large\">Tutora de 2\u00ba de Primaria: <a href=\"mailto:memc@ceipca.com\">memc@ceipca.com<\/a> M\u00aa Eugenia M\u00e1rquez de la Cruz<\/span><\/span><\/li>\n<li><span style=\"font-family: NewsGotT\"><span style=\"font-size: large\">Tutora de 3\u00ba de Primaria: <a href=\"mailto:ammr@ceipca.com\">ammr@ceipca.com<\/a> Ana M\u00aa Molina Ramos<\/span><\/span><\/li>\n<li><span style=\"font-family: NewsGotT\"><span style=\"font-size: large\">Tutor de 4\u00ba de Primaria: <a href=\"mailto:jjcm@ceipca.com\">jjcm@ceipca.com<\/a> Juan Jos\u00e9 Campos Mu\u00f1oz<\/span><\/span><\/li>\n<li><span style=\"font-family: NewsGotT\"><span style=\"font-size: large\">Tutora de 5\u00ba de Primaria: <a href=\"mailto:ilj@ceipca.com\">ilj@ceipca.com<\/a> Eli Liria Jimenez<\/span><\/span><\/li>\n<li><span style=\"font-family: NewsGotT\"><span style=\"font-size: large\">Tutor de 6\u00ba de Primaria: <a href=\"mailto:afcp@ceipca.com\">afcp@ceipca.com<\/a> Antonio Fco. Checa Pleguezuelos<\/span><\/span><\/li>\n<li><span style=\"font-family: NewsGotT\"><span style=\"font-size: large\"><a href=\"mailto:administrador@ceipca.com\">administrador@ceipca.com<\/a> Rafael Fern\u00e1ndez Lozano<\/span><\/span><\/li>\n<\/ul>\n<\/li>\n<\/ul>\n<\/li>\n<\/ul>\n<p align=\"CENTER\"><span style=\"font-family: NewsGotT\"><span style=\"font-size: large\">Gracias y un saludo<\/span><\/span><\/p>\n<p align=\"CENTER\"><b style=\"color: #993300;font-family: NewsGotT;font-size: large\">INFORMACI\u00d3N INICIO DE CURSO<\/b><\/p>\n<p><em><strong>Estimadas familias del CEIP Colonia Araceli: <\/strong><\/em>en virtud de la circular 3 de septiembre de 2020. Se establece el siguiente periodo flexible para el inicio de curso 20-21:<\/p>\n<p align=\"CENTER\"><span style=\"font-family: NewsGotT\"><span style=\"font-size: large\"><b>FEXIBILIZACI\u00d3N DE ENTRADA PARA INICIO DEL CURSO ESCOLAR 20\/21<\/b><\/span><\/span><\/p>\n<p align=\"CENTER\"><span style=\"font-family: NewsGotT\"><span style=\"font-size: medium\">CIRCULAR DE 3 DE SEPTIEMBRE DE 2020.&nbsp;<\/span><\/span><\/p>\n<table style=\"width: 98%;height: 483px\" border=\"1\" width=\"100%\" cellspacing=\"0\" cellpadding=\"5\">\n<colgroup>\n<col width=\"51*\">\n<col width=\"51*\">\n<col width=\"51*\">\n<col width=\"51*\">\n<col width=\"51*\"> <\/colgroup>\n<tbody>\n<tr style=\"height: 42px\">\n<td style=\"height: 63px\" rowspan=\"2\" bgcolor=\"#dddddd\" width=\"20%\">\n<p align=\"CENTER\"><span style=\"font-family: NewsGotT\"><span style=\"font-size: large\"><b>Curso\/nivel<\/b><\/span><\/span><\/p>\n<\/td>\n<td style=\"height: 42px\" colspan=\"4\" bgcolor=\"#dddddd\" width=\"80%\">\n<p align=\"CENTER\"><span style=\"font-family: NewsGotT\"><span style=\"font-size: large\"><b>Horario lectivo<\/b><\/span><\/span><\/p>\n<\/td>\n<\/tr>\n<tr style=\"height: 21px\">\n<td style=\"height: 21px\" bgcolor=\"#dddddd\" width=\"20%\">\n<p align=\"CENTER\"><span style=\"font-family: NewsGotT\"><span style=\"font-size: large\"><b>10\/09\/20<\/b><\/span><\/span><\/p>\n<\/td>\n<td style=\"height: 21px\" bgcolor=\"#dddddd\" width=\"20%\">\n<p align=\"CENTER\"><span style=\"font-family: NewsGotT\"><span style=\"font-size: large\"><b>11\/09\/20<\/b><\/span><\/span><\/p>\n<\/td>\n<td style=\"height: 21px\" bgcolor=\"#dddddd\" width=\"20%\">\n<p align=\"CENTER\"><span style=\"font-family: NewsGotT\"><span style=\"font-size: large\"><b>14\/09\/20<\/b><\/span><\/span><\/p>\n<\/td>\n<td style=\"height: 21px\" bgcolor=\"#dddddd\" width=\"20%\">\n<p align=\"CENTER\"><span style=\"font-family: NewsGotT\"><span style=\"font-size: large\"><b>15\/09\/20<\/b><\/span><\/span><\/p>\n<\/td>\n<\/tr>\n<tr style=\"height: 42px\" valign=\"TOP\">\n<td style=\"height: 42px\" bgcolor=\"#ccff99\" width=\"20%\">\n<p align=\"CENTER\"><span style=\"font-family: NewsGotT\"><span style=\"font-size: large\">3 a\u00f1os<\/span><\/span><\/p>\n<\/td>\n<td style=\"height: 42px\" bgcolor=\"#ccff99\" width=\"20%\">\n<p align=\"CENTER\"><span style=\"font-family: NewsGotT\"><span style=\"font-size: large\">12:00<\/span><\/span><\/p>\n<\/td>\n<td style=\"height: 42px\" bgcolor=\"#ccff99\" width=\"20%\">\n<p align=\"CENTER\"><span style=\"font-family: NewsGotT\"><span style=\"font-size: large\">12:00<\/span><\/span><\/p>\n<\/td>\n<td style=\"height: 42px\" bgcolor=\"#ccff99\" width=\"20%\">\n<p align=\"CENTER\"><span style=\"font-family: NewsGotT\"><span style=\"font-size: large\">11:30<\/span><\/span><\/p>\n<\/td>\n<td style=\"height: 42px\" bgcolor=\"#ccff99\" width=\"20%\">\n<p align=\"CENTER\"><span style=\"font-family: NewsGotT\"><span style=\"font-size: large\">11:30<\/span><\/span><\/p>\n<\/td>\n<\/tr>\n<tr style=\"height: 42px\" valign=\"TOP\">\n<td style=\"height: 42px\" bgcolor=\"#ccffff\" width=\"20%\">\n<p align=\"CENTER\"><span style=\"font-family: NewsGotT\"><span style=\"font-size: large\">4 a\u00f1os<\/span><\/span><\/p>\n<\/td>\n<td style=\"height: 42px\" bgcolor=\"#ccffff\" width=\"20%\">\n<p align=\"CENTER\"><span style=\"font-family: NewsGotT\"><span style=\"font-size: large\">11:30<\/span><\/span><\/p>\n<\/td>\n<td style=\"height: 42px\" bgcolor=\"#ccffff\" width=\"20%\">\n<p align=\"CENTER\"><span style=\"font-family: NewsGotT\"><span style=\"font-size: large\">11:30<\/span><\/span><\/p>\n<\/td>\n<td style=\"height: 42px\" bgcolor=\"#ccffff\" width=\"20%\">\n<p align=\"CENTER\"><span style=\"font-family: NewsGotT\"><span style=\"font-size: large\">11:00<\/span><\/span><\/p>\n<\/td>\n<td style=\"height: 42px\" bgcolor=\"#ccffff\" width=\"20%\">\n<p align=\"CENTER\"><span style=\"font-family: NewsGotT\"><span style=\"font-size: large\">11:00<\/span><\/span><\/p>\n<\/td>\n<\/tr>\n<tr style=\"height: 42px\" valign=\"TOP\">\n<td style=\"height: 42px\" bgcolor=\"#ccffff\" width=\"20%\">\n<p align=\"CENTER\"><span style=\"font-family: NewsGotT\"><span style=\"font-size: large\">5 a\u00f1os<\/span><\/span><\/p>\n<\/td>\n<td style=\"height: 42px\" bgcolor=\"#ccffff\" width=\"20%\">\n<p align=\"CENTER\"><span style=\"font-family: NewsGotT\"><span style=\"font-size: large\">11:30<\/span><\/span><\/p>\n<\/td>\n<td style=\"height: 42px\" bgcolor=\"#ccffff\" width=\"20%\">\n<p align=\"CENTER\"><span style=\"font-family: NewsGotT\"><span style=\"font-size: large\">11:30<\/span><\/span><\/p>\n<\/td>\n<td style=\"height: 42px\" bgcolor=\"#ccffff\" width=\"20%\">\n<p align=\"CENTER\"><span style=\"font-family: NewsGotT\"><span style=\"font-size: large\">11:00<\/span><\/span><\/p>\n<\/td>\n<td style=\"height: 42px\" bgcolor=\"#ccffff\" width=\"20%\">\n<p align=\"CENTER\"><span style=\"font-family: NewsGotT\"><span style=\"font-size: large\">11:00<\/span><\/span><\/p>\n<\/td>\n<\/tr>\n<tr style=\"height: 42px\" valign=\"TOP\">\n<td style=\"height: 42px\" bgcolor=\"#ccffff\" width=\"20%\">\n<p align=\"CENTER\"><span style=\"font-family: NewsGotT\"><span style=\"font-size: large\">TEA<\/span><\/span><\/p>\n<\/td>\n<td style=\"height: 42px\" bgcolor=\"#ccffff\" width=\"20%\">\n<p align=\"CENTER\"><span style=\"font-family: NewsGotT\"><span style=\"font-size: large\">11:30<\/span><\/span><\/p>\n<\/td>\n<td style=\"height: 42px\" bgcolor=\"#ccffff\" width=\"20%\">\n<p align=\"CENTER\"><span style=\"font-family: NewsGotT\"><span style=\"font-size: large\">11:30<\/span><\/span><\/p>\n<\/td>\n<td style=\"height: 42px\" bgcolor=\"#ccffff\" width=\"20%\">\n<p align=\"CENTER\"><span style=\"font-family: NewsGotT\"><span style=\"font-size: large\">11:00<\/span><\/span><\/p>\n<\/td>\n<td style=\"height: 42px\" bgcolor=\"#ccffff\" width=\"20%\">\n<p align=\"CENTER\"><span style=\"font-family: NewsGotT\"><span style=\"font-size: large\">11:00<\/span><\/span><\/p>\n<\/td>\n<\/tr>\n<tr style=\"height: 42px\" valign=\"TOP\">\n<td style=\"height: 42px\" bgcolor=\"#ffcc99\" width=\"20%\">\n<p align=\"CENTER\"><span style=\"font-family: NewsGotT\"><span style=\"font-size: large\">1\u00ba<\/span><\/span><\/p>\n<\/td>\n<td style=\"height: 42px\" bgcolor=\"#ffcc99\" width=\"20%\">\n<p align=\"CENTER\"><span style=\"font-family: NewsGotT\"><span style=\"font-size: large\">11:00<\/span><\/span><\/p>\n<\/td>\n<td style=\"height: 42px\" bgcolor=\"#ffcc99\" width=\"20%\">\n<p align=\"CENTER\"><span style=\"font-family: NewsGotT\"><span style=\"font-size: large\">11:00<\/span><\/span><\/p>\n<\/td>\n<td style=\"height: 42px\" bgcolor=\"#ffcc99\" width=\"20%\">\n<p align=\"CENTER\"><span style=\"font-family: NewsGotT\"><span style=\"font-size: large\">10:30<\/span><\/span><\/p>\n<\/td>\n<td style=\"height: 42px\" bgcolor=\"#ffcc99\" width=\"20%\">\n<p align=\"CENTER\"><span style=\"font-family: NewsGotT\"><span style=\"font-size: large\">10:30<\/span><\/span><\/p>\n<\/td>\n<\/tr>\n<tr style=\"height: 42px\" valign=\"TOP\">\n<td style=\"height: 42px\" bgcolor=\"#ffcc99\" width=\"20%\">\n<p align=\"CENTER\"><span style=\"font-family: NewsGotT\"><span style=\"font-size: large\">2\u00ba<\/span><\/span><\/p>\n<\/td>\n<td style=\"height: 42px\" bgcolor=\"#ffcc99\" width=\"20%\">\n<p align=\"CENTER\"><span style=\"font-family: NewsGotT\"><span style=\"font-size: large\">11:00<\/span><\/span><\/p>\n<\/td>\n<td style=\"height: 42px\" bgcolor=\"#ffcc99\" width=\"20%\">\n<p align=\"CENTER\"><span style=\"font-family: NewsGotT\"><span style=\"font-size: large\">11:00<\/span><\/span><\/p>\n<\/td>\n<td style=\"height: 42px\" bgcolor=\"#ffcc99\" width=\"20%\">\n<p align=\"CENTER\"><span style=\"font-family: NewsGotT\"><span style=\"font-size: large\">10:30<\/span><\/span><\/p>\n<\/td>\n<td style=\"height: 42px\" bgcolor=\"#ffcc99\" width=\"20%\">\n<p align=\"CENTER\"><span style=\"font-family: NewsGotT\"><span style=\"font-size: large\">10:30<\/span><\/span><\/p>\n<\/td>\n<\/tr>\n<tr style=\"height: 42px\" valign=\"TOP\">\n<td style=\"height: 42px\" width=\"20%\">\n<p align=\"CENTER\"><span style=\"font-family: NewsGotT\"><span style=\"font-size: large\">3\u00ba<\/span><\/span><\/p>\n<\/td>\n<td style=\"height: 42px\" width=\"20%\">\n<p align=\"CENTER\"><span style=\"font-family: NewsGotT\"><span style=\"font-size: large\">10:45<\/span><\/span><\/p>\n<\/td>\n<td style=\"height: 42px\" width=\"20%\">\n<p align=\"CENTER\"><span style=\"font-family: NewsGotT\"><span style=\"font-size: large\">10:45<\/span><\/span><\/p>\n<\/td>\n<td style=\"height: 42px\" width=\"20%\">\n<p align=\"CENTER\"><span style=\"font-family: NewsGotT\"><span style=\"font-size: large\">10:15<\/span><\/span><\/p>\n<\/td>\n<td style=\"height: 42px\" width=\"20%\">\n<p align=\"CENTER\"><span style=\"font-family: NewsGotT\"><span style=\"font-size: large\">10:15<\/span><\/span><\/p>\n<\/td>\n<\/tr>\n<tr style=\"height: 42px\" valign=\"TOP\">\n<td style=\"height: 42px\" width=\"20%\">\n<p align=\"CENTER\"><span style=\"font-family: NewsGotT\"><span style=\"font-size: large\">4\u00ba<\/span><\/span><\/p>\n<\/td>\n<td style=\"height: 42px\" width=\"20%\">\n<p align=\"CENTER\"><span style=\"font-family: NewsGotT\"><span style=\"font-size: large\">10:45<\/span><\/span><\/p>\n<\/td>\n<td style=\"height: 42px\" width=\"20%\">\n<p align=\"CENTER\"><span style=\"font-family: NewsGotT\"><span style=\"font-size: large\">10:45<\/span><\/span><\/p>\n<\/td>\n<td style=\"height: 42px\" width=\"20%\">\n<p align=\"CENTER\"><span style=\"font-family: NewsGotT\"><span style=\"font-size: large\">10:15<\/span><\/span><\/p>\n<\/td>\n<td style=\"height: 42px\" width=\"20%\">\n<p align=\"CENTER\"><span style=\"font-family: NewsGotT\"><span style=\"font-size: large\">10:15<\/span><\/span><\/p>\n<\/td>\n<\/tr>\n<tr style=\"height: 42px\" valign=\"TOP\">\n<td style=\"height: 42px\" bgcolor=\"#ff8080\" width=\"20%\">\n<p align=\"CENTER\"><span style=\"font-family: NewsGotT\"><span style=\"font-size: large\">5\u00ba<\/span><\/span><\/p>\n<\/td>\n<td style=\"height: 42px\" bgcolor=\"#ff8080\" width=\"20%\">\n<p align=\"CENTER\"><span style=\"font-family: NewsGotT\"><span style=\"font-size: large\">10:30<\/span><\/span><\/p>\n<\/td>\n<td style=\"height: 42px\" bgcolor=\"#ff8080\" width=\"20%\">\n<p align=\"CENTER\"><span style=\"font-family: NewsGotT\"><span style=\"font-size: large\">10:30<\/span><\/span><\/p>\n<\/td>\n<td style=\"height: 42px\" bgcolor=\"#ff8080\" width=\"20%\">\n<p align=\"CENTER\"><span style=\"font-family: NewsGotT\"><span style=\"font-size: large\">10:00<\/span><\/span><\/p>\n<\/td>\n<td style=\"height: 42px\" bgcolor=\"#ff8080\" width=\"20%\">\n<p align=\"CENTER\"><span style=\"font-family: NewsGotT\"><span style=\"font-size: large\">10:00<\/span><\/span><\/p>\n<\/td>\n<\/tr>\n<tr style=\"height: 42px\" valign=\"TOP\">\n<td style=\"height: 42px\" bgcolor=\"#ff8080\" width=\"20%\">\n<p align=\"CENTER\"><span style=\"font-family: NewsGotT\"><span style=\"font-size: large\">6\u00ba<\/span><\/span><\/p>\n<\/td>\n<td style=\"height: 42px\" bgcolor=\"#ff8080\" width=\"20%\">\n<p align=\"CENTER\"><span style=\"font-family: NewsGotT\"><span style=\"font-size: large\">10:30<\/span><\/span><\/p>\n<\/td>\n<td style=\"height: 42px\" bgcolor=\"#ff8080\" width=\"20%\">\n<p align=\"CENTER\"><span style=\"font-family: NewsGotT\"><span style=\"font-size: large\">10:30<\/span><\/span><\/p>\n<\/td>\n<td style=\"height: 42px\" bgcolor=\"#ff8080\" width=\"20%\">\n<p align=\"CENTER\"><span style=\"font-family: NewsGotT\"><span style=\"font-size: large\">10:00<\/span><\/span><\/p>\n<\/td>\n<td style=\"height: 42px\" bgcolor=\"#ff8080\" width=\"20%\">\n<p align=\"CENTER\"><span style=\"font-family: NewsGotT\"><span style=\"font-size: large\">10:00<\/span><\/span><\/p>\n<\/td>\n<\/tr>\n<\/tbody>\n<\/table>\n<ul>\n<li>\n<p align=\"LEFT\"><span style=\"font-family: NewsGotT\"><span style=\"font-size: medium\">Los <\/span><\/span><span style=\"font-family: NewsGotT\"><span style=\"font-size: medium\"><u>hermanos\/as<\/u><\/span><\/span><span style=\"font-family: NewsGotT\"><span style=\"font-size: medium\"> vendr\u00e1n con el alumno\/a mayor.<\/span><\/span><\/p>\n<\/li>\n<li>\n<p align=\"LEFT\"><span style=\"font-family: NewsGotT\"><span style=\"font-size: medium\">Seg\u00fan las necesidades se podr\u00e1 hacer uso del <\/span><\/span><span style=\"font-family: NewsGotT\"><span style=\"font-size: medium\"><u>aula matinal<\/u><\/span><\/span><span style=\"font-family: NewsGotT\"><span style=\"font-size: medium\"> en su horario establecido de 7<\/span><\/span><span style=\"font-family: NewsGotT\"><span style=\"font-size: medium\"><u>:30 a 9:00 horas<\/u><\/span><\/span><span style=\"font-family: NewsGotT\"><span style=\"font-size: medium\"> por parte de cualquier alumno\/a a partir del d\u00eda 10.<\/span><\/span><\/p>\n<\/li>\n<li>\n<p align=\"LEFT\"><span style=\"font-family: NewsGotT\"><span style=\"font-size: medium\">El horario de <\/span><\/span><span style=\"font-family: NewsGotT\"><span style=\"font-size: medium\"><u>comedor<\/u><\/span><\/span><span style=\"font-family: NewsGotT\"><span style=\"font-size: medium\"> se establece de <\/span><\/span><span style=\"font-family: NewsGotT\"><span style=\"font-size: medium\"><u>14:00 a 16:00 a partir del d\u00eda 10.<\/u><\/span><\/span><span style=\"font-family: NewsGotT\"><span style=\"font-size: medium\"> Se recomienda que las familias recojan al alumnado en cuanto coman (<\/span><\/span><span style=\"font-family: NewsGotT\"><span style=\"font-size: medium\"><u>15 horas aproximadamente<\/u><\/span><\/span><span style=\"font-family: NewsGotT\"><span style=\"font-size: medium\">) debido a las circunstancias especiales que tenemos con motivo del COVID-19<\/span><\/span><\/p>\n<table border=\"1\" width=\"100%\" cellspacing=\"0\" cellpadding=\"5\">\n<colgroup>\n<col width=\"256*\"> <\/colgroup>\n<tbody>\n<tr>\n<td valign=\"TOP\" bgcolor=\"#990000\" width=\"100%\">\n<p align=\"CENTER\"><span style=\"color: #ffffff\"><span style=\"font-family: NewsGotT\"><span style=\"font-size: medium\"><b>IMPORTANTE<\/b><\/span><\/span><\/span><\/p>\n<p align=\"CENTER\"><span style=\"color: #ffffff\"><span style=\"font-family: NewsGotT\"><span style=\"font-size: medium\"><b>QUEDA PROHIBIDO EL ACCESO A FAMILIAS O TUTORES AL CENTRO<\/b><\/span><\/span><\/span><\/p>\n<\/td>\n<\/tr>\n<tr>\n<td valign=\"TOP\" bgcolor=\"#ccff99\" width=\"100%\">\n<ul>\n<li>\n<p align=\"JUSTIFY\"><span style=\"font-family: NewsGotT\">Las familias del alumnado <u><b>no acceder\u00e1n al centro<\/b><\/u>. dejar\u00e1n a sus hijos\/as en la puerta del centro (Puerta de Ram\u00f3n del Pino), y el alumnado se dirigir\u00e1 a su fila marcada en el patio.<\/span><\/p>\n<\/li>\n<li>\n<p align=\"JUSTIFY\"><span style=\"font-family: NewsGotT\"><span style=\"font-size: medium\">Las visitas se llevar\u00e1n a cabo con <b>cita previa<\/b>, bien llamando por tel\u00e9fono al n\u00famero <b>950 15 62 01<\/b> o por correo electr\u00f3nico: <a href=\"mailto:04005235.edu@juntadeandalucia.es\" target=\"_top\" rel=\"noopener noreferrer\"><span style=\"color: #000000\"><u><b>04005235.edu@juntadeandalucia.es<\/b><\/u><\/span><\/a><b> <\/b>donde se le contestar\u00e1 dando d\u00eda y hora del encuentro.<\/span><\/span><\/p>\n<\/li>\n<li>\n<p align=\"JUSTIFY\"><span style=\"font-family: NewsGotT\"><span style=\"font-size: medium\">El horario de <b>secretar\u00eda es de 9:30 a 10:30<\/b> <b>previa cita<\/b> al tel\u00e9fono o mail arriba indicado.<\/span><\/span><\/p>\n<h6 align=\"CENTER\"><span style=\"font-family: NewsGotT\"><span style=\"font-size: medium\">Esperamos comprenda nuestra preocupaci\u00f3n y la situaci\u00f3n en la que estamos.<\/span><\/span><\/h6>\n<\/li>\n<\/ul>\n<\/td>\n<\/tr>\n<\/tbody>\n<\/table>\n<\/li>\n<\/ul>\n<h6 align=\"JUSTIFY\">Medidas de Higiene y Prevenci\u00f3n para citas previas.<\/h6>\n<ol>\n<li>\n<p align=\"JUSTIFY\">Utilizaci\u00f3n obligatoria de mascarillas.<\/p>\n<\/li>\n<li>\n<p align=\"JUSTIFY\">Respetar las distancias de seguridad establecidas. M\u00ednimo 2 metros.<\/p>\n<\/li>\n<li>\n<p align=\"JUSTIFY\">Respetar las balizas, carteler\u00eda y se\u00f1alizaci\u00f3n establecida.<\/p>\n<\/li>\n<li>\n<p align=\"JUSTIFY\">Permanecer en el colegio s\u00f3lo el tiempo estrictamente necesario.<\/p>\n<\/li>\n<li>\n<p align=\"JUSTIFY\">No acceder a ninguna zona no habilitada, no est\u00e1 permitido la libre circulaci\u00f3n por el recinto.<\/p>\n<\/li>\n<li>\n<p align=\"JUSTIFY\">Se recomienda que personas consideradas vulnerables no acudan al colegio.<\/p>\n<\/li>\n<\/ol>\n<p align=\"JUSTIFY\">Agradecerles su colaboraci\u00f3n por el bien y la salud de toda nuestra comunidad educativa.<\/p>\n<p align=\"JUSTIFY\">&nbsp;<\/p>\n<p style=\"text-align: left\" align=\"CENTER\"><b style=\"color: #993300;font-family: NewsGotT;font-size: large\">INFORMACI\u00d3N APERTURA TAREAS <\/b><span style=\"color: #993300;font-family: NewsGotT;font-size: large\"><b>ADMINISTRATIVAS<\/b><\/span><b style=\"color: #993300;font-family: NewsGotT;font-size: large\"> DEL CENTRO<\/b><\/p>\n<p><span style=\"font-family: NewsGotT\"><span style=\"font-size: large\">A partir del 18 de mayo el centro permanecer\u00e1 abierto de 9:30 a 13:30 para la realizaci\u00f3n de tr\u00e1mites administrativos. Se reanuda el per\u00edodo de admisi\u00f3n de solicitudes para escolarizaci\u00f3n en educaci\u00f3n infantil, educaci\u00f3n primaria y educaci\u00f3n especial entre el 18 de mayo y el 1 de junio.<\/span><\/span><\/p>\n<p><span style=\"color: #000000\"><span style=\"font-family: NewsGotT\"><span style=\"font-size: large\">M\u00e1s informaci\u00f3n sobre <\/span><\/span><a href=\"https:\/\/blogsaverroes.juntadeandalucia.es\/ceipcoloniaaraceli\/?page_id=77\"><strong><span style=\"font-family: NewsGotT\"><span style=\"font-size: large\"><u><b>escolarizaci\u00f3n<\/b><\/u><\/span><\/span><\/strong><\/a><\/span><\/p>\n<p><span style=\"color: #000000\"><span style=\"font-family: NewsGotT\"><span style=\"font-size: large\">Se ruega hagan uso preferentemente de la <\/span><\/span><strong><a style=\"color: #000000\" href=\"https:\/\/www.juntadeandalucia.es\/educacion\/secretariavirtual\/accesoTramite\/439\/\"><span style=\"font-family: NewsGotT\"><span style=\"font-size: large\"><u><b>presentaci\u00f3n telem\u00e1tica de solicitudes<\/b><\/u><\/span><\/span><\/a><\/strong><\/span><\/p>\n<p><span style=\"font-family: NewsGotT;color: #000000\"><span style=\"font-size: large\">Pueden solicitar informaci\u00f3n en el tel\u00e9fono 950-156-201, a trav\u00e9s del correo electr\u00f3nico <a style=\"color: #000000\" href=\"mailto:04005235.edu@juntadeandalucia.es\">04005235.edu@juntadeandalucia.es<\/a> o trav\u00e9s de PASEN<\/span><\/span><\/p>\n<p><span style=\"color: #000000\"><span style=\"font-family: NewsGotT\"><span style=\"font-size: large\">Para cualquier otro tr\u00e1mite pueden usar el <\/span><\/span><a style=\"color: #000000\" href=\"https:\/\/www.juntadeandalucia.es\/educacion\/secretariavirtual\/accesoTramite\/462\/\"><span style=\"font-family: NewsGotT\"><span style=\"font-size: large\"><u>r<\/u><\/span><\/span><strong><span style=\"font-family: NewsGotT\"><span style=\"font-size: large\"><u><b>egistro electr\u00f3nico<\/b><\/u><\/span><\/span><\/strong><\/a><\/span><\/p>\n<ul>\n<li><span style=\"color: #000000\"><strong><span style=\"font-family: NewsGotT\"><span style=\"font-size: large\"><a style=\"color: #000000\" href=\"https:\/\/blogsaverroes.juntadeandalucia.es\/colegioginesmorata\/files\/2020\/05\/Inst_Apertura.pdf\">INSTRUCCIONES APERTURA<\/a> <\/span><\/span><\/strong><span style=\"font-family: NewsGotT\"><span style=\"font-size: large\">de la Consejer\u00eda de Educaci\u00f3n sobre apertura de los centros.<\/span><\/span><\/span><\/li>\n<\/ul>\n<p><span style=\"font-family: NewsGotT\"><span style=\"font-size: large\">Les mantendremos informados de pr\u00f3ximos plazos de matriculaci\u00f3n y otras solicitudes<\/span><\/span><\/p>\n<ul>\n<li><span style=\"color: #1e4b75\"><span style=\"font-family: NewsGotT\"><span style=\"font-size: large\"><strong>PLAN ESPEC\u00cdFICO <\/strong><\/span><\/span><\/span><span style=\"color: #000000\"><span style=\"font-family: NewsGotT\"><span style=\"font-size: large\"><span style=\"color: #1e4b75;font-family: NewsGotT;font-size: large\"><b>APERTURA<\/b><\/span><span style=\"color: #000000;font-family: NewsGotT;font-size: large\">. Con las medidas adoptadas para evitar contagios durante este per\u00edodo de apertura del centro.<\/span><\/span><\/span><\/span><\/li>\n<\/ul>\n<h3>&nbsp;<\/h3>\n<h3><span style=\"color: #993300\"><strong>ACTIVIDADES PROPUESTAS<\/strong><\/span><\/h3>\n<p>Se recuerda que EL ALUMNADO Y DOCENTES NO ESTAMOS DE VACACIONES. Desde casa se realizar\u00e1n las actividades que se encomienden y que se encuentran disponibles en el men\u00fa superior de esta P\u00e1gina Web, en la pesta\u00f1a<a href=\"https:\/\/blogsaverroes.juntadeandalucia.es\/ceipcoloniaaraceli\/?page_id=2232\" target=\"_blank\" rel=\"noopener noreferrer\"> <em><strong>\u00abACTIVIDADES\u00bb<\/strong><\/em><\/a><\/p>\n<h3>&nbsp;<\/h3>\n<h3><span style=\"color: #993300\"><strong>ESCOLARIZACI\u00d3N 2020\/2021<\/strong><\/span><\/h3>\n<p>Toda la informaci\u00f3n sobre el&nbsp;<strong>proceso de escolarizaci\u00f3n <\/strong>en el&nbsp;<a href=\"http:\/\/www.juntadeandalucia.es\/educacion\/portals\/web\/escolarizacion\">Portal de Escolarizaci\u00f3n<\/a>&nbsp;de la Consejer\u00eda de Educaci\u00f3n y Deporte.<\/p>\n<h3>&nbsp;<\/h3>\n<h3><span style=\"color: #993300\"><strong>SUSPENSI\u00d3N TEMPORAL DE LAS CLASES<\/strong><\/span><\/h3>\n<div data-blogger-escaped-style=\"text-align: justify;\">\n<p style=\"text-align: justify\">Como consecuencia de la publicaci\u00f3<a href=\"https:\/\/blogsaverroes.juntadeandalucia.es\/ceiptiernogalvanchiclana\/files\/2020\/03\/lema.jpg\"><img loading=\"lazy\" decoding=\"async\" class=\"wp-image-8232 alignleft\" src=\"https:\/\/blogsaverroes.juntadeandalucia.es\/ceiptiernogalvanchiclana\/files\/2020\/03\/lema-150x150.jpg\" alt=\"\" width=\"150\" height=\"150\"><\/a>n del&nbsp;<a href=\"https:\/\/blogsaverroes.juntadeandalucia.es\/ceiptiernogalvanchiclana\/files\/2020\/03\/RD-463_2020_Estado-de-alarma.pdf\" rel=\"noopener noreferrer\" data-blogger-escaped-target=\"_blank\">Real Decreto 463\/2020, de 14 de marz<\/a><a href=\"https:\/\/blogsaverroes.juntadeandalucia.es\/ceiptiernogalvanchiclana\/files\/2020\/03\/RD-463_2020_Estado-de-alarma.pdf\" rel=\"noopener noreferrer\" data-blogger-escaped-target=\"_blank\">o<\/a>,&nbsp; por el que se declara el estado de alarma para la gesti\u00f3n de la situaci\u00f3n de crisis sanitaria ocasionada por el COVID-19, en la que entre otras consideraciones, adem\u00e1s de la suspensi\u00f3n de la actividad educativa presencial, se contempla la&nbsp;<b>suspensi\u00f3n de los plazos administrativos<\/b>, la Consejer\u00eda de Educaci\u00f3n y Deporte de la Junta de Andaluc\u00eda ha adoptado las siguientes medidas, que se aplicar\u00e1n a partir del pr\u00f3ximo lunes 16 de marzo de 2020:<\/p>\n<p><strong>Comunicado del Centro<\/strong><\/p>\n<\/div>\n","protected":false},"excerpt":{"rendered":"<p>Un Halloween muy especial noviembre 18, 2025 La festividad de Halloween o&nbsp;All Hallows&#8217; Eve&nbsp;o&nbsp;All Saints&#8217; Eve \ud83d\udc7b, \ud83d\udc7b es una fiesta que se celebra el 31 de octubre, v\u00edspera de la conmemoraci\u00f3n cristiana occidental de Todos los Santos. Entre las actividades m\u00e1s populares de Halloween se encuentran el truco o trato,&nbsp; asistir a fiestas de &hellip; <a href=\"https:\/\/blogsaverroes.juntadeandalucia.es\/ceipcoloniaaraceli\/\" class=\"more-link\">Continuar leyendo<span class=\"screen-reader-text\"> \u00abINICIO\u00bb<\/span><\/a><\/p>\n","protected":false},"author":1,"featured_media":2076,"parent":0,"menu_order":0,"comment_status":"open","ping_status":"open","template":"","meta":{"ngg_post_thumbnail":0,"footnotes":"","_mc_calendar":[]},"aioseo_notices":[],"_links":{"self":[{"href":"https:\/\/blogsaverroes.juntadeandalucia.es\/ceipcoloniaaraceli\/index.php?rest_route=\/wp\/v2\/pages\/1113"}],"collection":[{"href":"https:\/\/blogsaverroes.juntadeandalucia.es\/ceipcoloniaaraceli\/index.php?rest_route=\/wp\/v2\/pages"}],"about":[{"href":"https:\/\/blogsaverroes.juntadeandalucia.es\/ceipcoloniaaraceli\/index.php?rest_route=\/wp\/v2\/types\/page"}],"author":[{"embeddable":true,"href":"https:\/\/blogsaverroes.juntadeandalucia.es\/ceipcoloniaaraceli\/index.php?rest_route=\/wp\/v2\/users\/1"}],"replies":[{"embeddable":true,"href":"https:\/\/blogsaverroes.juntadeandalucia.es\/ceipcoloniaaraceli\/index.php?rest_route=%2Fwp%2Fv2%2Fcomments&post=1113"}],"version-history":[{"count":53,"href":"https:\/\/blogsaverroes.juntadeandalucia.es\/ceipcoloniaaraceli\/index.php?rest_route=\/wp\/v2\/pages\/1113\/revisions"}],"predecessor-version":[{"id":2616,"href":"https:\/\/blogsaverroes.juntadeandalucia.es\/ceipcoloniaaraceli\/index.php?rest_route=\/wp\/v2\/pages\/1113\/revisions\/2616"}],"wp:featuredmedia":[{"embeddable":true,"href":"https:\/\/blogsaverroes.juntadeandalucia.es\/ceipcoloniaaraceli\/index.php?rest_route=\/wp\/v2\/media\/2076"}],"wp:attachment":[{"href":"https:\/\/blogsaverroes.juntadeandalucia.es\/ceipcoloniaaraceli\/index.php?rest_route=%2Fwp%2Fv2%2Fmedia&parent=1113"}],"curies":[{"name":"wp","href":"https:\/\/api.w.org\/{rel}","templated":true}]}}