{"id":141,"date":"2015-03-17T07:13:24","date_gmt":"2015-03-17T07:13:24","guid":{"rendered":"http:\/\/blogsaverroes.juntadeandalucia.es\/pre\/ceip\/?page_id=141"},"modified":"2026-02-25T12:08:09","modified_gmt":"2026-02-25T12:08:09","slug":"escolarizacion","status":"publish","type":"page","link":"https:\/\/blogsaverroes.juntadeandalucia.es\/ceipcoloniaaraceli\/?page_id=141","title":{"rendered":"Escolarizaci\u00f3n"},"content":{"rendered":"<h1><span style=\"color: #993300\"><strong>ESCOLARIZACI\u00d3N PARA EL CURSO 2026-2027<a href=\"https:\/\/blogsaverroes.juntadeandalucia.es\/ceipcoloniaaraceli\/files\/2024\/03\/Escolarizacion2021b-300x300-1.jpg\"><img loading=\"lazy\" decoding=\"async\" class=\"alignnone size-medium wp-image-2568\" src=\"https:\/\/blogsaverroes.juntadeandalucia.es\/ceipcoloniaaraceli\/files\/2024\/03\/Escolarizacion2021b-300x300-1-300x300.jpg\" alt=\"\" width=\"300\" height=\"300\" srcset=\"https:\/\/blogsaverroes.juntadeandalucia.es\/ceipcoloniaaraceli\/files\/2024\/03\/Escolarizacion2021b-300x300-1.jpg 300w, https:\/\/blogsaverroes.juntadeandalucia.es\/ceipcoloniaaraceli\/files\/2024\/03\/Escolarizacion2021b-300x300-1-150x150.jpg 150w\" sizes=\"(max-width: 300px) 85vw, 300px\" \/><\/a><\/strong><\/span><\/h1>\n<h2>Para alumnado de nuevo ingreso al centro.&nbsp;<\/h2>\n<p><strong>DEL 1 AL 31 DE MARZO DE 2026<\/strong><\/p>\n<p><a href=\"https:\/\/www.juntadeandalucia.es\/educacion\/portales\/web\/escolarizacion\">Enlace al portal de escolarizaci\u00f3n<\/a>&nbsp;-Consejer\u00eda de Educaci\u00f3n y Deporte, Junta de Andaluc\u00eda<\/p>\n<h2><span style=\"color: #000000\"><a style=\"color: #000000\" href=\"https:\/\/www.juntadeandalucia.es\/educacion\/portales\/web\/escolarizacion\/infantil-a-bachillerato\/impresos\">IMPRESOS<\/a><\/span><\/h2>\n<h2><span style=\"color: #000000\"><a style=\"color: #000000\" href=\"https:\/\/www.juntadeandalucia.es\/educacion\/portales\/web\/escolarizacion\/infantil-a-bachillerato\/normativa\">NORMATIVA&nbsp;<\/a><\/span><\/h2>\n<h3><span style=\"color: #000000\"><a style=\"color: #000000\" href=\"https:\/\/www.juntadeandalucia.es\/educacion\/portales\/web\/escolarizacion\/infantil-a-bachillerato\/calendario\">CALENDARIO<\/a><\/span><\/h3>\n<p><span style=\"color: #000000\">ZONA DE INFLUENCIA<\/span><\/p>\n<div id=\"comp-klkntu2g\" class=\"_22oPj\"><a class=\"_1_kc0\" href=\"https:\/\/www.juntadeandalucia.es\/educacion\/educasig\/escolarizacion\/\" target=\"_blank\" rel=\"noopener noreferrer\" data-testid=\"linkElement\"><span class=\"_3fUtn\">* \u00c1reas de influencia<\/span><\/a><\/div>\n<div id=\"comp-klknv6a8\" class=\"_22oPj\"><a class=\"_1_kc0\" href=\"https:\/\/drive.google.com\/file\/d\/101Vk8WD6cpEZZ4HmYmQG7VNjksI15IHW\/view?usp=sharing\" target=\"_blank\" rel=\"noopener noreferrer\" data-testid=\"linkElement\"><span class=\"_3fUtn\">* Anexo III.- Solicitud de admisi\u00f3n<\/span><\/a><\/div>\n<div id=\"comp-klkrbkqg\" class=\"_22oPj\"><a href=\"https:\/\/drive.google.com\/file\/d\/1WkU4zVzPOGiyEyYe5XgJ4foclyi02XP6\/view?usp=sharing\" target=\"_blank\" rel=\"noopener noreferrer\"><span class=\"_3fUtn\">* Informe de viales<\/span><\/a><\/div>\n<div id=\"comp-klm7d5j9\" class=\"_22oPj\"><a href=\"https:\/\/drive.google.com\/file\/d\/1Jit-ZaXLvfPUSIsKURLxOUSkvqnmalj8\/view?usp=sharing\" target=\"_blank\" rel=\"noopener noreferrer\"><span class=\"_3fUtn\">* Mapa \u00e1rea influencia y callejero<\/span><\/a><\/div>\n<p><strong><span style=\"color: #000000\">BAREMO<\/span><\/strong><\/p>\n<p><a href=\"http:\/\/www.juntadeandalucia.es\/educacion\/portals\/web\/escolarizacion\/infantil-a-bachillerato\/autobaremo\">Autobaremo<\/a><\/p>\n<p>&nbsp;<\/p>\n","protected":false},"excerpt":{"rendered":"<p>ESCOLARIZACI\u00d3N PARA EL CURSO 2026-2027 Para alumnado de nuevo ingreso al centro.&nbsp; DEL 1 AL 31 DE MARZO DE 2026 Enlace al portal de escolarizaci\u00f3n&nbsp;-Consejer\u00eda de Educaci\u00f3n y Deporte, Junta de Andaluc\u00eda IMPRESOS NORMATIVA&nbsp; CALENDARIO ZONA DE INFLUENCIA * \u00c1reas de influencia * Anexo III.- Solicitud de admisi\u00f3n * Informe de viales * Mapa \u00e1rea &hellip; <a href=\"https:\/\/blogsaverroes.juntadeandalucia.es\/ceipcoloniaaraceli\/?page_id=141\" class=\"more-link\">Continuar leyendo<span class=\"screen-reader-text\"> \u00abEscolarizaci\u00f3n\u00bb<\/span><\/a><\/p>\n","protected":false},"author":1,"featured_media":0,"parent":0,"menu_order":0,"comment_status":"open","ping_status":"open","template":"","meta":{"ngg_post_thumbnail":0,"footnotes":"","_mc_calendar":[]},"aioseo_notices":[],"_links":{"self":[{"href":"https:\/\/blogsaverroes.juntadeandalucia.es\/ceipcoloniaaraceli\/index.php?rest_route=\/wp\/v2\/pages\/141"}],"collection":[{"href":"https:\/\/blogsaverroes.juntadeandalucia.es\/ceipcoloniaaraceli\/index.php?rest_route=\/wp\/v2\/pages"}],"about":[{"href":"https:\/\/blogsaverroes.juntadeandalucia.es\/ceipcoloniaaraceli\/index.php?rest_route=\/wp\/v2\/types\/page"}],"author":[{"embeddable":true,"href":"https:\/\/blogsaverroes.juntadeandalucia.es\/ceipcoloniaaraceli\/index.php?rest_route=\/wp\/v2\/users\/1"}],"replies":[{"embeddable":true,"href":"https:\/\/blogsaverroes.juntadeandalucia.es\/ceipcoloniaaraceli\/index.php?rest_route=%2Fwp%2Fv2%2Fcomments&post=141"}],"version-history":[{"count":18,"href":"https:\/\/blogsaverroes.juntadeandalucia.es\/ceipcoloniaaraceli\/index.php?rest_route=\/wp\/v2\/pages\/141\/revisions"}],"predecessor-version":[{"id":2617,"href":"https:\/\/blogsaverroes.juntadeandalucia.es\/ceipcoloniaaraceli\/index.php?rest_route=\/wp\/v2\/pages\/141\/revisions\/2617"}],"wp:attachment":[{"href":"https:\/\/blogsaverroes.juntadeandalucia.es\/ceipcoloniaaraceli\/index.php?rest_route=%2Fwp%2Fv2%2Fmedia&parent=141"}],"curies":[{"name":"wp","href":"https:\/\/api.w.org\/{rel}","templated":true}]}}