{"id":2429,"date":"2020-09-27T17:00:10","date_gmt":"2020-09-27T17:00:10","guid":{"rendered":"http:\/\/blogsaverroes.juntadeandalucia.es\/ceipcoloniaaraceli\/?page_id=2429"},"modified":"2021-10-14T07:35:17","modified_gmt":"2021-10-14T07:35:17","slug":"elecciones-consejo-escolar","status":"publish","type":"page","link":"https:\/\/blogsaverroes.juntadeandalucia.es\/ceipcoloniaaraceli\/?page_id=2429","title":{"rendered":"Elecciones Consejo Escolar"},"content":{"rendered":"<h2><span style=\"color: #800000\">INICIO DEL PLAZO DE ADMISI\u00d3N DE CANDIDATURAS<\/span><\/h2>\n<p>Del 15 al 28 de octubre ser\u00e1 el plazo para presentar las candidaturas a nuestro Consejo Escolar. Deber\u00e1 presentarse el modelo que se adjunta en el registro del Centro (SECRETAR\u00cdA).&nbsp;<\/p>\n<p><a href=\"https:\/\/drive.google.com\/file\/d\/1EJePeXVbFwoSFepn4keQ9Pomgo9ROjr4\/view?usp=sharing\">Modelo de solicitud de candidaturas sector madres, padres y tutores\/as legales.<\/a><\/p>\n<p>&nbsp;<\/p>\n<h1 style=\"text-align: center\"><span style=\"color: #000080\"><strong>ELECCIONES CONSEJO ESCOLAR<\/strong><\/span><\/h1>\n<p><span style=\"color: #0000ff\"><strong>CIRCULAR A LA COMUNIDAD EDUCATIVA INFORMANDO SOBRE EL PROCESO EXTRAORDINARIO DE ELECCIONES DE LOS REPRESENTANTES DE LOS DISTITNOS SECTORES DE LA COMUNIDD EDUCATIVA EN EL CONSEJO ESCOLAR 2021<\/strong><\/span><\/p>\n<p>Estimados miembros de la Comunidad Educativa:<\/p>\n<p>Se han convocado elecciones extraordinarias de representantes al Consejo Escolar del Centro a trav\u00e9s de la <strong><em>RESOLUCI\u00d3N de 24 de septiembre de 2021<\/em><\/strong><em> de la Delegaci\u00f3n Territorial de Educaci\u00f3n y Deporte de Almer\u00eda por la que se acuerda la convocatoria de la celebraci\u00f3n de elecciones extraordinarias y se establece el calendario para el desarrollo del proceso electoral de representantes en los Consejos Escolares de los centros docentes sostenidos con fondos p\u00fablicos de la Comunidad Aut\u00f3noma de Andaluc\u00eda, a excepci\u00f3n de los centros espec\u00edficos de educaci\u00f3n permanente de personas adultas, y en el Consejo de Centro del Instituto Provincial de Educaci\u00f3n Permanente, durante el primer trimestre del curso 2021\/2022<\/em>.<\/p>\n<p>El Consejo Escolar es un \u00d3rgano Colegiado encargado de la toma de decisiones sobre aspectos fundamentales del funcionamiento y la gesti\u00f3n del Centro, compuesto por representantes de los distintos sectores de la Comunidad Educativa: Equipo Directivo, Profesorado, Madres\/Padres del alumnado, Personal de Administraci\u00f3n y Servicios y Personal de Atenci\u00f3n Educativa Complementaria, adem\u00e1s de un representante del Ayuntamiento.<\/p>\n<p>Seg\u00fan se especifica en la citada Resoluci\u00f3n, en cumplimiento del art\u00edculo 2.5 de la Orden de 7 de octubre de 2010, los representantes elegidos desempe\u00f1ar\u00e1n sus funciones durante un a\u00f1o, hasta el siguiente procedimiento ordinario de elecci\u00f3n de los miembros del Consejo Escolar.<\/p>\n<p>Las distintas actuaciones a desarrollar durante el proceso extraordinario de elecci\u00f3n de los nuevos representantes se detallan a continuaci\u00f3n con el fin de que la Comunidad Educativa est\u00e9 informada en todo momento y pueda participar con todas las garant\u00edas en dicho proceso.<\/p>\n<p>El Equipo Directivo os anima a participar en este proceso electivo para conformar el nuevo Consejo Escolar. Muchas gracias por vuestra colaboraci\u00f3n.<\/p>\n<p>Atentamente.<\/p>\n<p>EL DIRECTOR<\/p>\n<table width=\"100%\">\n<tbody>\n<tr>\n<td colspan=\"2\" width=\"100%\">\n<p style=\"text-align: center\"><strong>CALENDARIO ELECCIONES CONSEJO ESCOLAR 2021<\/strong><\/p>\n<\/td>\n<\/tr>\n<tr>\n<td width=\"41%\"><strong>FECHA<\/strong><\/td>\n<td width=\"58%\"><strong>ACTUACIONES<\/strong><\/td>\n<\/tr>\n<tr>\n<td style=\"text-align: center\" width=\"41%\"><strong>4 de octubre<\/strong><\/td>\n<td style=\"text-align: center\" width=\"58%\">Sorteo de miembros de la Junta Electoral<\/td>\n<\/tr>\n<tr>\n<td style=\"text-align: center\" width=\"41%\"><strong>6 de octubre<\/strong><\/td>\n<td style=\"text-align: center\" width=\"58%\">Constituci\u00f3n de la Junta Electoral y publicaci\u00f3n provisional de los censos electorales<\/td>\n<\/tr>\n<tr>\n<td style=\"text-align: center\" width=\"41%\"><strong>Del 6<\/strong><strong> al 8 de octubre<\/strong><\/td>\n<td style=\"text-align: center\" width=\"58%\">Reclamaciones a los censos<\/td>\n<\/tr>\n<tr>\n<td style=\"text-align: center\" width=\"41%\"><strong>13 de octubre<\/strong><\/td>\n<td style=\"text-align: center\" width=\"58%\">Publicaci\u00f3n definitiva de los censos<\/td>\n<\/tr>\n<tr>\n<td style=\"text-align: center\" width=\"41%\"><strong>Desde 15 de octubre<\/strong><\/p>\n<p><strong>hasta el 28 de<\/strong><strong> octubre<\/strong><\/p>\n<p><strong>(ambos inclusive).<\/strong><\/td>\n<td style=\"text-align: center\" width=\"58%\">Plazo de admisi\u00f3n de candidaturas<\/td>\n<\/tr>\n<tr>\n<td style=\"text-align: center\" width=\"41%\">\n<h2>29 de octubre<\/h2>\n<\/td>\n<td style=\"text-align: center\" width=\"58%\">\n<h2>Publicaci\u00f3n provisional del listado de candidaturas<\/h2>\n<\/td>\n<\/tr>\n<tr>\n<td style=\"text-align: center\" width=\"41%\"><strong>2 de noviembre<\/strong><\/td>\n<td style=\"text-align: center\" width=\"58%\">Reclamaciones a las candidaturas<\/td>\n<\/tr>\n<tr>\n<td style=\"text-align: center\" width=\"41%\"><strong>3 de noviembre<\/strong><\/td>\n<td style=\"text-align: center\" width=\"58%\">Publicaci\u00f3n definitiva del listado de candidaturas. Confecci\u00f3n de papeletas.<\/td>\n<\/tr>\n<tr>\n<td style=\"text-align: center\" width=\"41%\"><strong>Desde el 4 de noviembre<\/strong><\/p>\n<p><strong>hasta el 12 de noviembre<\/strong><\/td>\n<td style=\"text-align: center\" width=\"58%\">Campa\u00f1a electoral<\/td>\n<\/tr>\n<tr>\n<td style=\"text-align: center\" width=\"41%\"><strong>16 de noviembre<\/strong><\/td>\n<td style=\"text-align: center\" width=\"58%\">Elecciones del sector del sector del profesorado, del personal de administraci\u00f3n y servicios y, en su caso, del personal de atenci\u00f3n educativa complementaria.<\/td>\n<\/tr>\n<tr>\n<td style=\"text-align: center\" width=\"41%\"><strong>17 de noviembre<\/strong><\/td>\n<td style=\"text-align: center\" width=\"58%\">Elecciones del sector de madres, padres y personas que ejerzan la tutela legal del alumnado.<\/td>\n<\/tr>\n<tr>\n<td style=\"text-align: center\" width=\"41%\"><strong>Antes del 2 de diciembre<\/strong><\/td>\n<td style=\"text-align: center\" width=\"58%\">Proclamaci\u00f3n de representantes electos<\/td>\n<\/tr>\n<tr>\n<td style=\"text-align: center\" width=\"41%\"><strong>Antes del 17 de diciembre<\/strong><\/td>\n<td style=\"text-align: center\" width=\"58%\">Constituci\u00f3n del nuevo Consejo Escolar<\/td>\n<\/tr>\n<\/tbody>\n<\/table>\n<ul>\n<li><a href=\"https:\/\/drive.google.com\/file\/d\/1oHnmDYMP3ZdIQQIkbE-Vz9J7G92QQL-X\/view?usp=sharing\"><span style=\"color: #000000\">Informaci\u00f3n madres y madres sobre el proceso.<\/span><\/a><\/li>\n<li><span style=\"color: #000000\">Convocatoria sorteo p\u00fablico.<\/span><\/li>\n<li><span style=\"color: #000000\">Modelo para la presentaci\u00f3n de candidaturas. Enviarlo relleno a 04005235.ed@juntadeandalucia.es&nbsp;<\/span><\/li>\n<\/ul>\n","protected":false},"excerpt":{"rendered":"<p>INICIO DEL PLAZO DE ADMISI\u00d3N DE CANDIDATURAS Del 15 al 28 de octubre ser\u00e1 el plazo para presentar las candidaturas a nuestro Consejo Escolar. Deber\u00e1 presentarse el modelo que se adjunta en el registro del Centro (SECRETAR\u00cdA).&nbsp; Modelo de solicitud de candidaturas sector madres, padres y tutores\/as legales. &nbsp; ELECCIONES CONSEJO ESCOLAR CIRCULAR A LA &hellip; <a href=\"https:\/\/blogsaverroes.juntadeandalucia.es\/ceipcoloniaaraceli\/?page_id=2429\" class=\"more-link\">Continuar leyendo<span class=\"screen-reader-text\"> \u00abElecciones Consejo Escolar\u00bb<\/span><\/a><\/p>\n","protected":false},"author":3110,"featured_media":0,"parent":0,"menu_order":0,"comment_status":"closed","ping_status":"closed","template":"","meta":{"ngg_post_thumbnail":0,"footnotes":"","_mc_calendar":[]},"aioseo_notices":[],"_links":{"self":[{"href":"https:\/\/blogsaverroes.juntadeandalucia.es\/ceipcoloniaaraceli\/index.php?rest_route=\/wp\/v2\/pages\/2429"}],"collection":[{"href":"https:\/\/blogsaverroes.juntadeandalucia.es\/ceipcoloniaaraceli\/index.php?rest_route=\/wp\/v2\/pages"}],"about":[{"href":"https:\/\/blogsaverroes.juntadeandalucia.es\/ceipcoloniaaraceli\/index.php?rest_route=\/wp\/v2\/types\/page"}],"author":[{"embeddable":true,"href":"https:\/\/blogsaverroes.juntadeandalucia.es\/ceipcoloniaaraceli\/index.php?rest_route=\/wp\/v2\/users\/3110"}],"replies":[{"embeddable":true,"href":"https:\/\/blogsaverroes.juntadeandalucia.es\/ceipcoloniaaraceli\/index.php?rest_route=%2Fwp%2Fv2%2Fcomments&post=2429"}],"version-history":[{"count":12,"href":"https:\/\/blogsaverroes.juntadeandalucia.es\/ceipcoloniaaraceli\/index.php?rest_route=\/wp\/v2\/pages\/2429\/revisions"}],"predecessor-version":[{"id":2536,"href":"https:\/\/blogsaverroes.juntadeandalucia.es\/ceipcoloniaaraceli\/index.php?rest_route=\/wp\/v2\/pages\/2429\/revisions\/2536"}],"wp:attachment":[{"href":"https:\/\/blogsaverroes.juntadeandalucia.es\/ceipcoloniaaraceli\/index.php?rest_route=%2Fwp%2Fv2%2Fmedia&parent=2429"}],"curies":[{"name":"wp","href":"https:\/\/api.w.org\/{rel}","templated":true}]}}