{"id":141,"date":"2015-03-17T07:13:24","date_gmt":"2015-03-17T07:13:24","guid":{"rendered":"http:\/\/blogsaverroes.juntadeandalucia.es\/pre\/ceip\/?page_id=141"},"modified":"2025-03-05T11:37:20","modified_gmt":"2025-03-05T11:37:20","slug":"escolarizacion","status":"publish","type":"page","link":"https:\/\/blogsaverroes.juntadeandalucia.es\/ceipcondedetendilla\/escolarizacion\/","title":{"rendered":"Escolarizaci\u00f3n Curso 2025\/2026"},"content":{"rendered":"<p>&nbsp;<\/p>\n<p><strong>INFORMACI\u00d3N PROCESO DE ADMISI\u00d3N 2025\/2026<\/strong><\/p>\n<p><strong>C.E.I.P. CONDE DE TENDILLA \ud83c\udfeb\ud83d\udcda\ud83d\udcdd<\/strong><\/p>\n<ul style=\"list-style-type: circle\">\n<li>Ed. Infantil 3 a\u00f1os. <span style=\"color: #008000\"><strong>Nacidos en 2022.<\/strong><\/span><\/li>\n<li><span style=\"color: #008000\"><strong>PLAZO DE ADMISI\u00d3N DE SOLICITUDES: Del 1-31 de marzo 2025 ambos inclusive.<\/strong><\/span><\/li>\n<li>Documentaci\u00f3n entregarse en el Centro. Secretar\u00eda: 9:15-13:45h.<\/li>\n<li>Se har\u00e1 una visita del alumnado con la Escuela Infantil <em>\u00abNido\u00bb<\/em> el d\u00eda 12 de marzo. De manera particular, invitamos a cualquier familia interesada, a contactar con nosotros para realizar una visita guiada a nuestro centro del 10 al 14 de marzo (conocer las instalaciones, equipo de trabajo, metodolog\u00eda, actividades y servicios. En horario flexible ma\u00f1ana o tarde).<\/li>\n<\/ul>\n<p>Cita previa, cualquier consulta o m\u00e1s informaci\u00f3n: llamar en horario escolar al <span style=\"color: #008000\"><strong>958369532<\/strong><\/span> o correo electr\u00f3nico a <strong><span style=\"color: #008000\">18000362.edu@juntadeandalucia.es<\/span><\/strong><\/p>\n<p><em>Se adjuntan enlaces con toda la informaci\u00f3n oficial sobre el Proceso de Admisi\u00f3n, y Secretar\u00eda virtual de centro docentes andaluces.<\/em><\/p>\n<p><a title=\"Escolarizaci\u00f3n 2024\/2025 - Infantil a Bachillerato\" href=\"https:\/\/www.juntadeandalucia.es\/educacion\/portales\/web\/escolarizacion\/infantil-a-bachillerato\" target=\"_blank\" rel=\"noopener noreferrer\">Escolarizaci\u00f3n 2025\/2026 &#8211; Infantil a Bachillerato<\/a><\/p>\n<p><a title=\"Secretar\u00eda Virtual. Solicitudes. Escolarizaci\u00f3n R\u00e9gimen General\" href=\"https:\/\/www.juntadeandalucia.es\/educacion\/secretariavirtual\/solicitudes\/\" target=\"_blank\" rel=\"noopener noreferrer\">Secretar\u00eda Virtual. Solicitudes. Escolarizaci\u00f3n R\u00e9gimen General<\/a><\/p>\n<p><a title=\"Documentaci\u00f3n escolarizaci\u00f3n 24.25\" href=\"https:\/\/drive.google.com\/file\/d\/1RxSZ4loRT5SVkeLPxdm1paLFT5UCOSOp\/view?usp=sharing\" target=\"_blank\" rel=\"noopener noreferrer\">Documentaci\u00f3n escolarizaci\u00f3n 25.26<\/a><\/p>\n<p><a title=\"Solicitud de admisi\u00f3n - Anexo III\" href=\"https:\/\/drive.google.com\/file\/d\/175PB1022NGZZHi4gMSfyc-h0AG1uZxHb\/view?usp=sharing\" target=\"_blank\" rel=\"noopener noreferrer\">Solicitud de admisi\u00f3n &#8211; Anexo III<\/a><\/p>\n<p><a title=\"Solicitud para cursar la ense\u00f1anza de Religi\u00f3n\" href=\"https:\/\/drive.google.com\/file\/d\/175PB1022NGZZHi4gMSfyc-h0AG1uZxHb\/view?usp=sharing\" target=\"_blank\" rel=\"noopener noreferrer\">Solicitud para cursar la ense\u00f1anza de Religi\u00f3n<\/a><\/p>\n<p><a title=\"Consentimiento para la publicaci\u00f3n de im\u00e1genes y\/o v\u00eddeos\" href=\"https:\/\/drive.google.com\/file\/d\/1QexrkKHfs4LXZWdUlql-J2tTMOfQbmu4\/view?usp=sharing\" target=\"_blank\" rel=\"noopener noreferrer\">Consentimiento para la publicaci\u00f3n de im\u00e1genes y\/o v\u00eddeos<\/a><\/p>\n<p><a title=\"Cuestionario inicial de escolarizaci\u00f3n\" href=\"https:\/\/blogsaverroes.juntadeandalucia.es\/ceipcondedetendilla\/files\/2024\/03\/CUESTIONARIO-INICIAL-ESCOLARIZACI\u00d3N-24.25.pdf\" target=\"_blank\" rel=\"noopener noreferrer\">Cuestionario inicial de escolarizaci\u00f3n<\/a><\/p>\n<p><a title=\"Datos de contacto del alumno\/a\" href=\"https:\/\/drive.google.com\/file\/d\/12DGgXBM3hXhtlwiCo5E_7JldwIMyNDGw\/view?usp=sharing\" target=\"_blank\" rel=\"noopener noreferrer\">Datos de contacto del alumno\/a<\/a><\/p>\n<p><a title=\"Datos personales del alumno\/a\" href=\"https:\/\/drive.google.com\/file\/d\/1R6wSgFWKS3bxeHnkSvDwS99QJpF9xXqe\/view?usp=sharing\" target=\"_blank\" rel=\"noopener noreferrer\">Datos personales del alumno\/a<\/a><\/p>\n<p>&nbsp;<\/p>\n<p>&nbsp;<\/p>\n","protected":false},"excerpt":{"rendered":"<p>&nbsp; INFORMACI\u00d3N PROCESO DE ADMISI\u00d3N 2025\/2026 C.E.I.P. CONDE DE TENDILLA \ud83c\udfeb\ud83d\udcda\ud83d\udcdd Ed. Infantil 3 a\u00f1os. Nacidos en 2022. PLAZO DE ADMISI\u00d3N DE SOLICITUDES: Del 1-31 de marzo 2025 ambos inclusive. Documentaci\u00f3n entregarse en el Centro. Secretar\u00eda: 9:15-13:45h. Se har\u00e1 una visita del alumnado con la Escuela Infantil \u00abNido\u00bb el d\u00eda 12 de marzo. De manera &hellip; <\/p>\n<p class=\"link-more\"><a href=\"https:\/\/blogsaverroes.juntadeandalucia.es\/ceipcondedetendilla\/escolarizacion\/\" class=\"more-link\">Continuar leyendo<span class=\"screen-reader-text\"> \u00abEscolarizaci\u00f3n Curso 2025\/2026\u00bb<\/span><\/a><\/p>\n","protected":false},"author":1,"featured_media":0,"parent":0,"menu_order":0,"comment_status":"closed","ping_status":"open","template":"","meta":{"ngg_post_thumbnail":0,"footnotes":""},"aioseo_notices":[],"_links":{"self":[{"href":"https:\/\/blogsaverroes.juntadeandalucia.es\/ceipcondedetendilla\/wp-json\/wp\/v2\/pages\/141"}],"collection":[{"href":"https:\/\/blogsaverroes.juntadeandalucia.es\/ceipcondedetendilla\/wp-json\/wp\/v2\/pages"}],"about":[{"href":"https:\/\/blogsaverroes.juntadeandalucia.es\/ceipcondedetendilla\/wp-json\/wp\/v2\/types\/page"}],"author":[{"embeddable":true,"href":"https:\/\/blogsaverroes.juntadeandalucia.es\/ceipcondedetendilla\/wp-json\/wp\/v2\/users\/1"}],"replies":[{"embeddable":true,"href":"https:\/\/blogsaverroes.juntadeandalucia.es\/ceipcondedetendilla\/wp-json\/wp\/v2\/comments?post=141"}],"version-history":[{"count":17,"href":"https:\/\/blogsaverroes.juntadeandalucia.es\/ceipcondedetendilla\/wp-json\/wp\/v2\/pages\/141\/revisions"}],"predecessor-version":[{"id":7339,"href":"https:\/\/blogsaverroes.juntadeandalucia.es\/ceipcondedetendilla\/wp-json\/wp\/v2\/pages\/141\/revisions\/7339"}],"wp:attachment":[{"href":"https:\/\/blogsaverroes.juntadeandalucia.es\/ceipcondedetendilla\/wp-json\/wp\/v2\/media?parent=141"}],"curies":[{"name":"wp","href":"https:\/\/api.w.org\/{rel}","templated":true}]}}