{"id":424,"date":"2015-03-20T07:05:20","date_gmt":"2015-03-20T07:05:20","guid":{"rendered":"http:\/\/blogsaverroes.juntadeandalucia.es\/pre\/ceip\/?page_id=424"},"modified":"2024-10-02T10:00:21","modified_gmt":"2024-10-02T10:00:21","slug":"educacion-infantil","status":"publish","type":"page","link":"https:\/\/blogsaverroes.juntadeandalucia.es\/ceipcostaoeste\/educacion-infantil\/","title":{"rendered":"Educaci\u00f3n infantil"},"content":{"rendered":"<p>&nbsp;<\/p>\n<table style=\"background-color: #3fced9\">\n<tbody>\n<tr>\n<td>\n<p style=\"text-align: center\"><a href=\"http:\/\/blogsaverroes.juntadeandalucia.es\/ceipcostaoeste\/files\/2015\/03\/AULA-INFANTIL-2.jpg\"><img loading=\"lazy\" decoding=\"async\" class=\" wp-image-2290 aligncenter\" src=\"http:\/\/blogsaverroes.juntadeandalucia.es\/ceipcostaoeste\/files\/2015\/03\/AULA-INFANTIL-2-300x225.jpg\" alt=\"AULA INFANTIL 2\" width=\"194\" height=\"145\" srcset=\"https:\/\/blogsaverroes.juntadeandalucia.es\/ceipcostaoeste\/files\/2015\/03\/AULA-INFANTIL-2-300x225.jpg 300w, https:\/\/blogsaverroes.juntadeandalucia.es\/ceipcostaoeste\/files\/2015\/03\/AULA-INFANTIL-2-1024x768.jpg 1024w, https:\/\/blogsaverroes.juntadeandalucia.es\/ceipcostaoeste\/files\/2015\/03\/AULA-INFANTIL-2-24x18.jpg 24w, https:\/\/blogsaverroes.juntadeandalucia.es\/ceipcostaoeste\/files\/2015\/03\/AULA-INFANTIL-2-36x27.jpg 36w, https:\/\/blogsaverroes.juntadeandalucia.es\/ceipcostaoeste\/files\/2015\/03\/AULA-INFANTIL-2-48x36.jpg 48w, https:\/\/blogsaverroes.juntadeandalucia.es\/ceipcostaoeste\/files\/2015\/03\/AULA-INFANTIL-2.jpg 1280w\" sizes=\"(max-width: 194px) 100vw, 194px\" \/><\/a><strong>AULA DE INFANTIL<\/strong><\/p>\n<\/td>\n<td style=\"text-align: center\"><a href=\"http:\/\/blogsaverroes.juntadeandalucia.es\/ceipcostaoeste\/files\/2015\/03\/AULA-PEDAGOG\u00cdA-TERAPE\u00daTICA.jpg\"><img loading=\"lazy\" decoding=\"async\" class=\" wp-image-2292 aligncenter\" src=\"http:\/\/blogsaverroes.juntadeandalucia.es\/ceipcostaoeste\/files\/2015\/03\/AULA-PEDAGOG\u00cdA-TERAPE\u00daTICA-300x225.jpg\" alt=\"AULA PEDAGOG\u00cdA TERAPE\u00daTICA\" width=\"204\" height=\"153\" srcset=\"https:\/\/blogsaverroes.juntadeandalucia.es\/ceipcostaoeste\/files\/2015\/03\/AULA-PEDAGOG\u00cdA-TERAPE\u00daTICA-300x225.jpg 300w, https:\/\/blogsaverroes.juntadeandalucia.es\/ceipcostaoeste\/files\/2015\/03\/AULA-PEDAGOG\u00cdA-TERAPE\u00daTICA-1024x768.jpg 1024w, https:\/\/blogsaverroes.juntadeandalucia.es\/ceipcostaoeste\/files\/2015\/03\/AULA-PEDAGOG\u00cdA-TERAPE\u00daTICA-24x18.jpg 24w, https:\/\/blogsaverroes.juntadeandalucia.es\/ceipcostaoeste\/files\/2015\/03\/AULA-PEDAGOG\u00cdA-TERAPE\u00daTICA-36x27.jpg 36w, https:\/\/blogsaverroes.juntadeandalucia.es\/ceipcostaoeste\/files\/2015\/03\/AULA-PEDAGOG\u00cdA-TERAPE\u00daTICA-48x36.jpg 48w, https:\/\/blogsaverroes.juntadeandalucia.es\/ceipcostaoeste\/files\/2015\/03\/AULA-PEDAGOG\u00cdA-TERAPE\u00daTICA.jpg 1280w\" sizes=\"(max-width: 204px) 100vw, 204px\" \/><\/a><strong>AULA DE PEDAGOG\u00cdA TERAPE\u00daTICA<\/strong><\/td>\n<td style=\"text-align: center\"><a href=\"http:\/\/blogsaverroes.juntadeandalucia.es\/ceipcostaoeste\/files\/2015\/03\/AULA-INFANTIL.jpg\"><img loading=\"lazy\" decoding=\"async\" class=\" wp-image-2291 aligncenter\" src=\"http:\/\/blogsaverroes.juntadeandalucia.es\/ceipcostaoeste\/files\/2015\/03\/AULA-INFANTIL-300x225.jpg\" alt=\"AULA INFANTIL\" width=\"200\" height=\"150\" srcset=\"https:\/\/blogsaverroes.juntadeandalucia.es\/ceipcostaoeste\/files\/2015\/03\/AULA-INFANTIL-300x225.jpg 300w, https:\/\/blogsaverroes.juntadeandalucia.es\/ceipcostaoeste\/files\/2015\/03\/AULA-INFANTIL-1024x768.jpg 1024w, https:\/\/blogsaverroes.juntadeandalucia.es\/ceipcostaoeste\/files\/2015\/03\/AULA-INFANTIL-24x18.jpg 24w, https:\/\/blogsaverroes.juntadeandalucia.es\/ceipcostaoeste\/files\/2015\/03\/AULA-INFANTIL-36x27.jpg 36w, https:\/\/blogsaverroes.juntadeandalucia.es\/ceipcostaoeste\/files\/2015\/03\/AULA-INFANTIL-48x36.jpg 48w, https:\/\/blogsaverroes.juntadeandalucia.es\/ceipcostaoeste\/files\/2015\/03\/AULA-INFANTIL.jpg 1280w\" sizes=\"(max-width: 200px) 100vw, 200px\" \/><\/a><strong>AULA DE INFANTIL<\/strong><\/td>\n<\/tr>\n<tr>\n<td style=\"text-align: center\">&nbsp; <strong>PATIO DE INFANTIL<\/strong><\/p>\n<p><a href=\"https:\/\/blogsaverroes.juntadeandalucia.es\/ceipcostaoeste\/files\/2020\/03\/foto.jpg\"><img loading=\"lazy\" decoding=\"async\" class=\"size-thumbnail wp-image-2869 aligncenter\" src=\"https:\/\/blogsaverroes.juntadeandalucia.es\/ceipcostaoeste\/files\/2020\/03\/foto-150x150.jpg\" alt=\"\" width=\"150\" height=\"150\" srcset=\"https:\/\/blogsaverroes.juntadeandalucia.es\/ceipcostaoeste\/files\/2020\/03\/foto-150x150.jpg 150w, https:\/\/blogsaverroes.juntadeandalucia.es\/ceipcostaoeste\/files\/2020\/03\/foto-100x100.jpg 100w\" sizes=\"(max-width: 150px) 100vw, 150px\" \/><\/a><\/td>\n<td style=\"text-align: center\"><strong>&nbsp;PASILLO DE INFANTIL<\/strong><a href=\"http:\/\/blogsaverroes.juntadeandalucia.es\/ceipcostaoeste\/files\/2015\/03\/PASILLO-INFANTIL.jpg\"><img loading=\"lazy\" decoding=\"async\" class=\" wp-image-2296 aligncenter\" src=\"http:\/\/blogsaverroes.juntadeandalucia.es\/ceipcostaoeste\/files\/2015\/03\/PASILLO-INFANTIL-300x225.jpg\" alt=\"PASILLO INFANTIL\" width=\"199\" height=\"149\" srcset=\"https:\/\/blogsaverroes.juntadeandalucia.es\/ceipcostaoeste\/files\/2015\/03\/PASILLO-INFANTIL-300x225.jpg 300w, https:\/\/blogsaverroes.juntadeandalucia.es\/ceipcostaoeste\/files\/2015\/03\/PASILLO-INFANTIL-1024x768.jpg 1024w, https:\/\/blogsaverroes.juntadeandalucia.es\/ceipcostaoeste\/files\/2015\/03\/PASILLO-INFANTIL-24x18.jpg 24w, https:\/\/blogsaverroes.juntadeandalucia.es\/ceipcostaoeste\/files\/2015\/03\/PASILLO-INFANTIL-36x27.jpg 36w, https:\/\/blogsaverroes.juntadeandalucia.es\/ceipcostaoeste\/files\/2015\/03\/PASILLO-INFANTIL-48x36.jpg 48w, https:\/\/blogsaverroes.juntadeandalucia.es\/ceipcostaoeste\/files\/2015\/03\/PASILLO-INFANTIL.jpg 1280w\" sizes=\"(max-width: 199px) 100vw, 199px\" \/><\/a><\/td>\n<td>\n<p style=\"text-align: center\"><strong>&nbsp;VISTAS DE INFANTIL<\/strong><\/p>\n<p><a href=\"http:\/\/blogsaverroes.juntadeandalucia.es\/ceipcostaoeste\/files\/2015\/03\/IMG_2173.jpg\"><img loading=\"lazy\" decoding=\"async\" class=\" wp-image-2295 aligncenter\" src=\"http:\/\/blogsaverroes.juntadeandalucia.es\/ceipcostaoeste\/files\/2015\/03\/IMG_2173-300x225.jpg\" alt=\"IMG_2173\" width=\"199\" height=\"149\" srcset=\"https:\/\/blogsaverroes.juntadeandalucia.es\/ceipcostaoeste\/files\/2015\/03\/IMG_2173-300x225.jpg 300w, https:\/\/blogsaverroes.juntadeandalucia.es\/ceipcostaoeste\/files\/2015\/03\/IMG_2173-1024x768.jpg 1024w, https:\/\/blogsaverroes.juntadeandalucia.es\/ceipcostaoeste\/files\/2015\/03\/IMG_2173-24x18.jpg 24w, https:\/\/blogsaverroes.juntadeandalucia.es\/ceipcostaoeste\/files\/2015\/03\/IMG_2173-36x27.jpg 36w, https:\/\/blogsaverroes.juntadeandalucia.es\/ceipcostaoeste\/files\/2015\/03\/IMG_2173-48x36.jpg 48w, https:\/\/blogsaverroes.juntadeandalucia.es\/ceipcostaoeste\/files\/2015\/03\/IMG_2173.jpg 1600w\" sizes=\"(max-width: 199px) 100vw, 199px\" \/><\/a><\/td>\n<\/tr>\n<\/tbody>\n<\/table>\n<p style=\"text-align: justify\">La Educaci\u00f3n Infantil&nbsp;es la etapa educativa que atiende a ni\u00f1as y ni\u00f1os <strong>desde el nacimiento hasta los seis a\u00f1os <\/strong>con la finalidad de contribuir a su desarrollo f\u00edsico, afectivo, social e intelectual. Se ordena en dos ciclos: el primero comprende hasta los tres a\u00f1os; el segundo, que es gratuito, va&nbsp;desde los tres a los seis a\u00f1os de edad.<\/p>\n<p style=\"text-align: justify\">Teniendo&nbsp;<strong>car\u00e1cter voluntario<\/strong>, este segundo ciclo se ha generalizado en toda Espa\u00f1a, de modo que en la actualidad pr\u00e1cticamente el 100% de los ni\u00f1os y ni\u00f1as de 3 a 6 a\u00f1os acuden al colegio de manera gratuita. La escolarizaci\u00f3n temprana se considera un gran logro que incidir\u00e1 positivamente en la mejora del rendimiento escolar futuro.<\/p>\n<p style=\"text-align: justify\">En&nbsp;los dos&nbsp;ciclos de la Educaci\u00f3n Infantil se atiende progresivamente al desarrollo afectivo, al movimiento y a los h\u00e1bitos de control corporal, a las manifestaciones de la comunicaci\u00f3n y del lenguaje, a las pautas elementales de convivencia y relaci\u00f3n social, as\u00ed como al descubrimiento de las caracter\u00edsticas f\u00edsicas y sociales del medio. Adem\u00e1s se&nbsp;propicia que ni\u00f1as y ni\u00f1os&nbsp;logren una imagen positiva y equilibrada de s\u00ed mismos&nbsp;y adquieran autonom\u00eda personal.<\/p>\n<table>\n<tbody>\n<tr>\n<td>\n<p style=\"text-align: center\"><strong>PROFESORADO DEL CENTRO&nbsp; CURSO 2024-2025<\/strong><\/p>\n<p style=\"text-align: center\"><em><span style=\"color: #0000ff\"><strong>EDUCACI\u00d3N INFANTIL <\/strong><\/span><\/em><\/p>\n<p><em><strong>&nbsp;<\/strong><\/em><\/p>\n<table style=\"background-color: #9de882;width: 83.5593%;height: 242px\" width=\"590\">\n<tbody>\n<tr style=\"height: 22px\">\n<td style=\"background-color: #4b95db;width: 50.3428%;height: 22px\"><strong><span style=\"color: #993366\">Guti\u00e9rrez V\u00e1zquez, Eva<\/span><\/strong><\/td>\n<td style=\"background-color: #4b95db;width: 48.0345%;height: 22px\"><strong>Educaci\u00f3n Infantil&nbsp;&nbsp;&nbsp;&nbsp;&nbsp;&nbsp;&nbsp;&nbsp;&nbsp;&nbsp;&nbsp;&nbsp;&nbsp;&nbsp;&nbsp;&nbsp; 3 A\u00d1OS&nbsp;&nbsp; A<\/strong><\/td>\n<\/tr>\n<tr style=\"height: 22px\">\n<td style=\"background-color: #4b95db;width: 50.3428%;height: 22px\"><span style=\"color: #993366\"><strong>Delgado Feria, M\u00aa del Mar<\/strong><\/span><\/td>\n<td style=\"background-color: #4b95db;width: 48.0345%;height: 22px\"><strong>Educaci\u00f3n Infantil&nbsp;&nbsp;&nbsp;&nbsp;&nbsp;&nbsp;&nbsp;&nbsp;&nbsp;&nbsp;&nbsp;&nbsp;&nbsp;&nbsp;&nbsp;&nbsp; 3 A\u00d1OS&nbsp;&nbsp; B<\/strong><\/td>\n<\/tr>\n<tr style=\"height: 22px\">\n<td style=\"background-color: #4b95db;width: 50.3428%;height: 22px\"><span style=\"color: #993366\"><strong>Almaz\u00e1n L\u00f3pez, Arantxa &nbsp;(Coordinadora)&nbsp;<\/strong><\/span><\/td>\n<td style=\"background-color: #4b95db;width: 48.0345%;height: 22px\"><strong>Educaci\u00f3n Infantil&nbsp;&nbsp;&nbsp;&nbsp;&nbsp;&nbsp;&nbsp;&nbsp;&nbsp;&nbsp;&nbsp;&nbsp;&nbsp;&nbsp;&nbsp;&nbsp; 4 A\u00d1OS&nbsp;&nbsp; A<\/strong><\/td>\n<\/tr>\n<tr style=\"height: 22px\">\n<td style=\"background-color: #4b95db;width: 50.3428%;height: 22px\"><strong><span style=\"color: #993366\">Torres Zapata, Jesica<\/span><\/strong><\/td>\n<td style=\"background-color: #4b95db;width: 48.0345%;height: 22px\"><strong>Educaci\u00f3n Infantil&nbsp;&nbsp;&nbsp;&nbsp;&nbsp;&nbsp;&nbsp;&nbsp;&nbsp;&nbsp;&nbsp;&nbsp;&nbsp;&nbsp;&nbsp;&nbsp; 4 A\u00d1OS&nbsp;&nbsp; B<\/strong><\/td>\n<\/tr>\n<tr style=\"height: 22px\">\n<td style=\"background-color: #4b95db;width: 50.3428%;height: 22px\"><span style=\"color: #993366\"><strong>Caro Garc\u00eda, Pilar&nbsp;<\/strong><\/span><\/td>\n<td style=\"background-color: #4b95db;width: 48.0345%;height: 22px\"><strong>Educaci\u00f3n Infantil&nbsp;&nbsp;&nbsp;&nbsp;&nbsp;&nbsp;&nbsp;&nbsp;&nbsp;&nbsp;&nbsp;&nbsp;&nbsp;&nbsp;&nbsp;&nbsp; 5 A\u00d1OS&nbsp;&nbsp; A<\/strong><\/td>\n<\/tr>\n<tr style=\"height: 22px\">\n<td style=\"background-color: #4b95db;width: 50.3428%;height: 22px\"><span style=\"color: #993366\"><strong>Hidalgo Mart\u00ednez,&nbsp;&nbsp;Ver\u00f3nica<\/strong><\/span><\/td>\n<td style=\"background-color: #4b95db;width: 48.0345%;height: 22px\"><strong>Educaci\u00f3n Infantil&nbsp;&nbsp;&nbsp;&nbsp;&nbsp;&nbsp;&nbsp;&nbsp;&nbsp;&nbsp;&nbsp;&nbsp;&nbsp;&nbsp;&nbsp;&nbsp; 5 A\u00d1OS&nbsp;&nbsp; B<\/strong><\/td>\n<\/tr>\n<tr style=\"height: 22px\">\n<td style=\"background-color: #4b95db;width: 50.3428%;height: 22px\"><span style=\"color: #993366\"><strong>Cair\u00f3n Ceballos, Eva Mar\u00eda<\/strong><\/span><\/td>\n<td style=\"background-color: #4b95db;width: 48.0345%;height: 22px\"><strong>Educaci\u00f3n Infantil&nbsp;&nbsp;&nbsp;&nbsp;&nbsp;&nbsp;&nbsp;&nbsp;&nbsp;&nbsp;&nbsp;&nbsp;&nbsp;&nbsp;&nbsp; REFUERZO<\/strong><\/td>\n<\/tr>\n<tr style=\"height: 22px\">\n<td style=\"width: 50.3428%;height: 22px\"><span style=\"color: #0000ff\"><strong>Albaiceta Vi\u00f1as, Bel\u00e9n<\/strong><\/span><\/td>\n<td style=\"width: 48.0345%;height: 22px\"><strong>Lengua Extranjera-Ingl\u00e9s&nbsp; &nbsp;<\/strong><\/td>\n<\/tr>\n<tr style=\"height: 22px\">\n<td style=\"width: 50.3428%;height: 22px\"><span style=\"color: #0000ff\"><strong>Guerrero Casta\u00f1o, Francisca<\/strong><\/span><\/td>\n<td style=\"width: 48.0345%;height: 22px\"><strong>Audici\u00f3n y Lenguaje<\/strong><\/td>\n<\/tr>\n<tr style=\"height: 22px\">\n<td style=\"width: 50.3428%;height: 22px\"><span style=\"color: #0000ff\"><strong>Berm\u00fadez Rodr\u00edguez, Pedro<\/strong><\/span><\/td>\n<td style=\"width: 48.0345%;height: 22px\"><strong>Pedagog\u00eda Terap\u00e9utica<\/strong><\/td>\n<\/tr>\n<tr style=\"height: 22px\">\n<td style=\"width: 50.3428%;height: 22px\"><span style=\"color: #0000ff\"><strong>Torrej\u00f3n Manzorro, Mar\u00eda de Jes\u00fas<\/strong><\/span><\/td>\n<td style=\"width: 48.0345%;height: 22px\"><strong>Religi\u00f3n<\/strong><\/td>\n<\/tr>\n<\/tbody>\n<\/table>\n<\/td>\n<\/tr>\n<\/tbody>\n<\/table>\n","protected":false},"excerpt":{"rendered":"<p>&nbsp; AULA DE INFANTIL AULA DE PEDAGOG\u00cdA TERAPE\u00daTICA AULA DE INFANTIL &nbsp; PATIO DE INFANTIL &nbsp;PASILLO DE INFANTIL &nbsp;VISTAS DE INFANTIL La Educaci\u00f3n Infantil&nbsp;es la etapa educativa que atiende a ni\u00f1as y ni\u00f1os desde&#46;&#46;&#46;<\/p>\n","protected":false},"author":1,"featured_media":0,"parent":0,"menu_order":0,"comment_status":"closed","ping_status":"open","template":"page-sc.php","meta":{"ngg_post_thumbnail":0,"footnotes":"","_mc_calendar":[]},"aioseo_notices":[],"_links":{"self":[{"href":"https:\/\/blogsaverroes.juntadeandalucia.es\/ceipcostaoeste\/wp-json\/wp\/v2\/pages\/424"}],"collection":[{"href":"https:\/\/blogsaverroes.juntadeandalucia.es\/ceipcostaoeste\/wp-json\/wp\/v2\/pages"}],"about":[{"href":"https:\/\/blogsaverroes.juntadeandalucia.es\/ceipcostaoeste\/wp-json\/wp\/v2\/types\/page"}],"author":[{"embeddable":true,"href":"https:\/\/blogsaverroes.juntadeandalucia.es\/ceipcostaoeste\/wp-json\/wp\/v2\/users\/1"}],"replies":[{"embeddable":true,"href":"https:\/\/blogsaverroes.juntadeandalucia.es\/ceipcostaoeste\/wp-json\/wp\/v2\/comments?post=424"}],"version-history":[{"count":18,"href":"https:\/\/blogsaverroes.juntadeandalucia.es\/ceipcostaoeste\/wp-json\/wp\/v2\/pages\/424\/revisions"}],"predecessor-version":[{"id":3467,"href":"https:\/\/blogsaverroes.juntadeandalucia.es\/ceipcostaoeste\/wp-json\/wp\/v2\/pages\/424\/revisions\/3467"}],"wp:attachment":[{"href":"https:\/\/blogsaverroes.juntadeandalucia.es\/ceipcostaoeste\/wp-json\/wp\/v2\/media?parent=424"}],"curies":[{"name":"wp","href":"https:\/\/api.w.org\/{rel}","templated":true}]}}