{"id":432,"date":"2015-03-20T07:07:25","date_gmt":"2015-03-20T07:07:25","guid":{"rendered":"http:\/\/blogsaverroes.juntadeandalucia.es\/pre\/ceip\/?page_id=432"},"modified":"2024-10-02T10:19:16","modified_gmt":"2024-10-02T10:19:16","slug":"ed-primaria-2o-ciclo","status":"publish","type":"page","link":"https:\/\/blogsaverroes.juntadeandalucia.es\/ceipcostaoeste\/ed-primaria-2o-ciclo\/","title":{"rendered":"Ed. Primaria. 2\u00ba ciclo"},"content":{"rendered":"<table style=\"background-color: #56a7d6\">\n<tbody>\n<tr>\n<td style=\"text-align: center\"><strong>AULA DE A.L.<\/strong><br \/>\n<strong><a href=\"http:\/\/blogsaverroes.juntadeandalucia.es\/ceipcostaoeste\/files\/2015\/03\/AULA-A.L-1.jpg\"><img loading=\"lazy\" decoding=\"async\" class=\" wp-image-2355 aligncenter\" src=\"http:\/\/blogsaverroes.juntadeandalucia.es\/ceipcostaoeste\/files\/2015\/03\/AULA-A.L-1-300x225.jpg\" alt=\"AULA A.L (1)\" width=\"195\" height=\"146\" srcset=\"https:\/\/blogsaverroes.juntadeandalucia.es\/ceipcostaoeste\/files\/2015\/03\/AULA-A.L-1-300x225.jpg 300w, https:\/\/blogsaverroes.juntadeandalucia.es\/ceipcostaoeste\/files\/2015\/03\/AULA-A.L-1-24x18.jpg 24w, https:\/\/blogsaverroes.juntadeandalucia.es\/ceipcostaoeste\/files\/2015\/03\/AULA-A.L-1-36x27.jpg 36w, https:\/\/blogsaverroes.juntadeandalucia.es\/ceipcostaoeste\/files\/2015\/03\/AULA-A.L-1-48x36.jpg 48w, https:\/\/blogsaverroes.juntadeandalucia.es\/ceipcostaoeste\/files\/2015\/03\/AULA-A.L-1.jpg 640w\" sizes=\"(max-width: 195px) 100vw, 195px\" \/><\/a><\/strong><\/td>\n<td style=\"text-align: center\"><strong>AULA INGL\u00c9S&nbsp;<\/strong><br \/>\n<strong><a href=\"http:\/\/blogsaverroes.juntadeandalucia.es\/ceipcostaoeste\/files\/2015\/03\/AULA-INFORM\u00c1TICA.jpg\"><img loading=\"lazy\" decoding=\"async\" class=\" wp-image-2357 aligncenter\" src=\"http:\/\/blogsaverroes.juntadeandalucia.es\/ceipcostaoeste\/files\/2015\/03\/AULA-INFORM\u00c1TICA-300x225.jpg\" alt=\"AULA INFORM\u00c1TICA\" width=\"201\" height=\"151\" srcset=\"https:\/\/blogsaverroes.juntadeandalucia.es\/ceipcostaoeste\/files\/2015\/03\/AULA-INFORM\u00c1TICA-300x225.jpg 300w, https:\/\/blogsaverroes.juntadeandalucia.es\/ceipcostaoeste\/files\/2015\/03\/AULA-INFORM\u00c1TICA-24x18.jpg 24w, https:\/\/blogsaverroes.juntadeandalucia.es\/ceipcostaoeste\/files\/2015\/03\/AULA-INFORM\u00c1TICA-36x27.jpg 36w, https:\/\/blogsaverroes.juntadeandalucia.es\/ceipcostaoeste\/files\/2015\/03\/AULA-INFORM\u00c1TICA-48x36.jpg 48w, https:\/\/blogsaverroes.juntadeandalucia.es\/ceipcostaoeste\/files\/2015\/03\/AULA-INFORM\u00c1TICA.jpg 640w\" sizes=\"(max-width: 201px) 100vw, 201px\" \/><\/a><\/strong><\/td>\n<td style=\"text-align: center\"><strong>AULA DE P.T.<\/strong><br \/>\n<strong><a href=\"http:\/\/blogsaverroes.juntadeandalucia.es\/ceipcostaoeste\/files\/2015\/03\/AULA-PEDAGOG\u00cdA-TERAPE\u00daTICA1.jpg\"><img loading=\"lazy\" decoding=\"async\" class=\" wp-image-2358 aligncenter\" src=\"http:\/\/blogsaverroes.juntadeandalucia.es\/ceipcostaoeste\/files\/2015\/03\/AULA-PEDAGOG\u00cdA-TERAPE\u00daTICA1-300x225.jpg\" alt=\"AULA PEDAGOG\u00cdA TERAPE\u00daTICA\" width=\"211\" height=\"158\" srcset=\"https:\/\/blogsaverroes.juntadeandalucia.es\/ceipcostaoeste\/files\/2015\/03\/AULA-PEDAGOG\u00cdA-TERAPE\u00daTICA1-300x225.jpg 300w, https:\/\/blogsaverroes.juntadeandalucia.es\/ceipcostaoeste\/files\/2015\/03\/AULA-PEDAGOG\u00cdA-TERAPE\u00daTICA1-1024x768.jpg 1024w, https:\/\/blogsaverroes.juntadeandalucia.es\/ceipcostaoeste\/files\/2015\/03\/AULA-PEDAGOG\u00cdA-TERAPE\u00daTICA1-24x18.jpg 24w, https:\/\/blogsaverroes.juntadeandalucia.es\/ceipcostaoeste\/files\/2015\/03\/AULA-PEDAGOG\u00cdA-TERAPE\u00daTICA1-36x27.jpg 36w, https:\/\/blogsaverroes.juntadeandalucia.es\/ceipcostaoeste\/files\/2015\/03\/AULA-PEDAGOG\u00cdA-TERAPE\u00daTICA1-48x36.jpg 48w, https:\/\/blogsaverroes.juntadeandalucia.es\/ceipcostaoeste\/files\/2015\/03\/AULA-PEDAGOG\u00cdA-TERAPE\u00daTICA1.jpg 1280w\" sizes=\"(max-width: 211px) 100vw, 211px\" \/><\/a><\/strong><\/td>\n<\/tr>\n<tr>\n<td style=\"text-align: center\"><strong>AULA DE M\u00daSICA<\/strong><strong><a href=\"http:\/\/blogsaverroes.juntadeandalucia.es\/ceipcostaoeste\/files\/2015\/03\/AULA-DE-M\u00daSICA.jpg\"><img loading=\"lazy\" decoding=\"async\" class=\" wp-image-2356 aligncenter\" src=\"http:\/\/blogsaverroes.juntadeandalucia.es\/ceipcostaoeste\/files\/2015\/03\/AULA-DE-M\u00daSICA-300x225.jpg\" alt=\"AULA DE M\u00daSICA\" width=\"199\" height=\"149\" srcset=\"https:\/\/blogsaverroes.juntadeandalucia.es\/ceipcostaoeste\/files\/2015\/03\/AULA-DE-M\u00daSICA-300x225.jpg 300w, https:\/\/blogsaverroes.juntadeandalucia.es\/ceipcostaoeste\/files\/2015\/03\/AULA-DE-M\u00daSICA-1024x768.jpg 1024w, https:\/\/blogsaverroes.juntadeandalucia.es\/ceipcostaoeste\/files\/2015\/03\/AULA-DE-M\u00daSICA-24x18.jpg 24w, https:\/\/blogsaverroes.juntadeandalucia.es\/ceipcostaoeste\/files\/2015\/03\/AULA-DE-M\u00daSICA-36x27.jpg 36w, https:\/\/blogsaverroes.juntadeandalucia.es\/ceipcostaoeste\/files\/2015\/03\/AULA-DE-M\u00daSICA-48x36.jpg 48w, https:\/\/blogsaverroes.juntadeandalucia.es\/ceipcostaoeste\/files\/2015\/03\/AULA-DE-M\u00daSICA.jpg 1600w\" sizes=\"(max-width: 199px) 100vw, 199px\" \/><\/a><\/strong><\/td>\n<td style=\"text-align: center\"><strong>GIMNASIO<\/strong><strong><a href=\"http:\/\/blogsaverroes.juntadeandalucia.es\/ceipcostaoeste\/files\/2015\/03\/GIMNASIO-2.jpg\"><img loading=\"lazy\" decoding=\"async\" class=\" wp-image-2359 aligncenter\" src=\"http:\/\/blogsaverroes.juntadeandalucia.es\/ceipcostaoeste\/files\/2015\/03\/GIMNASIO-2-300x225.jpg\" alt=\"GIMNASIO 2\" width=\"198\" height=\"148\" srcset=\"https:\/\/blogsaverroes.juntadeandalucia.es\/ceipcostaoeste\/files\/2015\/03\/GIMNASIO-2-300x225.jpg 300w, https:\/\/blogsaverroes.juntadeandalucia.es\/ceipcostaoeste\/files\/2015\/03\/GIMNASIO-2-1024x768.jpg 1024w, https:\/\/blogsaverroes.juntadeandalucia.es\/ceipcostaoeste\/files\/2015\/03\/GIMNASIO-2-24x18.jpg 24w, https:\/\/blogsaverroes.juntadeandalucia.es\/ceipcostaoeste\/files\/2015\/03\/GIMNASIO-2-36x27.jpg 36w, https:\/\/blogsaverroes.juntadeandalucia.es\/ceipcostaoeste\/files\/2015\/03\/GIMNASIO-2-48x36.jpg 48w, https:\/\/blogsaverroes.juntadeandalucia.es\/ceipcostaoeste\/files\/2015\/03\/GIMNASIO-2.jpg 1600w\" sizes=\"(max-width: 198px) 100vw, 198px\" \/><\/a><\/strong><\/td>\n<td style=\"text-align: center\"><strong>PISTAS DEPORTIVAS<\/strong><a href=\"http:\/\/blogsaverroes.juntadeandalucia.es\/ceipcostaoeste\/files\/2015\/03\/PISTA-DEPPORTIVA-2.jpg\"><img loading=\"lazy\" decoding=\"async\" class=\"alignleft wp-image-2360\" src=\"http:\/\/blogsaverroes.juntadeandalucia.es\/ceipcostaoeste\/files\/2015\/03\/PISTA-DEPPORTIVA-2-300x225.jpg\" alt=\"PISTA DEPPORTIVA 2\" width=\"204\" height=\"153\" srcset=\"https:\/\/blogsaverroes.juntadeandalucia.es\/ceipcostaoeste\/files\/2015\/03\/PISTA-DEPPORTIVA-2-300x225.jpg 300w, https:\/\/blogsaverroes.juntadeandalucia.es\/ceipcostaoeste\/files\/2015\/03\/PISTA-DEPPORTIVA-2-1024x768.jpg 1024w, https:\/\/blogsaverroes.juntadeandalucia.es\/ceipcostaoeste\/files\/2015\/03\/PISTA-DEPPORTIVA-2-24x18.jpg 24w, https:\/\/blogsaverroes.juntadeandalucia.es\/ceipcostaoeste\/files\/2015\/03\/PISTA-DEPPORTIVA-2-36x27.jpg 36w, https:\/\/blogsaverroes.juntadeandalucia.es\/ceipcostaoeste\/files\/2015\/03\/PISTA-DEPPORTIVA-2-48x36.jpg 48w, https:\/\/blogsaverroes.juntadeandalucia.es\/ceipcostaoeste\/files\/2015\/03\/PISTA-DEPPORTIVA-2.jpg 1600w\" sizes=\"(max-width: 204px) 100vw, 204px\" \/><\/a><\/td>\n<\/tr>\n<\/tbody>\n<\/table>\n<p style=\"text-align: center\"><strong>PROFESORADO DEL CENTRO&nbsp; CURSO 2024-2025<\/strong><\/p>\n<p style=\"text-align: center\"><em><span style=\"color: #0000ff\"><strong>2\u00ba CICLO<\/strong><\/span><\/em><\/p>\n<table style=\"height: 346px;width: 85.521%\" width=\"736\">\n<tbody>\n<tr style=\"height: 32px\">\n<td style=\"background-color: #7ec4de;width: 43.5751%;height: 10px\" width=\"286\"><span style=\"color: #ff00ff\"><strong>Ferrer Calvo, Mar\u00eda<\/strong><\/span><\/td>\n<td style=\"background-color: #7ec4de;width: 55.335%;height: 10px\" width=\"303\"><strong>Educaci\u00f3n Primaria 3\u00baA&nbsp; &nbsp; &nbsp; &nbsp; &nbsp; &nbsp; &nbsp; &nbsp; &nbsp; &nbsp; &nbsp; &nbsp; &nbsp; &nbsp; &nbsp; &nbsp; &nbsp; &nbsp; &nbsp; &nbsp; &nbsp; &nbsp; &nbsp; &nbsp; &nbsp; &nbsp;<\/strong><\/td>\n<\/tr>\n<tr style=\"height: 32px\">\n<td style=\"background-color: #7ec4de;width: 43.5751%;height: 32px\" width=\"286\"><span style=\"color: #ff00ff\"><strong>Albaiceta Vi\u00f1as, Mar\u00eda Bel\u00e9n<\/strong><\/span><\/td>\n<td style=\"background-color: #7ec4de;width: 55.335%;height: 32px\" width=\"303\"><strong>Educaci\u00f3n&nbsp; Primaria 3\u00baB&nbsp; &nbsp; &nbsp; <\/strong><strong>&nbsp; &nbsp; &nbsp; &nbsp; &nbsp; &nbsp; &nbsp; &nbsp; &nbsp; &nbsp; &nbsp; &nbsp; &nbsp; &nbsp; &nbsp; &nbsp; &nbsp; &nbsp; &nbsp; &nbsp;&nbsp;<\/strong><\/td>\n<\/tr>\n<tr style=\"height: 22px\">\n<td style=\"background-color: #7ec4de;width: 43.5751%;height: 22px\"><strong><span style=\"color: #ff00ff\">Fern\u00e1ndez S\u00e1nchez, Rosa Mar\u00eda<\/span><\/strong><\/td>\n<td style=\"background-color: #7ec4de;width: 55.335%;height: 22px\"><strong>Educaci\u00f3n Primaria 3\u00ba C<\/strong><\/td>\n<\/tr>\n<tr style=\"height: 32px\">\n<td style=\"background-color: #7ec4de;width: 43.5751%;height: 32px\" width=\"286\"><span style=\"color: #ff00ff\"><strong>Carrillo G\u00f3mez, Juan Pablo<\/strong><\/span><\/td>\n<td style=\"background-color: #7ec4de;width: 55.335%;height: 32px\" width=\"303\"><strong>Educaci\u00f3n Primaria 4\u00baA&nbsp; &nbsp; &nbsp; &nbsp; &nbsp; &nbsp; &nbsp; &nbsp; &nbsp; &nbsp; &nbsp; &nbsp; &nbsp; &nbsp; &nbsp; &nbsp; &nbsp; &nbsp; &nbsp; &nbsp; &nbsp;&nbsp;<\/strong><\/td>\n<\/tr>\n<tr style=\"height: 53px\">\n<td style=\"background-color: #7ec4de;width: 43.5751%;height: 53px\" width=\"286\"><span style=\"color: #ff00ff\"><strong>Beato Fern\u00e1ndez, Laura <b>&nbsp;<span style=\"color: #339966\">(Coordinadora)<\/span><\/b><\/strong><\/span><\/td>\n<td style=\"background-color: #7ec4de;width: 55.335%;height: 53px\" width=\"303\"><strong>Educaci\u00f3n Primaria 4\u00baB&nbsp;&nbsp; &nbsp; &nbsp; &nbsp; &nbsp; &nbsp; &nbsp; &nbsp; &nbsp; &nbsp; &nbsp; &nbsp; &nbsp; &nbsp; &nbsp; &nbsp; &nbsp; &nbsp; &nbsp; &nbsp; &nbsp; &nbsp; &nbsp;<\/strong><\/td>\n<\/tr>\n<tr style=\"height: 38px\">\n<td style=\"background-color: #a1e884;width: 43.5751%;height: 38px\" width=\"286\"><span style=\"color: #3366ff\"><strong>Beato Fern\u00e1ndez, Laura<\/strong><\/span><\/td>\n<td style=\"background-color: #a1e884;width: 55.335%;height: 38px\" width=\"303\"><strong>Franc\u00e9s&nbsp;<\/strong><\/td>\n<\/tr>\n<tr style=\"height: 10px\">\n<td style=\"background-color: #a1e884;width: 43.5751%;height: 10px\" width=\"286\"><span style=\"color: #3366ff\"><strong>Andrade Gonz\u00e1lez, Javier<\/strong><\/span><\/p>\n<p><span style=\"color: #3366ff\"><strong>Ruiz Travieso, Jes\u00fas<\/strong><\/span><\/td>\n<td style=\"background-color: #a1e884;width: 55.335%;height: 10px\" width=\"303\"><strong>Educaci\u00f3n F\u00edsica&nbsp;<\/strong><\/td>\n<\/tr>\n<tr style=\"height: 21px\">\n<td style=\"background-color: #a1e884;width: 43.5751%;height: 21px\"><strong><span style=\"color: #3366ff\">Fern\u00e1ndez S\u00e1nchez , Rosa&nbsp; &nbsp; &nbsp; <\/span><\/strong><\/td>\n<td style=\"background-color: #a1e884;width: 55.335%;height: 21px\"><strong>M\u00fasica<\/strong><\/td>\n<\/tr>\n<tr style=\"height: 32px\">\n<td style=\"background-color: #a1e884;width: 43.5751%;height: 32px\" width=\"286\"><span style=\"color: #3366ff\"><strong>C\u00e1rave Ruiz, Mar\u00eda Cristina<\/strong><\/span><\/td>\n<td style=\"background-color: #a1e884;width: 55.335%;height: 32px\" width=\"303\"><strong>Refuerzo<\/strong><\/td>\n<\/tr>\n<tr style=\"height: 32px\">\n<td style=\"background-color: #a1e884;width: 43.5751%;height: 32px\" width=\"286\"><span style=\"color: #3366ff\"><strong>Berm\u00fadez Rodr\u00edguez, Pedro&nbsp;<\/strong><\/span><\/td>\n<td style=\"background-color: #a1e884;width: 55.335%;height: 32px\" width=\"303\"><strong>Pedagog\u00eda Terap\u00e9utica<\/strong><\/td>\n<\/tr>\n<tr style=\"height: 32px\">\n<td style=\"background-color: #a1e884;width: 43.5751%;height: 32px\" width=\"286\"><span style=\"color: #3366ff\"><strong>Guerrero Casta\u00f1o, Francisca<\/strong><\/span><\/td>\n<td style=\"background-color: #a1e884;width: 55.335%;height: 32px\" width=\"303\"><strong>Audici\u00f3n y Lenguaje<\/strong><\/td>\n<\/tr>\n<tr style=\"height: 32px\">\n<td style=\"background-color: #a1e884;width: 43.5751%;height: 32px\" width=\"286\"><span style=\"color: #3366ff\"><strong>Torrej\u00f3n Manzorro, Mar\u00eda de Jes\u00fas<\/strong><\/span><\/td>\n<td style=\"background-color: #a1e884;width: 55.335%;height: 32px\" width=\"303\"><strong>Religi\u00f3n<\/strong><\/td>\n<\/tr>\n<\/tbody>\n<\/table>\n<p><strong>&nbsp;<\/strong><\/p>\n<p>&nbsp;<\/p>\n<p>&nbsp;<\/p>\n<p>&nbsp;<\/p>\n","protected":false},"excerpt":{"rendered":"<p>AULA DE A.L. AULA INGL\u00c9S&nbsp; AULA DE P.T. AULA DE M\u00daSICA GIMNASIO PISTAS DEPORTIVAS PROFESORADO DEL CENTRO&nbsp; CURSO 2024-2025 2\u00ba CICLO Ferrer Calvo, Mar\u00eda Educaci\u00f3n Primaria 3\u00baA&nbsp; &nbsp; &nbsp; &nbsp; &nbsp; &nbsp; &nbsp; &nbsp;&#46;&#46;&#46;<\/p>\n","protected":false},"author":1,"featured_media":0,"parent":0,"menu_order":0,"comment_status":"closed","ping_status":"open","template":"page-sc.php","meta":{"ngg_post_thumbnail":0,"footnotes":"","_mc_calendar":[]},"aioseo_notices":[],"_links":{"self":[{"href":"https:\/\/blogsaverroes.juntadeandalucia.es\/ceipcostaoeste\/wp-json\/wp\/v2\/pages\/432"}],"collection":[{"href":"https:\/\/blogsaverroes.juntadeandalucia.es\/ceipcostaoeste\/wp-json\/wp\/v2\/pages"}],"about":[{"href":"https:\/\/blogsaverroes.juntadeandalucia.es\/ceipcostaoeste\/wp-json\/wp\/v2\/types\/page"}],"author":[{"embeddable":true,"href":"https:\/\/blogsaverroes.juntadeandalucia.es\/ceipcostaoeste\/wp-json\/wp\/v2\/users\/1"}],"replies":[{"embeddable":true,"href":"https:\/\/blogsaverroes.juntadeandalucia.es\/ceipcostaoeste\/wp-json\/wp\/v2\/comments?post=432"}],"version-history":[{"count":29,"href":"https:\/\/blogsaverroes.juntadeandalucia.es\/ceipcostaoeste\/wp-json\/wp\/v2\/pages\/432\/revisions"}],"predecessor-version":[{"id":3469,"href":"https:\/\/blogsaverroes.juntadeandalucia.es\/ceipcostaoeste\/wp-json\/wp\/v2\/pages\/432\/revisions\/3469"}],"wp:attachment":[{"href":"https:\/\/blogsaverroes.juntadeandalucia.es\/ceipcostaoeste\/wp-json\/wp\/v2\/media?parent=432"}],"curies":[{"name":"wp","href":"https:\/\/api.w.org\/{rel}","templated":true}]}}