{"id":836,"date":"2020-12-18T08:37:22","date_gmt":"2020-12-18T07:37:22","guid":{"rendered":"https:\/\/blogsaverroes.juntadeandalucia.es\/pre\/plantilla-pencil\/?page_id=836"},"modified":"2025-11-19T00:38:59","modified_gmt":"2025-11-18T23:38:59","slug":"actividades-extraescolares","status":"publish","type":"page","link":"https:\/\/blogsaverroes.juntadeandalucia.es\/ceipcristobaldearce\/actividades-extraescolares\/","title":{"rendered":"Actividades extraescolares"},"content":{"rendered":"<h2 style=\"text-align: center\">ACTIVIDADES EXTRAESCOLARES:<\/h2>\n<table style=\"width: 96.3603%;border-collapse: collapse;background-color: #c7eef2\" border=\"1\">\n<tbody>\n<tr>\n<td style=\"width: 20.7106%\">\n<h3>COMEDOR ESCOLAR:&nbsp;<\/h3>\n<\/td>\n<td style=\"width: 75.6168%;text-align: justify\">Ver secci\u00f3n &#8220;<a href=\"https:\/\/blogsaverroes.juntadeandalucia.es\/ceipcristobaldearce\/comedor-escolar\/\" target=\"_blank\" rel=\"noopener\">comedor escolar<\/a>&#8220;.<\/td>\n<\/tr>\n<tr>\n<td style=\"width: 20.7106%\">\n<h3>PROGRAMA DE ACOMPA\u00d1AMIENTO ESCOLAR EN LENGUA EXTRANJERA (PREX):<\/h3>\n<\/td>\n<td style=\"width: 75.6168%;text-align: justify\">Una de las actuaciones dentro del \u201cplan estrat\u00e9gico de desarrollo de las lenguas en Andaluc\u00eda 2020\u201d, se encuentra el programa de acompa\u00f1amiento en lengua extranjera, destinado a mejorar la competencia ling\u00fc\u00edstica de lengua inglesa en el alumnado de 1\u00ba a 3\u00ba de PR.<\/p>\n<p>Para este programa se ha solicitado 1 grupo. Estos grupos ser\u00e1n seleccionados por el claustro. Est\u00e1 pendiente la fecha de inicio y el horario.<\/p>\n<p>El programa ser\u00e1 gratuito para el alumnado participante.<\/p>\n<p>Se impartir\u00e1 por una monitora contratada por la empresa <a href=\"https:\/\/www.rubesp.com\/\" target=\"_blank\" rel=\"noopener\">RUBE<\/a>.<\/td>\n<\/tr>\n<tr>\n<td style=\"width: 20.7106%\">\n<h3>INGL\u00c9S:<\/h3>\n<\/td>\n<td style=\"width: 75.6168%;text-align: justify\">Se realizar\u00e1 un grupo con alumnado de 4\u00ba, 5\u00ba y 6\u00ba de Primaria.<\/td>\n<\/tr>\n<tr>\n<td style=\"width: 20.7106%\">\n<h3>PROGRAMA DE ACOMPA\u00d1AMIENTO:<\/h3>\n<\/td>\n<td style=\"width: 75.6168%;text-align: justify\">Con el fin de ayudar a mejorar los resultados escolares de aquellos alumnos que presentan algunas dificultades en su aprendizaje, el Colegio a partir del <strong>d\u00eda que se confirme la fecha de inicio por parte de la Delegaci\u00f3n <\/strong>comenzar\u00e1 el programa gratuito en el que, una vez acabada la jornada lectiva, se ofrecer\u00e1 a los alumnos una atenci\u00f3n personal e individualizada que les permita mejorar su rendimiento escolar y adquirir una motivaci\u00f3n positiva hacia sus aprendizajes.<\/p>\n<p>&nbsp;<\/p>\n<p>Para el presente curso se han solicitado 4 grupos y se agrupar\u00e1n de la siguiente manera:<\/p>\n<ul>\n<li>3\u00ba curso &#8211; 1 grupo (11 alumnos\/as)<\/li>\n<li>4\u00ba y 5\u00ba curso &#8211; 1 grupo (11 alumnos\/as)<\/li>\n<li>6\u00ba curso &#8211; 1 grupo (10 alumnos\/as)<\/li>\n<\/ul>\n<p>&nbsp;<\/p>\n<p>Este programa va dirigido a los alumnos de Segundo y Tercer Ciclo de Primaria.<\/p>\n<p>Los padres de los alumnos beneficiarios del programa firmar\u00e1n un compromiso en el que asumen la responsabilidad del acompa\u00f1amiento, asistencia y recogida del alumno\/a.<\/p>\n<p>El programa ser\u00e1 gratuito para el alumnado participante. Se impartir\u00e1 martes de 16 h a 18 h&nbsp; y jueves desde las 16 h a 18 h.<\/p>\n<p>Se impartir\u00e1 por 1 maestro y 3 monitoras contratadas por la empresa RUBE.<\/td>\n<\/tr>\n<tr>\n<td style=\"width: 20.7106%\">&nbsp;<\/p>\n<h3>M\u00c1S DEPORTE:<\/h3>\n<\/td>\n<td style=\"width: 75.6168%;text-align: justify\">Este curso se&nbsp; llevar\u00e1 a cabo el programa M\u00c1S DEPORTE. Se han solicitado dos grupos: uno con el alumnado de 1\u00ba, 2\u00ba y 3\u00ba de primaria; y otro grupo con el alumnado de 4\u00ba, 5\u00ba y 6\u00ba de primaria.<\/td>\n<\/tr>\n<\/tbody>\n<\/table>\n<h2 style=\"text-align: center\">&nbsp;<\/h2>\n<h2 style=\"text-align: center\">HORARIO DE TODAS LAS ACTIVIDADES QUE FUNCIONAR\u00c1N POR LA TARDE:<\/h2>\n<p>&nbsp;<\/p>\n<table style=\"height: 256px;width: 95.7382%\" border=\"1\" width=\"95.7382%\">\n<tbody>\n<tr style=\"height: 24px\">\n<td style=\"width: 11.9199%;text-align: center;height: 24px\" width=\"52\"><strong>HORA<\/strong><\/td>\n<td style=\"width: 17.5622%;text-align: center;height: 24px\" width=\"120\"><strong>LUNES<\/strong><\/td>\n<td style=\"width: 24.9361%;text-align: center;height: 24px\" width=\"141\"><strong>MARTES<\/strong><\/td>\n<td style=\"width: 26.2495%;text-align: center;height: 24px\" width=\"161\"><strong>MI\u00c9RCOLES<\/strong><\/td>\n<td style=\"width: 75.0822%;text-align: center;height: 24px\" width=\"171\"><strong>JUEVES<\/strong><\/td>\n<\/tr>\n<tr style=\"height: 96px\">\n<td style=\"width: 11.9199%;text-align: center;height: 96px\" width=\"52\"><strong>16 a 17 <\/strong><\/td>\n<td style=\"width: 17.5622%;text-align: center;height: 96px\" width=\"120\">INGL\u00c9S (4\u00ba, 5\u00ba, 6\u00ba).<\/p>\n<p>DEPORTE (1\u00ba, 2\u00ba, 3\u00ba).<\/td>\n<td style=\"width: 24.9361%;text-align: center;height: 96px\" width=\"141\">&nbsp;<\/p>\n<p>Programa de acompa\u00f1amiento.<\/p>\n<p>&nbsp;<\/td>\n<td style=\"width: 26.2495%;text-align: center;height: 96px\" width=\"161\">&nbsp;Programa de acompa\u00f1amiento.<\/td>\n<td style=\"width: 75.0822%;text-align: center;height: 96px\" width=\"171\">INGL\u00c9S (4\u00ba, 5\u00ba, 6\u00ba).<\/p>\n<p>DEPORTE (1\u00ba,2\u00ba,3\u00ba).<\/td>\n<\/tr>\n<tr style=\"height: 136px\">\n<td style=\"width: 11.9199%;text-align: center;height: 136px\" width=\"52\"><strong>&nbsp;<\/strong><strong>17 a 18<\/strong><\/td>\n<td style=\"width: 17.5622%;text-align: center;height: 136px\" width=\"120\">DEPORTE (4\u00ba,5\u00ba,6\u00ba).<\/p>\n<p>PREX (1\u00ba, 2\u00ba, 3\u00ba).<\/td>\n<td style=\"width: 24.9361%;text-align: center;height: 136px\" width=\"141\">&nbsp;<\/p>\n<p>Programa de acompa\u00f1amiento.<\/p>\n<p>&nbsp;<\/td>\n<td style=\"width: 26.2495%;text-align: center;height: 136px\" width=\"161\">&nbsp;<\/p>\n<p>Programa de acompa\u00f1amiento.<\/p>\n<p>&nbsp;<\/td>\n<td style=\"width: 75.0822%;text-align: center;height: 136px\" width=\"171\">DEPORTE (4\u00ba,5\u00ba,6\u00ba).<\/p>\n<p>PREX&nbsp; (1\u00ba, 2\u00ba, 3\u00ba).<\/td>\n<\/tr>\n<\/tbody>\n<\/table>\n<h3 style=\"text-align: center\"><em><span style=\"font-size: 14px\">(Fuente: Plan Anual 2025-2026 \/ CEIP Crist\u00f3bal de Arce)<\/span><\/em><\/h3>\n","protected":false},"excerpt":{"rendered":"<p>ACTIVIDADES EXTRAESCOLARES: COMEDOR ESCOLAR:&nbsp; Ver secci\u00f3n &#8220;comedor escolar&#8220;. PROGRAMA DE ACOMPA\u00d1AMIENTO ESCOLAR EN LENGUA EXTRANJERA (PREX): Una de las actuaciones dentro del \u201cplan estrat\u00e9gico de&hellip;<\/p>\n","protected":false},"author":7051,"featured_media":0,"parent":0,"menu_order":0,"comment_status":"closed","ping_status":"closed","template":"","meta":{"ngg_post_thumbnail":0,"footnotes":"","_mc_calendar":[]},"aioseo_notices":[],"_links":{"self":[{"href":"https:\/\/blogsaverroes.juntadeandalucia.es\/ceipcristobaldearce\/wp-json\/wp\/v2\/pages\/836"}],"collection":[{"href":"https:\/\/blogsaverroes.juntadeandalucia.es\/ceipcristobaldearce\/wp-json\/wp\/v2\/pages"}],"about":[{"href":"https:\/\/blogsaverroes.juntadeandalucia.es\/ceipcristobaldearce\/wp-json\/wp\/v2\/types\/page"}],"author":[{"embeddable":true,"href":"https:\/\/blogsaverroes.juntadeandalucia.es\/ceipcristobaldearce\/wp-json\/wp\/v2\/users\/7051"}],"replies":[{"embeddable":true,"href":"https:\/\/blogsaverroes.juntadeandalucia.es\/ceipcristobaldearce\/wp-json\/wp\/v2\/comments?post=836"}],"version-history":[{"count":6,"href":"https:\/\/blogsaverroes.juntadeandalucia.es\/ceipcristobaldearce\/wp-json\/wp\/v2\/pages\/836\/revisions"}],"predecessor-version":[{"id":1322,"href":"https:\/\/blogsaverroes.juntadeandalucia.es\/ceipcristobaldearce\/wp-json\/wp\/v2\/pages\/836\/revisions\/1322"}],"wp:attachment":[{"href":"https:\/\/blogsaverroes.juntadeandalucia.es\/ceipcristobaldearce\/wp-json\/wp\/v2\/media?parent=836"}],"curies":[{"name":"wp","href":"https:\/\/api.w.org\/{rel}","templated":true}]}}