{"id":871,"date":"2015-03-16T07:25:46","date_gmt":"2015-03-16T07:25:46","guid":{"rendered":"http:\/\/blogsaverroes.juntadeandalucia.es\/pre\/ceip\/?page_id=106"},"modified":"2017-11-04T13:56:35","modified_gmt":"2017-11-04T13:56:35","slug":"actividades-extraescolares","status":"publish","type":"page","link":"https:\/\/blogsaverroes.juntadeandalucia.es\/ceipcupiana\/actividades-extraescolares\/","title":{"rendered":"Actividades extraescolares"},"content":{"rendered":"<p style=\"text-align: left\"><a href=\"http:\/\/blogsaverroes.juntadeandalucia.es\/ceipcupiana\/files\/2015\/03\/talleres.jpg\"><img loading=\"lazy\" decoding=\"async\" class=\"wp-image-228 alignleft\" src=\"http:\/\/blogsaverroes.juntadeandalucia.es\/ceipcupiana\/files\/2015\/03\/talleres.jpg\" alt=\"\" width=\"191\" height=\"130\"><\/a><\/p>\n<h4 style=\"text-align: justify\">Las actividades extraescolares tienen lugar en horario de tarde, de <strong>16:00 a 18:00<\/strong>, y abarcan actividades l\u00fadicas y formativas.<\/h4>\n<p style=\"text-align: justify\">Para hacer posible la realizaci\u00f3n de estas actividades fuera del horario lectivo, los centros pueden abrir sus instalaciones hasta las 18.00 todos los d\u00edas lectivos con excepci\u00f3n de los viernes.<\/p>\n<ul style=\"text-align: justify\">\n<li>Las actividades<strong> Ingl\u00e9s, manualidades y patinaje<\/strong> son impartidas por monitores contratados de la empresa <strong>\u00abAulas Extraescolares Andaluzas\u00bb<\/strong>.<\/li>\n<li>El importe de cada actividad es de 15,40\u20ac al mes.<\/li>\n<li>El cobro de la actividad lo realiza dicha empresa, al n\u00famero de cuenta entregado en la solicitud de inscripci\u00f3n que se hizo en junio.<\/li>\n<li>S\u00f3lo se bonifica una actividad, en el caso en que se le haya aprobado la Junta de Andaluc\u00eda, el precio de una segunda o tercera actividad elegida supone el importe total de la actividad extraescolar.<\/li>\n<li>Para darse de alta o baja en una actividad &nbsp;deben comunicarlo en secretar\u00eda antes del comienzo de cada mes.<\/li>\n<\/ul>\n<p style=\"text-align: justify\">Los talleres dar\u00e1n comienzo en octubre en el horario que se indica:<\/p>\n<table width=\"656\">\n<tbody>\n<tr>\n<td width=\"127\">&nbsp;<\/td>\n<td width=\"128\">LUNES<\/td>\n<td width=\"130\">MARTES<\/td>\n<td width=\"130\">MI\u00c9RCOLES<\/td>\n<td width=\"130\">JUEVES<\/td>\n<\/tr>\n<tr>\n<td width=\"127\">16:00 a 17:00<\/td>\n<td width=\"128\"><strong>Ingl\u00e9s<\/strong><\/td>\n<td width=\"130\"><strong>Manualidades<\/strong><\/td>\n<td width=\"130\"><strong>Ingles<\/strong><\/td>\n<td width=\"130\"><strong>Manualidades<\/strong><\/td>\n<\/tr>\n<tr>\n<td width=\"127\">17:00 a 18:00<\/td>\n<td width=\"128\">&nbsp;<\/td>\n<td width=\"130\"><strong>Patinaje<\/strong><\/td>\n<td width=\"130\">&nbsp;<\/td>\n<td width=\"130\"><strong>Patinaje<\/strong><\/td>\n<\/tr>\n<\/tbody>\n<\/table>\n<p style=\"text-align: justify\">La actividad de <strong>Refuerzo Educativo Caixa,<\/strong> tambi\u00e9n comenzar\u00e1n en octubre y har\u00e1 uso de ella aquel alumnado beneficiario que haya renovado la documentaci\u00f3n.<\/p>\n<table>\n<tbody>\n<tr>\n<td style=\"text-align: center\">&nbsp;<\/td>\n<td style=\"text-align: center\">LUNES<\/td>\n<td style=\"text-align: center\">MI\u00c9RCOLES<\/td>\n<\/tr>\n<tr>\n<td style=\"text-align: center\"><strong>16:00 a 18:00<\/strong><\/td>\n<td style=\"text-align: center\"><strong>Refuerzo educativo Caixa<\/strong><\/td>\n<td style=\"text-align: center\"><strong>Refuerzo educativo Caixa<\/strong><\/td>\n<\/tr>\n<\/tbody>\n<\/table>\n<p>&nbsp;<\/p>\n","protected":false},"excerpt":{"rendered":"<p>Las actividades extraescolares tienen lugar en horario de tarde, de 16:00 a 18:00, y abarcan actividades l\u00fadicas y formativas. Para hacer posible la realizaci\u00f3n de estas actividades fuera del horario lectivo, los centros pueden&#46;&#46;&#46;<\/p>\n","protected":false},"author":1,"featured_media":0,"parent":0,"menu_order":0,"comment_status":"closed","ping_status":"open","template":"","meta":{"ngg_post_thumbnail":0,"footnotes":"","_mc_calendar":[]},"aioseo_notices":[],"_links":{"self":[{"href":"https:\/\/blogsaverroes.juntadeandalucia.es\/ceipcupiana\/wp-json\/wp\/v2\/pages\/871"}],"collection":[{"href":"https:\/\/blogsaverroes.juntadeandalucia.es\/ceipcupiana\/wp-json\/wp\/v2\/pages"}],"about":[{"href":"https:\/\/blogsaverroes.juntadeandalucia.es\/ceipcupiana\/wp-json\/wp\/v2\/types\/page"}],"author":[{"embeddable":true,"href":"https:\/\/blogsaverroes.juntadeandalucia.es\/ceipcupiana\/wp-json\/wp\/v2\/users\/1"}],"replies":[{"embeddable":true,"href":"https:\/\/blogsaverroes.juntadeandalucia.es\/ceipcupiana\/wp-json\/wp\/v2\/comments?post=871"}],"version-history":[{"count":6,"href":"https:\/\/blogsaverroes.juntadeandalucia.es\/ceipcupiana\/wp-json\/wp\/v2\/pages\/871\/revisions"}],"predecessor-version":[{"id":2488,"href":"https:\/\/blogsaverroes.juntadeandalucia.es\/ceipcupiana\/wp-json\/wp\/v2\/pages\/871\/revisions\/2488"}],"wp:attachment":[{"href":"https:\/\/blogsaverroes.juntadeandalucia.es\/ceipcupiana\/wp-json\/wp\/v2\/media?parent=871"}],"curies":[{"name":"wp","href":"https:\/\/api.w.org\/{rel}","templated":true}]}}