{"id":7889,"date":"2020-05-13T17:27:11","date_gmt":"2020-05-13T16:27:11","guid":{"rendered":"https:\/\/blogsaverroes.juntadeandalucia.es\/ceipdonana\/?page_id=7889"},"modified":"2024-02-29T11:16:56","modified_gmt":"2024-02-29T10:16:56","slug":"solicitud-presencial","status":"publish","type":"page","link":"https:\/\/blogsaverroes.juntadeandalucia.es\/ceipdonana\/solicitud-presencial\/","title":{"rendered":"Solicitud Presencial"},"content":{"rendered":"<p>Descargue a continuaci\u00f3n los impresos necesarios para rellenar y presentarlos en el centro:<\/p>\n<p><span style=\"text-decoration: underline\"><strong>ADMISI\u00d3N:<\/strong><\/span><\/p>\n<ul>\n<li><a href=\"https:\/\/blogsaverroes.juntadeandalucia.es\/ceipdonana\/files\/2024\/02\/Anexo-III-nuevo.pdf\" target=\"_blank\" rel=\"noopener noreferrer\"><strong>ANEXO III<\/strong><\/a> (<em>Solicitud de admisi\u00f3n en segundo ciclo de Educaci\u00f3n Infantil, Educaci\u00f3n Primaria, Educaci\u00f3n Especial, E.S.O y Bachillerato<\/em>).<\/li>\n<\/ul>\n<p><span style=\"text-decoration: underline\"><strong>MATRICULACI\u00d3N:<\/strong><\/span><\/p>\n<ul>\n<li><a href=\"https:\/\/blogsaverroes.juntadeandalucia.es\/ceipdonana\/files\/2020\/05\/MATR\u00cdCULA-INFANTIL.pdf\" target=\"_blank\" rel=\"noopener noreferrer\"><strong>ANEXO IV<\/strong><\/a> <em>(Matr\u00edcula en segundo ciclo de Educaci\u00f3n Infantil).<\/em><\/li>\n<\/ul>\n<p>&nbsp;<\/p>\n<ul>\n<li><a href=\"https:\/\/blogsaverroes.juntadeandalucia.es\/ceipdonana\/files\/2020\/05\/ANEXO-V.pdf\" target=\"_blank\" rel=\"noopener noreferrer\"><strong>ANEXO V<\/strong><\/a> <em>(Matr\u00edcula en Educaci\u00f3n Primaria).<\/em><\/li>\n<\/ul>\n<p>&nbsp;<\/p>\n<ul>\n<li><a href=\"https:\/\/blogsaverroes.juntadeandalucia.es\/ceipdonana\/files\/2020\/05\/ANEXO_RELIGION_2021_200227.pdf\" target=\"_blank\" rel=\"noopener noreferrer\"><strong>ANEXO RELIGI\u00d3N<\/strong><\/a> <em>(Solicitud para cursar la ense\u00f1anza de religi\u00f3n).<\/em><\/li>\n<\/ul>\n<p>&nbsp;<\/p>\n<p><strong><span style=\"text-decoration: underline\">NOTA:<\/span> Adem\u00e1s de los impresos anteriores, deber\u00e1 aportar tres fotograf\u00edas del alumno\/a, certificado de empadronamiento, fotocopia del libro de familia y fotocopia de la cartilla de vacunaci\u00f3n.<\/strong><\/p>\n","protected":false},"excerpt":{"rendered":"<p>Descargue a continuaci\u00f3n los impresos necesarios para rellenar y presentarlos en el centro: ADMISI\u00d3N: ANEXO III (Solicitud de admisi\u00f3n en segundo ciclo de Educaci\u00f3n Infantil, Educaci\u00f3n Primaria, Educaci\u00f3n Especial, E.S.O y Bachillerato). MATRICULACI\u00d3N: ANEXO&#46;&#46;&#46;<\/p>\n","protected":false},"author":4714,"featured_media":0,"parent":0,"menu_order":0,"comment_status":"closed","ping_status":"closed","template":"","meta":{"ngg_post_thumbnail":0,"footnotes":"","_mc_calendar":[]},"aioseo_notices":[],"_links":{"self":[{"href":"https:\/\/blogsaverroes.juntadeandalucia.es\/ceipdonana\/wp-json\/wp\/v2\/pages\/7889"}],"collection":[{"href":"https:\/\/blogsaverroes.juntadeandalucia.es\/ceipdonana\/wp-json\/wp\/v2\/pages"}],"about":[{"href":"https:\/\/blogsaverroes.juntadeandalucia.es\/ceipdonana\/wp-json\/wp\/v2\/types\/page"}],"author":[{"embeddable":true,"href":"https:\/\/blogsaverroes.juntadeandalucia.es\/ceipdonana\/wp-json\/wp\/v2\/users\/4714"}],"replies":[{"embeddable":true,"href":"https:\/\/blogsaverroes.juntadeandalucia.es\/ceipdonana\/wp-json\/wp\/v2\/comments?post=7889"}],"version-history":[{"count":5,"href":"https:\/\/blogsaverroes.juntadeandalucia.es\/ceipdonana\/wp-json\/wp\/v2\/pages\/7889\/revisions"}],"predecessor-version":[{"id":11184,"href":"https:\/\/blogsaverroes.juntadeandalucia.es\/ceipdonana\/wp-json\/wp\/v2\/pages\/7889\/revisions\/11184"}],"wp:attachment":[{"href":"https:\/\/blogsaverroes.juntadeandalucia.es\/ceipdonana\/wp-json\/wp\/v2\/media?parent=7889"}],"curies":[{"name":"wp","href":"https:\/\/api.w.org\/{rel}","templated":true}]}}