{"id":188,"date":"2025-02-06T12:33:02","date_gmt":"2025-02-06T12:33:02","guid":{"rendered":"https:\/\/blogsaverroes.juntadeandalucia.es\/ceipdulcenombre\/?page_id=188"},"modified":"2025-02-07T11:43:55","modified_gmt":"2025-02-07T11:43:55","slug":"consejo-escolar","status":"publish","type":"page","link":"https:\/\/blogsaverroes.juntadeandalucia.es\/ceipdulcenombre\/consejo-escolar\/","title":{"rendered":"Consejo Escolar"},"content":{"rendered":"<p><img loading=\"lazy\" decoding=\"async\" class=\"alignnone size-medium wp-image-210\" src=\"https:\/\/blogsaverroes.juntadeandalucia.es\/ceipdulcenombre\/files\/2025\/02\/CONSEJO-ESCOLAR-300x86.jpg\" alt=\"\" width=\"300\" height=\"86\" srcset=\"https:\/\/blogsaverroes.juntadeandalucia.es\/ceipdulcenombre\/files\/2025\/02\/CONSEJO-ESCOLAR-300x86.jpg 300w, https:\/\/blogsaverroes.juntadeandalucia.es\/ceipdulcenombre\/files\/2025\/02\/CONSEJO-ESCOLAR.jpg 421w\" sizes=\"(max-width: 300px) 100vw, 300px\" \/><\/p>\n<p style=\"text-align: left\"><strong>EQUIPO DIRECTIVO<\/strong><\/p>\n<ul>\n<li style=\"text-align: left\"><span style=\"font-size: 12pt\">Jer\u00f3nimo Moreno Varo&nbsp; &nbsp;<\/span><\/li>\n<li style=\"text-align: left\"><span style=\"font-size: 12pt\">Roc\u00edo Guerrero Luque<\/span><\/li>\n<li style=\"text-align: left\"><span style=\"font-size: 12pt\">Chelo P\u00e9rez Cosano<\/span><\/li>\n<\/ul>\n<p><strong>PROFESORADO<\/strong><\/p>\n<ul>\n<li>Mar\u00eda Carmen Cabello Garc\u00eda<\/li>\n<li>Estefan\u00eda Inmaculada L\u00f3pez Ruiz<\/li>\n<li>Francisca Matas Hinojosa<\/li>\n<li>Mar\u00eda Reina Moyano<\/li>\n<li>Inmaculada Rold\u00e1n Rivas<\/li>\n<li>Susana Ruiz Chia<\/li>\n<\/ul>\n<p><strong>MADRES\/PADRES\/TUTORES<\/strong><\/p>\n<ul>\n<li>Jes\u00fas Milagros Baena Zurera<\/li>\n<li>Mar\u00eda Cabezas D\u00edaz<\/li>\n<li>Antonio Cejas Rivas<\/li>\n<li>Manuel L\u00f3pez G\u00e1lvez<\/li>\n<li>Elena Pedraza Latorre<\/li>\n<li>Lourdes Velasco Hurtado<\/li>\n<li>Silvia Montero Gonz\u00e1lez<\/li>\n<\/ul>\n<p><strong>AYUNTAMIENTO<\/strong><\/p>\n<ul>\n<li>Sonia Arjona Cejas<\/li>\n<\/ul>\n","protected":false},"excerpt":{"rendered":"<p>EQUIPO DIRECTIVO Jer\u00f3nimo Moreno Varo&nbsp; &nbsp; Roc\u00edo Guerrero Luque Chelo P\u00e9rez Cosano PROFESORADO Mar\u00eda Carmen Cabello Garc\u00eda Estefan\u00eda Inmaculada L\u00f3pez Ruiz Francisca Matas Hinojosa Mar\u00eda Reina Moyano Inmaculada Rold\u00e1n Rivas Susana Ruiz Chia MADRES\/PADRES\/TUTORES&#46;&#46;&#46;<\/p>\n","protected":false},"author":3970,"featured_media":0,"parent":0,"menu_order":0,"comment_status":"closed","ping_status":"closed","template":"","meta":{"ngg_post_thumbnail":0,"footnotes":""},"aioseo_notices":[],"_links":{"self":[{"href":"https:\/\/blogsaverroes.juntadeandalucia.es\/ceipdulcenombre\/wp-json\/wp\/v2\/pages\/188"}],"collection":[{"href":"https:\/\/blogsaverroes.juntadeandalucia.es\/ceipdulcenombre\/wp-json\/wp\/v2\/pages"}],"about":[{"href":"https:\/\/blogsaverroes.juntadeandalucia.es\/ceipdulcenombre\/wp-json\/wp\/v2\/types\/page"}],"author":[{"embeddable":true,"href":"https:\/\/blogsaverroes.juntadeandalucia.es\/ceipdulcenombre\/wp-json\/wp\/v2\/users\/3970"}],"replies":[{"embeddable":true,"href":"https:\/\/blogsaverroes.juntadeandalucia.es\/ceipdulcenombre\/wp-json\/wp\/v2\/comments?post=188"}],"version-history":[{"count":4,"href":"https:\/\/blogsaverroes.juntadeandalucia.es\/ceipdulcenombre\/wp-json\/wp\/v2\/pages\/188\/revisions"}],"predecessor-version":[{"id":212,"href":"https:\/\/blogsaverroes.juntadeandalucia.es\/ceipdulcenombre\/wp-json\/wp\/v2\/pages\/188\/revisions\/212"}],"wp:attachment":[{"href":"https:\/\/blogsaverroes.juntadeandalucia.es\/ceipdulcenombre\/wp-json\/wp\/v2\/media?parent=188"}],"curies":[{"name":"wp","href":"https:\/\/api.w.org\/{rel}","templated":true}]}}