{"id":2304,"date":"2020-08-28T15:34:04","date_gmt":"2020-08-28T15:34:04","guid":{"rendered":"https:\/\/blogsaverroes.juntadeandalucia.es\/ceipduquederivas\/?page_id=2304"},"modified":"2020-11-25T18:19:04","modified_gmt":"2020-11-25T18:19:04","slug":"ed-secundaria","status":"publish","type":"page","link":"https:\/\/blogsaverroes.juntadeandalucia.es\/ceipduquederivas\/ed-secundaria\/","title":{"rendered":"Ed. Secundaria"},"content":{"rendered":"<h3 class=\"LC20lb DKV0Md\">EDUCACI\u00d3N PL\u00c1STICA, VISUAL Y AUDIOVISUAL\u00a0 en Secundaria<\/h3>\n<p><strong>D\u00eda Internacional del Flamenco<\/strong><\/p>\n<div id=\"attachment_3552\" style=\"width: 310px\" class=\"wp-caption aligncenter\"><a href=\"https:\/\/blogsaverroes.juntadeandalucia.es\/ceipduquederivas\/files\/2020\/11\/WhatsApp-Image-2020-11-08-at-15.04.10-13.jpeg\"><img decoding=\"async\" aria-describedby=\"caption-attachment-3552\" class=\"wp-image-3552 size-medium\" src=\"https:\/\/blogsaverroes.juntadeandalucia.es\/ceipduquederivas\/files\/2020\/11\/WhatsApp-Image-2020-11-08-at-15.04.10-13-300x135.jpeg\" alt=\"\" width=\"300\" height=\"135\" srcset=\"https:\/\/blogsaverroes.juntadeandalucia.es\/ceipduquederivas\/files\/2020\/11\/WhatsApp-Image-2020-11-08-at-15.04.10-13-300x135.jpeg 300w, https:\/\/blogsaverroes.juntadeandalucia.es\/ceipduquederivas\/files\/2020\/11\/WhatsApp-Image-2020-11-08-at-15.04.10-13-1024x461.jpeg 1024w, https:\/\/blogsaverroes.juntadeandalucia.es\/ceipduquederivas\/files\/2020\/11\/WhatsApp-Image-2020-11-08-at-15.04.10-13-768x346.jpeg 768w, https:\/\/blogsaverroes.juntadeandalucia.es\/ceipduquederivas\/files\/2020\/11\/WhatsApp-Image-2020-11-08-at-15.04.10-13-1536x691.jpeg 1536w, https:\/\/blogsaverroes.juntadeandalucia.es\/ceipduquederivas\/files\/2020\/11\/WhatsApp-Image-2020-11-08-at-15.04.10-13-24x11.jpeg 24w, https:\/\/blogsaverroes.juntadeandalucia.es\/ceipduquederivas\/files\/2020\/11\/WhatsApp-Image-2020-11-08-at-15.04.10-13-36x16.jpeg 36w, https:\/\/blogsaverroes.juntadeandalucia.es\/ceipduquederivas\/files\/2020\/11\/WhatsApp-Image-2020-11-08-at-15.04.10-13-48x22.jpeg 48w, https:\/\/blogsaverroes.juntadeandalucia.es\/ceipduquederivas\/files\/2020\/11\/WhatsApp-Image-2020-11-08-at-15.04.10-13.jpeg 2000w\" sizes=\"(max-width: 300px) 100vw, 300px\" \/><\/a><p id=\"caption-attachment-3552\" class=\"wp-caption-text\">El patr\u00f3n<\/p><\/div>\n<p>Para esta efem\u00e9ride quisimos hacer con 1\u00ba de Eso unos t\u00edpicos sombreros cordobeses. Cost\u00f3 algo de trabajo terminarlos porque usamos cola t\u00e9rmica y hab\u00eda que ir con cuidado para no quemarse. Finalmente los pudimos acabar a tiempo y no quedaron mal, verdad?<\/p>\n<p><a href=\"https:\/\/blogsaverroes.juntadeandalucia.es\/ceipduquederivas\/files\/2020\/11\/WhatsApp-Image-2020-11-08-at-15.04.10-12.jpeg\"><img fetchpriority=\"high\" decoding=\"async\" class=\"wp-image-3553 size-medium\" src=\"https:\/\/blogsaverroes.juntadeandalucia.es\/ceipduquederivas\/files\/2020\/11\/WhatsApp-Image-2020-11-08-at-15.04.10-12-300x225.jpeg\" alt=\"\" width=\"300\" height=\"225\" srcset=\"https:\/\/blogsaverroes.juntadeandalucia.es\/ceipduquederivas\/files\/2020\/11\/WhatsApp-Image-2020-11-08-at-15.04.10-12-300x225.jpeg 300w, https:\/\/blogsaverroes.juntadeandalucia.es\/ceipduquederivas\/files\/2020\/11\/WhatsApp-Image-2020-11-08-at-15.04.10-12-1024x768.jpeg 1024w, https:\/\/blogsaverroes.juntadeandalucia.es\/ceipduquederivas\/files\/2020\/11\/WhatsApp-Image-2020-11-08-at-15.04.10-12-768x576.jpeg 768w, https:\/\/blogsaverroes.juntadeandalucia.es\/ceipduquederivas\/files\/2020\/11\/WhatsApp-Image-2020-11-08-at-15.04.10-12-1536x1152.jpeg 1536w, https:\/\/blogsaverroes.juntadeandalucia.es\/ceipduquederivas\/files\/2020\/11\/WhatsApp-Image-2020-11-08-at-15.04.10-12-24x18.jpeg 24w, https:\/\/blogsaverroes.juntadeandalucia.es\/ceipduquederivas\/files\/2020\/11\/WhatsApp-Image-2020-11-08-at-15.04.10-12-36x27.jpeg 36w, https:\/\/blogsaverroes.juntadeandalucia.es\/ceipduquederivas\/files\/2020\/11\/WhatsApp-Image-2020-11-08-at-15.04.10-12-48x36.jpeg 48w, https:\/\/blogsaverroes.juntadeandalucia.es\/ceipduquederivas\/files\/2020\/11\/WhatsApp-Image-2020-11-08-at-15.04.10-12.jpeg 2048w\" sizes=\"(max-width: 300px) 100vw, 300px\" \/><\/a><\/p>\n<p>El corte<\/p>\n<div id=\"attachment_3554\" style=\"width: 508px\" class=\"wp-caption alignright\"><a href=\"https:\/\/blogsaverroes.juntadeandalucia.es\/ceipduquederivas\/files\/2020\/11\/WhatsApp-Image-2020-11-25-at-19.02.14.jpeg\"><img decoding=\"async\" aria-describedby=\"caption-attachment-3554\" class=\"wp-image-3554 \" src=\"https:\/\/blogsaverroes.juntadeandalucia.es\/ceipduquederivas\/files\/2020\/11\/WhatsApp-Image-2020-11-25-at-19.02.14-300x135.jpeg\" alt=\"\" width=\"498\" height=\"224\" srcset=\"https:\/\/blogsaverroes.juntadeandalucia.es\/ceipduquederivas\/files\/2020\/11\/WhatsApp-Image-2020-11-25-at-19.02.14-300x135.jpeg 300w, https:\/\/blogsaverroes.juntadeandalucia.es\/ceipduquederivas\/files\/2020\/11\/WhatsApp-Image-2020-11-25-at-19.02.14-1024x461.jpeg 1024w, https:\/\/blogsaverroes.juntadeandalucia.es\/ceipduquederivas\/files\/2020\/11\/WhatsApp-Image-2020-11-25-at-19.02.14-768x346.jpeg 768w, https:\/\/blogsaverroes.juntadeandalucia.es\/ceipduquederivas\/files\/2020\/11\/WhatsApp-Image-2020-11-25-at-19.02.14-1536x691.jpeg 1536w, https:\/\/blogsaverroes.juntadeandalucia.es\/ceipduquederivas\/files\/2020\/11\/WhatsApp-Image-2020-11-25-at-19.02.14-24x11.jpeg 24w, https:\/\/blogsaverroes.juntadeandalucia.es\/ceipduquederivas\/files\/2020\/11\/WhatsApp-Image-2020-11-25-at-19.02.14-36x16.jpeg 36w, https:\/\/blogsaverroes.juntadeandalucia.es\/ceipduquederivas\/files\/2020\/11\/WhatsApp-Image-2020-11-25-at-19.02.14-48x22.jpeg 48w, https:\/\/blogsaverroes.juntadeandalucia.es\/ceipduquederivas\/files\/2020\/11\/WhatsApp-Image-2020-11-25-at-19.02.14.jpeg 1600w\" sizes=\"(max-width: 498px) 100vw, 498px\" \/><\/a><p id=\"caption-attachment-3554\" class=\"wp-caption-text\">La confecci\u00f3n<\/p><\/div>\n<p>&nbsp;<\/p>\n<p>&nbsp;<\/p>\n<p>&nbsp;<\/p>\n<p>&nbsp;<\/p>\n<p>&nbsp;<\/p>\n<p>&nbsp;<\/p>\n<p>&nbsp;<\/p>\n<p>&nbsp;<\/p>\n<p>&nbsp;<\/p>\n<p><strong>NOV<\/strong><\/p>\n<p>Comenzamos noviembre con una actividad muy chula para Secundaria. Entre todos vamos a ir confeccionando alimentos de todo tipo para usarlos en un proyecto global con el que trabajar la econom\u00eda dom\u00e9stica y la administraci\u00f3n y gesti\u00f3n de un negocio de alimentaci\u00f3n \u00a1Ven a comprar a mi mercado!<\/p>\n<p>Las primeras cajas de leche y pizza est\u00e1n ya listas gracias a las aventajadas alumnas de 1\u00ba de ESO.<\/p>\n<p>&nbsp;<\/p>\n<div id=\"attachment_3323\" style=\"width: 365px\" class=\"wp-caption alignleft\"><a href=\"https:\/\/blogsaverroes.juntadeandalucia.es\/ceipduquederivas\/files\/2020\/11\/WhatsApp-Image-2020-11-08-at-15.04.10-8.jpeg\"><img loading=\"lazy\" decoding=\"async\" aria-describedby=\"caption-attachment-3323\" class=\"wp-image-3323\" src=\"https:\/\/blogsaverroes.juntadeandalucia.es\/ceipduquederivas\/files\/2020\/11\/WhatsApp-Image-2020-11-08-at-15.04.10-8-300x135.jpeg\" alt=\"\" width=\"355\" height=\"160\" srcset=\"https:\/\/blogsaverroes.juntadeandalucia.es\/ceipduquederivas\/files\/2020\/11\/WhatsApp-Image-2020-11-08-at-15.04.10-8-300x135.jpeg 300w, https:\/\/blogsaverroes.juntadeandalucia.es\/ceipduquederivas\/files\/2020\/11\/WhatsApp-Image-2020-11-08-at-15.04.10-8-1024x461.jpeg 1024w, https:\/\/blogsaverroes.juntadeandalucia.es\/ceipduquederivas\/files\/2020\/11\/WhatsApp-Image-2020-11-08-at-15.04.10-8-768x346.jpeg 768w, https:\/\/blogsaverroes.juntadeandalucia.es\/ceipduquederivas\/files\/2020\/11\/WhatsApp-Image-2020-11-08-at-15.04.10-8-1536x691.jpeg 1536w, https:\/\/blogsaverroes.juntadeandalucia.es\/ceipduquederivas\/files\/2020\/11\/WhatsApp-Image-2020-11-08-at-15.04.10-8-24x11.jpeg 24w, https:\/\/blogsaverroes.juntadeandalucia.es\/ceipduquederivas\/files\/2020\/11\/WhatsApp-Image-2020-11-08-at-15.04.10-8-36x16.jpeg 36w, https:\/\/blogsaverroes.juntadeandalucia.es\/ceipduquederivas\/files\/2020\/11\/WhatsApp-Image-2020-11-08-at-15.04.10-8-48x22.jpeg 48w, https:\/\/blogsaverroes.juntadeandalucia.es\/ceipduquederivas\/files\/2020\/11\/WhatsApp-Image-2020-11-08-at-15.04.10-8.jpeg 2000w\" sizes=\"(max-width: 355px) 100vw, 355px\" \/><\/a><p id=\"caption-attachment-3323\" class=\"wp-caption-text\">Confeccionando las primeras cajas de leche<\/p><\/div>\n<div id=\"attachment_3324\" style=\"width: 401px\" class=\"wp-caption alignright\"><a href=\"https:\/\/blogsaverroes.juntadeandalucia.es\/ceipduquederivas\/files\/2020\/11\/WhatsApp-Image-2020-11-08-at-15.04.10.jpeg\"><img loading=\"lazy\" decoding=\"async\" aria-describedby=\"caption-attachment-3324\" class=\"wp-image-3324\" src=\"https:\/\/blogsaverroes.juntadeandalucia.es\/ceipduquederivas\/files\/2020\/11\/WhatsApp-Image-2020-11-08-at-15.04.10-300x135.jpeg\" alt=\"\" width=\"391\" height=\"176\" srcset=\"https:\/\/blogsaverroes.juntadeandalucia.es\/ceipduquederivas\/files\/2020\/11\/WhatsApp-Image-2020-11-08-at-15.04.10-300x135.jpeg 300w, https:\/\/blogsaverroes.juntadeandalucia.es\/ceipduquederivas\/files\/2020\/11\/WhatsApp-Image-2020-11-08-at-15.04.10-1024x461.jpeg 1024w, https:\/\/blogsaverroes.juntadeandalucia.es\/ceipduquederivas\/files\/2020\/11\/WhatsApp-Image-2020-11-08-at-15.04.10-768x346.jpeg 768w, https:\/\/blogsaverroes.juntadeandalucia.es\/ceipduquederivas\/files\/2020\/11\/WhatsApp-Image-2020-11-08-at-15.04.10-1536x691.jpeg 1536w, https:\/\/blogsaverroes.juntadeandalucia.es\/ceipduquederivas\/files\/2020\/11\/WhatsApp-Image-2020-11-08-at-15.04.10-24x11.jpeg 24w, https:\/\/blogsaverroes.juntadeandalucia.es\/ceipduquederivas\/files\/2020\/11\/WhatsApp-Image-2020-11-08-at-15.04.10-36x16.jpeg 36w, https:\/\/blogsaverroes.juntadeandalucia.es\/ceipduquederivas\/files\/2020\/11\/WhatsApp-Image-2020-11-08-at-15.04.10-48x22.jpeg 48w, https:\/\/blogsaverroes.juntadeandalucia.es\/ceipduquederivas\/files\/2020\/11\/WhatsApp-Image-2020-11-08-at-15.04.10.jpeg 2000w\" sizes=\"(max-width: 391px) 100vw, 391px\" \/><\/a><p id=\"caption-attachment-3324\" class=\"wp-caption-text\">Las cajas para transportar las pizzas han quedado ideales, o no?<\/p><\/div>\n<p>&nbsp;<\/p>\n<p>&nbsp;<\/p>\n<p>&nbsp;<\/p>\n<div id=\"attachment_3325\" style=\"width: 510px\" class=\"wp-caption aligncenter\"><a href=\"https:\/\/blogsaverroes.juntadeandalucia.es\/ceipduquederivas\/files\/2020\/11\/WhatsApp-Image-2020-11-08-at-15.04.10-1.jpeg\"><img loading=\"lazy\" decoding=\"async\" aria-describedby=\"caption-attachment-3325\" class=\"wp-image-3325\" src=\"https:\/\/blogsaverroes.juntadeandalucia.es\/ceipduquederivas\/files\/2020\/11\/WhatsApp-Image-2020-11-08-at-15.04.10-1-300x135.jpeg\" alt=\"\" width=\"500\" height=\"225\" srcset=\"https:\/\/blogsaverroes.juntadeandalucia.es\/ceipduquederivas\/files\/2020\/11\/WhatsApp-Image-2020-11-08-at-15.04.10-1-300x135.jpeg 300w, https:\/\/blogsaverroes.juntadeandalucia.es\/ceipduquederivas\/files\/2020\/11\/WhatsApp-Image-2020-11-08-at-15.04.10-1-1024x461.jpeg 1024w, https:\/\/blogsaverroes.juntadeandalucia.es\/ceipduquederivas\/files\/2020\/11\/WhatsApp-Image-2020-11-08-at-15.04.10-1-768x346.jpeg 768w, https:\/\/blogsaverroes.juntadeandalucia.es\/ceipduquederivas\/files\/2020\/11\/WhatsApp-Image-2020-11-08-at-15.04.10-1-1536x691.jpeg 1536w, https:\/\/blogsaverroes.juntadeandalucia.es\/ceipduquederivas\/files\/2020\/11\/WhatsApp-Image-2020-11-08-at-15.04.10-1-24x11.jpeg 24w, https:\/\/blogsaverroes.juntadeandalucia.es\/ceipduquederivas\/files\/2020\/11\/WhatsApp-Image-2020-11-08-at-15.04.10-1-36x16.jpeg 36w, https:\/\/blogsaverroes.juntadeandalucia.es\/ceipduquederivas\/files\/2020\/11\/WhatsApp-Image-2020-11-08-at-15.04.10-1-48x22.jpeg 48w, https:\/\/blogsaverroes.juntadeandalucia.es\/ceipduquederivas\/files\/2020\/11\/WhatsApp-Image-2020-11-08-at-15.04.10-1.jpeg 2000w\" sizes=\"(max-width: 500px) 100vw, 500px\" \/><\/a><p id=\"caption-attachment-3325\" class=\"wp-caption-text\">Las pizzas comienzan a tomar forma<\/p><\/div>\n<div id=\"attachment_3328\" style=\"width: 199px\" class=\"wp-caption alignright\"><a href=\"https:\/\/blogsaverroes.juntadeandalucia.es\/ceipduquederivas\/files\/2020\/11\/WhatsApp-Image-2020-11-08-at-15.04.10-5.jpeg\"><img loading=\"lazy\" decoding=\"async\" aria-describedby=\"caption-attachment-3328\" class=\"wp-image-3328\" src=\"https:\/\/blogsaverroes.juntadeandalucia.es\/ceipduquederivas\/files\/2020\/11\/WhatsApp-Image-2020-11-08-at-15.04.10-5-135x300.jpeg\" alt=\"\" width=\"189\" height=\"420\" srcset=\"https:\/\/blogsaverroes.juntadeandalucia.es\/ceipduquederivas\/files\/2020\/11\/WhatsApp-Image-2020-11-08-at-15.04.10-5-135x300.jpeg 135w, https:\/\/blogsaverroes.juntadeandalucia.es\/ceipduquederivas\/files\/2020\/11\/WhatsApp-Image-2020-11-08-at-15.04.10-5-461x1024.jpeg 461w, https:\/\/blogsaverroes.juntadeandalucia.es\/ceipduquederivas\/files\/2020\/11\/WhatsApp-Image-2020-11-08-at-15.04.10-5-768x1707.jpeg 768w, https:\/\/blogsaverroes.juntadeandalucia.es\/ceipduquederivas\/files\/2020\/11\/WhatsApp-Image-2020-11-08-at-15.04.10-5-691x1536.jpeg 691w, https:\/\/blogsaverroes.juntadeandalucia.es\/ceipduquederivas\/files\/2020\/11\/WhatsApp-Image-2020-11-08-at-15.04.10-5-11x24.jpeg 11w, https:\/\/blogsaverroes.juntadeandalucia.es\/ceipduquederivas\/files\/2020\/11\/WhatsApp-Image-2020-11-08-at-15.04.10-5-16x36.jpeg 16w, https:\/\/blogsaverroes.juntadeandalucia.es\/ceipduquederivas\/files\/2020\/11\/WhatsApp-Image-2020-11-08-at-15.04.10-5-22x48.jpeg 22w, https:\/\/blogsaverroes.juntadeandalucia.es\/ceipduquederivas\/files\/2020\/11\/WhatsApp-Image-2020-11-08-at-15.04.10-5.jpeg 900w\" sizes=\"(max-width: 189px) 100vw, 189px\" \/><\/a><p id=\"caption-attachment-3328\" class=\"wp-caption-text\">Apetece tomar un trago de leche de este tetrabrick, verdad?<\/p><\/div>\n<p>&nbsp;<\/p>\n<div id=\"attachment_3326\" style=\"width: 310px\" class=\"wp-caption aligncenter\"><a href=\"https:\/\/blogsaverroes.juntadeandalucia.es\/ceipduquederivas\/files\/2020\/11\/WhatsApp-Image-2020-11-08-at-15.04.10-6.jpeg\"><img loading=\"lazy\" decoding=\"async\" aria-describedby=\"caption-attachment-3326\" class=\"wp-image-3326 size-medium\" src=\"https:\/\/blogsaverroes.juntadeandalucia.es\/ceipduquederivas\/files\/2020\/11\/WhatsApp-Image-2020-11-08-at-15.04.10-6-300x135.jpeg\" alt=\"\" width=\"300\" height=\"135\" srcset=\"https:\/\/blogsaverroes.juntadeandalucia.es\/ceipduquederivas\/files\/2020\/11\/WhatsApp-Image-2020-11-08-at-15.04.10-6-300x135.jpeg 300w, https:\/\/blogsaverroes.juntadeandalucia.es\/ceipduquederivas\/files\/2020\/11\/WhatsApp-Image-2020-11-08-at-15.04.10-6-1024x461.jpeg 1024w, https:\/\/blogsaverroes.juntadeandalucia.es\/ceipduquederivas\/files\/2020\/11\/WhatsApp-Image-2020-11-08-at-15.04.10-6-768x346.jpeg 768w, https:\/\/blogsaverroes.juntadeandalucia.es\/ceipduquederivas\/files\/2020\/11\/WhatsApp-Image-2020-11-08-at-15.04.10-6-1536x691.jpeg 1536w, https:\/\/blogsaverroes.juntadeandalucia.es\/ceipduquederivas\/files\/2020\/11\/WhatsApp-Image-2020-11-08-at-15.04.10-6-24x11.jpeg 24w, https:\/\/blogsaverroes.juntadeandalucia.es\/ceipduquederivas\/files\/2020\/11\/WhatsApp-Image-2020-11-08-at-15.04.10-6-36x16.jpeg 36w, https:\/\/blogsaverroes.juntadeandalucia.es\/ceipduquederivas\/files\/2020\/11\/WhatsApp-Image-2020-11-08-at-15.04.10-6-48x22.jpeg 48w, https:\/\/blogsaverroes.juntadeandalucia.es\/ceipduquederivas\/files\/2020\/11\/WhatsApp-Image-2020-11-08-at-15.04.10-6.jpeg 2000w\" sizes=\"(max-width: 300px) 100vw, 300px\" \/><\/a><p id=\"caption-attachment-3326\" class=\"wp-caption-text\">Con la masa hecha toca poner el queso, cada una a su estilo<\/p><\/div>\n<p>&nbsp;<\/p>\n<div id=\"attachment_3357\" style=\"width: 218px\" class=\"wp-caption alignleft\"><a href=\"https:\/\/blogsaverroes.juntadeandalucia.es\/ceipduquederivas\/files\/2020\/11\/WhatsApp-Image-2020-11-12-at-16.59.32.jpeg\"><img loading=\"lazy\" decoding=\"async\" aria-describedby=\"caption-attachment-3357\" class=\"wp-image-3357\" src=\"https:\/\/blogsaverroes.juntadeandalucia.es\/ceipduquederivas\/files\/2020\/11\/WhatsApp-Image-2020-11-12-at-16.59.32-135x300.jpeg\" alt=\"\" width=\"208\" height=\"462\" srcset=\"https:\/\/blogsaverroes.juntadeandalucia.es\/ceipduquederivas\/files\/2020\/11\/WhatsApp-Image-2020-11-12-at-16.59.32-135x300.jpeg 135w, https:\/\/blogsaverroes.juntadeandalucia.es\/ceipduquederivas\/files\/2020\/11\/WhatsApp-Image-2020-11-12-at-16.59.32-461x1024.jpeg 461w, https:\/\/blogsaverroes.juntadeandalucia.es\/ceipduquederivas\/files\/2020\/11\/WhatsApp-Image-2020-11-12-at-16.59.32-768x1707.jpeg 768w, https:\/\/blogsaverroes.juntadeandalucia.es\/ceipduquederivas\/files\/2020\/11\/WhatsApp-Image-2020-11-12-at-16.59.32-691x1536.jpeg 691w, https:\/\/blogsaverroes.juntadeandalucia.es\/ceipduquederivas\/files\/2020\/11\/WhatsApp-Image-2020-11-12-at-16.59.32-11x24.jpeg 11w, https:\/\/blogsaverroes.juntadeandalucia.es\/ceipduquederivas\/files\/2020\/11\/WhatsApp-Image-2020-11-12-at-16.59.32-16x36.jpeg 16w, https:\/\/blogsaverroes.juntadeandalucia.es\/ceipduquederivas\/files\/2020\/11\/WhatsApp-Image-2020-11-12-at-16.59.32-22x48.jpeg 22w, https:\/\/blogsaverroes.juntadeandalucia.es\/ceipduquederivas\/files\/2020\/11\/WhatsApp-Image-2020-11-12-at-16.59.32.jpeg 900w\" sizes=\"(max-width: 208px) 100vw, 208px\" \/><\/a><p id=\"caption-attachment-3357\" class=\"wp-caption-text\">La pizza le ha quedado a Kevin para chuparse los dedos. Yam yam!<\/p><\/div>\n<p>&nbsp;<\/p>\n<p>&nbsp;<\/p>\n<p>&nbsp;<\/p>\n<p>&nbsp;<\/p>\n<p>&nbsp;<\/p>\n<p>&nbsp;<\/p>\n<p>&nbsp;<\/p>\n<p>&nbsp;<\/p>\n<p>&nbsp;<\/p>\n<p>&nbsp;<\/p>\n<p>&nbsp;<\/p>\n<p>&nbsp;<\/p>\n<p>&nbsp;<\/p>\n<p>&nbsp;<\/p>\n<p><strong>SEP-OCT<\/strong><\/p>\n<p>Nuestros chicos y chicas de Secundaria comenzaron el curso algo preocupados por el coronavirus, as\u00ed que la mejor manera de contrarrestar ese miedo fue darles informaci\u00f3n y educarlos en la prevenci\u00f3n, pero no solo en teor\u00eda ha quedado la historia, nos pusimos manos a la obra y comenzamos a confeccionar mascarillas de tela.<\/p>\n<p>S\u00ed, s\u00ed, cosidas con sus propias manitas, de verdad! y el resultado no ha podido ser mejor. Protegidos, orgullosos del esfuerzo y del resultado.<\/p>\n<p><a href=\"https:\/\/blogsaverroes.juntadeandalucia.es\/ceipduquederivas\/files\/2020\/10\/WhatsApp-Image-2020-10-23-at-19.53.48-1.jpeg\"><img loading=\"lazy\" decoding=\"async\" class=\" wp-image-3160 alignleft\" src=\"https:\/\/blogsaverroes.juntadeandalucia.es\/ceipduquederivas\/files\/2020\/10\/WhatsApp-Image-2020-10-23-at-19.53.48-1-300x135.jpeg\" alt=\"\" width=\"389\" height=\"175\" srcset=\"https:\/\/blogsaverroes.juntadeandalucia.es\/ceipduquederivas\/files\/2020\/10\/WhatsApp-Image-2020-10-23-at-19.53.48-1-300x135.jpeg 300w, https:\/\/blogsaverroes.juntadeandalucia.es\/ceipduquederivas\/files\/2020\/10\/WhatsApp-Image-2020-10-23-at-19.53.48-1-1024x461.jpeg 1024w, https:\/\/blogsaverroes.juntadeandalucia.es\/ceipduquederivas\/files\/2020\/10\/WhatsApp-Image-2020-10-23-at-19.53.48-1-768x346.jpeg 768w, https:\/\/blogsaverroes.juntadeandalucia.es\/ceipduquederivas\/files\/2020\/10\/WhatsApp-Image-2020-10-23-at-19.53.48-1-1536x691.jpeg 1536w, https:\/\/blogsaverroes.juntadeandalucia.es\/ceipduquederivas\/files\/2020\/10\/WhatsApp-Image-2020-10-23-at-19.53.48-1-24x11.jpeg 24w, https:\/\/blogsaverroes.juntadeandalucia.es\/ceipduquederivas\/files\/2020\/10\/WhatsApp-Image-2020-10-23-at-19.53.48-1-36x16.jpeg 36w, https:\/\/blogsaverroes.juntadeandalucia.es\/ceipduquederivas\/files\/2020\/10\/WhatsApp-Image-2020-10-23-at-19.53.48-1-48x22.jpeg 48w, https:\/\/blogsaverroes.juntadeandalucia.es\/ceipduquederivas\/files\/2020\/10\/WhatsApp-Image-2020-10-23-at-19.53.48-1.jpeg 2000w\" sizes=\"(max-width: 389px) 100vw, 389px\" \/><\/a><\/p>\n<p>&nbsp;<\/p>\n<p><a href=\"https:\/\/blogsaverroes.juntadeandalucia.es\/ceipduquederivas\/files\/2020\/10\/WhatsApp-Image-2020-10-23-at-19.54.35-1.jpeg\"><img loading=\"lazy\" decoding=\"async\" class=\"aligncenter wp-image-3161\" src=\"https:\/\/blogsaverroes.juntadeandalucia.es\/ceipduquederivas\/files\/2020\/10\/WhatsApp-Image-2020-10-23-at-19.54.35-1-300x135.jpeg\" alt=\"\" width=\"411\" height=\"185\" srcset=\"https:\/\/blogsaverroes.juntadeandalucia.es\/ceipduquederivas\/files\/2020\/10\/WhatsApp-Image-2020-10-23-at-19.54.35-1-300x135.jpeg 300w, https:\/\/blogsaverroes.juntadeandalucia.es\/ceipduquederivas\/files\/2020\/10\/WhatsApp-Image-2020-10-23-at-19.54.35-1-1024x461.jpeg 1024w, https:\/\/blogsaverroes.juntadeandalucia.es\/ceipduquederivas\/files\/2020\/10\/WhatsApp-Image-2020-10-23-at-19.54.35-1-768x346.jpeg 768w, https:\/\/blogsaverroes.juntadeandalucia.es\/ceipduquederivas\/files\/2020\/10\/WhatsApp-Image-2020-10-23-at-19.54.35-1-1536x691.jpeg 1536w, https:\/\/blogsaverroes.juntadeandalucia.es\/ceipduquederivas\/files\/2020\/10\/WhatsApp-Image-2020-10-23-at-19.54.35-1-24x11.jpeg 24w, https:\/\/blogsaverroes.juntadeandalucia.es\/ceipduquederivas\/files\/2020\/10\/WhatsApp-Image-2020-10-23-at-19.54.35-1-36x16.jpeg 36w, https:\/\/blogsaverroes.juntadeandalucia.es\/ceipduquederivas\/files\/2020\/10\/WhatsApp-Image-2020-10-23-at-19.54.35-1-48x22.jpeg 48w, https:\/\/blogsaverroes.juntadeandalucia.es\/ceipduquederivas\/files\/2020\/10\/WhatsApp-Image-2020-10-23-at-19.54.35-1.jpeg 2000w\" sizes=\"(max-width: 411px) 100vw, 411px\" \/><\/a><\/p>\n<p>Os dejamos aqu\u00ed los pasos que hemos seguido para su confecci\u00f3n.<\/p>\n<p>Lo primero, comprar las telas, antibacterianas de un color s\u00faper combinable y confeccionar un patr\u00f3n sencillo.<a href=\"https:\/\/blogsaverroes.juntadeandalucia.es\/ceipduquederivas\/files\/2020\/10\/WhatsApp-Image-2020-10-23-at-18.04.32.jpeg\"><img loading=\"lazy\" decoding=\"async\" class=\"size-medium wp-image-3154 alignleft\" src=\"https:\/\/blogsaverroes.juntadeandalucia.es\/ceipduquederivas\/files\/2020\/10\/WhatsApp-Image-2020-10-23-at-18.04.32-225x300.jpeg\" alt=\"\" width=\"225\" height=\"300\" srcset=\"https:\/\/blogsaverroes.juntadeandalucia.es\/ceipduquederivas\/files\/2020\/10\/WhatsApp-Image-2020-10-23-at-18.04.32-225x300.jpeg 225w, https:\/\/blogsaverroes.juntadeandalucia.es\/ceipduquederivas\/files\/2020\/10\/WhatsApp-Image-2020-10-23-at-18.04.32-767x1024.jpeg 767w, https:\/\/blogsaverroes.juntadeandalucia.es\/ceipduquederivas\/files\/2020\/10\/WhatsApp-Image-2020-10-23-at-18.04.32-768x1025.jpeg 768w, https:\/\/blogsaverroes.juntadeandalucia.es\/ceipduquederivas\/files\/2020\/10\/WhatsApp-Image-2020-10-23-at-18.04.32-300x400.jpeg 300w, https:\/\/blogsaverroes.juntadeandalucia.es\/ceipduquederivas\/files\/2020\/10\/WhatsApp-Image-2020-10-23-at-18.04.32-1151x1536.jpeg 1151w, https:\/\/blogsaverroes.juntadeandalucia.es\/ceipduquederivas\/files\/2020\/10\/WhatsApp-Image-2020-10-23-at-18.04.32-18x24.jpeg 18w, https:\/\/blogsaverroes.juntadeandalucia.es\/ceipduquederivas\/files\/2020\/10\/WhatsApp-Image-2020-10-23-at-18.04.32-27x36.jpeg 27w, https:\/\/blogsaverroes.juntadeandalucia.es\/ceipduquederivas\/files\/2020\/10\/WhatsApp-Image-2020-10-23-at-18.04.32-36x48.jpeg 36w, https:\/\/blogsaverroes.juntadeandalucia.es\/ceipduquederivas\/files\/2020\/10\/WhatsApp-Image-2020-10-23-at-18.04.32.jpeg 1199w\" sizes=\"(max-width: 225px) 100vw, 225px\" \/><\/a><\/p>\n<p>Despu\u00e9s, pasamos el patr\u00f3n a la tela con tiza y recortamos.<\/p>\n<p>Para terminar cosemos, ayud\u00e1ndonos con unos alfileres.<\/p>\n<p>Una vez cosido casi todo el borde de la mascarilla le damos la vuelta, cosemos lo que nos falte del per\u00edmetro y colocamos las gomas. Y voila! ah\u00ed tienes tu mascarilla molona, hecha con tus propias manos.<\/p>\n<p>Enhorabuena chicas!!<\/p>\n<p><a href=\"https:\/\/blogsaverroes.juntadeandalucia.es\/ceipduquederivas\/files\/2020\/10\/WhatsApp-Image-2020-10-23-at-17.58.51-3.jpeg\"><img loading=\"lazy\" decoding=\"async\" class=\" wp-image-3155 alignleft\" src=\"https:\/\/blogsaverroes.juntadeandalucia.es\/ceipduquederivas\/files\/2020\/10\/WhatsApp-Image-2020-10-23-at-17.58.51-3-300x135.jpeg\" alt=\"\" width=\"455\" height=\"205\" srcset=\"https:\/\/blogsaverroes.juntadeandalucia.es\/ceipduquederivas\/files\/2020\/10\/WhatsApp-Image-2020-10-23-at-17.58.51-3-300x135.jpeg 300w, https:\/\/blogsaverroes.juntadeandalucia.es\/ceipduquederivas\/files\/2020\/10\/WhatsApp-Image-2020-10-23-at-17.58.51-3-1024x461.jpeg 1024w, https:\/\/blogsaverroes.juntadeandalucia.es\/ceipduquederivas\/files\/2020\/10\/WhatsApp-Image-2020-10-23-at-17.58.51-3-768x346.jpeg 768w, https:\/\/blogsaverroes.juntadeandalucia.es\/ceipduquederivas\/files\/2020\/10\/WhatsApp-Image-2020-10-23-at-17.58.51-3-1536x691.jpeg 1536w, https:\/\/blogsaverroes.juntadeandalucia.es\/ceipduquederivas\/files\/2020\/10\/WhatsApp-Image-2020-10-23-at-17.58.51-3-24x11.jpeg 24w, https:\/\/blogsaverroes.juntadeandalucia.es\/ceipduquederivas\/files\/2020\/10\/WhatsApp-Image-2020-10-23-at-17.58.51-3-36x16.jpeg 36w, https:\/\/blogsaverroes.juntadeandalucia.es\/ceipduquederivas\/files\/2020\/10\/WhatsApp-Image-2020-10-23-at-17.58.51-3-48x22.jpeg 48w, https:\/\/blogsaverroes.juntadeandalucia.es\/ceipduquederivas\/files\/2020\/10\/WhatsApp-Image-2020-10-23-at-17.58.51-3.jpeg 2000w\" sizes=\"(max-width: 455px) 100vw, 455px\" \/><\/a><\/p>\n<p>&nbsp;<\/p>\n<p>&nbsp;<\/p>\n<p>&nbsp;<\/p>\n<p>&nbsp;<\/p>\n<p>&nbsp;<\/p>\n<p>&nbsp;<\/p>\n<p><a href=\"https:\/\/blogsaverroes.juntadeandalucia.es\/ceipduquederivas\/files\/2020\/10\/WhatsApp-Image-2020-10-23-at-17.58.51-4.jpeg\"><img loading=\"lazy\" decoding=\"async\" class=\" wp-image-3157 alignleft\" src=\"https:\/\/blogsaverroes.juntadeandalucia.es\/ceipduquederivas\/files\/2020\/10\/WhatsApp-Image-2020-10-23-at-17.58.51-4-281x300.jpeg\" alt=\"\" width=\"338\" height=\"361\" srcset=\"https:\/\/blogsaverroes.juntadeandalucia.es\/ceipduquederivas\/files\/2020\/10\/WhatsApp-Image-2020-10-23-at-17.58.51-4-281x300.jpeg 281w, https:\/\/blogsaverroes.juntadeandalucia.es\/ceipduquederivas\/files\/2020\/10\/WhatsApp-Image-2020-10-23-at-17.58.51-4-958x1024.jpeg 958w, https:\/\/blogsaverroes.juntadeandalucia.es\/ceipduquederivas\/files\/2020\/10\/WhatsApp-Image-2020-10-23-at-17.58.51-4-768x821.jpeg 768w, https:\/\/blogsaverroes.juntadeandalucia.es\/ceipduquederivas\/files\/2020\/10\/WhatsApp-Image-2020-10-23-at-17.58.51-4-1438x1536.jpeg 1438w, https:\/\/blogsaverroes.juntadeandalucia.es\/ceipduquederivas\/files\/2020\/10\/WhatsApp-Image-2020-10-23-at-17.58.51-4-22x24.jpeg 22w, https:\/\/blogsaverroes.juntadeandalucia.es\/ceipduquederivas\/files\/2020\/10\/WhatsApp-Image-2020-10-23-at-17.58.51-4-34x36.jpeg 34w, https:\/\/blogsaverroes.juntadeandalucia.es\/ceipduquederivas\/files\/2020\/10\/WhatsApp-Image-2020-10-23-at-17.58.51-4-45x48.jpeg 45w, https:\/\/blogsaverroes.juntadeandalucia.es\/ceipduquederivas\/files\/2020\/10\/WhatsApp-Image-2020-10-23-at-17.58.51-4.jpeg 1799w\" sizes=\"(max-width: 338px) 100vw, 338px\" \/><\/a><\/p>\n<p><img loading=\"lazy\" decoding=\"async\" class=\"wp-image-3156 alignleft\" src=\"https:\/\/blogsaverroes.juntadeandalucia.es\/ceipduquederivas\/files\/2020\/10\/WhatsApp-Image-2020-10-23-at-19.49.37-236x300.jpeg\" alt=\"\" width=\"305\" height=\"388\" srcset=\"https:\/\/blogsaverroes.juntadeandalucia.es\/ceipduquederivas\/files\/2020\/10\/WhatsApp-Image-2020-10-23-at-19.49.37-236x300.jpeg 236w, https:\/\/blogsaverroes.juntadeandalucia.es\/ceipduquederivas\/files\/2020\/10\/WhatsApp-Image-2020-10-23-at-19.49.37-807x1024.jpeg 807w, https:\/\/blogsaverroes.juntadeandalucia.es\/ceipduquederivas\/files\/2020\/10\/WhatsApp-Image-2020-10-23-at-19.49.37-768x975.jpeg 768w, https:\/\/blogsaverroes.juntadeandalucia.es\/ceipduquederivas\/files\/2020\/10\/WhatsApp-Image-2020-10-23-at-19.49.37-1210x1536.jpeg 1210w, https:\/\/blogsaverroes.juntadeandalucia.es\/ceipduquederivas\/files\/2020\/10\/WhatsApp-Image-2020-10-23-at-19.49.37-19x24.jpeg 19w, https:\/\/blogsaverroes.juntadeandalucia.es\/ceipduquederivas\/files\/2020\/10\/WhatsApp-Image-2020-10-23-at-19.49.37-28x36.jpeg 28w, https:\/\/blogsaverroes.juntadeandalucia.es\/ceipduquederivas\/files\/2020\/10\/WhatsApp-Image-2020-10-23-at-19.49.37-38x48.jpeg 38w, https:\/\/blogsaverroes.juntadeandalucia.es\/ceipduquederivas\/files\/2020\/10\/WhatsApp-Image-2020-10-23-at-19.49.37.jpeg 1613w\" sizes=\"(max-width: 305px) 100vw, 305px\" \/><\/p>\n<p>&nbsp;<\/p>\n","protected":false},"excerpt":{"rendered":"<p>EDUCACI\u00d3N PL\u00c1STICA, VISUAL Y AUDIOVISUAL\u00a0 en Secundaria D\u00eda Internacional del Flamenco Para esta efem\u00e9ride quisimos hacer con 1\u00ba de Eso unos t\u00edpicos sombreros cordobeses. Cost\u00f3 algo de trabajo terminarlos porque usamos cola t\u00e9rmica y&#46;&#46;&#46;<\/p>\n","protected":false},"author":9751,"featured_media":0,"parent":0,"menu_order":0,"comment_status":"closed","ping_status":"closed","template":"","meta":{"ngg_post_thumbnail":0,"footnotes":"","_mc_calendar":[]},"aioseo_notices":[],"_links":{"self":[{"href":"https:\/\/blogsaverroes.juntadeandalucia.es\/ceipduquederivas\/wp-json\/wp\/v2\/pages\/2304"}],"collection":[{"href":"https:\/\/blogsaverroes.juntadeandalucia.es\/ceipduquederivas\/wp-json\/wp\/v2\/pages"}],"about":[{"href":"https:\/\/blogsaverroes.juntadeandalucia.es\/ceipduquederivas\/wp-json\/wp\/v2\/types\/page"}],"author":[{"embeddable":true,"href":"https:\/\/blogsaverroes.juntadeandalucia.es\/ceipduquederivas\/wp-json\/wp\/v2\/users\/9751"}],"replies":[{"embeddable":true,"href":"https:\/\/blogsaverroes.juntadeandalucia.es\/ceipduquederivas\/wp-json\/wp\/v2\/comments?post=2304"}],"version-history":[{"count":8,"href":"https:\/\/blogsaverroes.juntadeandalucia.es\/ceipduquederivas\/wp-json\/wp\/v2\/pages\/2304\/revisions"}],"predecessor-version":[{"id":3555,"href":"https:\/\/blogsaverroes.juntadeandalucia.es\/ceipduquederivas\/wp-json\/wp\/v2\/pages\/2304\/revisions\/3555"}],"wp:attachment":[{"href":"https:\/\/blogsaverroes.juntadeandalucia.es\/ceipduquederivas\/wp-json\/wp\/v2\/media?parent=2304"}],"curies":[{"name":"wp","href":"https:\/\/api.w.org\/{rel}","templated":true}]}}