{"id":2513,"date":"2020-09-08T20:44:16","date_gmt":"2020-09-08T20:44:16","guid":{"rendered":"https:\/\/blogsaverroes.juntadeandalucia.es\/ceipduquederivas\/?page_id=2513"},"modified":"2020-11-22T19:11:49","modified_gmt":"2020-11-22T19:11:49","slug":"pedagogia-terapeutica-pt","status":"publish","type":"page","link":"https:\/\/blogsaverroes.juntadeandalucia.es\/ceipduquederivas\/pedagogia-terapeutica-pt\/","title":{"rendered":"Pedagog\u00eda Terape\u00fatica (PT)"},"content":{"rendered":"<p><strong>AQU\u00cd VAN NUEVAS ACTIVIDADES, COMENTA SI TE GUSTAN<\/strong><\/p>\n<p><strong>Infantil:<\/strong><\/p>\n<p><strong><a title=\"VOCAL A\" href=\"https:\/\/es.liveworksheets.com\/zk378048pa\">VOCAL A<\/a><\/strong><\/p>\n<p><strong><a href=\"https:\/\/es.liveworksheets.com\/cv378249gh\">VOCAL E<\/a><\/strong><\/p>\n<p><a href=\"https:\/\/es.liveworksheets.com\/dc383930fg\">VOCAL I<\/a><\/p>\n<p><a href=\"https:\/\/es.liveworksheets.com\/at384155ip\">VOCAL O<\/a><\/p>\n<p><a href=\"https:\/\/es.liveworksheets.com\/il384275kc\">VOCAL U<\/a><\/p>\n<p>&nbsp;<\/p>\n<p><strong>Primaria 1\u00ba-2\u00ba-3\u00ba-4\u00ba:<\/strong><\/p>\n<p><a href=\"https:\/\/es.liveworksheets.com\/nr359275bb\">Me llamo Carlos<\/a><\/p>\n<p><a href=\"https:\/\/es.liveworksheets.com\/zn419001xg\">Ordena y forma oraciones<\/a><\/p>\n<p><strong>Primaria 5\u00ba-6\u00ba:<\/strong><\/p>\n<p><a href=\"https:\/\/es.liveworksheets.com\/xk198869fh\">El planeta gris<\/a><\/p>\n<p><a href=\"https:\/\/es.liveworksheets.com\/ua731069tx\">\u00a1Vamos a una isla desierta!<\/a><\/p>\n<p><strong>Secundaria:<\/strong><\/p>\n<p><a href=\"https:\/\/escholarium.educarex.es\/lnk\/2-TlR-kbqD-l\" rel=\"sponsored \">RETO MATEM\u00c1TICO<\/a><\/p>\n<p>&nbsp;<\/p>\n<p><strong>TAREA PARA ESTA SEMANA, SEGUIMOS MOVIENDO NUESTRAS NEURONAS&#8230;<\/strong><\/p>\n<p><strong>Infantil:&nbsp;<\/strong><\/p>\n<p><a title=\"Ficha infantil\" href=\"https:\/\/es.liveworksheets.com\/zu1245284hk\" target=\"_blank\" rel=\"noopener noreferrer\">Sigue las series<\/a><\/p>\n<p><strong>Primaria 1\u00ba-2\u00ba-3\u00ba-4\u00ba:<\/strong><\/p>\n<p><a href=\"https:\/\/es.liveworksheets.com\/iv339501ut\">\u00bfQui\u00e9n es el culpable?<\/a><\/p>\n<p><strong>Primaria 5\u00ba-6\u00ba:<\/strong><\/p>\n<p><a href=\"https:\/\/es.liveworksheets.com\/yn771721nl\">Jugamos con los n\u00fameros<\/a><\/p>\n<p>&nbsp;<\/p>\n<p><strong>SECUNDARIA:<\/strong><\/p>\n<p><a href=\"https:\/\/es.liveworksheets.com\/oh1237413yd\">Crucigrama matem\u00e1tico<\/a><\/p>\n<p>&nbsp;<\/p>\n<p><strong>\u00daLTIMA SEMANA DE OCTUBRE, VAMOS A DIVERTIRNOS UN RATO:<\/strong><\/p>\n<p>&nbsp;<\/p>\n<p><strong>Infantil:&nbsp; <\/strong><\/p>\n<p>Observa y haz el rompecabezas&nbsp;<strong><a href=\"https:\/\/es.liveworksheets.com\/sy436906tl\">https:\/\/es.liveworksheets.com\/sy436906tl<\/a><\/strong><\/p>\n<p><strong>&nbsp; &nbsp; &nbsp; &nbsp; &nbsp; &nbsp; &nbsp; &nbsp; &nbsp; &nbsp; &nbsp; &nbsp; <\/strong><\/p>\n<p><strong>&nbsp; &nbsp; &nbsp; &nbsp; &nbsp; &nbsp; &nbsp; &nbsp; &nbsp; &nbsp; &nbsp; &nbsp; &nbsp; &nbsp; &nbsp; &nbsp; &nbsp; &nbsp; &nbsp; &nbsp; &nbsp; &nbsp; &nbsp; &nbsp; &nbsp; &nbsp; &nbsp; &nbsp; &nbsp; &nbsp; &nbsp; &nbsp; &nbsp; &nbsp; &nbsp; &nbsp; &nbsp; &nbsp; &nbsp; &nbsp; &nbsp; &nbsp; &nbsp; &nbsp; &nbsp; &nbsp; &nbsp; &nbsp; &nbsp; &nbsp; <a href=\"https:\/\/blogsaverroes.juntadeandalucia.es\/ceipduquederivas\/files\/2020\/10\/caperucitaroja.jpg\"><img decoding=\"async\" class=\"alignnone wp-image-3197\" src=\"https:\/\/blogsaverroes.juntadeandalucia.es\/ceipduquederivas\/files\/2020\/10\/caperucitaroja-300x300.jpg\" alt=\"\" width=\"135\" height=\"135\" srcset=\"https:\/\/blogsaverroes.juntadeandalucia.es\/ceipduquederivas\/files\/2020\/10\/caperucitaroja-300x300.jpg 300w, https:\/\/blogsaverroes.juntadeandalucia.es\/ceipduquederivas\/files\/2020\/10\/caperucitaroja-150x150.jpg 150w, https:\/\/blogsaverroes.juntadeandalucia.es\/ceipduquederivas\/files\/2020\/10\/caperucitaroja-100x100.jpg 100w, https:\/\/blogsaverroes.juntadeandalucia.es\/ceipduquederivas\/files\/2020\/10\/caperucitaroja-80x80.jpg 80w, https:\/\/blogsaverroes.juntadeandalucia.es\/ceipduquederivas\/files\/2020\/10\/caperucitaroja-320x320.jpg 320w, https:\/\/blogsaverroes.juntadeandalucia.es\/ceipduquederivas\/files\/2020\/10\/caperucitaroja-24x24.jpg 24w, https:\/\/blogsaverroes.juntadeandalucia.es\/ceipduquederivas\/files\/2020\/10\/caperucitaroja-36x36.jpg 36w, https:\/\/blogsaverroes.juntadeandalucia.es\/ceipduquederivas\/files\/2020\/10\/caperucitaroja-48x48.jpg 48w, https:\/\/blogsaverroes.juntadeandalucia.es\/ceipduquederivas\/files\/2020\/10\/caperucitaroja.jpg 567w\" sizes=\"(max-width: 135px) 100vw, 135px\" \/><\/a><\/strong><\/p>\n<p>&nbsp;<\/p>\n<p><strong>Primaria 1\u00ba-2\u00ba-3\u00ba-4\u00ba:&nbsp;<\/strong>Lee con atenci\u00f3n, averigua qui\u00e9n es y arrastra el dibujo a su sitio.<\/p>\n<p><a href=\"https:\/\/es.liveworksheets.com\/to498981ov\">https:\/\/es.liveworksheets.com\/to498981ov<\/a><\/p>\n<p>&nbsp;<\/p>\n<p><strong>Primaria 5\u00ba-6\u00ba:&nbsp;<\/strong>Piensa y relaciona las preguntas con sus respuestas.<\/p>\n<p><a href=\"https:\/\/es.liveworksheets.com\/tt325110ob\">https:\/\/es.liveworksheets.com\/tt325110ob<\/a><\/p>\n<p>&nbsp;<\/p>\n<p><strong>SECUNDARIA:<\/strong> Lee, piensa y adivina&nbsp; \u00bfQui\u00e9n es qui\u00e9n? &nbsp; <a href=\"https:\/\/es.liveworksheets.com\/xr649769sr\">https:\/\/es.liveworksheets.com\/xr649769sr<\/a><\/p>\n<p>&nbsp;<\/p>\n<p>Para terminar, una ficha para mejorar la atenci\u00f3n, conc\u00e9ntrate hasta que lo consigas.&nbsp;<a href=\"https:\/\/es.liveworksheets.com\/tu807369jz\">https:\/\/es.liveworksheets.com\/tu807369jz<\/a><\/p>\n<p>&nbsp;<\/p>\n<p>&nbsp;<\/p>\n<p>&nbsp;<\/p>\n<p>&nbsp;<\/p>\n<p>&nbsp;<\/p>\n<p><strong>VAMOS A EMPEZAR LA SEMANA&nbsp; MOVIENDO LAS NEURONAS&#8230;&nbsp;<\/strong><\/p>\n<p>Pues aqu\u00ed te propongo un juego&nbsp; de Olesur, en el que tienes que elegir una de las tres piezas, la encaja en el dibujo. Pincha el enlace y empieza&nbsp; <a title=\"Busca la pieza que falta\" href=\"http:\/\/www.olesur.com\/educacion\/Busca-la-pieza-que-falta.asp\">busca la pieza que falta<\/a><\/p>\n<p>&nbsp;<\/p>\n<p>Te ha gustado&#8230; y qu\u00e9 tal una sopa de letras?&nbsp; Para poder hacerla pincha el el bot\u00f3n que dice dibujar y que representa un boli, despu\u00e9s podr\u00e1s marcar las palabras en la sopa. Pues adelante, pincha el enlace&nbsp;<a href=\"https:\/\/drive.google.com\/file\/d\/1IiCTMMCOmj8t4La--FL-J2mR_GU4JCiL\/view?usp=sharing\">Sopa de letras<\/a><\/p>\n<p>&nbsp;<\/p>\n<p>&nbsp;<\/p>\n<p>&nbsp;<\/p>\n<p>Este es el apartado de la clase de Apoyo de la \u00abSe\u00f1o M\u00aa Jes\u00fas\u00bb.<\/p>\n<p>Tratar\u00e9 de poner actividades, juegos, lecturas, y muchas cosas para que trabajemos de forma divertida.<\/p>\n<p>Para empezar pondr\u00e9 el horario de los ni\u00f1os y ni\u00f1as con los que trabajo.<\/p>\n<p>&nbsp;<\/p>\n<table style=\"border-collapse: collapse;width: 100%;height: 240px\">\n<tbody>\n<tr style=\"height: 24px\">\n<td style=\"width: 94px;text-align: center;height: 24px\">LUNES<\/td>\n<td style=\"width: 94px;height: 24px\">MARTES<\/td>\n<td style=\"width: 93px;height: 24px\">MI\u00c9RCOLES<\/td>\n<td style=\"width: 93px;height: 24px\">JUEVES<\/td>\n<td style=\"width: 93px;height: 24px\">VIERNES<\/td>\n<\/tr>\n<tr style=\"height: 24px\">\n<td style=\"width: 94px;height: 24px\">&nbsp;<\/td>\n<td style=\"width: 94px;height: 24px\">&nbsp;<\/td>\n<td style=\"width: 93px;height: 24px\">&nbsp;<\/td>\n<td style=\"width: 93px;height: 24px\">&nbsp;<\/td>\n<td style=\"width: 93px;height: 24px\">&nbsp;<\/td>\n<\/tr>\n<tr style=\"height: 48px\">\n<td style=\"width: 94px;height: 48px\">&nbsp;<\/td>\n<td style=\"width: 94px;height: 48px\">&nbsp;<\/td>\n<td style=\"width: 93px;height: 48px\">1\u00ba -2\u00ba-3\u00ba-4\u00ba Primaria<\/td>\n<td style=\"width: 93px;height: 48px\">1\u00ba -2\u00ba-3\u00ba-4\u00ba Primaria<\/td>\n<td style=\"width: 93px;height: 48px\">1\u00ba -2\u00ba-3\u00ba-4\u00ba Primaria<\/td>\n<\/tr>\n<tr style=\"height: 48px\">\n<td style=\"width: 94px;height: 48px\">1\u00ba -2\u00ba-3\u00ba-4\u00ba Primaria<\/td>\n<td style=\"width: 94px;height: 48px\">1\u00ba -2\u00ba-3\u00ba-4\u00ba Primaria<\/td>\n<td style=\"width: 93px;text-align: center;height: 48px\">2\u00ba ESO<\/td>\n<td style=\"width: 93px;text-align: center;height: 48px\">1\u00ba ESO<\/td>\n<td style=\"width: 93px;text-align: center;height: 48px\">BIBLIOTECA<\/td>\n<\/tr>\n<tr style=\"height: 24px\">\n<td style=\"width: 94px;text-align: center;height: 24px\">1\u00ba ESO<\/td>\n<td style=\"width: 94px;text-align: center;height: 24px\">2\u00ba ESO<\/td>\n<td style=\"width: 93px;text-align: center;height: 24px\">1\u00ba ESO<\/td>\n<td style=\"width: 93px;text-align: center;height: 24px\">BIBLIOTECA<\/td>\n<td style=\"width: 93px;text-align: center;height: 24px\">2\u00ba ESO<\/td>\n<\/tr>\n<tr style=\"height: 24px\">\n<td style=\"width: 94px;text-align: center;height: 24px\">RECREO<\/td>\n<td style=\"width: 94px;text-align: center;height: 24px\">RECREO<\/td>\n<td style=\"width: 93px;text-align: center;height: 24px\">RECREO<\/td>\n<td style=\"width: 93px;text-align: center;height: 24px\">RECREO<\/td>\n<td style=\"width: 93px;text-align: center;height: 24px\">RECREO<\/td>\n<\/tr>\n<tr style=\"height: 24px\">\n<td style=\"width: 94px;text-align: center;height: 24px\">BIBLIOTECA<\/td>\n<td style=\"width: 94px;text-align: center;height: 24px\">1\u00ba ESO<\/td>\n<td style=\"width: 93px;height: 24px\">&nbsp;<\/td>\n<td style=\"width: 93px;height: 24px\">&nbsp;<\/td>\n<td style=\"width: 93px;height: 24px\">&nbsp;<\/td>\n<\/tr>\n<tr style=\"height: 24px\">\n<td style=\"width: 94px;text-align: center;height: 24px\">1\u00ba Y 2\u00ba ESO<\/td>\n<td style=\"width: 94px;text-align: center;height: 24px\">1\u00ba Y 2\u00ba ESO<\/td>\n<td style=\"width: 93px;text-align: center;height: 24px\">1\u00ba Y 2\u00ba ESO<\/td>\n<td style=\"width: 93px;height: 24px\">&nbsp;<\/td>\n<td style=\"width: 93px;height: 24px\">&nbsp;<\/td>\n<\/tr>\n<\/tbody>\n<\/table>\n<p>&nbsp;<\/p>\n<p>&nbsp;<\/p>\n<p>&nbsp;<\/p>\n<p>&nbsp;<\/p>\n<p>&nbsp;<\/p>\n<p>&nbsp;<\/p>\n<p>&nbsp;<!-- Created with Elementor --><\/p>\n","protected":false},"excerpt":{"rendered":"<p>AQU\u00cd VAN NUEVAS ACTIVIDADES, COMENTA SI TE GUSTAN Infantil: VOCAL A VOCAL E VOCAL I VOCAL O VOCAL U &nbsp; Primaria 1\u00ba-2\u00ba-3\u00ba-4\u00ba: Me llamo Carlos Ordena y forma oraciones Primaria 5\u00ba-6\u00ba: El planeta gris&#46;&#46;&#46;<\/p>\n","protected":false},"author":9751,"featured_media":0,"parent":0,"menu_order":0,"comment_status":"closed","ping_status":"closed","template":"","meta":{"ngg_post_thumbnail":0,"footnotes":"","_mc_calendar":[]},"aioseo_notices":[],"_links":{"self":[{"href":"https:\/\/blogsaverroes.juntadeandalucia.es\/ceipduquederivas\/wp-json\/wp\/v2\/pages\/2513"}],"collection":[{"href":"https:\/\/blogsaverroes.juntadeandalucia.es\/ceipduquederivas\/wp-json\/wp\/v2\/pages"}],"about":[{"href":"https:\/\/blogsaverroes.juntadeandalucia.es\/ceipduquederivas\/wp-json\/wp\/v2\/types\/page"}],"author":[{"embeddable":true,"href":"https:\/\/blogsaverroes.juntadeandalucia.es\/ceipduquederivas\/wp-json\/wp\/v2\/users\/9751"}],"replies":[{"embeddable":true,"href":"https:\/\/blogsaverroes.juntadeandalucia.es\/ceipduquederivas\/wp-json\/wp\/v2\/comments?post=2513"}],"version-history":[{"count":26,"href":"https:\/\/blogsaverroes.juntadeandalucia.es\/ceipduquederivas\/wp-json\/wp\/v2\/pages\/2513\/revisions"}],"predecessor-version":[{"id":3504,"href":"https:\/\/blogsaverroes.juntadeandalucia.es\/ceipduquederivas\/wp-json\/wp\/v2\/pages\/2513\/revisions\/3504"}],"wp:attachment":[{"href":"https:\/\/blogsaverroes.juntadeandalucia.es\/ceipduquederivas\/wp-json\/wp\/v2\/media?parent=2513"}],"curies":[{"name":"wp","href":"https:\/\/api.w.org\/{rel}","templated":true}]}}