{"id":2617,"date":"2020-09-14T08:08:02","date_gmt":"2020-09-14T08:08:02","guid":{"rendered":"https:\/\/blogsaverroes.juntadeandalucia.es\/ceipduquederivas\/?page_id=2617"},"modified":"2022-05-12T17:55:32","modified_gmt":"2022-05-12T17:55:32","slug":"radio-el-duque-de-rivas-en-las-ondas","status":"publish","type":"page","link":"https:\/\/blogsaverroes.juntadeandalucia.es\/ceipduquederivas\/radio-el-duque-de-rivas-en-las-ondas\/","title":{"rendered":"Radio: El Duque de Rivas en las Ondas"},"content":{"rendered":"<h2>Hola a todos\/as. Hemos comenzado este curso 2020\/21 haciendo lo que nos correspond\u00eda hacer dada la situaci\u00f3n de la pandemia y los proyectos que estaban ya en vigor de IMPULSA. Nuevamente vamos retomando el camino de la radio original, participativa y relacionada con nuestra realidad diaria.<\/h2>\n<p>Hoy 16\/02\/2021 hemos tenido la oportunidad de entrevistar a la Delegada de Educaci\u00f3n de C\u00f3rdoba y hemos realizado la siguiente entrevista:<\/p>\n<p>[googleapps domain=\u00bbdrive\u00bb dir=\u00bbfile\/d\/1Gf9INX33T2OA6qvBbPCjHFg96MG3CiOx\/preview\u00bb query=\u00bb\u00bb width=\u00bb300&#8243; height=\u00bb200&#8243; \/]<br \/>\n<a href=\"https:\/\/www.gifmania.com.es\/Tecnologia\/Equipos-Sonido\/Antenas-Radio\/\" target=\"_blank\" rel=\"noopener noreferrer\"><img fetchpriority=\"high\" decoding=\"async\" class=\"alignright\" src=\"https:\/\/www.gifmania.com.es\/Tecnologia\/Equipos-Sonido\/Antenas-Radio\/Antena-Radiofonica-88554.gif\" alt=\"antenas de radio - GIFMANIA\" width=\"282\" height=\"282\"><\/a><br \/>\n&nbsp;Esto es una parte de un programa que realizaremos&nbsp; pr\u00f3ximamente en Onda Palmeras con nuestros ni\u00f1os\/as. Os animo a que anim\u00e9is a los alumnos\/as a participar con colaboraciones como han hecho hasta ahora.<\/p>\n<h2>&nbsp;<\/h2>\n<h2>El pasado 24 de febrero fuimos a Onda Palmeras para grabar nuestro programa.&nbsp;<\/h2>\n<p>ngg_shortcode_0_placeholder&nbsp; Aqu\u00ed os dejamos nuestro gui\u00f3n. Cuando tengamos la emisi\u00f3n completa la podremos escuchar aqu\u00ed.<\/p>\n<p><a href=\"https:\/\/blogsaverroes.juntadeandalucia.es\/ceipduquederivas\/files\/2021\/02\/GUION-FEBRERO2021.doc\">GUION FEBRERO2021<\/a><br \/>\n<iframe src=\"https:\/\/www.ivoox.com\/player_ej_66340890_6_1.html\" height=\"200\" frameborder=\"0\" scrolling=\"no\"><\/iframe><\/p>\n<p><iframe src=\"https:\/\/www.ivoox.com\/player_ej_66340890_4_1.html?c1=ff6600\" height=\"200\" frameborder=\"0\" scrolling=\"no\"><\/iframe><br \/>\n&nbsp;<\/p>\n<h2>&nbsp;<a href=\"https:\/\/gimbertolivares.blogspot.com\/2020\/06\/la-radio-el-duque-de-rivas-en-las-ondas.html\"><span style=\"color: #99cc00\">PINCHA<\/span>&nbsp;<\/a><\/h2>\n<p>&nbsp;<\/p>\n<p>Estamos acabando el curso y ya estamos pensando en el siguiente. Prueba de ello es la instalaci\u00f3n del nuestro estudio de grabaci\u00f3n, el cual lo hemos trasladado de al lado de la biblioteca a la sala de audiovisuales. Adem\u00e1s hemos incorporado una nueva mesa de mezclas, micros y auriculares que le dan un aspecto mucho m\u00e1s profesional&#8230;..jjjjaaaja.<\/p>\n<p>Nuestro antiguo espacio se ha reconvertido en aula de inform\u00e1tica y&nbsp; echaremos de menos su insonorizaci\u00f3n y su accesibilidad&#8230;..Os dejamos con algunas fotillos de la instalaci\u00f3n.<\/p>\n<p><a href=\"https:\/\/blogsaverroes.juntadeandalucia.es\/ceipduquederivas\/files\/2021\/06\/WhatsApp-Image-2021-06-10-at-14.14.29.jpeg\"><img decoding=\"async\" class=\"alignnone size-medium wp-image-4105\" src=\"https:\/\/blogsaverroes.juntadeandalucia.es\/ceipduquederivas\/files\/2021\/06\/WhatsApp-Image-2021-06-10-at-14.14.29-300x169.jpeg\" alt=\"\" width=\"300\" height=\"169\" srcset=\"https:\/\/blogsaverroes.juntadeandalucia.es\/ceipduquederivas\/files\/2021\/06\/WhatsApp-Image-2021-06-10-at-14.14.29-300x169.jpeg 300w, https:\/\/blogsaverroes.juntadeandalucia.es\/ceipduquederivas\/files\/2021\/06\/WhatsApp-Image-2021-06-10-at-14.14.29-1024x576.jpeg 1024w, https:\/\/blogsaverroes.juntadeandalucia.es\/ceipduquederivas\/files\/2021\/06\/WhatsApp-Image-2021-06-10-at-14.14.29-768x432.jpeg 768w, https:\/\/blogsaverroes.juntadeandalucia.es\/ceipduquederivas\/files\/2021\/06\/WhatsApp-Image-2021-06-10-at-14.14.29-1536x864.jpeg 1536w, https:\/\/blogsaverroes.juntadeandalucia.es\/ceipduquederivas\/files\/2021\/06\/WhatsApp-Image-2021-06-10-at-14.14.29.jpeg 1600w\" sizes=\"(max-width: 300px) 100vw, 300px\" \/><\/a><a href=\"https:\/\/blogsaverroes.juntadeandalucia.es\/ceipduquederivas\/files\/2021\/06\/WhatsApp-Image-2021-06-10-at-14.14.05.jpeg\"><img decoding=\"async\" class=\"alignnone size-medium wp-image-4104\" src=\"https:\/\/blogsaverroes.juntadeandalucia.es\/ceipduquederivas\/files\/2021\/06\/WhatsApp-Image-2021-06-10-at-14.14.05-300x169.jpeg\" alt=\"\" width=\"300\" height=\"169\" srcset=\"https:\/\/blogsaverroes.juntadeandalucia.es\/ceipduquederivas\/files\/2021\/06\/WhatsApp-Image-2021-06-10-at-14.14.05-300x169.jpeg 300w, https:\/\/blogsaverroes.juntadeandalucia.es\/ceipduquederivas\/files\/2021\/06\/WhatsApp-Image-2021-06-10-at-14.14.05-1024x576.jpeg 1024w, https:\/\/blogsaverroes.juntadeandalucia.es\/ceipduquederivas\/files\/2021\/06\/WhatsApp-Image-2021-06-10-at-14.14.05-768x432.jpeg 768w, https:\/\/blogsaverroes.juntadeandalucia.es\/ceipduquederivas\/files\/2021\/06\/WhatsApp-Image-2021-06-10-at-14.14.05-1536x864.jpeg 1536w, https:\/\/blogsaverroes.juntadeandalucia.es\/ceipduquederivas\/files\/2021\/06\/WhatsApp-Image-2021-06-10-at-14.14.05.jpeg 1600w\" sizes=\"(max-width: 300px) 100vw, 300px\" \/><\/a><a href=\"https:\/\/blogsaverroes.juntadeandalucia.es\/ceipduquederivas\/files\/2021\/06\/WhatsApp-Image-2021-06-09-at-13.20.54.jpeg\"><img loading=\"lazy\" decoding=\"async\" class=\"alignnone size-medium wp-image-4103\" src=\"https:\/\/blogsaverroes.juntadeandalucia.es\/ceipduquederivas\/files\/2021\/06\/WhatsApp-Image-2021-06-09-at-13.20.54-169x300.jpeg\" alt=\"\" width=\"169\" height=\"300\" srcset=\"https:\/\/blogsaverroes.juntadeandalucia.es\/ceipduquederivas\/files\/2021\/06\/WhatsApp-Image-2021-06-09-at-13.20.54-169x300.jpeg 169w, https:\/\/blogsaverroes.juntadeandalucia.es\/ceipduquederivas\/files\/2021\/06\/WhatsApp-Image-2021-06-09-at-13.20.54-576x1024.jpeg 576w, https:\/\/blogsaverroes.juntadeandalucia.es\/ceipduquederivas\/files\/2021\/06\/WhatsApp-Image-2021-06-09-at-13.20.54-768x1365.jpeg 768w, https:\/\/blogsaverroes.juntadeandalucia.es\/ceipduquederivas\/files\/2021\/06\/WhatsApp-Image-2021-06-09-at-13.20.54-864x1536.jpeg 864w, https:\/\/blogsaverroes.juntadeandalucia.es\/ceipduquederivas\/files\/2021\/06\/WhatsApp-Image-2021-06-09-at-13.20.54.jpeg 1152w\" sizes=\"(max-width: 169px) 100vw, 169px\" \/><\/a><a href=\"https:\/\/blogsaverroes.juntadeandalucia.es\/ceipduquederivas\/files\/2021\/06\/WhatsApp-Image-2021-06-09-at-13.20.33.jpeg\"><img loading=\"lazy\" decoding=\"async\" class=\"alignnone size-medium wp-image-4102\" src=\"https:\/\/blogsaverroes.juntadeandalucia.es\/ceipduquederivas\/files\/2021\/06\/WhatsApp-Image-2021-06-09-at-13.20.33-169x300.jpeg\" alt=\"\" width=\"169\" height=\"300\" srcset=\"https:\/\/blogsaverroes.juntadeandalucia.es\/ceipduquederivas\/files\/2021\/06\/WhatsApp-Image-2021-06-09-at-13.20.33-169x300.jpeg 169w, https:\/\/blogsaverroes.juntadeandalucia.es\/ceipduquederivas\/files\/2021\/06\/WhatsApp-Image-2021-06-09-at-13.20.33-576x1024.jpeg 576w, https:\/\/blogsaverroes.juntadeandalucia.es\/ceipduquederivas\/files\/2021\/06\/WhatsApp-Image-2021-06-09-at-13.20.33-768x1365.jpeg 768w, https:\/\/blogsaverroes.juntadeandalucia.es\/ceipduquederivas\/files\/2021\/06\/WhatsApp-Image-2021-06-09-at-13.20.33-864x1536.jpeg 864w, https:\/\/blogsaverroes.juntadeandalucia.es\/ceipduquederivas\/files\/2021\/06\/WhatsApp-Image-2021-06-09-at-13.20.33.jpeg 1152w\" sizes=\"(max-width: 169px) 100vw, 169px\" \/><\/a><a href=\"https:\/\/blogsaverroes.juntadeandalucia.es\/ceipduquederivas\/files\/2021\/06\/WhatsApp-Image-2021-06-08-at-09.17.13.jpeg\"><img loading=\"lazy\" decoding=\"async\" class=\"alignnone size-medium wp-image-4101\" src=\"https:\/\/blogsaverroes.juntadeandalucia.es\/ceipduquederivas\/files\/2021\/06\/WhatsApp-Image-2021-06-08-at-09.17.13-300x169.jpeg\" alt=\"\" width=\"300\" height=\"169\" srcset=\"https:\/\/blogsaverroes.juntadeandalucia.es\/ceipduquederivas\/files\/2021\/06\/WhatsApp-Image-2021-06-08-at-09.17.13-300x169.jpeg 300w, https:\/\/blogsaverroes.juntadeandalucia.es\/ceipduquederivas\/files\/2021\/06\/WhatsApp-Image-2021-06-08-at-09.17.13-1024x576.jpeg 1024w, https:\/\/blogsaverroes.juntadeandalucia.es\/ceipduquederivas\/files\/2021\/06\/WhatsApp-Image-2021-06-08-at-09.17.13-768x432.jpeg 768w, https:\/\/blogsaverroes.juntadeandalucia.es\/ceipduquederivas\/files\/2021\/06\/WhatsApp-Image-2021-06-08-at-09.17.13-1536x864.jpeg 1536w, https:\/\/blogsaverroes.juntadeandalucia.es\/ceipduquederivas\/files\/2021\/06\/WhatsApp-Image-2021-06-08-at-09.17.13.jpeg 2048w\" sizes=\"(max-width: 300px) 100vw, 300px\" \/><\/a><a href=\"https:\/\/blogsaverroes.juntadeandalucia.es\/ceipduquederivas\/files\/2021\/06\/WhatsApp-Image-2021-06-08-at-09.16.52.jpeg\"><img loading=\"lazy\" decoding=\"async\" class=\"alignnone size-medium wp-image-4100\" src=\"https:\/\/blogsaverroes.juntadeandalucia.es\/ceipduquederivas\/files\/2021\/06\/WhatsApp-Image-2021-06-08-at-09.16.52-300x169.jpeg\" alt=\"\" width=\"300\" height=\"169\" srcset=\"https:\/\/blogsaverroes.juntadeandalucia.es\/ceipduquederivas\/files\/2021\/06\/WhatsApp-Image-2021-06-08-at-09.16.52-300x169.jpeg 300w, https:\/\/blogsaverroes.juntadeandalucia.es\/ceipduquederivas\/files\/2021\/06\/WhatsApp-Image-2021-06-08-at-09.16.52-1024x576.jpeg 1024w, https:\/\/blogsaverroes.juntadeandalucia.es\/ceipduquederivas\/files\/2021\/06\/WhatsApp-Image-2021-06-08-at-09.16.52-768x432.jpeg 768w, https:\/\/blogsaverroes.juntadeandalucia.es\/ceipduquederivas\/files\/2021\/06\/WhatsApp-Image-2021-06-08-at-09.16.52-1536x864.jpeg 1536w, https:\/\/blogsaverroes.juntadeandalucia.es\/ceipduquederivas\/files\/2021\/06\/WhatsApp-Image-2021-06-08-at-09.16.52.jpeg 2048w\" sizes=\"(max-width: 300px) 100vw, 300px\" \/><\/a><\/p>\n<p>&nbsp;<\/p>\n<p>&nbsp;<\/p>\n<p>&nbsp;<\/p>\n<h1 style=\"text-align: center\"><a href=\"https:\/\/www.gifsanimados.org\/cat-radio-599.htm\"><img decoding=\"async\" src=\"https:\/\/www.gifsanimados.org\/data\/media\/599\/radio-imagen-animada-0059.gif\" alt=\"radio-imagen-animada-0059\" border=\"0\"><\/a> CURSO 2021\/22<\/h1>\n<h2>Pedazo de programa que se han marcado los ni\u00f1@s del Primer Ciclo.&nbsp;<\/h2>\n<p>&nbsp;<\/p>\n","protected":false},"excerpt":{"rendered":"<p>Hola a todos\/as. Hemos comenzado este curso 2020\/21 haciendo lo que nos correspond\u00eda hacer dada la situaci\u00f3n de la pandemia y los proyectos que estaban ya en vigor de IMPULSA. Nuevamente vamos retomando el&#46;&#46;&#46;<\/p>\n","protected":false},"author":9751,"featured_media":0,"parent":0,"menu_order":0,"comment_status":"closed","ping_status":"closed","template":"","meta":{"ngg_post_thumbnail":0,"footnotes":"","_mc_calendar":[]},"aioseo_notices":[],"_links":{"self":[{"href":"https:\/\/blogsaverroes.juntadeandalucia.es\/ceipduquederivas\/wp-json\/wp\/v2\/pages\/2617"}],"collection":[{"href":"https:\/\/blogsaverroes.juntadeandalucia.es\/ceipduquederivas\/wp-json\/wp\/v2\/pages"}],"about":[{"href":"https:\/\/blogsaverroes.juntadeandalucia.es\/ceipduquederivas\/wp-json\/wp\/v2\/types\/page"}],"author":[{"embeddable":true,"href":"https:\/\/blogsaverroes.juntadeandalucia.es\/ceipduquederivas\/wp-json\/wp\/v2\/users\/9751"}],"replies":[{"embeddable":true,"href":"https:\/\/blogsaverroes.juntadeandalucia.es\/ceipduquederivas\/wp-json\/wp\/v2\/comments?post=2617"}],"version-history":[{"count":27,"href":"https:\/\/blogsaverroes.juntadeandalucia.es\/ceipduquederivas\/wp-json\/wp\/v2\/pages\/2617\/revisions"}],"predecessor-version":[{"id":4728,"href":"https:\/\/blogsaverroes.juntadeandalucia.es\/ceipduquederivas\/wp-json\/wp\/v2\/pages\/2617\/revisions\/4728"}],"wp:attachment":[{"href":"https:\/\/blogsaverroes.juntadeandalucia.es\/ceipduquederivas\/wp-json\/wp\/v2\/media?parent=2617"}],"curies":[{"name":"wp","href":"https:\/\/api.w.org\/{rel}","templated":true}]}}