{"id":5324,"date":"2022-12-05T09:54:26","date_gmt":"2022-12-05T09:54:26","guid":{"rendered":"https:\/\/blogsaverroes.juntadeandalucia.es\/ceipduquederivas\/?page_id=5324"},"modified":"2024-03-10T09:05:44","modified_gmt":"2024-03-10T09:05:44","slug":"hemeroteca-de-nuestro-cole","status":"publish","type":"page","link":"https:\/\/blogsaverroes.juntadeandalucia.es\/ceipduquederivas\/hemeroteca-de-nuestro-cole\/","title":{"rendered":"HEMEROTECA DE NUESTRO COLE."},"content":{"rendered":"<p><span style=\"font-size: 1.1em\">He querido plasmar en esta p\u00e1gina algunas de nuestras producciones audiovisuales que hay por ah\u00ed en youtube y que seguro a alg\u00fan que otro alumn@, padre\/madre o docente del centro les gustar\u00e1 tener de recuerdo&#8230;&#8230; o no&#8230;. pero ah\u00ed est\u00e1n. Yo he podido recopilar algunas si alguien echa en falta&nbsp; que me la pase o la ponga.<\/span><\/p>\n<p><span style=\"font-size: 1.1em\">Empezamos nuestro recorrido en el tiempo:<\/span><br \/>\n<iframe src=\"https:\/\/blogsaverroes.juntadeandalucia.es\/ceipduquederivas\/wp-admin\/admin-ajax.php?action=h5p_embed&amp;id=14\" width=\"958\" height=\"589\" frameborder=\"0\"><\/iframe><\/p>\n<h4><span style=\"color: #ff00ff\">CURSO 2013\/14. La importancia del color violeta. Marzo 2014. Mes de las mujeres<\/span><br \/>\n<iframe src=\"https:\/\/www.youtube.com\/embed\/pif7CBka2DY\" width=\"560\" height=\"315\" frameborder=\"0\"><\/iframe><\/h4>\n<h4><span style=\"color: #99cc00\">CURSO 2015\/16. Lipdub D\u00eda de la Paz 2016 en el CEIP Duque de Rivas<\/span><br \/>\n<iframe src=\"https:\/\/www.youtube.com\/embed\/QBoPc0Q1mfg\" width=\"560\" height=\"315\" frameborder=\"0\"><\/iframe><\/h4>\n<h4><span style=\"color: #ff6600\">CURSO 2016\/17. D\u00eda de la Paz 2017 en el CEIP Duque de Rivas<\/span><br \/>\n<iframe src=\"https:\/\/www.youtube.com\/embed\/L7d71Z2pU78\" width=\"560\" height=\"315\" frameborder=\"0\"><\/iframe><\/h4>\n<h4><span style=\"color: #3366ff\">Se buscan valientes curso 2016\/2017<\/span><\/h4>\n<p><iframe src=\"https:\/\/www.youtube.com\/embed\/NwsNd0Obc4g\" width=\"560\" height=\"315\" frameborder=\"0\"><\/iframe><\/p>\n<h4><span style=\"color: #800000\">El club de los valientes curso 2016\/2017<\/span><\/h4>\n<h4><iframe src=\"https:\/\/www.youtube.com\/embed\/6gIY4m96Ey4\" width=\"560\" height=\"315\" frameborder=\"0\"><\/iframe><\/h4>\n<h4><span style=\"color: #008080\">D\u00eda de la paz curso 2018\/2019<\/span><\/h4>\n<p><iframe src=\"https:\/\/www.youtube.com\/embed\/Xfq1-DfhrBw\" width=\"560\" height=\"315\" frameborder=\"0\"><\/iframe><\/p>\n<h4><span style=\"color: #ff0000\">Premios C\u00f3rdoba en Igualdad Marzo 2019 | Educaci\u00f3n | CEIP Duque de Rivas<\/span><\/h4>\n<p><iframe src=\"https:\/\/www.youtube.com\/embed\/EZCqNM-6eos\" width=\"560\" height=\"315\" frameborder=\"0\"><\/iframe><\/p>\n<h4><span style=\"color: #cc99ff\">Dia de la paz&nbsp; curso 2019\/2020<\/span><\/h4>\n<p><iframe src=\"https:\/\/www.youtube.com\/embed\/-eKjiE2MMWY\" width=\"560\" height=\"315\" frameborder=\"0\"><\/iframe><\/p>\n<h5><span style=\"color: #0000ff\">D\u00eda de la Paz curso 2020\/2021&nbsp;<\/span><\/h5>\n<p>&nbsp;<\/p>\n<p>&nbsp;<iframe src=\"https:\/\/drive.google.com\/file\/d\/1ROvOFGglFfUq4UVIAjalStuU8QGTycBS\/preview\" width=\"640\" height=\"480\"><\/iframe><\/p>\n<p><iframe src=\"https:\/\/www.hippovideo.io\/video\/embed\/bukzknsIxXqxjGuNOIzyBlyPnhlmKR_J8XkUx5_buo0?custom_asset_token=null&amp;hvlk=z0LXyD2NRQMV&amp;org_tok=0feYELBv_UFd1W7Bi14Umw&amp;autoplay=false\" width=\"720\" height=\"405\" frameborder=\"0\" marginwidth=\"0\" marginheight=\"0\" scrolling=\"no\"><\/iframe><\/p>\n<h5><span style=\"color: #00ccff\">D\u00eda de la discapacidad curso 2021\/22<\/span><\/h5>\n<p><iframe src=\"https:\/\/drive.google.com\/file\/d\/1xC-mSHReUGgrXU_kjWy06U8zgMbjZ5O3\/preview\" width=\"640\" height=\"480\"><\/iframe><\/p>\n<h5><span style=\"color: #ff0000\">Felicitaci\u00f3n de navidad curso 2021\/22<\/span><\/h5>\n<p>&nbsp;<\/p>\n<div style=\"width: 1920px;\" class=\"wp-video\"><!--[if lt IE 9]><script>document.createElement('video');<\/script><![endif]-->\n<video class=\"wp-video-shortcode\" id=\"video-5324-1\" width=\"1920\" height=\"1080\" preload=\"metadata\" controls=\"controls\"><source type=\"video\/mp4\" src=\"https:\/\/blogsaverroes.juntadeandalucia.es\/ceipduquederivas\/files\/2021\/12\/villancico-navidad.mp4?_=1\" \/><a href=\"https:\/\/blogsaverroes.juntadeandalucia.es\/ceipduquederivas\/files\/2021\/12\/villancico-navidad.mp4\">https:\/\/blogsaverroes.juntadeandalucia.es\/ceipduquederivas\/files\/2021\/12\/villancico-navidad.mp4<\/a><\/video><\/div>\n<p>&nbsp;<\/p>\n<h5><a href=\"https:\/\/blogsaverroes.juntadeandalucia.es\/ceipduquederivas\/files\/2022\/02\/WhatsApp-Video-2022-01-31-at-19.53.48.mp4?autoplya=1\"><span style=\"color: #ff6600\">D\u00eda de la Paz enero 2022 pincha aqu\u00ed<\/span><\/a><\/h5>\n<p>&nbsp;<\/p>\n<h5><span style=\"color: #00ff00\">Excursiones del curso 2021\/22<\/span><\/h5>\n<p>&nbsp;<\/p>\n<h5><span style=\"color: #00ff00\">&nbsp;<\/span><\/h5>\n<p><iframe src=\"https:\/\/drive.google.com\/file\/d\/1AQtE2VLKdCYxINiRr_BedyEE_FI-32Wa\/preview\" width=\"640\" height=\"480\"><\/iframe><\/p>\n<p><iframe src=\"https:\/\/drive.google.com\/file\/d\/1APgEvOCs5mO_qNgooznlNFeqBV2QEKqF\/preview\" width=\"640\" height=\"480\"><\/iframe><\/p>\n<p><iframe src=\"https:\/\/drive.google.com\/file\/d\/1WWDkp5h2hZUKt-L7y2C9hlBgIcyR_0EX\/preview\" width=\"640\" height=\"480\"><\/iframe>&nbsp;<\/p>\n<h2 style=\"text-align: center\">&nbsp;<br \/>\nCurso 2023\/24<br \/>\nD\u00eda de la Paz<br \/>\n<iframe src=\"https:\/\/drive.google.com\/file\/d\/1HyhpsVf1EMGJ-_vR05cXnpsylwfgi4FB\/preview\" width=\"640\" height=\"480\"><\/iframe><\/h2>\n<h2 style=\"text-align: center\">San Valent\u00edn<br \/>\n<iframe src=\"https:\/\/drive.google.com\/file\/d\/1IGv8SWCgiCIDvgXzTeuqGCCaV_4R99sM\/preview\" width=\"640\" height=\"480\"><\/iframe><\/h2>\n<h2 style=\"text-align: center\">Carnaval<br \/>\n<iframe src=\"https:\/\/drive.google.com\/file\/d\/1ILngAcIfUZD_zmTCBA6r72b6cLKQKcj2\/preview\" width=\"640\" height=\"480\"><\/iframe><\/h2>\n","protected":false},"excerpt":{"rendered":"<p>He querido plasmar en esta p\u00e1gina algunas de nuestras producciones audiovisuales que hay por ah\u00ed en youtube y que seguro a alg\u00fan que otro alumn@, padre\/madre o docente del centro les gustar\u00e1 tener de&#46;&#46;&#46;<\/p>\n","protected":false},"author":9751,"featured_media":0,"parent":0,"menu_order":0,"comment_status":"closed","ping_status":"closed","template":"","meta":{"ngg_post_thumbnail":0,"footnotes":"","_mc_calendar":[]},"aioseo_notices":[],"_links":{"self":[{"href":"https:\/\/blogsaverroes.juntadeandalucia.es\/ceipduquederivas\/wp-json\/wp\/v2\/pages\/5324"}],"collection":[{"href":"https:\/\/blogsaverroes.juntadeandalucia.es\/ceipduquederivas\/wp-json\/wp\/v2\/pages"}],"about":[{"href":"https:\/\/blogsaverroes.juntadeandalucia.es\/ceipduquederivas\/wp-json\/wp\/v2\/types\/page"}],"author":[{"embeddable":true,"href":"https:\/\/blogsaverroes.juntadeandalucia.es\/ceipduquederivas\/wp-json\/wp\/v2\/users\/9751"}],"replies":[{"embeddable":true,"href":"https:\/\/blogsaverroes.juntadeandalucia.es\/ceipduquederivas\/wp-json\/wp\/v2\/comments?post=5324"}],"version-history":[{"count":13,"href":"https:\/\/blogsaverroes.juntadeandalucia.es\/ceipduquederivas\/wp-json\/wp\/v2\/pages\/5324\/revisions"}],"predecessor-version":[{"id":5329,"href":"https:\/\/blogsaverroes.juntadeandalucia.es\/ceipduquederivas\/wp-json\/wp\/v2\/pages\/5324\/revisions\/5329"}],"wp:attachment":[{"href":"https:\/\/blogsaverroes.juntadeandalucia.es\/ceipduquederivas\/wp-json\/wp\/v2\/media?parent=5324"}],"curies":[{"name":"wp","href":"https:\/\/api.w.org\/{rel}","templated":true}]}}