{"id":97,"date":"2018-12-11T19:28:54","date_gmt":"2018-12-11T18:28:54","guid":{"rendered":"https:\/\/blogsaverroes.juntadeandalucia.es\/ceipeduardolucena\/?page_id=97"},"modified":"2025-10-20T17:40:37","modified_gmt":"2025-10-20T15:40:37","slug":"equipo-directivo","status":"publish","type":"page","link":"https:\/\/blogsaverroes.juntadeandalucia.es\/ceipeduardolucena\/equipo-directivo\/","title":{"rendered":"Equipo Educativo"},"content":{"rendered":"<h3 id=\"sites-page-title-header\" align=\"left\"><span style=\"font-size: 18pt\"><strong><span id=\"sites-page-title\" dir=\"ltr\" style=\"color: #800000\">Profesorado curso 2025\/26<\/span><\/strong><\/span><\/h3>\n<div id=\"sites-canvas-main\" class=\"sites-canvas-main\">\n<div id=\"sites-canvas-main-content\">\n<table class=\"sites-layout-name-one-column sites-layout-hbox\" cellspacing=\"0\">\n<tbody>\n<tr>\n<td class=\"sites-layout-tile sites-tile-name-content-1\">\n<div dir=\"ltr\">\n<blockquote>\n<div><span style=\"color: #0000ff;font-family: arial, sans-serif\"><u><b>EQUIPO DIRECTIVO<\/b><\/u><\/span><\/div>\n<\/blockquote>\n<div><span style=\"color: #0000ff;font-family: arial, sans-serif\"><u><b>&nbsp;<\/b><\/u><\/span><\/div>\n<div>\n<table border=\"1\" cellspacing=\"0\">\n<tbody>\n<tr>\n<td style=\"width: 325.37px\">M\u00aa \u00c1ngeles Quero Mu\u00f1oz&nbsp;<\/td>\n<td style=\"width: 236.83px\"><strong><span style=\"color: #800000\">DIRECTORA&nbsp;<\/span><\/strong><\/td>\n<\/tr>\n<tr>\n<td style=\"width: 325.37px\">Antonio A. Palma Quintero&nbsp;<\/td>\n<td style=\"width: 236.83px\"><strong><span style=\"color: #ff6600\">JEFE DE ESTUDIOS<\/span><\/strong><\/td>\n<\/tr>\n<tr>\n<td style=\"width: 325.37px\">Mayca Ruiz \u00c1lvarez&nbsp;<\/td>\n<td style=\"width: 236.83px\"><strong><span style=\"color: #800080\">SECRETARIA&nbsp;<\/span><\/strong><\/td>\n<\/tr>\n<\/tbody>\n<\/table>\n<\/div>\n<div>&nbsp;<\/div>\n<blockquote>\n<div><span style=\"color: #0000ff;font-family: arial, sans-serif\"><b><u>EQUIPO DE INFANTIL<\/u><\/b><\/span><\/div>\n<\/blockquote>\n<div><span style=\"font-family: arial, sans-serif\"><b>&nbsp;<\/b><\/span><\/div>\n<div>\n<table border=\"1\" cellspacing=\"0\">\n<tbody>\n<tr>\n<td>Lali Vilchez Vilchez<\/td>\n<td><strong><span style=\"color: #008000\">TUTORA&nbsp;3 a\u00f1os A<\/span><\/strong><\/td>\n<\/tr>\n<tr>\n<td>M\u00aa Soledad P\u00e9rez de Toro<\/td>\n<td><strong><span style=\"color: #008000\">TUTORA&nbsp;3 a\u00f1os B<\/span><\/strong><\/td>\n<\/tr>\n<tr>\n<td>Mayca Ruiz \u00c1lvarez<\/td>\n<td><strong><span style=\"color: #ff0000\">TUTORA&nbsp;4 a\u00f1os A<\/span><\/strong><\/td>\n<\/tr>\n<tr>\n<td>Lola Ruiz Tapia<\/td>\n<td><strong><span style=\"color: #ff0000\">TUTORA&nbsp;4 a\u00f1os B<\/span><\/strong><\/td>\n<\/tr>\n<tr>\n<td>Elisabet Rodr\u00edguez&nbsp;<\/td>\n<td><strong><span style=\"color: #0000ff\">TUTORA&nbsp;5 a\u00f1os A<\/span><\/strong><\/td>\n<\/tr>\n<tr>\n<td>Rosa M.\u00aa Rosal Castilla<\/td>\n<td><strong><span style=\"color: #0000ff\">TUTORA&nbsp;5 a\u00f1os B<\/span><\/strong><\/td>\n<\/tr>\n<tr>\n<td>Pilar Ram\u00edrez Palomeque<\/td>\n<td><strong><span style=\"color: #ff9900\">APOYO INFANTIL<\/span><\/strong><\/td>\n<\/tr>\n<\/tbody>\n<\/table>\n<\/div>\n<div>&nbsp;<\/div>\n<blockquote>\n<div><span style=\"color: #0000ff;font-family: arial, sans-serif\"><u><b>AULA ESPEC\u00cdFICA TEA<\/b><\/u><\/span><\/div>\n<\/blockquote>\n<div><span style=\"color: #0000ff;font-family: arial, sans-serif\"><u><b>&nbsp;<\/b><\/u><\/span><\/div>\n<div>\n<table style=\"width: 578px\" border=\"1\" cellspacing=\"0\">\n<tbody>\n<tr>\n<td style=\"width: 415.53px\">&nbsp;Inmaculada Camacho Morales<\/td>\n<td style=\"width: 137.47px\">&nbsp;<strong><span style=\"color: #00ccff\">TUTORA 1<\/span><\/strong><\/td>\n<\/tr>\n<\/tbody>\n<\/table>\n<div>\n<table style=\"border-collapse: collapse;width: 100%\">\n<tbody>\n<tr>\n<td style=\"width: 100%\">Lorena Montilla Diaz&nbsp; &nbsp; &nbsp; &nbsp; &nbsp; &nbsp; &nbsp; &nbsp; &nbsp; &nbsp; &nbsp; &nbsp; &nbsp; &nbsp; &nbsp; &nbsp; &nbsp; &nbsp; &nbsp; &nbsp; &nbsp; &nbsp; &nbsp; &nbsp; &nbsp; &nbsp; &nbsp; &nbsp; &nbsp; &nbsp; &nbsp; &nbsp; &nbsp; &nbsp; &nbsp; &nbsp; &nbsp; &nbsp; &nbsp; &nbsp; &nbsp; &nbsp; &nbsp; &nbsp; &nbsp; &nbsp; &nbsp; <strong><span style=\"color: #00ccff\">TUTORA 2<\/span><\/strong><\/td>\n<\/tr>\n<\/tbody>\n<\/table>\n<\/div>\n<\/div>\n<blockquote>\n<div><strong><span style=\"color: #0000ff;font-family: arial,helvetica,sans-serif\"><u>EQUIPO DEL PRIMER CICLO<\/u><\/span><\/strong><\/div>\n<\/blockquote>\n<div>&nbsp;<\/div>\n<div>\n<table border=\"1\" cellspacing=\"0\">\n<tbody>\n<tr>\n<td>Silvia D\u00edez C\u00e1ceres<\/td>\n<td><strong><span style=\"color: #3366ff\">TUTORA 1\u00baA<\/span><\/strong><\/td>\n<\/tr>\n<tr>\n<td>Nuria \u00c1lvarez Mart\u00ednez<\/td>\n<td><strong><span style=\"color: #3366ff\">TUTORA 1\u00baB<\/span><\/strong><\/td>\n<\/tr>\n<tr>\n<td>Carmen Ortega Sojo<\/td>\n<td><strong><span style=\"color: #99cc00\">TUTORA 2\u00baA<\/span><\/strong><\/td>\n<\/tr>\n<tr>\n<td>M.\u00aa Carmen Fern\u00e1ndez Fern\u00e1ndez<\/td>\n<td><strong><span style=\"color: #99cc00\">TUTORA 2\u00baB<\/span><\/strong><\/td>\n<\/tr>\n<tr>\n<td>&nbsp;<\/td>\n<td>&nbsp;<\/td>\n<\/tr>\n<\/tbody>\n<\/table>\n<\/div>\n<div>&nbsp; &nbsp; &nbsp; &nbsp; &nbsp; &nbsp; &nbsp; &nbsp; &nbsp; &nbsp; &nbsp; &nbsp; &nbsp;<\/div>\n<blockquote>\n<div><span style=\"color: #0000ff;font-family: arial, sans-serif\"><b><u>EQUIPO DEL SEGUNDO CICLO<\/u><\/b><\/span><\/div>\n<\/blockquote>\n<div>&nbsp;<\/div>\n<div>\n<table style=\"height: 88px;width: 99.8273%\" border=\"1\" width=\"579\" cellspacing=\"0\">\n<tbody>\n<tr style=\"height: 26px\">\n<td style=\"width: 361.87px;height: 26px\">Raquel Angulo Velasco<\/td>\n<td style=\"width: 200.33px;height: 26px\"><strong><span style=\"color: #333399\">TUTOR&nbsp; &nbsp;3\u00baA<\/span><\/strong><\/td>\n<\/tr>\n<tr style=\"height: 26px\">\n<td style=\"width: 361.87px;height: 10px\">Amparo Armenteros Ortiz<\/td>\n<td style=\"width: 200.33px;height: 10px\"><span style=\"color: #333399\"><strong>TUTOR&nbsp; 3\u00ba B<\/strong><\/span><\/td>\n<\/tr>\n<tr style=\"height: 26px\">\n<td style=\"width: 361.87px;height: 26px\">M.\u00aa del Mar Cerrato Molina<\/td>\n<td style=\"width: 200.33px;height: 26px\"><strong><span style=\"color: #993366\">TUTOR&nbsp; &nbsp;4\u00baA<\/span><\/strong><\/td>\n<\/tr>\n<tr style=\"height: 26.43px\">\n<td style=\"width: 361.87px;height: 26px\">&nbsp;Juan Antonio Ant\u00f3n G\u00f3mez<\/td>\n<td style=\"width: 200.33px;height: 26px\"><strong><span style=\"color: #993366\">TUTOR&nbsp; &nbsp;4\u00baB<\/span><\/strong><\/td>\n<\/tr>\n<\/tbody>\n<\/table>\n<\/div>\n<blockquote>\n<div><span style=\"color: #0000ff;font-family: arial, sans-serif\"><b><u>EQUIPO DEL TERCER CICLO<\/u><\/b><\/span><\/div>\n<\/blockquote>\n<div><span style=\"color: #0000ff;font-family: arial, sans-serif\"><b><u>&nbsp;<\/u><\/b><\/span><\/div>\n<div>\n<table border=\"1\" cellspacing=\"0\">\n<tbody>\n<tr>\n<td>&nbsp;Isabel Jim\u00e9nez Linde<\/td>\n<td><strong><span style=\"color: #993300\">TUTORA 5\u00baA<\/span><\/strong><\/td>\n<\/tr>\n<tr>\n<td>&nbsp;M.\u00aa del Valle Crenes Garrido<\/td>\n<td><strong><span style=\"color: #993300\">TUTORA&nbsp; &nbsp;5\u00baB<\/span><\/strong><\/td>\n<\/tr>\n<tr>\n<td>Juan Antonio Mart\u00ednez G\u00f3mez<\/td>\n<td><strong><span style=\"color: #993300\">TUTOR 5\u00baC<\/span><\/strong><\/td>\n<\/tr>\n<tr>\n<td>Inma V\u00e1zquez Tordera<\/td>\n<td><strong><span style=\"color: #ffcc00\">TUTORA&nbsp; 6\u00baA<\/span><\/strong><\/td>\n<\/tr>\n<tr>\n<td>Juan M.\u00aa Villatoro Guti\u00e9rrez<\/td>\n<td><strong><span style=\"color: #ffcc00\">TUTOR&nbsp; 6\u00baB<\/span><\/strong><\/td>\n<\/tr>\n<\/tbody>\n<\/table>\n<\/div>\n<blockquote>\n<div><span style=\"color: #0000ff;font-family: arial, sans-serif\"><b><u>ESPECIALISTAS<\/u><\/b><\/span><\/div>\n<\/blockquote>\n<div><span style=\"color: #0000ff;font-family: arial, sans-serif\"><b><u>&nbsp;<\/u><\/b><\/span><\/div>\n<div>\n<table border=\"1\" cellspacing=\"0\">\n<tbody>\n<tr>\n<td>&nbsp;<\/td>\n<td>&nbsp;<\/td>\n<\/tr>\n<tr>\n<td>&nbsp;Roc\u00edo Criado D\u00edaz<\/td>\n<td><strong><span style=\"color: #333399\">INGL\u00c9S<\/span><\/strong><\/td>\n<\/tr>\n<tr>\n<td>Jes\u00fas Alberto G\u00f3mez G\u00f3mez<\/td>\n<td><strong><span style=\"color: #333399\">APOYO Y REFUERZO<\/span><\/strong><\/td>\n<\/tr>\n<tr>\n<td>Juan M.\u00aa Villatoro Guti\u00e9rrez<\/td>\n<td><strong><span style=\"color: #333399\">FRANC\u00c9S&nbsp;<\/span><\/strong><\/td>\n<\/tr>\n<tr>\n<td>Isabel Jim\u00e9nez Linde<\/td>\n<td><strong><span style=\"color: #333399\">M\u00daSICA<\/span><\/strong><\/td>\n<\/tr>\n<tr>\n<td>Isabel Bernal Gotor<\/td>\n<td><strong><span style=\"color: #333399\">AUDICI\u00d3N Y LENGUAJE<\/span><\/strong><\/td>\n<\/tr>\n<tr>\n<td>Laura Garc\u00eda Rengifo<\/td>\n<td><strong><span style=\"color: #333399\">AUDICI\u00d3N Y LENGUAJE&nbsp;<\/span><\/strong><\/td>\n<\/tr>\n<tr>\n<td>M\u00aa \u00c1ngeles Quero<\/td>\n<td><strong><span style=\"color: #333399\">REFUERZO EDUCATIVO<\/span><\/strong><\/td>\n<\/tr>\n<tr>\n<td>Antonio \u00c1ngel Palma Quintero<\/td>\n<td><strong><span style=\"color: #333399\">REFUERZO EDUCATIVO<\/span><\/strong><\/td>\n<\/tr>\n<tr>\n<td>Tom\u00e1s Gil Cardador<\/td>\n<td><strong><span style=\"color: #333399\">PEDAGOG\u00cdA TERAP\u00c9UTICA<\/span><\/strong><\/td>\n<\/tr>\n<tr>\n<td>Ver\u00f3nica Garc\u00eda P\u00e9rez<\/td>\n<td><strong><span style=\"color: #333399\">PEDAGOG\u00cdA TERAP\u00c9UTICA&nbsp;<\/span><\/strong><\/td>\n<\/tr>\n<tr>\n<td>David Duque Pintor<\/td>\n<td><strong><span style=\"color: #333399\">EDUCACI\u00d3N F\u00cdSICA<\/span><\/strong><\/td>\n<\/tr>\n<tr>\n<td>M\u00aa Carmen P\u00e9rez Ram\u00edrez<\/td>\n<td><strong><span style=\"color: #333399\">&nbsp;RELIGI\u00d3N CAT\u00d3LICA<\/span><\/strong><\/td>\n<\/tr>\n<tr>\n<td>Marina Moyano \u00c1lvarez<\/td>\n<td><strong><span style=\"color: #333399\">&nbsp;RELIGI\u00d3N CAT\u00d3LICA&nbsp;<\/span><\/strong><\/td>\n<\/tr>\n<tr>\n<td>Manuel Zelaya Turcios&nbsp;<\/td>\n<td><strong><span style=\"color: #333399\">RELIGI\u00d3N&nbsp; EVANG\u00c9LICA<\/span><\/strong><\/td>\n<\/tr>\n<\/tbody>\n<\/table>\n<\/div>\n<\/div>\n<\/td>\n<\/tr>\n<\/tbody>\n<\/table>\n<\/div>\n<\/div>\n","protected":false},"excerpt":{"rendered":"<p>Profesorado curso 2025\/26 EQUIPO DIRECTIVO &nbsp; M\u00aa \u00c1ngeles Quero Mu\u00f1oz&nbsp; DIRECTORA&nbsp; Antonio A. Palma Quintero&nbsp; JEFE DE ESTUDIOS Mayca Ruiz \u00c1lvarez&nbsp; SECRETARIA&nbsp; &nbsp; EQUIPO DE INFANTIL &nbsp; Lali Vilchez Vilchez TUTORA&nbsp;3 a\u00f1os A M\u00aa Soledad P\u00e9rez de Toro TUTORA&nbsp;3 a\u00f1os B Mayca Ruiz \u00c1lvarez TUTORA&nbsp;4 a\u00f1os A Lola Ruiz Tapia TUTORA&nbsp;4 a\u00f1os B Elisabet Rodr\u00edguez&nbsp; &hellip; <\/p>\n<p><a class=\"more-link btn\" href=\"https:\/\/blogsaverroes.juntadeandalucia.es\/ceipeduardolucena\/equipo-directivo\/\">Seguir leyendo<\/a><\/p>\n","protected":false},"author":1459,"featured_media":0,"parent":0,"menu_order":0,"comment_status":"closed","ping_status":"closed","template":"","meta":{"ngg_post_thumbnail":0,"footnotes":""},"aioseo_notices":[],"_links":{"self":[{"href":"https:\/\/blogsaverroes.juntadeandalucia.es\/ceipeduardolucena\/wp-json\/wp\/v2\/pages\/97"}],"collection":[{"href":"https:\/\/blogsaverroes.juntadeandalucia.es\/ceipeduardolucena\/wp-json\/wp\/v2\/pages"}],"about":[{"href":"https:\/\/blogsaverroes.juntadeandalucia.es\/ceipeduardolucena\/wp-json\/wp\/v2\/types\/page"}],"author":[{"embeddable":true,"href":"https:\/\/blogsaverroes.juntadeandalucia.es\/ceipeduardolucena\/wp-json\/wp\/v2\/users\/1459"}],"replies":[{"embeddable":true,"href":"https:\/\/blogsaverroes.juntadeandalucia.es\/ceipeduardolucena\/wp-json\/wp\/v2\/comments?post=97"}],"version-history":[{"count":10,"href":"https:\/\/blogsaverroes.juntadeandalucia.es\/ceipeduardolucena\/wp-json\/wp\/v2\/pages\/97\/revisions"}],"predecessor-version":[{"id":1634,"href":"https:\/\/blogsaverroes.juntadeandalucia.es\/ceipeduardolucena\/wp-json\/wp\/v2\/pages\/97\/revisions\/1634"}],"wp:attachment":[{"href":"https:\/\/blogsaverroes.juntadeandalucia.es\/ceipeduardolucena\/wp-json\/wp\/v2\/media?parent=97"}],"curies":[{"name":"wp","href":"https:\/\/api.w.org\/{rel}","templated":true}]}}