{"id":2267,"date":"2016-01-05T16:17:08","date_gmt":"2016-01-05T15:17:08","guid":{"rendered":"http:\/\/blogsaverroes.juntadeandalucia.es\/ceipelalmendralcarmona\/?page_id=2267"},"modified":"2021-10-06T18:56:07","modified_gmt":"2021-10-06T17:56:07","slug":"servicioscomplementarios","status":"publish","type":"page","link":"https:\/\/blogsaverroes.juntadeandalucia.es\/ceipelalmendralcarmona\/servicioscomplementarios\/","title":{"rendered":"SERVICIOS COMPLEMENTARIOS"},"content":{"rendered":"<div class=\"osc-res-tab tabbable   osc-tabs-left\"><div style=\"clear:both;width: 100%;\"><ul class=\"nav osc-res-nav nav-tabs osc-tabs-left-ul\" id=\"oscitas-restabs-1-servicioscomplementarios-51994\"><li class=\"active\"><a href=\"#ert_pane1-0\" data-toggle=\"tab\"><strong>Objetivos<\/strong><\/a><\/li><li class=\"\"><a href=\"#ert_pane1-1\" data-toggle=\"tab\"><strong>Organizaci\u00f3n y funcionamiento<\/strong><\/a><\/li><li class=\"\"><a href=\"#ert_pane1-2\" data-toggle=\"tab\"><strong>Impresos<\/strong><\/a><\/li><li class=\"\"><a href=\"#ert_pane1-3\" data-toggle=\"tab\"><strong>Normativa<\/strong><\/a><\/li><li class=\"\"><a href=\"#ert_pane1-4\" data-toggle=\"tab\"><strong>Horarios y precios<\/strong><\/a><\/li><\/ul><\/div><div style=\"clear:both;width: 100%;\"><ul class=\"tab-content\" id=\"oscitas-restabcontent-1-servicioscomplementarios-51994\"><li class=\"tab-pane active\" id=\"ert_pane1-0\"><\/p>\n<div class=\"block block-layout-builder block-field-blocknodepagina-estandarfield-contenido\">\n<div class=\"content\">\n<div class=\"clearfix text-formatted field field--name-field-contenido field--type-text-with-summary field--label-hidden field__item\">\n<p style=\"text-align: justify\">Los servicios conexos a la ense\u00f1anza son de gran relevancia para la conciliaci\u00f3n de la vida laboral y familiar, por tanto, los servicios complementarios de aula matinal, comedor escolar y actividades extraescolares se han ido manteniendo dentro del Sistema P\u00fablico Educativo Andaluz desde su implantaci\u00f3n.<\/p>\n<p style=\"text-align: justify\">Los centros de ense\u00f1anza que imparten educaci\u00f3n primaria y secundaria pueden ofrecer algunos servicios escolares complementarios. Saber de qu\u00e9 servicios dispone un centro puede ser un criterio importante en el momento de elegir la preferencia por uno u otro para solicitar la admisi\u00f3n.<\/p>\n<p style=\"text-align: justify\">La Consejer\u00eda de Educaci\u00f3n persigue que los centros docentes, m\u00e1s all\u00e1 de la jornada lectiva tradicional, sean capaces de ofrecer al alumnado y sus familias una oferta de jornada escolar completa, de forma que encuentren en sus centros las actividades que necesitan para completar su formaci\u00f3n y para utilizar de una manera educativa su tiempo libre.<\/p>\n<p style=\"text-align: justify\">Asimismo, con el fin de hacer efectivo el principio de igualdad en el ejercicio del derecho a la educaci\u00f3n, se facilita el desplazamiento del alumnado a los centros docentes con el servicio complementario de transporte escolar.<\/p>\n<ul>\n<li style=\"text-align: justify\"><a href=\"https:\/\/www.juntadeandalucia.es\/servicios\/normas-elaboracion\/detalle\/203631.html\">Proyecto de Decreto por el que se establece el servicio complementario de apoyo y asistencia para alumnado con necesidades educativas especiales por parte del profesional t\u00e9cnico de integraci\u00f3n social y de interpretaci\u00f3n de la lengua de signos espa\u00f1ola y se regulan las condiciones para su prestaci\u00f3n, autorizaci\u00f3n y gesti\u00f3n<\/a><\/li>\n<li style=\"text-align: justify\"><a href=\"https:\/\/www.juntadeandalucia.es\/servicios\/normas-elaboracion\/detalle\/198101.html\">Proyecto de Decreto por el que se regulan las actividades escolares complementarias, las actividades extraescolares y los servicios escolares complementarios en los centros docentes privados concertados<\/a><\/li>\n<\/ul>\n<\/div>\n<\/div>\n<\/div>\n<h3 style=\"padding-left: 60px\"><span style=\"text-decoration: underline\"><strong>OBJETIVOS<\/strong><\/span><\/h3>\n<p style=\"text-align: center\"><a href=\"http:\/\/blogsaverroes.juntadeandalucia.es\/ceipelalmendralcarmona\/files\/2016\/01\/centros-andalucia.jpg\"><img loading=\"lazy\" decoding=\"async\" class=\"alignnone size-medium wp-image-2279\" src=\"http:\/\/blogsaverroes.juntadeandalucia.es\/ceipelalmendralcarmona\/files\/2016\/01\/centros-andalucia-300x220.jpg\" alt=\"centros-andalucia\" width=\"300\" height=\"220\" srcset=\"https:\/\/blogsaverroes.juntadeandalucia.es\/ceipelalmendralcarmona\/files\/2016\/01\/centros-andalucia-300x220.jpg 300w, https:\/\/blogsaverroes.juntadeandalucia.es\/ceipelalmendralcarmona\/files\/2016\/01\/centros-andalucia.jpg 389w\" sizes=\"(max-width: 300px) 100vw, 300px\" \/><\/a><\/p>\n<ul>\n<li>\n<h4 align=\"JUSTIFY\"><span style=\"font-family: 'Nimbus Roman No9 L'\"><span style=\"font-size: medium\">Ampliar la oferta educativa que el centro ofrece a la comunidad educativa.<\/span><\/span><\/h4>\n<\/li>\n<li>\n<h4 align=\"JUSTIFY\"><span style=\"font-family: 'Nimbus Roman No9 L'\"><span style=\"font-size: medium\">Facilitar la conciliaci\u00f3n de la vida familiar y laboral, contribuyendo a la incorporaci\u00f3n de la mujer al mundo laboral, reduciendo la sobrecarga familiar, que permita a hombres y mujeres afrontar de manera igualitaria su proyecto de desarrollo personal y profesional. <\/span><\/span><\/h4>\n<\/li>\n<li>\n<h4 align=\"JUSTIFY\"><span style=\"font-family: 'Nimbus Roman No9 L'\"><span style=\"font-size: medium\">Desarrollar h\u00e1bitos de alimentaci\u00f3n saludables, que promuevan su adaptaci\u00f3n a una diversidad de men\u00fas que faciliten una dieta equilibrada y completa. <\/span><\/span><\/h4>\n<\/li>\n<li>\n<h4 align=\"JUSTIFY\"><span style=\"font-family: 'Nimbus Roman No9 L'\"><span style=\"font-size: medium\">Acercar a todos al alumnado las posibilidades para obtener una formaci\u00f3n integral a trav\u00e9s del desarrollo de actividades l\u00fadicas que supongan una ampliaci\u00f3n de su horizonte cultual y lo preparen para su inserci\u00f3n en la sociedad y a un uso adecuado de su tiempo libre.<\/span><\/span><\/h4>\n<\/li>\n<\/ul>\n<p style=\"text-align: center\"><a href=\"http:\/\/blogsaverroes.juntadeandalucia.es\/ceipelalmendralcarmona\/files\/2016\/01\/Servicios_Complementarios.jpg\"><img loading=\"lazy\" decoding=\"async\" class=\"alignnone size-medium wp-image-2274\" src=\"http:\/\/blogsaverroes.juntadeandalucia.es\/ceipelalmendralcarmona\/files\/2016\/01\/Servicios_Complementarios-300x100.jpg\" alt=\"Servicios_Complementarios\" width=\"300\" height=\"100\" srcset=\"https:\/\/blogsaverroes.juntadeandalucia.es\/ceipelalmendralcarmona\/files\/2016\/01\/Servicios_Complementarios-300x100.jpg 300w, https:\/\/blogsaverroes.juntadeandalucia.es\/ceipelalmendralcarmona\/files\/2016\/01\/Servicios_Complementarios.jpg 520w\" sizes=\"(max-width: 300px) 100vw, 300px\" \/><\/a><\/p>\n<p><\/li><li class=\"tab-pane \" id=\"ert_pane1-1\"><\/p>\n<h3 style=\"padding-left: 60px\"><span style=\"text-decoration: underline\"><strong>NORMAS DE ORGANIZACI\u00d3N Y FUNCIONAMIENTO<\/strong><\/span><\/h3>\n<div style=\"text-align: center\">\n<div style=\"margin: 8px 0px 4px\"><a href=\"http:\/\/www.calameo.com\/books\/002977180b02a4b048c87\" target=\"_blank\" rel=\"noopener noreferrer\">Propuestas Normas Plan De Apertura Comedor Oct 09<\/a><\/div>\n<p><iframe loading=\"lazy\" src=\"\/\/v.calameo.com\/?bkcode=002977180b02a4b048c87&amp;mode=mini\" scrolling=\"no\" width=\"480\" height=\"300\" frameborder=\"0\"><\/iframe><\/p>\n<p><a href=\"http:\/\/blogsaverroes.juntadeandalucia.es\/ceipelalmendralcarmona\/files\/2016\/01\/Free-shipping-Educational-Wooden-Block-Toys-Magnet-Music-Cut-15-Fruits-Vegetable-font-b-Kids-b.jpg\"><img loading=\"lazy\" decoding=\"async\" class=\"alignnone size-medium wp-image-2275\" src=\"http:\/\/blogsaverroes.juntadeandalucia.es\/ceipelalmendralcarmona\/files\/2016\/01\/Free-shipping-Educational-Wooden-Block-Toys-Magnet-Music-Cut-15-Fruits-Vegetable-font-b-Kids-b-300x300.jpg\" alt=\"Free-shipping-Educational-Wooden-Block-Toys-Magnet-Music-Cut-15-Fruits-Vegetable-font-b-Kids-b\" width=\"300\" height=\"300\" srcset=\"https:\/\/blogsaverroes.juntadeandalucia.es\/ceipelalmendralcarmona\/files\/2016\/01\/Free-shipping-Educational-Wooden-Block-Toys-Magnet-Music-Cut-15-Fruits-Vegetable-font-b-Kids-b-300x300.jpg 300w, https:\/\/blogsaverroes.juntadeandalucia.es\/ceipelalmendralcarmona\/files\/2016\/01\/Free-shipping-Educational-Wooden-Block-Toys-Magnet-Music-Cut-15-Fruits-Vegetable-font-b-Kids-b-150x150.jpg 150w, https:\/\/blogsaverroes.juntadeandalucia.es\/ceipelalmendralcarmona\/files\/2016\/01\/Free-shipping-Educational-Wooden-Block-Toys-Magnet-Music-Cut-15-Fruits-Vegetable-font-b-Kids-b-100x100.jpg 100w, https:\/\/blogsaverroes.juntadeandalucia.es\/ceipelalmendralcarmona\/files\/2016\/01\/Free-shipping-Educational-Wooden-Block-Toys-Magnet-Music-Cut-15-Fruits-Vegetable-font-b-Kids-b.jpg 700w\" sizes=\"(max-width: 300px) 100vw, 300px\" \/><\/a><\/p>\n<div style=\"margin: 4px 0px 8px\"><span style=\"line-height: 1.6\"><\/li><li class=\"tab-pane \" id=\"ert_pane1-2\"><\/p>\n<h3 style=\"padding-left: 60px\"><span style=\"text-decoration: underline\"><strong>IMPRESOS CONJUNTOS<\/strong><\/span><\/h3>\n<p style=\"text-align: center\"><img loading=\"lazy\" decoding=\"async\" class=\"alignnone size-medium wp-image-1667\" src=\"http:\/\/blogsaverroes.juntadeandalucia.es\/ceipelalmendralcarmona\/files\/2015\/03\/planes-300x150.png\" alt=\"planes\" width=\"300\" height=\"150\" srcset=\"https:\/\/blogsaverroes.juntadeandalucia.es\/ceipelalmendralcarmona\/files\/2015\/03\/planes-300x150.png 300w, https:\/\/blogsaverroes.juntadeandalucia.es\/ceipelalmendralcarmona\/files\/2015\/03\/planes.png 640w\" sizes=\"(max-width: 300px) 100vw, 300px\" \/><\/p>\n<ul>\n<li><a href=\"https:\/\/www.juntadeandalucia.es\/organismos\/educacionydeporte\/areas\/educacion-familias\/servicios-complementarios.html#toc-impresos\" target=\"_blank\" rel=\"noopener noreferrer\"><strong>IMPRESOS: Pulse sobre el enlace<\/strong><\/a><\/li>\n<\/ul>\n<p style=\"text-align: center\"><strong>NO OLVIDE QUE&#8230;<\/strong><\/p>\n<ul>\n<li><strong><a href=\"http:\/\/www.juntadeandalucia.es\/export\/drupaljda\/002563-A00-V02-00.pdf\" target=\"_blank\" rel=\"noopener noreferrer\">Anexo II. Solicitud de Comedor Escolar, Aula Matinal y Actividades Extraescolares.<\/a>.&nbsp;<\/strong> Se entregar\u00e1 entre el 1 y 8 de junio de cada curso escolar en la secretar\u00eda del Centro. No olviden que deber\u00e1n rellenar y entregar en Secretaria el Anexo V (Solicitud de subvenci\u00f3n) entre el 1 y el 7 de septiembre de cada a\u00f1o si creen que tienen derecho a subvenci\u00f3n.<\/li>\n<li><strong><a href=\"http:\/\/www.juntadeandalucia.es\/export\/drupaljda\/002563-A05-V01-00.pdf\" target=\"_blank\" rel=\"noopener noreferrer\">Anexo V &#8211; Servicios Complementarios.<\/a>&nbsp;<\/strong>Solicitud de de subvenci\u00f3n para Comedor Escolar, Aula Matinal y\/o Actividades Extraescolares. Se debe entregar en la&nbsp;Secretar\u00eda del Centro entre el 1 y el 7 de septiembre de cada curso escolar.<\/li>\n<\/ul>\n<p style=\"text-align: center\"><a href=\"http:\/\/blogsaverroes.juntadeandalucia.es\/ceipelalmendralcarmona\/files\/2015\/03\/portada_graphene.jpg\"><img loading=\"lazy\" decoding=\"async\" class=\"alignnone size-medium wp-image-130\" src=\"http:\/\/blogsaverroes.juntadeandalucia.es\/ceipelalmendralcarmona\/files\/2015\/03\/portada_graphene-300x42.jpg\" alt=\"portada_graphene\" width=\"300\" height=\"42\" srcset=\"https:\/\/blogsaverroes.juntadeandalucia.es\/ceipelalmendralcarmona\/files\/2015\/03\/portada_graphene-300x42.jpg 300w, https:\/\/blogsaverroes.juntadeandalucia.es\/ceipelalmendralcarmona\/files\/2015\/03\/portada_graphene-1024x144.jpg 1024w, https:\/\/blogsaverroes.juntadeandalucia.es\/ceipelalmendralcarmona\/files\/2015\/03\/portada_graphene.jpg 1140w\" sizes=\"(max-width: 300px) 100vw, 300px\" \/><\/a><\/p>\n<p><\/li><li class=\"tab-pane \" id=\"ert_pane1-3\"><\/p>\n<ul>\n<li><a href=\"https:\/\/www.juntadeandalucia.es\/organismos\/educacionydeporte\/areas\/educacion-familias\/servicios-complementarios.html#toc-normativa-de-aplicaci-n\" target=\"_blank\" rel=\"noopener noreferrer\"><strong>Normativa de aplicaci\u00f3n en los SERVICIOS COMPLEMENTARIos actualizada<\/strong><\/a><\/li>\n<\/ul>\n<p style=\"text-align: center\"><a href=\"http:\/\/blogsaverroes.juntadeandalucia.es\/ceipelalmendralcarmona\/files\/2015\/03\/portada_graphene.jpg\"><img loading=\"lazy\" decoding=\"async\" class=\"alignnone wp-image-130\" src=\"http:\/\/blogsaverroes.juntadeandalucia.es\/ceipelalmendralcarmona\/files\/2015\/03\/portada_graphene-300x42.jpg\" alt=\"portada_graphene\" width=\"658\" height=\"92\" srcset=\"https:\/\/blogsaverroes.juntadeandalucia.es\/ceipelalmendralcarmona\/files\/2015\/03\/portada_graphene-300x42.jpg 300w, https:\/\/blogsaverroes.juntadeandalucia.es\/ceipelalmendralcarmona\/files\/2015\/03\/portada_graphene-1024x144.jpg 1024w, https:\/\/blogsaverroes.juntadeandalucia.es\/ceipelalmendralcarmona\/files\/2015\/03\/portada_graphene.jpg 1140w\" sizes=\"(max-width: 658px) 100vw, 658px\" \/><\/a><\/p>\n<p><\/li><li class=\"tab-pane \" id=\"ert_pane1-4\"><\/p>\n<p align=\"center\"><strong>PLAN DE APERTURA DE CENTROS:<\/strong><u><strong> HORARIOS Y PRECIOS<\/strong><\/u><\/p>\n<p><a href=\"http:\/\/ceiphernancortes.es\/sites\/default\/files\/Documentos\/PLAN%20DE%20APERTURA%20DE%20CENTROS%20-%20copia.pdf\" target=\"_blank\" rel=\"noopener noreferrer\"><img decoding=\"async\" class=\" aligncenter\" src=\"http:\/\/ceiphernancortes.es\/sites\/default\/files\/pictures\/PlanFamilia.png\" alt=\"\"><\/a><\/p>\n<h3 style=\"text-align: center\"><u><strong>Servicio de Aula Matinal:<\/strong><\/u><\/h3>\n<ul>\n<li><strong>Horario: de 7.30 h. hasta las 9.00 h. de lunes a viernes.<\/strong><\/li>\n<li><strong>Precio actual: <\/strong><\/li>\n<\/ul>\n<h3 style=\"text-align: center\"><u><strong>Servicio de Comedor:<\/strong><\/u><\/h3>\n<ul>\n<li><strong>Horario: de 14.00 h. hasta las 16.00 h. de lunes a viernes.<\/strong><\/li>\n<li><strong>Precio actual:<br \/>\n<\/strong><\/li>\n<\/ul>\n<p>&nbsp;<\/p>\n<ul>\n<li><strong>CUADRO DE PRECIOS APLICANDO LAS BONIFICACIONES CORRESPONDIENTES.<\/strong><\/li>\n<\/ul>\n<p style=\"text-align: center\"><a href=\"http:\/\/blogsaverroes.juntadeandalucia.es\/ceipelalmendralcarmona\/files\/2015\/03\/portada_graphene.jpg\"><img loading=\"lazy\" decoding=\"async\" class=\"alignnone wp-image-130\" src=\"http:\/\/blogsaverroes.juntadeandalucia.es\/ceipelalmendralcarmona\/files\/2015\/03\/portada_graphene-300x42.jpg\" alt=\"portada_graphene\" width=\"471\" height=\"66\" srcset=\"https:\/\/blogsaverroes.juntadeandalucia.es\/ceipelalmendralcarmona\/files\/2015\/03\/portada_graphene-300x42.jpg 300w, https:\/\/blogsaverroes.juntadeandalucia.es\/ceipelalmendralcarmona\/files\/2015\/03\/portada_graphene-1024x144.jpg 1024w, https:\/\/blogsaverroes.juntadeandalucia.es\/ceipelalmendralcarmona\/files\/2015\/03\/portada_graphene.jpg 1140w\" sizes=\"(max-width: 471px) 100vw, 471px\" \/><\/a><\/p>\n<p><\/li><\/ul><\/div><\/div>\n","protected":false},"excerpt":{"rendered":"","protected":false},"author":2517,"featured_media":0,"parent":0,"menu_order":0,"comment_status":"open","ping_status":"open","template":"","meta":{"ngg_post_thumbnail":0,"footnotes":"","_mc_calendar":[]},"aioseo_notices":[],"_links":{"self":[{"href":"https:\/\/blogsaverroes.juntadeandalucia.es\/ceipelalmendralcarmona\/wp-json\/wp\/v2\/pages\/2267"}],"collection":[{"href":"https:\/\/blogsaverroes.juntadeandalucia.es\/ceipelalmendralcarmona\/wp-json\/wp\/v2\/pages"}],"about":[{"href":"https:\/\/blogsaverroes.juntadeandalucia.es\/ceipelalmendralcarmona\/wp-json\/wp\/v2\/types\/page"}],"author":[{"embeddable":true,"href":"https:\/\/blogsaverroes.juntadeandalucia.es\/ceipelalmendralcarmona\/wp-json\/wp\/v2\/users\/2517"}],"replies":[{"embeddable":true,"href":"https:\/\/blogsaverroes.juntadeandalucia.es\/ceipelalmendralcarmona\/wp-json\/wp\/v2\/comments?post=2267"}],"version-history":[{"count":22,"href":"https:\/\/blogsaverroes.juntadeandalucia.es\/ceipelalmendralcarmona\/wp-json\/wp\/v2\/pages\/2267\/revisions"}],"predecessor-version":[{"id":5850,"href":"https:\/\/blogsaverroes.juntadeandalucia.es\/ceipelalmendralcarmona\/wp-json\/wp\/v2\/pages\/2267\/revisions\/5850"}],"wp:attachment":[{"href":"https:\/\/blogsaverroes.juntadeandalucia.es\/ceipelalmendralcarmona\/wp-json\/wp\/v2\/media?parent=2267"}],"curies":[{"name":"wp","href":"https:\/\/api.w.org\/{rel}","templated":true}]}}