{"id":5142,"date":"2021-07-27T01:17:18","date_gmt":"2021-07-27T00:17:18","guid":{"rendered":"https:\/\/blogsaverroes.juntadeandalucia.es\/ceipelalmendralcarmona\/?page_id=5142"},"modified":"2021-07-27T01:17:18","modified_gmt":"2021-07-27T00:17:18","slug":"actividades-curso-2017-2018","status":"publish","type":"page","link":"https:\/\/blogsaverroes.juntadeandalucia.es\/ceipelalmendralcarmona\/actividades-curso-2017-2018\/","title":{"rendered":"ACTIVIDADES CURSO 2017\/2018"},"content":{"rendered":"<p><img loading=\"lazy\" decoding=\"async\" class=\"wp-image-5125 aligncenter\" src=\"https:\/\/blogsaverroes.juntadeandalucia.es\/ceipelalmendralcarmona\/files\/2021\/07\/ACTIVIDADES3.png\" alt=\"\" width=\"404\" height=\"68\" srcset=\"https:\/\/blogsaverroes.juntadeandalucia.es\/ceipelalmendralcarmona\/files\/2021\/07\/ACTIVIDADES3.png 546w, https:\/\/blogsaverroes.juntadeandalucia.es\/ceipelalmendralcarmona\/files\/2021\/07\/ACTIVIDADES3-300x51.png 300w\" sizes=\"(max-width: 404px) 100vw, 404px\" \/><\/p>\n<table style=\"width: 100%;background-color: #f0d5f2;height: 476px\" border=\"5\">\n<tbody>\n<tr style=\"height: 44px\">\n<td style=\"background-color: #d474a7;height: 44px\"><img loading=\"lazy\" decoding=\"async\" class=\"aligncenter wp-image-5122 size-medium\" src=\"https:\/\/blogsaverroes.juntadeandalucia.es\/ceipelalmendralcarmona\/files\/2021\/07\/CURSO_17_18-300x44.png\" alt=\"\" width=\"300\" height=\"44\" srcset=\"https:\/\/blogsaverroes.juntadeandalucia.es\/ceipelalmendralcarmona\/files\/2021\/07\/CURSO_17_18-300x44.png 300w, https:\/\/blogsaverroes.juntadeandalucia.es\/ceipelalmendralcarmona\/files\/2021\/07\/CURSO_17_18.png 679w\" sizes=\"(max-width: 300px) 100vw, 300px\" \/><\/td>\n<\/tr>\n<tr style=\"height: 24px\">\n<td style=\"text-align: center;height: 24px\"><strong>TERCER TRIMESTRE<\/strong><\/td>\n<\/tr>\n<tr style=\"height: 104px\">\n<td style=\"height: 104px\">\n<ul>\n<li><a title=\"D\u00cdA DEL LIBRO EN EL ALMENDRAL\" href=\"https:\/\/blogsaverroes.juntadeandalucia.es\/ceipelalmendralcarmona\/2018\/04\/23\/dia-del-libro-en-el-almendral\/\">D\u00cdA DEL LIBRO EN EL ALMENDRAL<\/a><\/li>\n<li><a title=\"EXPOSICIONES DEL DESCUBRIMIENTO DE AM\u00c9RICA\" href=\"https:\/\/blogsaverroes.juntadeandalucia.es\/ceipelalmendralcarmona\/2018\/03\/26\/exposiciones-del-descubrimiento-de-america\/\">EXPOSICIONES DEL DESCUBRIMIENTO DE AM\u00c9RICA<\/a><\/li>\n<li><a title=\"TRABAJAMOS EL DESCUBRIMIENTO DE AM\u00c9RICA MEDIANTE V\u00cdDEOS\" href=\"https:\/\/blogsaverroes.juntadeandalucia.es\/ceipelalmendralcarmona\/2018\/03\/05\/trabajamos-el-descubrimiento-de-america-mediante-videos\/\">TRABAJAMOS EL DESCUBRIMIENTO DE AM\u00c9RICA MEDIANTE V\u00cdDEOS<\/a><\/li>\n<\/ul>\n<\/td>\n<\/tr>\n<tr style=\"height: 24px\">\n<td style=\"text-align: center;height: 24px\"><strong>SEGUNDO TRIMESTRE<\/strong><\/td>\n<\/tr>\n<tr style=\"height: 56px\">\n<td style=\"height: 56px\">\n<ul>\n<li><a title=\"LA RADIO LLEGA AL ALMENDRAL\" href=\"https:\/\/blogsaverroes.juntadeandalucia.es\/ceipelalmendralcarmona\/2018\/01\/18\/la-radio-llega-al-almendral\/\">LA RADIO LLEGA AL ALMENDRAL<\/a><\/li>\n<\/ul>\n<\/td>\n<\/tr>\n<tr style=\"height: 24px\">\n<td style=\"text-align: center;height: 24px\"><strong>PRIMER TRIMESTRE<\/strong><\/td>\n<\/tr>\n<tr style=\"height: 200px\">\n<td style=\"height: 200px\">\n<ul>\n<li><a title=\"V\u00cdDEOS FIESTA DE NAVIDAD 2017\" href=\"https:\/\/blogsaverroes.juntadeandalucia.es\/ceipelalmendralcarmona\/2017\/12\/23\/videos-fiesta-de-navidad-2017\/\">V\u00cdDEOS FIESTA DE NAVIDAD 2017<\/a><\/li>\n<li><a title=\"YA EST\u00c1 AQU\u00cd LA NAVIDAD\" href=\"https:\/\/blogsaverroes.juntadeandalucia.es\/ceipelalmendralcarmona\/2017\/12\/15\/ya-esta-aqui-la-navidad\/\">YA EST\u00c1 AQU\u00cd LA NAVIDAD<\/a><\/li>\n<li><a title=\"D\u00cdA DE LA CONSTITUCI\u00d3N. EDUCACI\u00d3N INFANTIL\" href=\"https:\/\/blogsaverroes.juntadeandalucia.es\/ceipelalmendralcarmona\/2017\/12\/05\/dia-de-la-constitucion-educacion-infantil\/\">D\u00cdA DE LA CONSTITUCI\u00d3N. EDUCACI\u00d3N INFANTIL<\/a><\/li>\n<li><a title=\"CELEBRAMOS EL D\u00cdA INTERNACIONAL DEL FLAMENCO\" href=\"https:\/\/blogsaverroes.juntadeandalucia.es\/ceipelalmendralcarmona\/2017\/11\/20\/celebramos-el-dia-internacional-del-flamenco\/\">CELEBRAMOS EL D\u00cdA INTERNACIONAL DEL FLAMENCO<\/a><\/li>\n<li><a title=\"Apadrinamiento lector, Teatro \u00abJuan sin miedo\u00bb 5\u00baA-4 a\u00f1os A\" href=\"https:\/\/blogsaverroes.juntadeandalucia.es\/ceipelalmendralcarmona\/2017\/11\/08\/teatro-juan-sin-miedo-de-5oa\/\">Apadrinamiento lector, Teatro \u00abJuan sin miedo\u00bb 5\u00baA-4 a\u00f1os A<\/a><\/li>\n<li><a title=\"COMIENZA EL NUEVO CURSO 2017-2018\" href=\"https:\/\/blogsaverroes.juntadeandalucia.es\/ceipelalmendralcarmona\/2017\/09\/08\/comienza-el-nuevo-curso-2017-2018\/\">COMIENZA EL NUEVO CURSO 2017-2018<\/a><\/li>\n<\/ul>\n<\/td>\n<\/tr>\n<\/tbody>\n<\/table>\n<p>&nbsp;<\/p>\n<p>&nbsp;<\/p>\n<p>&nbsp;<\/p>\n<p>&nbsp;<\/p>\n<p>&nbsp;<\/p>\n","protected":false},"excerpt":{"rendered":"<p>TERCER TRIMESTRE D\u00cdA DEL LIBRO EN EL ALMENDRAL EXPOSICIONES DEL DESCUBRIMIENTO DE AM\u00c9RICA TRABAJAMOS EL DESCUBRIMIENTO DE AM\u00c9RICA MEDIANTE V\u00cdDEOS SEGUNDO TRIMESTRE LA RADIO LLEGA AL ALMENDRAL PRIMER TRIMESTRE V\u00cdDEOS FIESTA DE NAVIDAD 2017 YA EST\u00c1 AQU\u00cd LA NAVIDAD D\u00cdA DE LA CONSTITUCI\u00d3N. EDUCACI\u00d3N INFANTIL CELEBRAMOS EL D\u00cdA INTERNACIONAL DEL FLAMENCO Apadrinamiento lector, Teatro \u00abJuan &hellip; <\/p>\n<p><a class=\"more-link btn\" href=\"https:\/\/blogsaverroes.juntadeandalucia.es\/ceipelalmendralcarmona\/actividades-curso-2017-2018\/\">Seguir leyendo<\/a><\/p>\n","protected":false},"author":2517,"featured_media":0,"parent":0,"menu_order":0,"comment_status":"closed","ping_status":"closed","template":"","meta":{"ngg_post_thumbnail":0,"footnotes":"","_mc_calendar":[]},"aioseo_notices":[],"_links":{"self":[{"href":"https:\/\/blogsaverroes.juntadeandalucia.es\/ceipelalmendralcarmona\/wp-json\/wp\/v2\/pages\/5142"}],"collection":[{"href":"https:\/\/blogsaverroes.juntadeandalucia.es\/ceipelalmendralcarmona\/wp-json\/wp\/v2\/pages"}],"about":[{"href":"https:\/\/blogsaverroes.juntadeandalucia.es\/ceipelalmendralcarmona\/wp-json\/wp\/v2\/types\/page"}],"author":[{"embeddable":true,"href":"https:\/\/blogsaverroes.juntadeandalucia.es\/ceipelalmendralcarmona\/wp-json\/wp\/v2\/users\/2517"}],"replies":[{"embeddable":true,"href":"https:\/\/blogsaverroes.juntadeandalucia.es\/ceipelalmendralcarmona\/wp-json\/wp\/v2\/comments?post=5142"}],"version-history":[{"count":1,"href":"https:\/\/blogsaverroes.juntadeandalucia.es\/ceipelalmendralcarmona\/wp-json\/wp\/v2\/pages\/5142\/revisions"}],"predecessor-version":[{"id":5143,"href":"https:\/\/blogsaverroes.juntadeandalucia.es\/ceipelalmendralcarmona\/wp-json\/wp\/v2\/pages\/5142\/revisions\/5143"}],"wp:attachment":[{"href":"https:\/\/blogsaverroes.juntadeandalucia.es\/ceipelalmendralcarmona\/wp-json\/wp\/v2\/media?parent=5142"}],"curies":[{"name":"wp","href":"https:\/\/api.w.org\/{rel}","templated":true}]}}