{"id":5573,"date":"2021-09-08T19:36:43","date_gmt":"2021-09-08T18:36:43","guid":{"rendered":"https:\/\/blogsaverroes.juntadeandalucia.es\/ceipelalmendralcarmona\/?page_id=5573"},"modified":"2025-02-16T19:49:39","modified_gmt":"2025-02-16T18:49:39","slug":"matriculacion","status":"publish","type":"page","link":"https:\/\/blogsaverroes.juntadeandalucia.es\/ceipelalmendralcarmona\/matriculacion\/","title":{"rendered":"MATRICULACI\u00d3N"},"content":{"rendered":"<p style=\"text-align: center\"><a href=\"https:\/\/blogsaverroes.juntadeandalucia.es\/ceipelalmendralcarmona\/admision\/escolarizacion\/\" rel=\"attachment wp-att-5541\"><img loading=\"lazy\" decoding=\"async\" class=\"wp-image-5541 aligncenter\" src=\"https:\/\/blogsaverroes.juntadeandalucia.es\/ceipelalmendralcarmona\/files\/2021\/09\/ESCOLARIZACI\u00d3N.png\" alt=\"\" width=\"280\" height=\"37\" srcset=\"https:\/\/blogsaverroes.juntadeandalucia.es\/ceipelalmendralcarmona\/files\/2021\/09\/ESCOLARIZACI\u00d3N.png 733w, https:\/\/blogsaverroes.juntadeandalucia.es\/ceipelalmendralcarmona\/files\/2021\/09\/ESCOLARIZACI\u00d3N-300x40.png 300w\" sizes=\"(max-width: 280px) 100vw, 280px\" \/><\/a><a href=\"https:\/\/blogsaverroes.juntadeandalucia.es\/ceipelalmendralcarmona\/files\/2021\/09\/MATRICULACION.png\"><img loading=\"lazy\" decoding=\"async\" class=\" wp-image-5542 aligncenter\" src=\"https:\/\/blogsaverroes.juntadeandalucia.es\/ceipelalmendralcarmona\/files\/2021\/09\/MATRICULACION.png\" alt=\"\" width=\"537\" height=\"74\" srcset=\"https:\/\/blogsaverroes.juntadeandalucia.es\/ceipelalmendralcarmona\/files\/2021\/09\/MATRICULACION.png 703w, https:\/\/blogsaverroes.juntadeandalucia.es\/ceipelalmendralcarmona\/files\/2021\/09\/MATRICULACION-300x41.png 300w\" sizes=\"(max-width: 537px) 100vw, 537px\" \/><\/a>Pulsa sobre el enlace para acceder a&#8230;&nbsp; <span style=\"font-size: 18pt\"><strong><a href=\"https:\/\/blogsaverroes.juntadeandalucia.es\/ceipelalmendralcarmona\/admision\/\" target=\"_blank\" rel=\"noopener noreferrer\"><span style=\"font-size: 20pt\">ADMISI\u00d3N<\/span><\/a><\/strong><\/span><\/p>\n<div class=\"osc-res-tab tabbable   osc-tabs-left\"><div style=\"clear:both;width: 100%;\"><ul class=\"nav osc-res-nav nav-tabs osc-tabs-left-ul\" id=\"oscitas-restabs-1-matriculacion-82184\"><li class=\"active\"><a href=\"#ert_pane1-0\" data-toggle=\"tab\"><strong>INFORMACI\u00d3N GENERAL<\/strong><\/a><\/li><li class=\"\"><a href=\"#ert_pane1-1\" data-toggle=\"tab\"><strong>NOVEDADES<\/strong><\/a><\/li><li class=\"\"><a href=\"#ert_pane1-2\" data-toggle=\"tab\"><strong>PORTALES<\/strong><\/a><\/li><li class=\"\"><a href=\"#ert_pane1-3\" data-toggle=\"tab\"><strong>IMPRESOS<\/strong><\/a><\/li><\/ul><\/div><div style=\"clear:both;width: 100%;\"><ul class=\"tab-content\" id=\"oscitas-restabcontent-1-matriculacion-82184\"><li class=\"tab-pane active\" id=\"ert_pane1-0\"><\/p>\n<table style=\"width: 98.7212%;height: 1083px\" border=\"2\">\n<tbody>\n<tr style=\"height: 198px\">\n<td style=\"width: 44.6892%;height: 198px\"><a href=\"https:\/\/blogsaverroes.juntadeandalucia.es\/ceipelalmendralcarmona\/files\/2015\/12\/jfuj5t.gif\"><img loading=\"lazy\" decoding=\"async\" class=\"wp-image-2166 aligncenter\" src=\"https:\/\/blogsaverroes.juntadeandalucia.es\/ceipelalmendralcarmona\/files\/2015\/12\/jfuj5t.gif\" alt=\"\" width=\"176\" height=\"176\"><\/a><\/td>\n<td style=\"width: 54.0155%;height: 198px;background-color: #f50c3b\"><a href=\"https:\/\/blogsaverroes.juntadeandalucia.es\/ceipelalmendralcarmona\/admision\/matriculacion-2\/\" rel=\"attachment wp-att-5542\"><img loading=\"lazy\" decoding=\"async\" class=\"alignnone wp-image-5542\" src=\"https:\/\/blogsaverroes.juntadeandalucia.es\/ceipelalmendralcarmona\/files\/2021\/09\/MATRICULACION.png\" alt=\"\" width=\"609\" height=\"84\" srcset=\"https:\/\/blogsaverroes.juntadeandalucia.es\/ceipelalmendralcarmona\/files\/2021\/09\/MATRICULACION.png 703w, https:\/\/blogsaverroes.juntadeandalucia.es\/ceipelalmendralcarmona\/files\/2021\/09\/MATRICULACION-300x41.png 300w\" sizes=\"(max-width: 609px) 100vw, 609px\" \/><\/a><\/td>\n<\/tr>\n<tr style=\"height: 73.5167px\">\n<td style=\"width: 44.6892%;background-color: #e69773;height: 179px\">\n<h3 style=\"text-align: center\"><span style=\"text-decoration: underline\"><strong>PORTALES<\/strong><\/span><\/h3>\n<ul>\n<li><strong><a href=\"http:\/\/www.juntadeandalucia.es\/educacion\/portales\/web\/escolarizacion\/infantil-a-bachillerato\" target=\"_blank\" rel=\"noopener noreferrer\">CONSEJER\u00cdA DE EDUCACI\u00d3N. Portal de Escolarizaci\u00f3n<\/a>.<br \/>\n<\/strong><\/li>\n<li><a href=\"https:\/\/www.juntadeandalucia.es\/organismos\/educacionydeporte\/areas\/educacion-familias\/servicios-complementarios\/paginas\/servicio-transporte-escolar.html\" target=\"_blank\" rel=\"noopener noreferrer\"><strong>Transporte Escolar.<\/strong><\/a><\/li>\n<li><strong><a href=\"https:\/\/www.juntadeandalucia.es\/organismos\/educacionydeporte\/areas\/educacion-familias\/servicios-complementarios.html\" target=\"_blank\" rel=\"noopener noreferrer\">Servicios Complementarios<\/a><\/strong><\/li>\n<\/ul>\n<\/td>\n<td style=\"width: 54.0155%;height: 588px;background-color: #c1d674\" rowspan=\"3\">\n<p style=\"text-align: center\"><span style=\"text-decoration: underline;font-size: 14pt\"><strong>DOCUMENTACI\u00d3N NECESARIA<\/strong><\/span><\/p>\n<ul>\n<li><a href=\"https:\/\/www.juntadeandalucia.es\/educacion\/portales\/documents\/100629\/669349\/Anexo%20IV\/2857e311-abaf-10f1-c03a-b980ff594de5?version=1.0\"><strong> ANEXO IV Matr\u00edcula en segundo ciclo de Educaci\u00f3n Infantil<\/strong><\/a><\/li>\n<li>\n<p class=\"title icopdf\"><a href=\"https:\/\/www.juntadeandalucia.es\/educacion\/portales\/documents\/100629\/669349\/Anexo%20V\/acd7344a-e127-4e2c-5be7-b1f12b0a07c2?version=1.1\"><strong>ANEXO V:Matr\u00edcula en Educaci\u00f3n Primaria<\/strong><\/a><\/p>\n<\/li>\n<li><a href=\"https:\/\/www.juntadeandalucia.es\/educacion\/portales\/documents\/100629\/669349\/Anexo%20Religi%C3%B3n\/b7b1a1ac-aa79-a70f-4667-75af06005072?version=1.0\"><strong> ANEXO &#8211; RELIGI\u00d3N Solicitud para cursar la ense\u00f1anza de religi\u00f3n en Primaria, ESO o Bachillerato&nbsp;<\/strong><\/a><span style=\"font-size: 10pt\"> (Solo alumnado de nuevo ingreso o que modifiquen esta opci\u00f3n)<\/span><\/li>\n<\/ul>\n<ul>\n<li>Solo ALUMNADO SOLICITANTE DE SERVICIOS COMPLEMENTARIOS:\n<ul>\n<li><strong><a href=\"http:\/\/www.juntadeandalucia.es\/export\/drupaljda\/002563-A00-V02-00.pdf\" target=\"_blank\" rel=\"noopener noreferrer\">Anexo II.- Servicio de Aula Matinal, Comedor Escolar y actividades Extraescolares (pdf)<\/a><\/strong><\/li>\n<\/ul>\n<\/li>\n<\/ul>\n<p>&nbsp;<\/p>\n<ul style=\"list-style-type: circle\">\n<li>Puedes realizar estos tr\u00e1mites personalmente en la <strong>Secretaria del colegio<\/strong>, pidiendo <a href=\"https:\/\/blogsaverroes.juntadeandalucia.es\/ceipelalmendralcarmona\/secretaria\/#ert_pane1-2\" target=\"_blank\" rel=\"noopener noreferrer\"><strong>CITA PREVIA<\/strong><\/a>, o bien, de forma telem\u00e1tica desde este enlace, <a href=\"https:\/\/blogsaverroes.juntadeandalucia.es\/ceipelalmendralcarmona\/secretaria-virtual\/\" target=\"_blank\" rel=\"noopener noreferrer\"><strong>SECRETARIA VIRTUAL DE LOS CENTROS EDUCATIVOS<\/strong><\/a>,<\/li>\n<\/ul>\n<\/td>\n<\/tr>\n<tr style=\"height: 108px\">\n<td style=\"width: 44.6892%;height: 108px;background-color: #ede96d\">\n<p style=\"text-align: center\"><span style=\"text-decoration: underline;font-size: 14pt\"><strong>PLAZO<\/strong><\/span><\/p>\n<ul>\n<li><span style=\"font-size: 16pt\"><strong>Del 1 al 9 de Junio.<\/strong><\/span><\/li>\n<\/ul>\n<\/td>\n<\/tr>\n<tr style=\"height: 301px\">\n<td style=\"width: 44.6892%;height: 301px;background-color: #6ac1d9\">\n<h3 style=\"text-align: center\"><span style=\"text-decoration: underline\"><strong>NORMATIVA<\/strong><\/span><\/h3>\n<ul>\n<li style=\"list-style-type: none\">\n<ul>\n<li><strong><a href=\"http:\/\/www.juntadeandalucia.es\/educacion\/portales\/web\/escolarizacion\/infantil-a-bachillerato\/normativa\" target=\"_blank\" rel=\"noopener noreferrer\">Escolarizaci\u00f3n.<\/a><\/strong><\/li>\n<li><a href=\"https:\/\/www.juntadeandalucia.es\/organismos\/educacionydeporte\/areas\/educacion-familias\/servicios-complementarios\/paginas\/servicio-transporte-escolar.html\" target=\"_blank\" rel=\"noopener noreferrer\"><strong>Transporte Escolar.<\/strong><\/a><\/li>\n<li><strong><a href=\"https:\/\/www.juntadeandalucia.es\/organismos\/educacionydeporte\/areas\/educacion-familias\/servicios-complementarios.html#toc-normativa-de-aplicaci-n\" target=\"_blank\" rel=\"noopener noreferrer\">Servicios Complementarios<\/a><\/strong><\/li>\n<\/ul>\n<\/li>\n<\/ul>\n<\/td>\n<\/tr>\n<tr style=\"height: 297px\">\n<td style=\"width: 44.6892%;height: 297px;background-color: #d9bfe3\">\n<h3 style=\"text-align: center\"><span style=\"text-decoration: underline\"><strong>CALENDARIO<\/strong><\/span><\/h3>\n<ul>\n<li><strong><a href=\"http:\/\/www.juntadeandalucia.es\/educacion\/portales\/web\/escolarizacion\/infantil-a-bachillerato\/calendario\" target=\"_blank\" rel=\"noopener noreferrer\">Calendario en el proceso de MATRICULACI\u00d3N<\/a><\/strong><\/li>\n<\/ul>\n<\/td>\n<td style=\"width: 54.0155%;height: 297px\">\n<p style=\"text-align: center\"><a href=\"https:\/\/www.youtube.com\/watch?v=V0U7eX0L7ro\">V\u00cdDEO TUTORIAL SOBRE ELECTR\u00d3NICO DE MATR\u00cdCULA<\/a><\/p>\n<p>[youtube https:\/\/www.youtube.com\/watch?v=V0U7eX0L7ro]<\/td>\n<\/tr>\n<\/tbody>\n<\/table>\n<p>&nbsp;<\/p>\n<p><\/li><li class=\"tab-pane \" id=\"ert_pane1-1\"><\/p>\n<p>Pulsa sobre el enlace:<\/p>\n<p>Relaci\u00f3n de publicaciones en la web sobre <a href=\"https:\/\/blogsaverroes.juntadeandalucia.es\/ceipelalmendralcarmona\/category\/secretaria\/escolarizacion\/\" target=\"_blank\" rel=\"noopener noreferrer\"><strong>ESCOLARIZACI\u00d3N<\/strong><\/a><\/p>\n<p><a href=\"https:\/\/blogsaverroes.juntadeandalucia.es\/ceipelalmendralcarmona\/2021\/08\/31\/alta-plan-apertura-comedor-aula-matinal-actividades-extraescolares\/buscar\/\" rel=\"attachment wp-att-5312\"><img loading=\"lazy\" decoding=\"async\" class=\"size-full wp-image-5312 aligncenter\" src=\"https:\/\/blogsaverroes.juntadeandalucia.es\/ceipelalmendralcarmona\/files\/2021\/08\/buscar.gif\" alt=\"\" width=\"240\" height=\"320\"><\/a><\/p>\n<p><\/li><li class=\"tab-pane \" id=\"ert_pane1-2\"><\/p>\n<ul>\n<li><strong><a href=\"http:\/\/www.juntadeandalucia.es\/educacion\/portales\/web\/escolarizacion\/infantil-a-bachillerato\" target=\"_blank\" rel=\"noopener noreferrer\">CONSEJER\u00cdA DE EDUCACI\u00d3N. Portal de Escolarizaci\u00f3n<\/a>.<\/strong>\n<ul>\n<li><strong><a href=\"https:\/\/www.juntadeandalucia.es\/educacion\/portals\/web\/escolarizacion\/infantil-a-bachillerato\/impresos\" target=\"_blank\" rel=\"noopener noreferrer\">IMPRESOS<\/a><\/strong><\/li>\n<\/ul>\n<\/li>\n<li><a href=\"https:\/\/www.juntadeandalucia.es\/organismos\/educacionydeporte\/areas\/educacion-familias\/servicios-complementarios\/paginas\/servicio-transporte-escolar.html\" target=\"_blank\" rel=\"noopener noreferrer\"><strong>Transporte Escolar.<\/strong><\/a><\/li>\n<li><strong><a href=\"https:\/\/www.juntadeandalucia.es\/organismos\/educacionydeporte\/areas\/educacion-familias\/servicios-complementarios.html\" target=\"_blank\" rel=\"noopener noreferrer\">Servicios Complementarios<\/a><\/strong><\/li>\n<li>&nbsp;<\/li>\n<li>\n<h3><strong>NORMATIVA<\/strong><\/h3>\n<ul>\n<li><strong><a href=\"http:\/\/www.juntadeandalucia.es\/educacion\/portales\/web\/escolarizacion\/infantil-a-bachillerato\/normativa\" target=\"_blank\" rel=\"noopener noreferrer\">Escolarizaci\u00f3n.<\/a><\/strong><\/li>\n<li><a href=\"https:\/\/www.juntadeandalucia.es\/organismos\/educacionydeporte\/areas\/educacion-familias\/servicios-complementarios\/paginas\/servicio-transporte-escolar.html\" target=\"_blank\" rel=\"noopener noreferrer\"><strong>Transporte Escolar.<\/strong><\/a><\/li>\n<li><strong><a href=\"https:\/\/www.juntadeandalucia.es\/organismos\/educacionydeporte\/areas\/educacion-familias\/servicios-complementarios.html#toc-normativa-de-aplicaci-n\" target=\"_blank\" rel=\"noopener noreferrer\">Servicios Complementarios: Aula Matinal, Comedor Escolar y Actividades Extraescolares<\/a><\/strong><\/li>\n<\/ul>\n<\/li>\n<\/ul>\n<p><a href=\"https:\/\/blogsaverroes.juntadeandalucia.es\/ceipelalmendralcarmona\/2021\/08\/31\/alta-plan-apertura-comedor-aula-matinal-actividades-extraescolares\/buscar\/\" rel=\"attachment wp-att-5312\"><img loading=\"lazy\" decoding=\"async\" class=\"size-full wp-image-5312 aligncenter\" src=\"https:\/\/blogsaverroes.juntadeandalucia.es\/ceipelalmendralcarmona\/files\/2021\/08\/buscar.gif\" alt=\"\" width=\"240\" height=\"320\"><\/a><\/p>\n<p>&nbsp;<\/p>\n<p><\/li><li class=\"tab-pane \" id=\"ert_pane1-3\"><\/p>\n<ul>\n<li><strong><a href=\"http:\/\/www.juntadeandalucia.es\/export\/drupaljda\/002563-A00-V02-00.pdf\" target=\"_blank\" rel=\"noopener noreferrer\">Anexo II.- Servicio de Aula Matinal, Comedor Escolar y actividades Extraescolares (pdf)<\/a><\/strong><\/li>\n<li><strong><a href=\"https:\/\/www.juntadeandalucia.es\/educacion\/portales\/documents\/100629\/669352\/Anexo%20III\/16050806-cd1f-89da-678f-001bb54aab73?version=1.0\">ANEXO III Solicitud de admisi\u00f3n en segundo ciclo de Educaci\u00f3n Infantil, Educaci\u00f3n Primaria, Educaci\u00f3n Especial, E.S.O. y Bachillerato (v\u00e1lido del 1 al 31 de Marzo).<\/a><\/strong><\/li>\n<li><a href=\"https:\/\/www.juntadeandalucia.es\/educacion\/portales\/documents\/100629\/669349\/Anexo%20IV\/2857e311-abaf-10f1-c03a-b980ff594de5?version=1.0\"><strong>ANEXO IV Matr\u00edcula en segundo ciclo de Educaci\u00f3n Infantil<\/strong><\/a><\/li>\n<li>\n<p class=\"title icopdf\"><strong>ANEXO V:Matr\u00edcula en Educaci\u00f3n Primaria<\/strong><\/p>\n<\/li>\n<li><strong><a href=\"http:\/\/www.juntadeandalucia.es\/export\/drupaljda\/002563-A05-V01-00.pdf\" target=\"_blank\" rel=\"noopener noreferrer\">Anexo V.- Gratuidad\/bonificaci\u00f3n del precio p\u00fablico por los servicios complementarios de Aula Matinal, Comedor Escolar y Actividades Extraescolares (pdf)<\/a><\/strong><\/li>\n<li><a href=\"https:\/\/www.juntadeandalucia.es\/educacion\/portales\/documents\/100629\/669349\/Anexo%20Religi%C3%B3n\/b7b1a1ac-aa79-a70f-4667-75af06005072?version=1.0\"><strong> ANEXO &#8211; RELIGI\u00d3N Solicitud para cursar la ense\u00f1anza de religi\u00f3n en Primaria, ESO o Bachillerato&nbsp;<\/strong><\/a> (Solo alumnado de nuevo ingreso o que modifiquen esta opci\u00f3n)<\/li>\n<li><strong><a href=\"https:\/\/blogsaverroes.juntadeandalucia.es\/ceipelalmendralcarmona\/files\/2021\/09\/transporte_rellenable.pdf\" target=\"_blank\" rel=\"noopener noreferrer\">Solicitud de transporte escolar.<\/a><\/strong><\/li>\n<\/ul>\n<p>&nbsp;<\/p>\n<ul>\n<li><a href=\"https:\/\/www.juntadeandalucia.es\/educacion\/portales\/documents\/100629\/669352\/Anexo%20IX\/fdf4344b-6c9e-be16-e927-4e63760f0992?version=1.0\"><strong>ANEXO IX Solicitud Procedimiento Extraordinario de Admisi\u00f3n<\/strong><\/a><\/li>\n<li>&nbsp;<\/li>\n<\/ul>\n<p><\/li><\/ul><\/div><\/div>\n<p><a href=\"https:\/\/blogsaverroes.juntadeandalucia.es\/ceipelalmendralcarmona\/files\/2016\/03\/Familia-Caminando-87859.gif\"><img loading=\"lazy\" decoding=\"async\" class=\"size-full wp-image-2592 aligncenter\" src=\"https:\/\/blogsaverroes.juntadeandalucia.es\/ceipelalmendralcarmona\/files\/2016\/03\/Familia-Caminando-87859.gif\" alt=\"\" width=\"363\" height=\"227\"><\/a><\/p>\n","protected":false},"excerpt":{"rendered":"<p>Pulsa sobre el enlace para acceder a&#8230;&nbsp; ADMISI\u00d3N<\/p>\n","protected":false},"author":2517,"featured_media":0,"parent":0,"menu_order":0,"comment_status":"closed","ping_status":"closed","template":"","meta":{"ngg_post_thumbnail":0,"footnotes":"","_mc_calendar":[]},"aioseo_notices":[],"_links":{"self":[{"href":"https:\/\/blogsaverroes.juntadeandalucia.es\/ceipelalmendralcarmona\/wp-json\/wp\/v2\/pages\/5573"}],"collection":[{"href":"https:\/\/blogsaverroes.juntadeandalucia.es\/ceipelalmendralcarmona\/wp-json\/wp\/v2\/pages"}],"about":[{"href":"https:\/\/blogsaverroes.juntadeandalucia.es\/ceipelalmendralcarmona\/wp-json\/wp\/v2\/types\/page"}],"author":[{"embeddable":true,"href":"https:\/\/blogsaverroes.juntadeandalucia.es\/ceipelalmendralcarmona\/wp-json\/wp\/v2\/users\/2517"}],"replies":[{"embeddable":true,"href":"https:\/\/blogsaverroes.juntadeandalucia.es\/ceipelalmendralcarmona\/wp-json\/wp\/v2\/comments?post=5573"}],"version-history":[{"count":18,"href":"https:\/\/blogsaverroes.juntadeandalucia.es\/ceipelalmendralcarmona\/wp-json\/wp\/v2\/pages\/5573\/revisions"}],"predecessor-version":[{"id":8391,"href":"https:\/\/blogsaverroes.juntadeandalucia.es\/ceipelalmendralcarmona\/wp-json\/wp\/v2\/pages\/5573\/revisions\/8391"}],"wp:attachment":[{"href":"https:\/\/blogsaverroes.juntadeandalucia.es\/ceipelalmendralcarmona\/wp-json\/wp\/v2\/media?parent=5573"}],"curies":[{"name":"wp","href":"https:\/\/api.w.org\/{rel}","templated":true}]}}