{"id":22,"date":"2020-01-09T12:33:26","date_gmt":"2020-01-09T11:33:26","guid":{"rendered":"http:\/\/blogsaverroes.juntadeandalucia.es\/pre\/nuevoceip2v2\/?page_id=22"},"modified":"2024-12-30T11:25:09","modified_gmt":"2024-12-30T10:25:09","slug":"2o-ciclo-de-educacion-primaria","status":"publish","type":"page","link":"https:\/\/blogsaverroes.juntadeandalucia.es\/ceipelcolorado\/2o-ciclo-de-educacion-primaria\/","title":{"rendered":"2\u00ba Ciclo de Educaci\u00f3n Primaria"},"content":{"rendered":"<p>Los tutores y tutoras de 3\u00ba y 4\u00ba de Educaci\u00f3n Primaria para el curso 2024\/25 son los siguientes:&nbsp;<\/p>\n<p>3\u00baA &#8211; Asunci\u00f3n C\u00f3rdoba Pe\u00f1a<\/p>\n<p>3\u00baB &#8211; Antonio Guerra Guerrero<\/p>\n<p>3\u00baC &#8211; Alejandro Arcas Orozco<\/p>\n<p>4\u00baA &#8211; Jes\u00fas Gonz\u00e1lez Mendiguch\u00eda Barrera<\/p>\n<p>4\u00baB &#8211; Charo Ben\u00edtez de la Espada<\/p>\n<p>4\u00baC &#8211; Juana Ben\u00edtez Amado<\/p>\n<p>4\u00baD &#8211; David Alonso Castro<\/p>\n","protected":false},"excerpt":{"rendered":"<p>Los tutores y tutoras de 3\u00ba y 4\u00ba de Educaci\u00f3n Primaria para el curso 2024\/25 son los siguientes:&nbsp; 3\u00baA &#8211; Asunci\u00f3n C\u00f3rdoba Pe\u00f1a 3\u00baB &#8211; Antonio Guerra Guerrero 3\u00baC &#8211; Alejandro Arcas Orozco 4\u00baA &#8211; Jes\u00fas Gonz\u00e1lez Mendiguch\u00eda Barrera 4\u00baB &#8211; Charo Ben\u00edtez de la Espada 4\u00baC &#8211; Juana Ben\u00edtez Amado 4\u00baD &#8211; David Alonso [&hellip;]<\/p>\n","protected":false},"author":15498,"featured_media":0,"parent":0,"menu_order":0,"comment_status":"closed","ping_status":"closed","template":"","meta":{"_et_pb_use_builder":"on","_et_pb_old_content":"","_et_gb_content_width":"","ngg_post_thumbnail":0,"footnotes":"","_mc_calendar":[]},"aioseo_notices":[],"_links":{"self":[{"href":"https:\/\/blogsaverroes.juntadeandalucia.es\/ceipelcolorado\/wp-json\/wp\/v2\/pages\/22"}],"collection":[{"href":"https:\/\/blogsaverroes.juntadeandalucia.es\/ceipelcolorado\/wp-json\/wp\/v2\/pages"}],"about":[{"href":"https:\/\/blogsaverroes.juntadeandalucia.es\/ceipelcolorado\/wp-json\/wp\/v2\/types\/page"}],"author":[{"embeddable":true,"href":"https:\/\/blogsaverroes.juntadeandalucia.es\/ceipelcolorado\/wp-json\/wp\/v2\/users\/15498"}],"replies":[{"embeddable":true,"href":"https:\/\/blogsaverroes.juntadeandalucia.es\/ceipelcolorado\/wp-json\/wp\/v2\/comments?post=22"}],"version-history":[{"count":5,"href":"https:\/\/blogsaverroes.juntadeandalucia.es\/ceipelcolorado\/wp-json\/wp\/v2\/pages\/22\/revisions"}],"predecessor-version":[{"id":1006,"href":"https:\/\/blogsaverroes.juntadeandalucia.es\/ceipelcolorado\/wp-json\/wp\/v2\/pages\/22\/revisions\/1006"}],"wp:attachment":[{"href":"https:\/\/blogsaverroes.juntadeandalucia.es\/ceipelcolorado\/wp-json\/wp\/v2\/media?parent=22"}],"curies":[{"name":"wp","href":"https:\/\/api.w.org\/{rel}","templated":true}]}}