{"id":434,"date":"2015-03-20T07:07:50","date_gmt":"2015-03-20T07:07:50","guid":{"rendered":"http:\/\/blogsaverroes.juntadeandalucia.es\/pre\/ceip\/?page_id=434"},"modified":"2018-10-16T11:36:46","modified_gmt":"2018-10-16T11:36:46","slug":"materiales-recursos","status":"publish","type":"page","link":"https:\/\/blogsaverroes.juntadeandalucia.es\/ceipeljuncal\/ed-primaria-2o-ciclo\/materiales-recursos\/","title":{"rendered":"E.P. 2\u00ba ciclo. Materiales, recursos&#8230;"},"content":{"rendered":"<p>Los materiales del segundo ciclo de Educaci\u00f3n Primaria son los que proporciona la editorial SM en su proyecto SAVIA.<\/p>\n<p>Adem\u00e1s, los alumnos y alumnas usar\u00e1n a lo largo del curso los siguientes materiales:<\/p>\n<p>3\u00ba y 4\u00ba EP<\/p>\n<p>2 l\u00e1pices n\u00ba 2<\/p>\n<p>1 goma de borrar<\/p>\n<p>1 sacapuntas con dep\u00f3sito<\/p>\n<p>1 caja de 12 colores de madera<\/p>\n<p>1 caja de ceras duras de 12 colores<\/p>\n<p>1 caja de rotuladores de 12 colores<\/p>\n<p>1 pegamento de barra<\/p>\n<p>1 bol\u00edgrafo azul<\/p>\n<p>1 bol\u00edgrafo rojo<\/p>\n<p>1 cinta correctora<\/p>\n<p>1 regla transparente graduada de 30 cm<\/p>\n<p>1 tijeras de punta redonda<\/p>\n<p>1 cartuchera amplia<\/p>\n<p>8 carpetas de gomillas con solapa tama\u00f1o folio de pl\u00e1stico<\/p>\n<p>10 fundas de pl\u00e1stico tama\u00f1o folio<\/p>\n<p>1 paquete de 500 folios A4 de 800 gr. (S\u00d3LO ALUMNOS\/AS DE 3\u00ba)<\/p>\n<p>7 cuadernos tama\u00f1o folio del n\u00ba 46 y con espiral<\/p>\n<p>1 cuaderno tama\u00f1o cuartilla del n\u00ba 46<\/p>\n<p>1 block de dibujo tama\u00f1o folio<\/p>\n<p>1 flauta<\/p>\n<p>1 cuaderno de m\u00fasica con pentagramas<\/p>\n<p>1 comp\u00e1s<\/p>\n<p>1 transportador de \u00e1ngulos<\/p>\n<p>PLC: 1 cuaderno tama\u00f1o folio n\u00ba 46 (que se suma a los 7 anteriores)<\/p>\n<p>PLC: 1 carpeta de 4 anillas A4 con recambio de A4 n\u00ba 46 y 10 fundas de pl\u00e1stico<\/p>\n","protected":false},"excerpt":{"rendered":"<p>Los materiales del segundo ciclo de Educaci\u00f3n Primaria son los que proporciona la editorial SM en su proyecto SAVIA. Adem\u00e1s, los alumnos y alumnas usar\u00e1n a lo largo del curso los siguientes materiales: 3\u00ba y 4\u00ba EP 2 l\u00e1pices n\u00ba 2 1 goma de borrar 1 sacapuntas con dep\u00f3sito 1 caja de 12 colores de &hellip; <\/p>\n<p><a class=\"more-link btn\" href=\"https:\/\/blogsaverroes.juntadeandalucia.es\/ceipeljuncal\/ed-primaria-2o-ciclo\/materiales-recursos\/\">Seguir leyendo<\/a><\/p>\n","protected":false},"author":1,"featured_media":0,"parent":432,"menu_order":0,"comment_status":"closed","ping_status":"open","template":"page-sc.php","meta":{"ngg_post_thumbnail":0,"footnotes":"","_mc_calendar":[]},"aioseo_notices":[],"_links":{"self":[{"href":"https:\/\/blogsaverroes.juntadeandalucia.es\/ceipeljuncal\/wp-json\/wp\/v2\/pages\/434"}],"collection":[{"href":"https:\/\/blogsaverroes.juntadeandalucia.es\/ceipeljuncal\/wp-json\/wp\/v2\/pages"}],"about":[{"href":"https:\/\/blogsaverroes.juntadeandalucia.es\/ceipeljuncal\/wp-json\/wp\/v2\/types\/page"}],"author":[{"embeddable":true,"href":"https:\/\/blogsaverroes.juntadeandalucia.es\/ceipeljuncal\/wp-json\/wp\/v2\/users\/1"}],"replies":[{"embeddable":true,"href":"https:\/\/blogsaverroes.juntadeandalucia.es\/ceipeljuncal\/wp-json\/wp\/v2\/comments?post=434"}],"version-history":[{"count":9,"href":"https:\/\/blogsaverroes.juntadeandalucia.es\/ceipeljuncal\/wp-json\/wp\/v2\/pages\/434\/revisions"}],"predecessor-version":[{"id":2261,"href":"https:\/\/blogsaverroes.juntadeandalucia.es\/ceipeljuncal\/wp-json\/wp\/v2\/pages\/434\/revisions\/2261"}],"up":[{"embeddable":true,"href":"https:\/\/blogsaverroes.juntadeandalucia.es\/ceipeljuncal\/wp-json\/wp\/v2\/pages\/432"}],"wp:attachment":[{"href":"https:\/\/blogsaverroes.juntadeandalucia.es\/ceipeljuncal\/wp-json\/wp\/v2\/media?parent=434"}],"curies":[{"name":"wp","href":"https:\/\/api.w.org\/{rel}","templated":true}]}}