{"id":2,"date":"2014-08-25T11:09:05","date_gmt":"2014-08-25T11:09:05","guid":{"rendered":"http:\/\/blogsaverroes.juntadeandalucia.es\/igge\/?page_id=2"},"modified":"2023-02-08T11:28:15","modified_gmt":"2023-02-08T11:28:15","slug":"instalaciones","status":"publish","type":"page","link":"https:\/\/blogsaverroes.juntadeandalucia.es\/ceipelmanantial\/instalaciones\/","title":{"rendered":"Instalaciones"},"content":{"rendered":"<p>A continuaci\u00f3n os dejamos alguna de las zonas comunes y espec\u00edficas del centro:<\/p>\n<div id=\"attachment_3609\" style=\"width: 1034px\" class=\"wp-caption alignnone\"><a href=\"https:\/\/blogsaverroes.juntadeandalucia.es\/ceipelmanantial\/files\/2023\/02\/Entrada-Principal-scaled.jpg\"><img loading=\"lazy\" decoding=\"async\" aria-describedby=\"caption-attachment-3609\" class=\"wp-image-3609 size-large\" src=\"https:\/\/blogsaverroes.juntadeandalucia.es\/ceipelmanantial\/files\/2023\/02\/Entrada-Principal-1024x461.jpg\" alt=\"\" width=\"1024\" height=\"461\" srcset=\"https:\/\/blogsaverroes.juntadeandalucia.es\/ceipelmanantial\/files\/2023\/02\/Entrada-Principal-1024x461.jpg 1024w, https:\/\/blogsaverroes.juntadeandalucia.es\/ceipelmanantial\/files\/2023\/02\/Entrada-Principal-300x135.jpg 300w, https:\/\/blogsaverroes.juntadeandalucia.es\/ceipelmanantial\/files\/2023\/02\/Entrada-Principal-768x345.jpg 768w, https:\/\/blogsaverroes.juntadeandalucia.es\/ceipelmanantial\/files\/2023\/02\/Entrada-Principal-1536x691.jpg 1536w, https:\/\/blogsaverroes.juntadeandalucia.es\/ceipelmanantial\/files\/2023\/02\/Entrada-Principal-2048x921.jpg 2048w, https:\/\/blogsaverroes.juntadeandalucia.es\/ceipelmanantial\/files\/2023\/02\/Entrada-Principal-scaled.jpg 1600w\" sizes=\"(max-width: 1024px) 100vw, 1024px\" \/><\/a><p id=\"caption-attachment-3609\" class=\"wp-caption-text\"><strong>Entrada Principal<\/strong><\/p>\n<dd class=\"wp-caption-dd\"><a href=\"https:\/\/blogsaverroes.juntadeandalucia.es\/ceipelmanantial\/files\/2023\/02\/Ba\u00f1os-scaled.jpg\"><img loading=\"lazy\" decoding=\"async\" class=\"wp-image-3610 size-large\" src=\"https:\/\/blogsaverroes.juntadeandalucia.es\/ceipelmanantial\/files\/2023\/02\/Ba\u00f1os-1024x576.jpg\" alt=\"\" width=\"1024\" height=\"576\" srcset=\"https:\/\/blogsaverroes.juntadeandalucia.es\/ceipelmanantial\/files\/2023\/02\/Ba\u00f1os-1024x576.jpg 1024w, https:\/\/blogsaverroes.juntadeandalucia.es\/ceipelmanantial\/files\/2023\/02\/Ba\u00f1os-300x169.jpg 300w, https:\/\/blogsaverroes.juntadeandalucia.es\/ceipelmanantial\/files\/2023\/02\/Ba\u00f1os-768x432.jpg 768w, https:\/\/blogsaverroes.juntadeandalucia.es\/ceipelmanantial\/files\/2023\/02\/Ba\u00f1os-1536x864.jpg 1536w, https:\/\/blogsaverroes.juntadeandalucia.es\/ceipelmanantial\/files\/2023\/02\/Ba\u00f1os-2048x1152.jpg 2048w, https:\/\/blogsaverroes.juntadeandalucia.es\/ceipelmanantial\/files\/2023\/02\/Ba\u00f1os-scaled.jpg 1600w\" sizes=\"(max-width: 1024px) 100vw, 1024px\" \/><\/a><\/p><\/div>\n<p style=\"text-align: center\"><strong>Ba\u00f1os<\/strong><\/p>\n<p>&nbsp;<\/p>\n<p style=\"text-align: center\"><a href=\"https:\/\/blogsaverroes.juntadeandalucia.es\/ceipelmanantial\/files\/2023\/02\/Crucigrama-scaled.jpg\"><img loading=\"lazy\" decoding=\"async\" class=\"aligncenter size-large wp-image-3611\" src=\"https:\/\/blogsaverroes.juntadeandalucia.es\/ceipelmanantial\/files\/2023\/02\/Crucigrama-1024x461.jpg\" alt=\"\" width=\"1024\" height=\"461\" srcset=\"https:\/\/blogsaverroes.juntadeandalucia.es\/ceipelmanantial\/files\/2023\/02\/Crucigrama-1024x461.jpg 1024w, https:\/\/blogsaverroes.juntadeandalucia.es\/ceipelmanantial\/files\/2023\/02\/Crucigrama-300x135.jpg 300w, https:\/\/blogsaverroes.juntadeandalucia.es\/ceipelmanantial\/files\/2023\/02\/Crucigrama-768x345.jpg 768w, https:\/\/blogsaverroes.juntadeandalucia.es\/ceipelmanantial\/files\/2023\/02\/Crucigrama-1536x691.jpg 1536w, https:\/\/blogsaverroes.juntadeandalucia.es\/ceipelmanantial\/files\/2023\/02\/Crucigrama-2048x921.jpg 2048w, https:\/\/blogsaverroes.juntadeandalucia.es\/ceipelmanantial\/files\/2023\/02\/Crucigrama-scaled.jpg 1600w\" sizes=\"(max-width: 1024px) 100vw, 1024px\" \/><\/a><strong>Zona Escaleras <\/strong><\/p>\n<p>&nbsp;<\/p>\n<p style=\"text-align: center\"><a href=\"https:\/\/blogsaverroes.juntadeandalucia.es\/ceipelmanantial\/files\/2023\/02\/Escaleras-scaled.jpg\"><img loading=\"lazy\" decoding=\"async\" class=\"aligncenter size-large wp-image-3612\" src=\"https:\/\/blogsaverroes.juntadeandalucia.es\/ceipelmanantial\/files\/2023\/02\/Escaleras-1024x576.jpg\" alt=\"\" width=\"1024\" height=\"576\" srcset=\"https:\/\/blogsaverroes.juntadeandalucia.es\/ceipelmanantial\/files\/2023\/02\/Escaleras-1024x576.jpg 1024w, https:\/\/blogsaverroes.juntadeandalucia.es\/ceipelmanantial\/files\/2023\/02\/Escaleras-300x169.jpg 300w, https:\/\/blogsaverroes.juntadeandalucia.es\/ceipelmanantial\/files\/2023\/02\/Escaleras-768x432.jpg 768w, https:\/\/blogsaverroes.juntadeandalucia.es\/ceipelmanantial\/files\/2023\/02\/Escaleras-1536x864.jpg 1536w, https:\/\/blogsaverroes.juntadeandalucia.es\/ceipelmanantial\/files\/2023\/02\/Escaleras-2048x1152.jpg 2048w, https:\/\/blogsaverroes.juntadeandalucia.es\/ceipelmanantial\/files\/2023\/02\/Escaleras-scaled.jpg 1600w\" sizes=\"(max-width: 1024px) 100vw, 1024px\" \/><\/a> <strong>Escaleras Primaria<\/strong><\/p>\n<p>&nbsp;<\/p>\n<p style=\"text-align: center\"><img loading=\"lazy\" decoding=\"async\" class=\"aligncenter size-large wp-image-3613\" src=\"https:\/\/blogsaverroes.juntadeandalucia.es\/ceipelmanantial\/files\/2023\/02\/Huert-1024x461.jpg\" alt=\"\" width=\"1024\" height=\"461\" srcset=\"https:\/\/blogsaverroes.juntadeandalucia.es\/ceipelmanantial\/files\/2023\/02\/Huert-1024x461.jpg 1024w, https:\/\/blogsaverroes.juntadeandalucia.es\/ceipelmanantial\/files\/2023\/02\/Huert-300x135.jpg 300w, https:\/\/blogsaverroes.juntadeandalucia.es\/ceipelmanantial\/files\/2023\/02\/Huert-768x346.jpg 768w, https:\/\/blogsaverroes.juntadeandalucia.es\/ceipelmanantial\/files\/2023\/02\/Huert-1536x691.jpg 1536w, https:\/\/blogsaverroes.juntadeandalucia.es\/ceipelmanantial\/files\/2023\/02\/Huert-2048x922.jpg 2048w, https:\/\/blogsaverroes.juntadeandalucia.es\/ceipelmanantial\/files\/2023\/02\/Huert-scaled.jpg 1600w\" sizes=\"(max-width: 1024px) 100vw, 1024px\" \/><strong>Huerto<\/strong><\/p>\n<p style=\"text-align: center\"><a href=\"https:\/\/blogsaverroes.juntadeandalucia.es\/ceipelmanantial\/files\/2023\/02\/Aula-TEA-2-scaled.jpg\"><img loading=\"lazy\" decoding=\"async\" class=\"aligncenter size-large wp-image-3614\" src=\"https:\/\/blogsaverroes.juntadeandalucia.es\/ceipelmanantial\/files\/2023\/02\/Aula-TEA-2-1024x461.jpg\" alt=\"\" width=\"1024\" height=\"461\" srcset=\"https:\/\/blogsaverroes.juntadeandalucia.es\/ceipelmanantial\/files\/2023\/02\/Aula-TEA-2-1024x461.jpg 1024w, https:\/\/blogsaverroes.juntadeandalucia.es\/ceipelmanantial\/files\/2023\/02\/Aula-TEA-2-300x135.jpg 300w, https:\/\/blogsaverroes.juntadeandalucia.es\/ceipelmanantial\/files\/2023\/02\/Aula-TEA-2-768x346.jpg 768w, https:\/\/blogsaverroes.juntadeandalucia.es\/ceipelmanantial\/files\/2023\/02\/Aula-TEA-2-1536x691.jpg 1536w, https:\/\/blogsaverroes.juntadeandalucia.es\/ceipelmanantial\/files\/2023\/02\/Aula-TEA-2-2048x922.jpg 2048w, https:\/\/blogsaverroes.juntadeandalucia.es\/ceipelmanantial\/files\/2023\/02\/Aula-TEA-2-scaled.jpg 1600w\" sizes=\"(max-width: 1024px) 100vw, 1024px\" \/><\/a> <strong>Aula TEA<\/strong><\/p>\n<p style=\"text-align: center\"><a href=\"https:\/\/blogsaverroes.juntadeandalucia.es\/ceipelmanantial\/files\/2023\/02\/Aula-TEA-scaled.jpg\"><img loading=\"lazy\" decoding=\"async\" class=\"aligncenter size-large wp-image-3615\" src=\"https:\/\/blogsaverroes.juntadeandalucia.es\/ceipelmanantial\/files\/2023\/02\/Aula-TEA-1024x461.jpg\" alt=\"\" width=\"1024\" height=\"461\" srcset=\"https:\/\/blogsaverroes.juntadeandalucia.es\/ceipelmanantial\/files\/2023\/02\/Aula-TEA-1024x461.jpg 1024w, https:\/\/blogsaverroes.juntadeandalucia.es\/ceipelmanantial\/files\/2023\/02\/Aula-TEA-300x135.jpg 300w, https:\/\/blogsaverroes.juntadeandalucia.es\/ceipelmanantial\/files\/2023\/02\/Aula-TEA-768x346.jpg 768w, https:\/\/blogsaverroes.juntadeandalucia.es\/ceipelmanantial\/files\/2023\/02\/Aula-TEA-1536x691.jpg 1536w, https:\/\/blogsaverroes.juntadeandalucia.es\/ceipelmanantial\/files\/2023\/02\/Aula-TEA-2048x922.jpg 2048w, https:\/\/blogsaverroes.juntadeandalucia.es\/ceipelmanantial\/files\/2023\/02\/Aula-TEA-scaled.jpg 1600w\" sizes=\"(max-width: 1024px) 100vw, 1024px\" \/><\/a><strong>Aula TEA<\/strong><\/p>\n<p style=\"text-align: center\"><a href=\"https:\/\/blogsaverroes.juntadeandalucia.es\/ceipelmanantial\/files\/2023\/02\/Biblioteca.jpg\"><img loading=\"lazy\" decoding=\"async\" class=\"aligncenter size-large wp-image-3616\" src=\"https:\/\/blogsaverroes.juntadeandalucia.es\/ceipelmanantial\/files\/2023\/02\/Biblioteca-1024x768.jpg\" alt=\"\" width=\"1024\" height=\"768\" srcset=\"https:\/\/blogsaverroes.juntadeandalucia.es\/ceipelmanantial\/files\/2023\/02\/Biblioteca-1024x768.jpg 1024w, https:\/\/blogsaverroes.juntadeandalucia.es\/ceipelmanantial\/files\/2023\/02\/Biblioteca-300x225.jpg 300w, https:\/\/blogsaverroes.juntadeandalucia.es\/ceipelmanantial\/files\/2023\/02\/Biblioteca-768x576.jpg 768w, https:\/\/blogsaverroes.juntadeandalucia.es\/ceipelmanantial\/files\/2023\/02\/Biblioteca-1536x1152.jpg 1536w, https:\/\/blogsaverroes.juntadeandalucia.es\/ceipelmanantial\/files\/2023\/02\/Biblioteca.jpg 1600w\" sizes=\"(max-width: 1024px) 100vw, 1024px\" \/><\/a><strong>Biblioteca<\/strong><\/p>\n<p style=\"text-align: center\"><a href=\"https:\/\/blogsaverroes.juntadeandalucia.es\/ceipelmanantial\/files\/2023\/02\/Aula-Sensorial-scaled.jpg\"><img loading=\"lazy\" decoding=\"async\" class=\"aligncenter size-large wp-image-3617\" src=\"https:\/\/blogsaverroes.juntadeandalucia.es\/ceipelmanantial\/files\/2023\/02\/Aula-Sensorial-1024x461.jpg\" alt=\"\" width=\"1024\" height=\"461\" srcset=\"https:\/\/blogsaverroes.juntadeandalucia.es\/ceipelmanantial\/files\/2023\/02\/Aula-Sensorial-1024x461.jpg 1024w, https:\/\/blogsaverroes.juntadeandalucia.es\/ceipelmanantial\/files\/2023\/02\/Aula-Sensorial-300x135.jpg 300w, https:\/\/blogsaverroes.juntadeandalucia.es\/ceipelmanantial\/files\/2023\/02\/Aula-Sensorial-768x345.jpg 768w, https:\/\/blogsaverroes.juntadeandalucia.es\/ceipelmanantial\/files\/2023\/02\/Aula-Sensorial-1536x691.jpg 1536w, https:\/\/blogsaverroes.juntadeandalucia.es\/ceipelmanantial\/files\/2023\/02\/Aula-Sensorial-2048x921.jpg 2048w, https:\/\/blogsaverroes.juntadeandalucia.es\/ceipelmanantial\/files\/2023\/02\/Aula-Sensorial-scaled.jpg 1600w\" sizes=\"(max-width: 1024px) 100vw, 1024px\" \/><\/a><strong>Aula Sensorial<\/strong><\/p>\n<p><a href=\"https:\/\/blogsaverroes.juntadeandalucia.es\/ceipelmanantial\/files\/2023\/02\/Puerta-Aula-Sensorial-scaled.jpg\"><img loading=\"lazy\" decoding=\"async\" class=\"aligncenter size-large wp-image-3619\" src=\"https:\/\/blogsaverroes.juntadeandalucia.es\/ceipelmanantial\/files\/2023\/02\/Puerta-Aula-Sensorial-1024x461.jpg\" alt=\"\" width=\"1024\" height=\"461\" srcset=\"https:\/\/blogsaverroes.juntadeandalucia.es\/ceipelmanantial\/files\/2023\/02\/Puerta-Aula-Sensorial-1024x461.jpg 1024w, https:\/\/blogsaverroes.juntadeandalucia.es\/ceipelmanantial\/files\/2023\/02\/Puerta-Aula-Sensorial-300x135.jpg 300w, https:\/\/blogsaverroes.juntadeandalucia.es\/ceipelmanantial\/files\/2023\/02\/Puerta-Aula-Sensorial-768x346.jpg 768w, https:\/\/blogsaverroes.juntadeandalucia.es\/ceipelmanantial\/files\/2023\/02\/Puerta-Aula-Sensorial-1536x691.jpg 1536w, https:\/\/blogsaverroes.juntadeandalucia.es\/ceipelmanantial\/files\/2023\/02\/Puerta-Aula-Sensorial-2048x922.jpg 2048w, https:\/\/blogsaverroes.juntadeandalucia.es\/ceipelmanantial\/files\/2023\/02\/Puerta-Aula-Sensorial-scaled.jpg 1600w\" sizes=\"(max-width: 1024px) 100vw, 1024px\" \/><\/a><\/p>\n<p style=\"text-align: center\"><strong>Puerta Aula Sensorial<\/strong><\/p>\n<p style=\"text-align: center\"><a href=\"https:\/\/blogsaverroes.juntadeandalucia.es\/ceipelmanantial\/files\/2023\/02\/Patio-de-Infantil-scaled.jpg\"><img loading=\"lazy\" decoding=\"async\" class=\"aligncenter size-large wp-image-3620\" src=\"https:\/\/blogsaverroes.juntadeandalucia.es\/ceipelmanantial\/files\/2023\/02\/Patio-de-Infantil-1024x461.jpg\" alt=\"\" width=\"1024\" height=\"461\" srcset=\"https:\/\/blogsaverroes.juntadeandalucia.es\/ceipelmanantial\/files\/2023\/02\/Patio-de-Infantil-1024x461.jpg 1024w, https:\/\/blogsaverroes.juntadeandalucia.es\/ceipelmanantial\/files\/2023\/02\/Patio-de-Infantil-300x135.jpg 300w, https:\/\/blogsaverroes.juntadeandalucia.es\/ceipelmanantial\/files\/2023\/02\/Patio-de-Infantil-768x346.jpg 768w, https:\/\/blogsaverroes.juntadeandalucia.es\/ceipelmanantial\/files\/2023\/02\/Patio-de-Infantil-1536x691.jpg 1536w, https:\/\/blogsaverroes.juntadeandalucia.es\/ceipelmanantial\/files\/2023\/02\/Patio-de-Infantil-2048x922.jpg 2048w, https:\/\/blogsaverroes.juntadeandalucia.es\/ceipelmanantial\/files\/2023\/02\/Patio-de-Infantil-scaled.jpg 1600w\" sizes=\"(max-width: 1024px) 100vw, 1024px\" \/><\/a><strong>Patio de Infantil Com\u00fan<\/strong><\/p>\n<p style=\"text-align: center\"><a href=\"https:\/\/blogsaverroes.juntadeandalucia.es\/ceipelmanantial\/files\/2023\/02\/Pasillo-de-Infantil-scaled.jpg\"><img loading=\"lazy\" decoding=\"async\" class=\"aligncenter size-large wp-image-3621\" src=\"https:\/\/blogsaverroes.juntadeandalucia.es\/ceipelmanantial\/files\/2023\/02\/Pasillo-de-Infantil-1024x461.jpg\" alt=\"\" width=\"1024\" height=\"461\" srcset=\"https:\/\/blogsaverroes.juntadeandalucia.es\/ceipelmanantial\/files\/2023\/02\/Pasillo-de-Infantil-1024x461.jpg 1024w, https:\/\/blogsaverroes.juntadeandalucia.es\/ceipelmanantial\/files\/2023\/02\/Pasillo-de-Infantil-300x135.jpg 300w, https:\/\/blogsaverroes.juntadeandalucia.es\/ceipelmanantial\/files\/2023\/02\/Pasillo-de-Infantil-768x346.jpg 768w, https:\/\/blogsaverroes.juntadeandalucia.es\/ceipelmanantial\/files\/2023\/02\/Pasillo-de-Infantil-1536x691.jpg 1536w, https:\/\/blogsaverroes.juntadeandalucia.es\/ceipelmanantial\/files\/2023\/02\/Pasillo-de-Infantil-2048x922.jpg 2048w, https:\/\/blogsaverroes.juntadeandalucia.es\/ceipelmanantial\/files\/2023\/02\/Pasillo-de-Infantil-scaled.jpg 1600w\" sizes=\"(max-width: 1024px) 100vw, 1024px\" \/><\/a><\/p>\n<p style=\"text-align: center\"><strong>Pasillo de Aula de Infantil<\/strong><\/p>\n<p><a href=\"https:\/\/blogsaverroes.juntadeandalucia.es\/ceipelmanantial\/files\/2023\/02\/Comedor.jpg\"><img loading=\"lazy\" decoding=\"async\" class=\"aligncenter size-full wp-image-3622\" src=\"https:\/\/blogsaverroes.juntadeandalucia.es\/ceipelmanantial\/files\/2023\/02\/Comedor.jpg\" alt=\"\" width=\"1024\" height=\"461\" srcset=\"https:\/\/blogsaverroes.juntadeandalucia.es\/ceipelmanantial\/files\/2023\/02\/Comedor.jpg 1024w, https:\/\/blogsaverroes.juntadeandalucia.es\/ceipelmanantial\/files\/2023\/02\/Comedor-300x135.jpg 300w, https:\/\/blogsaverroes.juntadeandalucia.es\/ceipelmanantial\/files\/2023\/02\/Comedor-768x346.jpg 768w\" sizes=\"(max-width: 1024px) 100vw, 1024px\" \/><\/a><\/p>\n<p style=\"text-align: center\"><strong>Comedor<\/strong><\/p>\n<p>&nbsp;<\/p>\n<p>&nbsp;<\/p>\n<p>&nbsp;<\/p>\n<p>&nbsp;<\/dd>\n","protected":false},"excerpt":{"rendered":"<p>A continuaci\u00f3n os dejamos alguna de las zonas comunes y espec\u00edficas del centro: Ba\u00f1os &nbsp; Zona Escaleras &nbsp; Escaleras Primaria &nbsp; Huerto Aula TEA Aula TEA Biblioteca Aula Sensorial Puerta Aula Sensorial Patio de&#46;&#46;&#46;<\/p>\n","protected":false},"author":1,"featured_media":0,"parent":0,"menu_order":0,"comment_status":"open","ping_status":"open","template":"","meta":{"ngg_post_thumbnail":0,"footnotes":""},"aioseo_notices":[],"_links":{"self":[{"href":"https:\/\/blogsaverroes.juntadeandalucia.es\/ceipelmanantial\/wp-json\/wp\/v2\/pages\/2"}],"collection":[{"href":"https:\/\/blogsaverroes.juntadeandalucia.es\/ceipelmanantial\/wp-json\/wp\/v2\/pages"}],"about":[{"href":"https:\/\/blogsaverroes.juntadeandalucia.es\/ceipelmanantial\/wp-json\/wp\/v2\/types\/page"}],"author":[{"embeddable":true,"href":"https:\/\/blogsaverroes.juntadeandalucia.es\/ceipelmanantial\/wp-json\/wp\/v2\/users\/1"}],"replies":[{"embeddable":true,"href":"https:\/\/blogsaverroes.juntadeandalucia.es\/ceipelmanantial\/wp-json\/wp\/v2\/comments?post=2"}],"version-history":[{"count":5,"href":"https:\/\/blogsaverroes.juntadeandalucia.es\/ceipelmanantial\/wp-json\/wp\/v2\/pages\/2\/revisions"}],"predecessor-version":[{"id":3623,"href":"https:\/\/blogsaverroes.juntadeandalucia.es\/ceipelmanantial\/wp-json\/wp\/v2\/pages\/2\/revisions\/3623"}],"wp:attachment":[{"href":"https:\/\/blogsaverroes.juntadeandalucia.es\/ceipelmanantial\/wp-json\/wp\/v2\/media?parent=2"}],"curies":[{"name":"wp","href":"https:\/\/api.w.org\/{rel}","templated":true}]}}