{"id":869,"date":"2015-03-16T07:03:52","date_gmt":"2015-03-16T07:03:52","guid":{"rendered":"http:\/\/blogsaverroes.juntadeandalucia.es\/pre\/ceip\/?page_id=84"},"modified":"2026-01-20T09:09:37","modified_gmt":"2026-01-20T09:09:37","slug":"calendario-escolar","status":"publish","type":"page","link":"https:\/\/blogsaverroes.juntadeandalucia.es\/ceipelmanantial\/calendario-escolar\/","title":{"rendered":"Calendario Escolar"},"content":{"rendered":"<h2 class=\"fittexted_for_content_h2\">Calendario escolar 2025-2026<\/h2>\n<p><strong><span lang=\"es-ES\"><a title=\"Resoluci\u00f3n Calendario 2025_2026(F)\" href=\"https:\/\/www.juntadeandalucia.es\/educacion\/portales\/documents\/1176698\/2082871\/RESOL%20CALEND%2025_26(F).pdf\/d6d9771b-6ad8-1787-5bae-0d739c4b178c?version=1.0\" target=\"_blank\" rel=\"noopener\">RESOLUCI\u00d3N<\/a>&nbsp;DE LA DELEGACI\u00d3N TERRITORIAL DE LA CONSEJER\u00cdA DE EDUCACI\u00d3N Y DEPORTE EN SEVILLA&nbsp;<\/span>POR LA QUE SE APRUEBAN EL CALENDARIO Y LA JORNADA ESCOLAR EN LOS CENTROS DOCENTES NO UNIVERSITARIOS PARA EL CURSO ACAD\u00c9MICO 2025\/2026. (29\/0<span lang=\"es-ES\">5\/20<\/span><span lang=\"es-ES\">25<\/span><span lang=\"es-ES\">).<\/span><\/strong><\/p>\n<p>Actualizaciones al calendario escolar:<\/p>\n<ul>\n<li>Fiestas locales (Sevilla): 22 de abril y 4 de junio (BOJA 197, de 14\/10\/2025)<\/li>\n<li>D\u00edas de libre disposici\u00f3n autorizados (Local): 23 y 24 de abril (Resoluci\u00f3n de 16\/12\/2025)<\/li>\n<\/ul>\n<p><a href=\"https:\/\/blogsaverroes.juntadeandalucia.es\/ceipelmanantial\/files\/2026\/01\/Calendario2526.jpeg\"><img loading=\"lazy\" decoding=\"async\" class=\"aligncenter size-full wp-image-4080\" src=\"https:\/\/blogsaverroes.juntadeandalucia.es\/ceipelmanantial\/files\/2026\/01\/Calendario2526.jpeg\" alt=\"\" width=\"580\" height=\"753\" srcset=\"https:\/\/blogsaverroes.juntadeandalucia.es\/ceipelmanantial\/files\/2026\/01\/Calendario2526.jpeg 580w, https:\/\/blogsaverroes.juntadeandalucia.es\/ceipelmanantial\/files\/2026\/01\/Calendario2526-231x300.jpeg 231w\" sizes=\"(max-width: 580px) 100vw, 580px\" \/><\/a><\/p>\n","protected":false},"excerpt":{"rendered":"<p>Calendario escolar 2025-2026 RESOLUCI\u00d3N&nbsp;DE LA DELEGACI\u00d3N TERRITORIAL DE LA CONSEJER\u00cdA DE EDUCACI\u00d3N Y DEPORTE EN SEVILLA&nbsp;POR LA QUE SE APRUEBAN EL CALENDARIO Y LA JORNADA ESCOLAR EN LOS CENTROS DOCENTES NO UNIVERSITARIOS PARA EL&#46;&#46;&#46;<\/p>\n","protected":false},"author":1,"featured_media":0,"parent":0,"menu_order":0,"comment_status":"open","ping_status":"open","template":"","meta":{"ngg_post_thumbnail":0,"footnotes":""},"aioseo_notices":[],"_links":{"self":[{"href":"https:\/\/blogsaverroes.juntadeandalucia.es\/ceipelmanantial\/wp-json\/wp\/v2\/pages\/869"}],"collection":[{"href":"https:\/\/blogsaverroes.juntadeandalucia.es\/ceipelmanantial\/wp-json\/wp\/v2\/pages"}],"about":[{"href":"https:\/\/blogsaverroes.juntadeandalucia.es\/ceipelmanantial\/wp-json\/wp\/v2\/types\/page"}],"author":[{"embeddable":true,"href":"https:\/\/blogsaverroes.juntadeandalucia.es\/ceipelmanantial\/wp-json\/wp\/v2\/users\/1"}],"replies":[{"embeddable":true,"href":"https:\/\/blogsaverroes.juntadeandalucia.es\/ceipelmanantial\/wp-json\/wp\/v2\/comments?post=869"}],"version-history":[{"count":22,"href":"https:\/\/blogsaverroes.juntadeandalucia.es\/ceipelmanantial\/wp-json\/wp\/v2\/pages\/869\/revisions"}],"predecessor-version":[{"id":4081,"href":"https:\/\/blogsaverroes.juntadeandalucia.es\/ceipelmanantial\/wp-json\/wp\/v2\/pages\/869\/revisions\/4081"}],"wp:attachment":[{"href":"https:\/\/blogsaverroes.juntadeandalucia.es\/ceipelmanantial\/wp-json\/wp\/v2\/media?parent=869"}],"curies":[{"name":"wp","href":"https:\/\/api.w.org\/{rel}","templated":true}]}}