{"id":4433,"date":"2019-02-07T12:01:55","date_gmt":"2019-02-07T12:01:55","guid":{"rendered":"https:\/\/blogsaverroes.juntadeandalucia.es\/ceipelolivo\/?page_id=4433"},"modified":"2020-07-24T08:00:35","modified_gmt":"2020-07-24T08:00:35","slug":"escritoras-andaluzas-2","status":"publish","type":"page","link":"https:\/\/blogsaverroes.juntadeandalucia.es\/ceipelolivo\/escritoras-andaluzas-2\/","title":{"rendered":"Escritoras andaluzas"},"content":{"rendered":"<h4>Que hay que recordar&#8230;<\/h4>\n<h5>Leonor L\u00f3pez de C\u00f3rdoba.<\/h5>\n<p style=\"text-align: justify\">Pionera de la literatura autobiogr\u00e1fica, en los siglos XIV y XV.<\/p>\n<p><a href=\"https:\/\/view.genial.ly\/5c5ca4631ef86d73dd9b56c5\/genially-sin-titulo\" target=\"_blank\" rel=\"noopener noreferrer\"><img loading=\"lazy\" decoding=\"async\" class=\"aligncenter wp-image-4438 size-medium\" src=\"https:\/\/blogsaverroes.juntadeandalucia.es\/ceipelolivo\/files\/2019\/02\/leonor-lopez-de-cordoba1-192x300.jpg\" alt=\"\" width=\"192\" height=\"300\" srcset=\"https:\/\/blogsaverroes.juntadeandalucia.es\/ceipelolivo\/files\/2019\/02\/leonor-lopez-de-cordoba1-192x300.jpg 192w, https:\/\/blogsaverroes.juntadeandalucia.es\/ceipelolivo\/files\/2019\/02\/leonor-lopez-de-cordoba1-15x24.jpg 15w, https:\/\/blogsaverroes.juntadeandalucia.es\/ceipelolivo\/files\/2019\/02\/leonor-lopez-de-cordoba1-23x36.jpg 23w, https:\/\/blogsaverroes.juntadeandalucia.es\/ceipelolivo\/files\/2019\/02\/leonor-lopez-de-cordoba1-31x48.jpg 31w, https:\/\/blogsaverroes.juntadeandalucia.es\/ceipelolivo\/files\/2019\/02\/leonor-lopez-de-cordoba1.jpg 256w\" sizes=\"(max-width: 192px) 100vw, 192px\" \/><\/a><\/p>\n<h5>Cristobalina Fern\u00e1ndez de Alarc\u00f3n.<\/h5>\n<p style=\"text-align: justify\">Poeta del Siglo de Oro, que se gan\u00f3 las cr\u00edticas de Quevedo o de G\u00f3ngora.<\/p>\n<p><a href=\"https:\/\/view.genial.ly\/5c5ca8101ef86d73dd9b58ca\/lectura002\" target=\"_blank\" rel=\"noopener noreferrer\"><img loading=\"lazy\" decoding=\"async\" class=\"aligncenter wp-image-4452 size-full\" src=\"https:\/\/blogsaverroes.juntadeandalucia.es\/ceipelolivo\/files\/2019\/02\/Cristobalina.png\" alt=\"\" width=\"202\" height=\"258\" srcset=\"https:\/\/blogsaverroes.juntadeandalucia.es\/ceipelolivo\/files\/2019\/02\/Cristobalina.png 202w, https:\/\/blogsaverroes.juntadeandalucia.es\/ceipelolivo\/files\/2019\/02\/Cristobalina-19x24.png 19w, https:\/\/blogsaverroes.juntadeandalucia.es\/ceipelolivo\/files\/2019\/02\/Cristobalina-28x36.png 28w, https:\/\/blogsaverroes.juntadeandalucia.es\/ceipelolivo\/files\/2019\/02\/Cristobalina-38x48.png 38w\" sizes=\"(max-width: 202px) 100vw, 202px\" \/><\/a><\/p>\n<h5>Mar\u00eda Isidra de Guzm\u00e1n.<\/h5>\n<p style=\"text-align: justify\">La primera mujer que form\u00f3 parte de la Real Academia Espa\u00f1ola, pronunciando su discurso de ingreso en 1784.<\/p>\n<p>&nbsp;<\/p>\n<h5>Mar\u00eda Rosa de G\u00e1lvez.<\/h5>\n<p style=\"text-align: justify\">Dramaturga ilustrada.<\/p>\n<p>&nbsp;<\/p>\n<h5>Patrocinio de Biedma y la Moneda.<\/h5>\n<p style=\"text-align: justify\">Periodista jiennense, una de las pioneras del feminismo en Espa\u00f1a. Patrocinio de Biedma naci\u00f3 en Beg\u00edjar, Ja\u00e9n, el 13 de marzo de 1858. Hija de Diego Jos\u00e9 de Biedma y Mar\u00edn Col\u00f3n e Isabel Mar\u00eda de la Moneda y Riofr\u00edo, ambos de la nobleza andaluza.<\/p>\n<p><a href=\"https:\/\/view.genial.ly\/5c671be37a5d8d762313f968\/patrocinio-de-biedma\" target=\"_blank\" rel=\"noopener noreferrer\"><img loading=\"lazy\" decoding=\"async\" class=\"aligncenter wp-image-4473 size-full\" src=\"https:\/\/blogsaverroes.juntadeandalucia.es\/ceipelolivo\/files\/2019\/02\/PatrocinioBiedma.jpg\" alt=\"\" width=\"203\" height=\"248\" srcset=\"https:\/\/blogsaverroes.juntadeandalucia.es\/ceipelolivo\/files\/2019\/02\/PatrocinioBiedma.jpg 203w, https:\/\/blogsaverroes.juntadeandalucia.es\/ceipelolivo\/files\/2019\/02\/PatrocinioBiedma-20x24.jpg 20w, https:\/\/blogsaverroes.juntadeandalucia.es\/ceipelolivo\/files\/2019\/02\/PatrocinioBiedma-29x36.jpg 29w, https:\/\/blogsaverroes.juntadeandalucia.es\/ceipelolivo\/files\/2019\/02\/PatrocinioBiedma-39x48.jpg 39w\" sizes=\"(max-width: 203px) 100vw, 203px\" \/><\/a><\/p>\n<h5>Mar\u00eda Luisa Mu\u00f1oz de Vargas.<\/h5>\n<p>Escritora, traductora y articulista.<\/p>\n<blockquote><p>Por el camino canto<\/p>\n<p>de noche coplas,<\/p>\n<p>para acallar mi alma<\/p>\n<p>y espantar sombras.<\/p><\/blockquote>\n<p><a href=\"https:\/\/view.genial.ly\/5c6727e97a5d8d7623140189\/mariavargas\" target=\"_blank\" rel=\"noopener noreferrer\"><img loading=\"lazy\" decoding=\"async\" class=\"aligncenter wp-image-4477 size-medium\" src=\"https:\/\/blogsaverroes.juntadeandalucia.es\/ceipelolivo\/files\/2019\/02\/LuisaVargas-236x300.jpg\" alt=\"\" width=\"236\" height=\"300\" srcset=\"https:\/\/blogsaverroes.juntadeandalucia.es\/ceipelolivo\/files\/2019\/02\/LuisaVargas-236x300.jpg 236w, https:\/\/blogsaverroes.juntadeandalucia.es\/ceipelolivo\/files\/2019\/02\/LuisaVargas-19x24.jpg 19w, https:\/\/blogsaverroes.juntadeandalucia.es\/ceipelolivo\/files\/2019\/02\/LuisaVargas-28x36.jpg 28w, https:\/\/blogsaverroes.juntadeandalucia.es\/ceipelolivo\/files\/2019\/02\/LuisaVargas-38x48.jpg 38w, https:\/\/blogsaverroes.juntadeandalucia.es\/ceipelolivo\/files\/2019\/02\/LuisaVargas.jpg 535w\" sizes=\"(max-width: 236px) 100vw, 236px\" \/><\/a><\/p>\n<blockquote><p>Yo recuerdo mi alegr\u00eda<\/p>\n<p>en las horas de desconsuelo,<\/p>\n<p>y hago de la noche d\u00eda<\/p>\n<p>aunque no quieras creerlo.<\/p><\/blockquote>\n<h5>&nbsp;Carmen de Burgos.<\/h5>\n<p>Escritora, periodista que habl\u00f3 sobre el voto femenino o el divorcio a principios del siglo XX.<\/p>\n<p><a href=\"https:\/\/view.genial.ly\/5c6724f9a159c77629f4d558\/carmen-de-burgos\" target=\"_blank\" rel=\"noopener noreferrer\"><img loading=\"lazy\" decoding=\"async\" class=\"aligncenter wp-image-4475 size-full\" src=\"https:\/\/blogsaverroes.juntadeandalucia.es\/ceipelolivo\/files\/2019\/02\/CarmenBurgos.jpg\" alt=\"\" width=\"220\" height=\"259\" srcset=\"https:\/\/blogsaverroes.juntadeandalucia.es\/ceipelolivo\/files\/2019\/02\/CarmenBurgos.jpg 220w, https:\/\/blogsaverroes.juntadeandalucia.es\/ceipelolivo\/files\/2019\/02\/CarmenBurgos-20x24.jpg 20w, https:\/\/blogsaverroes.juntadeandalucia.es\/ceipelolivo\/files\/2019\/02\/CarmenBurgos-31x36.jpg 31w, https:\/\/blogsaverroes.juntadeandalucia.es\/ceipelolivo\/files\/2019\/02\/CarmenBurgos-41x48.jpg 41w\" sizes=\"(max-width: 220px) 100vw, 220px\" \/><\/a><\/p>\n","protected":false},"excerpt":{"rendered":"<p>Que hay que recordar&#8230; Leonor L\u00f3pez de C\u00f3rdoba. Pionera de la literatura autobiogr\u00e1fica, en los siglos XIV y XV. Cristobalina Fern\u00e1ndez de Alarc\u00f3n. Poeta del Siglo de Oro, que se gan\u00f3 las cr\u00edticas de&#46;&#46;&#46;<\/p>\n","protected":false},"author":6073,"featured_media":0,"parent":0,"menu_order":0,"comment_status":"closed","ping_status":"closed","template":"","meta":{"ngg_post_thumbnail":0,"footnotes":"","_mc_calendar":[]},"aioseo_notices":[],"_links":{"self":[{"href":"https:\/\/blogsaverroes.juntadeandalucia.es\/ceipelolivo\/wp-json\/wp\/v2\/pages\/4433"}],"collection":[{"href":"https:\/\/blogsaverroes.juntadeandalucia.es\/ceipelolivo\/wp-json\/wp\/v2\/pages"}],"about":[{"href":"https:\/\/blogsaverroes.juntadeandalucia.es\/ceipelolivo\/wp-json\/wp\/v2\/types\/page"}],"author":[{"embeddable":true,"href":"https:\/\/blogsaverroes.juntadeandalucia.es\/ceipelolivo\/wp-json\/wp\/v2\/users\/6073"}],"replies":[{"embeddable":true,"href":"https:\/\/blogsaverroes.juntadeandalucia.es\/ceipelolivo\/wp-json\/wp\/v2\/comments?post=4433"}],"version-history":[{"count":18,"href":"https:\/\/blogsaverroes.juntadeandalucia.es\/ceipelolivo\/wp-json\/wp\/v2\/pages\/4433\/revisions"}],"predecessor-version":[{"id":6671,"href":"https:\/\/blogsaverroes.juntadeandalucia.es\/ceipelolivo\/wp-json\/wp\/v2\/pages\/4433\/revisions\/6671"}],"wp:attachment":[{"href":"https:\/\/blogsaverroes.juntadeandalucia.es\/ceipelolivo\/wp-json\/wp\/v2\/media?parent=4433"}],"curies":[{"name":"wp","href":"https:\/\/api.w.org\/{rel}","templated":true}]}}