{"id":2325,"date":"2016-11-27T18:16:14","date_gmt":"2016-11-27T18:16:14","guid":{"rendered":"http:\/\/blogsaverroes.juntadeandalucia.es\/ceipelprado\/?page_id=2325"},"modified":"2025-09-12T11:55:13","modified_gmt":"2025-09-12T11:55:13","slug":"claustro","status":"publish","type":"page","link":"https:\/\/blogsaverroes.juntadeandalucia.es\/ceipelprado\/claustro\/","title":{"rendered":"Claustro"},"content":{"rendered":"<h3 style=\"text-align: center\">&nbsp;<\/h3>\n<h1 style=\"text-align: center\"><strong>PROFESORADO-CURSO 2025\/26<\/strong><\/h1>\n<p><a href=\"https:\/\/blogsaverroes.juntadeandalucia.es\/ceipelprado\/files\/2022\/03\/Imagen-1-e1480016230941.png\"><img loading=\"lazy\" decoding=\"async\" class=\" wp-image-5070 aligncenter\" src=\"https:\/\/blogsaverroes.juntadeandalucia.es\/ceipelprado\/files\/2022\/03\/Imagen-1-e1480016230941.png\" alt=\"\" width=\"175\" height=\"123\"><\/a><\/p>\n<table style=\"width: 38.6665%;height: 720px\">\n<tbody>\n<tr style=\"height: 24px\">\n<td style=\"height: 24px;width: 39.8626%\" width=\"149\">3 a\u00f1os A<\/td>\n<td style=\"height: 24px;width: 58.7628%\" width=\"427\">M\u00aa \u00c1ngeles Morillo Caballero<\/td>\n<\/tr>\n<tr style=\"height: 24px\">\n<td style=\"height: 24px;width: 39.8626%\" width=\"149\">4 a\u00f1os A<\/td>\n<td style=\"height: 24px;width: 58.7628%\" width=\"427\">Encarni Gonz\u00e1lez Delgado<\/td>\n<\/tr>\n<tr style=\"height: 24px\">\n<td style=\"height: 24px;width: 39.8626%\" width=\"149\">4 a\u00f1os B<\/td>\n<td style=\"height: 24px;width: 58.7628%\" width=\"427\">Estefan\u00eda P\u00e9rez Rodr\u00edguez<\/td>\n<\/tr>\n<tr style=\"height: 24px\">\n<td style=\"height: 24px;width: 39.8626%\">5 a\u00f1os A<\/td>\n<td style=\"height: 24px;width: 58.7628%\">Juan Carlos Hidalgo Lozano<\/td>\n<\/tr>\n<tr style=\"height: 24px\">\n<td style=\"height: 24px;width: 39.8626%\" width=\"149\">5 a\u00f1os B<\/td>\n<td style=\"height: 24px;width: 58.7628%\" width=\"427\">Marta Mart\u00ednez de la Osa<\/td>\n<\/tr>\n<tr style=\"height: 24px\">\n<td style=\"height: 24px;width: 39.8626%\" width=\"149\">Apoyo E. Infantil<\/td>\n<td style=\"height: 24px;width: 58.7628%\" width=\"427\">Encarnaci\u00f3n Ritor\u00e9 Monge<\/td>\n<\/tr>\n<tr style=\"height: 24px\">\n<td style=\"height: 24px;width: 39.8626%\" width=\"149\">1\u00ba A<\/td>\n<td style=\"height: 24px;width: 58.7628%\" width=\"427\">Amparo Lozano Piedra<\/td>\n<\/tr>\n<tr style=\"height: 24px\">\n<td style=\"height: 24px;width: 39.8626%\" width=\"149\">2\u00ba A<\/td>\n<td style=\"height: 24px;width: 58.7628%\" width=\"427\">Elena Beret Hern\u00e1ndez<\/td>\n<\/tr>\n<tr style=\"height: 24px\">\n<td style=\"height: 24px;width: 39.8626%\" width=\"149\">2\u00ba B<\/td>\n<td style=\"height: 24px;width: 58.7628%\" width=\"427\">M\u00aa Jos\u00e9 P\u00e9rez Rom\u00e1n<\/td>\n<\/tr>\n<tr style=\"height: 24px\">\n<td style=\"height: 24px;width: 39.8626%\" width=\"149\">3\u00baA<\/td>\n<td style=\"height: 24px;width: 58.7628%\" width=\"427\">M\u00aa Jos\u00e9 Allepuz Freire<\/td>\n<\/tr>\n<tr style=\"height: 24px\">\n<td style=\"height: 24px;width: 39.8626%\" width=\"149\">3\u00baB<\/td>\n<td style=\"height: 24px;width: 58.7628%\" width=\"427\">M\u00aa Carmen Peinado V\u00e1zquez<\/td>\n<\/tr>\n<tr style=\"height: 24px\">\n<td style=\"height: 24px;width: 39.8626%\" width=\"149\">4\u00baA<\/td>\n<td style=\"height: 24px;width: 58.7628%\" width=\"427\">David Acosta Rayo<\/td>\n<\/tr>\n<tr style=\"height: 24px\">\n<td style=\"height: 24px;width: 39.8626%\" width=\"149\">4\u00baB<\/td>\n<td style=\"height: 24px;width: 58.7628%\" width=\"427\">Ana M\u00e9ndez Ib\u00e1\u00f1ez<\/td>\n<\/tr>\n<tr style=\"height: 24px\">\n<td style=\"height: 24px;width: 39.8626%\" width=\"149\">5\u00baA<\/td>\n<td style=\"height: 24px;width: 58.7628%\" width=\"427\">Javier P\u00e9rez Romero de la Osa<\/td>\n<\/tr>\n<tr style=\"height: 24px\">\n<td style=\"height: 24px;width: 39.8626%\" width=\"149\">5\u00baB<\/td>\n<td style=\"height: 24px;width: 58.7628%\" width=\"427\">Paola Prieto Rodr\u00edguez<\/td>\n<\/tr>\n<tr style=\"height: 24px\">\n<td style=\"height: 24px;width: 39.8626%\" width=\"149\">6\u00baA<\/td>\n<td style=\"height: 24px;width: 58.7628%\" width=\"427\">Nuria Gonz\u00e1lez Perea<\/td>\n<\/tr>\n<tr style=\"height: 24px\">\n<td style=\"height: 24px;width: 39.8626%\" width=\"149\">6\u00baB<\/td>\n<td style=\"height: 24px;width: 58.7628%\" width=\"427\">Carmen Le\u00f3n G\u00f3mez&nbsp;<\/td>\n<\/tr>\n<tr style=\"height: 24px\">\n<td style=\"height: 24px;width: 39.8626%\" width=\"149\">Apoyo E. Primaria<\/td>\n<td style=\"height: 24px;width: 58.7628%\" width=\"427\">Abundio Garc\u00eda D\u00edaz<\/td>\n<\/tr>\n<tr style=\"height: 24px\">\n<td style=\"height: 24px;width: 39.8626%\" width=\"149\">Franc\u00e9s<\/td>\n<td style=\"height: 24px;width: 58.7628%\" width=\"427\">Nuria Gonz\u00e1lez Perea<\/td>\n<\/tr>\n<tr style=\"height: 24px\">\n<td style=\"height: 24px;width: 39.8626%\" width=\"149\">M\u00fasica<\/td>\n<td style=\"height: 24px;width: 58.7628%\" width=\"427\">David Acosta Rayo<\/td>\n<\/tr>\n<tr style=\"height: 24px\">\n<td style=\"height: 24px;width: 39.8626%\" width=\"149\">Ingl\u00e9s<\/td>\n<td style=\"height: 24px;width: 58.7628%\" width=\"427\">M\u00aa Carmen Peinado V\u00e1zquez, Paola Prieto Rodr\u00edguez<\/td>\n<\/tr>\n<tr style=\"height: 24px\">\n<td style=\"height: 24px;width: 39.8626%\" width=\"149\">E. F\u00edsica<\/td>\n<td style=\"height: 24px;width: 58.7628%\" width=\"427\">Manolo Bernardino Ortega, Ana M\u00e9ndez<\/td>\n<\/tr>\n<tr style=\"height: 24px\">\n<td style=\"height: 24px;width: 39.8626%\" width=\"149\">Religi\u00f3n Cat\u00f3lica<\/td>\n<td style=\"height: 24px;width: 58.7628%\" width=\"427\">M\u00aa Jes\u00fas Cerpa Palomo,&nbsp;<\/td>\n<\/tr>\n<tr style=\"height: 24px\">\n<td style=\"height: 24px;width: 39.8626%\" width=\"149\">PT<\/td>\n<td style=\"height: 24px;width: 58.7628%\" width=\"427\">Asun Delgado Gonz\u00e1lez, Marta G\u00f3mez G\u00f3mez<\/td>\n<\/tr>\n<tr style=\"height: 24px\">\n<td style=\"height: 24px;width: 39.8626%\" width=\"149\">AL<\/td>\n<td style=\"height: 24px;width: 58.7628%\" width=\"427\">M\u00aa Jos\u00e9 L\u00f3pez Le\u00f3n<\/td>\n<\/tr>\n<tr style=\"height: 48px\">\n<td style=\"height: 48px;width: 39.8626%\" width=\"149\">Orientadora Escolar<\/td>\n<td style=\"height: 48px;width: 58.7628%\" width=\"427\">Eufemia Herrera<\/td>\n<\/tr>\n<tr style=\"height: 24px\">\n<td style=\"height: 24px;width: 39.8626%\" width=\"149\">Monitora Educaci\u00f3n Especial<\/td>\n<td style=\"height: 24px;width: 58.7628%\" width=\"427\">Roc\u00edo Grillo Lechuga<\/td>\n<\/tr>\n<tr style=\"height: 24px\">\n<td style=\"height: 24px;width: 39.8626%\" width=\"149\">Monitora Escolar<\/td>\n<td style=\"height: 24px;width: 58.7628%\" width=\"427\">Elisa Pi\u00f1ero<\/td>\n<\/tr>\n<\/tbody>\n<\/table>\n<p style=\"text-align: center\">&nbsp;<\/p>\n<p><strong>EQUIPO DIRECTIVO<\/strong>:<\/p>\n<p>Directora: D\u00aa Mar\u00eda del Valle Castro Mart\u00ednez&nbsp;<\/p>\n<p>Jefe de Estudios: D.&nbsp;Javier P\u00e9rez Romero de la Osa<\/p>\n<p>Secretaria: D\u00aa Carmen Le\u00f3n G\u00f3mez&nbsp;<\/p>\n<p>&nbsp;<\/p>\n<p>&nbsp;<\/p>\n","protected":false},"excerpt":{"rendered":"<p>&nbsp; PROFESORADO-CURSO 2025\/26 3 a\u00f1os A M\u00aa \u00c1ngeles Morillo Caballero 4 a\u00f1os A Encarni Gonz\u00e1lez Delgado 4 a\u00f1os B Estefan\u00eda P\u00e9rez Rodr\u00edguez 5 a\u00f1os A Juan Carlos Hidalgo Lozano 5 a\u00f1os B Marta Mart\u00ednez&#46;&#46;&#46;<\/p>\n","protected":false},"author":4254,"featured_media":0,"parent":0,"menu_order":0,"comment_status":"closed","ping_status":"closed","template":"","meta":{"ngg_post_thumbnail":0,"footnotes":"","_mc_calendar":[]},"aioseo_notices":[],"_links":{"self":[{"href":"https:\/\/blogsaverroes.juntadeandalucia.es\/ceipelprado\/wp-json\/wp\/v2\/pages\/2325"}],"collection":[{"href":"https:\/\/blogsaverroes.juntadeandalucia.es\/ceipelprado\/wp-json\/wp\/v2\/pages"}],"about":[{"href":"https:\/\/blogsaverroes.juntadeandalucia.es\/ceipelprado\/wp-json\/wp\/v2\/types\/page"}],"author":[{"embeddable":true,"href":"https:\/\/blogsaverroes.juntadeandalucia.es\/ceipelprado\/wp-json\/wp\/v2\/users\/4254"}],"replies":[{"embeddable":true,"href":"https:\/\/blogsaverroes.juntadeandalucia.es\/ceipelprado\/wp-json\/wp\/v2\/comments?post=2325"}],"version-history":[{"count":22,"href":"https:\/\/blogsaverroes.juntadeandalucia.es\/ceipelprado\/wp-json\/wp\/v2\/pages\/2325\/revisions"}],"predecessor-version":[{"id":7291,"href":"https:\/\/blogsaverroes.juntadeandalucia.es\/ceipelprado\/wp-json\/wp\/v2\/pages\/2325\/revisions\/7291"}],"wp:attachment":[{"href":"https:\/\/blogsaverroes.juntadeandalucia.es\/ceipelprado\/wp-json\/wp\/v2\/media?parent=2325"}],"curies":[{"name":"wp","href":"https:\/\/api.w.org\/{rel}","templated":true}]}}