{"id":115,"date":"2022-07-19T11:18:57","date_gmt":"2022-07-19T11:18:57","guid":{"rendered":"https:\/\/blogsaverroes.juntadeandalucia.es\/ceipeltarajal\/?page_id=115"},"modified":"2024-09-24T18:07:38","modified_gmt":"2024-09-24T18:07:38","slug":"noticias-recientes","status":"publish","type":"page","link":"https:\/\/blogsaverroes.juntadeandalucia.es\/ceipeltarajal\/noticias-recientes\/","title":{"rendered":"NOTICIAS RECIENTES"},"content":{"rendered":"<div>\n<div class=\"\" dir=\"auto\">\n<div id=\":rpd:\" class=\"x1iorvi4 x1pi30zi x1l90r2v x1swvt13\" data-ad-comet-preview=\"message\" data-ad-preview=\"message\">\n<div dir=\"auto\">\n<div class=\"xdj266r x11i5rnm xat24cr x1mh8g0r x1vvkbs x126k92a\">\n<div dir=\"auto\">\n<div class=\"\" dir=\"auto\">\n<div id=\":rm2:\" class=\"x1iorvi4 x1pi30zi x1l90r2v x1swvt13\" data-ad-comet-preview=\"message\" data-ad-preview=\"message\">\n<div class=\"x78zum5 xdt5ytf xz62fqu x16ldp7u\">\n<div class=\"xu06os2 x1ok221b\">\n<div class=\"xdj266r x11i5rnm xat24cr x1mh8g0r x1vvkbs x126k92a\">\n<div dir=\"auto\">\n<div class=\"\" dir=\"auto\">\n<div id=\":rle:\" class=\"x1iorvi4 x1pi30zi x1l90r2v x1swvt13\" data-ad-comet-preview=\"message\" data-ad-preview=\"message\">\n<div class=\"x78zum5 xdt5ytf xz62fqu x16ldp7u\">\n<div class=\"xu06os2 x1ok221b\">\n<div class=\"xdj266r x11i5rnm xat24cr x1mh8g0r x1vvkbs x126k92a\">\n<div dir=\"auto\">\n<div dir=\"auto\">\n<div class=\"xdj266r x11i5rnm xat24cr x1mh8g0r x1vvkbs x126k92a\">\n<div dir=\"auto\">\n<div class=\"xdj266r x11i5rnm xat24cr x1mh8g0r x1vvkbs x126k92a\">\n<div dir=\"auto\">\n<div class=\"xdj266r x11i5rnm xat24cr x1mh8g0r x1vvkbs x126k92a\">\n<div dir=\"auto\">\n<div>\n<div class=\"\" dir=\"auto\">\n<div id=\":rjq:\" class=\"x1iorvi4 x1pi30zi x1l90r2v x1swvt13\" data-ad-comet-preview=\"message\" data-ad-preview=\"message\">\n<div class=\"x78zum5 xdt5ytf xz62fqu x16ldp7u\">\n<div class=\"xu06os2 x1ok221b\">\n<div class=\"xdj266r x11i5rnm xat24cr x1mh8g0r x1vvkbs x126k92a\">\n<div>\n<div class=\"\" dir=\"auto\">\n<div id=\":rj5:\" class=\"x1iorvi4 x1pi30zi x1l90r2v x1swvt13\" data-ad-comet-preview=\"message\" data-ad-preview=\"message\">\n<div class=\"x78zum5 xdt5ytf xz62fqu x16ldp7u\">\n<div class=\"xu06os2 x1ok221b\">\n<div class=\"xdj266r x11i5rnm xat24cr x1mh8g0r x1vvkbs x126k92a\">\n<div>\n<div class=\"\" dir=\"auto\">\n<div id=\":rgh:\" class=\"x1iorvi4 x1pi30zi x1l90r2v x1swvt13\" data-ad-comet-preview=\"message\" data-ad-preview=\"message\">\n<div class=\"x78zum5 xdt5ytf xz62fqu x16ldp7u\">\n<div class=\"xu06os2 x1ok221b\">\n<div class=\"xdj266r x11i5rnm xat24cr x1mh8g0r x1vvkbs x126k92a\">\n<h2 data-original-attrs=\"{&quot;style&quot;:&quot;&quot;}\">CURSO 2024-2025<\/h2>\n<\/div>\n<p>\u00a1Comenzamos!<\/p>\n<div class=\"xdj266r x11i5rnm xat24cr x1mh8g0r x1vvkbs x126k92a\">\n<h2 data-original-attrs=\"{&quot;style&quot;:&quot;&quot;}\">&nbsp;<\/h2>\n<h2 data-original-attrs=\"{&quot;style&quot;:&quot;&quot;}\"><span style=\"color: #2b00fe\" data-keep-original-tag=\"false\" data-original-attrs=\"{&quot;style&quot;:&quot;&quot;}\">BIBLIOPATIO ABRIL<\/span>&nbsp;<\/h2>\n<div>&nbsp;<\/div>\n<div><span style=\"color: #050505\" data-keep-original-tag=\"false\" data-original-attrs=\"{&quot;style&quot;:&quot;&quot;,&quot;face&quot;:&quot;\\&quot;Segoe UI Historic\\&quot;, \\&quot;Segoe UI\\&quot;, Helvetica, Arial, sans-serif&quot;}\"><span style=\"font-family: inherit\" data-keep-original-tag=\"false\" data-original-attrs=\"{&quot;style&quot;:&quot;&quot;,&quot;data-offset-key&quot;:&quot;esjk8-0-0&quot;}\">Actividades<\/span><\/span><span style=\"color: #050505\" data-keep-original-tag=\"false\" data-original-attrs=\"{&quot;style&quot;:&quot;&quot;,&quot;data-offset-key&quot;:&quot;esjk8-1-0&quot;,&quot;face&quot;:&quot;\\&quot;Segoe UI Historic\\&quot;, \\&quot;Segoe UI\\&quot;, Helvetica, Arial, sans-serif&quot;}\"><span style=\"font-family: inherit\" data-keep-original-tag=\"false\" data-original-attrs=\"{&quot;style&quot;:&quot;&quot;,&quot;data-text&quot;:&quot;true&quot;}\"> de Bibliopatio para el mes de abril.<\/span><\/span><\/div>\n<div>&nbsp;<\/div>\n<div>\n<div class=\"separator\" data-original-attrs=\"{&quot;style&quot;:&quot;&quot;}\"><a href=\"https:\/\/www.blogger.com\/blog\/post\/edit\/5293210094042407963\/8280155489716228437#\" data-original-attrs=\"{&quot;data-original-href&quot;:&quot;https:\/\/blogger.googleusercontent.com\/img\/b\/R29vZ2xl\/AVvXsEg4seWBYqDk7EwtBgE2P0t1KiRo8qrCDfb4gkf3-4H5LJ5oMZm4jNYSJRcSnA-6O6xNQHpuNdOYnPlksk65DqENJFF5ecftGk54o4K-EQnQ56JFlNpAucUvvL25lgmaDSX5UNu_08o2-UlgQ7xib52aLsoNhk5k2O23OlgvatU_u2AekK9HnTqaRTp0WLP6\/s600\/ABRIL.jpg&quot;,&quot;style&quot;:&quot;&quot;}\"><img loading=\"lazy\" decoding=\"async\" src=\"https:\/\/blogger.googleusercontent.com\/img\/b\/R29vZ2xl\/AVvXsEg4seWBYqDk7EwtBgE2P0t1KiRo8qrCDfb4gkf3-4H5LJ5oMZm4jNYSJRcSnA-6O6xNQHpuNdOYnPlksk65DqENJFF5ecftGk54o4K-EQnQ56JFlNpAucUvvL25lgmaDSX5UNu_08o2-UlgQ7xib52aLsoNhk5k2O23OlgvatU_u2AekK9HnTqaRTp0WLP6\/s320\/ABRIL.jpg\" width=\"320\" height=\"268\" border=\"0\" data-original-height=\"503\" data-original-width=\"600\"><\/a><\/div>\n<\/div>\n<h2 data-original-attrs=\"{&quot;style&quot;:&quot;&quot;}\">&nbsp;<span style=\"color: #2b00fe\" data-keep-original-tag=\"false\" data-original-attrs=\"{&quot;style&quot;:&quot;&quot;}\">21 de marzo 2024<\/span><\/h2>\n<div data-original-attrs=\"{&quot;style&quot;:&quot;&quot;}\"><span style=\"color: #2b00fe\" data-keep-original-tag=\"false\" data-original-attrs=\"{&quot;style&quot;:&quot;&quot;}\">D\u00eda Mundial de la Poes\u00eda<\/span><\/div>\n<div data-original-attrs=\"{&quot;style&quot;:&quot;&quot;}\"><span style=\"color: #050505\" data-keep-original-tag=\"false\" data-original-attrs=\"{&quot;style&quot;:&quot;&quot;,&quot;face&quot;:&quot;\\&quot;Segoe UI Historic\\&quot;, \\&quot;Segoe UI\\&quot;, Helvetica, Arial, sans-serif&quot;}\">El D\u00eda Mundial de la Poes\u00eda, que se celebra el 21 de marzo, conmemora una de las formas m\u00e1s preciadas de la expresi\u00f3n e identidad y ling\u00fc\u00edstica de la humanidad. La UNESCO adopt\u00f3 por primera vez el 21 de marzo como D\u00eda Mundial de la Poes\u00eda durante su&nbsp;30\u00aa Conferencia General en Par\u00eds en 1999. Por tanto el alumnado ha creado sus propios poemas, con motivo de esta efem\u00e9ride, siendo recogidos en el rinc\u00f3n po\u00e9tico.<\/span><\/div>\n<div data-original-attrs=\"{&quot;style&quot;:&quot;&quot;}\">\n<div class=\"separator\" data-original-attrs=\"{&quot;style&quot;:&quot;&quot;}\"><a href=\"https:\/\/www.blogger.com\/blog\/post\/edit\/5293210094042407963\/9174687813169829168#\" data-original-attrs=\"{&quot;data-original-href&quot;:&quot;https:\/\/blogger.googleusercontent.com\/img\/b\/R29vZ2xl\/AVvXsEiTMdOVxAj0jFrEIdMM5jIBYlaa5E_60GzeY8NSvLNWgPlkUunsfdLnSFaoM8ga9O0J3YQaLylIJ4HNFSpuSs5HJCtRh88SzCJkzRo4bd8OPjOpTesfFdIKFR9EWz7vpJ_RxOlYrU-3Zo7OxP7-8uSjW773PQbIv4szHgyQoobKzg94gWJvvs4pSblCvWNW\/s600\/poesia.jpg&quot;,&quot;style&quot;:&quot;&quot;}\"><img loading=\"lazy\" decoding=\"async\" src=\"https:\/\/blogger.googleusercontent.com\/img\/b\/R29vZ2xl\/AVvXsEiTMdOVxAj0jFrEIdMM5jIBYlaa5E_60GzeY8NSvLNWgPlkUunsfdLnSFaoM8ga9O0J3YQaLylIJ4HNFSpuSs5HJCtRh88SzCJkzRo4bd8OPjOpTesfFdIKFR9EWz7vpJ_RxOlYrU-3Zo7OxP7-8uSjW773PQbIv4szHgyQoobKzg94gWJvvs4pSblCvWNW\/s320\/poesia.jpg\" width=\"320\" height=\"275\" border=\"0\" data-original-height=\"515\" data-original-width=\"600\"><\/a><\/div>\n<\/div>\n<h2 data-original-attrs=\"{&quot;style&quot;:&quot;&quot;}\"><span style=\"color: #2b00fe\" data-keep-original-tag=\"false\" data-original-attrs=\"{&quot;style&quot;:&quot;&quot;}\">MARZO<\/span><\/h2>\n<h2 data-original-attrs=\"{&quot;style&quot;:&quot;&quot;}\">&nbsp;8 de Marzo<\/h2>\n<div>&nbsp;<\/div>\n<div>\n<div dir=\"auto\" data-original-attrs=\"{&quot;style&quot;:&quot;&quot;}\">Actividad para conmemorar el 8 de marzo en el CEIP el Tarajal.<\/div>\n<div dir=\"auto\" data-original-attrs=\"{&quot;style&quot;:&quot;&quot;}\">Charlas impartidas por mujeres con oficios o trabajos nada convencionales al alumnado del centro. Ha sido una jornada muy fruct\u00edfera ya que el alumnado ha disfrutado con las historias contadas por las ponentes. \u00a1Agradecer a todas ellas su colaboraci\u00f3n con el centro para llevar a cabo est\u00e1 jornada tan importante para tod@s!<\/div>\n<\/div>\n<div class=\"separator\" data-original-attrs=\"{&quot;style&quot;:&quot;&quot;}\"><a href=\"https:\/\/www.blogger.com\/blog\/post\/edit\/5293210094042407963\/2492699678808084175#\" data-original-attrs=\"{&quot;data-original-href&quot;:&quot;https:\/\/blogger.googleusercontent.com\/img\/b\/R29vZ2xl\/AVvXsEg9WkAuJZNu7yFUzoXA75baAx4EPOKID04ArZip_rKYNyNvrmLHRKepxvgeifpVbaklhSUvPlCBx7ZgCzQ87WXUnRtrOkbOywnq25iVclCX85yd9pdBCik84zG1GDUsScrjpukFz9P0jBJD2BgyQqbL24y1to0GPDgo7bsoGYLmgNavLUCANSvlvuWdyzeN\/s1440\/8%20MARZO.jpg&quot;,&quot;style&quot;:&quot;&quot;}\"><img loading=\"lazy\" decoding=\"async\" src=\"https:\/\/blogger.googleusercontent.com\/img\/b\/R29vZ2xl\/AVvXsEg9WkAuJZNu7yFUzoXA75baAx4EPOKID04ArZip_rKYNyNvrmLHRKepxvgeifpVbaklhSUvPlCBx7ZgCzQ87WXUnRtrOkbOywnq25iVclCX85yd9pdBCik84zG1GDUsScrjpukFz9P0jBJD2BgyQqbL24y1to0GPDgo7bsoGYLmgNavLUCANSvlvuWdyzeN\/s320\/8%20MARZO.jpg\" width=\"320\" height=\"180\" border=\"0\" data-original-height=\"810\" data-original-width=\"1440\"><\/a><\/div>\n<h1>&nbsp;<\/h1>\n<div class=\"separator\" data-original-attrs=\"{&quot;style&quot;:&quot;&quot;}\"><a href=\"https:\/\/www.blogger.com\/blog\/post\/edit\/5293210094042407963\/2492699678808084175#\" data-original-attrs=\"{&quot;data-original-href&quot;:&quot;https:\/\/blogger.googleusercontent.com\/img\/b\/R29vZ2xl\/AVvXsEjNGjQVrioJkY_Yaq1oW4onb7w8jr9tPNAy455NCBAgip9tW59jRt3KGauLA7lI9AikBE0_o2X5jX4Mp5nE0tFLZkCunQcFmmIqtnnbgzs2UbSjpGyWl_gT1F1g_4YlwB3qou8V4-KNKVHcdYQYCPyPStHB3USc8_ESp_KVAHwnp_eKUCplKhw11yH69SIZ\/s1440\/431803880_394918696622641_6384578690621029014_n.jpg&quot;,&quot;style&quot;:&quot;&quot;}\"><img loading=\"lazy\" decoding=\"async\" src=\"https:\/\/blogger.googleusercontent.com\/img\/b\/R29vZ2xl\/AVvXsEjNGjQVrioJkY_Yaq1oW4onb7w8jr9tPNAy455NCBAgip9tW59jRt3KGauLA7lI9AikBE0_o2X5jX4Mp5nE0tFLZkCunQcFmmIqtnnbgzs2UbSjpGyWl_gT1F1g_4YlwB3qou8V4-KNKVHcdYQYCPyPStHB3USc8_ESp_KVAHwnp_eKUCplKhw11yH69SIZ\/s320\/431803880_394918696622641_6384578690621029014_n.jpg\" width=\"320\" height=\"180\" border=\"0\" data-original-height=\"810\" data-original-width=\"1440\"><\/a><\/div>\n<h1><span style=\"color: #0000ff\"><strong>23 FEBRERO: COMMEMORACI\u00d3N D\u00cdA DE ANDALUC\u00cdA.<\/strong><\/span><\/h1>\n<\/div>\n<p>Photocall Andaluz ( AMPA AVE FENIX)<\/p>\n<p><a href=\"https:\/\/www.facebook.com\/reel\/1076756233626782\">https:\/\/www.facebook.com\/reel\/1076756233626782<\/a><\/p>\n<div class=\"xdj266r x11i5rnm xat24cr x1mh8g0r x1vvkbs x126k92a\">\n<div>\n<div class=\"\" dir=\"auto\">\n<div id=\":r2gp:\" class=\"x1iorvi4 x1pi30zi x1l90r2v x1swvt13\" data-ad-comet-preview=\"message\" data-ad-preview=\"message\">\n<div class=\"x78zum5 xdt5ytf xz62fqu x16ldp7u\">\n<div class=\"xu06os2 x1ok221b\">\n<div class=\"xdj266r x11i5rnm xat24cr x1mh8g0r x1vvkbs x126k92a\">\n<div dir=\"auto\">&nbsp;Desayuno Andaluz.<\/div>\n<div dir=\"auto\">El alumnado del CEIP el Tarajal ha disfrutado de un rico mollete de aceite acompa\u00f1ado de un batido de chocolate. Utiliz\u00e1ndose productos de origen andaluz para conmemorar este d\u00eda tan importante para los andaluces.<\/div>\n<div dir=\"auto\">&nbsp;<\/div>\n<\/div>\n<\/div>\n<\/div>\n<\/div>\n<\/div>\n<div id=\":r2gq:\" class=\"x1n2onr6\">\n<div class=\"x1n2onr6\">\n<div class=\"x1n2onr6\">\n<div class=\"x1n2onr6\">\n<div class=\"x6ikm8r x10wlt62 x10l6tqk\">\n<div class=\"x6ikm8r x10wlt62\">\n<div class=\"xqtp20y x6ikm8r x10wlt62 x1n2onr6\">\n<div class=\"x10l6tqk x13vifvy\">&nbsp;<\/div>\n<\/div>\n<\/div>\n<\/div>\n<div class=\"x6ikm8r x10wlt62 x10l6tqk\">\n<div class=\"x6ikm8r x10wlt62\">\n<div class=\"xqtp20y x6ikm8r x10wlt62 x1n2onr6\">\n<div class=\"x10l6tqk x13vifvy\">&nbsp;<\/div>\n<\/div>\n<\/div>\n<\/div>\n<\/div>\n<\/div>\n<\/div>\n<\/div>\n<\/div>\n<div>\n<div class=\"\" dir=\"auto\">\n<div id=\":r2dp:\" class=\"x1iorvi4 x1pi30zi x1l90r2v x1swvt13\" data-ad-comet-preview=\"message\" data-ad-preview=\"message\">\n<div class=\"x78zum5 xdt5ytf xz62fqu x16ldp7u\">\n<div class=\"xu06os2 x1ok221b\">\n<div class=\"xdj266r x11i5rnm xat24cr x1mh8g0r x1vvkbs x126k92a\">\n<h1><span style=\"color: #0000ff\"><strong>21 de FEBRERO.<\/strong><\/span><\/h1>\n<div dir=\"auto\">Taller de Coeducaci\u00f3n.<\/div>\n<div dir=\"auto\">4\u00b0de primaria.<\/div>\n<div dir=\"auto\">&nbsp;<\/div>\n<\/div>\n<\/div>\n<\/div>\n<\/div>\n<\/div>\n<\/div>\n<h1><span style=\"color: #0000ff\"><strong>PERIODO DE ADMISI\u00d3N 2024<\/strong><\/span><\/h1>\n<\/div>\n<p>CARTEL JORNADAS PUERTAS ABIERTA<\/p>\n<p><img loading=\"lazy\" decoding=\"async\" class=\"alignnone size-medium wp-image-477\" src=\"https:\/\/blogsaverroes.juntadeandalucia.es\/ceipeltarajal\/files\/2024\/02\/JORNADAS-DE-PUERTAS-ABIERTAS--212x300.jpg\" alt=\"\" width=\"212\" height=\"300\" srcset=\"https:\/\/blogsaverroes.juntadeandalucia.es\/ceipeltarajal\/files\/2024\/02\/JORNADAS-DE-PUERTAS-ABIERTAS--212x300.jpg 212w, https:\/\/blogsaverroes.juntadeandalucia.es\/ceipeltarajal\/files\/2024\/02\/JORNADAS-DE-PUERTAS-ABIERTAS--724x1024.jpg 724w, https:\/\/blogsaverroes.juntadeandalucia.es\/ceipeltarajal\/files\/2024\/02\/JORNADAS-DE-PUERTAS-ABIERTAS--768x1086.jpg 768w, https:\/\/blogsaverroes.juntadeandalucia.es\/ceipeltarajal\/files\/2024\/02\/JORNADAS-DE-PUERTAS-ABIERTAS--1086x1536.jpg 1086w, https:\/\/blogsaverroes.juntadeandalucia.es\/ceipeltarajal\/files\/2024\/02\/JORNADAS-DE-PUERTAS-ABIERTAS--1448x2048.jpg 1448w, https:\/\/blogsaverroes.juntadeandalucia.es\/ceipeltarajal\/files\/2024\/02\/JORNADAS-DE-PUERTAS-ABIERTAS--17x24.jpg 17w, https:\/\/blogsaverroes.juntadeandalucia.es\/ceipeltarajal\/files\/2024\/02\/JORNADAS-DE-PUERTAS-ABIERTAS--25x36.jpg 25w, https:\/\/blogsaverroes.juntadeandalucia.es\/ceipeltarajal\/files\/2024\/02\/JORNADAS-DE-PUERTAS-ABIERTAS--34x48.jpg 34w, https:\/\/blogsaverroes.juntadeandalucia.es\/ceipeltarajal\/files\/2024\/02\/JORNADAS-DE-PUERTAS-ABIERTAS-.jpg 1587w\" sizes=\"(max-width: 212px) 100vw, 212px\" \/><\/p>\n<div class=\"xdj266r x11i5rnm xat24cr x1mh8g0r x1vvkbs x126k92a\">\n<div class=\"xdj266r x11i5rnm xat24cr x1mh8g0r x1vvkbs x126k92a\">\n<div dir=\"auto\">Estimadas familias:<\/div>\n<\/div>\n<div class=\"x11i5rnm xat24cr x1mh8g0r x1vvkbs xtlvy1s x126k92a\">\n<div dir=\"auto\"><span class=\"x3nfvp2 x1j61x8r x1fcty0u xdj266r xhhsvwb xat24cr xgzva0m xxymvpz xlup9mm x1kky2od\"><img loading=\"lazy\" decoding=\"async\" class=\"xz74otr\" src=\"https:\/\/static.xx.fbcdn.net\/images\/emoji.php\/v9\/ta4\/1\/16\/1f392.png\" alt=\"\ud83c\udf92\" width=\"16\" height=\"16\"><\/span>El pr\u00f3ximo 1 de marzo comienza el periodo de admisi\u00f3n para el alumnado nuevo que quiera matricularse en nuestro centro para el curso 2024\/2025.<\/div>\n<\/div>\n<div class=\"x11i5rnm xat24cr x1mh8g0r x1vvkbs xtlvy1s x126k92a\">\n<div dir=\"auto\"><span class=\"x3nfvp2 x1j61x8r x1fcty0u xdj266r xhhsvwb xat24cr xgzva0m xxymvpz xlup9mm x1kky2od\"><img loading=\"lazy\" decoding=\"async\" class=\"xz74otr\" src=\"https:\/\/static.xx.fbcdn.net\/images\/emoji.php\/v9\/tcc\/1\/16\/1f4dd.png\" alt=\"\ud83d\udcdd\" width=\"16\" height=\"16\"><\/span>\u00bfCU\u00c1LES SON LAS FECHAS M\u00c1S IMPORTANTES?<\/div>\n<\/div>\n<div class=\"x11i5rnm xat24cr x1mh8g0r x1vvkbs xtlvy1s x126k92a\">\n<div dir=\"auto\">Presentaci\u00f3n de solicitudes, del 1 al 31 de marzo de 2024.<\/div>\n<\/div>\n<div class=\"x11i5rnm xat24cr x1mh8g0r x1vvkbs xtlvy1s x126k92a\">\n<div dir=\"auto\">Preferentemente v\u00eda Telem\u00e1tica a trav\u00e9s de la Secretar\u00eda General de la Junta:<\/div>\n<\/div>\n<div class=\"x11i5rnm xat24cr x1mh8g0r x1vvkbs xtlvy1s x126k92a\">\n<div dir=\"auto\"><a class=\"x1i10hfl xjbqb8w x1ejq31n xd10rxx x1sy0etr x17r0tee x972fbf xcfux6l x1qhh985 xm0m39n x9f619 x1ypdohk xt0psk2 xe8uvvx xdj266r x11i5rnm xat24cr x1mh8g0r xexx8yu x4uap5 x18d9i69 xkhd6sd x16tdsg8 x1hl2dhg xggy1nq x1a2a7pz xt0b8zv x1fey0fg\" role=\"link\" href=\"https:\/\/www.juntadeandalucia.es\/educaci%C3%B3n\/secretariavirtual\/?fbclid=IwAR1fVudkNGitW0Q3K0crNbvhhkbTIICHBP7BuWL64wqpc3hwrinP9lkzCpI\" target=\"_blank\" rel=\"nofollow noopener noreferrer\">https:\/\/www.juntadeandalucia.es\/educaci\u00f3n\/secretariavirtual\/<\/a><\/div>\n<\/div>\n<div class=\"x11i5rnm xat24cr x1mh8g0r x1vvkbs xtlvy1s x126k92a\">\n<div dir=\"auto\">Hasta el 15 de abril de 2024, los centros docentes deber\u00e1n publicar la relaci\u00f3n de alumnos y alumnas solicitantes y, en su caso, la puntuaci\u00f3n total obtenida.<\/div>\n<\/div>\n<div class=\"x11i5rnm xat24cr x1mh8g0r x1vvkbs xtlvy1s x126k92a\">\n<div dir=\"auto\">El 14 de mayo de 2024 se publicar\u00e1n las resoluciones de admisi\u00f3n.<\/div>\n<\/div>\n<div class=\"x11i5rnm xat24cr x1mh8g0r x1vvkbs xtlvy1s x126k92a\">\n<div dir=\"auto\">El 24 de mayo de 2024 se publicar\u00e1 la adjudicaci\u00f3n de plaza escolar al alumnado no admitido en el centro docente elegido como prioritario.<\/div>\n<\/div>\n<div class=\"x11i5rnm xat24cr x1mh8g0r x1vvkbs xtlvy1s x126k92a\">\n<div dir=\"auto\">El 25 de mayo de 2024 comenzar\u00e1 el plazo para la presentaci\u00f3n de recursos de alzada y reclamaciones establecido en el art\u00edculo 48 del Decreto 21\/2020, de 17 de febrero.<\/div>\n<\/div>\n<div class=\"x11i5rnm xat24cr x1mh8g0r x1vvkbs xtlvy1s x126k92a\">\n<div dir=\"auto\"><span class=\"x3nfvp2 x1j61x8r x1fcty0u xdj266r xhhsvwb xat24cr xgzva0m xxymvpz xlup9mm x1kky2od\"><img loading=\"lazy\" decoding=\"async\" class=\"xz74otr\" src=\"https:\/\/static.xx.fbcdn.net\/images\/emoji.php\/v9\/tdc\/1\/16\/26a0.png\" alt=\"\u26a0\ufe0f\" width=\"16\" height=\"16\"><\/span>Es obligatorio realizar la admisi\u00f3n para poder realizar posteriormente la matriculaci\u00f3n.<\/div>\n<\/div>\n<div class=\"x11i5rnm xat24cr x1mh8g0r x1vvkbs xtlvy1s x126k92a\">\n<div dir=\"auto\"><span class=\"x3nfvp2 x1j61x8r x1fcty0u xdj266r xhhsvwb xat24cr xgzva0m xxymvpz xlup9mm x1kky2od\"><img loading=\"lazy\" decoding=\"async\" class=\"xz74otr\" src=\"https:\/\/static.xx.fbcdn.net\/images\/emoji.php\/v9\/te4\/1\/16\/270f.png\" alt=\"\u270f\ufe0f\" width=\"16\" height=\"16\"><\/span>\u00bfQUI\u00c9N DEBE REALIZAR EL TR\u00c1MITE?<\/div>\n<\/div>\n<div class=\"x11i5rnm xat24cr x1mh8g0r x1vvkbs xtlvy1s x126k92a\">\n<div dir=\"auto\">Alumnado de nueva incorporaci\u00f3n para el curso de Infantil de 3 a\u00f1os (nacidos durante el a\u00f1o 2021).<\/div>\n<\/div>\n<div class=\"x11i5rnm xat24cr x1mh8g0r x1vvkbs xtlvy1s x126k92a\">\n<div dir=\"auto\">Alumnado de otro centro educativo en este curso 2023\/2024 que quiera cambiar de colegio para el siguiente curso 2024\/2025.<\/div>\n<\/div>\n<div class=\"x11i5rnm xat24cr x1mh8g0r x1vvkbs xtlvy1s x126k92a\">\n<div dir=\"auto\"><span class=\"x3nfvp2 x1j61x8r x1fcty0u xdj266r xhhsvwb xat24cr xgzva0m xxymvpz xlup9mm x1kky2od\"><img loading=\"lazy\" decoding=\"async\" class=\"xz74otr\" src=\"https:\/\/static.xx.fbcdn.net\/images\/emoji.php\/v9\/t30\/1\/16\/1f514.png\" alt=\"\ud83d\udd14\" width=\"16\" height=\"16\"><\/span>IMPORTANTE: El alumnado que est\u00e1 en nuestro centro y continua para el curso que viene, no debe realizar ning\u00fan tr\u00e1mite, puesto que su plaza est\u00e1 reservada, pero les recordamos que del 1 al 8 de junio ser\u00e1 obligatorio presentar la documentaci\u00f3n de la Matr\u00edcula.<\/div>\n<\/div>\n<div class=\"x11i5rnm xat24cr x1mh8g0r x1vvkbs xtlvy1s x126k92a\">\n<div dir=\"auto\"><span class=\"x3nfvp2 x1j61x8r x1fcty0u xdj266r xhhsvwb xat24cr xgzva0m xxymvpz xlup9mm x1kky2od\"><img loading=\"lazy\" decoding=\"async\" class=\"xz74otr\" src=\"https:\/\/static.xx.fbcdn.net\/images\/emoji.php\/v9\/t67\/1\/16\/1f64b_1f3fb_200d_2642.png\" alt=\"\ud83d\ude4b\ud83c\udffb\u200d\u2642\ufe0f\" width=\"16\" height=\"16\"><\/span>Pueden consultar cualquier duda en el tel\u00e9fono: 951298854 y correo electr\u00f3nico: matriculaeltarajal@gmail.es<\/div>\n<\/div>\n<div class=\"x11i5rnm xat24cr x1mh8g0r x1vvkbs xtlvy1s x126k92a\">\n<div dir=\"auto\"><span class=\"x3nfvp2 x1j61x8r x1fcty0u xdj266r xhhsvwb xat24cr xgzva0m xxymvpz xlup9mm x1kky2od\"><img loading=\"lazy\" decoding=\"async\" class=\"xz74otr\" src=\"https:\/\/static.xx.fbcdn.net\/images\/emoji.php\/v9\/tcc\/1\/16\/1f4dd.png\" alt=\"\ud83d\udcdd\" width=\"16\" height=\"16\"><\/span>Os recordamos que tenemos una Jornada de puertas abiertas.<\/div>\n<\/div>\n<div class=\"x11i5rnm xat24cr x1mh8g0r x1vvkbs xtlvy1s x126k92a\">\n<div dir=\"auto\">Viernes 15 de marzo a las 10:10 horas.<\/div>\n<\/div>\n<div class=\"x11i5rnm xat24cr x1mh8g0r x1vvkbs xtlvy1s x126k92a\">\n<div dir=\"auto\">\u00a1Ven a conocernos!<\/div>\n<\/div>\n<div class=\"x11i5rnm xat24cr x1mh8g0r x1vvkbs xtlvy1s x126k92a\">\n<div dir=\"auto\">\u00a1Os esperamos!<\/div>\n<\/div>\n<div class=\"x11i5rnm xat24cr x1mh8g0r x1vvkbs xtlvy1s x126k92a\">\n<div dir=\"auto\">El Director.<\/div>\n<\/div>\n<div dir=\"auto\">\n<div style=\"width: 474px;\" class=\"wp-video\"><!--[if lt IE 9]><script>document.createElement('video');<\/script><![endif]-->\n<video class=\"wp-video-shortcode\" id=\"video-115-1\" width=\"474\" height=\"267\" preload=\"metadata\" controls=\"controls\"><source type=\"video\/mp4\" src=\"https:\/\/blogsaverroes.juntadeandalucia.es\/ceipeltarajal\/files\/2024\/02\/NUEVA-ADMISI\u00d3N.mp4?_=1\" \/><a href=\"https:\/\/blogsaverroes.juntadeandalucia.es\/ceipeltarajal\/files\/2024\/02\/NUEVA-ADMISI\u00d3N.mp4\">https:\/\/blogsaverroes.juntadeandalucia.es\/ceipeltarajal\/files\/2024\/02\/NUEVA-ADMISI\u00d3N.mp4<\/a><\/video><\/div>\n<\/div>\n<h1><span style=\"color: #0000ff\"><strong>CARNAVAL 2024<\/strong><\/span><\/h1>\n<\/div>\n<\/div>\n<\/div>\n<p>FOTO GRUPAL DE LAS ACTUACIONES DE CARNAVAL<\/p>\n<p><a href=\"https:\/\/www.facebook.com\/reel\/1747248625764519\">https:\/\/www.facebook.com\/reel\/1747248625764519<\/a><\/p>\n<div class=\"x78zum5 xdt5ytf xz62fqu x16ldp7u\">\n<div class=\"xu06os2 x1ok221b\">\n<div class=\"xdj266r x11i5rnm xat24cr x1mh8g0r x1vvkbs x126k92a\">\n<p>PASAPATIO DE CARNAVAL<\/p>\n<p><a href=\"https:\/\/fb.watch\/qsfNxZoLXB\/\">https:\/\/fb.watch\/qsfNxZoLXB\/<\/a><\/p>\n<\/div>\n<div class=\"xdj266r x11i5rnm xat24cr x1mh8g0r x1vvkbs x126k92a\">\n<p>TALLER DE M\u00c1SCARAS.&nbsp;<\/p>\n<div>\n<div class=\"\" dir=\"auto\">\n<div id=\":rfs:\" class=\"x1iorvi4 x1pi30zi x1l90r2v x1swvt13\" data-ad-comet-preview=\"message\" data-ad-preview=\"message\">\n<div class=\"x78zum5 xdt5ytf xz62fqu x16ldp7u\">\n<div class=\"xu06os2 x1ok221b\">\n<div class=\"xdj266r x11i5rnm xat24cr x1mh8g0r x1vvkbs x126k92a\">\n<div dir=\"auto\">El pasado mi\u00e9rcoles 14 de febrero hemos realizado un taller muy carnavalero impartido por las mam\u00e1s del AMPA AVE FENIX. Donde el alumnado ha disfrutado bastante y han elaborado unas m\u00e1scaras muy bonitas y originales. El AMPA pretend\u00eda despertar al alumnado su imaginaci\u00f3n con esta actividad tan chula y lo han conseguido. Dar las Gracias a las mam\u00e1s por realizar esta actividad tan divertida en el colegio.<\/div>\n<\/div>\n<\/div>\n<\/div>\n<\/div>\n<\/div>\n<div id=\":rft:\" class=\"x1n2onr6\">\n<div class=\"x1n2onr6\">\n<div class=\"x1n2onr6\">\n<div class=\"x1n2onr6\">\n<div class=\"x6ikm8r x10wlt62 x10l6tqk\">\n<div class=\"x6ikm8r x10wlt62\">\n<div class=\"xqtp20y x6ikm8r x10wlt62 x1n2onr6\">\n<div class=\"x10l6tqk x13vifvy\"><img decoding=\"async\" class=\"xz74otr x1ey2m1c xds687c x5yr21d x10l6tqk x17qophe x13vifvy xh8yej3\" src=\"https:\/\/scontent-mad2-1.xx.fbcdn.net\/v\/t39.30808-6\/428386921_381497344631443_8542551466092032968_n.jpg?stp=dst-jpg_p480x480&amp;_nc_cat=109&amp;ccb=1-7&amp;_nc_sid=3635dc&amp;_nc_ohc=QURtxEDY3XcAX-4htZh&amp;_nc_ht=scontent-mad2-1.xx&amp;oh=00_AfCGmd6tKTi7h5gBSpC5z4s_YXzSFVV-HDj3UnFsWbx5Tg&amp;oe=65E11BCB\" alt=\"\"><\/div>\n<\/div>\n<\/div>\n<\/div>\n<div class=\"x6ikm8r x10wlt62 x10l6tqk\">\n<div class=\"x1nb4dca x1q0q8m5 xso031l x1exxf4d x13fuv20 x178xt8z x1ey2m1c x9f619 xds687c x47corl x10l6tqk x17qophe x13vifvy\">\n<div class=\"\" dir=\"auto\">\n<div id=\":rf7:\" class=\"x1iorvi4 x1pi30zi x1l90r2v x1swvt13\" data-ad-comet-preview=\"message\" data-ad-preview=\"message\">\n<div class=\"x78zum5 xdt5ytf xz62fqu x16ldp7u\">\n<div class=\"xu06os2 x1ok221b\">\n<div class=\"xdj266r x11i5rnm xat24cr x1mh8g0r x1vvkbs x126k92a\">\n<div dir=\"auto\">14 de febrero.<\/div>\n<div dir=\"auto\">\u00a1\u00a1A\u00f1adimos m\u00e1s fotos de este taller tan divertido!!<\/div>\n<\/div>\n<\/div>\n<\/div>\n<\/div>\n<\/div>\n<\/div>\n<\/div>\n<\/div>\n<\/div>\n<\/div>\n<\/div>\n<\/div>\n<h1><span style=\"color: #0000ff\"><strong>12 de FEBRERO: Taller Escolar.<\/strong><\/span><\/h1>\n<div dir=\"auto\">El alumnado de secundaria ha participado en dos talleres sobre salud mental y h\u00e1bitos del sue\u00f1o impartidos por Stay Healthy. El programa educativo gratuito de promoci\u00f3n de h\u00e1bitos saludables entre adolescentes impulsado por la Fundaci\u00f3n Quir\u00f3nsalud.<\/div>\n<div dir=\"auto\">&nbsp;<\/div>\n<\/div>\n<\/div>\n<\/div>\n<\/div>\n<\/div>\n<\/div>\n<h1><span style=\"color: #0000ff\"><strong>9 de FEBRERO<\/strong><\/span><\/h1>\n<div>\n<div class=\"\" dir=\"auto\">\n<div id=\":rhr:\" class=\"x1iorvi4 x1pi30zi x1l90r2v x1swvt13\" data-ad-comet-preview=\"message\" data-ad-preview=\"message\">\n<div class=\"x78zum5 xdt5ytf xz62fqu x16ldp7u\">\n<div class=\"xu06os2 x1ok221b\">\n<div class=\"xdj266r x11i5rnm xat24cr x1mh8g0r x1vvkbs x126k92a\">\n<div dir=\"auto\">Situaci\u00f3n de aprendizaje \u00abCiencia divertida\u00bb de F\u00edsica y Qu\u00edmica 2\u00b0 de ESO.<\/div>\n<div dir=\"auto\">&nbsp;<\/div>\n<\/div>\n<\/div>\n<\/div>\n<\/div>\n<\/div>\n<div id=\":rhs:\" class=\"x1n2onr6\">\n<div class=\"x1n2onr6\">\n<div class=\"x1n2onr6\">\n<div class=\"x1n2onr6\">\n<div class=\"x6ikm8r x10wlt62 x10l6tqk\">\n<div class=\"x6ikm8r x10wlt62\">\n<div class=\"xqtp20y x6ikm8r x10wlt62 x1n2onr6\">\n<div class=\"x10l6tqk x13vifvy\"><img decoding=\"async\" class=\"xz74otr x1ey2m1c xds687c x5yr21d x10l6tqk x17qophe x13vifvy xh8yej3\" src=\"https:\/\/scontent-mad2-1.xx.fbcdn.net\/v\/t39.30808-6\/425268785_377058881741956_5863540643720113293_n.jpg?stp=dst-jpg_p600x600&amp;_nc_cat=109&amp;ccb=1-7&amp;_nc_sid=3635dc&amp;_nc_ohc=mdt0pJv86SEAX-_yBjz&amp;_nc_ht=scontent-mad2-1.xx&amp;oh=00_AfBXng8QC6HHT1UAkkQlMRaws4P72KuhYEAGX0OGe27MUw&amp;oe=65E16929\" alt=\"\"><\/div>\n<\/div>\n<\/div>\n<\/div>\n<div class=\"x6ikm8r x10wlt62 x10l6tqk\">\n<div class=\"x6ikm8r x10wlt62\">\n<div class=\"x1nb4dca x1q0q8m5 xso031l x1exxf4d x13fuv20 x178xt8z x1ey2m1c x9f619 xds687c x47corl x10l6tqk x17qophe x13vifvy\">&nbsp;<\/div>\n<\/div>\n<\/div>\n<\/div>\n<\/div>\n<\/div>\n<\/div>\n<\/div>\n<\/div>\n<div class=\"xdj266r x11i5rnm xat24cr x1mh8g0r x1vvkbs x126k92a\">\n<h1><span style=\"color: #0000ff\"><strong>8 de FEBRERO<\/strong><\/span><\/h1>\n<div dir=\"auto\">Obra de teatro: \u00ab\u00bfEst\u00e1s ah\u00ed?<\/div>\n<div dir=\"auto\">El alumnado del 1\u00b0 y 2\u00b0 ciclo de primaria ha disfrutado de una jornada muy divertida y \u00fanica. Han asistido a la representaci\u00f3n de una obra de teatro en el Conservatorio Superior de M\u00fasica.<\/div>\n<div dir=\"auto\">&nbsp;<\/div>\n<\/div>\n<\/div>\n<\/div>\n<\/div>\n<\/div>\n<div id=\":rj6:\" class=\"x1n2onr6\">\n<div class=\"x1n2onr6\">\n<div class=\"x1nb4dca x1q0q8m5 xso031l x1exxf4d x13fuv20 x178xt8z x1ey2m1c x9f619 xds687c x47corl x10l6tqk x17qophe x13vifvy\">&nbsp;<\/div>\n<\/div>\n<\/div>\n<\/div>\n<div>\n<div class=\"\" dir=\"auto\">\n<div id=\":rig:\" class=\"x1iorvi4 x1pi30zi x1l90r2v x1swvt13\" data-ad-comet-preview=\"message\" data-ad-preview=\"message\">\n<div class=\"x78zum5 xdt5ytf xz62fqu x16ldp7u\">\n<div class=\"xu06os2 x1ok221b\">\n<div class=\"xdj266r x11i5rnm xat24cr x1mh8g0r x1vvkbs x126k92a\">\n<h1><span style=\"color: #0000ff\"><strong>6 FEBRERO: Taller escolar.<\/strong><\/span><\/h1>\n<div dir=\"auto\">Dentro del programa educativo del ayuntamiento de M\u00e1laga \u00abM\u00e1laga para los escolares\u00bb el alumnado de 1\u00b0 ESO ha recibido el taller: \u00bb La influencia de los medios de comunicaci\u00f3n y las redes sociales\u00bb. Con el fin de que hagan una mirada cr\u00edtica de los usos y peligros de las redes sociales, ayud\u00e1ndoles a crear una conciencia de un consumo m\u00e1s responsable.<\/div>\n<div dir=\"auto\">&nbsp;<\/div>\n<\/div>\n<\/div>\n<\/div>\n<\/div>\n<\/div>\n<\/div>\n<h1><span style=\"color: #0000ff\"><strong>\u00abD\u00eda Internacional de la mujer y la ni\u00f1a en la ciencia\u00bb<\/strong><\/span><\/h1>\n<div dir=\"auto\">Con el objetivo de visibilizar el trabajo de las mujeres que se dedican a las \u00e1reas de la ciencia y que los alumnos\/as las vean como un referente femenino. Vamos a celebrar este a\u00f1o la efem\u00e9ride: 11 de febrero \u201cD\u00eda internacional de la mujer y la ni\u00f1a en la ciencia\u201d con las siguientes actividades:<\/div>\n<div dir=\"auto\">\u2022 En el Bibliopatio, cada viernes nos dedicaremos a lectura de peque\u00f1as biograf\u00edas y dibujos alusivos y continuaremos con los cuentacuentos al alumnado de infantil.<\/div>\n<div dir=\"auto\">\u2022 En el aula, se realizar\u00e1 la lectura de una biograf\u00eda de una cient\u00edfica importante cada d\u00eda hasta la llegada del d\u00eda&nbsp;11&nbsp;de&nbsp;febrero.<\/div>\n<div dir=\"auto\">&nbsp;<\/div>\n<\/div>\n<\/div>\n<\/div>\n<\/div>\n<\/div>\n<div id=\":rjr:\" class=\"x1n2onr6\">\n<div class=\"x1n2onr6\">\n<div class=\"x6s0dn4 x1jx94hy x78zum5 xdt5ytf x6ikm8r x10wlt62 x1n2onr6 xh8yej3\">\n<div>\n<div class=\"xqtp20y x6ikm8r x10wlt62 x1n2onr6\">\n<div class=\"x10l6tqk x13vifvy\"><img loading=\"lazy\" decoding=\"async\" class=\"x1ey2m1c xds687c x5yr21d x10l6tqk x17qophe x13vifvy xh8yej3 xl1xv1r\" src=\"https:\/\/scontent-mad1-1.xx.fbcdn.net\/v\/t39.30808-6\/425284138_375270081920836_137979793623008083_n.jpg?stp=dst-jpg_p180x540&amp;_nc_cat=102&amp;ccb=1-7&amp;_nc_sid=3635dc&amp;_nc_ohc=8iTZTtgvS0kAX9hYAo9&amp;_nc_ht=scontent-mad1-1.xx&amp;oh=00_AfABe40j-E8002NSjAzYUPkj2HREO6_KtBwwnLW9tIVgYg&amp;oe=65E12AE9\" alt=\"Puede ser un garabato de texto que dice &quot;EL MES DE LA CIENCIA: MUJERES CIENT\u00cdFICAS 11DEFEBRERO 11 DE FEBRERO D\u00cdA DE MUJER Y LA NI\u00d1A EN LA CIENCIA 100&quot;\" width=\"960\" height=\"540\"><\/div>\n<\/div>\n<\/div>\n<\/div>\n<div class=\"x1ey2m1c xds687c x17qophe xg01cxk x47corl x10l6tqk x13vifvy x1ebt8du x19991ni x1dhq9h x1o1ewxj x3x9cwd x1e5q0jg x13rtm0m\" role=\"none\" data-visualcompletion=\"ignore\">&nbsp;<\/div>\n<\/div>\n<\/div>\n<\/div>\n<h3 data-original-attrs=\"{&quot;style&quot;:&quot;&quot;}\"><strong><span style=\"color: #0000ff\">FEBRERO&nbsp; BIBLIOPATIO<\/span><\/strong><\/h3>\n<div>Este mes de FEBRERO vamos a dedicar todos los&nbsp; viernes de este mes a los cuentacuentos y tambi\u00e9n, a la mujeres y ni\u00f1as en la ciencia.<\/div>\n<div>&nbsp;<\/div>\n<div data-original-attrs=\"{&quot;style&quot;:&quot;&quot;}\"><b>\u00a1Esperamos que guste mucho a nuestros peque\u00f1os!<\/b><\/div>\n<div data-original-attrs=\"{&quot;style&quot;:&quot;&quot;}\">&nbsp;<\/div>\n<\/div>\n<p><img decoding=\"async\" src=\"https:\/\/scontent-mad1-1.xx.fbcdn.net\/v\/t39.30808-6\/424866710_374632541984590_7117679547828864547_n.jpg?_nc_cat=102&amp;ccb=1-7&amp;_nc_sid=3635dc&amp;_nc_ohc=7HTwQU7zxesAX-xx6wo&amp;_nc_ht=scontent-mad1-1.xx&amp;oh=00_AfAfvroWhrsZlVGQPRRwVH3F5KQZjNKEz9ZGabiQBluhdA&amp;oe=65E0E60D\" alt=\"Puede ser una imagen de texto que dice &quot;ACTIVIDADES BIBLIOPATIO FEBRERO MUJERES y NI\u00c3AS en la CIEI Este MES lo vamos a dedicar-a saber m\u00e1s sobre mujeres cient\u00edficas. Leeremos peque\u00f1as biograf\u00edas sobre algunas de ellas colorearemos algunos dibuj relacionados. Continuaremos tambi\u00e9rcom tambi\u00e9n cuentacuentos al Ciclode Infantil. \u00a1TODOS LOS VIERNES DE FEBRERO!&quot;\"><\/p>\n<div dir=\"auto\">\n<h3 data-original-attrs=\"{&quot;style&quot;:&quot;&quot;}\"><strong><span style=\"color: #0000ff\">PLAN LECTOR&nbsp;<\/span><\/strong><\/h3>\n<p>1\u00ba TRIMESTRE<\/p>\n<\/div>\n<div>\n<div class=\"\" dir=\"auto\">\n<div id=\":rl4:\" class=\"x1iorvi4 x1pi30zi x1l90r2v x1swvt13\" data-ad-comet-preview=\"message\" data-ad-preview=\"message\">\n<div class=\"x78zum5 xdt5ytf xz62fqu x16ldp7u\">\n<div class=\"xu06os2 x1ok221b\">\n<div class=\"xdj266r x11i5rnm xat24cr x1mh8g0r x1vvkbs x126k92a\">\n<div dir=\"auto\">Cada curso, una vez terminada la lectura del libro elegido del Plan Lector del 1\u00b0 trimestre, ha realizado un trabajo sobre el libro le\u00eddo que ha quedado expuesto en el tabl\u00f3n: BOOKFLIX, como se puede observar en la imagen. <span class=\"x3nfvp2 x1j61x8r x1fcty0u xdj266r xhhsvwb xat24cr xgzva0m xxymvpz xlup9mm x1kky2od\"><img loading=\"lazy\" decoding=\"async\" class=\"xz74otr\" src=\"https:\/\/static.xx.fbcdn.net\/images\/emoji.php\/v9\/tf9\/1\/16\/1f44f_1f3fb.png\" alt=\"\ud83d\udc4f\ud83c\udffb\" width=\"16\" height=\"16\"><\/span><span class=\"x3nfvp2 x1j61x8r x1fcty0u xdj266r xhhsvwb xat24cr xgzva0m xxymvpz xlup9mm x1kky2od\"><img loading=\"lazy\" decoding=\"async\" class=\"xz74otr\" src=\"https:\/\/static.xx.fbcdn.net\/images\/emoji.php\/v9\/tf9\/1\/16\/1f44f_1f3fb.png\" alt=\"\ud83d\udc4f\ud83c\udffb\" width=\"16\" height=\"16\"><\/span><\/div>\n<\/div>\n<\/div>\n<\/div>\n<\/div>\n<\/div>\n<div id=\":rl5:\" class=\"x1n2onr6\">\n<div class=\"x1n2onr6\">\n<div class=\"x6s0dn4 x1jx94hy x78zum5 xdt5ytf x6ikm8r x10wlt62 x1n2onr6 xh8yej3\">\n<div>\n<div class=\"xqtp20y x6ikm8r x10wlt62 x1n2onr6\">\n<div class=\"x10l6tqk x13vifvy\"><img loading=\"lazy\" decoding=\"async\" class=\"x1ey2m1c xds687c x5yr21d x10l6tqk x17qophe x13vifvy xh8yej3 xl1xv1r\" src=\"https:\/\/scontent-mad1-1.xx.fbcdn.net\/v\/t39.30808-6\/424624667_374553005325877_1904907890917292429_n.jpg?stp=dst-jpg_s960x960&amp;_nc_cat=101&amp;ccb=1-7&amp;_nc_sid=3635dc&amp;_nc_ohc=de2AjIE-gI8AX97X2vo&amp;_nc_ht=scontent-mad1-1.xx&amp;oh=00_AfA8t1oEuXDMus6NqqyY0xcjeTp4XcZ5gkOfDZbomS-pVw&amp;oe=65E1F2D9\" alt=\"Puede ser una imagen de texto que dice &quot;primaria BOOKFLIX BOOKFLIX FLIX BOOKFLIX BOOKFLIX BOOKFLIX BOOKFLIX primari 2 primaria primaria B8OKFLIX CicleInfantil antil BOOKFLIX 4 T primaria 1ESO BOOKFLIX BOOKFLX \u0d32... 6 primaria ZESO&quot;\" width=\"960\" height=\"528\"><\/div>\n<\/div>\n<\/div>\n<\/div>\n<div class=\"x1ey2m1c xds687c x17qophe xg01cxk x47corl x10l6tqk x13vifvy x1ebt8du x19991ni x1dhq9h x1o1ewxj x3x9cwd x1e5q0jg x13rtm0m\" role=\"none\" data-visualcompletion=\"ignore\">&nbsp;<\/div>\n<\/div>\n<\/div>\n<\/div>\n<div>\n<div class=\"x168nmei x13lgxp2 x30kzoy x9jhf4c x6ikm8r x10wlt62\" data-visualcompletion=\"ignore-dynamic\">\n<div>\n<div>\n<div>\n<div class=\"x1n2onr6\">\n<div class=\"x6s0dn4 xi81zsa x78zum5 x6prxxf x13a6bvl xvq8zen xdj266r xktsk01 xat24cr x1d52u69 x889kno x4uap5 x1a8lsjc xkhd6sd xdppsyt\">\n<div class=\"x9f619 x1n2onr6 x1ja2u2z x78zum5 x2lah0s x1qughib x1qjc9v5 xozqiw3 x1q0g3np xykv574 xbmpl8g x4cne27 xifccgj\"><span style=\"font-size: 22px;font-weight: bold\">&nbsp;<\/span><\/div>\n<\/div>\n<\/div>\n<\/div>\n<\/div>\n<\/div>\n<\/div>\n<\/div>\n<div dir=\"auto\">\n<h3 data-original-attrs=\"{&quot;style&quot;:&quot;&quot;}\"><span style=\"color: #0000ff\"><strong>D\u00cdA DE LA PAZ<\/strong><\/span><\/h3>\n<div class=\"xdj266r x11i5rnm xat24cr x1mh8g0r x1vvkbs x126k92a\">\n<div dir=\"auto\">30 de enero.<\/div>\n<div dir=\"auto\">Hoy hemos celebrado conjuntamente con el CEIP Intelhorce el D\u00eda Escolar de la NO Violencia, conocido popularmente como D\u00eda de la Paz. En esta jornada, todos los ciclos del<a class=\"x1i10hfl xjbqb8w x1ejq31n xd10rxx x1sy0etr x17r0tee x972fbf xcfux6l x1qhh985 xm0m39n x9f619 x1ypdohk xt0psk2 xe8uvvx xdj266r x11i5rnm xat24cr x1mh8g0r xexx8yu x4uap5 x18d9i69 xkhd6sd x16tdsg8 x1hl2dhg xggy1nq x1a2a7pz xt0b8zv x1fey0fg xo1l8bm\" role=\"link\" href=\"https:\/\/www.facebook.com\/profile.php?id=100063888826418&amp;__cft__[0]=AZVcK-GHvXlDJ-0N4_AUceXmrvrY3W-E7nGHFf-zSk_n6mh7Dl7l_hOK5JyVaxV5IUri1oZRGB3mInSrvO9-wS4_iEreQN0DbYHKOWPDk5C0Z9NpZbJaip2Jntr-FxOENb6u8YyV-e6STO0-BqLLWLYGOiAhJezQylHr54fkQ8R5784GPQwyi4v0jOYFeesVsJ5GlAlXV78nUbRQrSaGujtf&amp;__tn__=-]K-y-R\"><span class=\"xt0psk2\"> CEIP El Taraja<\/span><\/a>l, desde infantil a Secundaria, y tambi\u00e9n a lo largo de los d\u00edas que preceden a la jornada conmemorativa se han llevado a cabo diferentes actividades para recordar la importancia de la tolerancia, la solidaridad, la concordia, el respeto de los Derechos Humanos, la no-violencia y la paz.<\/div>\n<div dir=\"auto\">&nbsp;<\/div>\n<div dir=\"auto\">CARTEL ELABORADO POR EL ALUMNADO GRACIAS A LA COLABORACI\u00d3N&nbsp; DEL AMPA AVE FENIX<\/div>\n<div dir=\"auto\">&nbsp;<\/div>\n<\/div>\n<div dir=\"auto\"><img decoding=\"async\" src=\"https:\/\/scontent-mad1-1.xx.fbcdn.net\/v\/t39.30808-6\/422042252_370864425694735_5714203266225933117_n.jpg?_nc_cat=105&amp;ccb=1-7&amp;_nc_sid=3635dc&amp;_nc_ohc=eMgTfYH9YmcAX_n_4lQ&amp;_nc_ht=scontent-mad1-1.xx&amp;oh=00_AfCXaIGUPjBWH8MpUo1zBL1XQayQVdGMGKEDDYS0lWa72A&amp;oe=65E0EB6C\" alt=\"Puede ser un garabato de chumbera y texto que dice &quot;PAZ COMIENZA CON UNA UNA 190 ONRISA COMETA A HRS A-L DE LA PAZ 30 DE ENERO&quot;\"><\/div>\n<div dir=\"auto\">&nbsp;<\/div>\n<div class=\"x11i5rnm xat24cr x1mh8g0r x1vvkbs xtlvy1s x126k92a\">\n<div dir=\"auto\">A continuaci\u00f3n os mostramos el video del baile de la canci\u00f3n \u00abSAMBA DE LA PAZ\u00bb que hemos realizado en el patio en forma de cometa y en el qu\u00e9 se puede observar como cada grupo va vestido de diferentes colores. Ir al siguiente enlace para poder verlo.<\/div>\n<div dir=\"auto\">&nbsp;<\/div>\n<div dir=\"auto\"><a href=\"https:\/\/fb.watch\/qsexABLcSh\/\">https:\/\/fb.watch\/qsexABLcSh\/<\/a><\/div>\n<div dir=\"auto\">&nbsp;<\/div>\n<div dir=\"auto\">\n<h3 data-original-attrs=\"{&quot;style&quot;:&quot;&quot;}\">&nbsp;<span style=\"color: #0000ff\"><strong>ENERO<\/strong><\/span><span style=\"color: #2b00fe\" data-keep-original-tag=\"false\" data-original-attrs=\"{&quot;style&quot;:&quot;&quot;}\"><span style=\"color: #0000ff\"><strong>&nbsp;<\/strong><\/span>EN BIBLIOPATIO<\/span>&nbsp;<\/h3>\n<div>Este mes de ENERO vamos a dedicar todos los&nbsp; viernes de este mes a los cuentacuentos y a&nbsp; la realizaci\u00f3n de puzles.<\/div>\n<\/div>\n<\/div>\n<\/div>\n<div dir=\"auto\">&nbsp;<\/div>\n<div dir=\"auto\">\n<div class=\"x11i5rnm xat24cr x1mh8g0r x1vvkbs xtlvy1s x126k92a\">\n<div dir=\"auto\"><img decoding=\"async\" src=\"https:\/\/scontent-mad2-1.xx.fbcdn.net\/v\/t39.30808-6\/419248900_359889953458849_7307450764016616892_n.jpg?_nc_cat=109&amp;ccb=1-7&amp;_nc_sid=3635dc&amp;_nc_ohc=OjNcewiMWDUAX_GNPEs&amp;_nc_ht=scontent-mad2-1.xx&amp;oh=00_AfDU5HGv0DLkxG34TAL8v84GrMuHLg-RfZkpDJQUXscJCQ&amp;oe=65E21D22\" alt=\"Puede ser una imagen de texto que dice &quot;ACTIVIDADES BIBLIOPATIO ENERO \u00a1Eres la pieza que nos une! Este enero lo vamos a dedicar los Puzzles. Los alumn van a colorear crear sus propios rompecabeza Continuaremos tambi\u00e9n Con cuentacuentos al Ciclo de Infantil. \u00a1TODOS LOS VIERNES DE ENERO!&quot;\"><\/div>\n<\/div>\n<h3 data-original-attrs=\"{&quot;style&quot;:&quot;&quot;}\">&nbsp;<span style=\"color: #2b00fe\" data-keep-original-tag=\"false\" data-original-attrs=\"{&quot;style&quot;:&quot;&quot;}\">DICIEMBRE EN BIBLIOPATIO<\/span>&nbsp;<\/h3>\n<div>Este mes de diciembre vamos a dedicar todos los&nbsp; viernes de este mes a los cuentacuentos.<\/div>\n<div>El alumnado colaborador de biblioteca se va a dedicar a esta actividad. Leer\u00e1n cuentos al alumnado de infantil.&nbsp;<\/div>\n<div data-original-attrs=\"{&quot;style&quot;:&quot;&quot;}\"><b>\u00a1Esperamos que guste mucho a nuestros peque\u00f1os!<\/b><\/div>\n<div data-original-attrs=\"{&quot;style&quot;:&quot;&quot;}\">&nbsp;<\/div>\n<div data-original-attrs=\"{&quot;style&quot;:&quot;&quot;}\">\n<div class=\"separator\" data-original-attrs=\"{&quot;style&quot;:&quot;&quot;}\"><a href=\"https:\/\/www.blogger.com\/u\/2\/blog\/post\/edit\/5293210094042407963\/4125507809573638823#\" data-original-attrs=\"{&quot;data-original-href&quot;:&quot;https:\/\/blogger.googleusercontent.com\/img\/b\/R29vZ2xl\/AVvXsEipzZHU_HdRVo7-FzwFrIkxL-_J4p8RxTQ57xMxvrsuvxrWCFHJ1CFKpEpaiUnhH2CR_XExKMr7TaVB1p73GCb_rHzI_I0xLH2WwflhRlF_sDXV0Cu7jJlLAutzIyhCAa1oKK8eYymuXms1Yek-TMM6DZb64Ot2dH1xQ3lctVTYMwCCoJvzVL1KXdc5hyLY\/s940\/bibliopatio%20diciembre.png&quot;,&quot;style&quot;:&quot;&quot;}\"><img loading=\"lazy\" decoding=\"async\" src=\"https:\/\/blogger.googleusercontent.com\/img\/b\/R29vZ2xl\/AVvXsEipzZHU_HdRVo7-FzwFrIkxL-_J4p8RxTQ57xMxvrsuvxrWCFHJ1CFKpEpaiUnhH2CR_XExKMr7TaVB1p73GCb_rHzI_I0xLH2WwflhRlF_sDXV0Cu7jJlLAutzIyhCAa1oKK8eYymuXms1Yek-TMM6DZb64Ot2dH1xQ3lctVTYMwCCoJvzVL1KXdc5hyLY\/s320\/bibliopatio%20diciembre.png\" width=\"320\" height=\"268\" border=\"0\" data-original-height=\"788\" data-original-width=\"940\"><\/a><\/div>\n<\/div>\n<h3 data-original-attrs=\"{&quot;style&quot;:&quot;&quot;}\"><span style=\"color: #2b00fe\" data-keep-original-tag=\"false\" data-original-attrs=\"{&quot;style&quot;:&quot;&quot;}\">27 noviembre:<\/span><\/h3>\n<div>\n<div class=\"\" dir=\"auto\">\n<div id=\":r42:\" class=\"x1iorvi4 x1pi30zi x1l90r2v x1swvt13\" data-ad-comet-preview=\"message\" data-ad-preview=\"message\">\n<div class=\"x78zum5 xdt5ytf xz62fqu x16ldp7u\">\n<div class=\"xu06os2 x1ok221b\">\n<div class=\"xdj266r x11i5rnm xat24cr x1mh8g0r x1vvkbs x126k92a\">\n<div dir=\"auto\">Este d\u00eda se celebr\u00f3 el D\u00eda del Maestro. Nuestro AMPA Ave F\u00e9nix nos sorprendi\u00f3 a todos los docentes del colegio con estos hermosos regalos.<\/div>\n<div dir=\"auto\">Os damos las Gracias por este detalle tan bonito de parte de todo el Claustro del CEIP EL TARAJAL.<\/div>\n<div dir=\"auto\">&nbsp;<\/div>\n<\/div>\n<\/div>\n<\/div>\n<\/div>\n<\/div>\n<div id=\":r43:\" class=\"x1n2onr6\">\n<div class=\"x1n2onr6\">\n<div class=\"x1n2onr6\">\n<div class=\"x1n2onr6\">\n<div class=\"x6ikm8r x10wlt62 x10l6tqk\">\n<div class=\"x6ikm8r x10wlt62\">\n<div class=\"xqtp20y x6ikm8r x10wlt62 x1n2onr6\">\n<div class=\"x10l6tqk x13vifvy\"><img decoding=\"async\" class=\"xz74otr x1ey2m1c xds687c x5yr21d x10l6tqk x17qophe x13vifvy xh8yej3\" src=\"https:\/\/scontent-mad2-1.xx.fbcdn.net\/v\/t39.30808-6\/406035325_333529026094942_2580973669468263675_n.jpg?stp=dst-jpg_p600x600&amp;_nc_cat=108&amp;ccb=1-7&amp;_nc_sid=3635dc&amp;_nc_ohc=v_nsdTEunxIAX8kQHoq&amp;_nc_ht=scontent-mad2-1.xx&amp;oh=00_AfAQLVRDwMqFKv_2YES3dMJYFYtMs1-PVYJtxMHgLenmjA&amp;oe=65720EFB\" alt=\"\"><\/div>\n<\/div>\n<\/div>\n<\/div>\n<div class=\"x6ikm8r x10wlt62 x10l6tqk\">\n<div class=\"x6ikm8r x10wlt62\">\n<div class=\"x1nb4dca x1q0q8m5 xso031l x1exxf4d x13fuv20 x178xt8z x1ey2m1c x9f619 xds687c x47corl x10l6tqk x17qophe x13vifvy\"><span style=\"color: #2b00fe;font-size: 22px;font-weight: bold\">24 noviembre:<\/span><\/div>\n<\/div>\n<\/div>\n<\/div>\n<\/div>\n<\/div>\n<\/div>\n<\/div>\n<h3 data-original-attrs=\"{&quot;style&quot;:&quot;&quot;}\"><span style=\"color: #2b00fe\" data-keep-original-tag=\"false\" data-original-attrs=\"{&quot;style&quot;:&quot;&quot;}\"><b>D\u00eda Internacional de la no violencia de g\u00e9nero.&nbsp;<\/b><\/span><\/h3>\n<div data-original-attrs=\"{&quot;style&quot;:&quot;&quot;}\">\n<div data-original-attrs=\"{&quot;style&quot;:&quot;&quot;}\">\n<div class=\"xdj266r x11i5rnm xat24cr x1mh8g0r x1vvkbs x126k92a\">\n<div dir=\"auto\">El D\u00eda Internacional de la Eliminaci\u00f3n de la Violencia contra la Mujer se celebra anualmente el 25 de noviembre para denunciar la violencia que se ejerce sobre las mujeres en todo el mundo y reclamar pol\u00edticas en todos los pa\u00edses para su erradicaci\u00f3n. Este a\u00f1o por necesidades de adaptaci\u00f3n al calendario escolar en el CEIP El Tarajal hemos conmemorado dicha efem\u00e9ride el viernes 24 de noviembre.<\/div>\n<\/div>\n<div class=\"x11i5rnm xat24cr x1mh8g0r x1vvkbs xtlvy1s x126k92a\">\n<div dir=\"auto\">Ley Org\u00e1nica 1\/2004, de 28 de diciembre, de Medidas de Protecci\u00f3n Integral contra la Violencia de G\u00e9nero, en su art\u00edculo 1.1, define la violencia de g\u00e9nero como aquella que, \u201ccomo manifestaci\u00f3n de la discriminaci\u00f3n, la situaci\u00f3n de desigualdad y las relaciones de poder de los hombres sobre las mujeres, se ejerce sobre \u00e9stas por parte de quienes sean o hayan sido sus c\u00f3nyuges o de quienes est\u00e9n o hayan estado ligados a ellas por relaciones similares de afectividad, aun sin convivencia\u201d, y \u201ccomprende todo acto de violencia f\u00edsica y psicol\u00f3gica, incluidas las agresiones a la libertad sexual, las amenazas, las coacciones o la privaci\u00f3n arbitraria de libertad.\u201d<\/div>\n<\/div>\n<\/div>\n<div data-original-attrs=\"{&quot;style&quot;:&quot;&quot;}\">&nbsp;<\/div>\n<div data-original-attrs=\"{&quot;style&quot;:&quot;&quot;}\">El AMPA AVE F\u00c9NIX ha confeccionado una S\u00daPER hero\u00edna del amor con una gran capa donde el alumnado ha pegado sus mensajes de amor. Ha quedado muy bonita y los mensajes han sido bastante emotivos.<\/div>\n<div data-original-attrs=\"{&quot;style&quot;:&quot;&quot;}\">&nbsp;<\/div>\n<div class=\"separator\" data-original-attrs=\"{&quot;style&quot;:&quot;&quot;}\"><a href=\"https:\/\/www.blogger.com\/u\/2\/blog\/post\/edit\/5293210094042407963\/5024533768850738702#\" data-original-attrs=\"{&quot;data-original-href&quot;:&quot;https:\/\/blogger.googleusercontent.com\/img\/b\/R29vZ2xl\/AVvXsEhpuq26l7oDO4H2O9Rxfc4u8mb0f7lwxTjTx9JPQa8qBfZQ0rUJw_74rIOjtXZR4BFSx9EsA6l9hiphdZf6F-dCLKw-m7ZJUXmlOBuljJDHeHpvc5npprJKLZP_HEJQeRKZWryIDrsaQkbaYFUvNOMrCw2elothSWGwXMqhV36hOftM5cU2g07vVC12qaIr\/s1920\/Imagen%20de%20WhatsApp%202023-11-29%20a%20las%2020.57.11_9d3c8eed.jpg&quot;,&quot;style&quot;:&quot;&quot;}\"><img loading=\"lazy\" decoding=\"async\" src=\"https:\/\/blogger.googleusercontent.com\/img\/b\/R29vZ2xl\/AVvXsEhpuq26l7oDO4H2O9Rxfc4u8mb0f7lwxTjTx9JPQa8qBfZQ0rUJw_74rIOjtXZR4BFSx9EsA6l9hiphdZf6F-dCLKw-m7ZJUXmlOBuljJDHeHpvc5npprJKLZP_HEJQeRKZWryIDrsaQkbaYFUvNOMrCw2elothSWGwXMqhV36hOftM5cU2g07vVC12qaIr\/s320\/Imagen%20de%20WhatsApp%202023-11-29%20a%20las%2020.57.11_9d3c8eed.jpg\" width=\"320\" height=\"180\" border=\"0\" data-original-height=\"1080\" data-original-width=\"1920\"><\/a><\/div>\n<div data-original-attrs=\"{&quot;style&quot;:&quot;&quot;}\">&nbsp;<\/div>\n<\/div>\n<h3 data-original-attrs=\"{&quot;style&quot;:&quot;&quot;}\"><span style=\"color: #2b00fe\" data-keep-original-tag=\"false\" data-original-attrs=\"{&quot;style&quot;:&quot;&quot;}\">PORTAL&nbsp; BECREA M\u00c1LAGA<\/span><\/h3>\n<div>Ha publicado las actividades que hemos realizado durante los meses de septiembre y octubre dentro del Plan de biblioteca.<\/div>\n<div>Adjuntamos el enlace para su lectura:<\/div>\n<div>&nbsp;<\/div>\n<div><a href=\"https:\/\/www.blogger.com\/u\/2\/blog\/post\/edit\/5293210094042407963\/6368559486100884682#\" data-original-attrs=\"{&quot;data-original-href&quot;:&quot;https:\/\/blogsaverroes.juntadeandalucia.es\/becreadelegacionmalaga\/2023\/11\/14\/biblioteca-ceip-el-tarajal-celebraciones-y-efemerides-septiembre-y-octubre-2023\/?fbclid=IwAR2tQzGPguOBiYR4DkWMRfqYTzZGEMQnNPWxk-TNmO8-8rgJ6nNxkfT5sDw&quot;}\">https:\/\/blogsaverroes.juntadeandalucia.es\/becreadelegacionmalaga\/2023\/11\/14\/biblioteca-ceip-el-tarajal-celebraciones-y-efemerides-septiembre-y-octubre-2023\/?fbclid=IwAR2tQzGPguOBiYR4DkWMRfqYTzZGEMQnNPWxk-TNmO8-8rgJ6nNxkfT5sDw<\/a><\/div>\n<div>\n<h3 data-original-attrs=\"{&quot;style&quot;:&quot;&quot;}\">&nbsp;<\/h3>\n<h3 data-original-attrs=\"{&quot;style&quot;:&quot;&quot;}\"><span style=\"color: #2b00fe\" data-keep-original-tag=\"false\" data-original-attrs=\"{&quot;style&quot;:&quot;&quot;}\">17 de noviembre<\/span><\/h3>\n<ol>\n<li>Exhibici\u00f3n de aves Gloster en el CEIP EL TARAJAL<\/li>\n<\/ol>\n<p>Para m\u00e1s informaci\u00f3n pichar en el siguiente enlace:<\/p>\n<\/div>\n<div><a href=\"https:\/\/www.facebook.com\/reel\/1581462752391699\">https:\/\/www.facebook.com\/reel\/1581462752391699<\/a><\/div>\n<\/div>\n<\/div>\n<\/div>\n<\/div>\n<\/div>\n<\/div>\n<\/div>\n<\/div>\n<div>\n<div>\n<div class=\"\" dir=\"auto\">\n<div id=\":r6b:\" class=\"x1iorvi4 x1pi30zi x1l90r2v x1swvt13\" data-ad-comet-preview=\"message\" data-ad-preview=\"message\">\n<div class=\"x78zum5 xdt5ytf xz62fqu x16ldp7u\">\n<div class=\"xu06os2 x1ok221b\">\n<div class=\"xdj266r x11i5rnm xat24cr x1mh8g0r x1vvkbs x126k92a\">\n<div dir=\"auto\">&nbsp;<\/div>\n<div dir=\"auto\">&nbsp;<\/div>\n<div dir=\"auto\">2.&nbsp; El alumnado del 1\u00b0 ciclo de primaria ha visitado el centro de ciencias PRINCIPIA. D\u00f3nde el alumnado ha descubierto aspectos cient\u00edficos y tecnol\u00f3gicos de forma muy amena. \u00a1Se lo han pasado genial!<\/div>\n<div dir=\"auto\">&nbsp;<\/div>\n<\/div>\n<\/div>\n<\/div>\n<\/div>\n<\/div>\n<div id=\":r6c:\" class=\"x1n2onr6\">\n<div class=\"x1n2onr6\">\n<div class=\"x1n2onr6\">\n<div class=\"x1n2onr6\">\n<div class=\"x6ikm8r x10wlt62 x10l6tqk\">\n<div class=\"x1o1ewxj x3x9cwd x1e5q0jg x13rtm0m x1ey2m1c xds687c xg01cxk x47corl x10l6tqk x17qophe x13vifvy x1ebt8du x19991ni x1dhq9h\" data-visualcompletion=\"ignore\">&nbsp;<\/div>\n<\/div>\n<\/div>\n<\/div>\n<\/div>\n<\/div>\n<\/div>\n<div class=\"x8gbvx8 x80vd3b x1q0q8m5 xso031l x8cjs6t x13fuv20 x178xt8z x78zum5 x1q0g3np x1qughib xz9dl7a xn6708d xsag5q8 xpkgp8e\">\n<div class=\"x78zum5 x1q0g3np\">\n<div class=\"x12mruv9 x1xmf6yo x1sxyh0\">&nbsp;<\/div>\n<\/div>\n<\/div>\n<\/div>\n<div dir=\"auto\">\n<div dir=\"auto\">\n<div class=\"xdj266r x11i5rnm xat24cr x1mh8g0r x1vvkbs x126k92a\">\n<div dir=\"auto\">\n<div class=\"xdj266r x11i5rnm xat24cr x1mh8g0r x1vvkbs x126k92a\">\n<div dir=\"auto\">\n<div class=\"xdj266r x11i5rnm xat24cr x1mh8g0r x1vvkbs x126k92a\">\n<div dir=\"auto\">\n<h3 data-original-attrs=\"{&quot;style&quot;:&quot;&quot;}\"><span style=\"color: #2b00fe\" data-keep-original-tag=\"false\" data-original-attrs=\"{&quot;style&quot;:&quot;&quot;}\">10 de noviembre<\/span><\/h3>\n<div data-original-attrs=\"{&quot;style&quot;:&quot;&quot;}\"><span style=\"color: #2b00fe\" data-keep-original-tag=\"false\" data-original-attrs=\"{&quot;style&quot;:&quot;&quot;}\">BIBLIOTECA PUBLICA JORGE LUIS BORGES<\/span><\/div>\n<div data-original-attrs=\"{&quot;style&quot;:&quot;&quot;}\"><span style=\"color: #2b00fe\" data-keep-original-tag=\"false\" data-original-attrs=\"{&quot;style&quot;:&quot;&quot;}\">CAMPANILLAS<\/span><\/div>\n<div data-original-attrs=\"{&quot;style&quot;:&quot;&quot;}\">\n<div dir=\"auto\" data-original-attrs=\"{&quot;style&quot;:&quot;&quot;}\">10 de noviembre. El alumnado de Infantil ha visitado la biblioteca p\u00fablica municipal Jorge Luis Borges de Campanillas. Han realizado la actividad \u00abJugando con libros\u00bb. \u00a1Han disfrutado mucho y se lo han pasado genial!<\/div>\n<div dir=\"auto\" data-original-attrs=\"{&quot;style&quot;:&quot;&quot;}\"><img decoding=\"async\" src=\"https:\/\/scontent-mad2-1.xx.fbcdn.net\/v\/t39.30808-6\/400991237_324120273702484_488714977660251759_n.jpg?stp=dst-jpg_p600x600&amp;_nc_cat=111&amp;ccb=1-7&amp;_nc_sid=3635dc&amp;_nc_ohc=1z2bHj8czYMAX8TM5yf&amp;_nc_ht=scontent-mad2-1.xx&amp;oh=00_AfCv1YiNewjH3fpivValV9qZx4cTBMXCLm506TQi_8xb-g&amp;oe=65723860\"><\/div>\n<div dir=\"auto\" data-original-attrs=\"{&quot;style&quot;:&quot;&quot;}\">&nbsp;<\/div>\n<\/div>\n<h3 data-original-attrs=\"{&quot;style&quot;:&quot;&quot;}\">NOVIEMBRE<span style=\"color: #2b00fe\" data-keep-original-tag=\"false\" data-original-attrs=\"{&quot;style&quot;:&quot;&quot;}\">&nbsp;en BIBLIOPATIO<\/span><\/h3>\n<div dir=\"auto\" data-original-attrs=\"{&quot;style&quot;:&quot;&quot;}\">\u00ab10 meses, 10 causas\u00bb<\/div>\n<div dir=\"auto\" data-original-attrs=\"{&quot;style&quot;:&quot;&quot;}\">En Bibliopatio vamos a desarrollar cada mes una actividad nueva adem\u00e1s de la propia. Este mes de noviembre vamos a decorar unos separa-p\u00e1ginas muy chulos.<\/div>\n<div dir=\"auto\" data-original-attrs=\"{&quot;style&quot;:&quot;&quot;}\">&nbsp;<\/div>\n<div class=\"separator\" data-original-attrs=\"{&quot;style&quot;:&quot;&quot;}\"><a href=\"https:\/\/www.blogger.com\/u\/2\/blog\/post\/edit\/5293210094042407963\/8936270131679968132#\" data-original-attrs=\"{&quot;data-original-href&quot;:&quot;https:\/\/blogger.googleusercontent.com\/img\/b\/R29vZ2xl\/AVvXsEiV-gB1h1wyhjHF32c5AMMPk-Onp3rtJAambgr0yM2zZX3RliXlYwfMLHRHEN_suyzH1QN-6OoLEsK42ty7t2KSe5UO7otlDS4-mKJhGGLSrGJy7nbP_3sKjATy1Rx2W7zbTZtBAIPNemZZQqPkmO1tWMPpmTGcqB-HZBeAdolDIBqC3_oe8iXPz0QzvLtO\/s940\/ACTIVIDADES%20BIBLIOTECA%201%C2%BA%20TRIMESTRE.png&quot;,&quot;style&quot;:&quot;&quot;}\"><img loading=\"lazy\" decoding=\"async\" src=\"https:\/\/blogger.googleusercontent.com\/img\/b\/R29vZ2xl\/AVvXsEiV-gB1h1wyhjHF32c5AMMPk-Onp3rtJAambgr0yM2zZX3RliXlYwfMLHRHEN_suyzH1QN-6OoLEsK42ty7t2KSe5UO7otlDS4-mKJhGGLSrGJy7nbP_3sKjATy1Rx2W7zbTZtBAIPNemZZQqPkmO1tWMPpmTGcqB-HZBeAdolDIBqC3_oe8iXPz0QzvLtO\/s320\/ACTIVIDADES%20BIBLIOTECA%201%C2%BA%20TRIMESTRE.png\" width=\"320\" height=\"268\" border=\"0\" data-original-height=\"788\" data-original-width=\"940\"><\/a><\/div>\n<h3 data-original-attrs=\"{&quot;style&quot;:&quot;&quot;}\">24 OCTUBRE<\/h3>\n<h3 data-original-attrs=\"{&quot;style&quot;:&quot;&quot;}\"><span style=\"color: #2b00fe\" data-keep-original-tag=\"false\" data-original-attrs=\"{&quot;style&quot;:&quot;&quot;}\">D\u00cdA DE LAS BIBLIOTECAS<\/span><\/h3>\n<h5 data-original-attrs=\"{&quot;style&quot;:&quot;&quot;}\"><span style=\"color: #050505;font-size: 12pt;font-family: arial, helvetica, sans-serif\" data-keep-original-tag=\"false\" data-original-attrs=\"{&quot;style&quot;:&quot;&quot;,&quot;face&quot;:&quot;\\&quot;Segoe UI Historic\\&quot;, \\&quot;Segoe UI\\&quot;, Helvetica, Arial, sans-serif&quot;}\">24 de octubre. Hemos celebrado el d\u00eda de las bibliotecas con la visita del alumnado del primer ciclo de primaria a la biblioteca p\u00fablica municipal Jorge Luis Borges de Campanillas. Han comprobado que las bibliotecas no son un lugar de guardar libros sino que son zonas donde pueden reunirse y conectar. Donde las historias, las experiencias y los conocimientos son los hilos que unen a la poblaci\u00f3n. <\/span><\/h5>\n<h3 data-original-attrs=\"{&quot;style&quot;:&quot;&quot;}\"><span style=\"color: #2b00fe\" data-keep-original-tag=\"false\" data-original-attrs=\"{&quot;style&quot;:&quot;&quot;}\">D\u00cdA DE LAS ESCRITORAS<\/span><\/h3>\n<div data-original-attrs=\"{&quot;style&quot;:&quot;&quot;}\"><span style=\"color: #2b00fe\" data-keep-original-tag=\"false\" data-original-attrs=\"{&quot;style&quot;:&quot;&quot;}\">16 OCTUBRE<\/span><\/div>\n<div data-original-attrs=\"{&quot;style&quot;:&quot;&quot;}\"><span style=\"color: #050505\" data-keep-original-tag=\"false\" data-original-attrs=\"{&quot;style&quot;:&quot;&quot;,&quot;face&quot;:&quot;\\&quot;Segoe UI Historic\\&quot;, \\&quot;Segoe UI\\&quot;, Helvetica, Arial, sans-serif&quot;}\">El pr\u00f3ximo lunes celebraremos el d\u00eda de las escritoras. Este a\u00f1o lo vamos a dedicar a la figura de Gloria Fuertes referente de la poes\u00eda espa\u00f1ola del siglo XX. Todo el alumnado del centro va realizar una serie de actividades con motivo del 25 aniversario de su fallecimiento.<\/span><\/div>\n<div data-original-attrs=\"{&quot;style&quot;:&quot;&quot;}\">\n<div class=\"separator\" data-original-attrs=\"{&quot;style&quot;:&quot;&quot;}\">\n<div class=\"separator\" data-original-attrs=\"{&quot;style&quot;:&quot;&quot;}\"><a href=\"https:\/\/www.blogger.com\/u\/2\/blog\/post\/edit\/5293210094042407963\/1098361193742075124#\" data-original-attrs=\"{&quot;data-original-href&quot;:&quot;https:\/\/blogger.googleusercontent.com\/img\/b\/R29vZ2xl\/AVvXsEhkXLSDa1H9sXnrwaHBXG26vgWFqkduyHb0u8fkeHsFJwL2KN1qfnDtY2FylSLRHvtb1qU0rF7SOa5CoMrzDi0zJzFGIb13Exwnj0uF9WmvXlKbriq4F8amfjqAJlebeY4lwcXswbu0Orslqs_v-JzFhZ3zYbg5_7wFzLFMgsLgkHP2f5tnHerTg_Ve28Mw\/s1080\/1.png&quot;,&quot;style&quot;:&quot;&quot;}\"><img loading=\"lazy\" decoding=\"async\" src=\"https:\/\/blogger.googleusercontent.com\/img\/b\/R29vZ2xl\/AVvXsEhkXLSDa1H9sXnrwaHBXG26vgWFqkduyHb0u8fkeHsFJwL2KN1qfnDtY2FylSLRHvtb1qU0rF7SOa5CoMrzDi0zJzFGIb13Exwnj0uF9WmvXlKbriq4F8amfjqAJlebeY4lwcXswbu0Orslqs_v-JzFhZ3zYbg5_7wFzLFMgsLgkHP2f5tnHerTg_Ve28Mw\/w200-h200\/1.png\" width=\"200\" height=\"200\" border=\"0\" data-original-height=\"1080\" data-original-width=\"1080\"><\/a><a href=\"https:\/\/www.blogger.com\/u\/2\/blog\/post\/edit\/5293210094042407963\/1098361193742075124#\" data-original-attrs=\"{&quot;data-original-href&quot;:&quot;https:\/\/blogger.googleusercontent.com\/img\/b\/R29vZ2xl\/AVvXsEjkZdLKBVQJ8996H3RKUd6i9WThjIum3u1W6brl3nPe8hNZAPlhmL_BNfRjeAz8csHfVrldEr9W-TBPT3MEtNimAXJvVNNFuFFk4tUFZLxOW3sIBAqOrgI3xlGSzo1-epckINDWPyd9u85HxbM2IkT67SjGBvInHue7xPpaJhllvEOi174hGPopAyZSPDgM\/s1080\/2.png&quot;,&quot;style&quot;:&quot;&quot;}\"><img loading=\"lazy\" decoding=\"async\" src=\"https:\/\/blogger.googleusercontent.com\/img\/b\/R29vZ2xl\/AVvXsEjkZdLKBVQJ8996H3RKUd6i9WThjIum3u1W6brl3nPe8hNZAPlhmL_BNfRjeAz8csHfVrldEr9W-TBPT3MEtNimAXJvVNNFuFFk4tUFZLxOW3sIBAqOrgI3xlGSzo1-epckINDWPyd9u85HxbM2IkT67SjGBvInHue7xPpaJhllvEOi174hGPopAyZSPDgM\/w200-h200\/2.png\" width=\"200\" height=\"200\" border=\"0\" data-original-height=\"1080\" data-original-width=\"1080\"><\/a><\/div>\n<\/div>\n<\/div>\n<h3 data-original-attrs=\"{&quot;style&quot;:&quot;&quot;}\"><span style=\"color: #2b00fe\" data-keep-original-tag=\"false\" data-original-attrs=\"{&quot;style&quot;:&quot;&quot;}\">BIBLIOPATIO&nbsp;<\/span><\/h3>\n<p>OCTUBRE 2023<\/p>\n<div data-original-attrs=\"{&quot;style&quot;:&quot;&quot;}\">LA FUENTE DE LOS LIBROS<\/div>\n<div data-original-attrs=\"{&quot;style&quot;:&quot;&quot;}\">&nbsp;<\/div>\n<div class=\"separator\" data-original-attrs=\"{&quot;style&quot;:&quot;&quot;}\"><a href=\"https:\/\/www.blogger.com\/u\/2\/blog\/post\/edit\/5293210094042407963\/2855890456258270281#\" data-original-attrs=\"{&quot;data-original-href&quot;:&quot;https:\/\/blogger.googleusercontent.com\/img\/b\/R29vZ2xl\/AVvXsEjE2g2ea_nZJrsDYJwRLD4cS387lNOYX0yyJGoFwKf7eazXBU4xu-5XTTAnlZyr2wyITuxfpWDkw1c0KhpROjhpC9BMTmnTuRLP_L3ba12uoiAwfb-ANBx_9fOBT59yrQlmn17WCbO6XrtEe1sXJvGQYl0RggZBNAA7-W3rU7P94jIQbodp7_Gm8ngRsfts\/s1920\/BIBLIOPATIO.png&quot;,&quot;style&quot;:&quot;&quot;}\"><img loading=\"lazy\" decoding=\"async\" src=\"https:\/\/blogger.googleusercontent.com\/img\/b\/R29vZ2xl\/AVvXsEjE2g2ea_nZJrsDYJwRLD4cS387lNOYX0yyJGoFwKf7eazXBU4xu-5XTTAnlZyr2wyITuxfpWDkw1c0KhpROjhpC9BMTmnTuRLP_L3ba12uoiAwfb-ANBx_9fOBT59yrQlmn17WCbO6XrtEe1sXJvGQYl0RggZBNAA7-W3rU7P94jIQbodp7_Gm8ngRsfts\/s320\/BIBLIOPATIO.png\" width=\"320\" height=\"180\" border=\"0\" data-original-height=\"1080\" data-original-width=\"1920\"><\/a><\/div>\n<div class=\"separator\" data-original-attrs=\"{&quot;style&quot;:&quot;&quot;}\">&nbsp;<\/div>\n<div class=\"separator\" data-original-attrs=\"{&quot;style&quot;:&quot;&quot;}\">&nbsp;<\/div>\n<div data-original-attrs=\"{&quot;style&quot;:&quot;&quot;}\"><span data-keep-original-tag=\"false\" data-original-attrs=\"{&quot;style&quot;:&quot;&quot;}\"><span style=\"color: #050505\" data-keep-original-tag=\"false\" data-original-attrs=\"{&quot;style&quot;:&quot;&quot;,&quot;face&quot;:&quot;Segoe UI Historic, Segoe UI, Helvetica, Arial, sans-serif&quot;}\">A partir de hoy, todos los viernes, el alumnado podr\u00e1 disfrutar de la lectura y de la m\u00fasica relajante en el recreo. Se ha habilitado una zona en el patio escolar para el bibliopatio. Una iniciativa que ha tenido una gran acogida en su primer d\u00eda. \u00a1El equipo de biblioteca est\u00e1 muy entusiasmado por la gran implicaci\u00f3n de tod@s!<\/span><\/span><\/div>\n<div data-original-attrs=\"{&quot;style&quot;:&quot;&quot;}\"><span data-keep-original-tag=\"false\" data-original-attrs=\"{&quot;style&quot;:&quot;&quot;}\"><span style=\"color: #050505\" data-keep-original-tag=\"false\" data-original-attrs=\"{&quot;style&quot;:&quot;&quot;,&quot;face&quot;:&quot;Segoe UI Historic, Segoe UI, Helvetica, Arial, sans-serif&quot;}\">ENLACES DE INTERES:<\/span><\/span><\/div>\n<div data-original-attrs=\"{&quot;style&quot;:&quot;&quot;}\"><span data-keep-original-tag=\"false\" data-original-attrs=\"{&quot;style&quot;:&quot;&quot;}\"><span style=\"color: #050505\" data-keep-original-tag=\"false\" data-original-attrs=\"{&quot;style&quot;:&quot;&quot;,&quot;face&quot;:&quot;Segoe UI Historic, Segoe UI, Helvetica, Arial, sans-serif&quot;}\"><a href=\"https:\/\/www.blogger.com\/u\/2\/blog\/post\/edit\/5293210094042407963\/2855890456258270281#\" data-original-attrs=\"{&quot;data-original-href&quot;:&quot;https:\/\/blogsaverroes.juntadeandalucia.es\/becreadelegacionmalaga\/2023\/10\/17\/bibliopatio-la-fuente-de-los-libros-en-el-ceip-el-tarajal\/?fbclid=IwAR1JBuxliodIt5rnRh5Zvnr1wREv3X4RrKva9dUPvSQHnAUaRcnjM9ph9jQ&quot;}\">https:\/\/blogsaverroes.juntadeandalucia.es\/becreadelegacionmalaga\/2023\/10\/17\/bibliopatio-la-fuente-de-los-libros-en-el-ceip-el-tarajal\/?fbclid=IwAR1JBuxliodIt5rnRh5Zvnr1wREv3X4RrKva9dUPvSQHnAUaRcnjM9ph9jQ<\/a><\/span><\/span><\/div>\n<h3 data-original-attrs=\"{&quot;style&quot;:&quot;&quot;}\"><span style=\"color: #2b00fe\" data-keep-original-tag=\"false\" data-original-attrs=\"{&quot;style&quot;:&quot;&quot;}\">DONACI\u00d3N DE LIBROS<\/span><\/h3>\n<div>\n<div dir=\"auto\" data-original-attrs=\"{&quot;style&quot;:&quot;&quot;}\">1\u00b0 Donaci\u00f3n de libros del CEIP EL TARAJAL.<\/div>\n<div dir=\"auto\" data-original-attrs=\"{&quot;style&quot;:&quot;&quot;}\">Dar las gracias a las familias y al profesorado por su implicaci\u00f3n ante esta iniciativa. Los libros donados se han repartido a las bibliotecas de aula de infantil y primaria; y al bibliopatio que se organizar\u00e1 todos los viernes a la hora del recreo.<\/div>\n<\/div>\n<div dir=\"auto\" data-original-attrs=\"{&quot;style&quot;:&quot;&quot;}\">\n<div class=\"separator\" data-original-attrs=\"{&quot;style&quot;:&quot;&quot;}\">&nbsp;<\/div>\n<\/div>\n<h3 data-original-attrs=\"{&quot;style&quot;:&quot;&quot;}\"><span style=\"color: #2b00fe\" data-keep-original-tag=\"false\" data-original-attrs=\"{&quot;style&quot;:&quot;&quot;}\">25 AL 29 DE SEPTIEMBRE 2023<\/span><\/h3>\n<div><span style=\"color: #050505\" data-keep-original-tag=\"false\" data-original-attrs=\"{&quot;style&quot;:&quot;&quot;,&quot;face&quot;:&quot;\\&quot;Segoe UI Historic\\&quot;, \\&quot;Segoe UI\\&quot;, Helvetica, Arial, sans-serif&quot;}\">Durante la semana del 25 al 29 de septiembre el alumnado de Secundaria ha realizado un trabajo de investigaci\u00f3n sobre las lenguas e idiomas en el mundo y la importancia de aprender m\u00e1s de un idioma.<\/span><\/div>\n<div><span style=\"color: #050505\" data-keep-original-tag=\"false\" data-original-attrs=\"{&quot;style&quot;:&quot;&quot;,&quot;face&quot;:&quot;\\&quot;Segoe UI Historic\\&quot;, \\&quot;Segoe UI\\&quot;, Helvetica, Arial, sans-serif&quot;}\"><a href=\"https:\/\/www.blogger.com\/u\/2\/blog\/post\/edit\/5293210094042407963\/1661402390094793042#\" data-original-attrs=\"{&quot;data-original-href&quot;:&quot;https:\/\/blogger.googleusercontent.com\/img\/a\/AVvXsEiVlLwER7CsgdUujnJFKXdEph2XdjL9y8ARrm9IKUIidoOCcxA6WXMOlnYZb31JAiR-KdRoqfvASioVuGu2ebsTMUXK_CrIYhnCH1IR__xNFjbzIItQcF7rCz5hDMubcZR4l7GQyDzMjl70vwNQhKtupuewJBODuLbO57O6M943OrHkRe4048DYr-Atr9pb&quot;,&quot;style&quot;:&quot;&quot;}\"><br \/>\n<\/a><a href=\"https:\/\/www.blogger.com\/u\/2\/blog\/post\/edit\/5293210094042407963\/1661402390094793042#\" data-original-attrs=\"{&quot;data-original-href&quot;:&quot;https:\/\/blogger.googleusercontent.com\/img\/a\/AVvXsEiVlLwER7CsgdUujnJFKXdEph2XdjL9y8ARrm9IKUIidoOCcxA6WXMOlnYZb31JAiR-KdRoqfvASioVuGu2ebsTMUXK_CrIYhnCH1IR__xNFjbzIItQcF7rCz5hDMubcZR4l7GQyDzMjl70vwNQhKtupuewJBODuLbO57O6M943OrHkRe4048DYr-Atr9pb&quot;,&quot;style&quot;:&quot;&quot;}\"><img loading=\"lazy\" decoding=\"async\" src=\"https:\/\/blogger.googleusercontent.com\/img\/a\/AVvXsEiVlLwER7CsgdUujnJFKXdEph2XdjL9y8ARrm9IKUIidoOCcxA6WXMOlnYZb31JAiR-KdRoqfvASioVuGu2ebsTMUXK_CrIYhnCH1IR__xNFjbzIItQcF7rCz5hDMubcZR4l7GQyDzMjl70vwNQhKtupuewJBODuLbO57O6M943OrHkRe4048DYr-Atr9pb\" alt=\"\" width=\"240\" height=\"240\" data-original-height=\"600\" data-original-width=\"600\"><\/a><a href=\"https:\/\/www.blogger.com\/u\/2\/blog\/post\/edit\/5293210094042407963\/1661402390094793042#\" data-original-attrs=\"{&quot;data-original-href&quot;:&quot;https:\/\/blogger.googleusercontent.com\/img\/a\/AVvXsEhlV0i8io6tEV29hppNaY4ToYEICcyS6igs7eaR1CJ-HToELOjm7_J3zaD203y6TkyNkUQP9efhCZSjTnp_CzpAWxI13AGnRDqjvCqWyWBQmkcjKqQwoOznqav3F71sncemw3AwPElPjU1ABb_lJ1mSos_um2kpbv_x4iQvhYHdoSB9F0gsnWC2kXeldSOo&quot;,&quot;style&quot;:&quot;&quot;}\"><img loading=\"lazy\" decoding=\"async\" src=\"https:\/\/blogger.googleusercontent.com\/img\/a\/AVvXsEhlV0i8io6tEV29hppNaY4ToYEICcyS6igs7eaR1CJ-HToELOjm7_J3zaD203y6TkyNkUQP9efhCZSjTnp_CzpAWxI13AGnRDqjvCqWyWBQmkcjKqQwoOznqav3F71sncemw3AwPElPjU1ABb_lJ1mSos_um2kpbv_x4iQvhYHdoSB9F0gsnWC2kXeldSOo\" alt=\"\" width=\"240\" height=\"240\" data-original-height=\"600\" data-original-width=\"600\"><\/a><\/span><\/div>\n<h3 data-original-attrs=\"{&quot;style&quot;:&quot;&quot;}\">&nbsp;<\/h3>\n<h3 data-original-attrs=\"{&quot;style&quot;:&quot;&quot;}\"><span style=\"color: #2b00fe\" data-keep-original-tag=\"false\" data-original-attrs=\"{&quot;style&quot;:&quot;&quot;}\">DONACI\u00d3N DE LIBROS<\/span><\/h3>\n<div>\n<p><span style=\"color: #050505\" data-keep-original-tag=\"false\" data-original-attrs=\"{&quot;style&quot;:&quot;&quot;,&quot;face&quot;:&quot;\\&quot;Segoe UI Historic\\&quot;, \\&quot;Segoe UI\\&quot;, Helvetica, Arial, sans-serif&quot;}\">\u00a1Participa en la 1\u00b0 Donaci\u00f3n de libros del CEIP el Tarajal! Estos libros ser\u00e1n entregados a las bibliotecas de aula y al bibliopatio. Con el objetivo de conseguir que nuestro alumnado consiga desarrollar a\u00fan m\u00e1s sus h\u00e1bitos de lectura. \u00a1An\u00edmate a participar!<\/span><\/p>\n<div class=\"separator\" data-original-attrs=\"{&quot;style&quot;:&quot;&quot;}\">&nbsp;<\/div>\n<div class=\"separator\" data-original-attrs=\"{&quot;style&quot;:&quot;&quot;}\">&nbsp;<\/div>\n<div class=\"separator\" data-original-attrs=\"{&quot;style&quot;:&quot;&quot;}\">\n<div data-original-attrs=\"{&quot;style&quot;:&quot;&quot;}\"><a href=\"https:\/\/www.blogger.com\/u\/2\/blog\/post\/edit\/5293210094042407963\/7625229326495078057#\" data-original-attrs=\"{&quot;data-original-href&quot;:&quot;https:\/\/blogger.googleusercontent.com\/img\/a\/AVvXsEhwNNYa7tD4OCbTAx94OpjwcYgewwpa5gO8PCtfsNxOWT1JqquWGwbJSCFFcobJ6WyZvD2MIQhgtG455Ig5ebAEEM2a7Q_3ptwuVFVax6g2Yf8CLy9yP3S-8531QKmmgfWHeHtuyC0Bv746RJR28cuw79_mrdUlfopdHXhNYxMDghb1DhBx6tPv59cGotoD&quot;,&quot;style&quot;:&quot;&quot;}\"><img loading=\"lazy\" decoding=\"async\" src=\"https:\/\/blogger.googleusercontent.com\/img\/a\/AVvXsEhwNNYa7tD4OCbTAx94OpjwcYgewwpa5gO8PCtfsNxOWT1JqquWGwbJSCFFcobJ6WyZvD2MIQhgtG455Ig5ebAEEM2a7Q_3ptwuVFVax6g2Yf8CLy9yP3S-8531QKmmgfWHeHtuyC0Bv746RJR28cuw79_mrdUlfopdHXhNYxMDghb1DhBx6tPv59cGotoD\" alt=\"\" width=\"240\" height=\"240\" data-original-height=\"600\" data-original-width=\"600\"><\/a><a href=\"https:\/\/www.blogger.com\/u\/2\/blog\/post\/edit\/5293210094042407963\/7625229326495078057#\" data-original-attrs=\"{&quot;data-original-href&quot;:&quot;https:\/\/blogger.googleusercontent.com\/img\/a\/AVvXsEhf0iolQWhid6LmC8Uv7HlyBZh9hONeRoZRdmo2e9gAxciykST-qWCZ9J_kjxDvQ7nTuEMorF-CP8fiTGdPn_GoLchD_8N4xPPqNFZcS4lEiNpOjRl2Tb-KsCd-xLXqr2zJkdk_4d7vi8w54nOnOreIdvTEEjb8MFXOGpyvT3aBRs0kVgpWtldEycuOvh-Q&quot;,&quot;style&quot;:&quot;&quot;}\"><img loading=\"lazy\" decoding=\"async\" src=\"https:\/\/blogger.googleusercontent.com\/img\/a\/AVvXsEhf0iolQWhid6LmC8Uv7HlyBZh9hONeRoZRdmo2e9gAxciykST-qWCZ9J_kjxDvQ7nTuEMorF-CP8fiTGdPn_GoLchD_8N4xPPqNFZcS4lEiNpOjRl2Tb-KsCd-xLXqr2zJkdk_4d7vi8w54nOnOreIdvTEEjb8MFXOGpyvT3aBRs0kVgpWtldEycuOvh-Q\" alt=\"\" width=\"240\" height=\"240\" data-original-height=\"600\" data-original-width=\"600\"><\/a><\/div>\n<\/div>\n<\/div>\n<h3 data-original-attrs=\"{&quot;style&quot;:&quot;&quot;}\">&nbsp;<\/h3>\n<h3 data-original-attrs=\"{&quot;style&quot;:&quot;&quot;}\"><span style=\"color: #2b00fe\">ACTIVIDADES BIBLIOTECA<\/span><\/h3>\n<p><strong>CURSO 2023\/2024<\/strong><\/p>\n<div data-original-attrs=\"{&quot;style&quot;:&quot;&quot;}\"><strong>1\u00ba TRIMESTRE<\/strong><\/div>\n<div data-original-attrs=\"{&quot;style&quot;:&quot;&quot;}\">&nbsp;<\/div>\n<div data-original-attrs=\"{&quot;style&quot;:&quot;&quot;}\">Estas son las actividades que tenemos programadas para realizar durante este primer trimestre:<\/div>\n<div data-original-attrs=\"{&quot;style&quot;:&quot;&quot;}\">&nbsp;<\/div>\n<div data-original-attrs=\"{&quot;style&quot;:&quot;&quot;}\">\n<div class=\"separator\" data-original-attrs=\"{&quot;style&quot;:&quot;&quot;}\"><a href=\"https:\/\/www.blogger.com\/u\/2\/blog\/post\/edit\/5293210094042407963\/3313407061072165474#\" data-original-attrs=\"{&quot;data-original-href&quot;:&quot;https:\/\/blogger.googleusercontent.com\/img\/a\/AVvXsEhDn_GhDfl6vUReKsQ3-ZzQL0OOw1Qslk_58keOk6LxIhBFaC6Pej_LX2dgIsDbhHYiTCHEVjkvvLUzPaUBNUaZluc6YsX5ozTYuG19OIni6YIW8wrqLN4ePA419zSfgP8pxmaB28NhlL6H1P7t4vD9tsJr6BluYlYSn6eYccuDkOnmyyrCyKOwfYxVGreP&quot;,&quot;style&quot;:&quot;&quot;}\"><img loading=\"lazy\" decoding=\"async\" src=\"https:\/\/blogger.googleusercontent.com\/img\/a\/AVvXsEhDn_GhDfl6vUReKsQ3-ZzQL0OOw1Qslk_58keOk6LxIhBFaC6Pej_LX2dgIsDbhHYiTCHEVjkvvLUzPaUBNUaZluc6YsX5ozTYuG19OIni6YIW8wrqLN4ePA419zSfgP8pxmaB28NhlL6H1P7t4vD9tsJr6BluYlYSn6eYccuDkOnmyyrCyKOwfYxVGreP\" alt=\"\" width=\"288\" height=\"240\" data-original-height=\"731\" data-original-width=\"876\"><\/a><\/div>\n<\/div>\n<\/div>\n<div dir=\"auto\">&nbsp;<\/div>\n<div dir=\"auto\">&nbsp;<\/div>\n<div dir=\"auto\"><span style=\"text-decoration: underline;color: #0000ff\"><strong>CLAUSURA ESCUELA DE FAMILIAS<\/strong><\/span><\/div>\n<\/div>\n<\/div>\n<div dir=\"auto\">\n<div>\n<div class=\"\" dir=\"auto\">\n<div id=\":Ral8qtalaqj6l5bb9l5qq75b5klbaH2:\" class=\"x1iorvi4 x1pi30zi x1l90r2v x1swvt13\" data-ad-comet-preview=\"message\" data-ad-preview=\"message\">\n<div class=\"x78zum5 xdt5ytf xz62fqu x16ldp7u\">\n<div class=\"xu06os2 x1ok221b\">\n<div class=\"xdj266r x11i5rnm xat24cr x1mh8g0r x1vvkbs x126k92a\">\n<div dir=\"auto\">&nbsp;<\/div>\n<div dir=\"auto\">Recordatorio:<\/div>\n<div dir=\"auto\">El jueves 22 de junio tendremos la clausura de la Escuela de Familias de este a\u00f1o. Te animamos a que asistas.<\/div>\n<div dir=\"auto\">&nbsp;<\/div>\n<\/div>\n<\/div>\n<\/div>\n<\/div>\n<\/div>\n<div id=\":Ral8qtalaqj6l5bb9l5qq75b5klbaH3:\" class=\"x1n2onr6\">\n<div class=\"x1n2onr6\">\n<div class=\"x6s0dn4 x1jx94hy x78zum5 xdt5ytf x6ikm8r x10wlt62 x1n2onr6 xh8yej3\">\n<div>\n<div class=\"xqtp20y x6ikm8r x10wlt62 x1n2onr6\">\n<div class=\"x10l6tqk x13vifvy\"><img loading=\"lazy\" decoding=\"async\" class=\"x1ey2m1c xds687c x5yr21d x10l6tqk x17qophe x13vifvy xh8yej3 xl1xv1r\" src=\"https:\/\/scontent-mad1-1.xx.fbcdn.net\/v\/t39.30808-6\/354462546_242307348550444_274569252011775992_n.jpg?stp=dst-jpg_s640x640&amp;_nc_cat=101&amp;ccb=1-7&amp;_nc_sid=730e14&amp;_nc_ohc=syEme8b0FxkAX_bnZNQ&amp;_nc_ht=scontent-mad1-1.xx&amp;oh=00_AfCyvLgJEBP9DJrZeKilun3sgvpgrIJuuOI-LC0XDNJ2gA&amp;oe=649396F3\" alt=\"Puede ser una imagen de una persona y texto que dice &quot;CLAUSURA ESCUELA DE FAMILIAS CEIP EL TARAJAL Jueves, 22 de junio 16:30 h ENTREGA DE DIPLOMAS DE PARTICIPACI\u00d3N SESI\u00d3N DE LA PRESIDENTA DE MEJORA TU ESCUELA P\u00daBLICA -CARMEN PERDICES- &quot;LA GESTI\u00c3N DEL ENTUSIASMO EN FAMILIA&quot; MED&quot;\" width=\"512\" height=\"640\"><\/div>\n<\/div>\n<\/div>\n<\/div>\n<div class=\"x1o1ewxj x3x9cwd x1e5q0jg x13rtm0m x1ey2m1c xds687c xg01cxk x47corl x10l6tqk x17qophe x13vifvy x1ebt8du x19991ni x1dhq9h\" data-visualcompletion=\"ignore\">&nbsp;<\/div>\n<\/div>\n<\/div>\n<\/div>\n<\/div>\n<div dir=\"auto\">\n<div class=\"xdj266r x11i5rnm xat24cr x1mh8g0r x1vvkbs x126k92a\">\n<div dir=\"auto\">&nbsp;<\/div>\n<div dir=\"auto\"><span style=\"text-decoration: underline\"><span style=\"color: #0000ff\"><strong>CEREMONIAS DE GRADUACI\u00d3N<\/strong><\/span><\/span><\/div>\n<div dir=\"auto\">Programa de las ceremonias de graduaci\u00f3n de los cursos de 5 a\u00f1os del Ciclo de Infantil y del 2\u00ba curso de Secundaria que se celebraran los d\u00edas:<\/div>\n<div dir=\"auto\">15 y 16 de junio.&nbsp;<\/div>\n<div dir=\"auto\">&nbsp;<\/div>\n<div dir=\"auto\"><img loading=\"lazy\" decoding=\"async\" class=\"alignnone size-medium wp-image-455\" src=\"https:\/\/blogsaverroes.juntadeandalucia.es\/ceipeltarajal\/files\/2023\/06\/graduacion-212x300.png\" alt=\"\" width=\"212\" height=\"300\" srcset=\"https:\/\/blogsaverroes.juntadeandalucia.es\/ceipeltarajal\/files\/2023\/06\/graduacion-212x300.png 212w, https:\/\/blogsaverroes.juntadeandalucia.es\/ceipeltarajal\/files\/2023\/06\/graduacion-724x1024.png 724w, https:\/\/blogsaverroes.juntadeandalucia.es\/ceipeltarajal\/files\/2023\/06\/graduacion-768x1086.png 768w, https:\/\/blogsaverroes.juntadeandalucia.es\/ceipeltarajal\/files\/2023\/06\/graduacion-1086x1536.png 1086w, https:\/\/blogsaverroes.juntadeandalucia.es\/ceipeltarajal\/files\/2023\/06\/graduacion-17x24.png 17w, https:\/\/blogsaverroes.juntadeandalucia.es\/ceipeltarajal\/files\/2023\/06\/graduacion-25x36.png 25w, https:\/\/blogsaverroes.juntadeandalucia.es\/ceipeltarajal\/files\/2023\/06\/graduacion-34x48.png 34w, https:\/\/blogsaverroes.juntadeandalucia.es\/ceipeltarajal\/files\/2023\/06\/graduacion.png 1414w\" sizes=\"(max-width: 212px) 100vw, 212px\" \/> <img loading=\"lazy\" decoding=\"async\" class=\"alignnone size-medium wp-image-456\" src=\"https:\/\/blogsaverroes.juntadeandalucia.es\/ceipeltarajal\/files\/2023\/06\/graduacion2-212x300.png\" alt=\"\" width=\"212\" height=\"300\" srcset=\"https:\/\/blogsaverroes.juntadeandalucia.es\/ceipeltarajal\/files\/2023\/06\/graduacion2-212x300.png 212w, https:\/\/blogsaverroes.juntadeandalucia.es\/ceipeltarajal\/files\/2023\/06\/graduacion2-724x1024.png 724w, https:\/\/blogsaverroes.juntadeandalucia.es\/ceipeltarajal\/files\/2023\/06\/graduacion2-768x1086.png 768w, https:\/\/blogsaverroes.juntadeandalucia.es\/ceipeltarajal\/files\/2023\/06\/graduacion2-1086x1536.png 1086w, https:\/\/blogsaverroes.juntadeandalucia.es\/ceipeltarajal\/files\/2023\/06\/graduacion2-17x24.png 17w, https:\/\/blogsaverroes.juntadeandalucia.es\/ceipeltarajal\/files\/2023\/06\/graduacion2-25x36.png 25w, https:\/\/blogsaverroes.juntadeandalucia.es\/ceipeltarajal\/files\/2023\/06\/graduacion2-34x48.png 34w, https:\/\/blogsaverroes.juntadeandalucia.es\/ceipeltarajal\/files\/2023\/06\/graduacion2.png 1414w\" sizes=\"(max-width: 212px) 100vw, 212px\" \/><\/div>\n<div dir=\"auto\">&nbsp;<\/div>\n<div dir=\"auto\"><img loading=\"lazy\" decoding=\"async\" class=\"alignnone size-medium wp-image-457\" src=\"https:\/\/blogsaverroes.juntadeandalucia.es\/ceipeltarajal\/files\/2023\/06\/graduacion3-212x300.png\" alt=\"\" width=\"212\" height=\"300\" srcset=\"https:\/\/blogsaverroes.juntadeandalucia.es\/ceipeltarajal\/files\/2023\/06\/graduacion3-212x300.png 212w, https:\/\/blogsaverroes.juntadeandalucia.es\/ceipeltarajal\/files\/2023\/06\/graduacion3-724x1024.png 724w, https:\/\/blogsaverroes.juntadeandalucia.es\/ceipeltarajal\/files\/2023\/06\/graduacion3-768x1086.png 768w, https:\/\/blogsaverroes.juntadeandalucia.es\/ceipeltarajal\/files\/2023\/06\/graduacion3-1086x1536.png 1086w, https:\/\/blogsaverroes.juntadeandalucia.es\/ceipeltarajal\/files\/2023\/06\/graduacion3-17x24.png 17w, https:\/\/blogsaverroes.juntadeandalucia.es\/ceipeltarajal\/files\/2023\/06\/graduacion3-25x36.png 25w, https:\/\/blogsaverroes.juntadeandalucia.es\/ceipeltarajal\/files\/2023\/06\/graduacion3-34x48.png 34w, https:\/\/blogsaverroes.juntadeandalucia.es\/ceipeltarajal\/files\/2023\/06\/graduacion3.png 1414w\" sizes=\"(max-width: 212px) 100vw, 212px\" \/><\/div>\n<div dir=\"auto\">&nbsp;<\/div>\n<div dir=\"auto\"><span style=\"text-decoration: underline\"><span style=\"color: #0000ff\"><strong>21\u00b0 FESTIVAL \u00abCON LA M\u00daSICA A OTRA PARTE\u00bb.<\/strong><\/span><\/span><\/div>\n<div dir=\"auto\">(6 de junio)<\/div>\n<div dir=\"auto\">&nbsp;<\/div>\n<\/div>\n<div class=\"x11i5rnm xat24cr x1mh8g0r x1vvkbs xtlvy1s x126k92a\">\n<div dir=\"auto\">1\u00b0 ESO liderado por nuestra profesora de M\u00fasica Ana y acompa\u00f1ado como p\u00fablico por el alumnado de 2\u00b0 ESO ha actuado en representaci\u00f3n del CEIP El Tarajal en el 21\u00b0 Festival \u00abCon la M\u00fasica a otra parte\u00bb. Dicho festival es un encuentro participativo de centros escolares en el que se realizan actuaciones musicales de grupos instrumentales, vocales y\/o danza formados por escolares de los distintos centros participantes. \u00a1Enhorabuena por vuestra actuaci\u00f3n!<\/div>\n<\/div>\n<\/div>\n<div dir=\"auto\">&nbsp;<\/div>\n<div dir=\"auto\"><span style=\"text-decoration: underline\"><span style=\"color: #0000ff\"><strong>21\u00b0 FESTIVAL \u00abCON LA M\u00daSICA A OTRA PARTE\u00bb. ( 10 de mayo)<\/strong><\/span><\/span><\/div>\n<div dir=\"auto\">&nbsp;<\/div>\n<\/div>\n<div class=\"x11i5rnm xat24cr x1mh8g0r x1vvkbs xtlvy1s x126k92a\">\n<div dir=\"auto\">1\u00b0 ESO liderado por nuestra profesora de M\u00fasica Ana y acompa\u00f1ado como p\u00fablico por el alumnado de 2\u00b0 ESO ha actuado en representaci\u00f3n del CEIP El Tarajal en el 21\u00b0 Festival \u00abCon la M\u00fasica a otra parte\u00bb. Dicho festival es un encuentro participativo de centros escolares en el que se realizan actuaciones musicales de grupos instrumentales, vocales y\/o danza formados por escolares de los distintos centros participantes. \u00a1Enhorabuena por vuestra actuaci\u00f3n!<\/div>\n<\/div>\n<\/div>\n<div dir=\"auto\">&nbsp;<\/div>\n<div dir=\"auto\"><span style=\"text-decoration: underline\"><span style=\"color: #0000ff\"><strong>PROGRAMA IMPULSA 2023: \u00abTALLER DE ARTETERAPIA\u00bb<\/strong><\/span><\/span><\/div>\n<div dir=\"auto\">&nbsp;<\/div>\n<\/div>\n<div class=\"x11i5rnm xat24cr x1mh8g0r x1vvkbs xtlvy1s x126k92a\">\n<div dir=\"auto\">El alumnado de 3\u00b0 y 4\u00b0 de Primaria ha participado en este taller que consiste en utilizar el arte de la danza y la pintura como medio de expresi\u00f3n y comunicaci\u00f3n.<\/div>\n<\/div>\n<\/div>\n<div dir=\"auto\">&nbsp;<\/div>\n<div dir=\"auto\"><span style=\"text-decoration: underline;color: #0000ff\"><strong>EXCURSI\u00d3N A GIBRALTAR<\/strong><\/span><\/div>\n<div dir=\"auto\">&nbsp;<\/div>\n<\/div>\n<div dir=\"auto\">El d\u00eda 24 de abril, el alumnado de 2\u00b0ESO ha realizado la siguiente actividad: visita a Gibraltar. Durante los d\u00edas previos a la visita han realizado un trabajo de investigaci\u00f3n sobre los aspectos m\u00e1s destacados de esta localidad. Adem\u00e1s, una vez all\u00ed, han hecho uso de su nivel de ingl\u00e9s para comunicarse. Ha sido una gran experiencia para todos ellos.<\/div>\n<div dir=\"auto\">\n<div dir=\"auto\">&nbsp;<\/div>\n<div dir=\"auto\">&nbsp;<\/div>\n<div dir=\"auto\"><span style=\"text-decoration: underline\"><strong><span style=\"color: #0000ff;text-decoration: underline\">GRUPOS DE TRABAJO EN EL CEIP EL TARAJAL. CURSO: 2022-2023<\/span><\/strong><\/span><\/div>\n<div dir=\"auto\">&nbsp;<\/div>\n<div dir=\"auto\">En este curso escolar, el claustro de profesores est\u00e1 participando en dos grupos de trabajo. Formaci\u00f3n que se est\u00e1 realizando en el centro escolar, con el fin de contribuir e innovar en nuestra labor docente y mejorar nuestra competencia digital.<\/div>\n<div dir=\"auto\">Grupo de trabajo n\u00b01: Actualizaci\u00f3n pedag\u00f3gica.<\/div>\n<div dir=\"auto\">Grupo de trabajo n\u00b02. CDD: Transformaci\u00f3n digital en mi centro y en mi aula.<\/div>\n<\/div>\n<div dir=\"auto\">&nbsp;<\/div>\n<div dir=\"auto\"><span style=\"text-decoration: underline\"><strong><span style=\"color: #0000ff;text-decoration: underline\">EXCURSI\u00d3N AL CIRCO ESCUELA FANTASIA<\/span><\/strong><\/span><\/div>\n<div dir=\"auto\">&nbsp;<\/div>\n<div dir=\"auto\">Jueves, 30 de marzo, el alumnado del primer y segundo ciclo de primaria han disfrutado much\u00edsimo en su visita al Circo Escuela Fantas\u00eda. \u00a1 Y las maestras tambi\u00e9n! \u00a1Un d\u00eda que todos recordar\u00e1n!<\/div>\n<div dir=\"auto\">&nbsp;<\/div>\n<\/div>\n<\/div>\n<\/div>\n<\/div>\n<\/div>\n<div id=\":rlf:\" class=\"x1n2onr6\">\n<div class=\"x1n2onr6\">\n<div class=\"x1n2onr6\">\n<div class=\"x1n2onr6\">\n<div class=\"x6ikm8r x10wlt62 x10l6tqk\">\n<div class=\"x6ikm8r x10wlt62\">\n<div class=\"xqtp20y x6ikm8r x10wlt62 x1n2onr6\">\n<div class=\"x10l6tqk x13vifvy\">&nbsp;<\/div>\n<\/div>\n<\/div>\n<\/div>\n<\/div>\n<\/div>\n<\/div>\n<\/div>\n<\/div>\n<div dir=\"auto\">&nbsp;<\/div>\n<div dir=\"auto\"><span style=\"text-decoration: underline;color: #0000ff\"><strong>EXCURSI\u00d3N POR LAS CALLES DE M\u00c1LAGA<\/strong><\/span><\/div>\n<div dir=\"auto\">&nbsp;<\/div>\n<div dir=\"auto\">Jueves 30 de marzo, el alumnado del tercer ciclo de primaria y de Secundaria<\/div>\n<div dir=\"auto\">han realizado un recorrido por las calles m\u00e1s c\u00e9ntricas de M\u00e1laga para visitar las distintas hermandades que procesionan en la Semana Santa malague\u00f1a.<\/div>\n<\/div>\n<\/div>\n<\/div>\n<\/div>\n<\/div>\n<div id=\":rm3:\" class=\"x1n2onr6\">\n<div class=\"x1n2onr6\">\n<div class=\"x1n2onr6\">\n<div class=\"x1n2onr6\">\n<div class=\"x6ikm8r x10wlt62 x10l6tqk\">\n<div class=\"x6ikm8r x10wlt62\">\n<div class=\"xqtp20y x6ikm8r x10wlt62 x1n2onr6\">\n<div class=\"x10l6tqk x13vifvy\">&nbsp;<\/div>\n<\/div>\n<div class=\"xua58t2 xzg4506 x1ey2m1c x9f619 xds687c x47corl x10l6tqk x17qophe x13vifvy\">&nbsp;<\/div>\n<\/div>\n<\/div>\n<\/div>\n<\/div>\n<\/div>\n<\/div>\n<\/div>\n<div dir=\"auto\"><span style=\"text-decoration: underline;color: #0000ff\"><strong>LA PRIMAVERA HA LLEGADO AL CEIP EL TARAJAL.<\/strong><\/span><\/div>\n<div dir=\"auto\">&nbsp;<\/div>\n<\/div>\n<div class=\"x11i5rnm xat24cr x1mh8g0r x1vvkbs xtlvy1s x126k92a\">\n<div dir=\"auto\">Gracias al esfuerzo e inter\u00e9s de nuestro AMPA \u00abAVE F\u00c9NIX\u00bb el alumnado disfruta de un decorado primaveral que es aprovechado en esta ocasi\u00f3n por el profesorado de Infantil para realizar una actividad cognitiva.<\/div>\n<\/div>\n<\/div>\n<div dir=\"auto\">&nbsp;<\/div>\n<div dir=\"auto\"><span style=\"text-decoration: underline;color: #0000ff\"><strong>D\u00cdA DE LA&nbsp;<\/strong><\/span><span style=\"color: #0000ff\"><b><u>POES\u00cdA<\/u><\/b><\/span><\/div>\n<div class=\"x78zum5 xdt5ytf xz62fqu x16ldp7u\">\n<div class=\"xu06os2 x1ok221b\">\n<div class=\"xdj266r x11i5rnm xat24cr x1mh8g0r x1vvkbs x126k92a\">\n<div dir=\"auto\">&nbsp;<\/div>\n<div dir=\"auto\">El D\u00eda Mundial de la Poes\u00eda, celebrado cada a\u00f1o el 21 de marzo, conmemora una de las formas m\u00e1s preciadas de la expresi\u00f3n e identidad y ling\u00fc\u00edstica de la humanidad.<\/div>\n<div dir=\"auto\">La UNESCO adopt\u00f3 por primera vez el 21 de marzo como D\u00eda Mundial de la Poes\u00eda durante su&nbsp;30\u00aa Conferencia General en Par\u00eds en 1999.<\/div>\n<div dir=\"auto\">As\u00ed que hoy nuestro alumnado ha participado en esta celebraci\u00f3n creando sus propios versos que han sido recogidos en el rinc\u00f3n po\u00e9tico.<\/div>\n<\/div>\n<\/div>\n<\/div>\n<\/div>\n<\/div>\n<div id=\":rpe:\" class=\"x1n2onr6\">\n<div class=\"x1n2onr6\">\n<div class=\"x6s0dn4 x1jx94hy x78zum5 xdt5ytf x6ikm8r x10wlt62 x1n2onr6 xh8yej3\">\n<div>\n<div class=\"xqtp20y x6ikm8r x10wlt62 x1n2onr6\">\n<div class=\"x10l6tqk x13vifvy\"><img loading=\"lazy\" decoding=\"async\" class=\"x1ey2m1c xds687c x5yr21d x10l6tqk x17qophe x13vifvy xh8yej3 xl1xv1r\" src=\"https:\/\/scontent-mad2-1.xx.fbcdn.net\/v\/t39.30808-6\/337375426_1938886913112814_5557098425650983426_n.jpg?stp=dst-jpg_s600x600&amp;_nc_cat=109&amp;ccb=1-7&amp;_nc_sid=730e14&amp;_nc_ohc=xictVN03s9EAX9t4KWy&amp;_nc_ht=scontent-mad2-1.xx&amp;oh=00_AfATTKvbPsoaKNdqgUFMpGC2vuuE8BCaxLUMOm1OCKizOA&amp;oe=6493B919\" alt=\"No hay ninguna descripci\u00f3n de la foto disponible.\" width=\"600\" height=\"519\"><\/div>\n<\/div>\n<\/div>\n<\/div>\n<div class=\"xua58t2 xzg4506 x1ey2m1c xds687c x47corl x10l6tqk x17qophe x13vifvy\">&nbsp;<\/div>\n<div class=\"x1o1ewxj x3x9cwd x1e5q0jg x13rtm0m x1ey2m1c xds687c xg01cxk x47corl x10l6tqk x17qophe x13vifvy x1ebt8du x19991ni x1dhq9h\" data-visualcompletion=\"ignore\">&nbsp;<\/div>\n<\/div>\n<\/div>\n<\/div>\n<p><span style=\"text-decoration: underline\"><span style=\"color: #0000ff\"><strong>PERIODO DE ADMISI\u00d3N\/ CURSO 23\/24<\/strong><\/span><\/span><\/p>\n<p>ENLACE EXPLICATIVO:<\/p>\n<p><a href=\"https:\/\/view.genial.ly\/6213fb25a8beda001942729b\/learning-experience-challenges-ceip-el-tarajal-admisiones-20232024\">https:\/\/view.genial.ly\/6213fb25a8beda001942729b\/learning-experience-challenges-ceip-el-tarajal-admisiones-20232024<\/a><\/p>\n<p>JORNADA DE PUERTAS ABIERTAS.<\/p>\n<p><img loading=\"lazy\" decoding=\"async\" class=\"alignnone size-medium wp-image-444\" src=\"https:\/\/blogsaverroes.juntadeandalucia.es\/ceipeltarajal\/files\/2023\/02\/JORNADA-PUERTAS-ABIERTAS-ADMISI\u00d3N--212x300.png\" alt=\"JORNADA DE PUERTAS ABIERTAS\" width=\"212\" height=\"300\" srcset=\"https:\/\/blogsaverroes.juntadeandalucia.es\/ceipeltarajal\/files\/2023\/02\/JORNADA-PUERTAS-ABIERTAS-ADMISI\u00d3N--212x300.png 212w, https:\/\/blogsaverroes.juntadeandalucia.es\/ceipeltarajal\/files\/2023\/02\/JORNADA-PUERTAS-ABIERTAS-ADMISI\u00d3N--724x1024.png 724w, https:\/\/blogsaverroes.juntadeandalucia.es\/ceipeltarajal\/files\/2023\/02\/JORNADA-PUERTAS-ABIERTAS-ADMISI\u00d3N--768x1086.png 768w, https:\/\/blogsaverroes.juntadeandalucia.es\/ceipeltarajal\/files\/2023\/02\/JORNADA-PUERTAS-ABIERTAS-ADMISI\u00d3N--1086x1536.png 1086w, https:\/\/blogsaverroes.juntadeandalucia.es\/ceipeltarajal\/files\/2023\/02\/JORNADA-PUERTAS-ABIERTAS-ADMISI\u00d3N--17x24.png 17w, https:\/\/blogsaverroes.juntadeandalucia.es\/ceipeltarajal\/files\/2023\/02\/JORNADA-PUERTAS-ABIERTAS-ADMISI\u00d3N--25x36.png 25w, https:\/\/blogsaverroes.juntadeandalucia.es\/ceipeltarajal\/files\/2023\/02\/JORNADA-PUERTAS-ABIERTAS-ADMISI\u00d3N--34x48.png 34w, https:\/\/blogsaverroes.juntadeandalucia.es\/ceipeltarajal\/files\/2023\/02\/JORNADA-PUERTAS-ABIERTAS-ADMISI\u00d3N-.png 1414w\" sizes=\"(max-width: 212px) 100vw, 212px\" \/><\/p>\n<p>&nbsp;<\/p>\n<p><span style=\"text-decoration: underline;color: #0000ff\"><strong>Carnaval 2023<\/strong><\/span><\/p>\n<p>El alumnado ha recibido la visita de la murga: Los Leones gracias al AMPA Ave F\u00e9nix, adem\u00e1s se ha realizado un desfile de disfraces y un Pasapatio encabezado por la Batucada de Secundaria.&nbsp;<\/p>\n<p><span style=\"text-decoration: underline;color: #0000ff\"><strong>Charla sobre los riesgos de Internet 16\/02\/2022<\/strong><\/span><\/p>\n<p><span style=\"color: #000000\">El alumnado del tercer ciclo ha recibido una charla por parte de la Polic\u00eda Local dentro de las actividades del programa educativo del Ayuntamiento.&nbsp;<\/span><\/p>\n<p><span style=\"text-decoration: underline\"><strong><span style=\"color: #0000ff;text-decoration: underline\">11 de febrero: D\u00eda Internacional de la Mujer y la Ni\u00f1a en la Ciencia<\/span><\/strong><\/span><\/p>\n<p><span style=\"color: #000000\">Con motivo de esta celebraci\u00f3n, el alumnado ha tenido a su alcance distintos recursos para ser m\u00e1s conscientes de la importancia de la mujer en la ciencia durante la historia de la Humanidad.<\/span><\/p>\n<p><span style=\"text-decoration: underline\"><span style=\"color: #0000ff\"><strong>\u00a1Nos vamos a cuidar el huerto!<\/strong><\/span><\/span><\/p>\n<p>Semana del 23 al 31 de enero.<\/p>\n<p>El huerto de nuestro colegio necesita algunos cuidados y para eso estamos siempre dispuestos\/as los ni\u00f1os y ni\u00f1as de infantil.<br \/>\nHoy ha tocado arar, quitar hierbas y plantar alguna arom\u00e1tica.<br \/>\n\u00a1 Mirad qu\u00e9 preciosidad !<\/p>\n<p><span style=\"text-decoration: underline\"><span style=\"color: #0000ff\"><strong>ACTIVIDADES PARA LA CELEBRACI\u00d3N DE LA NO VIOLENCIA Y POR LA PAZ&nbsp; del&nbsp; 23 al 30 de enero.<\/strong><\/span><\/span><\/p>\n<p>Con motivo de la celebraci\u00f3n del D\u00eda de Paz, durante esta semana y parte de la semana que viene, se van a realizar en el centro escolar una serie de actividades muy interesantes, tales como:<br \/>\nMurales \u00abGestos por la Paz\u00bb, la realizaci\u00f3n de Carteles sobre personalidades c\u00e9lebres, mensajes diarios de Paz le\u00eddos por nuestros alumnos a primera hora antes de comenzar las clases, escuchar la canci\u00f3n de Manuel Carrasco \u00ab\u00a1Qu\u00e9 bonito es querer! a la subida a las aulas, actividad conjunta con el CEIP Intelhorce el 30 de enero,&#8230;<\/p>\n<p><span style=\"text-decoration: underline\"><strong><span style=\"color: #0000ff;text-decoration: underline\">REPRESENTACI\u00d3N TEATRAL: \u00abPeter Pan salvando a Nunca Jam\u00e1s\u00bb<\/span><\/strong><\/span><\/p>\n<p>20 de enero.<\/p>\n<p>&nbsp;<\/p>\n<p><span style=\"text-decoration: underline\"><span style=\"color: #0000ff\"><strong>TERCERA SESI\u00d3N ESCUELA DE FAMILIAS<\/strong><\/span><\/span><\/p>\n<p>19 de enero.<\/p>\n<p><img loading=\"lazy\" decoding=\"async\" class=\"alignnone size-medium wp-image-433\" src=\"https:\/\/blogsaverroes.juntadeandalucia.es\/ceipeltarajal\/files\/2023\/01\/WhatsApp-Image-2023-01-19-at-17.47.23-300x225.jpeg\" alt=\"\" width=\"300\" height=\"225\" srcset=\"https:\/\/blogsaverroes.juntadeandalucia.es\/ceipeltarajal\/files\/2023\/01\/WhatsApp-Image-2023-01-19-at-17.47.23-300x225.jpeg 300w, https:\/\/blogsaverroes.juntadeandalucia.es\/ceipeltarajal\/files\/2023\/01\/WhatsApp-Image-2023-01-19-at-17.47.23-1024x768.jpeg 1024w, https:\/\/blogsaverroes.juntadeandalucia.es\/ceipeltarajal\/files\/2023\/01\/WhatsApp-Image-2023-01-19-at-17.47.23-768x576.jpeg 768w, https:\/\/blogsaverroes.juntadeandalucia.es\/ceipeltarajal\/files\/2023\/01\/WhatsApp-Image-2023-01-19-at-17.47.23-1536x1152.jpeg 1536w, https:\/\/blogsaverroes.juntadeandalucia.es\/ceipeltarajal\/files\/2023\/01\/WhatsApp-Image-2023-01-19-at-17.47.23-24x18.jpeg 24w, https:\/\/blogsaverroes.juntadeandalucia.es\/ceipeltarajal\/files\/2023\/01\/WhatsApp-Image-2023-01-19-at-17.47.23-36x27.jpeg 36w, https:\/\/blogsaverroes.juntadeandalucia.es\/ceipeltarajal\/files\/2023\/01\/WhatsApp-Image-2023-01-19-at-17.47.23-48x36.jpeg 48w, https:\/\/blogsaverroes.juntadeandalucia.es\/ceipeltarajal\/files\/2023\/01\/WhatsApp-Image-2023-01-19-at-17.47.23.jpeg 1600w\" sizes=\"(max-width: 300px) 100vw, 300px\" \/><\/p>\n<p>&nbsp;<\/p>\n<p><img loading=\"lazy\" decoding=\"async\" class=\"size-medium wp-image-432 alignleft\" src=\"https:\/\/blogsaverroes.juntadeandalucia.es\/ceipeltarajal\/files\/2023\/01\/WhatsApp-Image-2023-01-19-at-17.40.17-300x225.jpeg\" alt=\"\" width=\"300\" height=\"225\" srcset=\"https:\/\/blogsaverroes.juntadeandalucia.es\/ceipeltarajal\/files\/2023\/01\/WhatsApp-Image-2023-01-19-at-17.40.17-300x225.jpeg 300w, https:\/\/blogsaverroes.juntadeandalucia.es\/ceipeltarajal\/files\/2023\/01\/WhatsApp-Image-2023-01-19-at-17.40.17-1024x768.jpeg 1024w, https:\/\/blogsaverroes.juntadeandalucia.es\/ceipeltarajal\/files\/2023\/01\/WhatsApp-Image-2023-01-19-at-17.40.17-768x576.jpeg 768w, https:\/\/blogsaverroes.juntadeandalucia.es\/ceipeltarajal\/files\/2023\/01\/WhatsApp-Image-2023-01-19-at-17.40.17-1536x1152.jpeg 1536w, https:\/\/blogsaverroes.juntadeandalucia.es\/ceipeltarajal\/files\/2023\/01\/WhatsApp-Image-2023-01-19-at-17.40.17-24x18.jpeg 24w, https:\/\/blogsaverroes.juntadeandalucia.es\/ceipeltarajal\/files\/2023\/01\/WhatsApp-Image-2023-01-19-at-17.40.17-36x27.jpeg 36w, https:\/\/blogsaverroes.juntadeandalucia.es\/ceipeltarajal\/files\/2023\/01\/WhatsApp-Image-2023-01-19-at-17.40.17-48x36.jpeg 48w, https:\/\/blogsaverroes.juntadeandalucia.es\/ceipeltarajal\/files\/2023\/01\/WhatsApp-Image-2023-01-19-at-17.40.17.jpeg 1600w\" sizes=\"(max-width: 300px) 100vw, 300px\" \/><img loading=\"lazy\" decoding=\"async\" class=\"alignnone wp-image-430\" src=\"https:\/\/blogsaverroes.juntadeandalucia.es\/ceipeltarajal\/files\/2023\/01\/WhatsApp-Image-2023-01-13-at-16.14.35-300x120.jpeg\" alt=\"Escuela de familias\" width=\"340\" height=\"136\" srcset=\"https:\/\/blogsaverroes.juntadeandalucia.es\/ceipeltarajal\/files\/2023\/01\/WhatsApp-Image-2023-01-13-at-16.14.35-300x120.jpeg 300w, https:\/\/blogsaverroes.juntadeandalucia.es\/ceipeltarajal\/files\/2023\/01\/WhatsApp-Image-2023-01-13-at-16.14.35-1024x410.jpeg 1024w, https:\/\/blogsaverroes.juntadeandalucia.es\/ceipeltarajal\/files\/2023\/01\/WhatsApp-Image-2023-01-13-at-16.14.35-768x307.jpeg 768w, https:\/\/blogsaverroes.juntadeandalucia.es\/ceipeltarajal\/files\/2023\/01\/WhatsApp-Image-2023-01-13-at-16.14.35-1536x614.jpeg 1536w, https:\/\/blogsaverroes.juntadeandalucia.es\/ceipeltarajal\/files\/2023\/01\/WhatsApp-Image-2023-01-13-at-16.14.35-24x10.jpeg 24w, https:\/\/blogsaverroes.juntadeandalucia.es\/ceipeltarajal\/files\/2023\/01\/WhatsApp-Image-2023-01-13-at-16.14.35-36x14.jpeg 36w, https:\/\/blogsaverroes.juntadeandalucia.es\/ceipeltarajal\/files\/2023\/01\/WhatsApp-Image-2023-01-13-at-16.14.35-48x19.jpeg 48w, https:\/\/blogsaverroes.juntadeandalucia.es\/ceipeltarajal\/files\/2023\/01\/WhatsApp-Image-2023-01-13-at-16.14.35.jpeg 1600w\" sizes=\"(max-width: 340px) 100vw, 340px\" \/><\/p>\n<p>&nbsp;<\/p>\n<p><span style=\"text-decoration: underline\"><span style=\"color: #0000ff\"><strong>16\/01\/2022- 20\/01\/2023 PLAN LECTOR SEGUNDA EVALUACI\u00d3N<\/strong><\/span><\/span><\/p>\n<p><span style=\"color: #000000\">Esta segunda evaluaci\u00f3n empezamos las actividades programadas para el Plan Lector de este trimestre.<\/span><\/p>\n<p>En primer lugar se ha informado a los tutores sobre cuales son los libros id\u00f3neos para realizar la lectura de este trimestre. Una vez que los libros seleccionados se haya le\u00eddo,&nbsp; se realizar\u00e1n las siguientes actividades:<\/p>\n<ol>\n<li>Bibliotuber.<\/li>\n<\/ol>\n<p>2. Imagen narrada.<\/p>\n<p>Los t\u00edtulos seleccionados para su lectura:<\/p>\n<p><img loading=\"lazy\" decoding=\"async\" class=\"alignnone size-medium wp-image-424\" src=\"https:\/\/blogsaverroes.juntadeandalucia.es\/ceipeltarajal\/files\/2023\/01\/PLAN-LECTOR-SEGUNDA-EVALUACI\u00d3N-20222023_page-0001-212x300.jpg\" alt=\"\" width=\"212\" height=\"300\" srcset=\"https:\/\/blogsaverroes.juntadeandalucia.es\/ceipeltarajal\/files\/2023\/01\/PLAN-LECTOR-SEGUNDA-EVALUACI\u00d3N-20222023_page-0001-212x300.jpg 212w, https:\/\/blogsaverroes.juntadeandalucia.es\/ceipeltarajal\/files\/2023\/01\/PLAN-LECTOR-SEGUNDA-EVALUACI\u00d3N-20222023_page-0001-724x1024.jpg 724w, https:\/\/blogsaverroes.juntadeandalucia.es\/ceipeltarajal\/files\/2023\/01\/PLAN-LECTOR-SEGUNDA-EVALUACI\u00d3N-20222023_page-0001-768x1086.jpg 768w, https:\/\/blogsaverroes.juntadeandalucia.es\/ceipeltarajal\/files\/2023\/01\/PLAN-LECTOR-SEGUNDA-EVALUACI\u00d3N-20222023_page-0001-1086x1536.jpg 1086w, https:\/\/blogsaverroes.juntadeandalucia.es\/ceipeltarajal\/files\/2023\/01\/PLAN-LECTOR-SEGUNDA-EVALUACI\u00d3N-20222023_page-0001-1448x2048.jpg 1448w, https:\/\/blogsaverroes.juntadeandalucia.es\/ceipeltarajal\/files\/2023\/01\/PLAN-LECTOR-SEGUNDA-EVALUACI\u00d3N-20222023_page-0001-17x24.jpg 17w, https:\/\/blogsaverroes.juntadeandalucia.es\/ceipeltarajal\/files\/2023\/01\/PLAN-LECTOR-SEGUNDA-EVALUACI\u00d3N-20222023_page-0001-25x36.jpg 25w, https:\/\/blogsaverroes.juntadeandalucia.es\/ceipeltarajal\/files\/2023\/01\/PLAN-LECTOR-SEGUNDA-EVALUACI\u00d3N-20222023_page-0001-34x48.jpg 34w, https:\/\/blogsaverroes.juntadeandalucia.es\/ceipeltarajal\/files\/2023\/01\/PLAN-LECTOR-SEGUNDA-EVALUACI\u00d3N-20222023_page-0001-scaled.jpg 1810w\" sizes=\"(max-width: 212px) 100vw, 212px\" \/>&nbsp; <img loading=\"lazy\" decoding=\"async\" class=\"alignnone size-medium wp-image-425\" src=\"https:\/\/blogsaverroes.juntadeandalucia.es\/ceipeltarajal\/files\/2023\/01\/PLAN-LECTOR-SEGUNDA-EVALUACI\u00d3N-20222023_page-0002-212x300.jpg\" alt=\"\" width=\"212\" height=\"300\" srcset=\"https:\/\/blogsaverroes.juntadeandalucia.es\/ceipeltarajal\/files\/2023\/01\/PLAN-LECTOR-SEGUNDA-EVALUACI\u00d3N-20222023_page-0002-212x300.jpg 212w, https:\/\/blogsaverroes.juntadeandalucia.es\/ceipeltarajal\/files\/2023\/01\/PLAN-LECTOR-SEGUNDA-EVALUACI\u00d3N-20222023_page-0002-724x1024.jpg 724w, https:\/\/blogsaverroes.juntadeandalucia.es\/ceipeltarajal\/files\/2023\/01\/PLAN-LECTOR-SEGUNDA-EVALUACI\u00d3N-20222023_page-0002-768x1086.jpg 768w, https:\/\/blogsaverroes.juntadeandalucia.es\/ceipeltarajal\/files\/2023\/01\/PLAN-LECTOR-SEGUNDA-EVALUACI\u00d3N-20222023_page-0002-1086x1536.jpg 1086w, https:\/\/blogsaverroes.juntadeandalucia.es\/ceipeltarajal\/files\/2023\/01\/PLAN-LECTOR-SEGUNDA-EVALUACI\u00d3N-20222023_page-0002-1448x2048.jpg 1448w, https:\/\/blogsaverroes.juntadeandalucia.es\/ceipeltarajal\/files\/2023\/01\/PLAN-LECTOR-SEGUNDA-EVALUACI\u00d3N-20222023_page-0002-17x24.jpg 17w, https:\/\/blogsaverroes.juntadeandalucia.es\/ceipeltarajal\/files\/2023\/01\/PLAN-LECTOR-SEGUNDA-EVALUACI\u00d3N-20222023_page-0002-25x36.jpg 25w, https:\/\/blogsaverroes.juntadeandalucia.es\/ceipeltarajal\/files\/2023\/01\/PLAN-LECTOR-SEGUNDA-EVALUACI\u00d3N-20222023_page-0002-34x48.jpg 34w, https:\/\/blogsaverroes.juntadeandalucia.es\/ceipeltarajal\/files\/2023\/01\/PLAN-LECTOR-SEGUNDA-EVALUACI\u00d3N-20222023_page-0002-scaled.jpg 1810w\" sizes=\"(max-width: 212px) 100vw, 212px\" \/><\/p>\n<p><span style=\"text-decoration: underline;color: #0000ff\"><strong>19\/01\/2023 PROYECTO DE TRABAJO DEL CICLO DE INFANTIL<\/strong><\/span><\/p>\n<p>Hoy hemos tenido una visita muy especial.<br \/>\nEn una clase de infantil ha aparecido un huevo\ud83e\udd5a muy extra\u00f1o con una nota donde ped\u00eda ayuda para encontrar a su mam\u00e1.<br \/>\nEntre todos los ni\u00f1os y ni\u00f1as de 3, 4 y 5 a\u00f1os han buscado por todas partes. Menos mal que por el camino encontraron un paleont\u00f3logo que les ha dado algunas pistas \ud83d\udd0e\ud83d\udc3e<br \/>\nHa sido un juego muy divertido buscando por el cole.<br \/>\nFinalmente en el gimnasio la encontraron. La sorpresa de ellos ha sido cuando han visto que se trataba de un dinosaurio enorme\ud83d\ude31 \ud83e\udd96<\/p>\n<p><span style=\"text-decoration: underline;color: #0000ff\"><strong>13\/01\/2023 VISITA A LA FABRICA DE CHOCOLATE<\/strong><\/span><\/p>\n<p>Esta vez le ha tocado al alumnado de los cursos del Ciclo de Infantil y a los cursos del Primer Ciclo de Primaria.&nbsp; Han visitado la fabrica de chocolate Mayan Monkey que est\u00e1 localizada en Mijas Pueblo.&nbsp; Adem\u00e1s de visitar sus instalaciones, el alumnado ha visto este bonito pueblo de la provincia malague\u00f1a.<\/p>\n<p><span style=\"text-decoration: underline\"><span style=\"color: #0000ff\"><strong>PLAN LECTOR 1\u00ba EVALUACI\u00d3N&nbsp;<\/strong><\/span><\/span><\/p>\n<div style=\"width: 474px;\" class=\"wp-video\"><video class=\"wp-video-shortcode\" id=\"video-115-2\" width=\"474\" height=\"843\" preload=\"metadata\" controls=\"controls\"><source type=\"video\/mp4\" src=\"https:\/\/blogsaverroes.juntadeandalucia.es\/ceipeltarajal\/files\/2023\/01\/VID_117161003_063752_146.mp4?_=2\" \/><a href=\"https:\/\/blogsaverroes.juntadeandalucia.es\/ceipeltarajal\/files\/2023\/01\/VID_117161003_063752_146.mp4\">https:\/\/blogsaverroes.juntadeandalucia.es\/ceipeltarajal\/files\/2023\/01\/VID_117161003_063752_146.mp4<\/a><\/video><\/div>\n<p><span style=\"text-decoration: underline\"><strong><span style=\"color: #0000ff;text-decoration: underline\">23\/12\/2022 CHOCOLATADA NAVIDE\u00d1A Y VISITA DE PAPA NOEL.&nbsp;<\/span><\/strong><\/span><\/p>\n<p><span style=\"color: #000000\">Hoy para cerrar por todo lo alto todas las actividades que hemos realizado en el colegio durante esta semana hemos tenido la chocolatada navide\u00f1a donde todo el alumnado ha disfrutado de un buen chocolate con churros y la visita de Papa Noel,&nbsp; ha sido una visita muy entra\u00f1able para todo el alumnado.&nbsp;<\/span><\/p>\n<p>Este mes ha estado cargado de numerosas actividades.<\/p>\n<p>Agradecer a nuestro AMPA AVE FENIX por su dedicaci\u00f3n constante por el centro que sin ellos muchas actividades no se podr\u00edan haber realizado.&nbsp; Tambi\u00e9n&nbsp; queremos dar las gracias al alumnado, profesorado, familias y personal del centro por su colaboraci\u00f3n en todas las actividades que se han organizado.&nbsp;<\/p>\n<p><span style=\"text-decoration: underline\"><span style=\"color: #0000ff\"><strong>22 de DICIEMBRE:&nbsp; VISITA A LA F\u00c1BRICA DE CHOCOLATE DEL MAYAN MONKEY EN MIJAS.<\/strong><\/span><\/span><\/p>\n<p><span style=\"color: #000000\">El alumnado delos cursos de 3\u00ba, 4\u00ba y 6\u00ba de primaria han visitado la fabrica de chocolate Mayan Monkey que esta localizada en Mijas pueblo.&nbsp; Adem\u00e1s de visitar sus instalaciones, el alumnado ha visto este bonito pueblo de la provincia malague\u00f1a. <\/span><\/p>\n<p><span style=\"text-decoration: underline;color: #0000ff\"><strong>SEMANA DEL 19 AL 23 DE DICIEMBRE: MUNDIALITO EL TARAJAL<\/strong><\/span><\/p>\n<p><span style=\"color: #000000\">Un grupo de alumnos de 1\u00ba ESO junto con la Jefa de Estudios han organizado esta actividad deportiva para la \u00faltima semana de clase antes de las vacaciones de navidad.<\/span><\/p>\n<p>El equipo campe\u00f3n del torneo est\u00e1 formado por:<\/p>\n<p>Indara (1\u00ba ESO), David e Ismael Mart\u00ednez (1\u00ba ESO), Gabriel (1\u00ba ESO) y Jairo (2\u00aa ESO).<\/p>\n<p>Los ganadores de los trofeos como mejor jugador del campeonato, mejor jugador de la final y mejor portero han sido:<\/p>\n<p>Gabriel (1\u00baESO) , Jairo( 2\u00ba ESO) y&nbsp; Fco. Jos\u00e9 (6\u00ba primaria).<\/p>\n<p>Enhorabuena a los ganadores y felicitaciones a los organizadores de este primer torneo de f\u00fatbol.&nbsp;<\/p>\n<p><span style=\"text-decoration: underline\"><span style=\"color: #0000ff\"><strong>20\/12\/2022 ACTUACIONES NAVIDE\u00d1AS<\/strong><\/span><\/span><\/p>\n<p>Hoy hemos celebrado en el centro escolar la actuaci\u00f3n de villancicos de Navidad con las familias. Los alumnos y alumnas, con algunos nervios, han demostrado que son unos artistas.&nbsp; \u00a1Enhorabuena hab\u00e9is estado fenomenal! Gracias al AMPA por el escenario tan bonito nos coloco para poder realizar todas las actividades que est\u00e1n programadas para este final de mes y de trimestre.<\/p>\n<p>Las im\u00e1genes y videos pod\u00e9is verlas en la sesi\u00f3n de GALERIA\/ FOTOS.&nbsp; Esperamos que os gusten.&nbsp;<\/p>\n<p><span style=\"text-decoration: underline\"><span style=\"color: #0000ff\"><strong>19\/12\/2022 VISITA DE LOS REYES MAGOS<\/strong><\/span><\/span><\/p>\n<p><span style=\"color: #000000\">El alumnado ha recibido la visita de Sus Majestades los Reyes Reales de Oriente.&nbsp; El alumnado ha entregado su carta y han recibido un detalle de&nbsp; sus Majestades. Ha sido una jornada muy amena para el alumnado que ha disfrutado mucho de este d\u00eda.&nbsp; Agradecer a las AMPAs de los CEIP el Tarajal e Intelhorce por toda la puesta en escena de este d\u00eda tan importante para nuestros alumnos y alumnas.<\/span><\/p>\n<p>Las fotos realizadas se encuentran en la GALERIA DE FOTOS.<\/p>\n<p><span style=\"text-decoration: underline\"><span style=\"color: #0000ff\"><strong>16\/12\/2022 D\u00cdA DE LA LECTURA EN ANDALUC\u00cdA<\/strong><\/span><\/span><\/p>\n<p><span style=\"color: #000000\">Este a\u00f1o c\u00f3mo motivo de esta celebraci\u00f3n hemos realizado las siguientes actividades:<\/span><\/p>\n<ol>\n<li>narrativa fotogr\u00e1fica.<\/li>\n<li>bibliotuber.<\/li>\n<\/ol>\n<p>Cogiendo los libros que se seleccionaron&nbsp; para el Plan Lector de este primer trimestre.<\/p>\n<p><span style=\"text-decoration: underline\"><span style=\"color: #0000ff\"><b style=\"color: #0000ff\">5\/12\/2022 <\/b><span style=\"color: #0000ff\"><b><u>D\u00cdA<\/u><\/b><\/span><b style=\"color: #0000ff\">&nbsp; DE LA CONSTITUCI\u00d3N ESPA\u00d1OLA<\/b><\/span><\/span><\/p>\n<p><span style=\"color: #000000\">Se realizaron distintas actividades a nivel de aula y a nivel de centro se iz\u00f3 la bandera de Espa\u00f1a junto con las banderas malague\u00f1a y andaluza como colof\u00f3n de esta importante celebraci\u00f3n.<\/span><\/p>\n<p><span style=\"text-decoration: underline\"><span style=\"color: #0000ff\"><strong>2\/12\/2022 D\u00cdA INTERNACIONAL DE LAS PERSONAS CON DISCAPACIDAD.<\/strong><\/span><\/span><\/p>\n<p><span style=\"color: #000000\">La maestra de PT&nbsp; nos aport\u00f3 material pedag\u00f3gico para trabajar esta actividad en el centro. El alumnado del primer ciclo trajeron ese d\u00eda los calcetines de distinto color para celebrar este d\u00eda.<\/span><\/p>\n<p>El alumnado de infantil&nbsp; decoraron mariposas de papel que seria la base de su trabajo para celebrar este d\u00eda.&nbsp;<\/p>\n<p><span style=\"text-decoration: underline\"><span style=\"color: #0000ff\"><strong>25\/11\/2022 D\u00cdA CONTRA LA VIOLENCIA DE G\u00c9NERO&nbsp;<\/strong><\/span><\/span><\/p>\n<p>El CEIP el Tarajal ha salido hoy al patio del&nbsp; colegio en contra de la violencia de g\u00e9nero. Se han realizado las siguientes actividades para conmemorar este d\u00eda:<\/p>\n<ul>\n<li>Muro Protector contra la violencia de genero.<\/li>\n<li>Coreograf\u00eda&nbsp; Grupal de percusi\u00f3n con el CEIP Intelhorce.<\/li>\n<\/ul>\n<p>Actividades que han sido organizadas por la coordinadora de coeducaci\u00f3n, Marta; y la maestra de m\u00fasica, Ana. Agradecer la estupenda&nbsp; organizaci\u00f3n a&nbsp; ambas maestras.<\/p>\n<p>Agradecer a la coordinadora del CEIP el INTELHORCE su colaboraci\u00f3n para hacer posible que ambos centros haya participado juntos en ambas actividades.<\/p>\n<p><span style=\"text-decoration: underline;color: #0000ff\"><strong>CURSO 22\/23<\/strong><\/span><\/p>\n<p>Se ha inaugurado&nbsp; la 2\u00aa Escuela de familias en el CEIP el Tarajal del curso 22-23. Se ha hablado de normas, limites y de la aventura que es ser MADRES y PADRES, en may\u00fasculas.&nbsp; Agradecer al AMPA y a la Jefa de Estudio del CEIP el Tarajal, Mar\u00eda, la organizaci\u00f3n del mismo.<\/p>\n<p><span style=\"text-decoration: underline\"><strong><span style=\"color: #0000ff;text-decoration: underline\">17\/11\/2022 D\u00cdA DE LA CASTA\u00d1ADA<\/span><\/strong><\/span><\/p>\n<p>Hoy hemos tenido a un Casta\u00f1ero en el centro. Nos ha preparado unas ricas casta\u00f1as: El alumnado ha disfrutado mucho de esta actividad organizada por el AMPA Ave F\u00e9nix.&nbsp;<\/p>\n<p><span style=\"text-decoration: underline\"><strong><span style=\"color: #0000ff;text-decoration: underline\">16\/11\/2022 D\u00cdA DEL FLAMENCO<\/span><\/strong><\/span><\/p>\n<p><span style=\"color: #000000\">Hoy hemos tenido la actuaci\u00f3n de nuestro alumno Rub\u00e9n acompa\u00f1ado por la Compa\u00f1\u00eda j\u00f3venes flamencos de Nicol\u00e1s Jurado y Jos\u00e9 Lucena que han&nbsp; interpretado varios palos del flamenco.&nbsp; Ha sido muy emocionante ver a nuestro&nbsp; alumno bailando con tanta fuerza y arte.&nbsp;<\/span><\/p>\n<p>Tambi\u00e9n se ha realizado dos talleres de percusi\u00f3n :<\/p>\n<ul>\n<li>caj\u00f3n flamenco.<\/li>\n<li>casta\u00f1uelas.<\/li>\n<\/ul>\n<p>Impartidos por Jos\u00e9, alumno del centro,&nbsp; &nbsp;y por la&nbsp; mam\u00e1 de Yeray,&nbsp; un alumno de Secundaria.&nbsp;<\/p>\n<p>Agradecer al AMPA&nbsp; y a la maestra de M\u00fasica por la organizaci\u00f3n.&nbsp;<\/p>\n<p>10\/11\/2022 ACTIVIDAD INFANTIL<\/p>\n<p><strong><span style=\"text-decoration: underline\"><span style=\"color: #0000ff;text-decoration: underline\">PROYECTO DE INVESTIGACI\u00d3N \u00abBAJO LOS PIES\u00bb<\/span><\/span><\/strong><\/p>\n<p><span style=\"color: #000000\">El alumnado del infantil ha realizado hoy una actividad de investigaci\u00f3n. Hoy han viajado a una cueva m\u00e1gica donde han podido experimentar con la luz y el color. Tanto los alumnos como las maestras&nbsp; y&nbsp; el maestro de infantil han disfrutado de este d\u00eda.<\/span><\/p>\n<p>31\/10\/2022<\/p>\n<p><span style=\"text-decoration: underline\"><span style=\"color: #0000ff\"><strong>HALLOWEEN 2022<\/strong><\/span><\/span><\/p>\n<p>Hoy hemos celebrado Halloween, los alumnos han disfrutado mucho con las&nbsp; actividades que ha organizado la se\u00f1o de ingles: Marta.&nbsp;<\/p>\n<p>\u00a1\u00a1Ha sido un d\u00eda terror\u00edficamente fant\u00e1stico!!!<\/p>\n<p>21\/10\/2022<\/p>\n<p><span style=\"text-decoration: underline\"><strong><span style=\"color: #3366ff;text-decoration: underline\">HALLOWEEN 2022<\/span><\/strong><\/span><\/p>\n<p><span style=\"color: #000000\">\u00a1Algo se est\u00e1 cociendo en el CEIP EL TARAJAL!<\/span><\/p>\n<p><a href=\"https:\/\/www.instagram.com\/p\/Cj-jcvMo995\/?utm_source=ig_web_copy_link\">https:\/\/www.instagram.com\/p\/Cj-jcvMo995\/?utm_source=ig_web_copy_link<\/a><\/p>\n<p>17\/10\/2022<\/p>\n<p><span style=\"text-decoration: underline;color: #3366ff\"><strong>BIBLIOTECA<\/strong><\/span><\/p>\n<p>D\u00cdA DE LAS ESCRITORAS<\/p>\n<p>En las distintas redes sociales se puede acceder a la informaci\u00f3n de esta actividad.<\/p>\n<p><a href=\"https:\/\/www.instagram.com\/p\/Cjzi9uyPf9Q\/?utm_source=ig_web_copy_link\">https:\/\/www.instagram.com\/p\/Cjzi9uyPf9Q\/?utm_source=ig_web_copy_link<\/a><\/p>\n<p>30\/09\/2022<\/p>\n<p><span style=\"text-decoration: underline\"><span style=\"color: #3366ff\"><strong>BIBLIOTECA<\/strong><\/span><\/span><\/p>\n<p><span style=\"color: #000000\">D\u00cdA INTERNACIONAL DE LA TRADUCCI\u00d3N: <\/span>30\/09\/2022<\/p>\n<p><a href=\"https:\/\/www.instagram.com\/p\/CjH5Z5mtA09\/?igshid=MDJmNzVkMjY=\">https:\/\/www.instagram.com\/p\/CjH5Z5mtA09\/?igshid=MDJmNzVkMjY=<\/a><\/p>\n<p>26\/09\/2022<\/p>\n<p><span style=\"text-decoration: underline\"><span style=\"color: #3366ff\"><strong>PLAN LECTOR- BIBLIOTECA<\/strong><\/span><\/span><\/p>\n<p><span style=\"color: #000000\">Empezamos a organizar las primeras actividades de la biblioteca.<\/span><\/p>\n<p><a href=\"https:\/\/www.instagram.com\/p\/Ci-oFGbDeCE\/?igshid=MDJmNzVkMjY=\">https:\/\/www.instagram.com\/p\/Ci-oFGbDeCE\/?igshid=MDJmNzVkMjY=<\/a><\/p>\n<p>20\/09\/2022<\/p>\n<p><span style=\"text-decoration: underline;color: #3366ff\"><strong>ACTIVIDADES DEPORTIVAS EN EL HORARIO DEL RECREO<\/strong><\/span><\/p>\n<p>Ya tenemos nuevo material deportivo para que los alumnos\/as puedan pas\u00e1rselo muy bien en el recreo. Se ha organizado las pistas del patio con un cuadrante de actividades.<\/p>\n<p>V\u00e9ase la imagen:<\/p>\n<p>&nbsp;<\/p>\n<figure id=\"attachment_319\" aria-describedby=\"caption-attachment-319\" style=\"width: 300px\" class=\"wp-caption alignnone\"><img loading=\"lazy\" decoding=\"async\" class=\"size-medium wp-image-319\" src=\"https:\/\/blogsaverroes.juntadeandalucia.es\/ceipeltarajal\/files\/2022\/10\/ORGANIZACI\u00d3N-PISTAS-DEL-PATIO-22-23_page-0001-300x212.jpg\" alt=\"ORGANIZACI\u00d3N PISTAS COLEGIO\" width=\"300\" height=\"212\" srcset=\"https:\/\/blogsaverroes.juntadeandalucia.es\/ceipeltarajal\/files\/2022\/10\/ORGANIZACI\u00d3N-PISTAS-DEL-PATIO-22-23_page-0001-300x212.jpg 300w, https:\/\/blogsaverroes.juntadeandalucia.es\/ceipeltarajal\/files\/2022\/10\/ORGANIZACI\u00d3N-PISTAS-DEL-PATIO-22-23_page-0001-1024x724.jpg 1024w, https:\/\/blogsaverroes.juntadeandalucia.es\/ceipeltarajal\/files\/2022\/10\/ORGANIZACI\u00d3N-PISTAS-DEL-PATIO-22-23_page-0001-768x543.jpg 768w, https:\/\/blogsaverroes.juntadeandalucia.es\/ceipeltarajal\/files\/2022\/10\/ORGANIZACI\u00d3N-PISTAS-DEL-PATIO-22-23_page-0001-1536x1086.jpg 1536w, https:\/\/blogsaverroes.juntadeandalucia.es\/ceipeltarajal\/files\/2022\/10\/ORGANIZACI\u00d3N-PISTAS-DEL-PATIO-22-23_page-0001.jpg 1755w\" sizes=\"(max-width: 300px) 100vw, 300px\" \/><figcaption id=\"caption-attachment-319\" class=\"wp-caption-text\">CUADRANTE DE ACTIVIDADES<\/figcaption><\/figure>\n<p>&nbsp;<\/p>\n<p><img loading=\"lazy\" decoding=\"async\" class=\"alignnone size-medium wp-image-356\" src=\"https:\/\/blogsaverroes.juntadeandalucia.es\/ceipeltarajal\/files\/2022\/10\/Cuadrante-pistas-recreo-definitivo_page-0001-212x300.jpg\" alt=\"\" width=\"212\" height=\"300\" srcset=\"https:\/\/blogsaverroes.juntadeandalucia.es\/ceipeltarajal\/files\/2022\/10\/Cuadrante-pistas-recreo-definitivo_page-0001-212x300.jpg 212w, https:\/\/blogsaverroes.juntadeandalucia.es\/ceipeltarajal\/files\/2022\/10\/Cuadrante-pistas-recreo-definitivo_page-0001-724x1024.jpg 724w, https:\/\/blogsaverroes.juntadeandalucia.es\/ceipeltarajal\/files\/2022\/10\/Cuadrante-pistas-recreo-definitivo_page-0001-768x1087.jpg 768w, https:\/\/blogsaverroes.juntadeandalucia.es\/ceipeltarajal\/files\/2022\/10\/Cuadrante-pistas-recreo-definitivo_page-0001-1085x1536.jpg 1085w, https:\/\/blogsaverroes.juntadeandalucia.es\/ceipeltarajal\/files\/2022\/10\/Cuadrante-pistas-recreo-definitivo_page-0001.jpg 1240w\" sizes=\"(max-width: 212px) 100vw, 212px\" \/><img loading=\"lazy\" decoding=\"async\" class=\"alignnone size-medium wp-image-357\" src=\"https:\/\/blogsaverroes.juntadeandalucia.es\/ceipeltarajal\/files\/2022\/10\/Cuadrante-pistas-recreo-definitivo_page-0002-212x300.jpg\" alt=\"\" width=\"212\" height=\"300\" srcset=\"https:\/\/blogsaverroes.juntadeandalucia.es\/ceipeltarajal\/files\/2022\/10\/Cuadrante-pistas-recreo-definitivo_page-0002-212x300.jpg 212w, https:\/\/blogsaverroes.juntadeandalucia.es\/ceipeltarajal\/files\/2022\/10\/Cuadrante-pistas-recreo-definitivo_page-0002-724x1024.jpg 724w, https:\/\/blogsaverroes.juntadeandalucia.es\/ceipeltarajal\/files\/2022\/10\/Cuadrante-pistas-recreo-definitivo_page-0002-768x1087.jpg 768w, https:\/\/blogsaverroes.juntadeandalucia.es\/ceipeltarajal\/files\/2022\/10\/Cuadrante-pistas-recreo-definitivo_page-0002-1085x1536.jpg 1085w, https:\/\/blogsaverroes.juntadeandalucia.es\/ceipeltarajal\/files\/2022\/10\/Cuadrante-pistas-recreo-definitivo_page-0002.jpg 1240w\" sizes=\"(max-width: 212px) 100vw, 212px\" \/><\/p>\n<p><a href=\"https:\/\/twitter.com\/CeipElTarajal\/status\/1572081433774280705?t=9aOW8rQWPtlm-wxtM7XRQg&amp;s=09\">https:\/\/twitter.com\/CeipElTarajal\/status\/1572081433774280705?t=9aOW8rQWPtlm-wxtM7XRQg&amp;s=09<\/a><\/p>\n<p>&nbsp;<\/p>\n<p>&nbsp;<\/p>\n<p>&nbsp;<\/p>\n","protected":false},"excerpt":{"rendered":"<p>CURSO 2024-2025 \u00a1Comenzamos! &nbsp; BIBLIOPATIO ABRIL&nbsp; &nbsp; Actividades de Bibliopatio para el mes de abril. &nbsp; &nbsp;21 de marzo 2024 D\u00eda Mundial de la Poes\u00eda El D\u00eda Mundial de la Poes\u00eda, que se celebra el 21 de marzo, conmemora una de las formas m\u00e1s preciadas de la expresi\u00f3n e identidad y ling\u00fc\u00edstica de la humanidad. &hellip; <a href=\"https:\/\/blogsaverroes.juntadeandalucia.es\/ceipeltarajal\/noticias-recientes\/\" class=\"more-link\">Seguir leyendo <span class=\"screen-reader-text\">NOTICIAS RECIENTES<\/span> <span class=\"meta-nav\">&rarr;<\/span><\/a><\/p>\n","protected":false},"author":14913,"featured_media":0,"parent":0,"menu_order":0,"comment_status":"closed","ping_status":"closed","template":"","meta":{"ngg_post_thumbnail":0,"footnotes":""},"aioseo_notices":[],"_links":{"self":[{"href":"https:\/\/blogsaverroes.juntadeandalucia.es\/ceipeltarajal\/wp-json\/wp\/v2\/pages\/115"}],"collection":[{"href":"https:\/\/blogsaverroes.juntadeandalucia.es\/ceipeltarajal\/wp-json\/wp\/v2\/pages"}],"about":[{"href":"https:\/\/blogsaverroes.juntadeandalucia.es\/ceipeltarajal\/wp-json\/wp\/v2\/types\/page"}],"author":[{"embeddable":true,"href":"https:\/\/blogsaverroes.juntadeandalucia.es\/ceipeltarajal\/wp-json\/wp\/v2\/users\/14913"}],"replies":[{"embeddable":true,"href":"https:\/\/blogsaverroes.juntadeandalucia.es\/ceipeltarajal\/wp-json\/wp\/v2\/comments?post=115"}],"version-history":[{"count":43,"href":"https:\/\/blogsaverroes.juntadeandalucia.es\/ceipeltarajal\/wp-json\/wp\/v2\/pages\/115\/revisions"}],"predecessor-version":[{"id":496,"href":"https:\/\/blogsaverroes.juntadeandalucia.es\/ceipeltarajal\/wp-json\/wp\/v2\/pages\/115\/revisions\/496"}],"wp:attachment":[{"href":"https:\/\/blogsaverroes.juntadeandalucia.es\/ceipeltarajal\/wp-json\/wp\/v2\/media?parent=115"}],"curies":[{"name":"wp","href":"https:\/\/api.w.org\/{rel}","templated":true}]}}